{"id":4529,"date":"2025-11-03T16:20:06","date_gmt":"2025-11-03T13:20:06","guid":{"rendered":"https:\/\/institutulxenopol.ro\/?page_id=4529"},"modified":"2025-11-21T16:18:15","modified_gmt":"2025-11-21T13:18:15","slug":"piftor-valentin","status":"publish","type":"page","link":"https:\/\/institutulxenopol.ro\/en\/piftor-valentin\/","title":{"rendered":"Piftor Valentin"},"content":{"rendered":"<div data-elementor-type=\"wp-page\" data-elementor-id=\"4529\" class=\"elementor elementor-4529\">\n\t\t\t\t<div class=\"elementor-element elementor-element-547a383a e-flex e-con-boxed e-con e-parent\" data-id=\"547a383a\" data-element_type=\"container\" data-e-type=\"container\" data-settings=\"{&quot;background_background&quot;:&quot;classic&quot;}\">\n\t\t\t\t\t<div class=\"e-con-inner\">\n\t\t<div class=\"elementor-element elementor-element-7292f2a9 e-con-full e-flex e-con e-child\" data-id=\"7292f2a9\" data-element_type=\"container\" data-e-type=\"container\">\n\t\t\t\t<\/div>\n\t\t\t\t\t<\/div>\n\t\t\t\t<\/div>\n\t\t<div class=\"elementor-element elementor-element-7f1fcd2 e-flex e-con-boxed e-con e-parent\" data-id=\"7f1fcd2\" data-element_type=\"container\" data-e-type=\"container\">\n\t\t\t\t\t<div class=\"e-con-inner\">\n\t\t<div class=\"elementor-element elementor-element-5b9e6606 e-con-full e-flex e-con e-child\" data-id=\"5b9e6606\" data-element_type=\"container\" data-e-type=\"container\">\n\t\t\t\t<div class=\"elementor-element elementor-element-21af60c2 elementor-widget elementor-widget-heading\" data-id=\"21af60c2\" data-element_type=\"widget\" data-e-type=\"widget\" data-widget_type=\"heading.default\">\n\t\t\t\t\t<h2 class=\"elementor-heading-title elementor-size-default\">Dr. Valentin-\u0218tefan Piftor, Librarian IA<\/h2>\t\t\t\t<\/div>\n\t\t\t\t<div class=\"elementor-element elementor-element-6b8f5456 elementor-widget elementor-widget-text-editor\" data-id=\"6b8f5456\" data-element_type=\"widget\" data-e-type=\"widget\" data-widget_type=\"text-editor.default\">\n\t\t\t\t\t\t\t\t\t<p>Administrative and Research Support Staff<\/p>\t\t\t\t\t\t\t\t<\/div>\n\t\t<div class=\"elementor-element elementor-element-12135c2a e-grid e-con-full e-con e-child\" data-id=\"12135c2a\" data-element_type=\"container\" data-e-type=\"container\">\n\t\t\t\t<div class=\"elementor-element elementor-element-4a11aa0 elementor-widget elementor-widget-image\" data-id=\"4a11aa0\" data-element_type=\"widget\" data-e-type=\"widget\" data-widget_type=\"image.default\">\n\t\t\t\t\t\t\t\t\t\t\t\t\t\t\t<img fetchpriority=\"high\" decoding=\"async\" width=\"407\" height=\"405\" src=\"https:\/\/institutulxenopol.ro\/wp-content\/uploads\/2025\/11\/poza-piftor-e1762176482943.png\" class=\"attachment-full size-full wp-image-4540\" alt=\"\" srcset=\"https:\/\/institutulxenopol.ro\/wp-content\/uploads\/2025\/11\/poza-piftor-e1762176482943.png 407w, https:\/\/institutulxenopol.ro\/wp-content\/uploads\/2025\/11\/poza-piftor-e1762176482943-300x300.png 300w, https:\/\/institutulxenopol.ro\/wp-content\/uploads\/2025\/11\/poza-piftor-e1762176482943-150x150.png 150w, https:\/\/institutulxenopol.ro\/wp-content\/uploads\/2025\/11\/poza-piftor-e1762176482943-12x12.png 12w\" sizes=\"(max-width: 407px) 100vw, 407px\" \/>\t\t\t\t\t\t\t\t\t\t\t\t\t\t\t<\/div>\n\t\t\t\t<div class=\"elementor-element elementor-element-4b7d4864 elementor-align-start elementor-icon-list--layout-traditional elementor-list-item-link-full_width elementor-widget elementor-widget-icon-list\" data-id=\"4b7d4864\" data-element_type=\"widget\" data-e-type=\"widget\" data-widget_type=\"icon-list.default\">\n\t\t\t\t\t\t\t<ul class=\"elementor-icon-list-items\">\n\t\t\t\t\t\t\t<li class=\"elementor-icon-list-item\">\n\t\t\t\t\t\t\t\t\t\t\t<a href=\"mailto:pif_tin@yahoo.com\">\n\n\t\t\t\t\t\t\t\t\t\t\t\t<span class=\"elementor-icon-list-icon\">\n\t\t\t\t\t\t\t<svg aria-hidden=\"true\" class=\"e-font-icon-svg e-far-envelope\" viewbox=\"0 0 512 512\" xmlns=\"http:\/\/www.w3.org\/2000\/svg\"><path d=\"M464 64H48C21.49 64 0 85.49 0 112v288c0 26.51 21.49 48 48 48h416c26.51 0 48-21.49 48-48V112c0-26.51-21.49-48-48-48zm0 48v40.805c-22.422 18.259-58.168 46.651-134.587 106.49-16.841 13.247-50.201 45.072-73.413 44.701-23.208.375-56.579-31.459-73.413-44.701C106.18 199.465 70.425 171.067 48 152.805V112h416zM48 400V214.398c22.914 18.251 55.409 43.862 104.938 82.646 21.857 17.205 60.134 55.186 103.062 54.955 42.717.231 80.509-37.199 103.053-54.947 49.528-38.783 82.032-64.401 104.947-82.653V400H48z\"><\/path><\/svg>\t\t\t\t\t\t<\/span>\n\t\t\t\t\t\t\t\t\t\t<span class=\"elementor-icon-list-text\">pif_tin@yahoo.com<\/span>\n\t\t\t\t\t\t\t\t\t\t\t<\/a>\n\t\t\t\t\t\t\t\t\t<\/li>\n\t\t\t\t\t\t\t\t<li class=\"elementor-icon-list-item\">\n\t\t\t\t\t\t\t\t\t\t\t<a href=\"mailto:biblioteca_istorie_xenopol@yahoo.com\">\n\n\t\t\t\t\t\t\t\t\t\t\t\t<span class=\"elementor-icon-list-icon\">\n\t\t\t\t\t\t\t<svg aria-hidden=\"true\" class=\"e-font-icon-svg e-far-envelope\" viewbox=\"0 0 512 512\" xmlns=\"http:\/\/www.w3.org\/2000\/svg\"><path d=\"M464 64H48C21.49 64 0 85.49 0 112v288c0 26.51 21.49 48 48 48h416c26.51 0 48-21.49 48-48V112c0-26.51-21.49-48-48-48zm0 48v40.805c-22.422 18.259-58.168 46.651-134.587 106.49-16.841 13.247-50.201 45.072-73.413 44.701-23.208.375-56.579-31.459-73.413-44.701C106.18 199.465 70.425 171.067 48 152.805V112h416zM48 400V214.398c22.914 18.251 55.409 43.862 104.938 82.646 21.857 17.205 60.134 55.186 103.062 54.955 42.717.231 80.509-37.199 103.053-54.947 49.528-38.783 82.032-64.401 104.947-82.653V400H48z\"><\/path><\/svg>\t\t\t\t\t\t<\/span>\n\t\t\t\t\t\t\t\t\t\t<span class=\"elementor-icon-list-text\">biblioteca_istorie_xenopol@yahoo.com<\/span>\n\t\t\t\t\t\t\t\t\t\t\t<\/a>\n\t\t\t\t\t\t\t\t\t<\/li>\n\t\t\t\t\t\t<\/ul>\n\t\t\t\t\t\t<\/div>\n\t\t\t\t<\/div>\n\t\t\t\t<\/div>\n\t\t\t\t<div class=\"elementor-element elementor-element-76fa2170 elementor-widget elementor-widget-spacer\" data-id=\"76fa2170\" data-element_type=\"widget\" data-e-type=\"widget\" data-widget_type=\"spacer.default\">\n\t\t\t\t\t\t\t<div class=\"elementor-spacer\">\n\t\t\t<div class=\"elementor-spacer-inner\"><\/div>\n\t\t<\/div>\n\t\t\t\t\t\t<\/div>\n\t\t\t\t<div class=\"elementor-element elementor-element-54a48ba2 elementor-widget elementor-widget-eael-adv-tabs\" data-id=\"54a48ba2\" data-element_type=\"widget\" data-e-type=\"widget\" data-widget_type=\"eael-adv-tabs.default\">\n\t\t\t\t\t        <div data-scroll-on-click=\"\" data-scroll-speed=\"300\" id=\"eael-advance-tabs-54a48ba2\" class=\"eael-advance-tabs eael-tabs-horizontal eael-tab-auto-active  active-caret-on\" data-tabid=\"54a48ba2\">\n            <div class=\"eael-tabs-nav\">\n                <ul class=\"\" role=\"tablist\">\n                                            <li id=\"prezentare\" class=\"inactive eael-tab-item-trigger eael-tab-nav-item\" aria-selected=\"true\" data-tab=\"1\" role=\"tab\" tabindex=\"0\" aria-controls=\"prezentare-tab\" aria-expanded=\"false\">\n                            \n                            \n                            \n                                                            <span class=\"eael-tab-title title-after-icon\" >Prezentare<\/span>                                                    <\/li>\n                                            <li id=\"publicaii\" class=\"inactive eael-tab-item-trigger eael-tab-nav-item\" aria-selected=\"false\" data-tab=\"2\" role=\"tab\" tabindex=\"-1\" aria-controls=\"publicaii-tab\" aria-expanded=\"false\">\n                            \n                            \n                            \n                                                            <span class=\"eael-tab-title title-after-icon\" >Publications<\/span>                                                    <\/li>\n                                            <li id=\"curriculum-vitae\" class=\"inactive eael-tab-item-trigger eael-tab-nav-item\" aria-selected=\"false\" data-tab=\"3\" role=\"tab\" tabindex=\"-1\" aria-controls=\"curriculum-vitae-tab\" aria-expanded=\"false\">\n                            \n                            \n                            \n                                                            <span class=\"eael-tab-title title-after-icon\" >Curriculum vitae<\/span>                                                    <\/li>\n                    \n                                  <\/ul>\n            <\/div>\n            \n            <div class=\"eael-tabs-content\">\n\t\t        \n                    <div id=\"prezentare-tab\" class=\"clearfix eael-tab-content-item inactive\" data-title-link=\"prezentare-tab\">\n\t\t\t\t        <p style=\"text-align: justify\"><strong>Valentin-\u0218tefan Piftor<\/strong> a studiat Istoria la Universitatea \u201eAlexandru Ioan Cuza\u201d din Ia\u0219i, unde a ob\u021binut diploma de licen\u021b\u0103 \u00een 2005 \u0219i, ulterior, diploma de master \u00een cadrul programului Societate \u0219i putere \u00een Antichitate \u0219i Ev Mediu (2007). \u00cen 2012 a devenit doctor \u00een istorie, cu teza intitulat\u0103 Structuri demografice din Moesia Inferior \u0219i Moesia Superior (secolele I\u2013III p.Chr.) (calificativ: \u201efoarte bine\u201d).<\/p><p style=\"text-align: justify\">De-a lungul carierei sale, Valentin-\u0218tefan Piftor a desf\u0103\u0219urat activit\u0103\u021bi de cercetare \u0219i redactare \u00een cadrul mai multor institu\u021bii academice \u0219i editoriale, \u00eentre care Editura POLIROM (2007\u20132017), Universitatea \u201eAlexandru Ioan Cuza\u201d din Ia\u0219i (2009\u20132014) \u0219i Biblioteca Central\u0103 Universitar\u0103 \u201eMihai Eminescu\u201d din Ia\u0219i (2017\u20132019). Din anul 2020 activeaz\u0103 la Institutul de Istorie \u201eA.D. Xenopol\u201d din Ia\u0219i, unde ocup\u0103 \u00een prezent func\u021bia de bibliotecar gradul IA.<\/p><p style=\"text-align: justify\">Cercet\u0103rile sale se concentreaz\u0103 asupra demografiei istorice a provinciilor romane dun\u0103rene (Moesia Inferior, Moesia Superior, Dacia, Pannonia), analizate prin surse epigrafice, precum \u0219i asupra structurilor familiale, mobilit\u0103\u021bii locale \u0219i speran\u021bei de via\u021b\u0103 \u00een lumea roman\u0103. Este autor \u0219i coautor al mai multor volume \u0219i articole publicate \u00een reviste \u0219tiin\u021bifice na\u021bionale \u0219i interna\u021bionale, \u00eentre care Studia Antiqua et Archaeologica, Analele \u0218tiin\u021bifice ale Universit\u0103\u021bii \u201eAlexandru Ioan Cuza\u201d din Ia\u0219i, Peuce \u0219i Studia Historica. Historia Antiqua.<\/p><p style=\"text-align: justify\">De asemenea, a participat la numeroase proiecte de cercetare na\u021bionale \u0219i interna\u021bionale (CNCSIS, PN II IDEI) \u0219i la campanii arheologice desf\u0103\u0219urate pe siturile de la Ibida\u2013Slava Rus\u0103 \u0219i Cucuteni. Domeniile sale de interes includ demografia antic\u0103, istoria social\u0103 a provinciilor romane \u0219i mobilitatea popula\u021biei.<\/p>                    <\/div>\n\t\t        \n                    <div id=\"publicaii-tab\" class=\"clearfix eael-tab-content-item inactive\" data-title-link=\"publicaii-tab\">\n\t\t\t\t        <style>.elementor-4616 .elementor-element.elementor-element-eb5ae30{--display:flex;}.elementor-4616 .elementor-element.elementor-element-1c923f9d .eael-adv-accordion .eael-accordion-list .eael-accordion-header .fa-accordion-icon{font-size:16px;color:var( --e-global-color-secondary );}.elementor-4616 .elementor-element.elementor-element-1c923f9d .eael-adv-accordion .eael-accordion-list .eael-accordion-header svg.fa-accordion-icon{height:16px;width:16px;line-height:16px;}.elementor-4616 .elementor-element.elementor-element-1c923f9d .eael-accordion_media-list .eael-accordion_media-icon i{font-size:16px;}.elementor-4616 .elementor-element.elementor-element-1c923f9d .eael-accordion_media-list .eael-accordion_media-icon svg{height:16px;width:16px;line-height:16px;}.elementor-4616 .elementor-element.elementor-element-1c923f9d .eael-adv-accordion .eael-accordion-list .eael-accordion-header .fa-accordion-icon,\n                    .elementor-4616 .elementor-element.elementor-element-1c923f9d .eael-accordion_media-wrapper .eael-accordion_media-lists .eael-accordion_media-list{gap:10px;}.elementor-4616 .elementor-element.elementor-element-1c923f9d .eael-adv-accordion .eael-accordion-list .eael-accordion-header, \n                .elementor-4616 .elementor-element.elementor-element-1c923f9d .eael-accordion_media-wrapper .eael-accordion_media-list{background-color:var( --e-global-color-astglobalcolor4 );}.elementor-4616 .elementor-element.elementor-element-1c923f9d .eael-adv-accordion .eael-accordion-list .eael-accordion-header .eael-accordion-tab-title{color:var( --e-global-color-secondary );}.elementor-4616 .elementor-element.elementor-element-1c923f9d .eael-accordion_media-content .eael-accordion_media-title{color:var( --e-global-color-secondary );}.elementor-4616 .elementor-element.elementor-element-1c923f9d .eael-adv-accordion .eael-accordion-list .eael-accordion-header .fa-accordion-icon-svg svg{color:var( --e-global-color-secondary );fill:var( --e-global-color-secondary );}.elementor-4616 .elementor-element.elementor-element-1c923f9d .eael-adv-accordion .eael-accordion-list .eael-accordion-header svg{fill:var( --e-global-color-secondary );}.elementor-4616 .elementor-element.elementor-element-1c923f9d .eael-accordion_media-list .eael-accordion_media-icon{color:var( --e-global-color-secondary );}.elementor-4616 .elementor-element.elementor-element-1c923f9d .eael-adv-accordion .eael-accordion-list .eael-accordion-header:hover .eael-accordion-tab-title,\n                    .elementor-4616 .elementor-element.elementor-element-1c923f9d .eael-accordion_media-list:not(.active):hover .eael-accordion_media-title{color:var( --e-global-color-primary );}.elementor-4616 .elementor-element.elementor-element-1c923f9d .eael-adv-accordion .eael-accordion-list .eael-accordion-header:hover .fa-accordion-icon{color:var( --e-global-color-primary );}.elementor-4616 .elementor-element.elementor-element-1c923f9d .eael-adv-accordion .eael-accordion-list .eael-accordion-header:hover .fa-accordion-icon svg{color:var( --e-global-color-primary );fill:var( --e-global-color-primary );}.elementor-4616 .elementor-element.elementor-element-1c923f9d .eael-adv-accordion .eael-accordion-list .eael-accordion-header:hover svg.fa-accordion-icon{fill:var( --e-global-color-primary );}.elementor-4616 .elementor-element.elementor-element-1c923f9d .eael-accordion_media-list:hover .eael-accordion_media-icon i{color:var( --e-global-color-primary );}.elementor-4616 .elementor-element.elementor-element-1c923f9d .eael-accordion_media-list:hover .eael-accordion_media-icon svg{fill:var( --e-global-color-primary );}.elementor-4616 .elementor-element.elementor-element-1c923f9d .eael-adv-accordion .eael-accordion-list .eael-accordion-header.active{color:var( --e-global-color-primary );}.elementor-4616 .elementor-element.elementor-element-1c923f9d .eael-adv-accordion .eael-accordion-list .eael-accordion-header.active .eael-accordion-tab-title{color:var( --e-global-color-primary );}.elementor-4616 .elementor-element.elementor-element-1c923f9d .eael-adv-accordion .eael-accordion-list .eael-accordion-header.active .fa-accordion-icon{color:var( --e-global-color-primary );}.elementor-4616 .elementor-element.elementor-element-1c923f9d .eael-adv-accordion .eael-accordion-list .eael-accordion-header.active .fa-accordion-icon svg{color:var( --e-global-color-primary );fill:var( --e-global-color-primary );}.elementor-4616 .elementor-element.elementor-element-1c923f9d .eael-adv-accordion .eael-accordion-list .eael-accordion-header.active svg.fa-accordion-icon{fill:var( --e-global-color-primary );}.elementor-4616 .elementor-element.elementor-element-1c923f9d .eael-accordion_media-list.active .eael-accordion_media-icon i{color:var( --e-global-color-primary );}.elementor-4616 .elementor-element.elementor-element-1c923f9d .eael-accordion_media-list.active .eael-accordion_media-icon svg{fill:var( --e-global-color-primary );}.elementor-4616 .elementor-element.elementor-element-1c923f9d .eael-adv-accordion .eael-accordion-list .eael-accordion-content{color:var( --e-global-color-secondary );}.elementor-4616 .elementor-element.elementor-element-1c923f9d .eael-accordion_media-list .eael-accordion_media-content .eael-accordion_media-description{color:var( --e-global-color-secondary );}<\/style>\t\t<div data-elementor-type=\"container\" data-elementor-id=\"4616\" class=\"elementor elementor-4616\">\n\t\t\t\t<div class=\"elementor-element elementor-element-eb5ae30 e-flex e-con-boxed e-con e-parent\" data-id=\"eb5ae30\" data-element_type=\"container\" data-e-type=\"container\">\n\t\t\t\t\t<div class=\"e-con-inner\">\n\t\t\t\t<div class=\"elementor-element elementor-element-1c923f9d elementor-widget elementor-widget-eael-adv-accordion\" data-id=\"1c923f9d\" data-element_type=\"widget\" data-e-type=\"widget\" data-widget_type=\"eael-adv-accordion.default\">\n\t\t\t\t\t            <div class=\"eael-adv-accordion\" id=\"eael-adv-accordion-1c923f9d\" data-scroll-on-click=\"no\" data-scroll-speed=\"300\" data-accordion-id=\"1c923f9d\" data-accordion-type=\"accordion\" data-toogle-speed=\"300\">\n            <div class=\"eael-accordion-list\">\n\t\t\t\t\t<div id=\"comunicri\" class=\"elementor-tab-title eael-accordion-header\" tabindex=\"0\" data-tab=\"1\" aria-controls=\"elementor-tab-content-4791\"><span class=\"eael-advanced-accordion-icon-closed\"><svg aria-hidden=\"true\" class=\"fa-accordion-icon e-font-icon-svg e-fas-plus\" viewbox=\"0 0 448 512\" xmlns=\"http:\/\/www.w3.org\/2000\/svg\"><path d=\"M416 208H272V64c0-17.67-14.33-32-32-32h-32c-17.67 0-32 14.33-32 32v144H32c-17.67 0-32 14.33-32 32v32c0 17.67 14.33 32 32 32h144v144c0 17.67 14.33 32 32 32h32c17.67 0 32-14.33 32-32V304h144c17.67 0 32-14.33 32-32v-32c0-17.67-14.33-32-32-32z\"><\/path><\/svg><\/span><span class=\"eael-advanced-accordion-icon-opened\"><svg aria-hidden=\"true\" class=\"fa-accordion-icon e-font-icon-svg e-fas-minus\" viewbox=\"0 0 448 512\" xmlns=\"http:\/\/www.w3.org\/2000\/svg\"><path d=\"M416 208H32c-17.67 0-32 14.33-32 32v32c0 17.67 14.33 32 32 32h384c17.67 0 32-14.33 32-32v-32c0-17.67-14.33-32-32-32z\"><\/path><\/svg><\/span><span class=\"eael-accordion-tab-title\">Comunic\u0103ri<\/span><\/div><div id=\"elementor-tab-content-4791\" class=\"eael-accordion-content clearfix\" data-tab=\"1\" aria-labelledby=\"comunicri\"><div class=\"page\"><div class=\"layoutArea\"><div class=\"column\"><p>\u2013 Les familles d\u2019Ancyra a\u0300 Troesmis, comunicare sust\u0326inuta\u0306 i\u0302n cadrul Colocviului internat\u0326ional \u201eEthnic and cultural contacts north and west of the Black Sea from prehistory to present\u201d, Ias\u0326i, 13-17 iunie 2005 (i\u0302n colaborare cu Lucret\u0326iu Mihailescu-Bi\u0302rliba).<\/p><p>\u2013 Die Fremden in der Lokalelite aus Troesmis, comunicare sust\u0326inuta\u0306 i\u0302n cadrul Congresului internat\u0326ional \u201eMigration und Akkulturation im Osten Des Mittelmeerraumes in hellenisticher und ro\u0308mischer Zeit\u201d, 03-07 octombrie 2007, Ias\u0326i (i\u0302n colaborare cu Lucret\u0326iu Mihailescu-Bi\u0302rliba).<\/p><p>\u2013 Sperant\u0326a de viat\u0326a\u0306 s\u0326i structura de va\u0302rsta\u0306 a populat\u0326iei masculine din Aquincum (sec. I-III d.Hr.), comunicare sust\u0326inuta\u0306 i\u0302n cadrul Colocviilor S\u0326colii Doctorale de la Facultatea de Istorie a Universita\u0306t\u0326ii \u201eAlexandru Ioan Cuza\u201d Ias\u0326i (edit\u0326ia a II-a), Ias\u0326i, 18-19 aprilie 2008.<\/p><p>\u2013 The male population in Aquincum: demographic study, comunicare sust\u0326inuta\u0306 i\u0302n cadrul workshop-ului internat\u0326ional \u201eEconomy, society and integration in the province of the Roman Empire\u201d, 7-9 septembrie 2008, Tulcea.<\/p><p>\u2013 Familia din Moesia Inferior din perspectiva\u0306 demografica\u0306 pe baza surselor epigrafice, i\u0302n cadrul colocviului Biografie-Prosopografie-Genealogie. Discut\u0326ii de metodologie s\u0326i studii de caz din Antichitate s\u0326i pa\u0302na\u0306 i\u0302n prezent, Ias\u0326i, 8 Aprilie 2009.<\/p><p>\u2013 Contribut\u0326ii demografice asupra populat\u0326iei catolice din Moldova. Un Status animarum de la sfa\u0302rs\u0326itul secolului al XVIII-lea, i\u0302n cadrul colocviului Biografie- Prosopografie-Genealogie. Discut\u0326ii de metodologie s\u0326i studii de caz din Antichitate s\u0326i pa\u0302na\u0306 i\u0302n prezent, Ias\u0326i, 8 Aprilie 2009 (i\u0302n colaborare cu Radu Cucuteanu).<\/p><p>\u2013 Dedicant\u0326ii din inscript\u0326iile funerare din Moesia Inferior, comunicare sust\u0326inuta\u0306 i\u0302n cadrul Colocviilor S\u0326colii Doctorale de la Facultatea de Istorie a Universita\u0306t\u0326ii \u201eAlexandru Ioan Cuza\u201d Ias\u0326i (edit\u0326ia a III-a), Ias\u0326i, 8-9 mai 2009.<\/p><p>\u2013 Armata romana\u0306 i\u0302n Moesia Inferior. Perspective demografice, comunicare sust\u0326inuta\u0306 i\u0302n cadrul Sesiunii de manifesta\u0306ri s\u0326tiint\u0326ifice a Zilelor Universita\u0306t\u0326ii \u201eAlexandru Ioan Cuza\u201d 23-24 octombrie 2009.<\/p><\/div><\/div><\/div><div class=\"page\"><div class=\"layoutArea\"><div class=\"column\"><p>\u2013 Lebenserwartung in Moesia Inferior und Skythia Minor nach epigraphischen Quellen. Ein Vergleich, comunicare sust\u0326inuta\u0306 i\u0302n cadrul congresului Humboldt-Kolleg, Interdisciplinary Studies on Balkan Cultural Heritage, Sofia, 19-22 noiembrie 2009 (i\u0302n colaborare cu Lucret\u0326iu Mihailescu-Bi\u0302rliba).<\/p><p>\u2013 Aspecte demografice cu privire la populat\u0326ia parohiei Banu din Ias\u0326i (1832-1865), comunicare sust\u0326inuta\u0306 i\u0302n cadrul conferint\u0326ei Modernitatea roma\u0302neasca\u0306 i\u0302n secolele XVIII-XX: realita\u0306t\u0326i politice, concepte, dinamica\u0306 sociala\u0306, Ias\u0326i, 24 noiembrie 2023<\/p><p>\u2013 Despre mortalitatea din parohia ies\u0326eana\u0306 Banu (1832-1865), comunicare sust\u0326inuta\u0306 i\u0302n cadrul conferint\u0326ei Modernitatea roma\u0302neasca\u0306 i\u0302n secolele XVIII-XX: realita\u0306t\u0326i politice, dinamici sociale s\u0326i preocupa\u0306ri culutrale, Ias\u0326i, 14 noiembrie 2024<\/p><\/div><\/div><\/div><\/div>\n\t\t\t\t\t<\/div><div class=\"eael-accordion-list\">\n\t\t\t\t\t<div id=\"cri-publicate\" class=\"elementor-tab-title eael-accordion-header\" tabindex=\"0\" data-tab=\"2\" aria-controls=\"elementor-tab-content-4792\"><span class=\"eael-advanced-accordion-icon-closed\"><svg aria-hidden=\"true\" class=\"fa-accordion-icon e-font-icon-svg e-fas-plus\" viewbox=\"0 0 448 512\" xmlns=\"http:\/\/www.w3.org\/2000\/svg\"><path d=\"M416 208H272V64c0-17.67-14.33-32-32-32h-32c-17.67 0-32 14.33-32 32v144H32c-17.67 0-32 14.33-32 32v32c0 17.67 14.33 32 32 32h144v144c0 17.67 14.33 32 32 32h32c17.67 0 32-14.33 32-32V304h144c17.67 0 32-14.33 32-32v-32c0-17.67-14.33-32-32-32z\"><\/path><\/svg><\/span><span class=\"eael-advanced-accordion-icon-opened\"><svg aria-hidden=\"true\" class=\"fa-accordion-icon e-font-icon-svg e-fas-minus\" viewbox=\"0 0 448 512\" xmlns=\"http:\/\/www.w3.org\/2000\/svg\"><path d=\"M416 208H32c-17.67 0-32 14.33-32 32v32c0 17.67 14.33 32 32 32h384c17.67 0 32-14.33 32-32v-32c0-17.67-14.33-32-32-32z\"><\/path><\/svg><\/span><span class=\"eael-accordion-tab-title\">C\u0103r\u021bi publicate<\/span><\/div><div id=\"elementor-tab-content-4792\" class=\"eael-accordion-content clearfix\" data-tab=\"2\" aria-labelledby=\"cri-publicate\"><div class=\"page\"><div class=\"layoutArea\"><div class=\"column\"><p>\u2013 L\u2019espe\u0301rance de vie, la structure d age\u0302 et la mortalitate\u0301 en Pannonie (Ier-IIIe ap. J.C.) (i\u0302n colaborare cu Lucret\u0326iu Mihailescu-Bi\u0302rliba s\u0326i Ra\u0306zvan Cosma), Casa Editoriala\u0306 Demiurg, Ias\u0326i, 2007.<\/p><\/div><\/div><\/div><\/div>\n\t\t\t\t\t<\/div><div class=\"eael-accordion-list\">\n\t\t\t\t\t<div id=\"articole-publicate\" class=\"elementor-tab-title eael-accordion-header\" tabindex=\"0\" data-tab=\"3\" aria-controls=\"elementor-tab-content-4793\"><span class=\"eael-advanced-accordion-icon-closed\"><svg aria-hidden=\"true\" class=\"fa-accordion-icon e-font-icon-svg e-fas-plus\" viewbox=\"0 0 448 512\" xmlns=\"http:\/\/www.w3.org\/2000\/svg\"><path d=\"M416 208H272V64c0-17.67-14.33-32-32-32h-32c-17.67 0-32 14.33-32 32v144H32c-17.67 0-32 14.33-32 32v32c0 17.67 14.33 32 32 32h144v144c0 17.67 14.33 32 32 32h32c17.67 0 32-14.33 32-32V304h144c17.67 0 32-14.33 32-32v-32c0-17.67-14.33-32-32-32z\"><\/path><\/svg><\/span><span class=\"eael-advanced-accordion-icon-opened\"><svg aria-hidden=\"true\" class=\"fa-accordion-icon e-font-icon-svg e-fas-minus\" viewbox=\"0 0 448 512\" xmlns=\"http:\/\/www.w3.org\/2000\/svg\"><path d=\"M416 208H32c-17.67 0-32 14.33-32 32v32c0 17.67 14.33 32 32 32h384c17.67 0 32-14.33 32-32v-32c0-17.67-14.33-32-32-32z\"><\/path><\/svg><\/span><span class=\"eael-accordion-tab-title\">Articole publicate<\/span><\/div><div id=\"elementor-tab-content-4793\" class=\"eael-accordion-content clearfix\" data-tab=\"3\" aria-labelledby=\"articole-publicate\"><div class=\"page\"><div class=\"layoutArea\"><div class=\"column\"><p>\u2013 Les familles d\u2019Ancyra a\u0300 Troesmis, i\u0302n Etnic Contacts and Cultural Exchanges North and West of the Black Sea from the Greek Colonization to the Ottoman Conquest, Editura Trinitas, Ias\u0326i, 2005, p. 331-337 (i\u0302n colaborare cu Lucret\u0326iu Mihailescu-Bi\u0302rliba).<\/p><p>\u2013 Sperant\u0326a de viat\u0326a\u0306 s\u0326i structura de va\u0302rsta\u0306 i\u0302n Dobrogea Romana\u0306 (secolele I-III), i\u0302n Opt\u0326iuni istoriografice, Ias\u0326i, 2006, VII1, p.<\/p><p>\u2013 Les ve\u0301te\u0301rans dans la vie municipale de Dobroudja, Peuce III-IV (Serie noua\u0306), Studii s\u0326i cerceta\u0306ri de istorie s\u0326i Arheologie, Tulcea, 2007, p. 209-216 (i\u0302n colaborare cu Lucret\u0326iu Mihailescu-Bi\u0302rliba).<\/p><p>\u2013 L\u2019e\u0301sperance de vie et la structure d\u2019a\u0302ge de la population fe\u0301minine en Me\u0301sie Infe\u0301rieure (Ier-IIIe siecles ap. J.-C.), Studia antiqua et arhaeologica XIII-XIV, 2007-2008, Ias\u0326i, p. 46-57.<\/p><p>\u2013 Life expectancy and age structure of the masculine population in Aquincum during the I-III centuries AC, Revista de istorie sociala\u0306, X-XII, 2005-2008, Ias\u0326i, p. 25-33.<\/p><\/div><\/div><\/div><div class=\"page\"><div class=\"layoutArea\"><div class=\"column\"><p>\u2013 L\u2019espe\u0301rance de vie et la structure d\u2019a\u0302ge en Pannonie Inferieure chez la population fe\u0301minine. Etude compare\u0301e (Pannonie Supe\u0301rieure, Dacie, Egypte), Studia antiqua et arhaeologica XV, 2009, Ias\u0326i, p. 191-206.<\/p><p>\u2013 Armata romana\u0306 i\u0302n Moesia Inferior, Opt\u0326iuni istoriografice, Ias\u0326i, 2009, X1-2, p. 25- 30.<\/p><p>\u2013 Sperant\u0326a de viat\u0326a\u0306, structura de va\u0302rsta\u0306 s\u0326i mortalitatea populat\u0326iei din Moesia Inferior i\u0302n sec. I-III P.Chr. i\u0302n Lucret\u0326iu Mihailescu-Bi\u0302rliba (coord.) Structuri etno- demografice la Duna\u0306rea de Jos (sec. I-VII), Editura Universita\u0306t\u0326ii Alexandru-Ioan Cuza, Ias\u0326i, 2009, p. 21-101.<\/p><p>\u2013 Familia din Moesia Inferior din perspectiva\u0306 demografica\u0306 pe baza surselor epigrafice, Analele S\u0326tiint\u0326ifice ale Universita\u0306t\u0326ii \u201eAlexandru Ioan Cuza\u201d din Ias\u0326i, Serie noua\u0306, tom 54-55, 2008-2009, p. 25-35.<\/p><p>\u2013 Contribut\u0326ii demografice asupra populat\u0326iei catolice din Moldova. Un Status animarum de la sfa\u0302rs\u0326itul secolului al XVIII-lea, Analele S\u0326tiint\u0326ifice ale Universita\u0306t\u0326ii \u201eAlexandru Ioan Cuza\u201d din Ias\u0326i, Serie noua\u0306, tom 54-55, 2008-2009, p. 81-95 (i\u0302n colaborare cu Radu Cucuteanu).<\/p><p>\u2013 La mobilite\u0301 locale en Dacie Romaine selon les sources e\u0301pigraphiques. I. Dacie Infe\u0301rieure, Studia historica. Historia antigua, nr. 28, 2010, p. 95-108 (i\u0302n colaborare cu Lucret\u0326iu Mihailescu-Bi\u0302rliba, Iulia Dumitrache).<\/p><p>\u2013 L\u2019espe\u0301rance de vie, la structure de a\u0302ge et la mortalite\u0301 en Me\u0301sie Inferieure et en Scythie Mineure, i\u0302n V. Nikolov, K. Bacvarov, H. Popov (eds.), Interdisciplinare Forschungen zum Kulturebe auf der Balkanhalbinsel, \u201eNice AN\u201d EOOD, Sofia, 2011, p. 419-451 (i\u0302n colaborare cu Lucret\u0326iu Mihailescu-Bi\u0302rliba).<\/p><p>\u2013 Sperant\u0326a de viat\u0326a\u0306 s\u0326i structura de va\u0302rsta\u0306 a populat\u0326iei feminine din Moesia Superior (secolele I-III d. Hr.), i\u0302n Analele S\u0326tiint\u0326ifice ale Universita\u0306t\u0326ii \u201eAlexandru Ioan Cuza\u201d din Ias\u0326i, Serie noua\u0306, tom 56-58, 2010-2012, p. 83-96.<\/p><p>\u2013 Age rounding and social status in Moesia Inferior i\u0302n Studia antiqua et arhaeologica XIX(1), 2013, Ias\u0326i, p. 87-114.<\/p><p>\u2013 Die Fremden in der lokalen Elite aus Troesmis (Moesia Inferior), in L. Miha\u0306ilescu-Bi\u0302rliba (ed.), Migration, Kolonisierung, Akkulturation im Balkanraum und im <span style=\"font-size: 16px\">Osten des Mittelmeerraumes, Konstanz, 2016, p. 125-136 (i\u0302n colaborare cu Lucret\u0326iu Mihailescu-Bi\u0302rliba).<\/span><\/p><\/div><\/div><\/div><\/div>\n\t\t\t\t\t<\/div><div class=\"eael-accordion-list\">\n\t\t\t\t\t<div id=\"proiecte-de-cercetare\" class=\"elementor-tab-title eael-accordion-header\" tabindex=\"0\" data-tab=\"4\" aria-controls=\"elementor-tab-content-4794\"><span class=\"eael-advanced-accordion-icon-closed\"><svg aria-hidden=\"true\" class=\"fa-accordion-icon e-font-icon-svg e-fas-plus\" viewbox=\"0 0 448 512\" xmlns=\"http:\/\/www.w3.org\/2000\/svg\"><path d=\"M416 208H272V64c0-17.67-14.33-32-32-32h-32c-17.67 0-32 14.33-32 32v144H32c-17.67 0-32 14.33-32 32v32c0 17.67 14.33 32 32 32h144v144c0 17.67 14.33 32 32 32h32c17.67 0 32-14.33 32-32V304h144c17.67 0 32-14.33 32-32v-32c0-17.67-14.33-32-32-32z\"><\/path><\/svg><\/span><span class=\"eael-advanced-accordion-icon-opened\"><svg aria-hidden=\"true\" class=\"fa-accordion-icon e-font-icon-svg e-fas-minus\" viewbox=\"0 0 448 512\" xmlns=\"http:\/\/www.w3.org\/2000\/svg\"><path d=\"M416 208H32c-17.67 0-32 14.33-32 32v32c0 17.67 14.33 32 32 32h384c17.67 0 32-14.33 32-32v-32c0-17.67-14.33-32-32-32z\"><\/path><\/svg><\/span><span class=\"eael-accordion-tab-title\">Proiecte de cercetare<\/span><\/div><div id=\"elementor-tab-content-4794\" class=\"eael-accordion-content clearfix\" data-tab=\"4\" aria-labelledby=\"proiecte-de-cercetare\"><div class=\"page\"><div class=\"layoutArea\"><div class=\"column\"><p>\u2013 membru i\u0302n grantul CNCSIS 1212\/2006-2008 Structuri etno-demografice la Duna\u0306rea de Jos (secolele I-VII p. Chr.).<\/p><p>\u2013 membru i\u0302n grantul PN II IDEI cod 103\/2009-2011 Migrat\u0326ie s\u0326i aculturat\u0326ie i\u0302n spat\u0326iul romanita\u0306t\u0326ii orientale europene.<\/p><p>\u2013 membru i\u0302n proiectul de cercetare IDEI 2012-2014 The Dynamics of Colonization in the Civilian and Military Milieu of the Roman Province Moesia Inferior. A model of an Contrastive Aproach.<\/p><p>\u2013 participant la campaniile de sa\u0306pa\u0306turi arheologice de pe s\u0326antierul Ibida-Slava Rusa\u0306 i\u0302ntre anii 2002-2011.<\/p><p>\u2013 participant la campania august-septembrie 2002 a s\u0326antierului de arheologie experimentala\u0306 de la Cucuteni<\/p><\/div><\/div><\/div><\/div>\n\t\t\t\t\t<\/div><\/div>\t\t\t\t<\/div>\n\t\t\t\t\t<\/div>\n\t\t\t\t<\/div>\n\t\t\t\t<\/div>\n\t\t                    <\/div>\n\t\t        \n                    <div id=\"curriculum-vitae-tab\" class=\"clearfix eael-tab-content-item inactive\" data-title-link=\"curriculum-vitae-tab\">\n\t\t\t\t        <p><a href=\"https:\/\/institutulxenopol.ro\/wp-content\/uploads\/2025\/11\/CVPiftor.pdf\">CVPiftor<\/a><\/p>                    <\/div>\n\t\t                    <\/div>\n        <\/div>\n\t\t\t\t<\/div>\n\t\t\t\t\t<\/div>\n\t\t\t\t<\/div>\n\t\t\t\t<\/div>","protected":false},"excerpt":{"rendered":"<p>Dr. Valentin-\u015etefan Piftor, bibliotecar IA Personal secretariat \u015fi auxiliar cercet\u0103rii pif_tin@yahoo.com biblioteca_istorie_xenopol@yahoo.com Prezentare Publica\u021bii Curriculum vitae Valentin-\u0218tefan Piftor a studiat Istoria la Universitatea \u201eAlexandru Ioan Cuza\u201d din Ia\u0219i, unde a ob\u021binut diploma de licen\u021b\u0103 \u00een 2005 \u0219i, ulterior, diploma de master \u00een cadrul programului Societate \u0219i putere \u00een Antichitate \u0219i Ev Mediu (2007). \u00cen 2012 [&hellip;]<\/p>\n","protected":false},"author":1,"featured_media":0,"parent":0,"menu_order":0,"comment_status":"closed","ping_status":"closed","template":"","meta":{"site-sidebar-layout":"no-sidebar","site-content-layout":"page-builder","ast-site-content-layout":"full-width-container","site-content-style":"default","site-sidebar-style":"default","ast-global-header-display":"","ast-banner-title-visibility":"","ast-main-header-display":"","ast-hfb-above-header-display":"","ast-hfb-below-header-display":"","ast-hfb-mobile-header-display":"","site-post-title":"","ast-breadcrumbs-content":"","ast-featured-img":"disabled","footer-sml-layout":"","ast-disable-related-posts":"","theme-transparent-header-meta":"","adv-header-id-meta":"","stick-header-meta":"","header-above-stick-meta":"","header-main-stick-meta":"","header-below-stick-meta":"","astra-migrate-meta-layouts":"set","ast-page-background-enabled":"default","ast-page-background-meta":{"desktop":{"background-color":"","background-image":"","background-repeat":"repeat","background-position":"center center","background-size":"auto","background-attachment":"scroll","background-type":"","background-media":"","overlay-type":"","overlay-color":"","overlay-opacity":"","overlay-gradient":""},"tablet":{"background-color":"","background-image":"","background-repeat":"repeat","background-position":"center center","background-size":"auto","background-attachment":"scroll","background-type":"","background-media":"","overlay-type":"","overlay-color":"","overlay-opacity":"","overlay-gradient":""},"mobile":{"background-color":"","background-image":"","background-repeat":"repeat","background-position":"center center","background-size":"auto","background-attachment":"scroll","background-type":"","background-media":"","overlay-type":"","overlay-color":"","overlay-opacity":"","overlay-gradient":""}},"ast-content-background-meta":{"desktop":{"background-color":"var(--ast-global-color-5)","background-image":"","background-repeat":"repeat","background-position":"center center","background-size":"auto","background-attachment":"scroll","background-type":"","background-media":"","overlay-type":"","overlay-color":"","overlay-opacity":"","overlay-gradient":""},"tablet":{"background-color":"var(--ast-global-color-5)","background-image":"","background-repeat":"repeat","background-position":"center center","background-size":"auto","background-attachment":"scroll","background-type":"","background-media":"","overlay-type":"","overlay-color":"","overlay-opacity":"","overlay-gradient":""},"mobile":{"background-color":"var(--ast-global-color-5)","background-image":"","background-repeat":"repeat","background-position":"center center","background-size":"auto","background-attachment":"scroll","background-type":"","background-media":"","overlay-type":"","overlay-color":"","overlay-opacity":"","overlay-gradient":""}},"footnotes":""},"class_list":["post-4529","page","type-page","status-publish","hentry"],"yoast_head":"<!-- This site is optimized with the Yoast SEO plugin v27.5 - https:\/\/yoast.com\/product\/yoast-seo-wordpress\/ -->\n<title>Piftor Valentin - Institutul de Istorie \u201eA. D. Xenopol\u201d<\/title>\n<meta name=\"robots\" content=\"index, follow, max-snippet:-1, max-image-preview:large, max-video-preview:-1\" \/>\n<link rel=\"canonical\" href=\"https:\/\/institutulxenopol.ro\/en\/piftor-valentin\/\" \/>\n<meta property=\"og:locale\" content=\"en_US\" \/>\n<meta property=\"og:type\" content=\"article\" \/>\n<meta property=\"og:title\" content=\"Piftor Valentin - Institutul de Istorie \u201eA. D. Xenopol\u201d\" \/>\n<meta property=\"og:description\" content=\"Dr. Valentin-\u015etefan Piftor, bibliotecar IA Personal secretariat \u015fi auxiliar cercet\u0103rii pif_tin@yahoo.com biblioteca_istorie_xenopol@yahoo.com Prezentare Publica\u021bii Curriculum vitae Valentin-\u0218tefan Piftor a studiat Istoria la Universitatea \u201eAlexandru Ioan Cuza\u201d din Ia\u0219i, unde a ob\u021binut diploma de licen\u021b\u0103 \u00een 2005 \u0219i, ulterior, diploma de master \u00een cadrul programului Societate \u0219i putere \u00een Antichitate \u0219i Ev Mediu (2007). \u00cen 2012 [&hellip;]\" \/>\n<meta property=\"og:url\" content=\"https:\/\/institutulxenopol.ro\/en\/piftor-valentin\/\" \/>\n<meta property=\"og:site_name\" content=\"Institutul de Istorie \u201eA. D. Xenopol\u201d\" \/>\n<meta property=\"article:publisher\" content=\"https:\/\/www.facebook.com\/profile.php?id=61559258097917\" \/>\n<meta property=\"article:modified_time\" content=\"2025-11-21T13:18:15+00:00\" \/>\n<meta property=\"og:image\" content=\"https:\/\/institutulxenopol.ro\/wp-content\/uploads\/2025\/11\/poza-piftor-e1762176482943.png\" \/>\n\t<meta property=\"og:image:width\" content=\"407\" \/>\n\t<meta property=\"og:image:height\" content=\"405\" \/>\n\t<meta property=\"og:image:type\" content=\"image\/png\" \/>\n<script type=\"application\/ld+json\" class=\"yoast-schema-graph\">{\"@context\":\"https:\\\/\\\/schema.org\",\"@graph\":[{\"@type\":\"WebPage\",\"@id\":\"https:\\\/\\\/institutulxenopol.ro\\\/piftor-valentin\\\/\",\"url\":\"https:\\\/\\\/institutulxenopol.ro\\\/piftor-valentin\\\/\",\"name\":\"Piftor Valentin - Institutul de Istorie \u201eA. D. Xenopol\u201d\",\"isPartOf\":{\"@id\":\"https:\\\/\\\/institutulxenopol.ro\\\/#website\"},\"primaryImageOfPage\":{\"@id\":\"https:\\\/\\\/institutulxenopol.ro\\\/piftor-valentin\\\/#primaryimage\"},\"image\":{\"@id\":\"https:\\\/\\\/institutulxenopol.ro\\\/piftor-valentin\\\/#primaryimage\"},\"thumbnailUrl\":\"https:\\\/\\\/institutulxenopol.ro\\\/wp-content\\\/uploads\\\/2025\\\/11\\\/poza-piftor-e1762176482943.png\",\"datePublished\":\"2025-11-03T13:20:06+00:00\",\"dateModified\":\"2025-11-21T13:18:15+00:00\",\"breadcrumb\":{\"@id\":\"https:\\\/\\\/institutulxenopol.ro\\\/piftor-valentin\\\/#breadcrumb\"},\"inLanguage\":\"en-US\",\"potentialAction\":[{\"@type\":\"ReadAction\",\"target\":[\"https:\\\/\\\/institutulxenopol.ro\\\/piftor-valentin\\\/\"]}]},{\"@type\":\"ImageObject\",\"inLanguage\":\"en-US\",\"@id\":\"https:\\\/\\\/institutulxenopol.ro\\\/piftor-valentin\\\/#primaryimage\",\"url\":\"https:\\\/\\\/institutulxenopol.ro\\\/wp-content\\\/uploads\\\/2025\\\/11\\\/poza-piftor-e1762176482943.png\",\"contentUrl\":\"https:\\\/\\\/institutulxenopol.ro\\\/wp-content\\\/uploads\\\/2025\\\/11\\\/poza-piftor-e1762176482943.png\"},{\"@type\":\"BreadcrumbList\",\"@id\":\"https:\\\/\\\/institutulxenopol.ro\\\/piftor-valentin\\\/#breadcrumb\",\"itemListElement\":[{\"@type\":\"ListItem\",\"position\":1,\"name\":\"Prima pagin\u0103\",\"item\":\"https:\\\/\\\/institutulxenopol.ro\\\/\"},{\"@type\":\"ListItem\",\"position\":2,\"name\":\"Piftor Valentin\"}]},{\"@type\":\"WebSite\",\"@id\":\"https:\\\/\\\/institutulxenopol.ro\\\/#website\",\"url\":\"https:\\\/\\\/institutulxenopol.ro\\\/\",\"name\":\"Institutul de Istorie \u201eA. D. Xenopol\u201d Ia\u0219i\",\"description\":\"Academia Rom\u00e2n\u0103 - Filiala Ia\u0219i\",\"publisher\":{\"@id\":\"https:\\\/\\\/institutulxenopol.ro\\\/#organization\"},\"potentialAction\":[{\"@type\":\"SearchAction\",\"target\":{\"@type\":\"EntryPoint\",\"urlTemplate\":\"https:\\\/\\\/institutulxenopol.ro\\\/?s={search_term_string}\"},\"query-input\":{\"@type\":\"PropertyValueSpecification\",\"valueRequired\":true,\"valueName\":\"search_term_string\"}}],\"inLanguage\":\"en-US\"},{\"@type\":\"Organization\",\"@id\":\"https:\\\/\\\/institutulxenopol.ro\\\/#organization\",\"name\":\"Institutul de Istorie \u201eA. D. Xenopol\u201d Ia\u0219i\",\"url\":\"https:\\\/\\\/institutulxenopol.ro\\\/\",\"logo\":{\"@type\":\"ImageObject\",\"inLanguage\":\"en-US\",\"@id\":\"https:\\\/\\\/institutulxenopol.ro\\\/#\\\/schema\\\/logo\\\/image\\\/\",\"url\":\"https:\\\/\\\/institutulxenopol.ro\\\/wp-content\\\/uploads\\\/2025\\\/10\\\/logo-institut-black-e1761148345490.png\",\"contentUrl\":\"https:\\\/\\\/institutulxenopol.ro\\\/wp-content\\\/uploads\\\/2025\\\/10\\\/logo-institut-black-e1761148345490.png\",\"width\":432,\"height\":164,\"caption\":\"Institutul de Istorie \u201eA. D. Xenopol\u201d Ia\u0219i\"},\"image\":{\"@id\":\"https:\\\/\\\/institutulxenopol.ro\\\/#\\\/schema\\\/logo\\\/image\\\/\"},\"sameAs\":[\"https:\\\/\\\/www.facebook.com\\\/profile.php?id=61559258097917\"]}]}<\/script>\n<!-- \/ Yoast SEO plugin. -->","yoast_head_json":{"title":"Piftor Valentin - Institutul de Istorie \u201eA. D. Xenopol\u201d","robots":{"index":"index","follow":"follow","max-snippet":"max-snippet:-1","max-image-preview":"max-image-preview:large","max-video-preview":"max-video-preview:-1"},"canonical":"https:\/\/institutulxenopol.ro\/en\/piftor-valentin\/","og_locale":"en_US","og_type":"article","og_title":"Piftor Valentin - Institutul de Istorie \u201eA. D. Xenopol\u201d","og_description":"Dr. Valentin-\u015etefan Piftor, bibliotecar IA Personal secretariat \u015fi auxiliar cercet\u0103rii pif_tin@yahoo.com biblioteca_istorie_xenopol@yahoo.com Prezentare Publica\u021bii Curriculum vitae Valentin-\u0218tefan Piftor a studiat Istoria la Universitatea \u201eAlexandru Ioan Cuza\u201d din Ia\u0219i, unde a ob\u021binut diploma de licen\u021b\u0103 \u00een 2005 \u0219i, ulterior, diploma de master \u00een cadrul programului Societate \u0219i putere \u00een Antichitate \u0219i Ev Mediu (2007). \u00cen 2012 [&hellip;]","og_url":"https:\/\/institutulxenopol.ro\/en\/piftor-valentin\/","og_site_name":"Institutul de Istorie \u201eA. D. Xenopol\u201d","article_publisher":"https:\/\/www.facebook.com\/profile.php?id=61559258097917","article_modified_time":"2025-11-21T13:18:15+00:00","og_image":[{"width":407,"height":405,"url":"https:\/\/institutulxenopol.ro\/wp-content\/uploads\/2025\/11\/poza-piftor-e1762176482943.png","type":"image\/png"}],"schema":{"@context":"https:\/\/schema.org","@graph":[{"@type":"WebPage","@id":"https:\/\/institutulxenopol.ro\/piftor-valentin\/","url":"https:\/\/institutulxenopol.ro\/piftor-valentin\/","name":"Piftor Valentin - Institutul de Istorie \u201eA. D. Xenopol\u201d","isPartOf":{"@id":"https:\/\/institutulxenopol.ro\/#website"},"primaryImageOfPage":{"@id":"https:\/\/institutulxenopol.ro\/piftor-valentin\/#primaryimage"},"image":{"@id":"https:\/\/institutulxenopol.ro\/piftor-valentin\/#primaryimage"},"thumbnailUrl":"https:\/\/institutulxenopol.ro\/wp-content\/uploads\/2025\/11\/poza-piftor-e1762176482943.png","datePublished":"2025-11-03T13:20:06+00:00","dateModified":"2025-11-21T13:18:15+00:00","breadcrumb":{"@id":"https:\/\/institutulxenopol.ro\/piftor-valentin\/#breadcrumb"},"inLanguage":"en-US","potentialAction":[{"@type":"ReadAction","target":["https:\/\/institutulxenopol.ro\/piftor-valentin\/"]}]},{"@type":"ImageObject","inLanguage":"en-US","@id":"https:\/\/institutulxenopol.ro\/piftor-valentin\/#primaryimage","url":"https:\/\/institutulxenopol.ro\/wp-content\/uploads\/2025\/11\/poza-piftor-e1762176482943.png","contentUrl":"https:\/\/institutulxenopol.ro\/wp-content\/uploads\/2025\/11\/poza-piftor-e1762176482943.png"},{"@type":"BreadcrumbList","@id":"https:\/\/institutulxenopol.ro\/piftor-valentin\/#breadcrumb","itemListElement":[{"@type":"ListItem","position":1,"name":"Prima pagin\u0103","item":"https:\/\/institutulxenopol.ro\/"},{"@type":"ListItem","position":2,"name":"Piftor Valentin"}]},{"@type":"WebSite","@id":"https:\/\/institutulxenopol.ro\/#website","url":"https:\/\/institutulxenopol.ro\/","name":"Institutul de Istorie \u201eA. D. Xenopol\u201d Ia\u0219i","description":"Academia Rom\u00e2n\u0103 - Filiala Ia\u0219i","publisher":{"@id":"https:\/\/institutulxenopol.ro\/#organization"},"potentialAction":[{"@type":"SearchAction","target":{"@type":"EntryPoint","urlTemplate":"https:\/\/institutulxenopol.ro\/?s={search_term_string}"},"query-input":{"@type":"PropertyValueSpecification","valueRequired":true,"valueName":"search_term_string"}}],"inLanguage":"en-US"},{"@type":"Organization","@id":"https:\/\/institutulxenopol.ro\/#organization","name":"Institutul de Istorie \u201eA. D. Xenopol\u201d Ia\u0219i","url":"https:\/\/institutulxenopol.ro\/","logo":{"@type":"ImageObject","inLanguage":"en-US","@id":"https:\/\/institutulxenopol.ro\/#\/schema\/logo\/image\/","url":"https:\/\/institutulxenopol.ro\/wp-content\/uploads\/2025\/10\/logo-institut-black-e1761148345490.png","contentUrl":"https:\/\/institutulxenopol.ro\/wp-content\/uploads\/2025\/10\/logo-institut-black-e1761148345490.png","width":432,"height":164,"caption":"Institutul de Istorie \u201eA. D. Xenopol\u201d Ia\u0219i"},"image":{"@id":"https:\/\/institutulxenopol.ro\/#\/schema\/logo\/image\/"},"sameAs":["https:\/\/www.facebook.com\/profile.php?id=61559258097917"]}]}},"_links":{"self":[{"href":"https:\/\/institutulxenopol.ro\/en\/wp-json\/wp\/v2\/pages\/4529","targetHints":{"allow":["GET"]}}],"collection":[{"href":"https:\/\/institutulxenopol.ro\/en\/wp-json\/wp\/v2\/pages"}],"about":[{"href":"https:\/\/institutulxenopol.ro\/en\/wp-json\/wp\/v2\/types\/page"}],"author":[{"embeddable":true,"href":"https:\/\/institutulxenopol.ro\/en\/wp-json\/wp\/v2\/users\/1"}],"replies":[{"embeddable":true,"href":"https:\/\/institutulxenopol.ro\/en\/wp-json\/wp\/v2\/comments?post=4529"}],"version-history":[{"count":25,"href":"https:\/\/institutulxenopol.ro\/en\/wp-json\/wp\/v2\/pages\/4529\/revisions"}],"predecessor-version":[{"id":4966,"href":"https:\/\/institutulxenopol.ro\/en\/wp-json\/wp\/v2\/pages\/4529\/revisions\/4966"}],"wp:attachment":[{"href":"https:\/\/institutulxenopol.ro\/en\/wp-json\/wp\/v2\/media?parent=4529"}],"curies":[{"name":"wp","href":"https:\/\/api.w.org\/{rel}","templated":true}]}}