{"id":4413,"date":"2025-11-02T13:51:23","date_gmt":"2025-11-02T10:51:23","guid":{"rendered":"https:\/\/institutulxenopol.ro\/?page_id=4413"},"modified":"2025-11-21T16:07:42","modified_gmt":"2025-11-21T13:07:42","slug":"cliveti-gheorghe","status":"publish","type":"page","link":"https:\/\/institutulxenopol.ro\/en\/cliveti-gheorghe\/","title":{"rendered":"Cliveti Gheorghe"},"content":{"rendered":"\t\t<div data-elementor-type=\"wp-page\" data-elementor-id=\"4413\" class=\"elementor elementor-4413\">\n\t\t\t\t<div class=\"elementor-element elementor-element-322889f0 e-flex e-con-boxed e-con e-parent\" data-id=\"322889f0\" data-element_type=\"container\" data-e-type=\"container\" data-settings=\"{&quot;background_background&quot;:&quot;classic&quot;}\">\n\t\t\t\t\t<div class=\"e-con-inner\">\n\t\t<div class=\"elementor-element elementor-element-23f97a8e e-con-full e-flex e-con e-child\" data-id=\"23f97a8e\" data-element_type=\"container\" data-e-type=\"container\">\n\t\t\t\t<\/div>\n\t\t\t\t\t<\/div>\n\t\t\t\t<\/div>\n\t\t<div class=\"elementor-element elementor-element-38244c63 e-flex e-con-boxed e-con e-parent\" data-id=\"38244c63\" data-element_type=\"container\" data-e-type=\"container\">\n\t\t\t\t\t<div class=\"e-con-inner\">\n\t\t<div class=\"elementor-element elementor-element-26326115 e-con-full e-flex e-con e-child\" data-id=\"26326115\" data-element_type=\"container\" data-e-type=\"container\">\n\t\t\t\t<div class=\"elementor-element elementor-element-49e1b7bd elementor-widget elementor-widget-heading\" data-id=\"49e1b7bd\" data-element_type=\"widget\" data-e-type=\"widget\" data-widget_type=\"heading.default\">\n\t\t\t\t\t<h2 class=\"elementor-heading-title elementor-size-default\">Prof. univ. dr. Gheorghe Cliveti, membru corespondent al AR<\/h2>\t\t\t\t<\/div>\n\t\t\t\t<div class=\"elementor-element elementor-element-495e4b75 elementor-widget elementor-widget-text-editor\" data-id=\"495e4b75\" data-element_type=\"widget\" data-e-type=\"widget\" data-widget_type=\"text-editor.default\">\n\t\t\t\t\t\t\t\t\t<p><span class=\"eael-tab-title title-after-icon\">Colectivul de Istorie modern\u0103<\/span><\/p>\t\t\t\t\t\t\t\t<\/div>\n\t\t<div class=\"elementor-element elementor-element-197f7f74 e-grid e-con-full e-con e-child\" data-id=\"197f7f74\" data-element_type=\"container\" data-e-type=\"container\">\n\t\t\t\t<div class=\"elementor-element elementor-element-6b4721a5 elementor-widget elementor-widget-image\" data-id=\"6b4721a5\" data-element_type=\"widget\" data-e-type=\"widget\" data-widget_type=\"image.default\">\n\t\t\t\t\t\t\t\t\t\t\t\t\t\t\t<img decoding=\"async\" src=\"https:\/\/institutulxenopol.ro\/wp-content\/plugins\/elementor\/assets\/images\/placeholder.png\" title=\"\" alt=\"\" loading=\"lazy\" \/>\t\t\t\t\t\t\t\t\t\t\t\t\t\t\t<\/div>\n\t\t\t\t<div class=\"elementor-element elementor-element-53b799a4 elementor-align-start elementor-icon-list--layout-traditional elementor-list-item-link-full_width elementor-widget elementor-widget-icon-list\" data-id=\"53b799a4\" data-element_type=\"widget\" data-e-type=\"widget\" data-widget_type=\"icon-list.default\">\n\t\t\t\t\t\t\t<ul class=\"elementor-icon-list-items\">\n\t\t\t\t\t\t\t<li class=\"elementor-icon-list-item\">\n\t\t\t\t\t\t\t\t\t\t\t<a href=\"mailto:gheorghecliveti@uaic.ro\">\n\n\t\t\t\t\t\t\t\t\t\t\t\t<span class=\"elementor-icon-list-icon\">\n\t\t\t\t\t\t\t<svg aria-hidden=\"true\" class=\"e-font-icon-svg e-far-envelope\" viewBox=\"0 0 512 512\" xmlns=\"http:\/\/www.w3.org\/2000\/svg\"><path d=\"M464 64H48C21.49 64 0 85.49 0 112v288c0 26.51 21.49 48 48 48h416c26.51 0 48-21.49 48-48V112c0-26.51-21.49-48-48-48zm0 48v40.805c-22.422 18.259-58.168 46.651-134.587 106.49-16.841 13.247-50.201 45.072-73.413 44.701-23.208.375-56.579-31.459-73.413-44.701C106.18 199.465 70.425 171.067 48 152.805V112h416zM48 400V214.398c22.914 18.251 55.409 43.862 104.938 82.646 21.857 17.205 60.134 55.186 103.062 54.955 42.717.231 80.509-37.199 103.053-54.947 49.528-38.783 82.032-64.401 104.947-82.653V400H48z\"><\/path><\/svg>\t\t\t\t\t\t<\/span>\n\t\t\t\t\t\t\t\t\t\t<span class=\"elementor-icon-list-text\">gheorghecliveti@uaic.ro<\/span>\n\t\t\t\t\t\t\t\t\t\t\t<\/a>\n\t\t\t\t\t\t\t\t\t<\/li>\n\t\t\t\t\t\t<\/ul>\n\t\t\t\t\t\t<\/div>\n\t\t\t\t<\/div>\n\t\t\t\t<\/div>\n\t\t\t\t<div class=\"elementor-element elementor-element-6b6babae elementor-widget elementor-widget-spacer\" data-id=\"6b6babae\" data-element_type=\"widget\" data-e-type=\"widget\" data-widget_type=\"spacer.default\">\n\t\t\t\t\t\t\t<div class=\"elementor-spacer\">\n\t\t\t<div class=\"elementor-spacer-inner\"><\/div>\n\t\t<\/div>\n\t\t\t\t\t\t<\/div>\n\t\t\t\t<div class=\"elementor-element elementor-element-4427f874 elementor-widget elementor-widget-eael-adv-tabs\" data-id=\"4427f874\" data-element_type=\"widget\" data-e-type=\"widget\" data-widget_type=\"eael-adv-tabs.default\">\n\t\t\t\t\t        <div data-scroll-on-click=\"\" data-scroll-speed=\"300\" id=\"eael-advance-tabs-4427f874\" class=\"eael-advance-tabs eael-tabs-horizontal eael-tab-auto-active  active-caret-on\" data-tabid=\"4427f874\">\n            <div class=\"eael-tabs-nav \">\n                <ul class=\"\" role=\"tablist\">\n                                            <li id=\"prezentare\" class=\"inactive eael-tab-item-trigger eael-tab-nav-item\" aria-selected=\"true\" data-tab=\"1\" role=\"tab\" tabindex=\"0\" aria-controls=\"prezentare-tab\" aria-expanded=\"false\">\n                            \n                            \n                            \n                                                            <span class=\"eael-tab-title title-after-icon\" >Prezentare<\/span>                                                    <\/li>\n                                            <li id=\"publicaii\" class=\"inactive eael-tab-item-trigger eael-tab-nav-item\" aria-selected=\"false\" data-tab=\"2\" role=\"tab\" tabindex=\"-1\" aria-controls=\"publicaii-tab\" aria-expanded=\"false\">\n                            \n                            \n                            \n                                                            <span class=\"eael-tab-title title-after-icon\" >Publica\u021bii<\/span>                                                    <\/li>\n                                            <li id=\"curriculum-vitae\" class=\"inactive eael-tab-item-trigger eael-tab-nav-item\" aria-selected=\"false\" data-tab=\"3\" role=\"tab\" tabindex=\"-1\" aria-controls=\"curriculum-vitae-tab\" aria-expanded=\"false\">\n                            \n                            \n                            \n                                                            <span class=\"eael-tab-title title-after-icon\" >Curriculum vitae<\/span>                                                    <\/li>\n                    \n                                  <\/ul>\n            <\/div>\n            \n            <div class=\"eael-tabs-content\">\n\t\t        \n                    <div id=\"prezentare-tab\" class=\"clearfix eael-tab-content-item inactive\" data-title-link=\"prezentare-tab\">\n\t\t\t\t        <p style=\"text-align: justify\">Membru corespondent al Academiei Rom\u00e2ne, Professor emeritus al Universit\u0103\u021bii \u201eAl. I. Cuza\u201d din Ia\u0219i \u2013 Facultatea de Istorie, director al Institutului de Istorie \u201eA.D. Xenopol\u201d Ia\u015fi \u00eentre 2010 \u0219i 2025.<\/p>                    <\/div>\n\t\t        \n                    <div id=\"publicaii-tab\" class=\"clearfix eael-tab-content-item inactive\" data-title-link=\"publicaii-tab\">\n\t\t\t\t        <style>.elementor-4469 .elementor-element.elementor-element-5cde5688{--display:flex;}.elementor-4469 .elementor-element.elementor-element-618bd553 .eael-adv-accordion .eael-accordion-list .eael-accordion-header .fa-accordion-icon{font-size:16px;color:var( --e-global-color-secondary );}.elementor-4469 .elementor-element.elementor-element-618bd553 .eael-adv-accordion .eael-accordion-list .eael-accordion-header svg.fa-accordion-icon{height:16px;width:16px;line-height:16px;}.elementor-4469 .elementor-element.elementor-element-618bd553 .eael-accordion_media-list .eael-accordion_media-icon i{font-size:16px;}.elementor-4469 .elementor-element.elementor-element-618bd553 .eael-accordion_media-list .eael-accordion_media-icon svg{height:16px;width:16px;line-height:16px;}.elementor-4469 .elementor-element.elementor-element-618bd553 .eael-adv-accordion .eael-accordion-list .eael-accordion-header .fa-accordion-icon,\n                    .elementor-4469 .elementor-element.elementor-element-618bd553 .eael-accordion_media-wrapper .eael-accordion_media-lists .eael-accordion_media-list{gap:10px;}.elementor-4469 .elementor-element.elementor-element-618bd553 .eael-adv-accordion .eael-accordion-list .eael-accordion-header, \n                .elementor-4469 .elementor-element.elementor-element-618bd553 .eael-accordion_media-wrapper .eael-accordion_media-list{background-color:var( --e-global-color-astglobalcolor4 );}.elementor-4469 .elementor-element.elementor-element-618bd553 .eael-adv-accordion .eael-accordion-list .eael-accordion-header .eael-accordion-tab-title{color:var( --e-global-color-secondary );}.elementor-4469 .elementor-element.elementor-element-618bd553 .eael-accordion_media-content .eael-accordion_media-title{color:var( --e-global-color-secondary );}.elementor-4469 .elementor-element.elementor-element-618bd553 .eael-adv-accordion .eael-accordion-list .eael-accordion-header .fa-accordion-icon-svg svg{color:var( --e-global-color-secondary );fill:var( --e-global-color-secondary );}.elementor-4469 .elementor-element.elementor-element-618bd553 .eael-adv-accordion .eael-accordion-list .eael-accordion-header svg{fill:var( --e-global-color-secondary );}.elementor-4469 .elementor-element.elementor-element-618bd553 .eael-accordion_media-list .eael-accordion_media-icon{color:var( --e-global-color-secondary );}.elementor-4469 .elementor-element.elementor-element-618bd553 .eael-adv-accordion .eael-accordion-list .eael-accordion-header:hover .eael-accordion-tab-title,\n                    .elementor-4469 .elementor-element.elementor-element-618bd553 .eael-accordion_media-list:not(.active):hover .eael-accordion_media-title{color:var( --e-global-color-primary );}.elementor-4469 .elementor-element.elementor-element-618bd553 .eael-adv-accordion .eael-accordion-list .eael-accordion-header:hover .fa-accordion-icon{color:var( --e-global-color-primary );}.elementor-4469 .elementor-element.elementor-element-618bd553 .eael-adv-accordion .eael-accordion-list .eael-accordion-header:hover .fa-accordion-icon svg{color:var( --e-global-color-primary );fill:var( --e-global-color-primary );}.elementor-4469 .elementor-element.elementor-element-618bd553 .eael-adv-accordion .eael-accordion-list .eael-accordion-header:hover svg.fa-accordion-icon{fill:var( --e-global-color-primary );}.elementor-4469 .elementor-element.elementor-element-618bd553 .eael-accordion_media-list:hover .eael-accordion_media-icon i{color:var( --e-global-color-primary );}.elementor-4469 .elementor-element.elementor-element-618bd553 .eael-accordion_media-list:hover .eael-accordion_media-icon svg{fill:var( --e-global-color-primary );}.elementor-4469 .elementor-element.elementor-element-618bd553 .eael-adv-accordion .eael-accordion-list .eael-accordion-header.active{color:var( --e-global-color-primary );}.elementor-4469 .elementor-element.elementor-element-618bd553 .eael-adv-accordion .eael-accordion-list .eael-accordion-header.active .eael-accordion-tab-title{color:var( --e-global-color-primary );}.elementor-4469 .elementor-element.elementor-element-618bd553 .eael-adv-accordion .eael-accordion-list .eael-accordion-header.active .fa-accordion-icon{color:var( --e-global-color-primary );}.elementor-4469 .elementor-element.elementor-element-618bd553 .eael-adv-accordion .eael-accordion-list .eael-accordion-header.active .fa-accordion-icon svg{color:var( --e-global-color-primary );fill:var( --e-global-color-primary );}.elementor-4469 .elementor-element.elementor-element-618bd553 .eael-adv-accordion .eael-accordion-list .eael-accordion-header.active svg.fa-accordion-icon{fill:var( --e-global-color-primary );}.elementor-4469 .elementor-element.elementor-element-618bd553 .eael-accordion_media-list.active .eael-accordion_media-icon i{color:var( --e-global-color-primary );}.elementor-4469 .elementor-element.elementor-element-618bd553 .eael-accordion_media-list.active .eael-accordion_media-icon svg{fill:var( --e-global-color-primary );}.elementor-4469 .elementor-element.elementor-element-618bd553 .eael-adv-accordion .eael-accordion-list .eael-accordion-content{color:var( --e-global-color-secondary );}.elementor-4469 .elementor-element.elementor-element-618bd553 .eael-accordion_media-list .eael-accordion_media-content .eael-accordion_media-description{color:var( --e-global-color-secondary );}<\/style>\t\t<div data-elementor-type=\"container\" data-elementor-id=\"4469\" class=\"elementor elementor-4469\">\n\t\t\t\t<div class=\"elementor-element elementor-element-5cde5688 e-flex e-con-boxed e-con e-parent\" data-id=\"5cde5688\" data-element_type=\"container\" data-e-type=\"container\">\n\t\t\t\t\t<div class=\"e-con-inner\">\n\t\t\t\t<div class=\"elementor-element elementor-element-618bd553 elementor-widget elementor-widget-eael-adv-accordion\" data-id=\"618bd553\" data-element_type=\"widget\" data-e-type=\"widget\" data-widget_type=\"eael-adv-accordion.default\">\n\t\t\t\t\t            <div class=\"eael-adv-accordion\" id=\"eael-adv-accordion-618bd553\" data-scroll-on-click=\"no\" data-scroll-speed=\"300\" data-accordion-id=\"618bd553\" data-accordion-type=\"accordion\" data-toogle-speed=\"300\">\n            <div class=\"eael-accordion-list\">\n\t\t\t\t\t<div id=\"cri\" class=\"elementor-tab-title eael-accordion-header\" tabindex=\"0\" data-tab=\"1\" aria-controls=\"elementor-tab-content-1631\"><span class=\"eael-advanced-accordion-icon-closed\"><svg aria-hidden=\"true\" class=\"fa-accordion-icon e-font-icon-svg e-fas-plus\" viewBox=\"0 0 448 512\" xmlns=\"http:\/\/www.w3.org\/2000\/svg\"><path d=\"M416 208H272V64c0-17.67-14.33-32-32-32h-32c-17.67 0-32 14.33-32 32v144H32c-17.67 0-32 14.33-32 32v32c0 17.67 14.33 32 32 32h144v144c0 17.67 14.33 32 32 32h32c17.67 0 32-14.33 32-32V304h144c17.67 0 32-14.33 32-32v-32c0-17.67-14.33-32-32-32z\"><\/path><\/svg><\/span><span class=\"eael-advanced-accordion-icon-opened\"><svg aria-hidden=\"true\" class=\"fa-accordion-icon e-font-icon-svg e-fas-minus\" viewBox=\"0 0 448 512\" xmlns=\"http:\/\/www.w3.org\/2000\/svg\"><path d=\"M416 208H32c-17.67 0-32 14.33-32 32v32c0 17.67 14.33 32 32 32h384c17.67 0 32-14.33 32-32v-32c0-17.67-14.33-32-32-32z\"><\/path><\/svg><\/span><span class=\"eael-accordion-tab-title\">C\u0103r\u0163i<\/span><\/div><div id=\"elementor-tab-content-1631\" class=\"eael-accordion-content clearfix\" data-tab=\"1\" aria-labelledby=\"cri\"><p>1988\/ Rom\u00e2nia \u015fi Puterile Garante. 1856-1878\/La Roumanie et les Puissances garantes. 1856-1878, Ia\u015fi, Ed. Universit\u0103\u0163ii \u201eAl. I. Cuza\u201d, 256 p. (Premiul \u201eN. B\u0103lcescu\u201d al Academiei Rom\u00e2ne), carte reprezent\u00e2nd teza de doctorat a autorului)<br \/>1993\/ Izvoarele Istoriei rela\u0163iilor interna\u0163ionale. Epoca modern\u0103, Ia\u015fi, Ed. Universit\u0103\u0163ii \u201eAl. I. Cuza\u201d, 175 p.<br \/>1997\/ Rom\u00e2nia \u015fi crizele interna\u0163ionale. 1853-1913, Ia\u015fi, Ed. \u201eAxis\u201d (Seria \u201eUniversitaria\u201d), 275 p., ISBN 973-96653-6-5.<br \/>2000\/ Istoria Partidului Na\u0163ional Liberal (colab.), Bucure\u015fti, Ed. ALL, 499 p., ISBN 973-571-303-9.<br \/>2006\/ Concertul European. Un experiment \u00een rela\u0163iile interna\u0163ionale din secolul XIX, Bucure\u015fti, Editura Enciclopedic\u0103, 820 p., ISBN 973-45-0529-7.<br \/>2009\/ Prolegomene la studiul rela\u0163iilor interna\u0163ionale. Epoca modern\u0103, Bucure\u015fti, Editura Academiei Rom\u00e2ne, 2009, 359 p., ISBN 978-973-27-1801-8.<br \/>2010\/ Istoria Universit\u0103\u0163ii din Ia\u015fi (colab.), Ia\u015fi, Editura Universit\u0103\u0163ii \u201cAl. I. Cuza\u201d, 2010, 776 p., ISBN 978-973-703-598-8.<br \/>2010\/ Europa francez\u0103 \u015fi cauza rom\u00e2n\u0103. 1789-1871, Ia\u015fi, Editura Junimea, 729 p., ISBN 978-973-37-1490-3 (ap\u0103ruta \u00een 2012).<br \/>2015\/ Istoria Rom\u00e2nilor (tratat), vol. VII, tom II, De la Independen\u0163\u0103 la Marea Unire (1878-1918), coord. [Gheorghe Platon], Dan Berindei, Gheorghe Cliveti, Gheorghe Iacob, Bucure\u015fti, Editura Enciclopedic\u0103, 1045 pagini (Cap. Recunoa\u015fterea extern\u0103 a Independen\u0163ei \u015fi constituirea Regatului Rom\u00e2niei, p. 35-90), ISBN: 978-973-45-0687-3; ISBN: 978-973-45-0608-3.<br \/>2015\/ Rom\u00e2nia \u015fi \u201calian\u0163ele germane\u201d (1879-1914), Ia\u015fi, Editura Junimea, 892 p. ISBN 978-973-37-1872-7<br \/>2018\/ Rom\u00e2nia modern\u0103 \u0219i \u201eapogeul Europei\u201d, 1815-1914, cca 1160 p., Bucure\u0219ti, Editura Academiei Rom\u00e2ne, ISBN 978-973-27-2906-9.<br \/>2019\/ L\u2019\u00e9tude historique des relations internationales. Les conceptions (A l\u2019occasion du XXIII-e Congr\u00e8s International des Sciences Historiques, Poznan, 2020), Editura Academiei Rom\u00e2ne, 2019, 288 p. (Supliment al Anuarului Institutului de Istorie \u201eA. D. Xenopol\u201d, nr. LVI), ISSN 1221-3705.<br \/>2020\/ Rom\u00e2nia \u0219i Puterile Garante, 1856 -1878, edi\u021bia a II-a, revizuit\u0103 \u0219i mult ad\u0103ugit\u0103, Ia\u0219i, Junimea, 672 p, ISBN978-973-37-2336-3<br \/>2021\/ La R\u00e9volution de 1821 et la restauration des regnes autochtones dans les Principautes Roumaines \u2013 une \u00abpierre de touche\u00bb pour la diplomatie europ\u00e9enne dans la question d\u055aOrient, Istanbul (Centre D\u2019Histoire Diplomatique Ottomane\/Center for Ottoman Diplomatic History), The ISIS Press, 2020, 188 p., ISBN : 978-975-428-648-9.<br \/>2022\/ La Roumanie, la crise orientale et le Concert Europeen, 1875 \u2013 1878, Istanbul (Centre D\u2019Histoire Diplomatique Ottomane\/Center for Ottoman Diplomatic History), The ISIS Press, 2022, 305 p., ISBN : 978-975-428-691-5.<br \/>2024\/ Contribu\u0163ii la sinteza de istorie modern\u0103. Sistemul de state, concertul european, marile alian\u021be \u0219i originile Primului R\u0103zboi Mondial, Vol. I, Ia\u0219i, Editura Universit\u0103\u0163ii \u201eAlexandru Ioan Cuza\u201d din Ia\u015fi, 2024, ISBN general: 978-606-714-888-6, ISBN vol. I: 978-606-714-889-3;<br \/>2024\/ Contribu\u0163ii la sinteza de istorie modern\u0103. Emergen\u0163a Rom\u00e2niei \u2013 ac\u0163iune na\u0163ional\u0103 \u0219i implica\u0163ii europene, Vol. II, Ia\u0219i, Editura Universit\u0103\u0163ii \u201eAlexandru Ioan Cuza\u201d din Ia\u015fi, 2024, ISBN general: 978-606-714-888-6, ISBN vol. II: 978-606-714-648-6;<\/p><\/div>\n\t\t\t\t\t<\/div><div class=\"eael-accordion-list\">\n\t\t\t\t\t<div id=\"volume-coordonate-sau-editate\" class=\"elementor-tab-title eael-accordion-header\" tabindex=\"0\" data-tab=\"2\" aria-controls=\"elementor-tab-content-1632\"><span class=\"eael-advanced-accordion-icon-closed\"><svg aria-hidden=\"true\" class=\"fa-accordion-icon e-font-icon-svg e-fas-plus\" viewBox=\"0 0 448 512\" xmlns=\"http:\/\/www.w3.org\/2000\/svg\"><path d=\"M416 208H272V64c0-17.67-14.33-32-32-32h-32c-17.67 0-32 14.33-32 32v144H32c-17.67 0-32 14.33-32 32v32c0 17.67 14.33 32 32 32h144v144c0 17.67 14.33 32 32 32h32c17.67 0 32-14.33 32-32V304h144c17.67 0 32-14.33 32-32v-32c0-17.67-14.33-32-32-32z\"><\/path><\/svg><\/span><span class=\"eael-advanced-accordion-icon-opened\"><svg aria-hidden=\"true\" class=\"fa-accordion-icon e-font-icon-svg e-fas-minus\" viewBox=\"0 0 448 512\" xmlns=\"http:\/\/www.w3.org\/2000\/svg\"><path d=\"M416 208H32c-17.67 0-32 14.33-32 32v32c0 17.67 14.33 32 32 32h384c17.67 0 32-14.33 32-32v-32c0-17.67-14.33-32-32-32z\"><\/path><\/svg><\/span><span class=\"eael-accordion-tab-title\">Volume coordonate sau editate<\/span><\/div><div id=\"elementor-tab-content-1632\" class=\"eael-accordion-content clearfix\" data-tab=\"2\" aria-labelledby=\"volume-coordonate-sau-editate\"><p>1998\/ (\u00een colaborare cu I. Agrigoroaiei): Na\u0163ional \u015fi social \u00een Istoria rom\u00e2nilor. Profesorului Gheorghe Platon la a 70-a aniversare, Ia\u015fi, Ed. Universit\u0103\u0163ii \u201eAl. I. Cuza\u201d, 466 p., ISSN 1221- 843x.<br \/>2001\/ (\u00een colaborare cu Gabriel B\u0103d\u0103r\u0103u \u015fi Mihai Cojocariu), Istoria \u2013 o medita\u0163ie asupra trecutului. Profesorului Vasile Cristian la a 65-a aniversare, Ia\u015fi, 403 p., ISBN 973- 85301-1-3.<br \/>2009\/ (\u00een colaborare cu Victor Spinei), Historia sub specie aeternitatis. In honorem magistri Alexandru Zub, Bucure\u015fti, Editura Academiei Rom\u00e2ne, 2009, 472 p., ISBN 978-973-27-1854-4; ISBN 978-973-8928-51-0.<br \/>2010\/ Slujind-o pe Clio. \u00cen honorem Dumitru Vitcu (coord. Mihai Iacobescu, Gheorghe Cliveti, Dinu Balan), Ia\u015fi, Editura Junimea, 774 p., ISBN 978-973-37-1435-5.<br \/>2011\/ Cultur\u0103 politic\u0103 \u015fi societate \u00een timpul domniei lui Carol I. 130 de ani de la proclamarea Regatului Rom\u00e2niei (coord. Gh. Cliveti, Adrian-Bogdan Ceobanu, Ionu\u0163 Nistor), Ia\u015fi, Casa Editorial\u0103 \u201cDemiurg\u201d, 342 p., ISBN 978-973-152-224-1.<br \/>2012\/ Romanian and European Diplomacy, From Cabinet Diplomacy to XXI Centuries Challenges (coord., colab.), Trieste (Italia), ed. Beit, \u015fi Ia\u015fi, Editura Universit\u0103\u0163ii \u201cAl. I. Cuza\u201d, 415 p., ISBN Ed. UAIC 978-973-703-806-7; ISBN BEIT Casa Editrice 978-889-532-449-4.<br \/>2014\/ Basarabia. Problem\u0103 na\u0163ional\u0103. Implica\u0163ii interna\u0163ionale (Materialele Conferin\u0163ei \u015etiin\u0163ifice Interna\u0163ionale, 14-16 mai 1212, Chi\u015fin\u0103u-Ia\u015fi), coordonatori Gheorghe Cliveti, Gheorghe Cojocaru, Bucure\u015fti, Editura Academiei Rom\u00e2ne, 2014, 1116 pagini (ISBN: 978-973-27-2397-5).<br \/>2014\/ Clio \u00een oglindiri de sine, coord. Gheorghe Cliveti, Ia\u015fi, Editura Universit\u0103\u0163ii \u201cAlexandru Ioan Cuza\u201d, 844 pagini (ISBN: 978-606-714-070-5).<br \/>2014\/ Frumoas\u0103 \u00een\u0103l\u0163are de cuvinte, Academicianului Alexandru Zub, volum editat de Gheorghe Cliveti, Ia\u015fi, Editura Pim, 366 pagini (ISBN: 978-606-13-2006-6).\u00a0<br \/>2015\/ Inova\u0163ie \u015fi interdisciplinaritate \u00een cercetarea arheologic\u0103 \u015fi istoric\u0103: teorii, metode, surse, Editori: Gheorghe Cliveti, Andi Mihalache, Dan Aparaschivei, Alexandru Simon, Supliment \u2013 \u201cAnuarul Institutului de Istorie &lt;&lt;A. D. Xenopol&gt; Ia\u015fi\u201d, Academia Rom\u00e2n\u0103, 370 p. ISSN: 1454-6434; ISSN-L: 1454-6434.<br \/>2016\/ Constantin Stere. Prozator, publicist, jurist \u0219i om politic. 150 de ani de la na\u0219tere, coord. Gheorghe Cliveti \u0219i Gheorghe Cojocaru, Ed. Vasiliana (acreditata CNCS), Ia\u0219i, 565 pagini, ISBN 978-973-116-503-5<br \/>2016\/ Istoriografia \u00een secolul XXI: noi genera\u021bii, alte abord\u0103ri (coord. Ioan Aurel Pop, Gheorghe Cliveti), Supliment al \u201eAnuarului Institutului de Istorie \u201eA. D. Xenopol\u201d, LII, 2016, 378 pagini, ISSN 1454-6434<br \/>2017\/ Centenar Sfatul \u021a\u0103rii (coord. Gheorghe Cliveti, Gheorghe Cojocaru), Chi\u0219in\u0103u.<br \/>2018 \/ Istoricul \u0219i istoria. Alexandru Boldur \u2212 130 de ani de la na\u0219tere, Leonid Boicu \u2212 85 de ani de la na\u0219tere, coord. Gheorghe Cliveti \u0219i Gheorghe Cojocaru, Ia\u0219i, Editura Junimea, 2018, 427 p., ISBN 973-37-2180-2.<br \/>2024\/ Din lucrarea cuv\u00e2ntului \u00een lume. C\u0103rturarului Alexandru Zub, Volum editat de Gheorghe Cliveti, Editura Junimea, Ia\u0219i, 2024, ISBN: 978-973-37-2821-4<\/p><\/div>\n\t\t\t\t\t<\/div><div class=\"eael-accordion-list\">\n\t\t\t\t\t<div id=\"ediii-critice\" class=\"elementor-tab-title eael-accordion-header\" tabindex=\"0\" data-tab=\"3\" aria-controls=\"elementor-tab-content-1633\"><span class=\"eael-advanced-accordion-icon-closed\"><svg aria-hidden=\"true\" class=\"fa-accordion-icon e-font-icon-svg e-fas-plus\" viewBox=\"0 0 448 512\" xmlns=\"http:\/\/www.w3.org\/2000\/svg\"><path d=\"M416 208H272V64c0-17.67-14.33-32-32-32h-32c-17.67 0-32 14.33-32 32v144H32c-17.67 0-32 14.33-32 32v32c0 17.67 14.33 32 32 32h144v144c0 17.67 14.33 32 32 32h32c17.67 0 32-14.33 32-32V304h144c17.67 0 32-14.33 32-32v-32c0-17.67-14.33-32-32-32z\"><\/path><\/svg><\/span><span class=\"eael-advanced-accordion-icon-opened\"><svg aria-hidden=\"true\" class=\"fa-accordion-icon e-font-icon-svg e-fas-minus\" viewBox=\"0 0 448 512\" xmlns=\"http:\/\/www.w3.org\/2000\/svg\"><path d=\"M416 208H32c-17.67 0-32 14.33-32 32v32c0 17.67 14.33 32 32 32h384c17.67 0 32-14.33 32-32v-32c0-17.67-14.33-32-32-32z\"><\/path><\/svg><\/span><span class=\"eael-accordion-tab-title\">Edi\u0163ii critice<\/span><\/div><div id=\"elementor-tab-content-1633\" class=\"eael-accordion-content clearfix\" data-tab=\"3\" aria-labelledby=\"ediii-critice\"><p>2008\/ Vasile Russu (1937-2007). Studii de Istorie modern\u0103, Bac\u0103u, Casa Corpului Didactic, 780 p., ISBN 978-973-8928-51-0.<br \/>2010\/ N. Iorga, Istoria Rom\u00e2nilor, vol. IX, Unificatorii (\u00een colab. cu Mihai Cojocariu \u015fi Cristian-Nelu Ploscaru), Bucure\u015fti, Ed. Enciclopedic\u0103 (cu Postfa\u0163\u0103. p. 271-283), 298 p., ISBN 978-973-45-0625-5.<br \/>2019\/ Alexandru Zub, Scrieri istorice, vol. I, Sinteza istoriografic\u0103, 922 p., \u0219i vol. II, Istorici \u0219i teme istoriografice, 1008 p., \u00een seria C\u0103r\u021bi de c\u0103p\u0103t\u00e2i (XVII, XVIII), Editura Academiei Rom\u00e2ne, ISBN 978-973-27-3096-6; 978-973-27-3096-6.\u00a0<\/p><\/div>\n\t\t\t\t\t<\/div><div class=\"eael-accordion-list\">\n\t\t\t\t\t<div id=\"lucrritexte-dactilografiate-sau-multiplicate\" class=\"elementor-tab-title eael-accordion-header\" tabindex=\"0\" data-tab=\"4\" aria-controls=\"elementor-tab-content-1634\"><span class=\"eael-advanced-accordion-icon-closed\"><svg aria-hidden=\"true\" class=\"fa-accordion-icon e-font-icon-svg e-fas-plus\" viewBox=\"0 0 448 512\" xmlns=\"http:\/\/www.w3.org\/2000\/svg\"><path d=\"M416 208H272V64c0-17.67-14.33-32-32-32h-32c-17.67 0-32 14.33-32 32v144H32c-17.67 0-32 14.33-32 32v32c0 17.67 14.33 32 32 32h144v144c0 17.67 14.33 32 32 32h32c17.67 0 32-14.33 32-32V304h144c17.67 0 32-14.33 32-32v-32c0-17.67-14.33-32-32-32z\"><\/path><\/svg><\/span><span class=\"eael-advanced-accordion-icon-opened\"><svg aria-hidden=\"true\" class=\"fa-accordion-icon e-font-icon-svg e-fas-minus\" viewBox=\"0 0 448 512\" xmlns=\"http:\/\/www.w3.org\/2000\/svg\"><path d=\"M416 208H32c-17.67 0-32 14.33-32 32v32c0 17.67 14.33 32 32 32h384c17.67 0 32-14.33 32-32v-32c0-17.67-14.33-32-32-32z\"><\/path><\/svg><\/span><span class=\"eael-accordion-tab-title\">Lucr\u0103ri\/Texte dactilografiate sau multiplicate<\/span><\/div><div id=\"elementor-tab-content-1634\" class=\"eael-accordion-content clearfix\" data-tab=\"4\" aria-labelledby=\"lucrritexte-dactilografiate-sau-multiplicate\"><p>1985\/ Rom\u00e2nia \u015fi Puterile Garante. 1866-1871. Tez\u0103 de doctorat, Universitatea \u201eAl. I. Cuza\u201d &#8211; Ia\u015fi, 206 p.<br \/>Rom\u00e2nia \u015fi Marile Puteri. 1866-1876, (\u00een colaborare cu Mihai Timofte), lucrare elaborat\u0103 \u00een baza Planului de cercetare al Catedrei de Istorie (Universitatea \u201eAl. I. Cuza\u201d- Ia\u015fi) \u015fi predat\u0103 comisiei academice de recep\u0163ie \u00een anul 1988, 180 p.<br \/>Istoria modern\u0103 a Rom\u00e2nilor, P. II, Universitatea \u201eAl. I. Cuza\u201d &#8211; Ia\u015fi, Curs pentru I.D.<br \/>Istoria rela\u0163iilor interna\u0163ionale din epoca modern\u0103, Universitatea \u201eAl. I. Cuza\u201d Ia\u015fi, Curs pentru I.D.<\/p><\/div>\n\t\t\t\t\t<\/div><div class=\"eael-accordion-list\">\n\t\t\t\t\t<div id=\"studii-i-articole-\" class=\"elementor-tab-title eael-accordion-header\" tabindex=\"0\" data-tab=\"5\" aria-controls=\"elementor-tab-content-1635\"><span class=\"eael-advanced-accordion-icon-closed\"><svg aria-hidden=\"true\" class=\"fa-accordion-icon e-font-icon-svg e-fas-plus\" viewBox=\"0 0 448 512\" xmlns=\"http:\/\/www.w3.org\/2000\/svg\"><path d=\"M416 208H272V64c0-17.67-14.33-32-32-32h-32c-17.67 0-32 14.33-32 32v144H32c-17.67 0-32 14.33-32 32v32c0 17.67 14.33 32 32 32h144v144c0 17.67 14.33 32 32 32h32c17.67 0 32-14.33 32-32V304h144c17.67 0 32-14.33 32-32v-32c0-17.67-14.33-32-32-32z\"><\/path><\/svg><\/span><span class=\"eael-advanced-accordion-icon-opened\"><svg aria-hidden=\"true\" class=\"fa-accordion-icon e-font-icon-svg e-fas-minus\" viewBox=\"0 0 448 512\" xmlns=\"http:\/\/www.w3.org\/2000\/svg\"><path d=\"M416 208H32c-17.67 0-32 14.33-32 32v32c0 17.67 14.33 32 32 32h384c17.67 0 32-14.33 32-32v-32c0-17.67-14.33-32-32-32z\"><\/path><\/svg><\/span><span class=\"eael-accordion-tab-title\">Studii \u015fi articole <\/span><\/div><div id=\"elementor-tab-content-1635\" class=\"eael-accordion-content clearfix\" data-tab=\"5\" aria-labelledby=\"studii-i-articole-\"><p>1978-1979\/ Evolu\u0163ia urbanistic\u0103 a Ia\u015filor la sf\u00e2r\u015fitul secolului al XVIII-lea \u015fi \u00eenceputul secolului al XIX-lea, \u00een \u201eCercet\u0103ri istorice\u201d (Serie nou\u0103), vol. IX-X, Ia\u015fi, pp. 387-401, ISSN 1453-3960.<br \/>1981-1982\/ Un conflict european: \u201er\u0103zboiul Crimeii\u201d (1853-1856), Partea I, \u00een \u201eCercet\u0103ri istorice\u201d, vol. XII-XIII, Ia\u015fi, pp. 403-424, ISSN 1453-3960.<br \/>1996\/ Un conflict european: \u201er\u0103zboiul Crimeii\u201d (1853-1856), Partea a II-a, \u00een \u201eCercet\u0103ri istorice\u201d (Serie Nou\u0103), vol. XVI, Ia\u015fi, pp. 205-229, ISSN 1453-3960.<br \/>1983\/ Geneza \u015fi instituirea garan\u0163iei colective a puterilor semnatare ale Tratatului de la Paris (1856) asupra Principatelor Rom\u00e2ne, Partea I, \u00een \u201eAnuarul Institutului de istorie \u015fi arheologie \u201eA.D. Xenopol\u201d- Ia\u015fi, t. XX, pp. 175-189, ISSN 0074-039x.<br \/>1985\/ Geneza \u015fi instituirea garan\u0163iei colective a puterilor semnatare ale Tratatului de la Paris (1856) asupra Principatelor Rom\u00e2ne, Partea a II-a, \u00een \u201eAnuarul Institutului de istorie \u015fi arheologie \u201eA.D. Xenopol\u201d, t. XXII\/2, pp. 511-522, ISSN 0074-039x.<br \/>1986\/ Interferen\u0163e rom\u00e2no-germane \u00een raporturile politice interna\u0163ionale la 1866, \u00een \u201eAnuarul Institutului de Istorie \u015fi arheologie \u201eA.D. Xenopol\u201d, t. XXIII\/2, pp. 619-638, ISSN 0074-039x.<br \/>1986\/ Drumul spre Independen\u0163\u0103. 1856-1877 (coautor), \u00een Rom\u00e2nii \u00een Istoria universal\u0103, vol. I, Ia\u015fi, pp. 269-300.<br \/>1987\/ Continuitatea spiritului pa\u015foptist \u00een Rom\u00e2nia \u015fi reac\u0163ia for\u0163elor conservatoare europene. Exemplul \u201eguvern\u0103rii radicale\u201d, martie 1867-noiembrie 1868 (coautor), \u00een Rom\u00e2nii \u00een Istoria universal\u0103, vol. II, Ia\u015fi, pp. 409-426.<br \/>1987\/ Rom\u00e2nii \u015fi \u201eConcertul european\u201d (1815-1878), \u00een Rom\u00e2nii \u00een Istoria universal\u0103, vol. II, pp. 249-278.<br \/>1987\/ Rom\u00e2nia \u015fi conflictul franco-german (1870-1871), \u00een \u201eAnuarul Institutului de Istorie \u015fi arheologie\u201d-Ia\u015fi, t. XXIV\/2, pp. 157-180, ISSN 0074-039x.<br \/>1988\/ O conferin\u0163\u0103 diplomatic\u0103 la Bucure\u015fti \u00een anul 1868, \u00een vol. Istorie \u015fi civiliza\u0163ie. Profesorului C. Cihodaru la a 80-a aniversare, Ia\u015fi, Ed. Universit\u0103\u0163ii \u201eAl. I. Cuza\u201d, pp. 241-251.<br \/>1993\/ Revolu\u0163ia francez\u0103 \u015fi \u201esecolul na\u0163ionalit\u0103\u0163ilor\u201d, \u00een \u201eAnuarul Institutului de istorie \u201eA.D. Xenopol\u201d, t. XXX, pp. 317-342, ISSN 0074-039x.<br \/>1994\/ Recunoa\u015fterea interna\u0163ional\u0103 a lui Carol de Hohenzollern-Sigmaringen ca domnitor al Rom\u00e2niei (Principatelor Unite), \u00een vol. Istoria ca lectur\u0103 a lumii. Profesorului Alexandru Zub la \u00eemplinirea v\u00e2rstei de 60 de ani, Ia\u015fi, Biblioteca Funda\u0163iei Academice \u201eA.D. Xenopol\u201d, I, pp. 239-250.<br \/>1994-1995\/ Unirea Principatelor Rom\u00e2ne \u015fi r\u0103zboiul franco-sardo-austriac (1859), \u00een \u201eAnalele \u015etiin\u0163ifice ale Universit\u0103\u0163ii \u201eAl. I. Cuza\u201d (Serie Nou\u0103), Istorie, t. XL-XLI, pp. 53-65, ISSN 1221-843x.<br \/>1994-1995\/ La souverainet\u00e9 de la Roumanie et la \u201equestion juive\u201d. La signification de la conf\u00e9rence diplomatique de Bucarest du 10 Juin 1868, \u00een \u201eAnalele \u015etiin\u0163ifice ale Universit\u0103\u0163ii \u201eAl. I. Cuza\u201d, Istorie, t. XL-XLI, pp. 187-198, ISSN 1221-843x.<br \/>1994-1995\/ Originile liberalismului rom\u00e2nesc. Repere istoriografice, \u00een \u201eAnalele \u015etiin\u0163ifice ale Universit\u0103\u0163ii \u201eAl. I. Cuza\u201d, Istorie, t. XL-XLI, pp. 131-156, ISSN 1221-843x.<br \/>1996\/ Geneza liberalismului la rom\u00e2ni. O evaluare din\u00a0 perspectiva devenirii raportului stat-societate, Partea I, \u00een \u201eArhivele Moldovei\u201d, t. I-II, Ia\u015fi, pp. 64-71.<br \/>1996\/ Geneza liberalismului la rom\u00e2ni. O evaluare din perspectiva devenirii raportului stat-societate, Partea a II-a, \u00een \u201eArhivele Moldovei\u201d, t. I-II, Ia\u015fi, pp. 77-82.<br \/>1996\/ De la \u201eistoria tratatelor\u201d \u015fi \u201eistoria diplomatic\u0103\u201d la istoria rela\u0163iilor interna\u0163ionale. Impactul surselor documentare, \u00een vol. Itinerarii istoriografice. Profesorului Leonid Boicu la \u00eemplinirea v\u00e2rstei de 65 de ani, Ia\u015fi, Biblioteca Funda\u0163iei Academice \u201eA. D. Xenopol\u201d, II, pp. 25-32.<br \/>1996\/ \u201eC\u0103r\u0163ile colorate\u201d &#8211; surse ale Istoriei rela\u0163iilor interna\u0163ionale, \u00een vol. Itinerarii istoriografice. Profesorului Leonid Boicu la \u00eemplinirea v\u00e2rstei de 65 de ani, Ia\u015fi, Biblioteca Funda\u0163iei Academice \u201eA. D. Xenopol\u201d, II, pp. 33-37.<br \/>1996\/ Liberalism \u015fi cauz\u0103 na\u0163ional\u0103 la pa\u015fopti\u015ftii rom\u00e2ni, \u00een \u201eAnalele \u015etiin\u0163ifice de Istorie\u201d (\u201eCodrul Cosminului\u201d), Serie Nou\u0103, nr.2\/12, Universitatea \u201e\u015etefan cel Mare\u201d &#8211; Suceava, pp. 186-200.<br \/>1996\/ Un capitol aparte al documentaristicii moderne: editarea \u201emarilor colec\u0163ii\u201d de tratate interna\u0163ionale (secolele XVII-XVIII), \u00een \u201eAnuarul Institutului de Istorie \u201eA.D. Xenopol\u201d &#8211; Ia\u015fi\u201d, t. XXXIII, pp. 303-318, ISSN 0074-039x.<br \/>1996-1998\/ Istorie \u015fi politic\u0103: editarea \u201ecolec\u0163iilor\u201d de documente diplomatice germane \u015fi franceze relative la originile primului r\u0103zboi mondial, \u00een \u201eAnalele \u015etiin\u0163ifice ale Universit\u0103\u0163ii \u201eAl. I. Cuza\u201d, Istorie, t. XLII-XLIV, pp. 67-86, ISSN 1221-843x.<br \/>1996-1997\/ Premisele externe ale abdic\u0103rii lui Cuza-Vod\u0103, \u00een \u201eMuzeul Na\u0163ional\u201d, vol. IX, Bucure\u015fti, pp. 47-79.<br \/>1997\/ Problema na\u0163iunii-inciden\u0163e conceptuale \u015fi metodologice, \u00een \u201eXenopoliana\u201d (sub red. Al.Zub), Revista Funda\u0163iei Academice \u201eA.D.Xenopol\u201d, Ia\u015fi, V, p. 12-24, ISSN 1223-9941.<br \/>1997-1998\/ Rom\u00e2nia \u015fi crizele din sud-estul Europei (1878-1913), \u00een \u201eAnalele \u015etiin\u0163ifice de Istorie\u201d (\u201eCodrul Cosminului\u201d), Serie Nou\u0103, nr. 3-4\/13-14, Universitatea \u201e\u015etefan cel Mare\u201d &#8211; Suceava, pp. 145-153.<br \/>1997\/ Rom\u00e2nia \u015fi Alian\u0163a celor trei \u00eemp\u0103ra\u0163i (1872-1875), \u00een vol. Rom\u00e2nia \u015fi Civiliza\u0163ia Occidental\u0103\/Romania and the Western Civilization, Ia\u015fi, Centrul de Studii Rom\u00e2ne\u015fti\/The Society for Romanian Studies \u2013 U.S.A., Ia\u015fi, pp. 221-234.<br \/>1997\/ Studiul rela\u0163iilor externe ale Rom\u00e2niei moderne. Repere metodologice, \u00een vol. Concepte \u015fi metodologii \u00een studiul rela\u0163iilor interna\u0163ionale (coord. Mihai Timofte), Ia\u015fi, pp. 88-93.<br \/>1997\/ Arhitectura liberal\u0103 a Rom\u00e2niei moderne, \u00een vol. Na\u0163ional \u015fi social \u00een istoria rom\u00e2nilor, Ed. Universit\u0103\u0163ii \u201eAl. I. Cuza\u201d, Ia\u015fi, pp. 331-334, ISSN 1221-843x.<br \/>1998\/ Mistificare sau ideologizare? C\u00e2teva reflec\u0163ii \u00een orizontul istoriei politice, \u00een \u201eXenopoliana\u201d (sub red. \u201eAl. Zub\u201d), Revista Funda\u0163iei Academice \u201eA.D. Xenopol\u201d, vol. VI, 3-4, Ia\u015fi, pp. 49-57 \u015fi \u00een \u201eXenopoliana\u201d&#8230;, vol. VII, 1-2, Ia\u015fi, 1999, pp. 196-203; ISSN 1223-9941.<br \/>1998\/ 1856-1878: Turcia &#8211; putere garant\u0103?, \u00een \u201eCercet\u0103ri istorice\u201d (serie nou\u0103), t. XVII\/2, pp. 155-165, ISSN 1453-3960.<br \/>1999\/ Independen\u0163a Rom\u00e2niei \u015fi Concertul European (1875-1878), \u00een \u201eMuzeul Na\u0163ional\u201d, t. XI, pp. 272-294.<br \/>2000\/ Independen\u0163a Rom\u00e2niei \u015fi modernizarea institu\u0163iilor rom\u00e2ne\u015fti, \u00een Istoria Partidului Na\u021bional Liberal, (coord. \u015e.R\u0103dulescu-Zoner), Bucure\u015fti, BIC ALL,\u00a0 pp. 53-110, ISBN 973- 571-303-9.<br \/>2002\/ Rom\u00e2nii \u015fi Napoleon al III-lea. Momentul 1873, \u00een vol. In Honorem. Ioan Capro\u015fu, Ia\u015fi, Ed.\u201ePolirom\u201d, pp.452-465, ISBN 973-683-937-0.<br \/>1998-2001\/ Din activitatea diplomatic\u0103 a lui P.P.Carp: \u00centrevederea cu Otto von Bismarck de la Berlin din mai 1871, \u00een \u201eIoan Neculce\u201d, Buletinul Muzeului de Istorie a Moldovei (serie nou\u0103), t. IV-VII, Ia\u015fi, pp. 217-222, ISSN 1454-0754.<br \/>2000\/ Preludiile concertului european (I). Tenta\u0163ia p\u0103cii generale, \u00een \u201eAnuarul Institutului de Istorie \u201eA.D. Xenopol\u201d &#8211; Ia\u015fi, t. XXXVII, pp. 249-270, ISSN 0074-039x.<br \/>2002-2003\/ Preludiile concertului european (II). Coali\u0163ia antinapoleonian\u0103 \u015fi medierea austriac\u0103 (1812-1813), \u00een \u201eAnuarul Institutului de Istorie \u201eA.D. Xenopol\u201d &#8211; Ia\u015fi, Tom. XXXIX-XL, pp. 383- 408, ISSN 0074-039x.<br \/>1999-2001\/ Preludiile concertului european (III). De la coali\u0163ia antinapoleonian\u0103 la marea alian\u0163\u0103, \u00een \u201eCercet\u0103ri istorice\u201d (serie nou\u0103), t. XVIII-XX, Ia\u015fi, pp. 321-357, ISSN 1453-3960.<br \/>1998-1999\/ 1870-1871. Rom\u00e2nii \u015fi \u201esincopa Europei franceze\u201d, \u00een \u201eAnalele \u015etiin\u0163ifice ale Universit\u0103\u0163ii \u201eAl. I. Cuza\u201d &#8211; Ia\u015fi (serie nou\u0103), t. XLIV-XLV, ISSN 1221-843x \u015fi \u00een vol. Fran\u0163a, model cultural \u015fi politic (ed. Al. Zub, D. Iv\u0103nescu), Ia\u015fi, Junimea, 2003, pp. 251-264.<br \/>2001\/ Summit-ul de la Londra din iunie 1814: celebra\u0163ie a victoriei alia\u0163ilor contra lui Napoleon sau impas \u00een procesul \u201cp\u0103cii generale\u201d?, \u00een \u201eCarpica\u201d, Documentis \u2013 Ia\u015fi, pp. 197-207, ISSN 1013-41-82.<br \/>2000-2001\/ Strategii \u015fi tactici de \u201emare politic\u0103\u201d la 1814, \u00een perspectiva Congresului de la Viena (P. I), \u00een vol. Istorie \u015fi con\u015ftiin\u0163\u0103. Profesorului Ion Agrigoroaiei la a 65-a aniversare, Supliment la \u201eAnalele \u015etiin\u0163ifice ale Universit\u0103\u0163ii \u201eAl. I. Cuza\u201d &#8211; Ia\u015fi (Serie nou\u0103), t. XLVI-XLVII, pp. 60-87, ISSN 1221-843x.<br \/>2000-2001\/ Strategii \u015fi tactici de \u201emare politic\u0103\u201d, la 1814, \u00een perspectiva Congresului de la Viena (P. II), \u00een \u201eAnalele \u015etiin\u0163ifice ale Universit\u0103\u0163ii \u201eAl. I. Cuza\u201d &#8211; Ia\u015fi (Serie nou\u0103), t. XLVI-XLVII, pp. 101-130, ISSN 1221-843x.<br \/>2002\/ Congresul de la Viena \u015fi \u201eordinea european\u0103\u201d. Preliminarii la o nou\u0103 abordare istoriografic\u0103, \u00een vol. Globalism \u015fi dileme identitare. Perspective rom\u00e2ne\u015fti (ed. Al. Zub \u015f.a.), Ia\u015fi, Editura Universit\u0103\u0163ii \u201eAl. I. Cuza\u201d &#8211; Ia\u015fi, pp. 235-255, ISBN 9743-8243-40-8.<br \/>2001\/ Tentativa ruso-britanic\u0103 de la 1804-1805 \u00een problema \u201ep\u0103cii generale\u201d. Preludiu al concertului european, \u00een vol. Istoria \u2013 o medita\u0163ie asupra trecutului. Profesorului Vasile Cristian la a 65-a aniversare, (coord. Gh. Cliveti \u015fi a.), Ia\u015fi, pp. 185-197, ISBN 973-85301-1-3.\u00a0\u00a0<br \/>2001\/ Rom\u00e2nia modern\u0103 \u00een rela\u0163iile interna\u0163ionale: perspectiva faptului na\u0163ional, \u00een \u201eAnuarul Institutului de Istorie \u201eA.D. Xenopol\u201d &#8211; Ia\u015fi, t. XXXVIII, pp. 17-20, ISSN 0074-039x.<br \/>2001\/ \u201eChestiunea rom\u00e2n\u0103\u201d \u2013 perspectiva \u201emarii politici\u201d, \u00een \u201eAnuarul Institutului de Istorie \u201eA.D. Xenopol\u201d &#8211; Ia\u015fi, t. XXXVIII, pp. 268-370, ISSN 0074-039x.<br \/>2002-2003\/ Cu privire la aranjamentul politico-teritorial european din 1814-1815: o nou\u0103 evaluare a textului \u015fi a principalelor deliber\u0103ri ale Congresului de la Viena, \u00een \u201eIoan Neculce\u201d, Buletinul Muzeului de Istorie a Moldovei (serie nou\u0103), VIII-IX, Ia\u015fi, pp. 35-48, ISSN 1454-0754.<br \/>2002-2003\/ De ce Act Final \u015fi nu Tratat general la Congresul de la Viena, \u00een 9 iunie 1815?, \u00een \u201eAnalele \u015etiin\u0163ifice ale Universit\u0103\u0163ii &lt;&lt;Al.I.Cuza&gt;&gt; din Ia\u015fi\u201d, Istorie, pp. 5-19, XLVIII-XLIX, ISSN 1221-843x.<br \/>2002-2003\/ Problema deschiderii formale a Congresului de la Viena. \u201eConferin\u0163ele\u2026 de la Metternich\u201d \u00een septembrie-octombrie 1814, \u00een \u201eCercet\u0103ri istorice\u201d (Serie nou\u0103), XX-XXII, Ia\u015fi (sub tipar, 27 p. tehnored.).<br \/>2004\/ Aranjamentul politico-teritorial european de la 1814-1815. Problema garan\u0163iei generale, \u00een \u201eAnuarul Institutului de Istorie &lt;&lt;A.D. Xenopol&gt;&gt;, XLI, 2004, p. 247-262, ISSN 0074-039x.<br \/>2004\/ The Concert of Great Powers in 1819-1820: the Intervention against the Danger of Revolution, and the Relevance of two Political Europes, \u00een vol. East-Central Europe and the Great Powers Politics (19th-20th Centuries), ed. by Veniamin Ciobanu, Ia\u015fi, Junimea, pp. 50-92, ISBN 973-37-0167x.<br \/>2004\/ Pozi\u0163iile marilor puteri fa\u0163\u0103 de revolu\u0163iile rom\u00e2ne \u015fi greac\u0103 la 1821 (I), \u00een \u201eAnalele \u015ftiin\u0163ifice ale Universit\u0103\u0163ii &lt;&lt;Al.I.Cuza&gt;&gt; din Ia\u015fi\u201d, Istorie, L, pp. 85-110, ISSN 1221-843x.<br \/>2005\/ Pozi\u0163iile marilor puteri fa\u0163\u0103 de revolu\u0163iile rom\u00e2n\u0103 \u015fi greac\u0103 la 1821 (II), \u00een \u201eAnalele \u015ftiin\u0163ifice ale Universit\u0103\u0163ii &lt;&lt;Al.I.Cuza&gt;&gt; din Ia\u015fi\u201d, Ia\u015fi, LI (28 p. tehnored.).<br \/>2005\/ Cu privire la oportunitatea, obiectul \u015fi maniera deliber\u0103rilor Congresului de la Aix-la-Chapelle, din 1818, \u00een \u201eAnuarul Institutului de Istorie &lt;&lt;A.D. Xenopol&gt;&gt;\u201d, XLII, p. 295-320, ISSN 0074-039x.<br \/>2005\/ Istorie social\u0103 \u015fi istorie politic\u0103. Cu privire la liberalismul rom\u00e2nesc, \u00een \u201eXenopoliana\u201d, XIII\/1-4, pp. 229-233, ISSN 1223-9941.<br \/>2005\/ The Concert of Europe \u2013 A Predecessor of the League of Nations?, \u00een La Roumanie et la Grande Guerre, \u00e9dit\u00e9 par Dumitru Iv\u0103nescu et Sorin D. Iv\u0103nescu, Junimea, Ia\u015fi, 2005, pp.279-302, ISBN 973-37-1127-6.<br \/>2006\/ Tratatul din 30 martie 1856, de la Paris. Problema garan\u0163iilor, \u00een vol. Congresul de pace de la Paris (1856). Prefaceri europene. Implica\u0163ii rom\u00e2ne\u015fti (coord. D. Iv\u0103nescu \u015fi D. Vitcu), Junimea, Ia\u015fi, ISBN (10) 973-37-1227-2<br \/>2007\/ Rom\u00e2nia modern\u0103 \u2013 un concept istoriografic, \u00een \u201eAnuarul Institutului de Istorie &lt;&lt;A.D. Xenopol&gt;&gt; Ia\u015fi\u201d, t. XLIII-XLIV, 2006-2007, p. 649-672, ISSN 0074-039x.<br \/>2007\/ Istoria modern\u0103 a rom\u00e2nilor \u00een opera lui Gheorghe Platon, \u00een \u201eAnuarul Institutului de Istorie &lt;&lt;A.D. Xenopol&gt;&gt; Ia\u015fi\u201d, t. XLIII-XLIV, 2006-2007, p. 807-808, ISSN 0074-039x.<br \/>2007\/ O dureroas\u0103 comemorare: Profesorul Vasile Cristian, \u00een \u201eAnuarul Institutului de Istorie &lt;&lt;A.D. Xenopol&gt;&gt; Ia\u015fi\u201d, t. XLIII-XLIV, 2006-2007, p. 799-800, ISSN 0074-039x.<br \/>2007\/ De la dreptul natural \u015fi al gin\u0163ilor la dreptul interna\u0163ional. Comentarii din perspectiva Istoriei tratatelor, \u00een vol. Studii de istorie a rom\u00e2nilor \u015fi a rela\u0163iilor interna\u0163ionale. In Honorem. Ioan Ciuperc\u0103, (editori: Lucian Leu\u015ftean, Petronel Zahariuc, Dan Constantin M\u00e2\u0163\u0103), Ia\u015fi, Ed. Univ. \u201eAl. I. Cuza\u201d Ia\u015fi, 2007, p. 539-572, ISBN 978-973-703-287-4.<br \/>2007\/ Le trait\u00e9 de Paris de 30 mars 1856: le probl\u00e8me des garanties, \u00een \u201eRevue Roumaine d\u2019Histoire\u201d, t. XLV, 2006, No. 1-4, p. 165-174, ISSN 0556-8072.<br \/>2007\/ Rela\u0163iile interna\u0163ionale. Concep\u0163ii istoriografice, \u00een \u201ePrelegeri academice\u201d, vol. VI, nr. 6, Ia\u015fi, 2007, p. 39-62.<br \/>2007\/ Ordinea european\u0103 de la 1815 \u015fi \u201eproiectele mirifice\u201d ale \u00eemp\u0103ratului Alexandru I de reunire a Bisericilor \u015fi de dezarmare general\u0103, \u00een vol. Biseric\u0103, Stat, Societate. In Honorem Nicolae Boc\u015fan, Cluj-Napoca, Presa Universitar\u0103 Clujean\u0103, 2007, p. 649-658.<br \/>2007\/ Prefa\u0163\u0103 la Octav Teio\u015fanu, Monografia laconic\u0103 a localit\u0103\u0163ii Darabani, Boto\u015fani, Ed. Tipo-And, 2007, p. 15-17, ISBN 978-973-88537-1-3.<br \/>2008\/ L\u2019Ind\u00e9pendance de la Roumanie et la d\u00e9fection du concert europ\u00e9en, \u00een \u201eRevue Roumaine d\u2019Histoire\u201d, XLVII\/1-2 janvier-juin, Bucure\u015fti.<br \/>2008\/ Rom\u00e2nii la moartea lui Cuza-Vod\u0103 \u015fi la cea a lui Napoleon al III-lea, \u00een 1873, \u00een vol. Posteritatea lui Alexandru Ioan Cuza (coord. Oltea R\u00e2\u015fcanu-Gramaticu), B\u00e2rlad, \u201eSfera\u201d, 2008, p. 93-102, ISBN 978-973-1771-45-8.<br \/>2008\/ Istoria rela\u0163iilor interna\u0163ionale \u2013 rigorile metodei \u015fi tenta\u0163ia teoriei, \u00een vol. Istorie \u015fi contemporaneitate. Profesorului Ion Solcanu la a 65-a aniversare (coord. Mihai Iacobescu), Ia\u015fi, Junimea, 2008, p. 185-206, ISBN 978-973-37-1308-1.<br \/>2008\/ Istoria diplomatic\u0103. \u201e\u015ecoala anglo-american\u0103\u201d, \u00een \u201eRevista rom\u00e2no-american\u0103\u201d (seria a II-a), XVI-XVIII\/iulie-decembrie 2008, Bucure\u015fti, p. 102-109, ISSN 1454-1460.<br \/>2009\/ Unirea Principatelor Rom\u00e2ne \u015fi Concertul European, \u00een \u201cAnuarul Institutului de Istorie &lt;&lt;A.D. Xenopol&gt;&gt;, Ia\u015fi, t. XLVI, p. 7-17; ISBN 0074-039X.<br \/>2009\/ Omul de stat \u015fi rela\u0163iile interna\u0163ionale. Istorie \u015fi teorie, \u00een vol. Prin labirintul istoriei. Stat, societate \u015fi individ \u00een perioada construc\u0163iei na\u0163ionale (coord. Dumitru Vitcu), Ia\u015fi, Editura Junimea, p.11-40, ISBN 978-973-37-1392-0.<br \/>2009\/ Prefa\u0163\u0103 la vol. Vasile Russu. Studii de istorie modern\u0103, Bac\u0103u, Editura Casei Corpului Didactic, p. 3-4, ISBN 978-973-8928-51-0.<br \/>2009\/ La magnificence intelectuelle, \u00een vol. Historia sub specie aeternitatis. In honorem magistri Alexandru Zub, Editura Academiei Rom\u00e2ne, p. 78-89, ISBN 978-973-1871-47-9.<br \/>2009\/ Prefa\u0163\u0103 la Lumini\u0163a Moscalu, Cotidian \u015fi mentalit\u0103\u0163i \u00een Piatra- Neam\u0163 (1864-1914. Studiu de antropologie istoric\u0103, Ia\u015fi, Timpul, p. 5-7, ISBN 978-973-612-363-4\u00a0<br \/>2009\/ L\u2019Union des Principaut\u00e9s Roumaines et la France au pupitre du concert europ\u00e9en, \u00een \u201eRevue Roumaine d\u2019Histoire\u201d, XLIX, 2009\/1-2 janvier-juin, Bucure\u015fti (21 p.; volum \u00een curs de apari\u0163ie).<br \/>2009\/ Rom\u00e2nii \u015fi ordinea european\u0103 din 1815, \u00een \u201eAcademica\u201d, Bucure\u015fti, Editura Academiei Rom\u00e2ne (23 p., volum \u00een curs de apari\u0163ie).<br \/>2009\/ \u201cTimpuri moderne &#8230;, timpuri contemporane\u201d. C\u00e2teva note pe marginea volumului IX (Unificatorii) al Istoriei Rom\u00e2nilor, de Nicolae Iorga, \u00een vol. To\u0163i \u00een unu. Unirea Principatelor la 150 de ani (coord. D. Iv\u0103nescu, D. Vitcu), Ia\u015fi, Junimea, p. 131-142, ISBN 978-973-37-1427-9.<br \/>2009\/ Omul de stat \u015fi rela\u0163iile interna\u0163ionale. Istorie \u015fi teorie, \u00een vol. Prin labirintul istoric. Stat, societatea \u015fi individ \u00een perioada construc\u0163iei na\u0163ionale (coord. D. Vitcu), Ia\u015fi, Junimea, p. 11-40, ISBN 978-973-37-1392-0.<br \/>2009\/ Factorii geografici \u015fi condi\u0163iile demografice \u00een rela\u0163iile interna\u0163ionale. Concep\u0163ia renouvinian\u0103 la un bilan\u0163 semicentenar, \u00een vol. Pe urmele trecutului. Profesorului Nicolae Edroiu la 70 de ani (coord. Susana Andea, Ioan Aurel Pop), Cluj-Napoca, Academia Rom\u00e2n\u0103. Centrul de Studii Transilvane, p. 603-614, ISBN 978-973-7784-47-6.<br \/>2009\/ Alexandru Zub la a 75-a aniversare, \u00een \u201cAnalele \u015etiin\u0163ifice ale Universit\u0103\u0163ii &lt;&lt;Al. I. Cuza&gt;&gt; din Ia\u015fi\u201d (Serie Nou\u0103), Istorie, Tom LIV-LV, 2008-2009, p. 512-522, ISSN 1221-843X.\u00a0<br \/>2010\/ Suveranitate \u015fi \u201ctitluri princiare\u201d \u00een raporturile interstatale moderne, \u00een vol. Slujind-o pe Clio. In honorem Dumitru Vitcu (coord. M. Iacobescu, Gh. Cliveti, Dinu Balan), Ia\u015fi, Junimea, p. 670-682, ISBN 978-973-37-1435-5.<br \/>2010\/ Distinc\u0163ia \u00eemplinirii profesionale, \u00een vol. Slujind-o pe Clio. In honorem Dumitru Vitcu, Ia\u015fi, Junimea, 2010, p. 22-23, ISBN 978-973-37-1435-5.<br \/>2010\/ Prefa\u0163\u0103 la Doina Calistru, Liberalismul francez \u015fi \u00eenceputurile constitu\u0163ionalismului rom\u00e2nesc, Ia\u015fi, Vasiliana-98, p. 5-7.<br \/>2010\/ Prefa\u0163\u0103 la Doru Parascan, Valentina Parascan, Documente privind or-ganizarea sistemului sanitar tecucean, vol. II, Ia\u015fi, Editura \u201cGr. T. Popa\u201d UMF, p. 3-4.<br \/>2010\/ Programe de studii. \u015ecoli \u015ftiin\u0163ifice (colab.), \u00een vol. Istoria Universit\u0103\u0163ii din Ia\u015fi (coord. Gh. Iacob, Al.Florin Platon), Ia\u015fi, Editura Universit\u0103\u0163ii \u201cAl. I. Cuza\u201d, p. 229-244, ISBN 978-973-703-598-8.<br \/>2010\/ Tema na\u0163iunii \u00een studiul rela\u0163iilor interna\u0163ionale, \u00een vol. C\u0103l\u0103tor prin istorie. Omagiu Profesorului Liviu Maior (coord. Ioan Aurel Pop, Ioan Bolovan), Cluj-Napoca, Academia Rom\u00e2n\u0103. Centrul de Studii Transilvane, p. 571-584, ISBN 978-973-7784-50-6.\u00a0\u00a0<br \/>2011\/ Rom\u00e2nii \u015fi ordinea european\u0103 de la 1815, \u00een \u201cAcademia Rom\u00e2n\u0103. Memoriile Sec\u0163iei de \u015etiin\u0163e Istorice \u015fi Arheologie\u201d, Seria IV, Tomul XXXIII, 2008-2009, p. 107-131, ISSN 1224-1814.<br \/>2011\/ Tema revolu\u0163iei de la 1848 din perspectiva sintezei de istorie na\u0163ional\u0103, \u00een vol. Alexandru Ioan Cuza \u015fi demnitatea na\u0163ional\u0103 (coord. Oltea R\u00e2\u015fcanu-Gr\u0103m\u0103ticu), B\u00e2rlad, 2011, p. 23-58, ISBN 978-606-573-080-9.<br \/>2011\/ Istoria diplomatic\u0103 \u015fi istoria diploma\u0163iei. Similitudini \u015fi delimit\u0103ri disciplinare, \u00een vol. Diploma\u0163ie \u015fi destine diplomatice \u00een lumea rom\u00e2neasc\u0103 (coord. Paul Nistor, Adrian-Bogdan Ceobanu), T\u00e2rgovi\u015fte, Editura Cetatea de Scaun, p.9-33, ISBN 978-606-537-074-6.\u00a0 <br \/>2011\/ Cuv\u00e2nt \u00eenainte (colab.), \u00een vol. Cultur\u0103, politic\u0103 \u015fi societate \u00een timpul domniei lui Carol I. 130 de ani de la proclamarea Regatului Rom\u00e2niei (coord. Gh. Cliveti, Adrian-Bogdan Ceobanu, Ionu\u0163 Nistor), Ia\u015fi, Casa Editorial\u0103 \u201cDemiurg\u201d, p. 7, ISBN 978-973-152-224-1.<br \/>2011\/ Anii 1866 \u015fi 1881 la rom\u00e2ni. Note istoriografice, \u00een vol. Cultur\u0103, politic\u0103 \u015fi societate \u00een timpul domniei lui Carol I. 130 de ani de la proclamarea Regatului Rom\u00e2niei (coord. Gh. Cliveti, Adrian-Bogdan Ceobanu, Ionu\u0163 Nistor), Ia\u015fi, Casa Editorial\u0103 \u201cDemiurg\u201d, p. 9-19, ISBN 978-973-152-224-1.<br \/>2011\/ La Politique Ext\u00e9rieure de Napol\u00e9on III (coord. G. Leanca), Paris, L\u2019Harmattan, 2011, 226 p. (Cap. La politique renane de Napol\u00e9on III et la candidature Hohenzollern au tr\u00f4ne de Roumanie,\u00a0 p. 55-73), ISBN 978-2-296-55542-6.<br \/>2011\/ Cuv\u00e2nt c\u0103tre cititori, la Gheorghe Baciu, Schitul Orgoe\u015ftii Noi (1792-1860), Ia\u015fi, Editura \u201cPonfilius\u201d, p. VII-VIII, ISBN 978-973-1949-68-0.<br \/>2011\/ Istorici \u015fi istorici literari despre Revolu\u0163ia rom\u00e2n\u0103 de la 1848 (I), \u00een \u201cDacia Literar\u0103\u201d, (serie nou\u0103), Anul XXII, nr. 97\/4, Ia\u015fi, p. 15-26, ISSN 1220-6322 (ISSN Electronic 1584-2657).<br \/>2011\/ Istorici \u015fi istorici literari despre Revolu\u0163ia rom\u00e2n\u0103 de la 1848 (II), \u00een \u201cDacia Literar\u0103\u201d, (serie nou\u0103), Anul XXII, nr. 97\/5, Ia\u015fi, p. 38-49, ISSN 1220-7322 (ISSN Electronic 1584-2657).<br \/>2011\/ Sur les \u00e9v\u00e9nements de mars 1848 \u00e0 Ia\u015fi. Un nouveau recours au texte documentaire, \u00een The Romanian Journal of modern History, vol. II, no. 1, June 2011, pp. 5-24, ISSN 2068-715x.<br \/>2011\/ La politique rh\u00e9nane de Napol\u00e9on III et la candidature Hohenzollern au tr\u00f4ne de la Roumanie, \u00een La Politique Ext\u00e9rieure de Napol\u00e9on III (Gabriel Leanca ed.), Paris, p. 55-73, ISBN 978-2-296-55542-6.<br \/>2011\/ Restaurarea domniilor p\u0103m\u00e2ntene \u00een Principatele Rom\u00e2ne la 1822, \u00een \u201cAnuarul Institutului de Istorie &lt;&lt;A. D. Xenopol&gt;&gt; Ia\u015fi\u201d, tom XLVIII, 25 p.<br \/>2012\/ Principatele Rom\u00e2ne \u2013 de la restaurarea domnilor p\u0103m\u00e2nteni la instituirea de jure a protectoratului rus (1822-1829). Note istoriografice, \u00een In honorem Alexandru Mo\u015fanu: Studii de istorie medieval\u0103, modern\u0103 \u015fi contemporan\u0103 a rom\u00e2nilor, coord: Nicolae Enciu, Cluj-Napoca, Editura Academia Rom\u00e2n\u0103, Centrul de Studii Transilvane, Presa Universitar\u0103 Clujean\u0103, 710 p., ISBN 978-973-7784-78-0, p. 187-215.<br \/>2012\/ Protectorates and International Guaranties \u00een South-Eastern Europe (1774-1878), \u00een \u201cTransylvanian Review\u201d, nr. 4, 14 p. (Supplement: History, Philosophy and Politics 10th-21th Centuries, ed. by Daniel M\u00e2rza, Liona L\u0103p\u0103datu, p. 189-200), ISSN 1221-1249.<br \/>2012\/ Chestiuni politice \u015fi teritoriale la reuniuni preliminare ale Congresului de la Viena, \u00een 1814, \u00een vol. Basarabia dup\u0103 200 de ani, coord. Mihai Baciu \u015fi Silvia Bocancea, Editura Institutului European, Ia\u015fi, p. 317-361, ISBN 978-973-611-915-6<br \/>2012\/ Recunoa\u015fterea interna\u0163ional\u0103 a Independen\u0163ei Rom\u00e2niei. Impactul alian\u0163ei germano-austro-ungare din 1879, \u00een vol. 130 de ani de rela\u0163ii diplomatice germano-rom\u00e2ne (1880-2010), editori Flavius Solomon \u015fi Peter Mario Kreuter, Supliment la Anuarul Institutului de Istorie \u201cA. D. Xenopol\u201d, XLIX, p. 75-90 [ISSN 1221-3705].\u00a0<br \/>2013\/ Principatele Rom\u00e2ne \u00een rela\u0163iile interna\u0163ionale (1828-1848). Note istoriografice, \u00een vol. Crezul istoriei (In memoriam Prof.univ.dr. Mihai Iacobescu), coord. Dumitru Vitcu, \u015etefan Purice, Ia\u015fi, Editura Junimea, p. 195-203 [ISBN 978-973-37-1694-5].<br \/>2013\/ Proclamarea Regatului Rom\u00e2niei; Implica\u0163ii politico-diplomatice, exigen\u0163e constitu\u0163ionale, \u00een vol. In memoriam Florin Constantiniu. Smerenie. Pasiune. Credin\u0163\u0103, coord. Lauren\u0163iu Constantiniu, Bucure\u015fti, Editura Enciclopedic\u0103, p. 161-184 [ISBN 978-973-45-0669-9].<br \/>2013\/ Retorica politicii faptului \u00eemplinit \u015fi exigen\u0163ele tratatului de la Berlin, din 13 iulie 1879, asupra recunoa\u015fterii Independen\u0163ei Rom\u00e2niei, \u00een vol. Retorica politic\u0103 modern\u0103 \u00een spa\u0163iul rom\u00e2nesc. Origini \u015fi forme de manifestare (secolele XVI-XIX), coord. Mihai Cojocariu \u015fi Cristian-Nelu Ploscaru, Ia\u015fi, Editura Universit\u0103\u0163ii \u201cAl. I. Cuza\u201d, p. 135-150.<br \/>2014\/ Timpurile moderne la rom\u00e2ni. Reflec\u0163ii istoriografice \u00een \u201cRevista de Istorie a Moldovei\u201d, Chi\u015fin\u0103u, nr. 4, p. 86-103, ISSN: 1857-2022.<br \/>2014\/ Originile \u015fi responsabilit\u0103\u0163ile Primului R\u0103zboi Mondial la un bilan\u0163 istoriografic centenar, \u00een Anuarul Institutului de Istorie \u201cA. D. Xenopol\u201d, t. LI, p. 193-212, ISSN: 1221-3705.\u00a0<br \/>2014\/ Anexarea Basarabiei de Rusia \u015fi \u201ct\u0103cerea Europei\u201d, \u00een vol. Basarabia. Problem\u0103 na\u0163ional\u0103. Implica\u0163ii interna\u0163ionale, coordonatori Gheorghe Cliveti, Gheorghe Cojocaru, Bucure\u015fti, Editura Academiei Rom\u00e2ne, p. 196-209.<br \/>2014\/ \u201cChestiunea Dun\u0103rii\u201d. Studiu istoriografic \u00een vol. Clio \u00een oglindiri de sine, Academicianului Alexandru Zub. Omagiu, coordonator Gheorghe Cliveti, Ia\u015fi, Editura Universit\u0103\u0163ii \u201cAlexandru Ioan Cuza\u201d, p. 523-547.<br \/>2014\/ Rom\u00e2nia \u015fi Conferin\u0163a de la Londra din 1883, \u00een problema Dun\u0103rii, \u00een vol. Mihai Dim. Sturdza la 80 de ani. Omagiu, editori Mircea Ciubotaru, Lucian-Valeriu Lefter, Ia\u015fi, Editura Universit\u0103\u0163ii \u201cAlexandru Ioan Cuza\u201d, p. 605-658 (ISBN: 978-606-714-055-2).<br \/>2014\/ Mihail Kog\u0103lniceanu \u015fi legitimarea titlurilor suverane ale Rom\u00e2niei \u00een \u201cchestiunea Dun\u0103rii\u201d la 1880, \u00een Zargidava, nr. 13, p. 88-109, ISSN: 1583-1353.<br \/>2014\/ Cuv\u00e2nt \u00eenainte (\u00een colaborare cu Gheorghe Cojocaru), \u00een vol. Basarabia. Problem\u0103 na\u0163ional\u0103. Implica\u0163ii interna\u0163ionale (Materialele Conferin\u0163ei \u015etiin\u0163ifice Interna\u0163ionale, 14-16 mai 2012, Chi\u015fin\u0103u-Ia\u015fi), coordonatori Gheorghe Cliveti, Gheorghe Cojocaru, Bucure\u015fti, Editura Academiei Rom\u00e2ne, p. 9-12.<br \/>2014\/ Alexandru Zub la 80-a aniversare, \u00een Vitraliu (periodic al Centrului Cultural Interna\u0163ional \u201cGeorge Apostu\u201d Bac\u0103u, an XX, nr. 3-4 (43), noiembrie 2014, p. 45-48.<br \/>2014\/ C\u0103tre cititor, \u00een vol. Clio \u00een oglindiri de sine, Academicianului Alexandru Zub. Omagiu, coord. Gheorghe Cliveti, Ia\u015fi, Editura Universit\u0103\u0163ii \u201cAlexandru Ioan Cuza\u201d, p. 9.<br \/>2014\/ C\u0103tre cititor, \u00een Frumoas\u0103 \u00een\u0103l\u0163are de cuvinte, Academicianului Alexandru Zub, volum editat de Gheorghe Cliveti, Ia\u015fi, Editura Pim, p. 7.\u00a0<br \/>2014\/ Originile \u015fi responsabilit\u0103\u0163ile Primului R\u0103zboi Mondial la un bilan\u0163 istoriografic centenar, \u00een \u201cAnuarul Institutului de Istorie &lt;&lt;A. D. Xenopol&gt;&gt; Ia\u015fi\u201d, tom. LI, p. 193-212, ISSN: 1221-3705.<br \/>2015\/ Recunoa\u015fterea extern\u0103 a Independenden\u0163ei \u015fi constituirea Regatului Rom\u00e2niei, \u00een Istoria Rom\u00e2nilor (Tratat), vol. VII, tom II. De la Independen\u0163\u0103 la Marea Unire (coord. Dan Berindei, Gh. Platon, Gh. Cliveti, Gh. Iacob), Bucure\u015fti, Editura Enciclopedic\u0103, pp. 35-90, ISBN: 978-973-45-0687-3.\u00a0 \u00a0<br \/>2015\/ Les origines et les responsabilit\u00e9s de la Premi\u00e8re Guerre Mondiale au moment d\u2019un bilan historiographique centenaire, \u00een \u201cNouvelles \u00e9tudes d\u2019histoire\u201d, XIII, Editura Academiei Rom\u00e2ne (Publi\u00e9es \u00e0 l\u2019occasion du XXIIe Congr\u00e8s International des Sciences Historiques, Jinan, 2015, p. 115-140, ISSN: 1841-5571<br \/>2015\/ Sub semnul diploma\u0163iei de sever\u0103 elegan\u0163\u0103 din \u201cLa Belle Epoque\u201d: premisele \u201csistemului bismarckian de alian\u0163e\u201d, \u00een vol. Diploma\u0163i, societate \u015fi mondenit\u0103\u0163i. Sf\u00e2r\u015fit de \u201cBelle Epoque\u201d \u00een lumea rom\u00e2neasc\u0103, ed. Claudiu-Lucian Topor, Alexandru Istrate, Daniel Cain, Ia\u015fi, Editura Universit\u0103\u0163ii \u201cAl. I. Cuza\u201d, p. 11-49, ISBN: 978-606-714-102-3.<br \/>2015\/ Marile alian\u0163e \u015fi originile Primului R\u0103zboi Mondial, Note istoriografice, \u00een vol. Primul R\u0103zboi Mondial. Perspectiv\u0103 istoric\u0103 \u015fi istoriografic\u0103m coord. Ioan Bolovan, Gheorghe Cojocaru, Oana Mihaela T\u0103ma\u015f, Cluj-Napoca, Academia Rom\u00e2n\u0103 \u2013 Centrul de Studii Transilvane, Presa Universitar\u0103 Clujean\u0103, p. 17-40, ISBN: 978-606-8694-02-3; 978-973-595-855-8.<br \/>2015\/ Revolu\u0163ia rom\u00e2n\u0103 de la 1848-1849. Reflec\u0163ii istoriografice, \u00een vol. Istoria ca datorie (Omagiu academicianului Ioan-Aurel Pop), Cluj-Napoca, Academia Rom\u00e2n\u0103 \u2013 Centrul de Studii Transilvane, p. 215-236. ISBN: 978-973-7784-98-8.\u00a0<br \/>2015\/ Problema na\u021bional\u0103 \u0219i aderarea Rom\u00e2niei la Tripla Alian\u021b\u0103, \u00een vol. Constantin Stere-150 de ani de la na\u0219tere, Ia\u0219i, Editura Universit\u0103\u021bii \u201eAlexandru\u00a0 Ioan Cuza\u201d, (42 pag.).<br \/>2015\/ \u201eRe\u00eennoirea\u201d din 1892 a tratatelor Rom\u00e2niei cu Puterile Triplei Alian\u021be \u2013 \u00een termen de Realpolitik \u0219i \u00een cod de onoare al oamenilor de stat, \u00een vol. Istoriografia \u00een secolul XXI: noi genera\u021bii, alte abord\u0103ri, coord. Ioan Aurel Pop, Gheorghe Cliveti, Supliment al \u201eAnuarului Institutului de Istorie \u201eA. D. Xenopol\u201d, LII, 2015 , p 165-200, ISSN 1454-6434<br \/>2016\/ Din Preludiile Concertului European: tenta\u021bia \u201ep\u0103cii generale\u201d la 1804-1805, \u00een vol. Orizonturi medievale \u0219i moderne \u00een istoria rom\u00e2nilor. \u00cen onoarea profesorului Demir Dragnev, Chi\u0219in\u0103u, 2016, p. 112- 128<br \/>2016\/\u00a0 \u201ePericolul de r\u0103zboi general\u201d, \u00een 1887-1888, \u0219i sensibilizarea \u201eaderen\u021bei\u201d Rom\u00e2niei la Tripla Alian\u021b\u0103 cu \u201e\u00eenv\u0103\u021b\u0103minte\u201d pentru un moment ca 1914, \u00een vol. Rom\u00e2nia \u0219i statele vecine la \u00eenceputul Primului R\u0103zboi Mondial. Viziuni, percep\u021bii, interpret\u0103ri, coord. Mihai-\u0218tefan Ceau\u0219u, Flavius Solomon, Ia\u0219i, Editura Universit\u0103\u021bii \u201eAlexandru Ioan Cuza\u201d, Ia\u0219i, 2016, p. 13-54, ISBN 978-606-714-291-4<br \/>2016\/ Ra\u021biuni \u201ebismarckiene\u201d asupra urgen\u021bei unui aliniament defensiv germano-austro-ungar, la 1879, \u00een East European Journal of Diplomatic History, no. 2, December 2015, Editura Universit\u0103\u021bii \u201eAl. I. Cuza\u201d Ia\u0219i, p. 31-41, ISSN 2393-0764<br \/>2016 \/ \u201eCriza oriental\u0103\u201d \u0219i implica\u021biile neutralit\u0103\u021bii Rom\u00e2niei (ianuarie-iulie 1876). Note istoriografice \u0219i recurs documentar, \u00een \u201eAnuarul Institutului de Istorie \u201eA. D. Xenopol\u201d, LIII, 2016, p. 179-213.<br \/>2017 \/ Recunoa\u0219terea interna\u021bional\u0103 a Regatului Rom\u00e2niei \u0219i \u00cencoronare Regal\u0103 din 10\/22 mai 1881, \u00een vol. Regalitatea Rom\u00e2n\u0103. Perspective istoriografice (coord. Mihai-\u0218tefan Ceau\u0219u, Liviu Br\u0103tescu, Alexandru Gavri\u0219), Ia\u0219i, Editura Universit\u0103\u021bii \u201eAl. I. Cuza\u201d, p. 63-73; ISBN 978-606-714-415-4<br \/>2018 \/ Unirea rom\u00e2nilor \u2013 for\u021ba identit\u0103\u021bii na\u021bionale, \u00een \u201eRevista de istorie a Moldovei\u201d, 1, 2018, p. 35-39, ISSN 1857-2022<br \/>2018 \/ Leonid Boicu \u0219i fundamentarea studiului istoriei rela\u021biilor interna\u021bionale,\u00a0 \u00een vol. Istoricul \u0219i istoria. Alexandru Boldur \u2212 130 de ani de la na\u0219tere, Leonid Boicu \u2212 85 de ani de la na\u0219tere, coord. Gheorghe Cliveti \u0219i Gheorghe Cojocaru, Ia\u0219i, Editura Junimea, 2018, p. 85-96, ISBN 973-37-2180-2<br \/>2018 \/ S\u0103rb\u0103torile na\u021bionale la rom\u00e2ni, \u00een \u201eVitraliu\u201d, Bac\u0103u, anul XXVI, nr. 48, aprilie 2018, p. 13-17;<br \/>2018\/ Unirea rom\u00e2nilor &#8211; for\u021ba identit\u0103\u021bii na\u021bionale, \u00een: \u201eRevista de Istorie a Moldovei\u201d, nr. 1, 2018, Chi\u0219in\u0103u, p. 35-39, ISSN 1857-2022;<br \/>2018\/Congresul de la Berlin \u0219i problema independen\u021bei Rom\u00e2niei, \u00cen: \u201eReconstituiri istorice. Civiliza\u0163ie, valori, paradigme, personalit\u0103\u0163i: In honorem academician Valeriu Pasat\u201d. Coord.: Gh. Cojocaru, N. Enciu, Biblioteca \u0219tiin\u021bific\u0103. Chisinau, 2018, p. 81-108. ISBN 978-9975-3183-9-6;<br \/>2018\/Unirea rom\u00e2nilor \u00een \u201ecalendarul\u201d Europei Moderne, \u00een: \u201eIstorie si cultura. In honorem academician Andrei E\u0219anu\u201d. Coord.: Gh. Cojocaru, I. Cereteu. Biblioteca \u0219tiin\u021bific\u0103. Chi\u0219in\u0103u, 2018, p. 635-642. ISBN 978-9975-3283-6-4<br \/>2020\/ Diplomacy: from Art to Theory and Practice. Codifications and Historiographical Perspectives, \u00een Adrian Vi\u021balaru, Ionu\u021b Nistor, Adrian-Bogdan Ceobanu (eds.), Romanian Diplomatic Corps (1918-1947): Recruitments, Professional Ways, Intellectual Profiles, Konstanz, Hartung-Gorre Verlag, 2020, p. 13-29, ISBN: 978-3-86628-656-6.<br \/>2020\/\u00a0 The Congress of Berlin and the Issue Concerning the Recognition of Romania\u2019s Independence, \u00een \u201eRevue Roumaine d\u2019Histoire\u201d, LVII, 1-4, Bucarest, 2018 (apari\u021bie 2020), p. 27-58.<br \/>2020\/ Diplomacy: from Art to Theory and Practice. Codifications and Historiographical Perspectives, \u00een Adrian Vi\u021balaru, Ionu\u021b Nistor, Adrian-Bogdan Ceobanu (eds.), Romanian Diplomatic Corps (1918-1947): Recruitments, Professional Ways, Intellectual Profiles, Konstanz, Hartung-Gorre Verlag, 2020, p. 13-29, ISBN: 978-3-86628-656-6.<br \/>2021\/\u00a0 La r\u00e9volution roumaine de 1821. Des notes historiographiques, \u00een \u201eRevue Roumaine d\u2019Histoire\u201d, LI, 1-4, 2021, p. 25-42.<br \/>2021\/ Problema originilor \u0219i responsabilit\u0103\u021bilor Primului R\u0103zboi Mondial \u0219i editarea \u201el\u0103muritoarelor\u201d colec\u021bii de documente diplomatice, \u00een vol. Istoria \u0219i scrisul istoric azi. Op\u021biuni metodologice. Paradigme. Agend\u0103, editori Susana Andea, Adelina Chi\u0219u, Ela Cosma, Iosif Marin Balog, Adrian Crivii, Attila Varga, Cluj-Napoca, 2020 (apari\u021bie 2021), p. 387-392, ISBN 978-606-797-604-5.<br \/>2021\/\u00a0 Revolu\u021bia rom\u00e2n\u0103 \u0219i revolu\u021bia greac\u0103 la 1821. Note istoriografice, \u00een vol. Eteria \u00een Principatele Rom\u00e2ne, coord. Sorin Iftimi, Bucure\u0219ti, UER Press, 2021, p. 12-25, ISBN 978-606-9013-24-3.<br \/>\u00a02021\/ \u201eDubla alegere\u201d a lui Alexandru Ioan Cuza ca domnitor al Principatelor. Note istoriografice \u0219i recurs documentar, \u00een vol. Alexandru Ioan Cuza \u0219i Rom\u00e2nia modern\u0103, coord. Oltea R\u00e2\u0219canu-Gramaticu, Ia\u0219i, PIM, 2020 (apari\u021bie 2021), p. 81-114, ISBN 078-606-13-5443-6.<br \/>2021\/\u00a0 Carol Iancu \u015fi istoria \u201echestiunii evreie\u015fti\u201d din Rom\u00e2nia, \u00een Carol Iancu (coord.), Evreii din H\u00e2rl\u0103u \u0219i \u00eemprejurimi. Istorie \u0219i memorie, Ia\u0219i, Editura \u201eAl. I. Cuza\u201d, 2021, ISBN: 978-606-714-604-2.<br \/>2021\/\u00a0 Revolu\u021bia de la 1821 \u0219i restaurarea domniilor p\u0103m\u00e2ntene \u00een Principatele Rom\u00e2ne \u2013 rezultate ale unor noi cercet\u0103ri istoriografice, \u00een \u201eAcademica\u201d, anul XXXI, 367, nr. 5, mai 2021, p. 62-65.<br \/>2021\/ Nicolae Iorga \u0219i perspectiva erudit-tradi\u021bionalist\u0103 asupra modernit\u0103\u021bii rom\u00e2ne\u0219ti, \u00een vol. Sub semnul datoriei \u0219i al \u00eemplinirii. Studia in honorem Dorina N. Rusu, coordonatori Ioan Bolovan, Ioan-Aurel Pop, Victor Spinei, Bucure\u0219ti, Editura Academiei Rom\u00e2ne, 2021, p. 287-300, ISBN:\u00a0 978-973-27-3427-8.<br \/>2021\/ Alegerea lui Alexandru Ioan Cuza ca domn al Principatelor Unite \u2013 note istoriografice, parcurs documentar, \u00een Elita rom\u00e2neasc\u0103 \u015fi itinerariile modernit\u0103\u0163ii: Omagiu Profesorului Mihai Cojocariu, coord. Cristian Ploscaru, Ia\u0219i, Editura \u201eAl. I. Cuza\u201d, 2021, p. 281-306, ISBN 978-606-714-647-9.<br \/>2022\/ Le printemps de bonne heur de la revolution roumaine de 1848, \u00een Memoriile Sec\u021biei de \u0218tiin\u021be Istorice \u0219i Arheologie a Academiei Rom\u00e2ne, seria V, tomXLI, 2022, p. 23-68, (ISSN 1224 \u2013 1814)<br \/>2022\/ Le congr\u00e8s de Berlin et l\u2019ind\u00e9pendance de la roumanie, \u00een \u201eRevue Roumaine d\u2019Histoire\u201d, Volume LXI, No. 1-4, 2022, p. 33 &#8211; 63, ISSN 0556-8072<br \/>2022\/ Lupt\u0103 literar\u0103 \u0219i nou ideal na\u021bional \u00een iorghiene articole de la \u201eS\u0103m\u0103n\u0103torul\u201d,\u00een Anuarul Institutului de Istorie A. D. Xenopol, Tomul LIX, 2022, p. 317-340, AIIX print ISSN: 1221-3705, AIIX online ISSN 2457-614X\u00a0<br \/>2022\/ UNION OF THE ROMANIAN PRINCIPALITIES AND THE COLLECTIVE GUARANTEE OF THE EUROPEAN POWERS, Annals of the Academy of Romanian Scientists, Series on History and Archaeology, Volume 14, Number 1-2\/2022, p. 15-37, ISSN 2067-5682<br \/>2023\/ 9 \u0219i 10 mai \u2013 zilele independen\u021bei Rom\u00e2niei, Cultur\u0103 \u0219i Civiliza\u0163ie Rom\u00e2neasc\u0103 \u00een Maramure\u015f, vol. XIII, Simpozionul Na\u0163ional de la S\u0103li\u015ftea de Sus, Edi\u0163ia a XIV-a, august 2022, Coordonator prof. Simion Iuga, Editura RISOPRINT, Cluj -Napoca 2023, pag. 14 \u2013 33, (ISSN 2247 \u2013 2258)<br \/>2023\/ Rom\u00e2nism \u0219i nou na\u021bionalism \u00een iorghiene cuvinte adev\u0103rate, la \u00eenceput de secol XX, elite, societate \u0219i putere, \u00een Elite, Societate \u0219i Putere, Secolele XVI-XX, coordonator Sorin Liviu Damean, pag, 187 \u2013 229, ISBN 978-606-14-1953-1, ISBN 978-606-37-1893-9;<br \/>2023\/ Doua sinteze semnificative de istoria romanilor \u201edestinate str\u0103in\u0103t\u0103\u021bii\u201d, acum mai bine de un secol, revista \u201eAnalele Bucovinei\u201d, anul XXX, nr. 1 (60), 2023, pp. 235-264 (Bucuresti, Editura Academiei Romane, ISSN 1221 &#8211; 9975)<br \/>2023\/ Romania and the London conference in 1883, on the Danube question, \u00een Anuarul Institutului de Istorie A. D. Xenopol, Tomul LX, 2023, p. sub tipar, ISSN: 1221-3705<br \/>2023\/ Art\u0103, societate \u0219i memorial, \u00een vol. vol. Art\u0103, \u0219coal\u0103 \u0219i politic\u0103 na\u021bional\u0103. Prinos \u00eenchinat profesorului Ion I. Solcanu la \u00eemplinirea a 80 de ani,\u00a0 Petronel Zahariuc \u015fi Adrian-Bogdan Ceobanu (editori), Editura Universit\u0103\u021bii \u201eAlexandru Ioan Cuza\u201d din Ia\u0219i, 2023, p. ISBN:978-606-714-811-4<br \/>2023\/ Napoleon al III-lea \u0219i Alexandru Ioan Cuza \u00eentr-o parc\u0103 lucrare de destin \u0219i prin moarte,\u00a0 \u00een vol. Alexandru Ioan Cuza \u2013 150 de ani de la moarte, coord. Aurica Ichim \u0219i Alexandru Gorea, editura Dar Development Publishing, Bucure\u0219ti, 2023, pag. 21 \u2013 28, ISBN: 978-3-948670-80-1\u00a0<br \/>2023\/ Istorie \u0219i istorie literar\u0103 \u00een viziuni iorghiene de istorie cultural\u0103, la \u00eenceput de secol XX (IV), \u201eConvorbiri literare\u201d, ianuarie 2023, nr. 1 (325), p. 26-31, ISSN 0010-8243<br \/>2023\/ Critica modernit\u0103\u021bii rom\u00e2ne\u0219ti de secol XIX \u0219i enun\u021bul \u201enoului na\u021bionalism\u201d, \u00een iorghiene cuvinte adev\u0103rate, \u201eConvorbiri literare\u201d, martie 2023, nr. 3 (327), p. 38-46, ISSN 0010-8243<br \/>2023\/ Bucovinismul\u201d inadecvat noului na\u021bionalism \u00een iorghian \u201etablou cultural\u201d, la \u00eenceput de secol XX, \u201eConvorbiri literare\u201d, mai 2023, nr. 5 (329), p. 28-32, ISSN 0010-8243<br \/>2023\/ Un istoric de exemplar\u0103 \u0163inut\u0103 intelectual\u0103, \u00een \u201eScriptor\u201d, anul IX, nr. 1-2(97-98), ianuarie &#8211; februarie 2023, p. 62-65, ISSN 2393-0888<br \/>2023\/ Istorie politic\u0103 \u015fi istorie cultural\u0103 \u00een viziuni de mari sinteze, la A.D. Xenopol \u015fi N. Iorga, \u00een \u201eScriptor\u201d, anul IX, nr. 3-4 (99-100), martie-aprilie 2023, p. 73-76, ISSN 2393-0888<br \/>2023\/ \u201eChestiunea evreiasc\u0103\u201d \u00een iorghian \u201etablou cultural\u201d de colorit na\u0163ionalist, la \u00eenceput de secol XX, \u00een \u201eScriptor\u201d, anul IX, nr. 5-6 (101-102), mai-iunie 2023, p. 92-96, ISSN 2393-0888<br \/>2023\/ Despre \u00eenalt\u0103 medievistic\u0103, scrut\u00e2nd istoriografic modernitatea,, \u00een \u201eScriptor\u201d, anul IX, nr. 7-8 (103-104), iulie-august 2023, p. 30-34, ISSN 2393-0888<br \/>2023\/ Gheorghe CLIVETI, Europa modern\u0103 \u00een orizontul ideilor, \u00een \u201eScriptor\u201d, anul IX, nr. 9-10 (105-106), septembrie-octombrie 2023, p. 21-25, ISSN 2393-0888;<br \/>2023\/ The Danube Internationalization File Until 1878, \u00een \u201eRevue Roumaine d\u2019Histoire\u201d, Volume LXII, No. 1-4, 2023, p. 35 &#8211; 86, ISSN 0556-8072;<br \/>2023\/ Romania and the Danube Question (1856\u20131883). Historiographical notes, \u00een \u201cAcademia Rom\u00e2n\u0103. Memoriile Sec\u0163iei de \u015etiin\u0163e Istorice \u015fi Arheologie\u201d, SERIA V, Tomul XLII, 2023, p. 175 -188, ISSN 1224-1814;<br \/>2023\/ Cinstirea memoriei \u00eemp\u0103ratului Napoleon al III-lea \u0219i ceremonia \u00eenmorm\u00e2nt\u0103rii domnitorului Alexandru Ioan Cuza \u00een Rom\u00e2nia anului 1873, \u00een \u201cAcademia Rom\u00e2n\u0103. Memoriile Sec\u0163iei de \u015etiin\u0163e Istorice \u015fi Arheologie\u201d, SERIA V, Tomul XLII, 2023, p. 203 &#8211; 210, ISSN 1224-1814;<br \/>2023\/Romania at the European Commision of the Danube (1878-1882). The debates\u2019 file and the diplomatic implications, \u00een The Romanian Journal of Modern History, Vol. XIV, No. 1-2, June \u2013 December 2023, p. 35-118, ISSN 2068-715X<br \/>2024\/ Under the Sign of the fait accompli: The Union of the Romanian Principalities and the European Powers (The Historiography and the Documentary Revealings) Revue Roumaine d\u2019Histoire, TOME LXIII, Nos 1\u20134, Janvier\u2013D\u00e9cembre, 2024, p. 81-118, ISSN 0556-8072;<br \/>2024\/ Tema modernit\u0103\u021bii rom\u00e2ne\u0219ti \u2013 \u00een disputa Iorga \u2013 Lovinescu \u2013 Ibr\u0103ileanu \u0219i la \u201ejudecata\u201d lui G. C\u0103linescu (I), \u201eConvorbiri literare\u201d, iunie 2024, nr. 6 (342), p. 29-32, ISSN 0010-8243;<br \/>2024\/ Tema modernit\u0103\u021bii rom\u00e2ne\u0219ti \u2013 \u00een disputa Iorga \u2013 Lovinescu \u2013 Ibr\u0103ileanu \u0219i la \u201ejudecata\u201d lui G. C\u0103linescu (II), \u201eConvorbiri literare\u201d, iulie 2024, nr. 7 (343), p. 31-34, ISSN 0010-8243;<br \/>2024\/ Tema modernit\u0103\u021bii rom\u00e2ne\u0219ti \u2013 \u00een disputa Iorga \u2013 Lovinescu \u2013 Ibr\u0103ileanu \u0219i la \u201ejudecata\u201d lui G. C\u0103linescu (III), \u201eConvorbiri literare\u201d, august 2024, nr. 8 (344), p. 44-47, ISSN 0010-8243<br \/>2024\/ Sf\u00e2r\u0219itul tragic al lui N. Iorga \u0219i reaprinderea disputei \u00eentre \u201etradi\u021bionali\u0219ti\u201d \u0219i \u201emoderni\u0219ti\u201d literari pe timpul anilor 1941-1946 (I), \u201eConvorbiri literare\u201d, septembrie 2024, nr. 9 (345), p. 42-46, ISSN 0010-8243;<br \/>2024\/ Sf\u00e2r\u0219itul tragic al lui N. Iorga \u0219i reaprinderea disputei \u00eentre \u201etradi\u021bionali\u0219ti\u201d \u0219i \u201emoderni\u0219ti\u201d literari pe timpul anilor 1941-1946 (II), \u201eConvorbiri literare\u201d, octombrie 2024, nr. 10 (346), p. 36-40, ISSN 0010-8243;<br \/>2024\/ Personalitatea \u0219i opera lui N. Iorga \u00een comentariile criticilor \u0219i istoricilor literari, de la G. C\u0103linescu la N. Manolescu (I), \u201eConvorbiri literare\u201d, noiembrie 2024, nr. 11 (347), p. 43-50, ISSN 0010-8243;<br \/>2024\/ Istoria, dup\u0103 Biblie\u2026\u201d (Alexandru Zub), \u00een \u201eScriptor\u201d, Anul X, nr. 109-110 (1-2, ianuarie-februarie 2024), p. 77-79, ISSN 2393-0888;<br \/>2024\/ De la medieval la modern (R\u0103zvan Theodorescu), \u00een \u201eScriptor\u201d, Anul X, nr. 113-114 (5-6, mai-iunie 2024), p. 61-64, ISSN 2393-0888;<br \/>2024\/ Simion B\u0103rnu\u021biu \u0219i Avram Iancu, \u00een \u201eScriptor\u201d, Anul X, nr. 115-116 (7-8, iulie-august 2024), p. 48-51, ISSN 2393-0888;<br \/>2024\/ Alexandru Zub \u2013 relevan\u021ba operei istoriografice clasice, \u00een \u201eScriptor\u201d, Anul X, nr. 117-118 (9-10, septembrie-octombrie 2024), p. 49-63, ISSN 2393-0888;<br \/>2024\/ Ioan-Aurel Pop la 70 de ani, \u00een \u201eScriptor\u201d, Anul X, nr. 119-120 (11-12, noiembrie-decembrie 2024), p. 30-44, ISSN 2393-0888;<br \/>2024\/ The origins and establishment, in 1856\u20131858, of the collective guarantee of the European Powers on the Romanian Principalities, \u00een \u201cAcademia Rom\u00e2n\u0103. Memoriile Sec\u0163iei de \u015etiin\u0163e Istorice \u015fi Arheologie\u201d, Seria V, Tomul XLIII, 2024, p. 215-260, ISSN 1224-1814;<br \/>2024\/ Rom\u00e2nism \u0219i nou na\u021bionalism \u00een iorghiene cuvinte adev\u0103rate, la \u00eenceput de secol XX, Cultur\u0103 \u0219i Civiliza\u0163ie Rom\u00e2neasc\u0103 \u00een Maramure\u015f, vol. XIV, Simpozionul Na\u0163ional de la S\u0103li\u015ftea de Sus, august 2023, Coordonator prof. Simion Iuga, Editura RISOPRINT, Cluj -Napoca 2024, pag. 63-97, (ISSN 2247 \u2013 2258)<br \/>2024\/Nicolae Iorga \u0219i enun\u021bul \u201eprogramului s\u0103u de munc\u0103\u201d pentru marea sintez\u0103 istoric\u0103, \u00een Anuarul Institutului de Istorie \u201eA. D. Xenopol\u201d, t. LXI, 2024, p. 371-400<br \/>2024\/ Nicolae Iorga la \u201eS\u0103m\u0103n\u0103torul\u201d &#8211; implica\u021bii istoriografice, \u00een Leonidas Rados, Mihai-Cristian Am\u0103riu\u021bei, Alexandru D. Aioanei (editori), Provoc\u0103rile istoriei. Concepte, surse, metodologii. Lucr\u0103rile Conferin\u021bei Institutului de Istorie \u201eA. D. Xenopol\u201d, Edi\u021bia IV\/2023, 2024,\u00a0 p. 29-73.<br \/>2024\/ La Roumanie et la paix russo-ottomane de San Stefano, \u00een \u201cEast European Journal of Diplomatic History\u201d, No 9 \/ 2022 (ap\u0103rut \u00een 2024), p. 19-92.<br \/>2024\/1866. Establishing the constitutional monarchy \u2013 the making of Romania, \u00een The Romanian Journal of Modern History, Vol. XV, No. 1-2, June \u2013 December 2024, p. 29-74, ISSN 2068-715X;<br \/>2024\/A.D. Xenopol \u0219i N. Iorga, intersec\u021biuni pe tema sintezei istorice, \u00een Memoria Antiquitatis Istorie-Muzeologie, nr. XL\/2 (2024), Editura \u201eConstantin Matas\u0103\u201d, Piatra-Neam\u021b, 2025, ISSN: 1222-7528<\/p><\/div>\n\t\t\t\t\t<\/div><div class=\"eael-accordion-list\">\n\t\t\t\t\t<div id=\"recenzii-i-note-bibliografice-list-selectiv\" class=\"elementor-tab-title eael-accordion-header\" tabindex=\"0\" data-tab=\"6\" aria-controls=\"elementor-tab-content-1636\"><span class=\"eael-advanced-accordion-icon-closed\"><svg aria-hidden=\"true\" class=\"fa-accordion-icon e-font-icon-svg e-fas-plus\" viewBox=\"0 0 448 512\" xmlns=\"http:\/\/www.w3.org\/2000\/svg\"><path d=\"M416 208H272V64c0-17.67-14.33-32-32-32h-32c-17.67 0-32 14.33-32 32v144H32c-17.67 0-32 14.33-32 32v32c0 17.67 14.33 32 32 32h144v144c0 17.67 14.33 32 32 32h32c17.67 0 32-14.33 32-32V304h144c17.67 0 32-14.33 32-32v-32c0-17.67-14.33-32-32-32z\"><\/path><\/svg><\/span><span class=\"eael-advanced-accordion-icon-opened\"><svg aria-hidden=\"true\" class=\"fa-accordion-icon e-font-icon-svg e-fas-minus\" viewBox=\"0 0 448 512\" xmlns=\"http:\/\/www.w3.org\/2000\/svg\"><path d=\"M416 208H32c-17.67 0-32 14.33-32 32v32c0 17.67 14.33 32 32 32h384c17.67 0 32-14.33 32-32v-32c0-17.67-14.33-32-32-32z\"><\/path><\/svg><\/span><span class=\"eael-accordion-tab-title\">Recenzii \u015fi note bibliografice (List\u0103 selectiv\u0103)<\/span><\/div><div id=\"elementor-tab-content-1636\" class=\"eael-accordion-content clearfix\" data-tab=\"6\" aria-labelledby=\"recenzii-i-note-bibliografice-list-selectiv\"><p>Independen\u0163a Rom\u00e2niei. Documente, vol. I, Documente \u015fi pres\u0103 intern\u0103, Bucure\u015fti, Ed. Academiei, 1977, \u00een \u201eAnuarul Institutului de Istorie \u015fi Arheologie \u201eA.D. Xenopol\u201d, T. XV, 1978, pp. 557-560.<br \/>Independen\u0163a Rom\u00e2niei. Documente, vol. II\/1-2, Coresponden\u0163\u0103 diplomatic\u0103 str\u0103in\u0103, Bucure\u015fti, Ed. Academiei, 1977, \u00een \u201eAnuarul Institutului de Istorie \u015fi Arheologie \u201eA.D. Xenopol\u201d, T. XV, 1978, pp. 560-563.<br \/>Independen\u0163a Rom\u00e2niei. Documente, vol. III, Presa str\u0103in\u0103, Bucure\u015fti, Ed. Academiei, 1977, \u00een \u201eAnuarul Institutului de Istorie \u015fi Arheologie \u201eA.D. Xenopol\u201d, T. XV, 1978, pp. 563-565.<br \/>Culegere de documente privind contribu\u0163ia maselor populare din jude\u0163ul Mehedin\u0163i la lupta pentru cucerirea independen\u0163ei de stat a Rom\u00e2niei, Drobeta-Turnu Severin, 1977, \u00een \u201eAnuarul Institutului de Istorie \u015fi Arheologie \u201eA.D. Xenopol\u201d, T. XV, 1978, pp. 655-656.<br \/>I. Petrescu \u015f.a., Contribu\u0163ia Olteniei la r\u0103zboiul pentru Independen\u0163\u0103, Craiova, 1977, \u00een \u201eAnuarul Institutului de Istorie \u015fi Arheologie \u201eA.D. Xenopol\u201d, T. XV, 1978, pp. 656-657.<br \/>V. Netea \u015fi C. Gh. Marinescu, Liga Cultural\u0103 \u015fi Unirea Transilvaniei cu Rom\u00e2nia, Ia\u015fi, Junimea, 1978, \u00een \u201eAnuarul Institutului de Istorie \u015fi Arheologie \u201eA.D. Xenopol\u201d, T. XVI, 1979, pp. 609-612.<br \/>D. Vitcu, Diploma\u0163ii Unirii, Bucure\u015fti, Ed. Academiei, 1979, \u00een \u201eAnalele \u015etiin\u0163ifice ale Universit\u0103\u0163ii \u201eAl. I. Cuza\u201d &#8211; Ia\u015fi, T. XXVI, S.III a, Istorie, 1980, p. 138-139.<br \/>Istoria Universit\u0103\u0163ii \u201eAl.I.Cuza\u201d din Ia\u015fi (redactori: Gh. Platon \u015fi V. Cristian), Ia\u015fi, Junimea, 1985, \u00een \u201eBuletinul Universit\u0103\u0163ii \u201eAl. I. Cuza\u201d, 1985 (iulie-decembrie), pp.69-71.<br \/>Universitatea din Ia\u015fi. 1860-1985. Dezvoltarea \u015ftiin\u0163ei, Ia\u015fi, Ed. Universit\u0103\u0163ii \u201eAl. I. Cuza\u201d, 1986, \u00een \u201eBuletinul Universit\u0103\u0163ii \u201eAl. I. Cuza\u201d, Ia\u015fi, 1986 (ianuarie-iulie), p. 75-76.<br \/>L. Boicu, Principatele rom\u00e2ne \u00een raporturile politice interna\u0163ionale (secolul XVIII), Ia\u015fi, Junimea, 1986, \u00een \u201eAnuarul Institutului de istorie \u015fi arheologie \u201eA. D. Xenopol\u201d, T. XXIV\/1, Ia\u015fi, 1987, pp. 515-517.<br \/>Gh. Platon, V. Rusu, Gh. Iacob, V. Cristian, I. Agrigoroaiei, Cum s-a \u00eenf\u0103ptuit Rom\u00e2nia modern\u0103. O perspectiv\u0103 asupra strategiei dezvolt\u0103rii, Ia\u015fi, 1993, \u00een \u201eAnalele \u015etiin\u0163ifice ale Universit\u0103\u0163ii \u201eAl. I. Cuza\u201d, sec\u0163ia Istorie, vol. XLI-XLII, Ia\u015fi, 1994-1995, pp. 245-248.<br \/>L. Boicu, Din istoria diploma\u0163iei europene. Anul 1859 la rom\u00e2ni, \u00een \u201eAnalele \u015etiin\u0163ifice ale Universit\u0103\u0163ii \u201eAl. I. Cuza\u201d, Istorie, vol. XLII-XLIV, Ia\u015fi, 1996-1998.<br \/>Gh. Platon, De la formarea na\u0163iunii la constituirea statului na\u0163ional unitar, vol. I-III, \u00een \u201eAnalele \u015etiin\u0163ifice ale Universit\u0103\u0163ii \u201eAl. I. Cuza\u201d &#8211; Ia\u015fi\u201d (serie nou\u0103), t. XLVIII-XLIX, 2002-2003 (sub tipar).<br \/>Mihai Cojocariu, Zimbrul \u015fi Vulturul. Cercet\u0103ri privitoare la Unirea Principatelor, \u00een Anuarul Institutului de Istorie de Istorie \u015fi Arheologie \u201dA. D. Xenopol\u201d, Ia\u015fi, tom XLVII, 2010, p. 436-439.<br \/>Alexandru Zub, N. Iorga. Studii \u015fi note istoriografice, Br\u0103ila, Editura Istros, 2012, 334 p., \u00een Anuarul Institutului de Istorie \u201cA. D. Xenopol\u201d, tom. L, 2013, p. 432-435, ISSN 1221-3705.<br \/>Liviu Br\u0103tescu, I. C. Br\u0103tescu \u015fi politica extern\u0103 a Rom\u00e2niei (1866-1888), Ia\u015fi, Editura Universit\u0103\u0163ii \u201cAlexandru Ioan Cuza\u201d, 2013, 495 p., \u00een &lt;&lt;Anuarul Institutului de Istorie \u201cA. D. Xenopol\u201d&gt;&gt;, Ia\u015fi, tom LI, 2014 (sub tipar).<br \/>Cristian Ploscaru, Originile \u201cpartidei na\u0163ionale\u201d \u00een Principatele Rom\u00e2ne. Sub semnul \u201cpoliticii boiere\u015fti\u201d (1774-1828), Ia\u015fi, Editura Universit\u0103\u0163ii \u201cAlexandru Ioan Cuza\u201d, 2014, 780 p., \u00een &lt;&lt;Anuarul Institutului de Istorie \u201cA. D. Xenopol\u201d&gt;&gt;, Ia\u015fi, tom LI, 2014 (sub tipar).<br \/>Adrian-Bogdan Ceobanu, Politic\u0103 \u0219i diploma\u021bie la sf\u00e2r\u0219itul secolului XIX. Din istoria rela\u021biilor rom\u00e2no-ruse (1878-1899), Ia\u0219i, Editura Universit\u0103\u021bii \u201eAl. I. Cuza\u201d, seria Historica, 2017, 464 p., \u00een \u201eAnuarul Institutului de Istorie A. D. Xenopol\u201d, LV, 2018.<br \/>A. D. Xenopol \u0219i studiul modernit\u0103\u021bii rom\u00e2ne\u0219ti, III, Concep\u021bia istoriografic\u0103 asupra \u201etimpurilor noi\u201d, \u00een \u201eConvorbiri literare\u201d, nr. 7(307), iulie 2021, p. 33-43.<br \/>Veacul monarhilor \u0219i c\u0103rturarilor \u00een sinteza istoric\u0103 iorghian\u0103 (I), \u00een \u201eConvorbiri literare\u201d, nr. 10(310), octombrie 2021, p. 49-52.<br \/>Note introductive la o istorie a modernit\u0103\u021bii rom\u00e2ne\u0219ti, I-III, \u00een \u201eScriptor\u201d, anul VII, nr. 3-4(75-76), martie-aprilie 2021, p. 89-96; nr. 5-6(77-78), mai-iunie 2021, p. 86-90; nr. 7-8(79-80), iulie-august 2021, p. 92-96.<br \/>Timpuri moderne \u00een Istoria Rom\u00e2nilor de Nicolae Iorga (I), \u00een \u201eScriptor\u201d, anul VII, nr. 9-10(81-82), septembrie-octombrie 2021, p. 102-105.<\/p><\/div>\n\t\t\t\t\t<\/div><div class=\"eael-accordion-list\">\n\t\t\t\t\t<div id=\"comunicri-tiinifice-list-selectiv\" class=\"elementor-tab-title eael-accordion-header\" tabindex=\"0\" data-tab=\"7\" aria-controls=\"elementor-tab-content-1637\"><span class=\"eael-advanced-accordion-icon-closed\"><svg aria-hidden=\"true\" class=\"fa-accordion-icon e-font-icon-svg e-fas-plus\" viewBox=\"0 0 448 512\" xmlns=\"http:\/\/www.w3.org\/2000\/svg\"><path d=\"M416 208H272V64c0-17.67-14.33-32-32-32h-32c-17.67 0-32 14.33-32 32v144H32c-17.67 0-32 14.33-32 32v32c0 17.67 14.33 32 32 32h144v144c0 17.67 14.33 32 32 32h32c17.67 0 32-14.33 32-32V304h144c17.67 0 32-14.33 32-32v-32c0-17.67-14.33-32-32-32z\"><\/path><\/svg><\/span><span class=\"eael-advanced-accordion-icon-opened\"><svg aria-hidden=\"true\" class=\"fa-accordion-icon e-font-icon-svg e-fas-minus\" viewBox=\"0 0 448 512\" xmlns=\"http:\/\/www.w3.org\/2000\/svg\"><path d=\"M416 208H32c-17.67 0-32 14.33-32 32v32c0 17.67 14.33 32 32 32h384c17.67 0 32-14.33 32-32v-32c0-17.67-14.33-32-32-32z\"><\/path><\/svg><\/span><span class=\"eael-accordion-tab-title\">Comunic\u0103ri \u015etiin\u0163ifice (List\u0103 selectiv\u0103)<\/span><\/div><div id=\"elementor-tab-content-1637\" class=\"eael-accordion-content clearfix\" data-tab=\"7\" aria-labelledby=\"comunicri-tiinifice-list-selectiv\"><p>Dezvoltarea \u201eora\u015fului moldovenesc\u201d la \u00eenceputul secolului al XIX; comunicare sus\u0163inut\u0103 la sesiunea organizat\u0103 de Direc\u0163ia Patrimoniului Cultural Na\u0163ional &#8211; Bucure\u015fti, aprilie 1977.<br \/>\u00cen leg\u0103tur\u0103 cu rela\u0163iile rom\u00e2no-franceze. 1866-1871, comunicare sus\u0163inut\u0103 la sesiunea \u201eZilele Institutului\u201d (\u201eA. D. Xenopol\u201d), Ia\u015fi, februarie 1985.<br \/>Statele mici \u00een rela\u0163iile interna\u0163ionale (secolul XIX); comunicare sus\u0163inut\u0103 la Colocviul rom\u00e2no-german de istorie, Freiburg im Breisgau-Germania, 24-25 august 1985.<br \/>\u201eConcertul european\u201d \u015fi Sf\u00e2nta Alian\u0163\u0103, comunicare sus\u0163inut\u0103 la sesiunea organizat\u0103 de Universitatea \u201eAl. I. Cuza\u201d &#8211; Ia\u015fi, Facultatea de Istorie, octombrie 1989.<br \/>Rom\u00e2nii \u015fi \u201eordinea european\u0103\u201d din 1815; comunicare sus\u0163inut la Sesiunea \u015ftiin\u0163ific\u0103 a profesorilor de istorie, Suceava, 16-17 noiembrie 1991.<br \/>Argumente pentru editarea unui corpus de documente diplomatice rom\u00e2ne\u015fti, comunicare sus\u0163inut\u0103 \u00een cadrul sesiunii organizate de Filiala Ia\u015fi a Arhivelor Statului, \u00een ianuarie 1992.<br \/>\u201eC\u0103r\u0163ile colorate\u201d &#8211; surse ale Istoriei rela\u0163iilor interna\u0163ionale; comunicare sus\u0163inut\u0103 la Sesiunea \u015ftiin\u0163ific\u0103 anual\u0103 a Institutului de istorie \u201eA.D. Xenopol\u201d, Ia\u015fi, 25-26 iunie 1994.<br \/>De la \u201eistoria tratatelor\u201d \u015fi \u201eistoria diplomatic\u0103\u201d la \u201eistoria rela\u0163iilor interna\u0163ionale\u201d. Impactul surselor documentare; comunicare sus\u0163inut\u0103 la sesiunea organizat\u0103 de Universitatea \u201eAl. I. Cuza\u201d, Facultatea de Istorie, Ia\u015fi, 30 octombrie 1993.<br \/>Impactul european al Unirii Principatelor &#8211; interven\u0163ie \u00een cadrul dezbaterii \u015ftiin\u0163ifice pe tema Epoca Unirii (cu participarea: C. Bodea, D. Berindei, Gh. Platon, Al. Zub, L. Boicu, D. Vitcu, D. Iv\u0103nescu, M. Cojocariu \u015fi Gh. Cliveti), Ia\u015fi, Institutul de istorie \u201eA.D. Xenopol\u201d, 21 ianuarie 1993.<br \/>Romanian Autonomy. 1856-1878 (comunicare sus\u0163inut\u0103 la The Second Congress on Romanian Studies, organizat de The Society for Romanian Studies U.S.A., Academia Rom\u00e2n\u0103 \u015fi Universitatea \u201eAl. I. Cuza\u201d, Ia\u015fi, 6-10 iulie 1993.<br \/>Istorie \u015fi politic\u0103. Editarea colec\u0163iilor de documente diplomatice relative la originile primului r\u0103zboi mondial; comunicare sus\u0163inut\u0103 la sesiunea comemorativ\u0103 Dimitrie Berlescu, organizat\u0103 de Catedra de Istorie universal\u0103, Universitatea \u201eAl. I. Cuza\u201d, Ia\u015fi, 25-26 martie 1994.<br \/>Turcia &#8211; putere garant\u0103 \u00een temeiul tratatului de la Paris din 1856?; &#8211; interven\u0163ie \u00een cadrul dezbaterii \u015ftiin\u0163ifice cu tema Drept european \u015fi drept islamic \u00een spa\u0163iul rom\u00e2nesc, secolele XIV-XIX (moderator dr. Gabriel B\u0103d\u0103r\u0103u), dezbatere organizat\u0103 de Institutul de Istorie \u201eA.D. Xenopol\u201d, Ia\u015fi, 17 iunie 1994.<br \/>Liberalism \u015fi cauz\u0103 na\u0163ional\u0103 la pa\u015fopti\u015ftii rom\u00e2ni. Cazul B\u0103lcescu; comunicare sus\u0163inut\u0103 la simpozionul N. B\u0103lcescu &#8211; 175 de ani de la na\u015ftere, organizat de Institutul de istorie \u201eA.D. Xenopol\u201d, Ia\u015fi, 6 octombrie 1993.<br \/>Social \u015fi societal. C\u00e2teva reflec\u0163ii \u00een orizontul \u201eistoriei politice\u201d; comunicare sus\u0163inut\u0103 la sesiunea organizat\u0103 de Facultatea de Istorie \u00een cadrul \u201eZilelor Universit\u0103\u0163ii \u201eAl. I. Cuza\u201d, Ia\u015fi, 28 octombrie 1995.<br \/>Romania and the League of the Three Emperors (1872-1875); comunicare sus\u0163inut\u0103 la Conferin\u0163a interna\u0163ional\u0103 Rom\u00e2nia \u015fi civiliza\u0163ia occiental\u0103\/Romania and the Western Civilization, organizat\u0103 de The Society for Romanian Studies U.S.A., Funda\u0163ia cultural\u0103 rom\u00e2n\u0103, Ia\u015fi, 4-9 iunie 1996.<br \/>Geneza liberalismului la rom\u00e2ni. Argumente pentru o reevaluare din perspectiva devenirii raportului stat-societate; comunicare sus\u0163inut\u0103 la sesiunea organizat\u0103 de filiala Ia\u015fi a Arhivelor Na\u0163ionale, iunie 1996.<br \/>Studiul rela\u0163iilor externe ale Rom\u00e2niei moderne. Repere metodologice; comunicare sus\u0163inut\u0103 la Simpozionul Na\u0163ional cu tema Concepte \u015fi metodologii \u00een studiul rela\u0163iilor interna\u0163ionale, organizat de Centrul pentru studiul rela\u0163iilor interna\u0163ionale, Funda\u0163ia Academic\u0103 \u201eP. Andrei\u201d, Ia\u015fi, 11-12 iulie 1996.<br \/>Problema na\u0163iunii-inciden\u0163e conceptuale \u015fi metodologice; comunicare sus\u0163inut\u0103 \u00een cadrul Lectoratului de var\u0103 al profesorilor de istorie, organizat de Ministerul \u00eenv\u0103\u0163\u0103m\u00e2ntului \u015fi Societatea de \u015etiin\u0163e Istorice din Rom\u00e2nia, Ia\u015fi, 8-17 iulie 1996 (comunicare sus\u0163inut\u0103 la 15 iulie 1996).<br \/>Mistificare sau ideologizare? Reflec\u0163ii \u00een orizontul istoriei politice (comunicare sus\u0163inut\u0103 la simpozionul Istoria ca discurs demistificator &#8211; coord. Al. Zub, la Institutul \u201eA.D. Xenopol\u201d &#8211; Ia\u015fi, dec. 1998).<br \/>Rom\u00e2nii \u015fi Napoleon al III-lea (comunicare sus\u0163inut\u0103 \u00een cadrul \u201eZilelor Universit\u0103\u0163ii \u201eAl. I. Cuza\u201d &#8211; Ia\u015fi, 24-29 oct. 1999.<br \/>Rom\u00e2nii \u015fi \u201eSincopa Europei franceze\u201d la 1870-1871, comunicare sus\u0163inut\u0103 la Simpozionul Fran\u0163a, model cultural \u015fi politic pentru Rom\u00e2nia secolelor XIX \u015fi XX, sub egida Institutului de istorie \u201eA.D. Xenopol\u201d, a Universit\u0103\u0163ii \u201eAl. I. Cuza\u201d \u015fi a Comisiei na\u0163ionale a Rom\u00e2niei pentru UNESCO, Ia\u015fi, 9-10 decembrie 1999.<br \/>Summit-ul de la Londra din iunie 1814, celebra\u0163ie a victoriei alia\u0163ilor contra lui Napoleon sau impas \u00een procesul \u201ep\u0103cii generale\u201d? (comunicare sus\u0163inut\u0103 la sesiunea organizat\u0103 de Facultatea de Istori, pentru \u201eZilele Universit\u0103\u0163ii &lt;&lt;Al.I.Cuza&gt;&gt;\u201d, 24-29 octombrie, 2000.<br \/>Concertul european sau Sf\u00e2nta Alian\u0163\u0103?, text prezentat la \u201eDezbateri istoriografice\u201d (serie nou\u0103), organizate de Facultatea de Istorie, Universitatea \u201eAl. I. Cuza\u201d din Ia\u015fi, 1 noiembrie 2001 (participan\u0163i la dezbateri: Gh. Platon, Emilian Bold, V. Cristian, M. Cojocariu, C\u0103t\u0103lin Turliuc, Cristian Ploscaru, Claudiu Topor, Gabriel Leaca \u015f.a.).<br \/>De ce Act final \u015fi nu Tratat general la Congresul de la Viena, \u00een 9 iunie 1815?, comunicare sus\u0163inut\u0103 la sesiunea organizat\u0103 de Facultatea de Istorie, pentru \u201eZilele Universit\u0103\u0163ii &lt;&lt;Al.I.Cuza&gt;&gt;\u201d, 24-29 octombrie 2002.<br \/>Aranjamentul politico-teritorial european de la 1814-1815. Problema garan\u0163iei generale, comunicare sus\u0163inut\u0103 la sesiunea \u015ftiin\u0163ific\u0103, organizat\u0103 de Facultatea de Istorie, \u00een cadrul \u201eZilelor Universit\u0103\u0163ii &lt;&lt;Al.I.Cuza&gt;&gt;\u201d, 24 octombrie-1 noiembrie 2003.<br \/>Pozi\u0163iile marilor puteri fa\u0163\u0103 de revolu\u0163iile rom\u00e2n\u0103 \u015fi greac\u0103 la 1821, comunicare sus\u0163inut\u0103 la sesiunea \u015ftiin\u0163ific\u0103 organizat\u0103 de Facultatea de Istorie, \u00een cadrul \u201eZilelor Universit\u0103\u0163ii &lt;&lt;Al.I.Cuza&gt;&gt;\u201d, 24 octombrie-1 noiembrie 2004.<br \/>Independen\u0163a Rom\u00e2niei, de la garan\u0163ie european\u0103 la recunoa\u015fteri condi\u0163ionale \u015fi unilaterale din partea marilor puteri; comunicare sus\u0163inut\u0103 la Simpozionul 125 de ani de rela\u0163ii diplomatice \u00eentre Rom\u00e2nia \u015fi Belgia, Fran\u0163a, Germania, Marea Britanie, organizat de Ministerul Afacerilor Externe, Bucure\u015fti, 1 aprilie 2005.<br \/>\u00cenceputurile rela\u0163iilor diplomatice rom\u00e2no-britanice, comunicare sus\u0163inut\u0103 de Simpozionul Rela\u0163iile rom\u00e2no-britanice, organizat de Ministerul Afacerilor Externe, Ambasada Marii Britanii \u015fi Rectoratul Universit\u0103\u0163ii \u201eAl. I. Cuza\u201d, Ia\u015fi, octombrie 2005.<br \/>Concertul european precursor al Ligii Na\u0163iunilor? comunicare sus\u0163inut\u0103 la Sesiunea \u015etiin\u0163ific\u0103 organizat\u0103 de Facultatea de Istorie \u00een cadrul \u201eZilelor Universit\u0103\u0163ii &lt;&lt;Al.I.Cuza&gt;&gt;\u201d, 26 oct.-1 nov. 2005.<br \/>Istorie social\u0103 \u015fi istorie politic\u0103, comunicare sus\u0163inut\u0103 la Simpozionul Liberalismul rom\u00e2nesc. Tendin\u0163e, structuri, personalit\u0103\u0163i organizat de Institutul de Istorie &lt;&lt;A.D. Xenopol&gt;&gt;, Ia\u015fi, 2 februarie 2006.<br \/>Le trait\u00e9 de 30 mars 1856 de Paris. Le probl\u00e8me de garanties, la Colocviul rom\u00e2no-francez de Istorie, Craiova, sept.-oct. 2006.<br \/>Rezolu\u0163iile Adun\u0103rilor ad-hoc (1857): faptul \u00eemplinit \u015fi \u201edreptul gin\u0163ilor\u201d, la Simpozionul na\u0163ional 24 ianuarie 1859 &#8211; Ziua cea mare a veacului, simpozion organizat de Academia Rom\u00e2n\u0103-Institutul de Istorie \u201eA.D. Xenopol\u201d \u015fi de Complexul Na\u0163ional Muzeal &lt;&lt;Moldova&gt;&gt;, Muzeul Unirii, Ia\u015fi, 24 ianuarie 2007.\u00a0\u00a0<br \/>Rela\u0163iile interna\u0163ionale. Concep\u0163ii istoriografice, la Academia Rom\u00e2n\u0103, Filiala Ia\u015fi (\u201ePrelegeri academice\u201d), 28 aprilie 2007.<br \/>Istoria diplomatic\u0103 \u015fi istoria diploma\u0163iei \u2013 sinonimii \u015fi delimit\u0103ri disciplinare, la Institutul de Istorie \u201eA.D. Xenopol\u201d, \u00een 15 mai 2008.<br \/>Revolu\u0163ia rom\u00e2n\u0103 de la 1848 \u2013 \u201eo na\u0163ie \u00een c\u0103lindarul lumii\u201d, \u00een cadrul \u201eZilelor academice\u201d la Institutul de Istorie \u201eA.D. Xenopol\u201d, \u00een 24 septembrie 2008.<br \/>\u201eFor\u0163ele profunde\u201d \u2013 un concept istoriografic la un bilan\u0163 semicentenar, la Institutul de Istorie \u201eA.D. Xenopol\u201d, \u00een 13 noiembrie 2008.<br \/>Rom\u00e2nii \u015fi ordinea european\u0103 de la 1815, la Academia Rom\u00e2n\u0103, Sec\u0163ia de \u015etiin\u0163e Istorice \u015fi Arheologice, \u00een 28 noiembrie 2008.<br \/>Unirea Principatelor Rom\u00e2ne \u015fi concertul european, la Simpozionul Unirea Principatelor \u2013 150, organizat de Institutul de Istorie \u201eA.D. Xenopol\u201d, Universitatea \u201eAl. I. Cuza\u201d \u015fi Muzeul Unirii din Ia\u015fi, \u00een 16-17 ianuarie 2009.\u00a0<br \/>La politique rennane de Napol\u00e9on III et la candidature Hohenzollern au tr\u00f4ne de la Roumanie, la simpozionul La politique ext\u00e9rieure de Napol\u00e9on III, organizat de Centre Culturel Fran\u00e7ais, Institutul de Istorie \u201cA.D. Xenopol\u201d, Universitatea \u201cAl. I. Cuza\u201d \u2013 Centrul de Istorie a Rela\u0163iilor Interna\u0163ionale, Ia\u015fi, 4-5 iunie.<br \/>\u201c\u015ecoli\u201d de istorie diplomatic\u0103. Argumente pentru o dezbatere istoriografic\u0103, la Institutul de Istorie \u201cA.D. Xenopol\u201d, 11 iunie 2009.<br \/>Alexandru Zub \u2013 opera istoriografic\u0103, la simpozionul Alexandru Zub la a 75-a aniversare, organizat de Filiala Ia\u015fi a Academiei Rom\u00e2ne, 20 octombrie 2009.<br \/>Simpozionul interna\u0163ional 130 de ani de rela\u0163ii diplomatice rom\u00e2no-germane (1880-2010), organizat de Institutul de Istorie \u201cA. D. Xenopol\u201d, Facultatea de Istorie \u2013 Universitatea \u201cAl. I. Cuza\u201d, Centrul Cultural German \u015fi Ambasada Germaniei din Bucure\u015fti, Ia\u015fi, 29 septembrie-3 octombrie 2010, cu comunicarea Prusia \u015fi candidatura Hohenzollern la tronul Rom\u00e2niei.<br \/>Simpozionul interna\u0163ional Cultur\u0103 politic\u0103 \u015fi societate \u00een timpul domniei lui Carol I. 130 de ani de la Proclamarea Regatului Rom\u00e2niei, organizat de Institutul \u201cA. D. Xenopol\u201d \u015fi Facultatea de Istorie-Universitatea \u201cAl. I. Cuza\u201d, Ia\u015fi, 24-26 martie 2011, cu comunciarea Anii 1866 \u015fi 1881 la rom\u00e2ni. Note istoriografice.\u00a0<br \/>Workshop-ul interna\u0163ional Old vs. New Diplomacy. Debates about the Romanian and European Diplomacy (XIX-XXI Centuries), organizat de Institutul \u201cA. D. Xenopol\u201d \u015fi Facultatea de Istorie-Universitatea \u201cAl. I. Cuza\u201d, Ia\u015fi, 9-10 octombrie 2011, cu comunicarea Historical Study of International Relations: concepts, methodologies.<br \/>Colocviul interna\u0163ional Espace imp\u00e9rial. Le sud-est europ\u00e9en entre Empires et Nations, desf\u0103\u015furat la Paris-EHEEs, 2-4 aprilie 2012, cu comunicarea L\u00e1 politique balcanigue de l\u2019Empire russe 1828-1878. Les arm\u00e9es russes en route vers Constantinopole.<br \/>Conferin\u0163\u0103 interna\u0163ional\u0103 Basarabia 1812-2012, Chi\u015fin\u0103u-Ia\u015fi, 14-16 mai 2012, cu comunicarea Anexarea Basarabiei de Rusia \u015fi \u201ct\u0103cerea Europei\u201d (1812-1815).<br \/>Seminarul interna\u0163ional Sud-ost Europas Geschichte, 5 iunie 2012, Universitatea Mainz (Germania), cu comunicarea Protectorates and International Garanties \u00een South-Eastern Europe (1774-1878).\u00a0<br \/>Cuv\u00e2nt despre Basarabia, la Simpozionul interna\u0163ional Basarabia \u2013 95 de ani de la Unirea cu \u0163ara, organizat de Institutul de Istorie Stat \u015fi Drept al Academiei de \u015etiin\u0163e a Republicii Moldova \u015fi de Institutul de Istorie \u201cA.D. Xenopol\u201d al Academiei Rom\u00e2ne \u015fi desf\u0103\u015furat la Chi\u015fin\u0103u, \u00een ziua de 27 martie 2013, \u00een Sala Unirii a Sfatului \u0162\u0103rii de la 1918 (organizatori: prof.univ.dr. Gheorghe Cliveti, Directorul Institutului de Istorie \u201cA.D. Xenopol\u201d \u015fi conf. univ.dr. Gheorghe Cojocaru, Director al Institutului de Istorie, Stat \u015fi Drept din Chi\u015fin\u0103u).<br \/>Istorie \u015fi politic\u0103 \u00een editarea surselor documentare relative la originile Primului R\u0103zboi mondial, comunicare sus\u0163inut\u0103 la workshop-ul interna\u0163ional Diploma\u0163ie \u015fi societate \u00een Europa de Est. Direc\u0163ii, surse, metode de cercetare, organizat de Centrul de Istorie a Rela\u0163iilor Interna\u0163ionale de la Facultatea de Istorie, Universitatea \u201cAl. I. Cuza\u201d din Ia\u015fi \u015fi de Departamentul de Istoria Rela\u0163iilor Interna\u0163ionale de la Institutul de Istorie \u201cA. D. Xenopol\u201d al Academiei Rom\u00e2ne, Ia\u015fi, 21-22 noiembrie 2013.<br \/>Politica faptului \u00eemplinit, la simpozionul Unirea Principatelor \u2013 Idee \u015fi fapt\u0103, organizat de Institutul de Istorie \u201cA. D. Xenopol\u201d, Facultatea de Istorie de la Universitatea \u201cAl. I. Cuza\u201d \u015fi Muzeul Unirii, Ia\u015fi, 23 ianuarie 2013.<br \/>Recunoa\u015fterea interna\u0163ional\u0103 a Independen\u0163ei Rom\u00e2niei. Impactul alian\u0163ei germano-austro-ungare, la Institutul de Istorie \u201cA. D. Xenopol\u201d, comunic\u0103ri lunare, 10 aprilie 2013.<br \/>Recunoa\u015fterea Independen\u0163ei Rom\u00e2niei, de la clauzele tratatului din 13 iulie 1878 la \u201coficiile diplomatice\u201d din 20 februarie 1880, comunicare \u015ftiin\u0163ific\u0103 sus\u0163inut\u0103 la cea de-a XIX-a sesiune na\u0163ional\u0103 Arhivele \u015fi istoria, organizat\u0103 de Arhivele Na\u0163ionale Bac\u0103u, 1 noiembrie 2013.<br \/>Legitimarea titlurilor suverane \u015fi \u201c\u00eendurarea combina\u0163iilor diplomatice\u201d de Rom\u00e2nia \u00een \u201cchestiunea Dun\u0103rii\u201d, la Dezbaterea Vecin\u0103t\u0103\u0163i conflictuale ale Rom\u00e2niei la \u00eenceputul secolului XX, \u00een cadrul \u201cZilelor Academice Ie\u015fene\u201d, dezbaterea av\u00e2nd loc \u00een ziua de 21 noiembrie 2013, fiind organizat\u0103 de Institutul de Istorie \u201cA. D. Xenopol\u201d (prof.univ.dr., Director, Gheorghe Cliveti) \u015fi de lect.univ.dr. Claudiu-Lucian Topor, de la Centrul de Istoria Rela\u0163iilor Interna\u0163ionale al Facult\u0103\u0163ii de Istorie, Universitatea \u201cAl. I. Cuza\u201d Ia\u015fi.\u00a0\u00a0<br \/>\u00cencoronarea regal\u0103 de la 10 mai 1881 \u00een simbolistica na\u0163ional\u0103, sus\u0163inut\u0103 la \u201cZilele ora\u015fului Dorohoi\u201d, 5 octombrie 2013.<br \/>Nicolae Iorga \u00een opera lui Alexandru Zub, la colocviul comemorativ \u201cNicolae Iorga &#8211; 73 de ani de la trecerea \u00een eternitate\u201d, Boto\u015fani, 26 noiembrie 2013.<br \/>Constituirea Regatului Rom\u00e2niei \u015fi ideeea de unitate na\u0163ional\u0103, la Conferin\u0163a regional\u0103 \u201c1 Decembrie, Ziua Na\u0163ional\u0103 a Rom\u00e2iei\u201d, manifestare organizat\u0103 de Ministerul Educa\u0163iei Na\u0163ionale \u2013 Casa Corpului Didactic Neam\u0163, Consiliul Jude\u0163ean Neam\u0163, Liceul de Arte \u201cVictor Baruner\u201d, Piatra Neam\u0163, 29 noiembrie 2013.<br \/>Rom\u00e2nia, Tripla Alian\u0163\u0103 \u015fi originile Primului R\u0103zboi Mondial, la Simpozionul interna\u0163ional Primul R\u0103zboi Mondial. Perspectiv\u0103 istoric\u0103 \u015fi istoriografic\u0103, organizat de Universitatea \u201cBabes-Bolyai\u201d, Cluj-Napoca, 3-5 iunie 2014.<br \/>Timpurile moderne la rom\u00e2ni. Reflec\u0163ii istoriografice, prelegere academic\u0103 la Academia de \u015etiin\u0163e a Moldovei, Sala Argintie, Chi\u015fin\u0103u, 21 octombrie 2014.<br \/>Rom\u00e2nia \u015fi Primul R\u0103zboi Mondial. Istorie \u015fi istorici, la dezbaterea 100 de ani de la prima conflagra\u0163ie a secolului al XX-lea, organizat\u0103 \u00een parteneriat \u015fi \u00een cadrul Zilelor Academiei Ie\u015fene de Institutul de Istorie \u201cA. D. Xenopol\u201d al Academiei Rom\u00e2ne \u015fi de Institutul de Istorie, Stat \u015fi Drept al Academiei de \u015etiin\u0163e a Moldovei, Chi\u015fin\u0103u, 21 octombrie 2014.<br \/>Rom\u00e2nia \u015fi conferin\u0163a de la Londra din 1883, \u00een problema Dun\u0103rii, \u00een cadrul programului academic de comunic\u0103ri lunare, la Institutul de Istorie \u201cA. D. Xenopol\u201d Ia\u015fi, 18 iunie 2014.<br \/>La Bella Epoque \u015fi originile Primului R\u0103zboi Mondial, la conferin\u0163a na\u0163ional\u0103 Diploma\u0163i, societate \u015fi modernit\u0103\u0163i. Sf\u00e2r\u015fit de \u201cBelle \u00c9poque\u201d \u00een lumea rom\u00e2neasc\u0103, organizat\u0103 de Universitatea \u201cAlexandru Ioan Cuza\u201d, Facultatea de Istorie \u015fi Centrul de Istorie Rela\u0163iilor Interna\u0163ionale, 5-6 septembrie 2014.<br \/>Premisele \u201csistemului bismarcian de alian\u0163e\u201d la simpozionul Rela\u0163iile Internationale, statele-na\u0163iuni \u015fi configurarea p\u0103cii mondiale, organizat de Asocia\u0163ia de Rela\u0163ii Interna\u0163ionale Est-Democra\u0163ia, Consiliul Jude\u0163ean Ia\u015fi \u015fi Institutul de Istorie \u201cA. D. Xenopol\u201d Ia\u015fi, 7 noiembrie 2014.<br \/>Leonid Boicu \u0219i fundamentarea studiului rela\u021biilor interna\u021bionale din epoca modern\u0103, la Conferin\u021ba Interna\u021bional\u0103 Istoricul \u0219i istoria , sub egida Institutului de Istorie \u201eA. D. Xenopol\u201d, Filiala Academiei Rom\u00e2ne din Ia\u0219i,\u00a0 \u0219i a Institutului de Istorie al Academiei de \u0218tiin\u021be a Moldovei, Chi\u0219in\u0103u, 1 iunie 2016. Organizatori: Prof. univ. dr. Gheorghe Cliveti \u0219i Conf. univ. dr. abilitat Gheorghe Cojocaru<br \/>Institutul de Istorie \u201eA. D. Xenopol\u201d \u2013 75 de ani, la simpozionul na\u021bional\u00a0 desf\u0103\u0219urat la Filiala Ia\u0219i a Academiei Rom\u00e2ne, 26 februarie 2016; simpozion inclus de programul manifest\u0103rilor \u0219tiin\u021bifice consacrate celei de-a 150-a anivers\u0103ri a Academiei Rom\u00e2ne.<br \/>\u201ePericolul de r\u0103zboi general\u201d \u00een anii 1887-1888 \u0219i vaga \u201eaderen\u021b\u0103\u201d a Rom\u00e2niei la Tripla Alian\u021b\u0103, 30 martie 2016, Academia Rom\u00e2n\u0103 \u2013 Filiala Ia\u0219i, Institutul de Istorie \u201eA. D. Xenopol\u201d (\u00een programul de comunic\u0103ri \u0219tiin\u021bifice lunare la Institutul \u201eA. D. Xenopol\u201d)<br \/>Epoca modern\u0103 \u00een istoria rom\u00e2nilor-delimit\u0103ri temporale, registru tematic,\u00a0 prelegere \u021binut\u0103 \u00een plenul Congresului Na\u021bional al Istoricilor Rom\u00e2ni, Cluj-Napoca, 27 august 2016.<br \/>Mihail Kog\u0103lniceanu \u0219i proclamarea Independen\u021bei Rom\u00e2niei, la simpozionul interna\u021bional Kog\u0103lniceanu-Bicentenar sub egida Institutului de Istorie \u201eA. D. Xenopol\u201d, Filiala Academiei Rom\u00e2ne din Ia\u0219i, \u0219i a Complexului Muzeal Moldova-Muzeul Kog\u0103lniceanu (organizatori Gheorghe Cliveti \u0219i Mihaela Tudose), Ia\u0219i, 6 septembrie 2017<br \/>Sistemul modern de state \u0219i Europa de Est, la Conferin\u021ba interna\u021bional\u0103 Identit\u0103\u021bi etno-confesionale \u0219i reprezent\u0103ri ale Celuilalt \u00een spa\u021biul est-european: \u00eentre stereotip \u0219i voin\u021ba de a cunoa\u0219te, organizat\u0103 de Guvernul Rom\u00e2niei, Ministerul pentru Rom\u00e2nii de Pretutindeni, Universitatea \u201eAl. I. Cuza\u201d, Ia\u0219i, Facultatea de Istorie, Universitatea \u201eDun\u0103rea de Jos\u201d, Gala\u021bi, Facultatea de Istorie, Filozofie \u0219i Teologie, Ia\u0219i, 3 noiembrie 2017<br \/>R\u0103zboi-diploma\u021bie \u0219i pronun\u021b\u0103ri reprezentative \u00een perspectiva Marii Uniri,\u00a0 la Conferin\u021ba Interna\u021bional\u0103 Centenar Sfatul \u021a\u0103rii, organizat\u0103 de Institutul de Istorie \u201eA. D. Xenopol\u201d, Institutul de Istorie al Academiei de \u0218tiin\u021be a Moldovei \u0219i Centrul Cultural \u201eMihai Eminescu\u201d, Chi\u0219in\u0103u, 21 noiembrie 2017<br \/>Din istoria rela\u021biilor rom\u00e2no-otomane. Scrisorile vizirale la 1873-1875, \u00een programul de comunic\u0103ri \u0219tiin\u021bifice lunare la Institutul de Istorie \u201eA. D. Xenopol\u201d, 5 aprilie 2017<br \/>Problema rom\u00e2nilor \u201edin afara grani\u021belor\u201d \u0219i polica extern\u0103 a vechiului Regat, la Conferin\u021ba Interna\u021bional\u0103 Marea Unire a Rom\u00e2nilor (1918). Istorie \u0219i actualitate, Ia\u0219i, Universitatea Al. I. Cuza, 22-24 martie 2018 (Institutul de Istorie A.D.Xenopol, partener \u00een organizarea manifest\u0103rii \u0219tiin\u021bifice).<br \/>S\u0103rb\u0103torile Unirii Rom\u00e2nilor,\u00a0 la Conferin\u021ba aniversar\u0103 27 martie 1918: \u00eenceputul \u00centregirii Rom\u00e2nieii, organizat\u0103 de Academia Rom\u00e2n\u0103 \u0219i Academia de \u0218tiin\u021be a Moldovei, \u00een Aula Filialei Ia\u0219i a Academiei Rom\u00e2ne, 28 martie 2018.<br \/>Congresul de la Berlin \u0219i problema Independen\u021bei Rom\u00e2niei, la sesiunea de comunic\u0103ri lunare organizat\u0103 de Institutul de Istorie A.D.Xenopol, Ia\u0219i, 11 mai 2018 ( coord. directorul Institutului).<br \/>Unirea Rom\u00e2nilor- for\u021ba identit\u0103\u021bii na\u021bionale, la Prelec\u021biunile Junimii, Muzeul Na\u021bional al Literaturii Rom\u00e2ne, Ia\u0219i, 24 mai 2018.<br \/>Problema rom\u00e2nilor \u201edin afara grani\u021belor\u201d \u0219i politica extern\u0103 a Vechiului Regat, la conferin\u021ba interna\u021bional\u0103 Marea Unire a rom\u00e2nilor (1918), Ia\u0219i, Universitatea \u201eAl. I. Cuza\u201d, 23 martie 2018<br \/>Unirea rom\u00e2nilor \u2013 for\u021ba identit\u0103\u021bii na\u021bionale, la conferin\u021ba aniversar\u0103 27 martie 1918: \u00eenceputul \u00centregirii Rom\u00e2niei, organizat\u0103 de Academia Rom\u00e2n\u0103 \u0219i Academia de \u0218tiin\u021be a Moldovei, Ia\u0219i, Filiala Ia\u0219i a Academiei Rom\u00e2ne, 28 martie 2018<br \/>Congresul de la Berlin \u0219i problema independen\u021bei Rom\u00e2niei, la Institutul de Istorie \u201eA. D. Xenopol\u201d, Ia\u0219i, seria de comunic\u0103ri lunare, 11 mai 2018<br \/>Nicolae Iorga \u0219i Unirea rom\u00e2nilor, la simpozionul Nicolae Iorga \u0219i Marea Unire, Boto\u0219ani, Muzeul Jude\u021bean Boto\u0219ani, 6 iunie 2018<br \/>Unirea rom\u00e2nilor, \u00een \u201ecalendarul\u201d Europei moderne, la Congresul Na\u021bional al Istoricilor Rom\u00e2ni, Ia\u0219i, Universitatea \u201eAl. I. Cuza, 1 septembrie 2018<br \/>Diploma\u021bia: de la art\u0103 la teorie \u0219i practic\u0103, la workshopul Corpul diplomatic al Rom\u00e2niei (1918-1947). Surse, metode, interpret\u0103ri, Ia\u0219i, Universitatea \u201eAl. I. Cuza\u201d \u2212 Facultatea de Istorie, 3 octombrie 2018.<br \/>Problema originilor \u0219i responsabilit\u0103\u021bilor Primului R\u0103zboi Mondial \u0219i editarea \u201el\u0103muritoarelor\u201d colec\u021bii de documente diplomatice, la Conferin\u021ba Interna\u021bional\u0103 Istoria \u0219i scrisul istoric azi: op\u021biuni metodologice, paradigme, agend\u0103, Aula Magna, Universitatea \u201eBabe\u0219-Bolyai\u201d, Cluj-Napoca, 3 februarie 2020.<br \/>Concertul european \u2212 precursor al Ligii Na\u021biunilor?, mas\u0103 rotund\u0103, Rom\u00e2nia \u0219i sistemul de rela\u021bii interna\u021bionale \u00een secolul al XX-lea (I) (moderatori: Vasile Pu\u0219ca\u0219, Gabriel C. B\u00e2rta\u0219), la Conferin\u021ba Interna\u021bional\u0103 Istoria \u0219i scrisul istoric azi: op\u021biuni metodologice, paradigme, agend\u0103, Biblioteca Academiei, sala \u201e\u0218tefan Pascu\u201d, str. M. Kog\u0103lniceanu nr. 12-14, 4 februarie 2020<br \/>Russia, Etairia and Tudor Vladimirescu, la conferin\u021ba interna\u021bional\u0103 An Epoch Threshold? The Year 1821 in the History of South-East Europe, at Bicentennial\/ Un prag de epoc\u0103? Anul 1821 \u00een istoria Europei de Sud-Est, la bicentenar, organizat\u0103 de Centrul de Istorie a Rela\u021biilor Interna\u021bionale, Universitatea \u201eAl. I. Cuza\u201d din Ia\u0219i, \u00een perioada 23-25 septembrie a.c., sus\u021binut\u0103 la 24 septembrie 2021.<br \/>Nicolae Iorga \u0219i perspectiva erudit-tradi\u021bionalist\u0103 asupra modernit\u0103\u021bii rom\u00e2ne\u0219ti, la Conferin\u021ba anual\u0103 a Institutului de Istorie \u201eA. D. Xenopol\u201d din Ia\u0219i, edi\u021bia a II-a, 4-6 iunie 2021, la Institutul de Istorie A. D. Xenopol, sus\u021binut\u0103 la 5 iunie 2021<br \/>Rom\u00e2nia Regelui Carol I, conferin\u021b\u0103 \u0219tiin\u021bific\u0103 la Muzeul de art\u0103 \u201eVictor Brauner\u201d, din Piatra Neam\u021b, 10 mai 2023;<br \/>Cinstirea memoriei \u00eemp\u0103ratului Napoleon al III-lea \u0219i ceremonia \u00eenmorm\u00e2nt\u0103rii domnitorului Alexandru Ioan Cuza \u00een Rom\u00e2nia anului 1873, Conferin\u021ba \u0219tiin\u021bific\u0103 Alexandru Ioan Cuza \u2013 150 de ani de la moarte, \u00een Aula Academiei Rom\u00e2ne, Bucure\u0219ti, 18 mai 2023<br \/>Istorici literari \u0219i istorici despre \u201efaza s\u0103m\u0103n\u0103torist\u0103\u201d a operei lui Nicolae Iorga, la Conferin\u021ba \u0219tiin\u021bific\u0103 anual\u0103 a Institutului de Istorie \u201eA. D. Xenopol\u201d, 8-10 iunie 2023 (comunicare sus\u021binut\u0103 \u00een ziua de 9 iunie 2023)<br \/>A.D. Xenopol \u0219i N. Iorga, intersec\u021biuni pe tema sintezei istorice na\u021bionale, conferin\u021b\u0103 \u0219tiin\u021bific\u0103 la Simpozionul Na\u021bional \u201ePetrodava\u201d, edi\u021bia IV, organizat de Complexul Muzeal Na\u021bional Neam\u021b, sus\u021binut\u0103 \u00een 12 octombrie 2023;<br \/>Centralitatea transilvan\u0103 a Revolu\u021biei rom\u00e2ne de la 1848. Simion B\u0103rnu\u021biu \u0219i Avram Iancu, Simpozionul Avram Iancu, Academia Rom\u00e2n\u0103, mai, 2024<br \/>Nicolaie Iorga la \u201eSem\u0103n\u0103torul\u201d. Implica\u021bii istoriografice, Conferin\u021ba anual\u0103 a Institutului de Istorie \u201eA. D. Xenopol\u201d din Ia\u0219i, edi\u021bia a V-a, 30 mai \u2013 1 iunie 2024, la Institutul de Istorie A. D. Xenopol, sus\u021binut\u0103 la 30 mai 2024;<br \/>Timpurile moderne \u00een istoriografia rom\u00e2n\u0103. Repere temporale mereu glisante, Conferin\u021ba Modernitatea rom\u00e2neasc\u0103 \u00een secolele XVIII-XX: realit\u0103\u021bi politice, dinamici sociale \u0219i preocup\u0103ri culturale, 14.11.2024, la Institutul de Istorie A. D. Xenopol<\/p><\/div>\n\t\t\t\t\t<\/div><div class=\"eael-accordion-list\">\n\t\t\t\t\t<div id=\"proiecte-de-cercetare\" class=\"elementor-tab-title eael-accordion-header\" tabindex=\"0\" data-tab=\"8\" aria-controls=\"elementor-tab-content-1638\"><span class=\"eael-advanced-accordion-icon-closed\"><svg aria-hidden=\"true\" class=\"fa-accordion-icon e-font-icon-svg e-fas-plus\" viewBox=\"0 0 448 512\" xmlns=\"http:\/\/www.w3.org\/2000\/svg\"><path d=\"M416 208H272V64c0-17.67-14.33-32-32-32h-32c-17.67 0-32 14.33-32 32v144H32c-17.67 0-32 14.33-32 32v32c0 17.67 14.33 32 32 32h144v144c0 17.67 14.33 32 32 32h32c17.67 0 32-14.33 32-32V304h144c17.67 0 32-14.33 32-32v-32c0-17.67-14.33-32-32-32z\"><\/path><\/svg><\/span><span class=\"eael-advanced-accordion-icon-opened\"><svg aria-hidden=\"true\" class=\"fa-accordion-icon e-font-icon-svg e-fas-minus\" viewBox=\"0 0 448 512\" xmlns=\"http:\/\/www.w3.org\/2000\/svg\"><path d=\"M416 208H32c-17.67 0-32 14.33-32 32v32c0 17.67 14.33 32 32 32h384c17.67 0 32-14.33 32-32v-32c0-17.67-14.33-32-32-32z\"><\/path><\/svg><\/span><span class=\"eael-accordion-tab-title\">Proiecte de cercetare<\/span><\/div><div id=\"elementor-tab-content-1638\" class=\"eael-accordion-content clearfix\" data-tab=\"8\" aria-labelledby=\"proiecte-de-cercetare\"><p>Mentor \/ expert evaluator \u00een cadrul proiectului POSDRU\/89\/1.5\/S\/61104 \u015etiin\u0163ele socio-umaniste \u00een contextul evolu\u0163iei globalizate \u2013 dezvoltarea \u015fi implementarea programului de studii \u015fi cercetare postdoctoral\u0103,\u00a0 tema Discurs literar-artistic \u015fi construc\u0163ie identitara, secolele XVI-XX<br \/>Expert mentorat doctorat \u00een proiectul : \u201eMINERVA \u2013 Cooperare pentru cariera de elit\u0103 \u00een cercetarea doctoral\u0103 \u015fi post-doctoral\u0103\u201d, contract POSDRU 159\/1.5.\/S\/137832<br \/>Director al programului nr. 5 de cercetare (Rom\u00e2nia \u00een rela\u0163iile interna\u0163ionale, secolele XVIII-XX), la Institutul de Istorie \u201cA. D. Xenopol\u201d Ia\u015fi.<br \/>Director al proiectului fundamental Domnia lui Carol I \u00een rapoarte diplomatice \u015fi consulare str\u0103ine (publica\u0163ii documentare), la Institutul de Istorie \u201cA. D. Xenopol\u201d Ia\u015fi.\u00a0<\/p><\/div>\n\t\t\t\t\t<\/div><\/div>\t\t\t\t<\/div>\n\t\t\t\t\t<\/div>\n\t\t\t\t<\/div>\n\t\t\t\t<\/div>\n\t\t                    <\/div>\n\t\t        \n                    <div id=\"curriculum-vitae-tab\" class=\"clearfix eael-tab-content-item inactive\" data-title-link=\"curriculum-vitae-tab\">\n\t\t\t\t        <p><a href=\"https:\/\/institutulxenopol.ro\/wp-content\/uploads\/2025\/11\/CV_Gh-Cliveti.pdf\">CV_Gh Cliveti<\/a><\/p>                    <\/div>\n\t\t                    <\/div>\n        <\/div>\n\t\t\t\t<\/div>\n\t\t\t\t\t<\/div>\n\t\t\t\t<\/div>\n\t\t\t\t<\/div>\n\t\t","protected":false},"excerpt":{"rendered":"<p>Prof. univ. dr. Gheorghe Cliveti, membru corespondent al AR Colectivul de Istorie modern\u0103 gheorghecliveti@uaic.ro Prezentare Publica\u021bii Curriculum vitae Membru corespondent al Academiei Rom\u00e2ne, Professor emeritus al Universit\u0103\u021bii \u201eAl. I. Cuza\u201d din Ia\u0219i \u2013 Facultatea de Istorie, director al Institutului de Istorie \u201eA.D. Xenopol\u201d Ia\u015fi \u00eentre 2010 \u0219i 2025. C\u0103r\u0163i 1988\/ Rom\u00e2nia \u015fi Puterile Garante. 1856-1878\/La [&hellip;]<\/p>\n","protected":false},"author":1,"featured_media":0,"parent":0,"menu_order":0,"comment_status":"closed","ping_status":"closed","template":"","meta":{"site-sidebar-layout":"no-sidebar","site-content-layout":"page-builder","ast-site-content-layout":"full-width-container","site-content-style":"default","site-sidebar-style":"default","ast-global-header-display":"","ast-banner-title-visibility":"","ast-main-header-display":"","ast-hfb-above-header-display":"","ast-hfb-below-header-display":"","ast-hfb-mobile-header-display":"","site-post-title":"","ast-breadcrumbs-content":"","ast-featured-img":"disabled","footer-sml-layout":"","ast-disable-related-posts":"","theme-transparent-header-meta":"","adv-header-id-meta":"","stick-header-meta":"","header-above-stick-meta":"","header-main-stick-meta":"","header-below-stick-meta":"","astra-migrate-meta-layouts":"set","ast-page-background-enabled":"default","ast-page-background-meta":{"desktop":{"background-color":"","background-image":"","background-repeat":"repeat","background-position":"center center","background-size":"auto","background-attachment":"scroll","background-type":"","background-media":"","overlay-type":"","overlay-color":"","overlay-opacity":"","overlay-gradient":""},"tablet":{"background-color":"","background-image":"","background-repeat":"repeat","background-position":"center center","background-size":"auto","background-attachment":"scroll","background-type":"","background-media":"","overlay-type":"","overlay-color":"","overlay-opacity":"","overlay-gradient":""},"mobile":{"background-color":"","background-image":"","background-repeat":"repeat","background-position":"center center","background-size":"auto","background-attachment":"scroll","background-type":"","background-media":"","overlay-type":"","overlay-color":"","overlay-opacity":"","overlay-gradient":""}},"ast-content-background-meta":{"desktop":{"background-color":"var(--ast-global-color-5)","background-image":"","background-repeat":"repeat","background-position":"center center","background-size":"auto","background-attachment":"scroll","background-type":"","background-media":"","overlay-type":"","overlay-color":"","overlay-opacity":"","overlay-gradient":""},"tablet":{"background-color":"var(--ast-global-color-5)","background-image":"","background-repeat":"repeat","background-position":"center center","background-size":"auto","background-attachment":"scroll","background-type":"","background-media":"","overlay-type":"","overlay-color":"","overlay-opacity":"","overlay-gradient":""},"mobile":{"background-color":"var(--ast-global-color-5)","background-image":"","background-repeat":"repeat","background-position":"center center","background-size":"auto","background-attachment":"scroll","background-type":"","background-media":"","overlay-type":"","overlay-color":"","overlay-opacity":"","overlay-gradient":""}},"footnotes":""},"class_list":["post-4413","page","type-page","status-publish","hentry"],"yoast_head":"<!-- This site is optimized with the Yoast SEO plugin v27.5 - https:\/\/yoast.com\/product\/yoast-seo-wordpress\/ -->\n<title>Cliveti Gheorghe - Institutul de Istorie \u201eA. D. Xenopol\u201d<\/title>\n<meta name=\"robots\" content=\"index, follow, max-snippet:-1, max-image-preview:large, max-video-preview:-1\" \/>\n<link rel=\"canonical\" href=\"https:\/\/institutulxenopol.ro\/en\/cliveti-gheorghe\/\" \/>\n<meta property=\"og:locale\" content=\"en_US\" \/>\n<meta property=\"og:type\" content=\"article\" \/>\n<meta property=\"og:title\" content=\"Cliveti Gheorghe - Institutul de Istorie \u201eA. D. Xenopol\u201d\" \/>\n<meta property=\"og:description\" content=\"Prof. univ. dr. Gheorghe Cliveti, membru corespondent al AR Colectivul de Istorie modern\u0103 gheorghecliveti@uaic.ro Prezentare Publica\u021bii Curriculum vitae Membru corespondent al Academiei Rom\u00e2ne, Professor emeritus al Universit\u0103\u021bii \u201eAl. I. Cuza\u201d din Ia\u0219i \u2013 Facultatea de Istorie, director al Institutului de Istorie \u201eA.D. Xenopol\u201d Ia\u015fi \u00eentre 2010 \u0219i 2025. C\u0103r\u0163i 1988\/ Rom\u00e2nia \u015fi Puterile Garante. 1856-1878\/La [&hellip;]\" \/>\n<meta property=\"og:url\" content=\"https:\/\/institutulxenopol.ro\/en\/cliveti-gheorghe\/\" \/>\n<meta property=\"og:site_name\" content=\"Institutul de Istorie \u201eA. D. Xenopol\u201d\" \/>\n<meta property=\"article:publisher\" content=\"https:\/\/www.facebook.com\/profile.php?id=61559258097917\" \/>\n<meta property=\"article:modified_time\" content=\"2025-11-21T13:07:42+00:00\" \/>\n<meta property=\"og:image\" content=\"https:\/\/institutulxenopol.ro\/wp-content\/plugins\/elementor\/assets\/images\/placeholder.png\" \/>\n<script type=\"application\/ld+json\" class=\"yoast-schema-graph\">{\"@context\":\"https:\\\/\\\/schema.org\",\"@graph\":[{\"@type\":\"WebPage\",\"@id\":\"https:\\\/\\\/institutulxenopol.ro\\\/cliveti-gheorghe\\\/\",\"url\":\"https:\\\/\\\/institutulxenopol.ro\\\/cliveti-gheorghe\\\/\",\"name\":\"Cliveti Gheorghe - Institutul de Istorie \u201eA. D. Xenopol\u201d\",\"isPartOf\":{\"@id\":\"https:\\\/\\\/institutulxenopol.ro\\\/#website\"},\"primaryImageOfPage\":{\"@id\":\"https:\\\/\\\/institutulxenopol.ro\\\/cliveti-gheorghe\\\/#primaryimage\"},\"image\":{\"@id\":\"https:\\\/\\\/institutulxenopol.ro\\\/cliveti-gheorghe\\\/#primaryimage\"},\"thumbnailUrl\":\"https:\\\/\\\/institutulxenopol.ro\\\/wp-content\\\/plugins\\\/elementor\\\/assets\\\/images\\\/placeholder.png\",\"datePublished\":\"2025-11-02T10:51:23+00:00\",\"dateModified\":\"2025-11-21T13:07:42+00:00\",\"breadcrumb\":{\"@id\":\"https:\\\/\\\/institutulxenopol.ro\\\/cliveti-gheorghe\\\/#breadcrumb\"},\"inLanguage\":\"en-US\",\"potentialAction\":[{\"@type\":\"ReadAction\",\"target\":[\"https:\\\/\\\/institutulxenopol.ro\\\/cliveti-gheorghe\\\/\"]}]},{\"@type\":\"ImageObject\",\"inLanguage\":\"en-US\",\"@id\":\"https:\\\/\\\/institutulxenopol.ro\\\/cliveti-gheorghe\\\/#primaryimage\",\"url\":\"https:\\\/\\\/institutulxenopol.ro\\\/wp-content\\\/plugins\\\/elementor\\\/assets\\\/images\\\/placeholder.png\",\"contentUrl\":\"https:\\\/\\\/institutulxenopol.ro\\\/wp-content\\\/plugins\\\/elementor\\\/assets\\\/images\\\/placeholder.png\"},{\"@type\":\"BreadcrumbList\",\"@id\":\"https:\\\/\\\/institutulxenopol.ro\\\/cliveti-gheorghe\\\/#breadcrumb\",\"itemListElement\":[{\"@type\":\"ListItem\",\"position\":1,\"name\":\"Prima pagin\u0103\",\"item\":\"https:\\\/\\\/institutulxenopol.ro\\\/\"},{\"@type\":\"ListItem\",\"position\":2,\"name\":\"Cliveti Gheorghe\"}]},{\"@type\":\"WebSite\",\"@id\":\"https:\\\/\\\/institutulxenopol.ro\\\/#website\",\"url\":\"https:\\\/\\\/institutulxenopol.ro\\\/\",\"name\":\"Institutul de Istorie \u201eA. D. Xenopol\u201d Ia\u0219i\",\"description\":\"Academia Rom\u00e2n\u0103 - Filiala Ia\u0219i\",\"publisher\":{\"@id\":\"https:\\\/\\\/institutulxenopol.ro\\\/#organization\"},\"potentialAction\":[{\"@type\":\"SearchAction\",\"target\":{\"@type\":\"EntryPoint\",\"urlTemplate\":\"https:\\\/\\\/institutulxenopol.ro\\\/?s={search_term_string}\"},\"query-input\":{\"@type\":\"PropertyValueSpecification\",\"valueRequired\":true,\"valueName\":\"search_term_string\"}}],\"inLanguage\":\"en-US\"},{\"@type\":\"Organization\",\"@id\":\"https:\\\/\\\/institutulxenopol.ro\\\/#organization\",\"name\":\"Institutul de Istorie \u201eA. D. Xenopol\u201d Ia\u0219i\",\"url\":\"https:\\\/\\\/institutulxenopol.ro\\\/\",\"logo\":{\"@type\":\"ImageObject\",\"inLanguage\":\"en-US\",\"@id\":\"https:\\\/\\\/institutulxenopol.ro\\\/#\\\/schema\\\/logo\\\/image\\\/\",\"url\":\"https:\\\/\\\/institutulxenopol.ro\\\/wp-content\\\/uploads\\\/2025\\\/10\\\/logo-institut-black-e1761148345490.png\",\"contentUrl\":\"https:\\\/\\\/institutulxenopol.ro\\\/wp-content\\\/uploads\\\/2025\\\/10\\\/logo-institut-black-e1761148345490.png\",\"width\":432,\"height\":164,\"caption\":\"Institutul de Istorie \u201eA. D. Xenopol\u201d Ia\u0219i\"},\"image\":{\"@id\":\"https:\\\/\\\/institutulxenopol.ro\\\/#\\\/schema\\\/logo\\\/image\\\/\"},\"sameAs\":[\"https:\\\/\\\/www.facebook.com\\\/profile.php?id=61559258097917\"]}]}<\/script>\n<!-- \/ Yoast SEO plugin. -->","yoast_head_json":{"title":"Cliveti Gheorghe - Institutul de Istorie \u201eA. D. Xenopol\u201d","robots":{"index":"index","follow":"follow","max-snippet":"max-snippet:-1","max-image-preview":"max-image-preview:large","max-video-preview":"max-video-preview:-1"},"canonical":"https:\/\/institutulxenopol.ro\/en\/cliveti-gheorghe\/","og_locale":"en_US","og_type":"article","og_title":"Cliveti Gheorghe - Institutul de Istorie \u201eA. D. Xenopol\u201d","og_description":"Prof. univ. dr. Gheorghe Cliveti, membru corespondent al AR Colectivul de Istorie modern\u0103 gheorghecliveti@uaic.ro Prezentare Publica\u021bii Curriculum vitae Membru corespondent al Academiei Rom\u00e2ne, Professor emeritus al Universit\u0103\u021bii \u201eAl. I. Cuza\u201d din Ia\u0219i \u2013 Facultatea de Istorie, director al Institutului de Istorie \u201eA.D. Xenopol\u201d Ia\u015fi \u00eentre 2010 \u0219i 2025. C\u0103r\u0163i 1988\/ Rom\u00e2nia \u015fi Puterile Garante. 1856-1878\/La [&hellip;]","og_url":"https:\/\/institutulxenopol.ro\/en\/cliveti-gheorghe\/","og_site_name":"Institutul de Istorie \u201eA. D. Xenopol\u201d","article_publisher":"https:\/\/www.facebook.com\/profile.php?id=61559258097917","article_modified_time":"2025-11-21T13:07:42+00:00","og_image":[{"url":"https:\/\/institutulxenopol.ro\/wp-content\/plugins\/elementor\/assets\/images\/placeholder.png","type":"","width":"","height":""}],"schema":{"@context":"https:\/\/schema.org","@graph":[{"@type":"WebPage","@id":"https:\/\/institutulxenopol.ro\/cliveti-gheorghe\/","url":"https:\/\/institutulxenopol.ro\/cliveti-gheorghe\/","name":"Cliveti Gheorghe - Institutul de Istorie \u201eA. D. Xenopol\u201d","isPartOf":{"@id":"https:\/\/institutulxenopol.ro\/#website"},"primaryImageOfPage":{"@id":"https:\/\/institutulxenopol.ro\/cliveti-gheorghe\/#primaryimage"},"image":{"@id":"https:\/\/institutulxenopol.ro\/cliveti-gheorghe\/#primaryimage"},"thumbnailUrl":"https:\/\/institutulxenopol.ro\/wp-content\/plugins\/elementor\/assets\/images\/placeholder.png","datePublished":"2025-11-02T10:51:23+00:00","dateModified":"2025-11-21T13:07:42+00:00","breadcrumb":{"@id":"https:\/\/institutulxenopol.ro\/cliveti-gheorghe\/#breadcrumb"},"inLanguage":"en-US","potentialAction":[{"@type":"ReadAction","target":["https:\/\/institutulxenopol.ro\/cliveti-gheorghe\/"]}]},{"@type":"ImageObject","inLanguage":"en-US","@id":"https:\/\/institutulxenopol.ro\/cliveti-gheorghe\/#primaryimage","url":"https:\/\/institutulxenopol.ro\/wp-content\/plugins\/elementor\/assets\/images\/placeholder.png","contentUrl":"https:\/\/institutulxenopol.ro\/wp-content\/plugins\/elementor\/assets\/images\/placeholder.png"},{"@type":"BreadcrumbList","@id":"https:\/\/institutulxenopol.ro\/cliveti-gheorghe\/#breadcrumb","itemListElement":[{"@type":"ListItem","position":1,"name":"Prima pagin\u0103","item":"https:\/\/institutulxenopol.ro\/"},{"@type":"ListItem","position":2,"name":"Cliveti Gheorghe"}]},{"@type":"WebSite","@id":"https:\/\/institutulxenopol.ro\/#website","url":"https:\/\/institutulxenopol.ro\/","name":"Institutul de Istorie \u201eA. D. Xenopol\u201d Ia\u0219i","description":"Academia Rom\u00e2n\u0103 - Filiala Ia\u0219i","publisher":{"@id":"https:\/\/institutulxenopol.ro\/#organization"},"potentialAction":[{"@type":"SearchAction","target":{"@type":"EntryPoint","urlTemplate":"https:\/\/institutulxenopol.ro\/?s={search_term_string}"},"query-input":{"@type":"PropertyValueSpecification","valueRequired":true,"valueName":"search_term_string"}}],"inLanguage":"en-US"},{"@type":"Organization","@id":"https:\/\/institutulxenopol.ro\/#organization","name":"Institutul de Istorie \u201eA. D. Xenopol\u201d Ia\u0219i","url":"https:\/\/institutulxenopol.ro\/","logo":{"@type":"ImageObject","inLanguage":"en-US","@id":"https:\/\/institutulxenopol.ro\/#\/schema\/logo\/image\/","url":"https:\/\/institutulxenopol.ro\/wp-content\/uploads\/2025\/10\/logo-institut-black-e1761148345490.png","contentUrl":"https:\/\/institutulxenopol.ro\/wp-content\/uploads\/2025\/10\/logo-institut-black-e1761148345490.png","width":432,"height":164,"caption":"Institutul de Istorie \u201eA. D. Xenopol\u201d Ia\u0219i"},"image":{"@id":"https:\/\/institutulxenopol.ro\/#\/schema\/logo\/image\/"},"sameAs":["https:\/\/www.facebook.com\/profile.php?id=61559258097917"]}]}},"_links":{"self":[{"href":"https:\/\/institutulxenopol.ro\/en\/wp-json\/wp\/v2\/pages\/4413","targetHints":{"allow":["GET"]}}],"collection":[{"href":"https:\/\/institutulxenopol.ro\/en\/wp-json\/wp\/v2\/pages"}],"about":[{"href":"https:\/\/institutulxenopol.ro\/en\/wp-json\/wp\/v2\/types\/page"}],"author":[{"embeddable":true,"href":"https:\/\/institutulxenopol.ro\/en\/wp-json\/wp\/v2\/users\/1"}],"replies":[{"embeddable":true,"href":"https:\/\/institutulxenopol.ro\/en\/wp-json\/wp\/v2\/comments?post=4413"}],"version-history":[{"count":28,"href":"https:\/\/institutulxenopol.ro\/en\/wp-json\/wp\/v2\/pages\/4413\/revisions"}],"predecessor-version":[{"id":4894,"href":"https:\/\/institutulxenopol.ro\/en\/wp-json\/wp\/v2\/pages\/4413\/revisions\/4894"}],"wp:attachment":[{"href":"https:\/\/institutulxenopol.ro\/en\/wp-json\/wp\/v2\/media?parent=4413"}],"curies":[{"name":"wp","href":"https:\/\/api.w.org\/{rel}","templated":true}]}}