{"id":4253,"date":"2025-10-24T22:52:41","date_gmt":"2025-10-24T19:52:41","guid":{"rendered":"https:\/\/institutulxenopol.ro\/?page_id=4253"},"modified":"2025-11-21T16:16:10","modified_gmt":"2025-11-21T13:16:10","slug":"nistor-paul","status":"publish","type":"page","link":"https:\/\/institutulxenopol.ro\/en\/nistor-paul\/","title":{"rendered":"Nistor Paul"},"content":{"rendered":"<div data-elementor-type=\"wp-page\" data-elementor-id=\"4253\" class=\"elementor elementor-4253\">\n\t\t\t\t<div class=\"elementor-element elementor-element-170941c e-flex e-con-boxed e-con e-parent\" data-id=\"170941c\" data-element_type=\"container\" data-e-type=\"container\" data-settings=\"{&quot;background_background&quot;:&quot;classic&quot;}\">\n\t\t\t\t\t<div class=\"e-con-inner\">\n\t\t<div class=\"elementor-element elementor-element-163597ed e-con-full e-flex e-con e-child\" data-id=\"163597ed\" data-element_type=\"container\" data-e-type=\"container\">\n\t\t\t\t<\/div>\n\t\t\t\t\t<\/div>\n\t\t\t\t<\/div>\n\t\t<div class=\"elementor-element elementor-element-67462352 e-flex e-con-boxed e-con e-parent\" data-id=\"67462352\" data-element_type=\"container\" data-e-type=\"container\">\n\t\t\t\t\t<div class=\"e-con-inner\">\n\t\t<div class=\"elementor-element elementor-element-1a9a01fa e-con-full e-flex e-con e-child\" data-id=\"1a9a01fa\" data-element_type=\"container\" data-e-type=\"container\">\n\t\t\t\t<div class=\"elementor-element elementor-element-4e55354d elementor-widget elementor-widget-heading\" data-id=\"4e55354d\" data-element_type=\"widget\" data-e-type=\"widget\" data-widget_type=\"heading.default\">\n\t\t\t\t\t<h2 class=\"elementor-heading-title elementor-size-default\">Researcher (Level II) Paul Nistor, PhD<\/h2>\t\t\t\t<\/div>\n\t\t\t\t<div class=\"elementor-element elementor-element-5dfe0a84 elementor-widget elementor-widget-text-editor\" data-id=\"5dfe0a84\" data-element_type=\"widget\" data-e-type=\"widget\" data-widget_type=\"text-editor.default\">\n\t\t\t\t\t\t\t\t\t<p>International Relations History Research Team<\/p>\t\t\t\t\t\t\t\t<\/div>\n\t\t<div class=\"elementor-element elementor-element-7fdc7ffb e-grid e-con-full e-con e-child\" data-id=\"7fdc7ffb\" data-element_type=\"container\" data-e-type=\"container\">\n\t\t\t\t<div class=\"elementor-element elementor-element-3322df4e elementor-widget elementor-widget-image\" data-id=\"3322df4e\" data-element_type=\"widget\" data-e-type=\"widget\" data-widget_type=\"image.default\">\n\t\t\t\t\t\t\t\t\t\t\t\t\t\t\t<img fetchpriority=\"high\" decoding=\"async\" width=\"928\" height=\"898\" src=\"https:\/\/institutulxenopol.ro\/wp-content\/uploads\/2025\/11\/Paul-Nistor-e1762175836602.jpg\" class=\"attachment-full size-full wp-image-4525\" alt=\"\" srcset=\"https:\/\/institutulxenopol.ro\/wp-content\/uploads\/2025\/11\/Paul-Nistor-e1762175836602.jpg 928w, https:\/\/institutulxenopol.ro\/wp-content\/uploads\/2025\/11\/Paul-Nistor-e1762175836602-300x290.jpg 300w, https:\/\/institutulxenopol.ro\/wp-content\/uploads\/2025\/11\/Paul-Nistor-e1762175836602-768x743.jpg 768w, https:\/\/institutulxenopol.ro\/wp-content\/uploads\/2025\/11\/Paul-Nistor-e1762175836602-12x12.jpg 12w\" sizes=\"(max-width: 928px) 100vw, 928px\" \/>\t\t\t\t\t\t\t\t\t\t\t\t\t\t\t<\/div>\n\t\t\t\t<div class=\"elementor-element elementor-element-928ad45 elementor-align-start elementor-icon-list--layout-traditional elementor-list-item-link-full_width elementor-widget elementor-widget-icon-list\" data-id=\"928ad45\" data-element_type=\"widget\" data-e-type=\"widget\" data-widget_type=\"icon-list.default\">\n\t\t\t\t\t\t\t<ul class=\"elementor-icon-list-items\">\n\t\t\t\t\t\t\t<li class=\"elementor-icon-list-item\">\n\t\t\t\t\t\t\t\t\t\t\t<a href=\"mailto:paulnistor3@yahoo.com\">\n\n\t\t\t\t\t\t\t\t\t\t\t\t<span class=\"elementor-icon-list-icon\">\n\t\t\t\t\t\t\t<svg aria-hidden=\"true\" class=\"e-font-icon-svg e-far-envelope\" viewbox=\"0 0 512 512\" xmlns=\"http:\/\/www.w3.org\/2000\/svg\"><path d=\"M464 64H48C21.49 64 0 85.49 0 112v288c0 26.51 21.49 48 48 48h416c26.51 0 48-21.49 48-48V112c0-26.51-21.49-48-48-48zm0 48v40.805c-22.422 18.259-58.168 46.651-134.587 106.49-16.841 13.247-50.201 45.072-73.413 44.701-23.208.375-56.579-31.459-73.413-44.701C106.18 199.465 70.425 171.067 48 152.805V112h416zM48 400V214.398c22.914 18.251 55.409 43.862 104.938 82.646 21.857 17.205 60.134 55.186 103.062 54.955 42.717.231 80.509-37.199 103.053-54.947 49.528-38.783 82.032-64.401 104.947-82.653V400H48z\"><\/path><\/svg>\t\t\t\t\t\t<\/span>\n\t\t\t\t\t\t\t\t\t\t<span class=\"elementor-icon-list-text\">paulnistor3@yahoo.com<\/span>\n\t\t\t\t\t\t\t\t\t\t\t<\/a>\n\t\t\t\t\t\t\t\t\t<\/li>\n\t\t\t\t\t\t\t\t<li class=\"elementor-icon-list-item\">\n\t\t\t\t\t\t\t\t\t\t\t<a href=\"mailto:paulnistor77777@gmail.com\">\n\n\t\t\t\t\t\t\t\t\t\t\t\t<span class=\"elementor-icon-list-icon\">\n\t\t\t\t\t\t\t<svg aria-hidden=\"true\" class=\"e-font-icon-svg e-far-envelope\" viewbox=\"0 0 512 512\" xmlns=\"http:\/\/www.w3.org\/2000\/svg\"><path d=\"M464 64H48C21.49 64 0 85.49 0 112v288c0 26.51 21.49 48 48 48h416c26.51 0 48-21.49 48-48V112c0-26.51-21.49-48-48-48zm0 48v40.805c-22.422 18.259-58.168 46.651-134.587 106.49-16.841 13.247-50.201 45.072-73.413 44.701-23.208.375-56.579-31.459-73.413-44.701C106.18 199.465 70.425 171.067 48 152.805V112h416zM48 400V214.398c22.914 18.251 55.409 43.862 104.938 82.646 21.857 17.205 60.134 55.186 103.062 54.955 42.717.231 80.509-37.199 103.053-54.947 49.528-38.783 82.032-64.401 104.947-82.653V400H48z\"><\/path><\/svg>\t\t\t\t\t\t<\/span>\n\t\t\t\t\t\t\t\t\t\t<span class=\"elementor-icon-list-text\">paulnistor77777@gmail.com<\/span>\n\t\t\t\t\t\t\t\t\t\t\t<\/a>\n\t\t\t\t\t\t\t\t\t<\/li>\n\t\t\t\t\t\t<\/ul>\n\t\t\t\t\t\t<\/div>\n\t\t\t\t<\/div>\n\t\t\t\t<\/div>\n\t\t\t\t<div class=\"elementor-element elementor-element-2028d411 elementor-widget elementor-widget-spacer\" data-id=\"2028d411\" data-element_type=\"widget\" data-e-type=\"widget\" data-widget_type=\"spacer.default\">\n\t\t\t\t\t\t\t<div class=\"elementor-spacer\">\n\t\t\t<div class=\"elementor-spacer-inner\"><\/div>\n\t\t<\/div>\n\t\t\t\t\t\t<\/div>\n\t\t\t\t<div class=\"elementor-element elementor-element-4b88c8b8 elementor-widget elementor-widget-eael-adv-tabs\" data-id=\"4b88c8b8\" data-element_type=\"widget\" data-e-type=\"widget\" data-widget_type=\"eael-adv-tabs.default\">\n\t\t\t\t\t        <div data-scroll-on-click=\"\" data-scroll-speed=\"300\" id=\"eael-advance-tabs-4b88c8b8\" class=\"eael-advance-tabs eael-tabs-horizontal eael-tab-auto-active  active-caret-on\" data-tabid=\"4b88c8b8\">\n            <div class=\"eael-tabs-nav\">\n                <ul class=\"\" role=\"tablist\">\n                                            <li id=\"prezentare\" class=\"inactive eael-tab-item-trigger eael-tab-nav-item\" aria-selected=\"true\" data-tab=\"1\" role=\"tab\" tabindex=\"0\" aria-controls=\"prezentare-tab\" aria-expanded=\"false\">\n                            \n                            \n                            \n                                                            <span class=\"eael-tab-title title-after-icon\" >Prezentare<\/span>                                                    <\/li>\n                                            <li id=\"publicaii\" class=\"inactive eael-tab-item-trigger eael-tab-nav-item\" aria-selected=\"false\" data-tab=\"2\" role=\"tab\" tabindex=\"-1\" aria-controls=\"publicaii-tab\" aria-expanded=\"false\">\n                            \n                            \n                            \n                                                            <span class=\"eael-tab-title title-after-icon\" >Publications<\/span>                                                    <\/li>\n                                            <li id=\"curriculum-vitae\" class=\"inactive eael-tab-item-trigger eael-tab-nav-item\" aria-selected=\"false\" data-tab=\"3\" role=\"tab\" tabindex=\"-1\" aria-controls=\"curriculum-vitae-tab\" aria-expanded=\"false\">\n                            \n                            \n                            \n                                                            <span class=\"eael-tab-title title-after-icon\" >Curriculum vitae<\/span>                                                    <\/li>\n                    \n                                  <\/ul>\n            <\/div>\n            \n            <div class=\"eael-tabs-content\">\n\t\t        \n                    <div id=\"prezentare-tab\" class=\"clearfix eael-tab-content-item inactive\" data-title-link=\"prezentare-tab\">\n\t\t\t\t        <p style=\"text-align: justify\"><strong>Paul Nistor<\/strong> este cercet\u0103tor \u015ftiin\u0163ific II la Institutul de Istorie \u201eA.D. Xenopol\u201d, Filiala Ia\u0219i a Academiei Rom\u00e2ne, specializarea rela\u0163ii interna\u0163ionale. Preocup\u0103rile sale vizeaz\u0103 politica extern\u0103 a Rom\u00e2niei comuniste, \u00een prima perioad\u0103 a R\u0103zboiului Rece. Dintre domeniile sale de interes, enumer\u0103m: rela\u0163ii rom\u00e2no-americane, rela\u021bii Rom\u00e2nia \u2013 ONU, folosirea propagandei \u015fi ideologiei \u00een politica extern\u0103, cultur\u0103 \u0219i economie \u00een politica extern\u0103 a Rom\u00e2niei comuniste. Paul Nistor are un doctorat \u00een rela\u021bii rom\u00e2no-americane, pentru perioada 1947-1953. Lucr\u0103rile sale de autor: \u00cenfrunt\u00e2nd Vestul. PCR, Rom\u00e2nia lui Dej \u015fi politica american\u0103 de \u00eengr\u0103dire a comunismului &#8211; 2006, Propagand\u0103 \u015fi politic\u0103 extern\u0103 rom\u00e2neasc\u0103 \u00een secolul XX \u2013 2013, Admiterea Rom\u00e2niei comuniste \u00een ONU \u2013 2014. Lucrare coordonat\u0103: Diploma\u0163ie \u015fi destine diplomatice \u00een lumea rom\u00e2neasc\u0103 &#8211; 2011. Paul Nistor a fost membru \u00een proiecte referitoare la discursul istoric \u00een politica extern\u0103 rom\u00e2neasc\u0103, propaganda prin art\u0103, memorie \u0219i identitate de frontier\u0103. A fost redactor-\u0219ef al revistei East European Journal of Diplomatic History, editat\u0103 de Institutul de Istorie \u201eA.D. Xenopol\u201d \u0219i Asocia\u021bia de Rela\u021bii Interna\u021bionale \u201eEst-Democra\u021bia\u201d.<\/p>                    <\/div>\n\t\t        \n                    <div id=\"publicaii-tab\" class=\"clearfix eael-tab-content-item inactive\" data-title-link=\"publicaii-tab\">\n\t\t\t\t        <style>.elementor-4273 .elementor-element.elementor-element-3957b8dd{--display:flex;}.elementor-4273 .elementor-element.elementor-element-54e43c27 .eael-adv-accordion .eael-accordion-list .eael-accordion-header .fa-accordion-icon{font-size:16px;color:var( --e-global-color-secondary );}.elementor-4273 .elementor-element.elementor-element-54e43c27 .eael-adv-accordion .eael-accordion-list .eael-accordion-header svg.fa-accordion-icon{height:16px;width:16px;line-height:16px;}.elementor-4273 .elementor-element.elementor-element-54e43c27 .eael-accordion_media-list .eael-accordion_media-icon i{font-size:16px;}.elementor-4273 .elementor-element.elementor-element-54e43c27 .eael-accordion_media-list .eael-accordion_media-icon svg{height:16px;width:16px;line-height:16px;}.elementor-4273 .elementor-element.elementor-element-54e43c27 .eael-adv-accordion .eael-accordion-list .eael-accordion-header .fa-accordion-icon,\n                    .elementor-4273 .elementor-element.elementor-element-54e43c27 .eael-accordion_media-wrapper .eael-accordion_media-lists .eael-accordion_media-list{gap:10px;}.elementor-4273 .elementor-element.elementor-element-54e43c27 .eael-adv-accordion .eael-accordion-list .eael-accordion-header, \n                .elementor-4273 .elementor-element.elementor-element-54e43c27 .eael-accordion_media-wrapper .eael-accordion_media-list{background-color:var( --e-global-color-astglobalcolor4 );}.elementor-4273 .elementor-element.elementor-element-54e43c27 .eael-adv-accordion .eael-accordion-list .eael-accordion-header .eael-accordion-tab-title{color:var( --e-global-color-secondary );}.elementor-4273 .elementor-element.elementor-element-54e43c27 .eael-accordion_media-content .eael-accordion_media-title{color:var( --e-global-color-secondary );}.elementor-4273 .elementor-element.elementor-element-54e43c27 .eael-adv-accordion .eael-accordion-list .eael-accordion-header .fa-accordion-icon-svg svg{color:var( --e-global-color-secondary );fill:var( --e-global-color-secondary );}.elementor-4273 .elementor-element.elementor-element-54e43c27 .eael-adv-accordion .eael-accordion-list .eael-accordion-header svg{fill:var( --e-global-color-secondary );}.elementor-4273 .elementor-element.elementor-element-54e43c27 .eael-accordion_media-list .eael-accordion_media-icon{color:var( --e-global-color-secondary );}.elementor-4273 .elementor-element.elementor-element-54e43c27 .eael-adv-accordion .eael-accordion-list .eael-accordion-header:hover .eael-accordion-tab-title,\n                    .elementor-4273 .elementor-element.elementor-element-54e43c27 .eael-accordion_media-list:not(.active):hover .eael-accordion_media-title{color:var( --e-global-color-primary );}.elementor-4273 .elementor-element.elementor-element-54e43c27 .eael-adv-accordion .eael-accordion-list .eael-accordion-header:hover .fa-accordion-icon{color:var( --e-global-color-primary );}.elementor-4273 .elementor-element.elementor-element-54e43c27 .eael-adv-accordion .eael-accordion-list .eael-accordion-header:hover .fa-accordion-icon svg{color:var( --e-global-color-primary );fill:var( --e-global-color-primary );}.elementor-4273 .elementor-element.elementor-element-54e43c27 .eael-adv-accordion .eael-accordion-list .eael-accordion-header:hover svg.fa-accordion-icon{fill:var( --e-global-color-primary );}.elementor-4273 .elementor-element.elementor-element-54e43c27 .eael-accordion_media-list:hover .eael-accordion_media-icon i{color:var( --e-global-color-primary );}.elementor-4273 .elementor-element.elementor-element-54e43c27 .eael-accordion_media-list:hover .eael-accordion_media-icon svg{fill:var( --e-global-color-primary );}.elementor-4273 .elementor-element.elementor-element-54e43c27 .eael-adv-accordion .eael-accordion-list .eael-accordion-header.active{color:var( --e-global-color-primary );}.elementor-4273 .elementor-element.elementor-element-54e43c27 .eael-adv-accordion .eael-accordion-list .eael-accordion-header.active .eael-accordion-tab-title{color:var( --e-global-color-primary );}.elementor-4273 .elementor-element.elementor-element-54e43c27 .eael-adv-accordion .eael-accordion-list .eael-accordion-header.active .fa-accordion-icon{color:var( --e-global-color-primary );}.elementor-4273 .elementor-element.elementor-element-54e43c27 .eael-adv-accordion .eael-accordion-list .eael-accordion-header.active .fa-accordion-icon svg{color:var( --e-global-color-primary );fill:var( --e-global-color-primary );}.elementor-4273 .elementor-element.elementor-element-54e43c27 .eael-adv-accordion .eael-accordion-list .eael-accordion-header.active svg.fa-accordion-icon{fill:var( --e-global-color-primary );}.elementor-4273 .elementor-element.elementor-element-54e43c27 .eael-accordion_media-list.active .eael-accordion_media-icon i{color:var( --e-global-color-primary );}.elementor-4273 .elementor-element.elementor-element-54e43c27 .eael-accordion_media-list.active .eael-accordion_media-icon svg{fill:var( --e-global-color-primary );}.elementor-4273 .elementor-element.elementor-element-54e43c27 .eael-adv-accordion .eael-accordion-list .eael-accordion-content{color:var( --e-global-color-secondary );}.elementor-4273 .elementor-element.elementor-element-54e43c27 .eael-accordion_media-list .eael-accordion_media-content .eael-accordion_media-description{color:var( --e-global-color-secondary );}<\/style>\t\t<div data-elementor-type=\"container\" data-elementor-id=\"4273\" class=\"elementor elementor-4273\">\n\t\t\t\t<div class=\"elementor-element elementor-element-3957b8dd e-flex e-con-boxed e-con e-parent\" data-id=\"3957b8dd\" data-element_type=\"container\" data-e-type=\"container\">\n\t\t\t\t\t<div class=\"e-con-inner\">\n\t\t\t\t<div class=\"elementor-element elementor-element-54e43c27 elementor-widget elementor-widget-eael-adv-accordion\" data-id=\"54e43c27\" data-element_type=\"widget\" data-e-type=\"widget\" data-widget_type=\"eael-adv-accordion.default\">\n\t\t\t\t\t            <div class=\"eael-adv-accordion\" id=\"eael-adv-accordion-54e43c27\" data-scroll-on-click=\"no\" data-scroll-speed=\"300\" data-accordion-id=\"54e43c27\" data-accordion-type=\"accordion\" data-toogle-speed=\"300\">\n            <div class=\"eael-accordion-list\">\n\t\t\t\t\t<div id=\"carte-cu-caracter-de-monografie\" class=\"elementor-tab-title eael-accordion-header\" tabindex=\"0\" data-tab=\"1\" aria-controls=\"elementor-tab-content-1421\"><span class=\"eael-advanced-accordion-icon-closed\"><svg aria-hidden=\"true\" class=\"fa-accordion-icon e-font-icon-svg e-fas-plus\" viewbox=\"0 0 448 512\" xmlns=\"http:\/\/www.w3.org\/2000\/svg\"><path d=\"M416 208H272V64c0-17.67-14.33-32-32-32h-32c-17.67 0-32 14.33-32 32v144H32c-17.67 0-32 14.33-32 32v32c0 17.67 14.33 32 32 32h144v144c0 17.67 14.33 32 32 32h32c17.67 0 32-14.33 32-32V304h144c17.67 0 32-14.33 32-32v-32c0-17.67-14.33-32-32-32z\"><\/path><\/svg><\/span><span class=\"eael-advanced-accordion-icon-opened\"><svg aria-hidden=\"true\" class=\"fa-accordion-icon e-font-icon-svg e-fas-minus\" viewbox=\"0 0 448 512\" xmlns=\"http:\/\/www.w3.org\/2000\/svg\"><path d=\"M416 208H32c-17.67 0-32 14.33-32 32v32c0 17.67 14.33 32 32 32h384c17.67 0 32-14.33 32-32v-32c0-17.67-14.33-32-32-32z\"><\/path><\/svg><\/span><span class=\"eael-accordion-tab-title\">Carte cu caracter de monografie<\/span><\/div><div id=\"elementor-tab-content-1421\" class=\"eael-accordion-content clearfix\" data-tab=\"1\" aria-labelledby=\"carte-cu-caracter-de-monografie\"><p>&#8211; Paul Nistor, \u00cenfrunt\u00e2nd Vestul. P.C.R., Rom\u00e2nia lui Dej \u015fi politica american\u0103 de \u00eengr\u0103dire a comunismului, Editura Vremea, Bucure\u015fti, 2006. (Teza de doctorat)<\/p><p>&#8211; Paul Nistor, Propagand\u0103 \u015fi politic\u0103 extern\u0103 rom\u00e2neasc\u0103 \u00een secolul XX, Editura Institutul European, Ia\u015fi, 2013.<\/p><p>&#8211; Paul Nistor, Admiterea Rom\u00e2niei \u00een ONU. \u00centre negocieri diplomatice \u015fi discreditare simbolic\u0103, Editura Institutul European, Ia\u015fi, 2014.<\/p><\/div>\n\t\t\t\t\t<\/div><div class=\"eael-accordion-list\">\n\t\t\t\t\t<div id=\"volume-colective-coordonate-ediie-critic-de-documente\" class=\"elementor-tab-title eael-accordion-header\" tabindex=\"0\" data-tab=\"2\" aria-controls=\"elementor-tab-content-1422\"><span class=\"eael-advanced-accordion-icon-closed\"><svg aria-hidden=\"true\" class=\"fa-accordion-icon e-font-icon-svg e-fas-plus\" viewbox=\"0 0 448 512\" xmlns=\"http:\/\/www.w3.org\/2000\/svg\"><path d=\"M416 208H272V64c0-17.67-14.33-32-32-32h-32c-17.67 0-32 14.33-32 32v144H32c-17.67 0-32 14.33-32 32v32c0 17.67 14.33 32 32 32h144v144c0 17.67 14.33 32 32 32h32c17.67 0 32-14.33 32-32V304h144c17.67 0 32-14.33 32-32v-32c0-17.67-14.33-32-32-32z\"><\/path><\/svg><\/span><span class=\"eael-advanced-accordion-icon-opened\"><svg aria-hidden=\"true\" class=\"fa-accordion-icon e-font-icon-svg e-fas-minus\" viewbox=\"0 0 448 512\" xmlns=\"http:\/\/www.w3.org\/2000\/svg\"><path d=\"M416 208H32c-17.67 0-32 14.33-32 32v32c0 17.67 14.33 32 32 32h384c17.67 0 32-14.33 32-32v-32c0-17.67-14.33-32-32-32z\"><\/path><\/svg><\/span><span class=\"eael-accordion-tab-title\">Volume colective coordonate, edi\u021bie critic\u0103 de documente<\/span><\/div><div id=\"elementor-tab-content-1422\" class=\"eael-accordion-content clearfix\" data-tab=\"2\" aria-labelledby=\"volume-colective-coordonate-ediie-critic-de-documente\"><p>&#8211; Paul Nistor, Adrian-Bogdan Ceobanu, coordonatori, Diploma\u0163ie \u015fi destine diplomatice \u00een lumea rom\u00e2neasc\u0103, Editura Cetatea de Scaun, T\u00e2rgovi\u015fte. 2011.<\/p><\/div>\n\t\t\t\t\t<\/div><div class=\"eael-accordion-list\">\n\t\t\t\t\t<div id=\"studii-n-reviste-sau-n-volume-colective\" class=\"elementor-tab-title eael-accordion-header\" tabindex=\"0\" data-tab=\"3\" aria-controls=\"elementor-tab-content-1423\"><span class=\"eael-advanced-accordion-icon-closed\"><svg aria-hidden=\"true\" class=\"fa-accordion-icon e-font-icon-svg e-fas-plus\" viewbox=\"0 0 448 512\" xmlns=\"http:\/\/www.w3.org\/2000\/svg\"><path d=\"M416 208H272V64c0-17.67-14.33-32-32-32h-32c-17.67 0-32 14.33-32 32v144H32c-17.67 0-32 14.33-32 32v32c0 17.67 14.33 32 32 32h144v144c0 17.67 14.33 32 32 32h32c17.67 0 32-14.33 32-32V304h144c17.67 0 32-14.33 32-32v-32c0-17.67-14.33-32-32-32z\"><\/path><\/svg><\/span><span class=\"eael-advanced-accordion-icon-opened\"><svg aria-hidden=\"true\" class=\"fa-accordion-icon e-font-icon-svg e-fas-minus\" viewbox=\"0 0 448 512\" xmlns=\"http:\/\/www.w3.org\/2000\/svg\"><path d=\"M416 208H32c-17.67 0-32 14.33-32 32v32c0 17.67 14.33 32 32 32h384c17.67 0 32-14.33 32-32v-32c0-17.67-14.33-32-32-32z\"><\/path><\/svg><\/span><span class=\"eael-accordion-tab-title\">Studii \u00een reviste sau \u00een volume colective<\/span><\/div><div id=\"elementor-tab-content-1423\" class=\"eael-accordion-content clearfix\" data-tab=\"3\" aria-labelledby=\"studii-n-reviste-sau-n-volume-colective\"><p>&#8211; Sf\u00e2r\u015fitul R\u0103zboiului Rece \u00een volumul Rela\u0163ii Interna\u0163ionale, Editura Universit\u0103\u0163ii \u201ePetre Andrei\u201d, Ia\u015fi,1997.<br \/>&#8211; Reforma ONU \u00een volumul Rela\u0163ii Interna\u0163ionale, Editura Universit\u0103\u0163ii \u201ePetre Andrei\u201d, Ia\u015fi, 1998.<br \/>&#8211; Problema memoriei \u00een rela\u0163iile interna\u0163ionale. Tratatul rom\u00e2no-ucrainean, 1997, \u00een \u201eXenopoliana\u201d, XI,1-4, Funda\u0163ia Academic\u0103 \u201eA.D.Xenopol\u201d, Ia\u015fi, 2002.<br \/>&#8211; Reac\u0163ii rom\u00e2ne\u015fti la formarea Pactului Nord Atlantic (1949) \u00een \u201eAnuarul Institutului de Istorie \u00abA.D. Xenopol\u00bb\u201d, XXXIX-XL, Ia\u015fi, 2002-2003.<br \/>&#8211; \u201eGeniul\u201d lui George F. Kennan \u015fi geopolitica R\u0103zboiului Rece, \u00een \u201eAnuarul Institutului de Istorie \u00abA.D. Xenopol\u00bb\u201d, Ia\u015fi, 2004. <br \/>&#8211; Viziunea de politic\u0103 extern\u0103 a PNL \u00een perioada post-decembrist\u0103, \u00een \u201eXenopoliana\u201d, Liberalismul rom\u00e2nesc. Tendin\u0163e, structuri,personalit\u0103\u0163i \u2013 XII, 2005.<br \/>&#8211; Ideea de putere \u00een rela\u0163iile interna\u0163ionale. Cazul Uniunii Europene la \u00eenceputul anilor \u201990, \u00een \u201eAnuarul Institutului de Istorie \u00abA.D. Xenopol\u00bb\u201d, tom LXII, 2005.<br \/>&#8211; Rom\u00e2nia \u015fi ONU la \u00eenceputul R\u0103zboiului Rece, \u00een Istorie \u015fi Societate \u00een spa\u0163iul est-carpatic (secolele XIII-XX), Ia\u015fi, Editura Junimea, 2005.<br \/>&#8211; The Policy of the Revolutionary Revisionism. Romanian reaction to the NATO formation (1949), \u00een \u201eAnalele ANTIM\u201d (Asocia\u0163ia Na\u0163ional\u0103 a Tinerilor Istorici din Moldova) nr. 6, Chi\u015fin\u0103u, 2005, p. 157-164.<br \/>&#8211; S\u0103rb\u0103torile comuniste \u015fi propaganda rom\u00e2neasc\u0103 \u00een America, \u00een \u201eXenopoliana\u201d, XIV, 2006.<br \/>&#8211; Diploma\u0163ia de R\u0103zboi rece. Rela\u0163iile rom\u00e2no-americane \u00een 1949, \u00een \u201dAnuarul Institutului de Istorie \u201d, Tom XLIII, 2006 <br \/>&#8211; Admiterea Rom\u00e2niei \u00een ONU. Efect al dinamicii sistemului interna\u0163ional de state, \u00een Rela\u0163ii Interna\u0163ionale. Lumea de ieri, lumea de m\u00e2ine, Editura PIM, Ia\u015fi, 2007, p. 139-156. <br \/>&#8211; Rom\u00e2nia \u00een strategiile americane de \u00eengr\u0103dire a comunismului(1947 -1951), \u00een \u201eEuropa XXI\u201d, revist\u0103 a Centrului De Istorie \u015fi Civiliza\u0163ie European\u0103, Ia\u015fi, vol. XV-XVI, 2006-2007, p. 367-378.<br \/>&#8211; Diploma\u0163ia \u2013 profesie \u015fi dram\u0103 individual\u0103. Personalul Lega\u0163iei Rom\u00e2niei din Washington la \u00eenceputul R\u0103zboiului Rece, \u00een Studii de istorie a rom\u00e2nilor \u015fi a rela\u0163iilor interna\u0163ionale, Lucian Leu\u015ftean, Petronel Zahariuc, Dan M\u00e2\u0163\u0103 (editori), Ia\u015fi, Editura Universit\u0103\u0163ii \u201eAl. I. Cuza\u201d, 2007, p. 287 \u2013 302.<br \/>&#8211; Partidul Conservator, lumea rural\u0103 \u015fi politica agrar\u0103 a PNL dup\u0103 r\u0103scoala din 1907, \u00een Conservatorismul rom\u00e2nesc. Origini, evolu\u0163ii, perspective, Liviu Br\u0103tescu, Mihai Chiper (coordonatori), Editura PIM, Ia\u015fi, 2008, p. 77-88.<br \/>&#8211; Rela\u0163iile nonpolitice ale Rom\u00e2niei cu statele estice la \u00eenceputul R\u0103zboiului Rece, \u00een volumul Stat si societate \u00een Europa, Editura Universitaria Craiova, Craiova, 2008.<br \/>&#8211; Prima participare rom\u00e2neasc\u0103 la ONU- 1956, \u00een \u201eAnuarul Institutului de Istorie \u00abA.D. Xenopol\u00bb\u201d, tom XLV, 2008.<br \/>&#8211; Noua dispor\u0103 rus\u0103 \u015fi rela\u0163iile ei cu Moscova, \u00een revista \u201eEchidistan\u0163e\u201d, Ia\u015fi, 2008.<br \/>&#8211; Rela\u0163iile Rom\u00e2niei cu ONU la mijlocul secolului XX. De la frustrare la umilire interna\u0163ional\u0103, \u00een volumul Lumea diploma\u0163iei. Lumea conflictului, Editura PIM, Ia\u015fi, 2009.<br \/>&#8211; Rela\u0163ii Rom\u00e2niei comuniste cu U.R.S.S. \u00een 1955. Aspecte culturale \u015fi nonpolitice, \u00een \u201eAnuarul Institutului \u00abA.D. Xenopol\u00bb\u201d, Ia\u015fi, 2009.<br \/>&#8211; Rela\u0163iile Republicii Populare Rom\u00e2ne cu blocul comunist la \u00eenceputul R\u0103zboiului Rece, \u00een volumul Rom\u00e2nia \u015fi sistemele de securitate \u00een Europa (1919-1975), coordonatori Ioan Ciuperc\u0103, Bogdan Schipor \u015fi Dan M\u00e2\u0163\u0103, Editura Universit\u0103\u0163ii \u201eAl. I. Cuza\u201d, Ia\u015fi, 2009. <br \/>&#8211; Rom\u00e2nii din America \u015fi diploma\u0163ia comunist\u0103, \u00een Paradigmele Istoriei, coordonator Stela Cheptea, vol. II, Casa Editorial\u0103 Demiurg, Ia\u015fi, 2009.<br \/>&#8211; Monarhia sub supravegherea diploma\u0163iei Rom\u00e2niei comuniste (1947-1948), \u00een \u201eAnalele Universit\u0103\u021bii din Craiova\u201d, Seria Istorie, an XIV, nr. 2(16)\/2009, categoria B+, Baza de Date Internationale SCOPUS.<br \/>&#8211; The Five who scared \u2026 America, too. The immediate effects of the attempt in Bern (1955) over the Romanian Diplomacy. The American case, \u00een \u201eValahian Journal of Historical Studies\u201d, Nr. 12, Winter\/2009, categoria B+, T\u00e2rgovi\u015fte, 2009. <br \/>&#8211; Discurs istoric \u015fi diploma\u0163ie. S\u0103rb\u0103torirea Marii Uniri \u00een Polonia (1928), \u00een \u201eCercet\u0103ri istorice\u201d, Complexul Muzeal Moldova, 2010.<br \/>&#8211; America, rapoarte diplomatice (1951), \u00een \u201eRevista rom\u00e2no-american\u0103\u201d, seria a doua, ianuarie 2010, nr. XIX-XX, Bucure\u015fti, 2010.<br \/>&#8211; Imaginea adversarului \u00een caricaturile R\u0103zboiului Rece, \u00een volumul De la fictiv la real. Imaginea, imaginarul, imagologia, coordonatori Andi Mihalache si Silvia Marin, Iasi, Editura Universit\u0103\u0163ii \u201eAl.I. Cuza&#8221;, 2010. <br \/>&#8211; Proiecte de propagand\u0103 \u015fi informare ale diploma\u0163ilor rom\u00e2ni \u00een America (1947), \u00een \u201eAnuarul Institutului \u00abA.D. Xenopol\u00bb\u201d, \u2013 2010, Ia\u015fi.<br \/>&#8211; Activitatea Lega\u0163iei R.P.R la Washington (1954-1955), \u00een \u201eAnalele Universit\u0103\u0163ii din Craiova\u201d, Seria Istorie, an XV, nr. 2(18)\/2010.<br \/>&#8211; History and International Propaganda. The Case of Bessarabia and Alexandru Boldur, \u00een \u201eValachian Journal of Historical Studies\u201d, vol. 14, Winter 2010, T\u00e2rgovi\u0219te.<br \/>&#8211; Propaganda Rom\u00e2niei comuniste \u00een America, la \u00eenceputul R\u0103zboiului Rece (1950), \u00een \u201eStudii \u015fi Materiale de Istorie Contemporan\u0103\u201d, Institutul de Istorie \u201eNicolae Iorga\u201d, Bucure\u015fti, serie nou\u0103, vol IX\/2010, p. 154-173.<br \/>&#8211; Cultur\u0103, carte, ideologie \u015fi propagand\u0103 extern\u0103 rom\u00e2neasc\u0103 \u00een timpul R\u0103zboiului Rece. Cazul american (1950-1954), \u00een \u201eAnuarul Muzeului Literaturii Rom\u00e2ne\u201d, Ia\u015fi &#8211; 2010, vol. III, Editura Junimea, Ia\u015fi.<br \/>&#8211; Shaping the Image of the Enemy in the Political Cartoons During the Cold War, \u00een \u201eTransylvanian Review\u201d, XIX, 2010, suppl. 5:2, p. 285-300. Publica\u0163ie indexat\u0103 ISI Arts&amp; Humanities Citation Index.<br \/>&#8211; Mihail Ralea \u2013 primul ministru plenipoten\u0163iar al Rom\u00e2niei comuniste \u00een America, \u00een volumul Diploma\u0163ie \u015fi destine diplomatice \u00een lumea rom\u00e2neasc\u0103, coordonatori Paul Nistor, Adrian-Bogdan Ceobanu, Editura Cetatea de Scaun, T\u00e2rgovi\u015fte, 2011, p. 299-308, ISBN 978-606-537-074-6.<br \/>&#8211; Rela\u0163iile dintre Romania comunist\u0103 \u0219i O.N.U. \u2013 1953, \u00een \u201eAnalele Universit\u0103\u0163ii din Craiova\u201d, Serie Istorie, an XVI, nr. 1(19)\/2011.<br \/>&#8211; Lega\u0163ia Rom\u00e2niei comuniste de la Washington \u015fi supravegherea coloniei rom\u00e2ne din America \u00een 1950, \u00een volumul Colocviul Na\u0163ional de Istorie, Istoria Artei Decorative \u015fi Conservare-Restaurare, vol. II, Muzeul Na\u0163ional Cotroceni, Bucure\u015fti, 2011, p. 51-68.<br \/>&#8211; Diploma\u0163i rom\u00e2ni \u00een America, \u00een \u201eRevista rom\u00e2no-american\u0103\u201d, Nr. XXI, ianuarie 2011, Bucure\u015fti.<br \/>&#8211; Propaganda rom\u00e2neasc\u0103 prin cultur\u0103 \u015fi istorie \u00een Italia celui de-al doilea r\u0103zboi mondial (1941, 1942), \u00een volumul Partide politice \u015fi minorit\u0103\u0163i na\u0163ionale din Rom\u00e2nia \u00een secolul XX, Editura Techno Media, Sibiu, 2011.<br \/>&#8211; Rela\u0163iile dintre Republica Popular\u0103 Rom\u00e2n\u0103 \u0219i O.N.U. \u2013 1954, \u00een \u201eAnuarul Institutului de Istorie \u00abA.D. Xenopol\u00bb\u201d, Ia\u015fi, 2011.<br \/>&#8211; Istorie \u0219i propagand\u0103. Imaginea Rom\u00e2niei Mari \u00een societatea american\u0103 interbelic\u0103, \u00een \u201eAnuarul Asocia\u0163iei Tinerilor Istorici din Republica Moldova (ANTIM)\u201d, Chi\u015fin\u0103u, nr. 10, 2012.<br \/>&#8211; Arti\u015ftii la \u00eenceputul regimului comunist, \u00een \u201eAnalele Universit\u0103\u0163ii din Craiova\u201d, Seria Istorie, 2012, Nr. 1(21). (Revist\u0103 \u00eenscris\u0103 \u00een baze de date interna\u0163ionale)<br \/>&#8211; Politica extern\u0103 a Rom\u00e2niei comuniste \u00een anii 50 ai secolului XX. O abordare istoriografic\u0103, \u00een \u201eAnuarul Institutului \u00abA.D. Xenopol\u00bb\u201d, 2012.<br \/>&#8211; Ritualuri diplomatice \u00een timpul R\u0103zboiului Rece. Instalarea lui Silviu Brucan \u00een calitatre de ministru plenipoten\u0163iar al Rom\u00e2niei \u00een SUA (1956), \u00een volumul Stat \u015fi societate, Editura \u201eValahia\u201d, T\u00e2rgovi\u015fte, 2013. <br \/>&#8211; Rela\u0163ii rom\u00e2no-americane la finalul perioadei staliniste (1952), \u00een \u201eCarpica\u201d, XLI, 2012, revist\u0103 a Complexului Muzeal \u201eIulian Antonescu\u201d Bac\u0103u.<br \/>&#8211; Uniunea Arti\u015ftilor Plastici \u015fi ideologizarea artei \u00een Rom\u00e2nia dup\u0103 cel de-al doilea r\u0103zboi mondial, \u00een \u201eStudii \u015fi Materiale de Istorie Contemporan\u0103\u201d, Institutul de Istorie \u201eNicolae Iorga\u201d, Bucure\u015fti, serie nou\u0103, vol XI\/2012. <br \/>&#8211; Diploma\u0163ie \u015fi propagand\u0103 \u00een rela\u0163iile rom\u00e2no-americane \u00een anii 50, \u00een \u201eRevista rom\u00e2no-american\u0103\u201d, Nr. XXIII, 2013, Bucure\u015fti.<br \/>&#8211; The relations between communist Romania and United Nations in the early Cold War (1945-1955) \u00een volumul Romanian and European Diplomacy. From Cabinet Diplomacy to the 21st Century Challenges, edited by Gh. Cliveti, Adrian Bogdan Ceobanu, Adrian Vi\u0163alaru and Ionu\u0163 Nistor, Beit Casa Editrice, Editura UAIC, Trieste-Iasi, 2012.<br \/>&#8211; Rela\u021biile interna\u021bionale ale Rom\u00e2niei \u00een anii &#8217;50 ai secolului al XX-lea. Cadrul general, principalele evenimente, rela\u021bii bilaterale \u0219i accesul \u00een organiza\u021biile interna\u021bionale, \u201eCercet\u0103ri Istorice\u201d, serie nou\u0103, XXX-XXXI, 2011-2012, Ia\u0219i, 2012.<br \/>&#8211; Basarabia \u00een discu\u0163iile comuni\u015ftilor rom\u00e2ni cu sovieticii: pretext de \u015fantaj sau obiect de negociere?, revista \u201eHistoria\u201d, An XII, Nr. 125, mai 2012.<br \/>&#8211; Basarabia 200: de la istoria real\u0103 la politica manualelor \u015fcolare, \u00een revista \u201eConvorbiri literare\u201d, Ia\u015fi, mai 2012.<br \/>&#8211; Istoria Basarabiei \u2013 o tragedie bicentenar\u0103, \u00een revista \u201eConvorbiri literare\u201d, Ia\u015fi, iunie 2012.<br \/>&#8211; O rela\u0163ie dificil\u0103: Rom\u00e2nia \u015fi Na\u0163iunile Unite \u00een 1948, \u00een \u201eAnuarul Institutului \u00abA.D. Xenopol\u00bb \u201d, 2013, Ia\u015fi. <br \/>&#8211; The beginning of cultural diplomacy in Romanian-American relations, after Romania\u2019s admission to the United Nations, \u00een Valahian Journal of Historical Studies, No 18-19, 2012-2013, Universitatea \u201eValahia\u201d, T\u00e2rgovi\u015fte. Cota\u0163ie B, indexat\u0103 \u00een baze de date interna\u0163ionale CEEOL, Ebsco, IndexCopernicus, Scipio.<\/p><p>&#8211; R\u0103zboiul ideilor. Istoricii \u015fi propaganda pentru teritoriile rom\u00e2ne\u015fti (1941-1942), \u00een \u201eStudii \u015fi materiale de Istorie contemporan\u0103\u201d, vol XII, 2013, Institutul de Istorie \u201eNicolae Iorga\u201d, Bucure\u015fti. (Revist\u0103 \u00eenscris\u0103 \u00een baze de date interna\u0163ionale)<br \/>&#8211; La diplomatie de la Roumanie communiste et la surveillance des Roumains &lt;bourgeois&gt; d\u2019Amerique (1950), \u201eCahier D\u2019Histoire Imm\u00e9diate\u201d, No. 44, 2013, Dossier sp\u00e9cial Roumanie, cords. Bertrand Vayssi\u00e9re et Adrian Vi\u0163alaru. <br \/>&#8211; Rela\u021biile Rom\u00e2niei comuniste cu ONU la mijlocul secolului XX. \u00cencerc\u0103ri e\u0219uate de accedere \u00een institu\u021bia mondial\u0103 (1951-1952), \u00een volumul The Proceedings of the International Conference Globalization, Intercultural Dialogue and National Identity, Universitatea \u201ePetru Maior\u201d, 29-30 mai 2014, T\u00e2rgu Mure\u0219, Sec\u0163iunea Political Sciencies, Arhipelag XXI Press, 2014, pp. 488-497. <br \/>&#8211; Continuarea durit\u0103\u0163ii diplomatice \u00een rela\u0163iile rom\u00e2no-americane dup\u0103 moartea lui Stalin (1953), \u00een volumul In memoriam Gheorghe Buzatu, Stela Cheptea, Horia Dumitrescu (coordonatori), Editura Tipo Moldova, Ia\u015fi, 2014.<br \/>&#8211; Ridicarea drapelului Rom\u00e2niei la ONU. Activit\u0103\u0163i de acomodare ale diploma\u0163iei rom\u00e2ne cu institu\u0163ia mondial\u0103(1956), \u00een \u201eAnalele \u015etiin\u0163ifice ale Universit\u0103\u0163ii \u201eAlexandru Ioan Cuza\u201d din Ia\u015fi\u201d, Seria Istorie, Ia\u015fi, 2014.<br \/>&#8211; The UN Universality and Romania\u2019s Accesion to the World Institution, \u00een \u201eEast European Journal of Diplomatic History\u201d, Ia\u015fi, No I, 2014. <br \/>&#8211; Semnele \u201edezghe\u0163ului\u201d. Rela\u0163iile Rom\u00e2niei comuniste cu Statele Unite ale Americii \u00een 1954, \u00een \u201eAnuarul Institutului de Istorie \u00abA.D. Xenopol\u00bb\u201d, tom LI, Ia\u015fi, 2014 \u2013 cota\u0163ie B.<br \/>&#8211; The Romanians and the Second American Red Scare. The Case of \u201cThe American-Romanian\u201d Newspaper, \u00een \u201eEast European Journal of Diplomatic History\u201d, Ia\u015fi, No. II, 2015. <br \/>&#8211; Rela\u0163iile dintre Statele Unite ale Americii \u015fi Rom\u00e2nia comunist\u0103 \u00een 1957, \u00een \u201eAnuarul Institutului de Istorie \u00abA.D. Xenopol\u00bb\u201d, Ia\u015fi, 2015.<br \/>&#8211; Rela\u0163iile dintre Statele Unite ale Americii \u015fi Rom\u00e2nia comunist\u0103 \u00een 1959, \u00een \u201eEast European Journal of Diplomatic History\u201d, Ia\u015fi, No. 3, 2016. <br \/>&#8211; Marea Britanie, comunismul \u0219i ap\u0103rarea democra\u021biei \u00een Europa de Est, dup\u0103 cel de-Al Doilea R\u0103zboi Mondial, \u00een \u201eAnuarul Institutului de Istorie \u00abA.D. Xenopol\u00bb\u201d , Ia\u015fi, 2016. <br \/>&#8211; \u201eElita&#8221; diplomatic\u0103 a Rom\u00e2niei comuniste: \u00eentre fidelitate ideologic\u0103 \u015fi parvenire individual\u0103. Cazul mini\u015ftrilor Rom\u00e2niei la Washington \u00een perioada lui Gheorghe Gheorghiu-Dej, \u00een volumul Elitele Puterii \u2013 puterea elitelor \u00een spa\u021biul rom\u00e2nesc (secolele XV-XX), coordonatori: Cristian Ploscaru, Bogdan Atanasiu, Editura Universit\u0103\u021bii\u201eAl. I. Cuza\u201d, Ia\u0219i, 2017, ISBN 9786067144352, p. 205-228.<br \/>&#8211; &#8211; Comuni\u015ftii rom\u00e2ni \u015fi memorialistica privind politica extern\u0103. \u201eCosmetizarea\u201d amintirilor: uitarea ideologiei si folosirea abuziv\u0103 a interesului na\u0163ional, \u00een volumul Memorialistica rom\u00e2neasc\u0103: \u00eentre documentul istoric \u015fi obiectul estetic, coordonatori Bogdan Cre\u021bu, Ofelia Ichim, Editura Universit\u0103\u021bii \u201eAl. I. Cuza\u201d, Ia\u0219i, 2018. <br \/>&#8211; Ie\u0219irea din \u00eentuneric. Rela\u021biile dintre Rom\u00e2nia comunist\u0103 \u0219i Statele Unite ale Americii la \u00eenceputul R\u0103zboiului Rece (1950-1960), \u00een volumul <br \/>Rom\u00e2nia, Marile Puteri \u0219i Ordinea European\u0103: 1918-2018, Partea I: (1918-1989), coordonatori: Valentin Naumescu, Lucian Leu\u0219tean, Editura Polirom, 2018, ISBN: 978-973-46-7184-7.<br \/>&#8211; Politica de personal a Ministerului Afacerilor Externe de la Bucure\u0219ti, \u00een direc\u021bia Lega\u021biei Rom\u00e2niei din Washington (1960-1961), \u00een volumul In Memoriam Gheorghe Palade (1950-2016), coordonatori: Valentin Arapu, Anatol Petrencu, Editura Bons Offices, Chi\u0219in\u0103u, 2018, ISBN 978-9975-87-372-7, pag. 489-502. <br \/>&#8211; Deschiderea controlat\u0103. Cet\u0103\u021beni americani \u00een Rom\u00e2nia lui Gheorghiu-Dej, \u00een \u201eEast European Journal of Diplomatic History\u201d, No 4-5, Institutul de Istorie \u201eA.D. Xenopol\u201d Ia\u0219i, 2017-2018. <br \/>&#8211; Romanian diplomats in Washington: from classical nepotism to communist loyalty (1946-1950), \u00een volumul, Romanian Diplomatic Corps (1918-1947): Recruitments, Professional Ways, Intellectual Profiles, Adrian Vi\u021balaru, Ionu\u021b Nistor, Adrian-Bogdan Ceobanu (editors), Hartung Gorre Verlag, Konstanz, 2019, p. 165-188, ISBN 978-3-86628-656-6. <br \/>&#8211; Comrade Mircea Mete\u0219 \u2013 the first communist of the Romanian Legation in Washington (1946-1948), \u00een volumul Adrian Vi\u021balaru, Ionu\u021b Nistor, Adrian-Bogdan Ceobanu (eds.), Romanian Diplomacy (1918-1947). Biographies, Institutional Pathways, European Perceptions, Hartung Gorre Verlag, Konstanz, 2020.<br \/>&#8211; Pa\u0219i c\u0103tre apropierea rom\u00e2no-american\u0103. Anul 1961 \u0219i vizita \u00een SUA a delega\u021biei economice rom\u00e2ne\u0219ti, conduse de vicepremierul Alexandru Moghioro\u0219, \u00een \u201eAnuarul Institutului de Istorie \u00abA.D. Xenopol\u00bb\u201d 2019, p. 315-329.<br \/>&#8211; Rela\u021bii diplomatice \u0219i culturale rom\u00e2no americane (1961-1964). Probleme generale \u0219i speciale, \u00een volumul Fa\u021bete ale comunismului \u00een Rom\u00e2nia \u0219i \u00een R(A)SS Moldoveneasc\u0103: politic\u0103, economie \u0219i societate, coord. Cristina Preutu, Anatol Petrencu, Editura UAIC 2020, p. 177-195.<br \/>&#8211; \u201eUmanizarea\u201d R\u0103zboiului Rece. Identitatea \u0219i reprezentarea cultural\u0103 a Rom\u00e2niei comuniste in SUA, \u00een perioada Gheorghe Gheorghiu-Dej, \u00een volumul Istorii ale regimului comunist din Rom\u00e2nia. Volum al Congresului Na\u021bional al Istoricilor Rom\u00e2ni, Ia\u0219i, 29 august \u2013 1 septembrie 2018, coord. Ionu\u021b Nistor, Cristina Preutu, Editura UAIC 2020, p. 111-127.<br \/>&#8211; Privind dincolo de Cortina de Fier: negocierile interguvernamentale rom\u00e2no-americane (mai-iunie 1964), \u00een \u201eAnuarul Institutului de Istorie \u00abA.D. Xenopol\u00bb\u201d, LVII, Editura Academiei, 2020, p. 341-368.<br \/>&#8211; Rela\u021bii rom\u00e2no-americane \u00een cel mai dificil an al pre\u0219edintelui John F. Kennedy (1962), \u00een \u201eEast European Journal of Diplomatic History\u201d, No 6-7, 2019-2020, Institutul de Istorie \u201eA.D. Xenopol\u201d.<br \/>&#8211; Propagand\u0103 \u0219i schimburi culturale rom\u00e2no-americane \u00een domeniul cinematografiei \u0219i radioteleviziunii, la finalul epocii Gheorghiu-Dej, \u00een \u201eEast European Journal of Diplomatic History\u201d, No 8, 2021, Institutul de Istorie \u201eA.D. Xenopol\u201d, p. 109-125. <br \/>&#8211; Propaganda Rom\u00e2niei comuniste \u00een \u0219colile \u0219i universit\u0103\u021bile din Statele Unite ale Americii, la finalul perioadei Gheorghiu-Dej, \u00een \u201eActa Moldaviae Meridionalis\u201d, Anuarul Muzeului Jude\u021bean Vaslui, XLII, 2021, Cluj Napoca, Editura Mega, 2022, pg. 293-306.<br \/>&#8211; Pa\u0219i c\u0103tre apropierea rom\u00e2no-american\u0103. Anul 1964 \u0219i vizita ministrului de Externe al Rom\u00e2niei, Corneliu M\u0103nescu, \u00een Statele Unite ale Americii, \u00een volumul Fr\u0103m\u00e2nt\u0103rile modernit\u0103\u021bii: discursuri, oameni, institu\u021bii, coordonatori Marius Chelcu, Dorin Dobrincu, Ia\u0219i, Editura Universit\u0103\u021bii \u201eAlexandru Ioan Cuza\u201d, 2022. <br \/>&#8211; R\u0103zboiul Rece, Rom\u00e2nia comunist\u0103 \u0219i contextul politic al admiterii \u00een UNESCO, \u00een volumul Un secol de cooperare intelectual\u0103 rom\u00e2neasc\u0103. Repere istorice \u0219i diplomatice, editat de Comisia Na\u021bional\u0103 a Rom\u00e2niei pentru UNESCO, Bucure\u0219ti, Editura Pro Universitaria, 2023, ISBN 978-606-26-1649-6. <br \/>&#8211; Rom\u00e2nia comunist\u0103 \u0219i \u00eenceputul propagandei sale \u00een Statele Unite ale Americii. Romanian News \u2013 Buletinul Lega\u021biei Republicii Populare Rom\u00e2ne, \u00een volumul Politic\u0103 \u0219i rela\u021bii interna\u021bionale \u00een istoria rom\u00e2nilor. Studii \u00een onoarea profesorului Gheorghe Cliveti, Gabriel Leanca (coordonator), Ia\u0219i, Editura Universit\u0103\u021bii \u201eAlexandru Ioan Cuza\u201d, 2023, ISBN: 978-606-714-795-7.<br \/>&#8211; Propagand\u0103 extern\u0103 \u0219i identitate. Expozi\u021bia de art\u0103 popular\u0103 rom\u00e2neasc\u0103 \u00een SUA (1959-1960), \u00een \u201eEast European Journal of Diplomatic History\u201d, No 9, Institutul de Istorie \u201eA.D. Xenopol\u201d, 2022, ISSN 2393-0764, ISSN-L 2393-0764.<br \/>&#8211; Interferen\u021be imagologice \u0219i etnoculturale prin prisma studiilor de istorie oral\u0103 \u00een comunit\u0103\u021bile rurale de pe Valea Prutului: Cazul lui Onisifor Caraman din satul Leu\u0219eni, jude\u021bul istoric L\u0103pu\u0219na, Valentin Arapu, Paul Nistor, \u00een \u201eActa Terrae Fogarasiensis\u201d, vol. XII, Anuarul Muzeului F\u0103g\u0103ra\u0219, Sibiu, Editura Muzeul Na\u021bional Brukenthal, 2023, ISSN 2285-5130, ISSN \u2013L 2285-5130, ISSN 2810- 3246. <br \/>&#8211; Turism \u0219i politic\u0103 \u00een rela\u021biile rom\u00e2no-americane ale R\u0103zboiului Rece (1960-1961), \u00een \u201eActa Moldaviae Meridionalis\u201d, tom XLII, Anuarul Muzeului Jude\u021bean Vaslui, Cluj, Editura Mega, 2022, ISBN: 0257 \u2013 7372.<br \/>&#8211; Vizitele unor personalit\u0103\u021bi americane \u00een Rom\u00e2nia comunist\u0103. De la curiozit\u0103\u021bi umane \u0219i profesionale la naivit\u0103\u021bi ideologice (1963), \u00een volumul Fr\u00e2nturi din trecut: putere, societate, diploma\u0163ie, Marius Chelcu, Dorin Dobrincu (editori), Editura Universit\u0103\u021bii \u201eAlexandru Ioan Cuza\u201d din Ia\u0219i, 2024.<br \/>&#8211; Dincolo de ideologie. Apropierea rom\u00e2no-american\u0103 prin schimburi culturale \u0219i \u0219tiin\u021bifice, \u00een 1963, \u00een volumul Provoc\u0103rile istoriei. Concepte, surse, metodologii, Leonidas Rados, Mihai-Cristian Am\u0103riu\u021bei, Alexandru D. Aioanei (editori), Editura Universit\u0103\u021bii \u201eAlexandru Ioan Cuza\u201d din Ia\u0219i, 2024, p. 491-510.<br \/>&#8211; The Cold War, Communist Romania, and the Political Context of Admission to UNESCO, \u00een volumul Romanian Contributions to International Intellectual Cooperation: Historical and Diplomatic Landmarks, Bucure\u0219ti, Editura Pro Universitaria, 2024, p. 107-224.<\/p><\/div>\n\t\t\t\t\t<\/div><div class=\"eael-accordion-list\">\n\t\t\t\t\t<div id=\"comunicri-susinute-la-conferine-internaionale-\" class=\"elementor-tab-title eael-accordion-header\" tabindex=\"0\" data-tab=\"4\" aria-controls=\"elementor-tab-content-1424\"><span class=\"eael-advanced-accordion-icon-closed\"><svg aria-hidden=\"true\" class=\"fa-accordion-icon e-font-icon-svg e-fas-plus\" viewbox=\"0 0 448 512\" xmlns=\"http:\/\/www.w3.org\/2000\/svg\"><path d=\"M416 208H272V64c0-17.67-14.33-32-32-32h-32c-17.67 0-32 14.33-32 32v144H32c-17.67 0-32 14.33-32 32v32c0 17.67 14.33 32 32 32h144v144c0 17.67 14.33 32 32 32h32c17.67 0 32-14.33 32-32V304h144c17.67 0 32-14.33 32-32v-32c0-17.67-14.33-32-32-32z\"><\/path><\/svg><\/span><span class=\"eael-advanced-accordion-icon-opened\"><svg aria-hidden=\"true\" class=\"fa-accordion-icon e-font-icon-svg e-fas-minus\" viewbox=\"0 0 448 512\" xmlns=\"http:\/\/www.w3.org\/2000\/svg\"><path d=\"M416 208H32c-17.67 0-32 14.33-32 32v32c0 17.67 14.33 32 32 32h384c17.67 0 32-14.33 32-32v-32c0-17.67-14.33-32-32-32z\"><\/path><\/svg><\/span><span class=\"eael-accordion-tab-title\">Comunic\u0103ri sus\u021binute la conferin\u0163e interna\u0163ionale <\/span><\/div><div id=\"elementor-tab-content-1424\" class=\"eael-accordion-content clearfix\" data-tab=\"4\" aria-labelledby=\"comunicri-susinute-la-conferine-internaionale-\"><p>&#8211; 2003, Percep\u0163ia Rom\u00e2niei comuniste asupra form\u0103rii NATO, la simpozionul interna\u0163ional \u201eCulture and Civilization in South-Eastern Europe\u201d, Chi\u015fin\u0103u, Universitatea Pedagogic\u0103, Republica Moldova. (cu cercet\u0103tori din Ucraina \u0219i Federa\u021bia Rus\u0103).<br \/>&#8211; The creation of NATO and political relations between Communist Romania and United States of America in the middle of the 20th century, la conferin\u021ba \u201eNATO \u2013 75 YEARS OF COLLECTIVE DEFENCE. UNDERSTANDING THE PAST TO APPROACH THE FUTURE\u201d, 2-5 aprilie, 2024, Bucure\u0219ti, Institutul pentru Studii Politice de Ap\u0103rare \u0219i Istorie Militar\u0103.<br \/>&#8211; The Sovietization of Romanian Institutions and the Suppression of Societal Resistance. A Perspective from the United States Legation in Bucharest (1945-1947), la conferin\u021ba interna\u021bional\u0103 \u201e(Re)Searching Communism: 80 Years since the End of the Second World War. The Rise of Communism in Central and South-Eastern Europe\u201d, Universitatea \u201e1 Decembrie 1918\u201d, Muzeul Na\u021bional al Unirii, Alba Iulia, 26-28 septembrie 2025.<\/p><\/div>\n\t\t\t\t\t<\/div><div class=\"eael-accordion-list\">\n\t\t\t\t\t<div id=\"comunicri-susinute-la-conferine-organizate-de-un-centru-de-cercetare-sau-de-o-societate-academic-din-romnia-i-rep-moldova\" class=\"elementor-tab-title eael-accordion-header\" tabindex=\"0\" data-tab=\"5\" aria-controls=\"elementor-tab-content-1425\"><span class=\"eael-advanced-accordion-icon-closed\"><svg aria-hidden=\"true\" class=\"fa-accordion-icon e-font-icon-svg e-fas-plus\" viewbox=\"0 0 448 512\" xmlns=\"http:\/\/www.w3.org\/2000\/svg\"><path d=\"M416 208H272V64c0-17.67-14.33-32-32-32h-32c-17.67 0-32 14.33-32 32v144H32c-17.67 0-32 14.33-32 32v32c0 17.67 14.33 32 32 32h144v144c0 17.67 14.33 32 32 32h32c17.67 0 32-14.33 32-32V304h144c17.67 0 32-14.33 32-32v-32c0-17.67-14.33-32-32-32z\"><\/path><\/svg><\/span><span class=\"eael-advanced-accordion-icon-opened\"><svg aria-hidden=\"true\" class=\"fa-accordion-icon e-font-icon-svg e-fas-minus\" viewbox=\"0 0 448 512\" xmlns=\"http:\/\/www.w3.org\/2000\/svg\"><path d=\"M416 208H32c-17.67 0-32 14.33-32 32v32c0 17.67 14.33 32 32 32h384c17.67 0 32-14.33 32-32v-32c0-17.67-14.33-32-32-32z\"><\/path><\/svg><\/span><span class=\"eael-accordion-tab-title\">Comunic\u0103ri sus\u021binute la conferin\u0163e organizate de un centru de cercetare sau de o societate academic\u0103 din Rom\u00e2nia \u015fi Rep. Moldova<\/span><\/div><div id=\"elementor-tab-content-1425\" class=\"eael-accordion-content clearfix\" data-tab=\"5\" aria-labelledby=\"comunicri-susinute-la-conferine-organizate-de-un-centru-de-cercetare-sau-de-o-societate-academic-din-romnia-i-rep-moldova\"><p>&#8211; 1996, Sf\u00e2r\u015fitul R\u0103zboiului Rece la simpozionul na\u0163ional de rela\u0163ii interna\u0163ionale, organizat de Universitatea \u201ePetre Andrei\u201dIa\u015fi.<br \/>&#8211; 1997, Reforma ONU la simpozionul na\u0163ional de rela\u0163ii interna\u0163ionale organizat de Universitatea \u201ePetre Andrei\u201d Ia\u015fi.<br \/>&#8211; 1999, N.A.T.O \u015fi Kossovo. Democratizarea sud-estului Europei, Casa Studen\u0163ilor Ia\u015fi.<br \/>&#8211; 2002, SUA \u015fi \u00eenceputul R\u0103zboiului Rece, cu ocazia Zilelor Academiei, la Centrul pentru Istorie \u015fi Civiliza\u0163ie European\u0103, Ia\u015fi.<br \/>&#8211; 2003, Percep\u0163ia Rom\u00e2niei comuniste asupra form\u0103rii NATO, la simpozionul interna\u0163ional \u201eCulture and Civilization in South-Eastern Europe\u201d, Chi\u015fin\u0103u, Universitatea Pedagogic\u0103, Republica Moldova.<br \/>&#8211; 2004, Studiul Rela\u0163iilor Interna\u0163ionale. Modele Estice \u015fi Vestice, la simpozionul interna\u0163ional \u201eHistory and Politics in South-Eastern and Eastern Europe\u201d, Chi\u015fin\u0103u, Universitatea Pedagogic\u0103, Republica Moldova.<br \/>&#8211; 2004, Atitudinea liderilor comuni\u015fti rom\u00e2ni fa\u0163\u0103 de politica american\u0103, la \u00eenceputul R\u0103zboiului rece, la Universitatea \u201eMihail Kog\u0103lniceanu\u201d Ia\u015fi.<br \/>&#8211; 2004, N.A.T.O. \u015fi Rom\u00e2nia \u00een timpul lui Harry S.Truman \u015fi Gheorghiu Dej, la sesiunea na\u0163ional\u0103 de comunic\u0103ri \u015ftiin\u0163ifice a Muzeului Jude\u0163ean Vaslui.<br \/>&#8211; 2004, Guvernul Petru Groza \u015fi utilizarea diploma\u0163iei rom\u00e2ne\u015fti ca instrument de supraveghere a emigra\u0163iei (1947-1948) , la simpozionul \u201e Public \u015fi privat \u00een Rom\u00e2nia regimului democra\u0163iei populare\u201d, Institutul de Istorie \u201eA.D. Xenopol\u201d.<br \/>&#8211; Octombrie 2004, Politica american\u0103 de \u00eengr\u0103dire \u00een Europa. Reac\u0163ii ale guvernului rom\u00e2n \u015fi ale B.O.R.( 1949-1952), la Universitatea \u201eAl.I. Cuza\u201d Ia\u015fi.<br \/>&#8211; Decembrie 2004, Rom\u00e2nia \u015fi ordinea postbelic\u0103. O \u00eencercare e\u015fuat\u0103 de integrare \u00een ONU- 1947, la Institutul de Istorie \u201eA.D.Xenopol\u201d Ia\u015fi.<br \/>&#8211; Mai 2005, Aspecte ale politicii americane de \u00eengr\u0103dire a comunismului, \u00een Europa de Est, la \u00eenceputul R\u0103zboiului Rece, la Zilele Universit\u0103\u0163ii \u201eMihail Kog\u0103lniceanu\u201d &#8211; Ia\u015fi.<br \/>&#8211; Mai 2005, Diploma\u0163ia, profesie \u015fi drama individual\u0103. Personalul Lega\u0163iei Rom\u00e2niei din Washington(1947-1948), \u00een cadrul Institutului de Istorie \u201eA.D. Xenopol\u201d.<br \/>&#8211; Octombrie 2005, Rela\u0163iile diplomatice rom\u00e2no-americane \u00een 1948, la Zilele Universit\u0103\u0163ii \u201eAl.I.Cuza\u201d.<br \/>&#8211; Noiembrie 2005, Activitatea diploma\u0163ilor americani \u00een Rom\u00e2nia postbelic\u0103, la simpozionul na\u0163ional al Muzeului de Istorie Jude\u0163ean Vaslui.<br \/>&#8211; Feburarie 2006, Rela\u0163ii rom\u00e2no-americane \u00een 1950, \u00een cadrul Institutului de Istorie \u201eA.D.Xenopol\u201d<br \/>&#8211; Mai 2006, 1952 \u2013 strategia izol\u0103rii \u00een raporturile diplomatice Washington-Bucure\u015fti, la Zilele Universit\u0103\u0163ii \u201eMihail Kog\u0103lniceanu\u201d &#8211; Ia\u015fi.<br \/>&#8211; Mai 2006, Viziunea american\u0103 asupra Rom\u00e2niei la \u00eenceputul erei Dej, la Centrul de Cultur\u0103 \u015fi Civiliza\u0163ie European\u0103 \u2013 Ia\u015fi.<br \/>&#8211; Septembrie 2006, ONU, Tratatul de pace din 1947, \u015fi presiunile exercitate de Administra\u0163ia Truman asupra Rom\u00e2niei, la Zilele Academiei, Centrul de Istorie \u015fi Civiliza\u0163ie European\u0103 \u2013 Ia\u015fi.<br \/>&#8211; Septembrie 2006, SUA, Romania, \u015fi drepturile omului la \u00eenceputurile R\u0103zboiului Rece, la Zilele Academiei, Institutul de Istorie \u201eA.D. Xenopol\u201d Ia\u015fi.<br \/>&#8211; Octombrie 2006, Diploma\u0163ia Rom\u00e2niei comuniste \u015fi supravegherea coloniei \u015fi emigra\u0163iei rom\u00e2ne din SUA, la Institutul de Istorie \u201eA.D. Xenopol\u201d.<br \/>&#8211; Noiembrie 2006, Liberalii, conservatorii \u015fi politica agrar\u0103 rom\u00e2neasc\u0103 la \u00eenceputul secolului XX, la simpozionul na\u0163ional al Muzeului Jude\u0163ean de Istorie Vaslui.<br \/>&#8211; Martie 2007, Imaginea adversarului \u00een timpul R\u0103zboiului Rece, la simpozionul \u201ePace \u015fi r\u0103zboi \u00een sec XX\u201d, organizat de Centrul de Istorie \u015fi Civiliza\u0163ie European\u0103 \u2013 Ia\u015fi<br \/>&#8211; Aprilie 2007, Individul \u00een rela\u0163iile interna\u0163ionale: psihologie, constr\u00e2ngeri birocratice, virtu\u0163i \u015fi slabiciuni. Cazul lui Mihail Ralea, ministru al Rom\u00e2niei la Washington (1946-1949), \u00een cadrul Cercului de Rela\u0163ii Interna\u0163ionale \u201eEst-Democra\u0163ia\u201d.<br \/>&#8211; Mai 2007, Deformarea ideologic\u0103 a imaginii Americii \u00een rapoartele diploma\u0163ilor Rom\u00e2niei comuniste (1951), la Universitatea \u201eMihail Kog\u0103lniceanu\u201d \u2013 Ia\u015fi.<br \/>&#8211; Octombrie 2007, Instrumente ale propagandei comuniste rom\u00e2ne\u015fti \u00een America. Cazul \u201eRomanian News\u201d (1950-1952), la Simpozionul na\u0163ional \u201eRoman 50\u201d, organizat de Muzeul de Istorie Roman.<br \/>&#8211; Octombrie 2007, Politica american\u0103 de \u00eengr\u0103dire a comunismului. 60 ani de la declan\u015fare, \u00een cadrul Cercului de Rela\u0163ii Interna\u0163ionale Est-Democra\u0163ia, Ia\u015fi.<br \/>&#8211; Noiembrie 2007, Politica industrial\u0103 a PNL la \u00eenceputul secolului XX, la Simpozionul Na\u0163ional al Muzeului Jude\u0163ean de Istorie Vaslui.<br \/>&#8211; Decembrie 2007, Raporturile Rom\u00e2niei cu Na\u0163iunile Unite \u00een 1955, la simpozionul \u201eRivalit\u0103\u0163i, crize \u015fi metamorfoze \u00een rela\u0163iile interna\u0163ionale. De la Europa \u201econcertului de putere\u201d la terorismul contemporan\u201d, Institutul de Istorie \u201eA.D. Xenopol\u201d Ia\u015fi.<br \/>&#8211; Aprilie 2008, Politica dificil\u0103 a Rom\u00e2niei comuniste \u00een direc\u0163ia ONU (1945-1955), \u00een cadrul Cercului de Rela\u0163ii Interna\u0163ionale \u201eEst-Democra\u0163ia\u201d, Ia\u015fi.<br \/>&#8211; Mai 2008, Conferin\u0163a de la San Francisco \u015fi formarea ONU(1945). Atitudini rom\u00e2ne\u015fti, la Zilele Universit\u0103\u0163ii \u201eMihail Kog\u0103lniceanu\u201d, Ia\u015fi. <br \/>&#8211; Iunie 2008, Politica fidelit\u0103\u0163ii comuniste. Prima participare oficial\u0103 a Rom\u00e2niei la Adunarea General\u0103 a ONU (1956), \u00een cadrul Institutului de Istorie \u201eA.D. Xenopol\u201d Ia\u015fi.<br \/>&#8211; Octombrie 2008, Istoria rela\u0163iilor rom\u00e2no-americane. Surse documentare, la \u201eZilele Academiei\u201d, simpozionul \u201eO problem\u0103 mereu actual\u0103: documentele epocii contemporane.\u201d, Centrul de istorie \u015fi civiliza\u0163ie european\u0103 &#8211; Ia\u015fi.<br \/>&#8211; Octombrie 2008, Solidarit\u0103\u0163i militare, curtoazii politice \u015fi acorduri economice sau rela\u0163iile Rom\u00e2niei cu statele comuniste la \u00eenceputul R\u0103zboiului Rece, la \u201eZilele Universit\u0103\u0163ii\u201d, Universitatea \u201eAl. I. Cuza\u201d Ia\u015fi.<br \/>&#8211; Noiembrie 2008, Echipe de fotbal, ansambluri folclorice \u015fi expozi\u0163ii economice sau rela\u0163iile nonpolitice ale Rom\u00e2niei cu blocul comunist \u00een 1955, la simpozionul &#8222;Stat si societate \u00een Europa&#8221;, Universitatea din Craiova.<br \/>&#8211; Decembrie 2008, ONU, Republica Popular\u0103 Rom\u00e2n\u0103 \u015fi problemele interna\u0163ionale de la \u00eenceputul anilor \u201950 ai secolului XX, la simpozionul \u201eDiploma\u0163ie \u015fi conflict \u00een rela\u0163iile interna\u0163ionale\u201d, Muzeul Unirii Ia\u015fi.<br \/>&#8211; Mai 2009, Supravegherea coloniei rom\u00e2ne din America \u015fi a exilului rom\u00e2nesc de c\u0103tre diploma\u0163ia guvernului Groza (1947), la Sesiunea \u015ftiin\u0163ific\u0103 anual\u0103 \u2013 \u201eModelul european \u015fi evolu\u0163ia juridico-institu\u0163ional\u0103 a Rom\u00e2niei\u201d, Universitatea \u201cMihail Kog\u0103lniceanu\u201d Ia\u015fi.<br \/>&#8211; Mai 2009 &lt;Pericolul&gt; monarhic \u015fi Rom\u00e2nia comunist\u0103 (1947-1948) la \u201eColocviul Na\u0163ional de Istorie, Istoria Artei Decorative, Restaurare-Conservare \u015fi Rela\u0163ii Publice\u201c edi\u0163ia a XIV-a, Muzeul Na\u0163ional Cotroceni, V\u0103lenii de Munte, 27-30 mai 2009.<br \/>&#8211; Atentatul de la Berna (1955) \u015fi efectele sale imediate asupra diploma\u0163iei rom\u00e2ne\u015fti. Cazul american, la Institutul de Istorie \u201eA.D. Xenopol\u201d Ia\u015fi, 20 iunie 2009.<br \/>&#8211; Imaginea inamicului \u00een caricaturile politice ale R\u0103zboiului Rece, la Zilele Universit\u0103\u0163ii \u201eAl. I. Cuza\u201d Ia\u015fi, 22-23 octombrie 2009.<br \/>&#8211; Discurs istoric \u015fi diploma\u0163ie. S\u0103rb\u0103torirea Marii Uniri \u00een Polonia (1928), la Simpozionul Na\u0163ional al Muzeului Jude\u0163ean Vaslui, 19-20 noiembrie 2009.<br \/>&#8211; Rom\u00e2nii din America \u015fi rela\u0163iile lor cu diploma\u0163ii Rom\u00e2niei comuniste (1950), la Colocviului Na\u0163ional de Istorie, Istoria Artei Decorative, Restaurare \u2013 Conservare \u015fi Rela\u0163ii Publice, Muzeul Na\u0163ional Cotroceni, edi\u0163ia a XV-a, 27 \u2013 30 mai 2010.<br \/>&#8211; Activit\u0103\u0163i ale Lega\u0163iei Republicii Populare Rom\u00e2ne din Washington, \u00een 1948, la Colocviul Na\u0163ional al Universit\u0103\u0163ii \u201eMihail Kog\u0103lniceanu\u201d, Ia\u015fi, mai 2010.<br \/>&#8211; Mihail Ralea &#8211; primul ministru plenipoten\u0163iar al Rom\u00e2niei comuniste \u00een America, la simpozionul interna\u0163ional \u201eDiploma\u0163i rom\u00e2ni \u015fi str\u0103ini \u00een istoria Romn\u00e2niei, Muzeul Unirii, Ia\u015fi, 17 septembrie 2010. <br \/>&#8211; Primele contacte \u00eentre comuni\u015ftii rom\u00e2ni \u015fi cei est-germani la \u00eenceputul R\u0103zboiului Rece (1948), la Simpozionul interna\u0163ional \u201c130 de ani de rela\u0163ii diplomatice germane-rom\u00e2ne\u201d, Ia\u015fi, Universitatea \u201cAl. I. Cuza\u201d, 30 septembrie 2010.<br \/>&#8211; Cartea, cultura \u015fi propaganda extern\u0103 \u00een Rom\u00e2nia comunist\u0103. Cazul american(1950-1954), la Simpozionului Na\u0163ional \u201eIstorie, cultur\u0103, patrimoniu\u201d, Muzeul Literaturii Rom\u00e2ne, Ia\u015fi, 6-7 octombrie 2010.<br \/>&#8211; Proiecte de propagand\u0103 rom\u00e2neasc\u0103 \u00een America, \u00een timpul R\u0103zboiului Rece (1947), la Institutul de Istorie \u201eA.D. Xenopol\u201d Ia\u015fi, 20 octombrie 2010.<br \/>&#8211; Istorie, istorici \u015fi propagand\u0103 \u00een timpul Rom\u00e2niei Mari. Cazul Basarabiei, la simpozionul interna\u0163ional \u201eLa frontierele civiliza\u0163iilor. Identitate \u015fi alteritate \u00een con\u015ftiin\u0163a locuitorilor Basarabiei\u201d, Universitatea \u201eDun\u0103rea de Jos\u201d, Gala\u0163i, 21-23 octombrie 2010. <br \/>&#8211; Activitatea de informare \u015fi propagand\u0103 a Lega\u0163iei Rom\u00e2niei comuniste de la Washington (1954-1955), la Simpozionul na\u0163ional \u201eStat \u015fi societate \u00een Europa\u201d, Universitatea din Craiova, 29-30 octombrie 2010.<br \/>&#8211; Identit\u0103\u0163i na\u0163ionale \u015fi conflict ideologic \u00een caricaturile politice rom\u00e2ne\u015fti ale R\u0103zboiului Rece, la conferin\u0163a interna\u0163ional\u0103 \u201eNoi \u015fi ceilal\u0163i. Construc\u0163ii identitare \u00een istoria rom\u00e2nilor, secolele XIV-XXI\u201d, Institutul de Istorie \u201eA.D. Xenopol\u201d Ia\u015fi, 6-7 aprilie 2011.<br \/>-Rela\u0163iile dintre Romania comunist\u0103 \u0219i O.N.U. \u2013 1953, la Institutul de Istorie \u201eA.D. Xenopol\u201d Ia\u015fi, 9 iunie 2011.<br \/>-The Art World and the Establishment of the Communist Regime in Romania, la conferin\u0163a interna\u0163ional\u0103 \u201eRecent Studies on Past and Present: New Sources, New Methods or a New Public?, Academia Rom\u00e2n\u0103 \u2013 Bucure\u015fti, 26-28 septembrie 2011.<br \/>&#8211; R\u0103zboiul din spatele fronturilor. Istoria, istoricii \u015fi propaganda pentru teritoriile rom\u00e2ne\u015fti (1941-1942), la Zilele Universit\u0103\u0163ii \u201eAl. I. Cuza\u201d, Ia\u015fi, 28-29 octombrie 2011.<br \/>&#8211; Imaginea Rom\u00e2niei Mari \u00een societatea american\u0103 interbelic\u0103, Conferin\u0163a Interna\u0163ional\u0103 \u201eIstorie, Cultur\u0103 \u015fi Civiliza\u0163ie \u00een Europa de Sud-Est\u201d, Chi\u015fin\u0103u 14-16 aprilie 2011, organizator: Asocia\u0163ia Tinerilor Istorici din Republica Moldova(ANTIM).<br \/>&#8211; Propaganda rom\u00e2neasc\u0103 prin cultur\u0103 \u015fi istorie \u00een Italia celui de-al doilea r\u0103zboi mondial (1941, 1942) la simpozionul \u201eDiscurs istoric, diploma\u0163ie \u015fi minorit\u0103\u0163i etnice \u00een Europa de Est (sf\u00e2r\u015fitul secolului XIX \u2013 secolul XX)\u201d, Universitatea \u201eLucian Blaga\u201d Sibiu, 10-13 noiembrie 2011.<br \/>&#8211; Rela\u0163iile Rom\u00e2niei cu ONU \u00een 1954, la simpozionul \u201eOld vs New Diplomacy. Debates about the Romanian and European Diplomacy (XIX-XXI Centuries)\u201d, Universitatea \u201eAl. I. Cuza\u201d Ia\u015fi, 18-19 noiembrie 2011. <br \/>&#8211; Propaganda extern\u0103 a Rom\u00e2niei \u00een favoarea Basarabiei (1941), la simpozionul \u015ftiin\u0163ific \u201eBasarabia 1812. Problem\u0103 na\u0163ional\u0103, implica\u0163ii interna\u0163ionale\u201d, Chi\u015fin\u0103u-Ia\u015fi, 14-16 mai 2012, simpozion organizat de Academia Rom\u00e2n\u0103 \u015fi Academia de \u015etiin\u0163e a Republicii Moldova.<br \/>&#8211; Basarabia sovietic\u0103 \u015fi liderii PCR, la simpozionul \u201eDrama Basarabiei. Bicentenarul r\u0103\u015fluirii (1812-2012)\u201d, Muzeul Jude\u0163ean \u201e\u015etefan cel Mare\u201d Vaslui, 23 mai 2012.<br \/>&#8211; Politica extern\u0103 a Rom\u00e2niei comuniste \u00een anii 50 ai secolului XX. O abordare istoriografic\u0103, la Institutul de Istorie \u201eA.D. Xenopol\u201d Ia\u015fi, 31 mai 2012.<br \/>&#8211; Rela\u0163ii rom\u00e2no-americane la finalul perioadei staliniste (1952),la Simpozionul na\u0163ional \u201eVasile P\u00e2rvan\u201d, la Complexul Muzeal \u201eIulian Antonescu\u201d Bac\u0103u, 4-6 octombrie 2012.<br \/>&#8211; Ritualuri diplomatice \u00een timpul R\u0103zboiului Rece. Instalarea lui Silviu Brucan \u00een calitatre de ministru plenipoten\u0163iar al Rom\u00e2niei \u00een SUA. (1956), la Simpozionul \u201eStat \u015fi Societate\u201d, Universitatea din Craiova, 10-12 octombrie 2012.<br \/>&#8211; Ridicarea drepelului Rom\u00e2niei la ONU. Activit\u0103\u0163i de acomodare ale diploma\u0163iei rom\u00e2ne cu institu\u0163ia mondial\u0103 (1956), la Zilele Universit\u0103\u0163ii \u201eAl. I. Cuza\u201d Ia\u015fi, 24-26 octombrie 2012. <br \/>&#8211; Rom\u00e2nia \u015fi ONU \u00een 1952, la Simpozionul Na\u0163ional organizat de Muzeul Jude\u0163ean Vaslui, 9-10 decembrie 2012.<br \/>&#8211; Moldova de Sud \u2013 \u201eTeritoriu de grani\u0163\u0103\u201d cu viitor incert, la conferin\u0163a interna\u0163ional\u0103<br \/>\u201eRegionalism \u015fi regionalizare \u00een Rom\u00e2nia. Interpret\u0103ri istorice \u015fi provoc\u0103ri contemporane\u201d, Ia\u015fi, Universitatea \u201eAl. I. Cuza\u201d, 30-31 mai 2013.<br \/>&#8211; Diploma\u0163ia cultural\u0103 \u00een rela\u0163iile rom\u00e2no-americane, dup\u0103 admiterea Rom\u00e2niei \u00een ON, la Institutul de Istorie \u201eA.D. Xenopol\u201d, Ia\u015fi, iunie 2013.<br \/>&#8211; Admiterea Rom\u00e2niei \u00een ONU \u015fi sprijinul acordat de diploma\u0163ia Uniunii Sovietice, la Simpozionul Na\u0163ional \u201eSlavistica \u00een context european\u201d, Masa rotund\u0103 \u201e135 de ani de rela\u0163ii diplomatice rom\u00e2no-ruse\u201d, la Facultatea de Litere, Universitatea \u201eAl. I. Cuza\u201d, Ia\u015fi, octombrie 2013.<br \/>&#8211; O rela\u0163ie dificil\u0103: Rom\u00e2nia \u015fi ONU \u00een 1948, la Zilele Universit\u0103\u0163ii \u201eAl. I Cuza\u201d din Ia\u015fi, Facultatea de Istorie, octombrie 2013.<br \/>&#8211; Diploma\u0163ii americani \u015fi societatea rom\u00e2neasc\u0103 \u00een comunism. Primii ani ai R\u0103zboiului Rece, la simpozionul \u201eDiploma\u0163ie \u015fi societate \u00een Europa de Est. Direc\u0163ii, surse, metode\u201d, Facultatea de Istorie a Universit\u0103\u0163ii \u201eAl. I. Cuza\u201d, Ia\u015fi, noiembrie 2013. <br \/>&#8211; Reorganizarea Ministerului Afacerilor Str\u0103ine de c\u0103tre regimul comunist, \u00een cadrul dezbaterii Modernizare institu\u0163ional\u0103 \u015fi administrativ-teritorial\u0103 \u00een Rom\u00e2nia secolelor XIX-XX, la Zilele Academice Ie\u015fene, Institutul de Istorie \u201eA.D. Xenopol\u201d, 30 octombrie 2014.<br \/>&#8211; Universalitatea ONU \u015fi admiterea Rom\u00e2niei \u00een institu\u0163ia mondial\u0103 la simpozionul \u201eRela\u0163iile interna\u0163ionale, statele \u2013na\u0163iuni \u015fi configurarea p\u0103cii mondiale\u201d, Muzeul Unirii, Ia\u015fi, 7-8 noiembrie 2014. <br \/>&#8211; Continuarea durit\u0103\u0163ii diplomatice \u00een rela\u0163iile rom\u00e2no-americane dup\u0103 moartea lui Stalin (1953), la Institutul de Istorie \u201eA.D. Xenopol Ia\u015fi\u201d, 26 noiembrie 2014.<br \/>&#8211; Blocarea admiterii Rom\u00e2niei \u00een ONU \u015fi deficitul democratic din Europa de Est (1948-1950), la Conferin\u021ba \u201eDezvoltare interna\u021bional\u0103 \u0219i democratizare\u201d, Facultatea de Fisolofie \u015fi \u015etiin\u0163e Social-Politice a Universit\u0103\u0163ii \u201eAl.I. Cuza\u201d Ia\u015fi, 5-6 decembrie 2014.<br \/>&#8211; Tentativele Rom\u00e2niei de acceptare \u00een ONU (1947-1955). \u00centre sprijinul sovieticilor \u015fi obstruc\u0163ia americanilor, la Sesiunea \u0218tiin\u021bific\u0103 a Departamentului Istoria Rom\u00e2nilor \u0219i Arheologie, Facultatea de Istorie \u0219i Filosofie, Universitatea de Stat din Moldova, 24 aprilie 2015. <br \/>&#8211; Marea Britanie, Statelor Unite ale Americii, Rom\u00e2nia \u0219i ordinea mondial\u0103 postbelic\u0103, la Conferin\u021ba Interna\u021bional\u0103 \u201eDezvoltare Interna\u021bional\u0103 \u0219i Democratizare\u201d, Universitatea \u201eAlexandru Ioan Cuza\u201d Ia\u0219i, Facultatea de Filosofie \u0219i \u0218tiin\u021be Social Politice, 10-11 Decembrie 2015. <br \/>&#8211; Rela\u0163iile dintre SUA \u015fi Rom\u00e2nia comunist\u0103 \u00een 1957, Colocviul Na\u021bional de Istorie, Muzeul Cotroceni, edi\u021bia a XVII-a, 27-29 mai 2015.<br \/>&#8211; Comuni\u015ftii rom\u00e2ni \u015fi memorialistica privind politica extern\u0103. Cosmetizarea\u201d amintirilor: uitarea ideologiei si folosirea abuziv\u0103 a interesului na\u0163ional, la Simpozionul na\u021bional \u201eMemorialistica rom\u00e2neasc\u0103: \u00eentre documentul istoric \u015fi obiectul esthetic\u201d, Institutul de Filologie Rom\u00e2n\u0103 \u201eAl. Philippide\u201d Ia\u0219i, 9-10 iunie 2015. <br \/>&#8211; Rela\u0163iile dintre SUA \u015fi Rom\u00e2nia comunist\u0103 \u00een 1958, la simpozionul \u201eComuni\u015ftii rom\u00e2ni \u015fi politica interna\u0163ional\u0103. De la ilegalitate \u015fi izolare la parteneri ai marilor puteri\u201d, Institutul de Istorie \u201eA.D. Xenopol\u201d, Ia\u0219i, 12 octombrie 2015.<br \/>&#8211; Instrumentele propagandei Rom\u00e2niei comuniste \u00een America. Cazul ziarului \u201eRom\u00e2nul American\u201d, la Zilele Universit\u0103\u021bii \u201eAL. I. Cuza\u201d, simpozion na\u021bional, 23-24 octombrie 2015. <br \/>&#8211; Organiza\u021bia Na\u021biunilor Unite \u0219i dorin\u021ba Rom\u00e2niei de accedere \u00een institu\u021bia mondial\u0103, la Simpozionul na\u021bional \u201eConsecin\u021bele celui De-Al Doilea R\u0103zboi Mondial asupra statului rom\u00e2n\u201d, Centrul de Istorie \u0219i Civiliza\u021bie European\u0103 Ia\u0219i, Academia Rom\u00e2n\u0103, filiala Ia\u0219i, 30 octombrie 2015.<br \/>&#8211; Rela\u0163iile rom\u00e2no-americane \u00een anii 50 ai secolului XX, la \u201eSesiunea \u015etiin\u021bific\u0103 a Departamentului Istoria Rom\u00e2nilor, Universal\u0103 \u0219i Arheologie\u201d, Facultatea de Istorie \u0219i Filosofie, Universitatea de Stat din Moldova, Chi\u0219in\u0103u, 13 mai 2016.<br \/>&#8211; Marea Britanie, comunismul \u0219i ap\u0103rarea democra\u021biei \u00een Europa de Est, dup\u0103 cel de-Al Doilea R\u0103zboi Mondial, la Conferin\u021ba Interna\u021bional\u0103 \u201eDezvoltare Interna\u021bional\u0103 \u0219i Democratizare\u201d, Universitatea \u201eAlexandru Ioan Cuza\u201d Ia\u0219i, Facultatea de Filosofie \u0219i \u0218tiin\u021be Social Politice, 9-10 Decembrie 2016. <br \/>&#8211; Biserica Ortodox\u0103 Rom\u00e2n\u0103 \u0219i \u201elupta pentru pace\u201d, la \u00eenceputul R\u0103zboiului Rece, \u00een cadrul Simpozionul Na\u021bional \u201eRolul m\u0103n\u0103stirii Secu \u00een via\u021ba religioas\u0103 a \u021a\u0103rii Moldovei\u201d, edi\u021bia a V-a, 22-23 septembrie 2016, m\u0103n\u0103stirea Secu. <br \/>&#8211; \u00cenceputul deschiderii c\u0103tre Vest: rela\u021bii romano-americane \u00een plan cultural, educa\u021bional, \u0219tiin\u021bific (1958), la Centrul de Istorie \u0219i Civiliza\u021bie European\u0103, Academia Rom\u00e2n\u0103, filiala Ia\u0219i, 11 noiembrie 2016, Ia\u0219i.<br \/>&#8211; 19 aprilie 2017 \u2013 O cetate asediat\u0103. Lega\u021bia Rom\u00e2niei comuniste din Washington \u00een 1960-1961, la Institutul de Istorie \u201eA.D. Xenopol\u201d, Ia\u0219i. <br \/>&#8211; 28 aprilie 2017 &#8211; Lega\u021biei Republicii Populare Rom\u00e2ne din Washington \u0219i politica de personal a MAE (1960-1961), la Sesiunea \u0219tiin\u021bific\u0103 a Facult\u0103\u021bii de Istorie \u0219i Filosofie a Universit\u0103\u021bii de Stat din Moldova, Chi\u0219in\u0103u.<br \/>&#8211; 12 octombrie 2017 &#8211; \u201eElita&#8221; diplomatic\u0103 a Rom\u00e2niei comuniste: \u00eentre fidelitate ideologic\u0103 \u015fi parvenire individual\u0103. Cazul mini\u015ftrilor Rom\u00e2niei la Washington \u00een perioada lui Gheorghe Gheorghiu-Dej, la Colocviu Na\u0163ional ELITELE PUTERII \u2013PUTEREA ELITELOR \u00ceN SPA\u0162IUL ROM\u00c2NESC (SECOLELE XV-XX), Universitatea \u201eAL. I. Cuza\u201d din Ia\u0219i, Facultatea de Istorie.<br \/>&#8211; 27 octombrie 2017 \u2013 Marea Britanie la \u00eenceputul r\u0103zboiului rece: interese, vulnerabilit\u0103\u0163i \u015fi atitudinea fa\u0163\u0103 de Uniunea Sovietic\u0103 (1945-1950), la Zilele Universit\u0103\u021bii \u201eAL. I. CUZA\u201d, Simpozionul na\u021bional al Facult\u0103\u021bii de Istorie, Universitatea \u201eAL. I. Cuza\u201d din Ia\u0219i.<br \/>&#8211; ianuarie 2018 &#8211; Rom\u00e2nia comunist\u0103 \u0219i propaganda \u00een Statele Unite ale Americii. Romanian News \u2013 Buletinul Lega\u021biei Republicii Populare Rom\u00e2ne, la Centrul de Istorie a Rela\u021biilor Interna\u021bionale, Universitatea \u201eAl. I. Cuza\u201d din Ia\u0219i,<br \/>&#8211; martie 2018 \u2013 Marea Unire reflectat\u0103 \u00een presa comunist\u0103. De la determinismul social la cel national, la simpozionul Basarabia. De la Sfatul \u021a\u0103rii la Pactul Ribbentrop-Molotov, Centrul de Istorie \u0219i Civiliza\u021bie European\u0103, Filiala Ia\u0219i a Academiei Rom\u00e2ne.<br \/>&#8211; mai 2018 \u2013 Preg\u0103tirea rela\u021biilor bilaterale \u00een \u201elaboratoarele\u201d MAE. Ministrul Silviu Brucan, centrala MAE \u0219i rela\u021biile Rom\u00e2niei cu SUA, la simpozionul Fa\u021bete ale comunismului \u00een Rom\u00e2nia \u0219i \u00een R(A)SS Moldoveneasc\u0103: politic\u0103, societate \u0219i economie, la Facultatea de Istorie, Universitatea \u201eAl. I. Cuza\u201d din Ia\u0219i.<br \/>&#8211; august 2018 &#8211; File din diploma\u021bia R\u0103zboiului Rece. Rela\u021bia Lega\u021biei Republicii Populare Rom\u00e2ne din Washington cu Departamentul de Stat al SUA, (1946-1962), la Congresul Na\u021bional al Istoricilor Rom\u00e2ni, Universitatea \u201eAl. I. Cuza\u201d din Ia\u0219i.<\/p><p>&#8211; octombrie 2018 &#8211; Diploma\u021bii rom\u00e2ni de la Washington: de la nepotismul clasic la fidelitatea comunist\u0103 (1946-1949), \u00een cadrul workshopului \u201eCorpul diplomatic al Rom\u00e2niei. Surse, metode, interpret\u0103ri\u201d, Facultatea de Istorie, Universitatea \u201eAl. I. Cuza\u201d din Ia\u0219i. <br \/>&#8211; septembrie 2018 &#8211; Deschiderea controlat\u0103. Cet\u0103\u021beni americani \u00een Rom\u00e2nia lui Gheorghiu-Dej, la Institutul de Istorie \u201eA.D. Xenopol\u201d, Ia\u0219i.<br \/>&#8211; noiembrie 2018 &#8211; Rom\u00e2nia \u0219i SUA la \u00eenceputul R\u0103zboiului Rece, la masa rotund\u0103 Rom\u00e2nia \u0219i \u00eenceputul R\u0103zboiului Rece, 2 noiembrie 2018, Filiala Ia\u0219i a Academiei Rom\u00e2ne.<br \/>&#8211; 7 noiembrie 2018 \u2013 Identitate, dezvoltare \u0219i viitor la comunit\u0103\u021bile rom\u00e2ne\u0219ti de pe Valea Prutului, \u00een cadrul atelierului \u201eMemorie, identitate \u0219i comunitate. Studii de istorie oral\u0103 pe Valea Prutului, \u00een Rom\u00e2nia \u0219i Republica Moldova\u201d, \u021binut la Biblioteca Municipal\u0103 Chi\u0219in\u0103u. <br \/>&#8211; 22 noiembrie 2018 \u2013 Atitudinea regimului Ceau\u0219escu fa\u021b\u0103 de Marea Unire, la Zilele Muzeului \u201eTheodor Cincu\u201d, Tecuci.<\/p><p>&#8211; 23 noiembrie &#8211; \u201eUmanizarea\u201d R\u0103zboiului Rece. Muzica, arta \u0219i propaganda identitar\u0103 a Rom\u00e2niei comuniste \u00een America (1950-1960), la Simpozionul Na\u021bional de Muzicologie, Universitatea de Arte \u201e George Enescu\u201d, Ia\u0219i.<\/p><p>&#8211; Tovar\u0103\u0219ul Mircea Mete\u0219 \u2013 primul comunist al Lega\u021biei Rom\u00e2niei din Washington (1946-1948), la conferin\u0163a \u201eDiploma\u0163ia rom\u00e2neasc\u0103 (1918-1947). Biografii, trasee institu\u0163ionale, percep\u0163ii europene\u201d, Universitatea \u201eAl.I. Cuza\u201d din Ia\u0219i, 24-25 mai 2019.<br \/>&#8211; Economie \u0219i rela\u021bii interna\u021bionale \u00een timpul R\u0103zboiului Rece. Vizita \u00een SUA a delega\u021biei economice conduse de vicepremierul Alexandru Moghioro\u0219 (1961), la conferin\u021ba Institutului de Istorie \u201eA.D. Xenopol\u201d, Ia\u0219i, 5-8 iunie 2019.<br \/>&#8211; Rela\u021biile rom\u00e2no-americane \u00een timpul epocii Gheorghe Gheorghiu-Dej, la Sesiunea Na\u021bional\u0103 a Muzeului Jude\u021bean de Istorie Vaslui, 26-27 septembrie 2019.<br \/>&#8211; Pa\u0219i c\u0103tre apropierea rom\u00e2no-american\u0103. Vizita ministrului de externe rom\u00e2n, Corneliu M\u0103nescu, \u00een SUA (decembrie 1964), la Conferin\u0163a Fa\u0163ete ale comunismului \u00een Rom\u00e2nia \u015fi \u00een R(A)SS Moldoveneasc\u0103, 31 octombrie 2019, Universitatea \u201eAl.I. Cuza\u201d din Ia\u0219i.<br \/>&#8211; Rom\u00e2nia \u0219i SUA la \u00eenceputul R\u0103zboiului Rece. Repere evenimen\u021biale, teme de cercetare, controverse \u0219tiin\u021bifice, la mas\u0103 rotund\u0103 Rom\u00e2nia \u0219i \u00eenceputul R\u0103zboiului Rece, 12 noiembrie 2019, Institutul de Istorie \u201eA.D. Xenopol\u201d.<br \/>&#8211; Mini\u0219tri de externe ai Rom\u00e2niei comuniste \u00een perioada R\u0103zboiului Rece, la Muzeul de Istorie Tecuci, 6 martie 2020.<br \/>&#8211; Muzica \u0219i muzicienii \u00een rela\u021biile rom\u00e2no-americane, \u00een timpul perioadei Gheorghe Gheorghiu-Dej. Colabor\u0103ri \u0219i dispute culturale \u00een timpul R\u0103zboiului Rece, la Sesiunea Na\u021bional\u0103 a Muzeului Jude\u021bean de Istorie Vaslui, 30 septembrie 2020.<br \/>&#8211; Rela\u021biile culturale rom\u00e2no americane \u0219i \u00een\u021belegerile culturale din anii 1961-1964, Zilele Universit\u0103\u021bii \u201eAl.I. Cuza\u201d, Facultatea de Istorie, Universitatea \u201eAl.I. Cuza\u201d din Ia\u0219i, 23 octombrie 2020. <br \/>&#8211; Agricultura \u0219i \u00eenceputul rela\u021biilor diplomatice rom\u00e2no-canadiene, \u00een secolul XX, la simpozionul Rom\u00e2nia, Europa \u0219i lumea \u00een secolele XIX-XX, la Institutul de Istorie \u201eA.D. Xenopol\u201d, Ia\u0219i, 26 noiembrie 2020.<br \/>&#8211; Rela\u021bii culturale rom\u00e2no-americane \u00een 1960. Ini\u021biativele rom\u00e2ne\u0219ti, la Conferin\u021ba anual\u0103 a Institutului de Istorie \u201eA.D. Xenopol\u201d, edi\u021bia a II-a, 4-6 iunie 2021.<br \/>&#8211; Politic\u0103 extern\u0103 \u0219i alian\u021be rom\u00e2ne\u0219ti \u00een secolul XX, la \u0218coala de var\u0103 \u201eIstorie \u0219i identitate rom\u00e2neasc\u0103\u201d, Muzeul de Istorie Tecuci, 1-3 septembrie 2021.<br \/>&#8211; Cultur\u0103, spiritualitate \u0219i ideologie. Influen\u021ba Rom\u00e2niei comuniste asupra rom\u00e2nilor ortodoc\u0219i din SUA, la finalul perioadei Gheorghe Gheorghiu-Dej, la Simpozonul \u201eRolul m\u0103n\u0103stirii Secu \u00een via\u021ba religioas\u0103 a \u021a\u0103rii Moldovei\u201d, 16-17 septembrie 2021.<br \/>&#8211; Primii diploma\u021bi ai Rom\u00e2niei comuniste \u00een America: mini\u0219trii plenipoten\u021biari Mihail Ralea, Mihail Magheru \u0219i Silviu Brucan, la Sesiunea na\u021bional\u0103 de comunic\u0103ri \u0219tiin\u021bifice a Muzeului Jude\u021bean Vaslui, 23 septembrie 2021. <br \/>&#8211; R\u0103zboiul Rece, Rom\u00e2nia comunist\u0103 \u0219i contextul politic al admiterii \u00een UNESCO, la masa rotund\u0103 Un secol de cooperare intelectual\u0103. Repere istorice \u0219i diplomatice, organizat\u0103 de Comisia Na\u021bional\u0103 a Rom\u00e2niei pentru UNESCO, \u00een parteneriat cu Institutul de Cercet\u0103ri Juridice \u201eAcad. Andrei R\u0103dulescu\u201d, Academia Rom\u00e2n\u0103, cu ocazia a 65 de ani de aderarea Rom\u00e2niei la Organiza\u021bia Na\u021biunilor Unite pentru Educa\u021bie, \u0218tiin\u021b\u0103 \u0219i Cultur\u0103 (UNESCO), Bucure\u0219ti, 30 septembrie 2021.<br \/>&#8211; Secven\u021be din propaganda Rom\u00e2niei comuniste \u00een \u0219colile \u0219i universit\u0103\u021bile americane, la finalul perioadei Gheorghiu-Dej, la Zilele Universit\u0103\u021bii \u201eAlexandru Ioan Cuza\u201d, Ia\u0219i, 29 octombrie 2021.<br \/>&#8211; Statele Unite ale Americii \u0219i supravegherea sovietiz\u0103rii timpurii a Rom\u00e2niei, la masa rotund\u0103 Rom\u00e2nia \u0219i \u00eenceputul R\u0103zboiului Rece, 10 noiembrie 2021, Institutul de Istorie \u201eA.D. Xenopol\u201d, \u00een cadrul Zilelor Academice Ie\u0219ene.<br \/>&#8211; Basarabia \u00een propaganda politic\u0103 a Rom\u00e2niei Mari, la conferin\u021ba \u0219tiin\u021bific\u0103 Unirea Basarabiei cu Rom\u00e2nia, Muzeul Jude\u021bean de Istorie Vaslui, 25 martie 2022.<br \/>&#8211; Dincolo de ideologie. Colabor\u0103ri culturale rom\u00e2no-americane \u00een 1963, la Conferin\u021ba anual\u0103 a Institutului de Istorie \u201eA.D. Xenopol\u201d, edi\u021bia a III-a, iunie 2022.<br \/>&#8211; Vizitele unor cet\u0103\u021beni americani \u00een Rom\u00e2nia. \u00centre naivit\u0103\u021bi ideologice \u0219i construirea unor re\u021bele de influen\u021b\u0103 ale Republicii Populare Rom\u00e2ne \u00een SUA (1963), la Conferin\u021ba na\u021bional\u0103 \u201eDiploma\u021bia rom\u00e2neasc\u0103 (1862-2022). Direc\u021bii, Strategii, Percep\u021bii europene\u201d, la Universitatea \u201eAlexandru Ioan Cuza\u201d din Ia\u0219i, 1 iulie 2022.<br \/>&#8211; Propagand\u0103 \u0219i schimburi culturale rom\u00e2no-americane \u00een domeniul cinematografiei \u0219i radioteleviziunii, la finalul epocii Gheorghiu-Dej, la Sesiunea na\u021bional\u0103 de comunic\u0103ri \u0219tiin\u021bifice a Muzeului Jude\u021bean Vaslui, 29 septembrie 2022.<br \/>&#8211; Cultura \u0219i aplanarea disputelor ideologice rom\u00e2no-americane, la \u00eenceputul R\u0103zboiului Rece. Exportul \u201enoii\u201d culturi rom\u00e2ne\u0219ti \u00een SUA, la masa rotund\u0103 &#8211; \u201eDe la crizele politice \u0219i culturale, prin r\u0103zboi, spre comunism. O tranzi\u021bie a Rom\u00e2niei postbelice\u201d, Institutul de Istorie \u201eA.D. Xenopol\u201d, Academia Rom\u00e2n\u0103-Filiala Ia\u015fi, 10 noiembrie 2022.<br \/>&#8211; Diploma\u021bii rom\u00e2ni \u0219i noua politic\u0103 a Administra\u021biei Kennedy c\u0103tre Europa (1961-1962), la Conferin\u021ba na\u021bional\u0103 \u201eElitele \u0219i mecanismele puterii (secolele XV-XX)\u201d, Universitatea din Craiova, 11 noiembrie 2022.<br \/>&#8211; Rom\u00e2nia lui Gheorghiu-Dej, emigra\u021bia anticomunist\u0103 \u0219i disputele \u00een jurul bisericilor rom\u00e2ne\u0219ti din SUA (1960), la Simpozionului Na\u021bional \u201eIstorie \u0219i patrimoniu ecleziastic\u201d, M\u0103n\u0103stirea P\u00e2ng\u0103ra\u021bi, 19-29 mai 2023.<br \/>&#8211; Turism \u0219i politic\u0103 \u00een rela\u021biile rom\u00e2no-americane ale R\u0103zboiului Rece (1960-1961), la Conferin\u021ba Anual\u0103 a Institutului de Istorie \u201eA.D. Xenopol\u201d, 8-10 iunie 2023.<br \/>&#8211; Activit\u0103\u021bile culturale ale Lega\u021biei Republicii Populare Rom\u00e2ne de la Washington (1960-1961), la Muzeul Jude\u021bean de Istorie Vaslui, 28-30 septembrie 2023. <br \/>&#8211; Rela\u021bii culturale \u0219i propaganda Rom\u00e2niei comuniste \u00een America (1960-1964), la masa rotund\u0103 Studiul istoric al rela\u021biilor interna\u021bionale, Institutul de Istorie \u201eA.D. Xenopol\u201d, 17 octombrie 2023.<br \/>&#8211; Dificult\u0103\u021bile meseriei de diplomat al Rom\u00e2niei comuniste \u00een America R\u0103zboiului Rece. Capcane profesionale, spionaj, riscuri politice \u0219i \u00eent\u00e2mpl\u0103ri tragice, la Muzeul de Istorie \u201eTeodor Cincu\u201d Tecuci, 25 noiembrie 2022.<br \/>&#8211; The creation of NATO and political relations between Communist Romania and United States of America in the middle of the 20th century, THE CONFERENCE \u201eNATO \u2013 75 YEARS OF COLLECTIVE DEFENCE. UNDERSTANDING THE PAST TO APPROACH THE FUTURE\u201d, 2-5 aprilie, 2024, Bucure\u0219ti, Institutul pentru Studii Politice de Ap\u0103rare \u0219i Istorie Militar\u0103.<br \/>&#8211; Reviste de istorie a R\u0103zboiului Rece. Teme, autori, articole, perspective \u0219tiin\u021bifice, la Institutului de Istorie \u201eA. D. Xenopol\u201d din Ia\u0219i, Filiala Ia\u0219i a Academiei Rom\u00e2ne, 24 aprilie 2024.<br \/>&#8211; Rom\u00e2nia comunist\u0103 \u0219i Statele Unite ale Americii. De la r\u0103zboi economic la cooperare comercial\u0103 (1947-1964), la sesiunea de comunic\u0103ri \u0219tiin\u021bifice \u201e100 de ani de la Conferin\u021ba rom\u00e2no-sovietic\u0103 de la Viena\u201d, Institutul de Istorie din Chi\u0219in\u0103u, 21 mai 2024.<br \/>&#8211; Rela\u021biile comerciale rom\u00e2no-americane \u00een perioada 1959-1960 \u0219i impactul Acordului financiar dintre RPR \u0219i SUA (1960), la Conferin\u021ba Anual\u0103 a Institutului de Istorie \u201eA. D. Xenopol\u201d din Ia\u0219i, Edi\u021bia a V-a, 30 mai \u2013 1 iunie 2024.<br \/>&#8211; \u00cenfiin\u021barea Biroului Comercial al Republicii Populare Rom\u00e2ne, de la New York. Context politic \u0219i economic (1958-1961), Facultatea de Istorie a Universit\u0103\u021bii \u201eAlexandru Ioan Cuza\u201d Ia\u0219i, la Zilele Universit\u0103\u021bii \u201eAlexandru Ioan Cuza\u201d Ia\u0219i, 25 octombrie 2024.<br \/>&#8211; Criza rachetelor din Cuba \u0219i rela\u021biile rom\u00e2no-americane (1962-1963), la conferin\u021ba Centrul de Istorie \u0219i Civiliza\u021bie European\u0103, Filiala Ia\u0219i a Academiei Rom\u00e2ne, 26 octombrie 1024.<br \/>&#8211; Rom\u00e2nia lui Dej: schimburi de speciali\u0219ti \u0219i de date economice cu Statele Unite ale Americii, pentru modernizarea \u0219i dezvoltarea economiei na\u021bionale (1961-1964) la Conferin\u021ba Anual\u0103 a Institutului de Istorie \u201eA. D. Xenopol\u201d din Ia\u0219i, 1 iunie 2025.<br \/>&#8211; Rom\u00e2nia comunist\u0103 \u0219i denigrarea episcopului Valerian Trifa din SUA ( 1961-1963 , simpozionul \u201eIstorie \u0219i patrimoniu ecleziastic\u201d, M\u0103n\u0103stirea P\u00e2ng\u0103ra\u021bi, Neam\u021b, 9-10 mai 2025.<br \/>&#8211; The Sovietization of Romanian Institutions and the Suppression of Societal Resistance. A Perspective from the United States Legation in Bucharest (1945-1947), la conferin\u021ba interna\u021bional\u0103 \u201e(Re)Searching Communism: 80 Years since the End of the Second World War. The Rise of Communism in Central and South-Eastern Europe\u201d, Universitatea \u201e1 Decembrie 1918\u201d, Muzeul Na\u021bional al Unirii, Alba Iulia, 26-28 septembrie 2025.<\/p><\/div>\n\t\t\t\t\t<\/div><div class=\"eael-accordion-list\">\n\t\t\t\t\t<div id=\"proiecte-de-cercetare\" class=\"elementor-tab-title eael-accordion-header\" tabindex=\"0\" data-tab=\"6\" aria-controls=\"elementor-tab-content-1426\"><span class=\"eael-advanced-accordion-icon-closed\"><svg aria-hidden=\"true\" class=\"fa-accordion-icon e-font-icon-svg e-fas-plus\" viewbox=\"0 0 448 512\" xmlns=\"http:\/\/www.w3.org\/2000\/svg\"><path d=\"M416 208H272V64c0-17.67-14.33-32-32-32h-32c-17.67 0-32 14.33-32 32v144H32c-17.67 0-32 14.33-32 32v32c0 17.67 14.33 32 32 32h144v144c0 17.67 14.33 32 32 32h32c17.67 0 32-14.33 32-32V304h144c17.67 0 32-14.33 32-32v-32c0-17.67-14.33-32-32-32z\"><\/path><\/svg><\/span><span class=\"eael-advanced-accordion-icon-opened\"><svg aria-hidden=\"true\" class=\"fa-accordion-icon e-font-icon-svg e-fas-minus\" viewbox=\"0 0 448 512\" xmlns=\"http:\/\/www.w3.org\/2000\/svg\"><path d=\"M416 208H32c-17.67 0-32 14.33-32 32v32c0 17.67 14.33 32 32 32h384c17.67 0 32-14.33 32-32v-32c0-17.67-14.33-32-32-32z\"><\/path><\/svg><\/span><span class=\"eael-accordion-tab-title\">Proiecte de cercetare<\/span><\/div><div id=\"elementor-tab-content-1426\" class=\"eael-accordion-content clearfix\" data-tab=\"6\" aria-labelledby=\"proiecte-de-cercetare\"><p><a href=\"https:\/\/institutulxenopol.ro\/wp-content\/uploads\/2025\/10\/Nistor-P-Granturi-si-proiecte-cercetare.pdf\">Nistor P Granturi s\u0326i proiecte cercetare<\/a><\/p><\/div>\n\t\t\t\t\t<\/div><\/div>\t\t\t\t<\/div>\n\t\t\t\t\t<\/div>\n\t\t\t\t<\/div>\n\t\t\t\t<\/div>\n\t\t                    <\/div>\n\t\t        \n                    <div id=\"curriculum-vitae-tab\" class=\"clearfix eael-tab-content-item inactive\" data-title-link=\"curriculum-vitae-tab\">\n\t\t\t\t        <p><a href=\"https:\/\/institutulxenopol.ro\/wp-content\/uploads\/2025\/10\/Nistor-P-CV.pdf\">Nistor P CV<\/a><\/p>                    <\/div>\n\t\t                    <\/div>\n        <\/div>\n\t\t\t\t<\/div>\n\t\t\t\t\t<\/div>\n\t\t\t\t<\/div>\n\t\t\t\t<\/div>","protected":false},"excerpt":{"rendered":"<p>Cercet\u0103tor \u015etiin\u0163ific II dr. Paul Nistor Colectivul de Istorie a rela\u0163iilor interna\u0163ionale paulnistor3@yahoo.com paulnistor77777@gmail.com Prezentare Publica\u021bii Curriculum vitae Paul Nistor este cercet\u0103tor \u015ftiin\u0163ific II la Institutul de Istorie \u201eA.D. Xenopol\u201d, Filiala Ia\u0219i a Academiei Rom\u00e2ne, specializarea rela\u0163ii interna\u0163ionale. Preocup\u0103rile sale vizeaz\u0103 politica extern\u0103 a Rom\u00e2niei comuniste, \u00een prima perioad\u0103 a R\u0103zboiului Rece. Dintre domeniile sale [&hellip;]<\/p>\n","protected":false},"author":1,"featured_media":0,"parent":0,"menu_order":0,"comment_status":"closed","ping_status":"closed","template":"","meta":{"site-sidebar-layout":"no-sidebar","site-content-layout":"page-builder","ast-site-content-layout":"full-width-container","site-content-style":"default","site-sidebar-style":"default","ast-global-header-display":"","ast-banner-title-visibility":"","ast-main-header-display":"","ast-hfb-above-header-display":"","ast-hfb-below-header-display":"","ast-hfb-mobile-header-display":"","site-post-title":"","ast-breadcrumbs-content":"","ast-featured-img":"disabled","footer-sml-layout":"","ast-disable-related-posts":"","theme-transparent-header-meta":"","adv-header-id-meta":"","stick-header-meta":"","header-above-stick-meta":"","header-main-stick-meta":"","header-below-stick-meta":"","astra-migrate-meta-layouts":"set","ast-page-background-enabled":"default","ast-page-background-meta":{"desktop":{"background-color":"","background-image":"","background-repeat":"repeat","background-position":"center center","background-size":"auto","background-attachment":"scroll","background-type":"","background-media":"","overlay-type":"","overlay-color":"","overlay-opacity":"","overlay-gradient":""},"tablet":{"background-color":"","background-image":"","background-repeat":"repeat","background-position":"center center","background-size":"auto","background-attachment":"scroll","background-type":"","background-media":"","overlay-type":"","overlay-color":"","overlay-opacity":"","overlay-gradient":""},"mobile":{"background-color":"","background-image":"","background-repeat":"repeat","background-position":"center center","background-size":"auto","background-attachment":"scroll","background-type":"","background-media":"","overlay-type":"","overlay-color":"","overlay-opacity":"","overlay-gradient":""}},"ast-content-background-meta":{"desktop":{"background-color":"var(--ast-global-color-5)","background-image":"","background-repeat":"repeat","background-position":"center center","background-size":"auto","background-attachment":"scroll","background-type":"","background-media":"","overlay-type":"","overlay-color":"","overlay-opacity":"","overlay-gradient":""},"tablet":{"background-color":"var(--ast-global-color-5)","background-image":"","background-repeat":"repeat","background-position":"center center","background-size":"auto","background-attachment":"scroll","background-type":"","background-media":"","overlay-type":"","overlay-color":"","overlay-opacity":"","overlay-gradient":""},"mobile":{"background-color":"var(--ast-global-color-5)","background-image":"","background-repeat":"repeat","background-position":"center center","background-size":"auto","background-attachment":"scroll","background-type":"","background-media":"","overlay-type":"","overlay-color":"","overlay-opacity":"","overlay-gradient":""}},"footnotes":""},"class_list":["post-4253","page","type-page","status-publish","hentry"],"yoast_head":"<!-- This site is optimized with the Yoast SEO plugin v27.5 - https:\/\/yoast.com\/product\/yoast-seo-wordpress\/ -->\n<title>Nistor Paul - Institutul de Istorie \u201eA. D. Xenopol\u201d<\/title>\n<meta name=\"robots\" content=\"index, follow, max-snippet:-1, max-image-preview:large, max-video-preview:-1\" \/>\n<link rel=\"canonical\" href=\"https:\/\/institutulxenopol.ro\/en\/nistor-paul\/\" \/>\n<meta property=\"og:locale\" content=\"en_US\" \/>\n<meta property=\"og:type\" content=\"article\" \/>\n<meta property=\"og:title\" content=\"Nistor Paul - Institutul de Istorie \u201eA. D. Xenopol\u201d\" \/>\n<meta property=\"og:description\" content=\"Cercet\u0103tor \u015etiin\u0163ific II dr. Paul Nistor Colectivul de Istorie a rela\u0163iilor interna\u0163ionale paulnistor3@yahoo.com paulnistor77777@gmail.com Prezentare Publica\u021bii Curriculum vitae Paul Nistor este cercet\u0103tor \u015ftiin\u0163ific II la Institutul de Istorie \u201eA.D. Xenopol\u201d, Filiala Ia\u0219i a Academiei Rom\u00e2ne, specializarea rela\u0163ii interna\u0163ionale. Preocup\u0103rile sale vizeaz\u0103 politica extern\u0103 a Rom\u00e2niei comuniste, \u00een prima perioad\u0103 a R\u0103zboiului Rece. Dintre domeniile sale [&hellip;]\" \/>\n<meta property=\"og:url\" content=\"https:\/\/institutulxenopol.ro\/en\/nistor-paul\/\" \/>\n<meta property=\"og:site_name\" content=\"Institutul de Istorie \u201eA. D. Xenopol\u201d\" \/>\n<meta property=\"article:publisher\" content=\"https:\/\/www.facebook.com\/profile.php?id=61559258097917\" \/>\n<meta property=\"article:modified_time\" content=\"2025-11-21T13:16:10+00:00\" \/>\n<meta property=\"og:image\" content=\"https:\/\/institutulxenopol.ro\/wp-content\/uploads\/2025\/11\/Paul-Nistor-e1762175836602.jpg\" \/>\n\t<meta property=\"og:image:width\" content=\"928\" \/>\n\t<meta property=\"og:image:height\" content=\"898\" \/>\n\t<meta property=\"og:image:type\" content=\"image\/jpeg\" \/>\n<script type=\"application\/ld+json\" class=\"yoast-schema-graph\">{\"@context\":\"https:\\\/\\\/schema.org\",\"@graph\":[{\"@type\":\"WebPage\",\"@id\":\"https:\\\/\\\/institutulxenopol.ro\\\/nistor-paul\\\/\",\"url\":\"https:\\\/\\\/institutulxenopol.ro\\\/nistor-paul\\\/\",\"name\":\"Nistor Paul - Institutul de Istorie \u201eA. D. Xenopol\u201d\",\"isPartOf\":{\"@id\":\"https:\\\/\\\/institutulxenopol.ro\\\/#website\"},\"primaryImageOfPage\":{\"@id\":\"https:\\\/\\\/institutulxenopol.ro\\\/nistor-paul\\\/#primaryimage\"},\"image\":{\"@id\":\"https:\\\/\\\/institutulxenopol.ro\\\/nistor-paul\\\/#primaryimage\"},\"thumbnailUrl\":\"https:\\\/\\\/institutulxenopol.ro\\\/wp-content\\\/uploads\\\/2025\\\/11\\\/Paul-Nistor-e1762175836602.jpg\",\"datePublished\":\"2025-10-24T19:52:41+00:00\",\"dateModified\":\"2025-11-21T13:16:10+00:00\",\"breadcrumb\":{\"@id\":\"https:\\\/\\\/institutulxenopol.ro\\\/nistor-paul\\\/#breadcrumb\"},\"inLanguage\":\"en-US\",\"potentialAction\":[{\"@type\":\"ReadAction\",\"target\":[\"https:\\\/\\\/institutulxenopol.ro\\\/nistor-paul\\\/\"]}]},{\"@type\":\"ImageObject\",\"inLanguage\":\"en-US\",\"@id\":\"https:\\\/\\\/institutulxenopol.ro\\\/nistor-paul\\\/#primaryimage\",\"url\":\"https:\\\/\\\/institutulxenopol.ro\\\/wp-content\\\/uploads\\\/2025\\\/11\\\/Paul-Nistor-e1762175836602.jpg\",\"contentUrl\":\"https:\\\/\\\/institutulxenopol.ro\\\/wp-content\\\/uploads\\\/2025\\\/11\\\/Paul-Nistor-e1762175836602.jpg\"},{\"@type\":\"BreadcrumbList\",\"@id\":\"https:\\\/\\\/institutulxenopol.ro\\\/nistor-paul\\\/#breadcrumb\",\"itemListElement\":[{\"@type\":\"ListItem\",\"position\":1,\"name\":\"Prima pagin\u0103\",\"item\":\"https:\\\/\\\/institutulxenopol.ro\\\/\"},{\"@type\":\"ListItem\",\"position\":2,\"name\":\"Nistor Paul\"}]},{\"@type\":\"WebSite\",\"@id\":\"https:\\\/\\\/institutulxenopol.ro\\\/#website\",\"url\":\"https:\\\/\\\/institutulxenopol.ro\\\/\",\"name\":\"Institutul de Istorie \u201eA. D. Xenopol\u201d Ia\u0219i\",\"description\":\"Academia Rom\u00e2n\u0103 - Filiala Ia\u0219i\",\"publisher\":{\"@id\":\"https:\\\/\\\/institutulxenopol.ro\\\/#organization\"},\"potentialAction\":[{\"@type\":\"SearchAction\",\"target\":{\"@type\":\"EntryPoint\",\"urlTemplate\":\"https:\\\/\\\/institutulxenopol.ro\\\/?s={search_term_string}\"},\"query-input\":{\"@type\":\"PropertyValueSpecification\",\"valueRequired\":true,\"valueName\":\"search_term_string\"}}],\"inLanguage\":\"en-US\"},{\"@type\":\"Organization\",\"@id\":\"https:\\\/\\\/institutulxenopol.ro\\\/#organization\",\"name\":\"Institutul de Istorie \u201eA. D. Xenopol\u201d Ia\u0219i\",\"url\":\"https:\\\/\\\/institutulxenopol.ro\\\/\",\"logo\":{\"@type\":\"ImageObject\",\"inLanguage\":\"en-US\",\"@id\":\"https:\\\/\\\/institutulxenopol.ro\\\/#\\\/schema\\\/logo\\\/image\\\/\",\"url\":\"https:\\\/\\\/institutulxenopol.ro\\\/wp-content\\\/uploads\\\/2025\\\/10\\\/logo-institut-black-e1761148345490.png\",\"contentUrl\":\"https:\\\/\\\/institutulxenopol.ro\\\/wp-content\\\/uploads\\\/2025\\\/10\\\/logo-institut-black-e1761148345490.png\",\"width\":432,\"height\":164,\"caption\":\"Institutul de Istorie \u201eA. D. Xenopol\u201d Ia\u0219i\"},\"image\":{\"@id\":\"https:\\\/\\\/institutulxenopol.ro\\\/#\\\/schema\\\/logo\\\/image\\\/\"},\"sameAs\":[\"https:\\\/\\\/www.facebook.com\\\/profile.php?id=61559258097917\"]}]}<\/script>\n<!-- \/ Yoast SEO plugin. -->","yoast_head_json":{"title":"Nistor Paul - Institutul de Istorie \u201eA. D. Xenopol\u201d","robots":{"index":"index","follow":"follow","max-snippet":"max-snippet:-1","max-image-preview":"max-image-preview:large","max-video-preview":"max-video-preview:-1"},"canonical":"https:\/\/institutulxenopol.ro\/en\/nistor-paul\/","og_locale":"en_US","og_type":"article","og_title":"Nistor Paul - Institutul de Istorie \u201eA. D. Xenopol\u201d","og_description":"Cercet\u0103tor \u015etiin\u0163ific II dr. Paul Nistor Colectivul de Istorie a rela\u0163iilor interna\u0163ionale paulnistor3@yahoo.com paulnistor77777@gmail.com Prezentare Publica\u021bii Curriculum vitae Paul Nistor este cercet\u0103tor \u015ftiin\u0163ific II la Institutul de Istorie \u201eA.D. Xenopol\u201d, Filiala Ia\u0219i a Academiei Rom\u00e2ne, specializarea rela\u0163ii interna\u0163ionale. Preocup\u0103rile sale vizeaz\u0103 politica extern\u0103 a Rom\u00e2niei comuniste, \u00een prima perioad\u0103 a R\u0103zboiului Rece. Dintre domeniile sale [&hellip;]","og_url":"https:\/\/institutulxenopol.ro\/en\/nistor-paul\/","og_site_name":"Institutul de Istorie \u201eA. D. Xenopol\u201d","article_publisher":"https:\/\/www.facebook.com\/profile.php?id=61559258097917","article_modified_time":"2025-11-21T13:16:10+00:00","og_image":[{"width":928,"height":898,"url":"https:\/\/institutulxenopol.ro\/wp-content\/uploads\/2025\/11\/Paul-Nistor-e1762175836602.jpg","type":"image\/jpeg"}],"schema":{"@context":"https:\/\/schema.org","@graph":[{"@type":"WebPage","@id":"https:\/\/institutulxenopol.ro\/nistor-paul\/","url":"https:\/\/institutulxenopol.ro\/nistor-paul\/","name":"Nistor Paul - Institutul de Istorie \u201eA. D. Xenopol\u201d","isPartOf":{"@id":"https:\/\/institutulxenopol.ro\/#website"},"primaryImageOfPage":{"@id":"https:\/\/institutulxenopol.ro\/nistor-paul\/#primaryimage"},"image":{"@id":"https:\/\/institutulxenopol.ro\/nistor-paul\/#primaryimage"},"thumbnailUrl":"https:\/\/institutulxenopol.ro\/wp-content\/uploads\/2025\/11\/Paul-Nistor-e1762175836602.jpg","datePublished":"2025-10-24T19:52:41+00:00","dateModified":"2025-11-21T13:16:10+00:00","breadcrumb":{"@id":"https:\/\/institutulxenopol.ro\/nistor-paul\/#breadcrumb"},"inLanguage":"en-US","potentialAction":[{"@type":"ReadAction","target":["https:\/\/institutulxenopol.ro\/nistor-paul\/"]}]},{"@type":"ImageObject","inLanguage":"en-US","@id":"https:\/\/institutulxenopol.ro\/nistor-paul\/#primaryimage","url":"https:\/\/institutulxenopol.ro\/wp-content\/uploads\/2025\/11\/Paul-Nistor-e1762175836602.jpg","contentUrl":"https:\/\/institutulxenopol.ro\/wp-content\/uploads\/2025\/11\/Paul-Nistor-e1762175836602.jpg"},{"@type":"BreadcrumbList","@id":"https:\/\/institutulxenopol.ro\/nistor-paul\/#breadcrumb","itemListElement":[{"@type":"ListItem","position":1,"name":"Prima pagin\u0103","item":"https:\/\/institutulxenopol.ro\/"},{"@type":"ListItem","position":2,"name":"Nistor Paul"}]},{"@type":"WebSite","@id":"https:\/\/institutulxenopol.ro\/#website","url":"https:\/\/institutulxenopol.ro\/","name":"Institutul de Istorie \u201eA. D. Xenopol\u201d Ia\u0219i","description":"Academia Rom\u00e2n\u0103 - Filiala Ia\u0219i","publisher":{"@id":"https:\/\/institutulxenopol.ro\/#organization"},"potentialAction":[{"@type":"SearchAction","target":{"@type":"EntryPoint","urlTemplate":"https:\/\/institutulxenopol.ro\/?s={search_term_string}"},"query-input":{"@type":"PropertyValueSpecification","valueRequired":true,"valueName":"search_term_string"}}],"inLanguage":"en-US"},{"@type":"Organization","@id":"https:\/\/institutulxenopol.ro\/#organization","name":"Institutul de Istorie \u201eA. D. Xenopol\u201d Ia\u0219i","url":"https:\/\/institutulxenopol.ro\/","logo":{"@type":"ImageObject","inLanguage":"en-US","@id":"https:\/\/institutulxenopol.ro\/#\/schema\/logo\/image\/","url":"https:\/\/institutulxenopol.ro\/wp-content\/uploads\/2025\/10\/logo-institut-black-e1761148345490.png","contentUrl":"https:\/\/institutulxenopol.ro\/wp-content\/uploads\/2025\/10\/logo-institut-black-e1761148345490.png","width":432,"height":164,"caption":"Institutul de Istorie \u201eA. D. Xenopol\u201d Ia\u0219i"},"image":{"@id":"https:\/\/institutulxenopol.ro\/#\/schema\/logo\/image\/"},"sameAs":["https:\/\/www.facebook.com\/profile.php?id=61559258097917"]}]}},"_links":{"self":[{"href":"https:\/\/institutulxenopol.ro\/en\/wp-json\/wp\/v2\/pages\/4253","targetHints":{"allow":["GET"]}}],"collection":[{"href":"https:\/\/institutulxenopol.ro\/en\/wp-json\/wp\/v2\/pages"}],"about":[{"href":"https:\/\/institutulxenopol.ro\/en\/wp-json\/wp\/v2\/types\/page"}],"author":[{"embeddable":true,"href":"https:\/\/institutulxenopol.ro\/en\/wp-json\/wp\/v2\/users\/1"}],"replies":[{"embeddable":true,"href":"https:\/\/institutulxenopol.ro\/en\/wp-json\/wp\/v2\/comments?post=4253"}],"version-history":[{"count":25,"href":"https:\/\/institutulxenopol.ro\/en\/wp-json\/wp\/v2\/pages\/4253\/revisions"}],"predecessor-version":[{"id":4951,"href":"https:\/\/institutulxenopol.ro\/en\/wp-json\/wp\/v2\/pages\/4253\/revisions\/4951"}],"wp:attachment":[{"href":"https:\/\/institutulxenopol.ro\/en\/wp-json\/wp\/v2\/media?parent=4253"}],"curies":[{"name":"wp","href":"https:\/\/api.w.org\/{rel}","templated":true}]}}