{"id":3511,"date":"2025-10-22T15:37:07","date_gmt":"2025-10-22T12:37:07","guid":{"rendered":"https:\/\/institutulxenopol.ro\/?page_id=3511"},"modified":"2026-01-16T17:24:32","modified_gmt":"2026-01-16T14:24:32","slug":"tanasa-remus","status":"publish","type":"page","link":"https:\/\/institutulxenopol.ro\/en\/tanasa-remus\/","title":{"rendered":"Tanas\u0103 Remus"},"content":{"rendered":"<div data-elementor-type=\"wp-page\" data-elementor-id=\"3511\" class=\"elementor elementor-3511\">\n\t\t\t\t<div class=\"elementor-element elementor-element-6fc7f9a5 e-flex e-con-boxed e-con e-parent\" data-id=\"6fc7f9a5\" data-element_type=\"container\" data-e-type=\"container\" data-settings=\"{&quot;background_background&quot;:&quot;classic&quot;}\">\n\t\t\t\t\t<div class=\"e-con-inner\">\n\t\t<div class=\"elementor-element elementor-element-40666e89 e-con-full e-flex e-con e-child\" data-id=\"40666e89\" data-element_type=\"container\" data-e-type=\"container\">\n\t\t\t\t<\/div>\n\t\t\t\t\t<\/div>\n\t\t\t\t<\/div>\n\t\t<div class=\"elementor-element elementor-element-2492887b e-flex e-con-boxed e-con e-parent\" data-id=\"2492887b\" data-element_type=\"container\" data-e-type=\"container\">\n\t\t\t\t\t<div class=\"e-con-inner\">\n\t\t<div class=\"elementor-element elementor-element-7dc3b0ee e-con-full e-flex e-con e-child\" data-id=\"7dc3b0ee\" data-element_type=\"container\" data-e-type=\"container\">\n\t\t\t\t<div class=\"elementor-element elementor-element-2e1f8100 elementor-widget elementor-widget-heading\" data-id=\"2e1f8100\" data-element_type=\"widget\" data-e-type=\"widget\" data-widget_type=\"heading.default\">\n\t\t\t\t\t<h2 class=\"elementor-heading-title elementor-size-default\">Researcher (Level III) dr. Remus Tanas\u0103<\/h2>\t\t\t\t<\/div>\n\t\t\t\t<div class=\"elementor-element elementor-element-6d81b310 elementor-widget elementor-widget-text-editor\" data-id=\"6d81b310\" data-element_type=\"widget\" data-e-type=\"widget\" data-widget_type=\"text-editor.default\">\n\t\t\t\t\t\t\t\t\t<p>Modern History Research Team<\/p>\t\t\t\t\t\t\t\t<\/div>\n\t\t<div class=\"elementor-element elementor-element-46e532a e-grid e-con-full e-con e-child\" data-id=\"46e532a\" data-element_type=\"container\" data-e-type=\"container\">\n\t\t\t\t<div class=\"elementor-element elementor-element-28f0c91e elementor-widget elementor-widget-image\" data-id=\"28f0c91e\" data-element_type=\"widget\" data-e-type=\"widget\" data-widget_type=\"image.default\">\n\t\t\t\t\t\t\t\t\t\t\t\t\t\t\t<img fetchpriority=\"high\" decoding=\"async\" width=\"508\" height=\"505\" src=\"https:\/\/institutulxenopol.ro\/wp-content\/uploads\/2025\/10\/remus-tanasa-e1761330971835.jpg\" class=\"attachment-full size-full wp-image-4119\" alt=\"\" srcset=\"https:\/\/institutulxenopol.ro\/wp-content\/uploads\/2025\/10\/remus-tanasa-e1761330971835.jpg 508w, https:\/\/institutulxenopol.ro\/wp-content\/uploads\/2025\/10\/remus-tanasa-e1761330971835-300x298.jpg 300w, https:\/\/institutulxenopol.ro\/wp-content\/uploads\/2025\/10\/remus-tanasa-e1761330971835-150x150.jpg 150w, https:\/\/institutulxenopol.ro\/wp-content\/uploads\/2025\/10\/remus-tanasa-e1761330971835-12x12.jpg 12w\" sizes=\"(max-width: 508px) 100vw, 508px\" \/>\t\t\t\t\t\t\t\t\t\t\t\t\t\t\t<\/div>\n\t\t\t\t<div class=\"elementor-element elementor-element-6f1cc14c elementor-align-start elementor-icon-list--layout-traditional elementor-list-item-link-full_width elementor-widget elementor-widget-icon-list\" data-id=\"6f1cc14c\" data-element_type=\"widget\" data-e-type=\"widget\" data-widget_type=\"icon-list.default\">\n\t\t\t\t\t\t\t<ul class=\"elementor-icon-list-items\">\n\t\t\t\t\t\t\t<li class=\"elementor-icon-list-item\">\n\t\t\t\t\t\t\t\t\t\t\t<a href=\"mailto:remus_tanasa@yahoo.com\">\n\n\t\t\t\t\t\t\t\t\t\t\t\t<span class=\"elementor-icon-list-icon\">\n\t\t\t\t\t\t\t<svg aria-hidden=\"true\" class=\"e-font-icon-svg e-far-envelope\" viewbox=\"0 0 512 512\" xmlns=\"http:\/\/www.w3.org\/2000\/svg\"><path d=\"M464 64H48C21.49 64 0 85.49 0 112v288c0 26.51 21.49 48 48 48h416c26.51 0 48-21.49 48-48V112c0-26.51-21.49-48-48-48zm0 48v40.805c-22.422 18.259-58.168 46.651-134.587 106.49-16.841 13.247-50.201 45.072-73.413 44.701-23.208.375-56.579-31.459-73.413-44.701C106.18 199.465 70.425 171.067 48 152.805V112h416zM48 400V214.398c22.914 18.251 55.409 43.862 104.938 82.646 21.857 17.205 60.134 55.186 103.062 54.955 42.717.231 80.509-37.199 103.053-54.947 49.528-38.783 82.032-64.401 104.947-82.653V400H48z\"><\/path><\/svg>\t\t\t\t\t\t<\/span>\n\t\t\t\t\t\t\t\t\t\t<span class=\"elementor-icon-list-text\">remus_tanasa@yahoo.com<\/span>\n\t\t\t\t\t\t\t\t\t\t\t<\/a>\n\t\t\t\t\t\t\t\t\t<\/li>\n\t\t\t\t\t\t\t\t<li class=\"elementor-icon-list-item\">\n\t\t\t\t\t\t\t\t\t\t\t<a href=\"https:\/\/acadiasi.academia.edu\/RemusTanasa\">\n\n\t\t\t\t\t\t\t\t\t\t\t\t<span class=\"elementor-icon-list-icon\">\n\t\t\t\t\t\t\t<svg aria-hidden=\"true\" class=\"e-font-icon-svg e-fas-chevron-right\" viewbox=\"0 0 320 512\" xmlns=\"http:\/\/www.w3.org\/2000\/svg\"><path d=\"M285.476 272.971L91.132 467.314c-9.373 9.373-24.569 9.373-33.941 0l-22.667-22.667c-9.357-9.357-9.375-24.522-.04-33.901L188.505 256 34.484 101.255c-9.335-9.379-9.317-24.544.04-33.901l22.667-22.667c9.373-9.373 24.569-9.373 33.941 0L285.475 239.03c9.373 9.372 9.373 24.568.001 33.941z\"><\/path><\/svg>\t\t\t\t\t\t<\/span>\n\t\t\t\t\t\t\t\t\t\t<span class=\"elementor-icon-list-text\">Academia.EDU - Remus Tanas\u0103<\/span>\n\t\t\t\t\t\t\t\t\t\t\t<\/a>\n\t\t\t\t\t\t\t\t\t<\/li>\n\t\t\t\t\t\t\t\t<li class=\"elementor-icon-list-item\">\n\t\t\t\t\t\t\t\t\t\t\t<a href=\"https:\/\/scholar.google.com\/citations?user=BZIm3YkAAAAJ&#038;hl=en\">\n\n\t\t\t\t\t\t\t\t\t\t\t\t<span class=\"elementor-icon-list-icon\">\n\t\t\t\t\t\t\t<svg aria-hidden=\"true\" class=\"e-font-icon-svg e-fas-chevron-right\" viewbox=\"0 0 320 512\" xmlns=\"http:\/\/www.w3.org\/2000\/svg\"><path d=\"M285.476 272.971L91.132 467.314c-9.373 9.373-24.569 9.373-33.941 0l-22.667-22.667c-9.357-9.357-9.375-24.522-.04-33.901L188.505 256 34.484 101.255c-9.335-9.379-9.317-24.544.04-33.901l22.667-22.667c9.373-9.373 24.569-9.373 33.941 0L285.475 239.03c9.373 9.372 9.373 24.568.001 33.941z\"><\/path><\/svg>\t\t\t\t\t\t<\/span>\n\t\t\t\t\t\t\t\t\t\t<span class=\"elementor-icon-list-text\">Google Scholar - Remus Tanas\u0103<\/span>\n\t\t\t\t\t\t\t\t\t\t\t<\/a>\n\t\t\t\t\t\t\t\t\t<\/li>\n\t\t\t\t\t\t<\/ul>\n\t\t\t\t\t\t<\/div>\n\t\t\t\t<\/div>\n\t\t\t\t<\/div>\n\t\t\t\t<div class=\"elementor-element elementor-element-22c07abf elementor-widget elementor-widget-spacer\" data-id=\"22c07abf\" data-element_type=\"widget\" data-e-type=\"widget\" data-widget_type=\"spacer.default\">\n\t\t\t\t\t\t\t<div class=\"elementor-spacer\">\n\t\t\t<div class=\"elementor-spacer-inner\"><\/div>\n\t\t<\/div>\n\t\t\t\t\t\t<\/div>\n\t\t\t\t<div class=\"elementor-element elementor-element-7157ec92 elementor-widget elementor-widget-eael-adv-tabs\" data-id=\"7157ec92\" data-element_type=\"widget\" data-e-type=\"widget\" data-widget_type=\"eael-adv-tabs.default\">\n\t\t\t\t\t        <div data-scroll-on-click=\"\" data-scroll-speed=\"300\" id=\"eael-advance-tabs-7157ec92\" class=\"eael-advance-tabs eael-tabs-horizontal eael-tab-auto-active  active-caret-on\" data-tabid=\"7157ec92\">\n            <div class=\"eael-tabs-nav\">\n                <ul class=\"\" role=\"tablist\">\n                                            <li id=\"prezentare\" class=\"inactive eael-tab-item-trigger eael-tab-nav-item\" aria-selected=\"true\" data-tab=\"1\" role=\"tab\" tabindex=\"0\" aria-controls=\"prezentare-tab\" aria-expanded=\"false\">\n                            \n                            \n                            \n                                                            <span class=\"eael-tab-title title-after-icon\" >Prezentare<\/span>                                                    <\/li>\n                                            <li id=\"publicaii\" class=\"inactive eael-tab-item-trigger eael-tab-nav-item\" aria-selected=\"false\" data-tab=\"2\" role=\"tab\" tabindex=\"-1\" aria-controls=\"publicaii-tab\" aria-expanded=\"false\">\n                            \n                            \n                            \n                                                            <span class=\"eael-tab-title title-after-icon\" >Publications<\/span>                                                    <\/li>\n                                            <li id=\"curriculum-vitae\" class=\"inactive eael-tab-item-trigger eael-tab-nav-item\" aria-selected=\"false\" data-tab=\"3\" role=\"tab\" tabindex=\"-1\" aria-controls=\"curriculum-vitae-tab\" aria-expanded=\"false\">\n                            \n                            \n                            \n                                                            <span class=\"eael-tab-title title-after-icon\" >Curriculum vitae<\/span>                                                    <\/li>\n                    \n                                  <\/ul>\n            <\/div>\n            \n            <div class=\"eael-tabs-content\">\n\t\t        \n                    <div id=\"prezentare-tab\" class=\"clearfix eael-tab-content-item inactive\" data-title-link=\"prezentare-tab\">\n\t\t\t\t        <p style=\"text-align: justify\"><strong>Remus Tanas\u0103<\/strong> a ob\u021binut titlul de doctor \u00een istorie al Facult\u0103\u021bii de Istorie \u2013 Universitatea \u201eAlexandru Ioan Cuza\u201d din Ia\u015fi (2016) cu teza Influen\u021ba ideilor mazziniene \u00een spa\u021biul rom\u00e2nesc. Este absolvent al Facult\u0103\u021bii de Istorie \u2013 Universitatea \u201eAlexandru Ioan Cuza\u201d din Ia\u0219i (2008) \u0219i al Facult\u0103\u021bii de \u015etiin\u0163e Politice din Perugia, Italia (Universit\u00e0 degli Studi Perugia, licen\u0163\u0103 \u2013 2011, masterat \u2013 2013). \u00cen 2015 \u0219i 2024 a urmat stagii de cercetare la Roma \u00een cadrul unor proiecte de mobilitate \u0219tiin\u021bific\u0103 interna\u021bional\u0103 ob\u021binute prin concurs.<\/p><p style=\"text-align: justify\">Domeniile de interes sunt armenologia \u0219i \u201echestiunea armean\u0103\u201d, al\u0103turi de Risorgimento-ul european, rela\u021biile dintre Italia \u0219i Rom\u00e2nia \u0219i ideea de na\u021biune \u00een a doua jum\u0103tate a secolului al XIX-lea.<\/p><p>BrainMap ID: U-2400-071R-5293<\/p>                    <\/div>\n\t\t        \n                    <div id=\"publicaii-tab\" class=\"clearfix eael-tab-content-item inactive\" data-title-link=\"publicaii-tab\">\n\t\t\t\t        <style>.elementor-4133 .elementor-element.elementor-element-1b0c6229{--display:flex;}.elementor-4133 .elementor-element.elementor-element-6590c896 .eael-adv-accordion .eael-accordion-list .eael-accordion-header .fa-accordion-icon{font-size:16px;color:var( --e-global-color-secondary );}.elementor-4133 .elementor-element.elementor-element-6590c896 .eael-adv-accordion .eael-accordion-list .eael-accordion-header svg.fa-accordion-icon{height:16px;width:16px;line-height:16px;}.elementor-4133 .elementor-element.elementor-element-6590c896 .eael-accordion_media-list .eael-accordion_media-icon i{font-size:16px;}.elementor-4133 .elementor-element.elementor-element-6590c896 .eael-accordion_media-list .eael-accordion_media-icon svg{height:16px;width:16px;line-height:16px;}.elementor-4133 .elementor-element.elementor-element-6590c896 .eael-adv-accordion .eael-accordion-list .eael-accordion-header .fa-accordion-icon,\n                    .elementor-4133 .elementor-element.elementor-element-6590c896 .eael-accordion_media-wrapper .eael-accordion_media-lists .eael-accordion_media-list{gap:10px;}.elementor-4133 .elementor-element.elementor-element-6590c896 .eael-adv-accordion .eael-accordion-list .eael-accordion-header, \n                .elementor-4133 .elementor-element.elementor-element-6590c896 .eael-accordion_media-wrapper .eael-accordion_media-list{background-color:var( --e-global-color-astglobalcolor4 );}.elementor-4133 .elementor-element.elementor-element-6590c896 .eael-adv-accordion .eael-accordion-list .eael-accordion-header .eael-accordion-tab-title{color:var( --e-global-color-secondary );}.elementor-4133 .elementor-element.elementor-element-6590c896 .eael-accordion_media-content .eael-accordion_media-title{color:var( --e-global-color-secondary );}.elementor-4133 .elementor-element.elementor-element-6590c896 .eael-adv-accordion .eael-accordion-list .eael-accordion-header .fa-accordion-icon-svg svg{color:var( --e-global-color-secondary );fill:var( --e-global-color-secondary );}.elementor-4133 .elementor-element.elementor-element-6590c896 .eael-adv-accordion .eael-accordion-list .eael-accordion-header svg{fill:var( --e-global-color-secondary );}.elementor-4133 .elementor-element.elementor-element-6590c896 .eael-accordion_media-list .eael-accordion_media-icon{color:var( --e-global-color-secondary );}.elementor-4133 .elementor-element.elementor-element-6590c896 .eael-adv-accordion .eael-accordion-list .eael-accordion-header:hover .eael-accordion-tab-title,\n                    .elementor-4133 .elementor-element.elementor-element-6590c896 .eael-accordion_media-list:not(.active):hover .eael-accordion_media-title{color:var( --e-global-color-primary );}.elementor-4133 .elementor-element.elementor-element-6590c896 .eael-adv-accordion .eael-accordion-list .eael-accordion-header:hover .fa-accordion-icon{color:var( --e-global-color-primary );}.elementor-4133 .elementor-element.elementor-element-6590c896 .eael-adv-accordion .eael-accordion-list .eael-accordion-header:hover .fa-accordion-icon svg{color:var( --e-global-color-primary );fill:var( --e-global-color-primary );}.elementor-4133 .elementor-element.elementor-element-6590c896 .eael-adv-accordion .eael-accordion-list .eael-accordion-header:hover svg.fa-accordion-icon{fill:var( --e-global-color-primary );}.elementor-4133 .elementor-element.elementor-element-6590c896 .eael-accordion_media-list:hover .eael-accordion_media-icon i{color:var( --e-global-color-primary );}.elementor-4133 .elementor-element.elementor-element-6590c896 .eael-accordion_media-list:hover .eael-accordion_media-icon svg{fill:var( --e-global-color-primary );}.elementor-4133 .elementor-element.elementor-element-6590c896 .eael-adv-accordion .eael-accordion-list .eael-accordion-header.active{color:var( --e-global-color-primary );}.elementor-4133 .elementor-element.elementor-element-6590c896 .eael-adv-accordion .eael-accordion-list .eael-accordion-header.active .eael-accordion-tab-title{color:var( --e-global-color-primary );}.elementor-4133 .elementor-element.elementor-element-6590c896 .eael-adv-accordion .eael-accordion-list .eael-accordion-header.active .fa-accordion-icon{color:var( --e-global-color-primary );}.elementor-4133 .elementor-element.elementor-element-6590c896 .eael-adv-accordion .eael-accordion-list .eael-accordion-header.active .fa-accordion-icon svg{color:var( --e-global-color-primary );fill:var( --e-global-color-primary );}.elementor-4133 .elementor-element.elementor-element-6590c896 .eael-adv-accordion .eael-accordion-list .eael-accordion-header.active svg.fa-accordion-icon{fill:var( --e-global-color-primary );}.elementor-4133 .elementor-element.elementor-element-6590c896 .eael-accordion_media-list.active .eael-accordion_media-icon i{color:var( --e-global-color-primary );}.elementor-4133 .elementor-element.elementor-element-6590c896 .eael-accordion_media-list.active .eael-accordion_media-icon svg{fill:var( --e-global-color-primary );}.elementor-4133 .elementor-element.elementor-element-6590c896 .eael-adv-accordion .eael-accordion-list .eael-accordion-content{color:var( --e-global-color-secondary );}.elementor-4133 .elementor-element.elementor-element-6590c896 .eael-accordion_media-list .eael-accordion_media-content .eael-accordion_media-description{color:var( --e-global-color-secondary );}<\/style>\t\t<div data-elementor-type=\"container\" data-elementor-id=\"4133\" class=\"elementor elementor-4133\">\n\t\t\t\t<div class=\"elementor-element elementor-element-1b0c6229 e-flex e-con-boxed e-con e-parent\" data-id=\"1b0c6229\" data-element_type=\"container\" data-e-type=\"container\">\n\t\t\t\t\t<div class=\"e-con-inner\">\n\t\t\t\t<div class=\"elementor-element elementor-element-6590c896 elementor-widget elementor-widget-eael-adv-accordion\" data-id=\"6590c896\" data-element_type=\"widget\" data-e-type=\"widget\" data-widget_type=\"eael-adv-accordion.default\">\n\t\t\t\t\t            <div class=\"eael-adv-accordion\" id=\"eael-adv-accordion-6590c896\" data-scroll-on-click=\"no\" data-scroll-speed=\"300\" data-accordion-id=\"6590c896\" data-accordion-type=\"accordion\" data-toogle-speed=\"300\">\n            <div class=\"eael-accordion-list\">\n\t\t\t\t\t<div id=\"volum-de-autor\" class=\"elementor-tab-title eael-accordion-header\" tabindex=\"0\" data-tab=\"1\" aria-controls=\"elementor-tab-content-1701\"><span class=\"eael-advanced-accordion-icon-closed\"><svg aria-hidden=\"true\" class=\"fa-accordion-icon e-font-icon-svg e-fas-plus\" viewbox=\"0 0 448 512\" xmlns=\"http:\/\/www.w3.org\/2000\/svg\"><path d=\"M416 208H272V64c0-17.67-14.33-32-32-32h-32c-17.67 0-32 14.33-32 32v144H32c-17.67 0-32 14.33-32 32v32c0 17.67 14.33 32 32 32h144v144c0 17.67 14.33 32 32 32h32c17.67 0 32-14.33 32-32V304h144c17.67 0 32-14.33 32-32v-32c0-17.67-14.33-32-32-32z\"><\/path><\/svg><\/span><span class=\"eael-advanced-accordion-icon-opened\"><svg aria-hidden=\"true\" class=\"fa-accordion-icon e-font-icon-svg e-fas-minus\" viewbox=\"0 0 448 512\" xmlns=\"http:\/\/www.w3.org\/2000\/svg\"><path d=\"M416 208H32c-17.67 0-32 14.33-32 32v32c0 17.67 14.33 32 32 32h384c17.67 0 32-14.33 32-32v-32c0-17.67-14.33-32-32-32z\"><\/path><\/svg><\/span><span class=\"eael-accordion-tab-title\">Volum de autor<\/span><\/div><div id=\"elementor-tab-content-1701\" class=\"eael-accordion-content clearfix\" data-tab=\"1\" aria-labelledby=\"volum-de-autor\"><ol><li><em>\u201eApostolul na\u021biunii\u201c: Mazzini \u0219i na\u0219terea Rom\u00e2niei moderne<\/em>, cu o prefa\u021b\u0103 de Francesco Guida, Bucure\u0219ti, Humanitas, 2023, ISBN:\u00a0978-973-50-8198-0, 234 p.<\/li><\/ol><\/div>\n\t\t\t\t\t<\/div><div class=\"eael-accordion-list\">\n\t\t\t\t\t<div id=\"studii-i-articole-tiinifice\" class=\"elementor-tab-title eael-accordion-header\" tabindex=\"0\" data-tab=\"2\" aria-controls=\"elementor-tab-content-1702\"><span class=\"eael-advanced-accordion-icon-closed\"><svg aria-hidden=\"true\" class=\"fa-accordion-icon e-font-icon-svg e-fas-plus\" viewbox=\"0 0 448 512\" xmlns=\"http:\/\/www.w3.org\/2000\/svg\"><path d=\"M416 208H272V64c0-17.67-14.33-32-32-32h-32c-17.67 0-32 14.33-32 32v144H32c-17.67 0-32 14.33-32 32v32c0 17.67 14.33 32 32 32h144v144c0 17.67 14.33 32 32 32h32c17.67 0 32-14.33 32-32V304h144c17.67 0 32-14.33 32-32v-32c0-17.67-14.33-32-32-32z\"><\/path><\/svg><\/span><span class=\"eael-advanced-accordion-icon-opened\"><svg aria-hidden=\"true\" class=\"fa-accordion-icon e-font-icon-svg e-fas-minus\" viewbox=\"0 0 448 512\" xmlns=\"http:\/\/www.w3.org\/2000\/svg\"><path d=\"M416 208H32c-17.67 0-32 14.33-32 32v32c0 17.67 14.33 32 32 32h384c17.67 0 32-14.33 32-32v-32c0-17.67-14.33-32-32-32z\"><\/path><\/svg><\/span><span class=\"eael-accordion-tab-title\">Studii \u0219i articole \u0219tiin\u021bifice<\/span><\/div><div id=\"elementor-tab-content-1702\" class=\"eael-accordion-content clearfix\" data-tab=\"2\" aria-labelledby=\"studii-i-articole-tiinifice\"><p>1. Il contesto storico della \u201cquestione armena\u201d, \u00een \u201eIl Pensiero Storico. Rivista Internazionale di Storia delle Idee\u201d, an IX, nr. 16, decembrie 2024, IPS Edizioni, Italy; ERIH PLUS, ASCI, ISSN 2612-7652.<\/p><p>2. Alexandru Zub \u0219i Risorgimento-ul european, \u00een Din lucrarea cuv\u00e2ntului \u00een lume. C\u0103rturarului Alexandru Zub, volum coordonat de Gheorghe Cliveti, Ed. Junimea, Ia\u0219i, 2024, ISBN: 978-973-37-2821-4.<\/p><p>3. Armenii otomani \u0219i na\u021biunea armean\u0103 la finalul secolului al XIX-lea, \u00een \u201eEast European Journal of Diplomatic History\u201d, nr. 10, 2023, ISSN: 2393-0764.<\/p><p>4. Armenii otomani: de la \u201emiletul cel fidel\u201d la genocid, \u00een \u201eCercet\u0103ri Istorice\u201d (serie nou\u0103), XLII, 2023, ISSN 1453-3960.<\/p><p>5. Siruni, fondul de la Arhivele Na\u021bionale \u0219i Securitatea, \u00een \u201eCercet\u0103ri Istorice\u201d (serie nou\u0103), XLI, 2022, ISSN 1453-3960.<\/p><p>6. Prelude to genocide: \u201ethe Armenian question\u201d and the massacres in the Ottoman Empire, \u00een \u201eThe Romanian Journal of Modern History\u201d, vol. XIII, nr. 1-2, June-December 2022, Ia\u0219i, ISSN: 2068-715X.<\/p><p>7. \u201eChestiunea armean\u0103\u201d \u0219i Congresul de la Berlin, \u00een Marius Chelcu, Dorin Dobrincu (editori), Fr\u0103m\u00e2nt\u0103rile modernit\u0103\u0163ii: discursuri, oameni, institu\u0163ii. Lucr\u0103rile Conferin\u0163ei Institutului de Istorie \u201eA.D. Xenopol\u201d, Edi\u0163ia I, 2019, Ia\u0219i, Editura Universit\u0103\u021bii \u201eA.I. Cuza\u201d, 2022, ISBN: 978-606-714-726-1.<\/p><p>8. Armenii din Imperiul Otoman \u0219i ideea de na\u021biune, \u00een \u201eAnuarul Institutului de Istorie \u00abA.D. Xenopol\u00bb\u201d, Tomul LVIII, 2021, Ia\u0219i, ISSN: 1221-3705.<\/p><p>9. Between \u201cmillet\u201d and self-determination: the Ottoman-Armenian case, \u00een \u201eAnalele \u015etiin\u0163ifice ale Universit\u0103\u0163ii \u00abAlexandru Ioan Cuza\u00bb\u201d, (serie nou\u0103), Istorie, LXVII, Ia\u0219i, 2021, ISSN: 1221-843X.<\/p><p>10. Dimensiunea european\u0103 a lui Mazzini \u00een istoriografie, \u00een \u201eCercet\u0103ri Istorice\u201d (serie nou\u0103), XL, Ia\u0219i, 2021, ISSN: 1453-3960.<\/p><p>11. Revolta din Sasun \u0219i masacrele armenilor din 1894, \u00een \u201eCercet\u0103ri Istorice\u201d (serie nou\u0103), XXXIX, Ia\u0219i, 2020, ISSN: 1453-3960.<\/p><p>12. \u00cen c\u0103utarea revolu\u021biei: Mazzini \u0219i rom\u00e2nii, \u00een \u201eAnuarul Institutului de Istorie \u00abA.D. Xenopol\u00bb. Omagiu academicianului Alexandru Zub\u201d, Tomul LVI, 2019, Ia\u0219i, ISSN: 1221-3705.<\/p><p>13. \u201eChestiunea armean\u0103\u201d: premise \u0219i recunoa\u0219tere interna\u021bional\u0103, \u00een \u201eCercet\u0103ri Istorice\u201d (serie nou\u0103), XXXVIII, Ia\u0219i, 2019, ISSN: 1453-3960.<\/p><p>14. 1918 pentru Rom\u00e2nia \u0219i Italia: dou\u0103 destine paralele, \u00een volumul colectiv V\u00e2rful C\u00e2mpului la Centenarul Marii Uniri prin os c\u0103rtur\u0103resc \u0219i civic. 1918-2018, editor Aristide Zub \u0219i D\u0103nu\u021b Hu\u021bu, Ia\u0219i, Pim, 2018, ISBN: 978-606-13-4369-0.<\/p><p>15. Mazzini, \u201eapostolul na\u021biunii\u201d, \u00een volumul colectiv In memoriam Gheorhe Palade (1950-2016), Bons Offices, Chi\u0219in\u0103u, 2018, ISBN: 978-9975-87-372-7.<\/p><p>16. Republicanismul liberalilor radicali: \u00eentre ideal \u0219i arm\u0103 politic\u0103, \u00een Mihai-\u0218tefan Ceau\u015fu, Liviu Br\u0103tescu, Simion-Alexandru Gavri\u015f (coordonatori), Regalitatea rom\u00e2n\u0103. Perspective istoriografice, Ia\u0219i, Ed. Universit\u0103\u021bii \u201eA.I. Cuza\u201d, 2017, ISBN: 978-606-714-415-4.<\/p><p>17. Ecouri ale expedi\u021biei lui Giuseppe Mazzini din Savoia \u00een \u201eAlbina Rom\u00e2neasc\u0103\u201d de la Ia\u0219i (1834), \u00een \u201eAnuarul Institutului de Istorie \u00abA.D. Xenopol\u00bb. Omagiu profesorului Gheorghe Cliveti\u201d, Tomul LIV, 2017, Ia\u0219i, ISSN: 1221-3705.<\/p><p>18. Locul rom\u00e2nilor \u00een viziunea interna\u021bional\u0103 a lui Mazzini, , \u00een \u201eEast European Journal of Diplomatic History\u201d, nr. 3\/decembrie 2016, ISSN: 2393-0764.<\/p><p>19. Rom\u00e2ni \u0219i maghiari \u00eentr-o disput\u0103 politic\u0103 referitoare la ideea de na\u021biune: Dumitru Br\u0103tianu \u0219i Daniel Iranyi \u00een ziarul \u201eLa Presse\u201d (1851), \u00een \u201eStudia Universitatis Moldaviae\u201d, nr. 10 (100), 2016, ISSN: 1811-2668.<\/p><p>20. Mazzini, Kossuth \u0219i rom\u00e2nii, \u00een volumul colectiv coordonat de Marius B\u0103lan \u0219i Gabriel Leanca, Cultur\u0103 juridic\u0103, stat \u0219i rela\u021bii interna\u021bionale \u00een epoca modern\u0103. Omagiu profesorului Corneliu-Gabriel B\u0103d\u0103r\u0103u, Ia\u0219i, Ed. Universit\u0103\u021bii \u201eA.I. Cuza\u201d, 2016, ISBN 978-606-714-332-4.<\/p><p>21. Ideea de federa\u0163ie la rom\u00e2ni \u015fi la italieni \u00een a doua jum\u0103tate a secolului al XIX-lea, \u00een \u201eIoan Neculce. Buletinul Muzeului de Istorie a Moldovei\u201d (serie nou\u0103), nr. XXII\/2016, ISSN: 1454-0754.<\/p><p>22. Rom\u00e2nii \u0219i Comitetul Central Democratic European de la Londra (1850-1853), \u00een \u201eAnuarul Institutului de Istorie \u00abA.D. Xenopol\u00bb. Supliment \u2013 Istoriografia \u00een secolul XXI: noi genera\u021bii, alte abord\u0103ri\u201d, Tomul LII, 2015, Ia\u0219i, ISSN: 1221-3705.<\/p><p>23. I. Kant, G. Mazzini, J.S. Mill \u2013 repere \u00een g\u00e2ndirea de rela\u0163ii interna\u0163ionale a epocii moderne, \u00een \u201eEast European Journal of Diplomatic History\u201d, nr. 2\/decembrie 2015, ISSN: 2393-0764.<\/p><p>24. Liberalii radicali \u0219i republica votului universal, \u00een \u201eAnalele \u0218tiin\u021bifice ale Universit\u0103\u021bii \u00abA. I. Cuza\u00bb\u201d din Ia\u0219i (serie nou\u0103), Istorie, Tom LXI, 2015, ISSN: 1221-843X.<\/p><p>25. Dumitru Br\u0103tianu \u0219i Comitetul Democratic European de la Londra (1851-1853), \u00een volumul colectiv Discourse as form of multiculturalism in literature and communication. History and cultural mentalities, T\u00e2rgu-Mure\u0219, Arhipelag XXI Press, 2015, ISBN: 978-606-8624-21-1.<\/p><p>26. Noile for\u021be politice ale \u201eRisorgimento-ului european\u201d, \u00een \u201eIoan Neculce. Buletinul Muzeului de Istorie a Moldovei\u201d (serie nou\u0103), nr. XXI\/2015, ISSN: 1454-0754.<\/p><p>27. Comitetul Central Democratic European de la Londra (1850-1853), \u00een volumul colectiv coordonat de Anamaria Macavei \u0219i Diana Maria D\u0103ian, Fragmente din trecut. Tinerii cercet\u0103tori \u0219i istoria, Cluj-Napoca, Presa Universitar\u0103 Clujean\u0103, 2015, ISBN: 978-973-595-876-3.<\/p><p>28. Mazzini and Marx: two political statements, \u00een \u201eThe Romanian Journal of Modern History\u201d, vol. VI, nr. 1-2, 2015, ISSN: 2068-715X.<\/p><p>29. De la \u201eT\u00e2n\u0103ra Europ\u0103\u201d la Uniunea European\u0103, \u00een volumul colectiv Uniunea European\u0103 \u015fi vecin\u0103tatea estic\u0103, Gabriel Asandului, Mihai Dorin (coord), Ia\u015fi, Ed. Politehnium, 2015, ISBN: 978-973-621-445-5.<\/p><p>30. Influen\u0163a ideilor lui Giuseppe Mazzini \u00een aria cultural-politic\u0103 rom\u00e2neasc\u0103 din a doua jum\u0103tate a secolului al XIX-lea, \u00een volumul colectiv Consemn\u0103ri despre trecut. Imagine \u015fi societate de-a lungul timpului, Cluj-Napoca, Presa Universitar\u0103 Clujean\u0103, 2015, ISBN: 978-973-595-808-4.<\/p><p>31. Viziunea lui Mazzini asupra cooper\u0103rii europene. Politica interna\u0163ional\u0103 \u015fi rela\u0163iile dintre state, \u00een \u201eEast European Journal of Diplomatic History\u201d, anul I, nr. 1\/decembrie 2014, ISSN: 2393-0764.<\/p><p>32. Patriotismul lui Mazzini \u00eentre \u201eprincipiul na\u0163ionalit\u0103\u0163ilor\u201d \u015fi republicanism, \u00een volumul colectiv Communication, Context, Interdiscipliniraty. Studies and Articles. Section: History, vol III, T\u00e2rgu-Mure\u015f, \u201ePetru-Maior\u201d University Press, 2014, ISSN: 2069-3389.<\/p><p>33. Giuseppe Mazzini \u0219i socialismul, \u00een \u201eManagement Intercultural\u201d, anul XVI, nr. 31\/2014, ISSN-L: 1454-9980.<\/p><\/div>\n\t\t\t\t\t<\/div><div class=\"eael-accordion-list\">\n\t\t\t\t\t<div id=\"manifestri-tiinifice-internaionalenaionale-comunicrikeynote-speaker\" class=\"elementor-tab-title eael-accordion-header\" tabindex=\"0\" data-tab=\"3\" aria-controls=\"elementor-tab-content-1703\"><span class=\"eael-advanced-accordion-icon-closed\"><svg aria-hidden=\"true\" class=\"fa-accordion-icon e-font-icon-svg e-fas-plus\" viewbox=\"0 0 448 512\" xmlns=\"http:\/\/www.w3.org\/2000\/svg\"><path d=\"M416 208H272V64c0-17.67-14.33-32-32-32h-32c-17.67 0-32 14.33-32 32v144H32c-17.67 0-32 14.33-32 32v32c0 17.67 14.33 32 32 32h144v144c0 17.67 14.33 32 32 32h32c17.67 0 32-14.33 32-32V304h144c17.67 0 32-14.33 32-32v-32c0-17.67-14.33-32-32-32z\"><\/path><\/svg><\/span><span class=\"eael-advanced-accordion-icon-opened\"><svg aria-hidden=\"true\" class=\"fa-accordion-icon e-font-icon-svg e-fas-minus\" viewbox=\"0 0 448 512\" xmlns=\"http:\/\/www.w3.org\/2000\/svg\"><path d=\"M416 208H32c-17.67 0-32 14.33-32 32v32c0 17.67 14.33 32 32 32h384c17.67 0 32-14.33 32-32v-32c0-17.67-14.33-32-32-32z\"><\/path><\/svg><\/span><span class=\"eael-accordion-tab-title\">Manifest\u0103ri \u0219tiin\u021bifice interna\u021bionale\/na\u021bionale, comunic\u0103ri\/keynote speaker<\/span><\/div><div id=\"elementor-tab-content-1703\" class=\"eael-accordion-content clearfix\" data-tab=\"3\" aria-labelledby=\"manifestri-tiinifice-internaionalenaionale-comunicrikeynote-speaker\"><p>1. Note biografice despre Grigore Buiucliu \u0219i Junimea, \u00een cadrul conferin\u021bei \u201eModernitatea Rom\u00e2neasc\u0103 \u00een secolele XVIII-XX: realit\u0103\u021bi politice, dinamici sociale \u0219i preocup\u0103ri culturale\u201d, edi\u021bia a III-a, Institutul de Istorie \u201eA.D. Xenopol\u201d, Ia\u0219i, 17 octombrie 2025.<br \/>2. Lansare de carte: Nicolae Iorga \u0219i seduc\u021bia fascismului italian, autor: Georgiana \u021a\u0103ranu, (Bucure\u0219ti, Humanitas, 2025), Georgiana \u021a\u0103ranu, Dorin Dobrincu, Remus Tanas\u0103, Alexandru Aioanei, organizator: Institutul de Istorie \u201eA.D. Xenopol\u201d, Ia\u0219i, 8 octombrie 2025.<br \/>3. Moartea lui Mazzini \u00een presa rom\u00e2neasc\u0103, \u00een cadrul Conferin\u021bei Anuale a Institutului de Istorie \u201eA.D. Xenopol\u201d, Edi\u021bia a VI-a, 5 \u2013 7 iunie 2025, Ia\u0219i.<br \/>4. 110 ani de la genocidul armean. Oameni, amintiri, c\u0103r\u021bi (conferin\u021b\u0103 din cadrul De la istoria universal\u0103 la istoria local\u0103: Conferin\u021bele Institutului \u201eA.D. Xenopol\u201d la Boto\u0219ani); Institutul de Istorie \u201eA.D. Xenopol\u201d \u00een parteneriat cu Uniunea Armenilor din Boto\u0219ani \u2013 sucursala Boto\u0219ani, 22 aprile 2025, Boto\u0219ani.<br \/>5. Europa \u0219i Unirea Principatelor de la 1859; Muzeul Na\u021bional al Literaturii Rom\u00e2ne Ia\u0219i \u00een parteneriat cu Colegiul Na\u021bional Ia\u0219i, 23 ianuarie 2025, Ia\u0219i.<br \/>6. Uzul \u0219i abuzul istoriei \u00een societatea digital\u0103 (conferin\u021b\u0103 din cadrul De la istoria universal\u0103 la istoria local\u0103: Conferin\u021bele Institutului \u201eA.D. Xenopol\u201d la Boto\u0219ani); Institutul de Istorie \u201eA.D. Xenopol\u201d \u00een parteneriat cu Biblioteca Jude\u021bean\u0103 \u201eMihai Eminescu\u201d Boto\u0219ani, 18 decembrie 2024.<br \/>7. Mazzini, the Romanian Forty-Eighters and Bukovina, conferin\u021ba interna\u021bional\u0103 \u201eInternationaler Bukowina-Tag Interdisziplin\u00e4re Nachwuchstagung zur Geschichte und Kultur der Bukowina am Bukowina-Institut an der Universit\u00e4t Augsburg\u201d (Institutul Bukowina Augsburg, Universitatea din Augsburg \u2013 Germania), 20 noiembrie 2024;<br \/>8. Mazzini e la nascita della Romania moderna (Roma, Italia); conferin\u021b\u0103 interna\u021bional\u0103 organizat\u0103 de Dipartimento di Scienze Politiche, Universita Roma Tre \u00een parteneriat cu cu Institutul de Istorie \u201eA.D. Xenopol\u201d, 7 noiembrie 2024.<br \/>9. Romeni ed italiani nel Comitato Democratico Europeo di Londra fra la \u201ePrimavera dei Popoli\u201de la Guerra di Crimea (1850-1853); conferin\u021ba interna\u021bional\u0103 \u201eGuerra e societ\u00e0 nell\u2019Europa Centrale e Orientale, sec. XIX-XXI. Prospettive italo-romene. Giornata di Studi\u201d, Accademia di Romania in Roma, 6 noiembrie 2024.<br \/>10. Boto\u0219aniul de secol XIX, un centru comercial la grani\u021bia Rom\u00e2niei (conferin\u021b\u0103 din cadrul De la istoria universal\u0103 la istoria local\u0103: Conferin\u021bele Institutului \u201eA.D. Xenopol\u201d la Boto\u0219ani); Institutul de Istorie \u201eA.D. Xenopol\u201d \u00een parteneriat cu Camera de Comer\u021b, Industrie \u0219i Agricultur\u0103 Boto\u0219ani, 15 octombrie 2024.<br \/>11. Armenii din Rom\u00e2nia. Schi\u021b\u0103 istoric\u0103, simpozionul na\u021bional de istorie \u201eDumbr\u0103veni \u2013 repere istorice \u0219i culturale\u201d, edi\u021bia a X-a, Dumbr\u0103veni (Sibiu), 29 iunie 2024.<br \/>12. Armenii otomani \u0219i na\u021biunea armean\u0103 la finalul secolului al XIX-lea; \u00een cadrul Conferin\u021bei Anuale a Institutului de Istorie \u201eA.D. Xenopol\u201d, 30 mai &#8211; 1 iunie 2024, Ia\u0219i;<br \/>13. Lansare de carte la Chi\u0219in\u0103u (Rep. Moldova): \u201eApostolul na\u021biunii\u201d. Mazzini \u0219i na\u0219terea Rom\u00e2niei moderne (autor: Remus Tanas\u0103); Facultatea de Istorie \u0219i Filosofie, Universitatea de Stat din Chi\u0219in\u0103u \u00een parteneriat cu Institutul de Istorie \u201eA.D. Xenopol\u201d, 17 mai 2024.<br \/>14. Analiza unor documente diplomatice italiene despre mi\u0219carea memorandist\u0103 din Transilvania + prezentare de carte Otomanii. Hani, cezari \u0219i califi (Marc David Baer, Humanitas, 2023); Cercul de Rela\u021bii Interna\u021bionale \u0219i Politic\u0103 European\u0103, Institutul de Istorie \u201eA.D. Xenopol\u201d, 9 mai 2024.<br \/>15. Declinul Imperiului Otoman, orfelinatul armean de la Strunga \u0219i Uniunea Armenilor din Rom\u00e2nia (conferin\u021b\u0103 din cadrul De la istoria universal\u0103 la istoria local\u0103: Conferin\u021bele Institutului \u201eA.D. Xenopol\u201d la Boto\u0219ani); Institutul de Istorie \u201eA.D. Xenopol\u201d \u00een parteneriat cu Uniunea Armenilor din Rom\u00e2nia \u2013 filiala Boto\u0219ani, 24 aprilie 2024.<br \/>16. Lansare de carte la Ia\u0219i: \u201eApostolul na\u021biunii\u201d. Mazzini \u0219i na\u0219terea Rom\u00e2niei moderne (autor: Remus Tanas\u0103), Universitatea \u201ePetre Andrei\u201d din Ia\u0219i \u00een parteneriat cu Institutul de Istorie \u201eA.D. Xenopol\u201d, 15 martie 2024.<br \/>17. Grigorie M. Buiucliu, c\u00e2teva date biografice pe baza unor documente inedite, \u00een cadrul conferin\u021bei \u201eModernitatea rom\u00e2neasc\u0103 \u00een secolele XVIII-XX: realit\u0103\u0163i politice, concepte, dinamic\u0103 social\u201d, (edi\u0163ia I), Institutul de Istorie \u201eA. D. Xenopol\u201d, Colectivul de Istorie Modern\u0103, 24 noiembrie 2023, Ia\u0219i.<br \/>18. Il conservatorismo romeno, \u00een cadrul conferin\u021bei interna\u021bionale \u201eConservatori del Futuro. Che cosa conservare, come ricostruire\u201d, organizatori: Camera di Commercio di Napoli, Alleanza Cattolica \u0219i Centro Studi Rosario Livatino, 21 octombrie 2023, Napoli, Italia.<br \/>19. Prezentare de carte: \u201eSulle vie dell&#8217;esilio. I rivoluzionari romeni dopo il 1848\u201d (D&#8217;Alessandri Antonio), Cercul de Rela\u021bii Interna\u021bionale \u0219i Politic\u0103 European\u0103 din cadrul Institutului de Istorie \u201eA.D. Xenopol\u201d, 29 septembrie 2023, Ia\u0219i.<br \/>20. Turcia \u0219i reprimarea armenilor, \u00een cadrul \u201eSimpozionului dedicat Centenarului Orfelinatului Armean de la Strunga\u201d, organizatori: Complexul Muzeal Na\u021bional Moldova, Ia\u0219i\/ Muzeul de Istorie a Moldovei \u0219i Uniunea Armenilor din Rom\u00e2nia, 29 septembrie 2023, Ia\u0219i.<br \/>21. Preludiul unei tragedii anun\u021bate: genocidul armean, \u00een cadrul Simpozionului Na\u021bional de Istorie \u201eDumbr\u0103veni, repere istorice \u0219i culturale\u201d, organizat de Uniunea Armenilor din Rom\u00e2nia, sucursala Dumbr\u0103veni, 17 iunie 2023, Dumbr\u0103veni.<br \/>22. Premisele genocidului armean, \u00een cadrul Conferin\u021bei Anuale a Institutului de Istorie \u201eA.D. Xenopol\u201d, 8-10 iunie 2023, Ia\u0219i.<br \/>23. Comunitatea Armenilor din Boto\u0219ani \u0219i genocidul armean, \u00een cadrul seriei \u201eDe la istoria universal\u0103 la istoria local\u0103: Conferin\u021bele Institutului \u00abA.D. Xenopol\u00bb la Boto\u0219ani\u201d, organizatori: Institutul de Istorie \u201eA.D. Xenopol\u201d \u0219i Uniunea Armenilor din Boto\u0219ani \u2013 sucursala Boto\u0219ani, 19 aprilie 2023, Boto\u0219ani.<br \/>24. Preludiul unui genocid: \u201echestiunea armean\u0103\u201d \u0219i masacrele din Imperiul Otoman, Zilele Universit\u0103\u021bii \u201eA.I. Cuza\u201d din Ia\u0219i. Simpozion na\u021bional. Sesiunea de comunic\u0103ri a profesorilor \u0219i cercet\u0103torilor, 28 octombrie 2022.<br \/>25. Siruni, fondul arhivistic \u0219i Securitatea, a XLV-a Sesiune Na\u021bional\u0103 de Comunic\u0103rii \u0218tiin\u021bifice, Muzeul Jude\u021bean \u201e\u0218tefan cel Mare\u201d, Vaslui, 29 septembrie 2022.<br \/>26. \u201eChestiunea armean\u0103\u201d, context interna\u021bional \u0219i consecin\u021be, simpozion national organizat de Uniunea Armenilor din Rom\u00e2nia \u2013 filiala Dumbr\u0103veni, Institutul de Armenologie \u2013 Universitatea Babe\u0219-Bolyai Cluj Napoca, 18 iunie 2022.<br \/>27. Hagop Djololian Siruni \u0219i armenologia rom\u00e2neasc\u0103, Conferin\u021ba Anual\u0103 a Institutului de Istorie \u201eA. D. Xenopol\u201d din Ia\u0219i, 2-4 iunie 2022.<br \/>28. \u00centre \u201emilet\u201d \u0219i autodeterminare, cazul armenilor otomani, Simpozionul na\u021bional \u201eZilele Universit\u0103\u021bii \u00abAlexandru Ioan Cuza\u00bb din Ia\u0219i. Sesiunea de comunic\u0103ri a profesorilor \u015fi cercet\u0103torilor. Colocviile \u015ecolii Doctorale, edi\u0163ia a XV-a\u201d, Facultatea de Istorie din Ia\u0219i, 29-30 octombrie 2021.<br \/>29. Armenii otomani, de la millet-i sad\u0131ka la ideea de na\u021biune, Conferin\u021ba anual\u0103 a Institutului de Istorie \u201eA.D. Xenopol\u201d din Ia\u0219i, edi\u021bia a II-a, 4-6 iunie 2021.<br \/>30. \u201eChestiunea armean\u0103\u201d \u0219i ideea de na\u021biune \u00een Imperiul Otoman, Conferin\u021ba na\u021bional\u0103 \u201eRom\u00e2nia, Europa \u0219i lumea \u00een secolele XIX-XX\u201d, organizat\u0103 de Institutul de Istorie \u201eA.D. Xenopol\u201d, 26 octombrie 2020.<br \/>31. Revolta din Sasun \u0219i masacrele armenilor din 1894, Simpozionul na\u021bional \u201eZilele Universit\u0103\u021bii \u00abAlexandru Ioan Cuza\u00bb din Ia\u0219i. Sesiunea de comunic\u0103ri a profesorilor \u015fi cercet\u0103torilor. Colocviile \u015ecolii Doctorale, edi\u0163ia a XIV-a\u201d, Facultatea de Istorie din Ia\u0219i, 23 octombrie 2020.<br \/>32. \u201eChestiunea armean\u0103\u201d \u00eentre administra\u021bia otoman\u0103 \u0219i autonomia kurd\u0103, Conferin\u021ba interna\u021bional\u0103 \u201eLiterature, Discourse and Multicultural Dialogue\u201d, 7-8 decembrie 2019, T\u00e2rgu Mure\u0219.<br \/>33. Dumitru Br\u0103tianu \u0219i Comitetul de la Londra (1851-1853), Simpozionul na\u021bional organizat de Centrul de Cultur\u0103 \u201eBr\u0103tianu\u201d \u0218tef\u0103ne\u0219ti &#8211; Arge\u0219, \u201eBr\u0103tienii \u00een istoria rom\u00e2nilor\u201d, 21 noiembrie 2019.<br \/>34. Armenii \u0219i statul rom\u00e2n modern, Zilele Academice Ie\u015fene, edi\u0163ia a XXXIV-a, masa rotund\u0103 \u201ePublic \u0219i privat \u00een Rom\u00e2nia secolului XIX-XX\u201d, Institutul de Istorie \u201eA.D. Xenopol\u201d, 30 octombrie 2019.<br \/>35. \u201eChestiunea armean\u0103\u201d \u00een contextul Europei de la sf\u00e2r\u0219itul secolului al XIX-lea, Conferin\u021ba anual\u0103 a Institutului de Istorie \u201eA.D. Xenopol\u201d din Ia\u0219i, edi\u021bia I, 5-8 iunie 2019.<br \/>36. Republicanismul liberalilor radicali \u00eentre ideal \u0219i arm\u0103 politic\u0103, simpozionul \u201e150 de ani de la instaurarea monarhiei \u00een Rom\u00e2nia: istorie, cultur\u0103, patrimoniu\u201d, organizat de Institutul de Istorie \u201eA.D. Xenopol\u201d din Ia\u0219i \u0219i de Facultatea de Istorie &#8211; Universitatea \u201eAlexandru Ioan Cuza\u201d Ia\u0219i, 21-22 octombrie 2016, Ia\u015fi. <br \/>37. Rom\u00e2ni \u015fi maghiari \u00eentr-o disput\u0103 politic\u0103 referitoare la ideea de na\u0163iune: Dumitru Br\u0103tianu \u015fi Daniel Iranyi \u00een ziarul \u00abLa Presse\u00bb (1851), conferin\u021ba Interna\u021bional\u0103 organizat\u0103 \u00een cadrul celei de-a III-a edi\u021bii a Sesiunii \u0218tiin\u021bifice a Departamentului \u201eIstoria Rom\u00e2nilor, Universal\u0103 \u0219i Arheologie\u201d al Facult\u0103\u021bii de Istorie \u0219i Filosofie, Universitatea de Stat din Moldova, Chi\u0219in\u0103u, 13 mai 2016. <br \/>38. Dumitru Br\u0103tianu \u0219i Comitetul Democratic European de la Londra (1851-1853), conferin\u0163a Interna\u0163ional\u0103 \u201eLiterature, Discourse and Multicultural Dialogue\u201d (edi\u0163ia a III-a), organizat\u0103 de Universitatea \u201ePetru Maior\u201d din T\u00e2rgu Mure\u015f, 3-4 decembrie 2015. <br \/>39. Genera\u0163ia pa\u015foptist\u0103 \u015fi ideea de republic\u0103, din cadrul celei de-a doua conferin\u0163e din cadrul proiectului \u201eCercet\u0103tori competitivi pe plan european \u00een domeniul \u015ftiin\u0163elor umaniste \u015fi socioeconomice. Re\u0163ea de cercetare multiregional\u0103\u201d (CCPE-140863), organizat\u0103 de Universit\u0103\u0163ile componente ale proiectului POSDRU\/159\/1.5\/S\/140863 \u2013 Universitatea de \u201eVest\u201d din Timi\u015foara, Universitatea \u201eAlexandru Ioan Cuza\u201d Ia\u015fi, Universitatea \u201eBabe\u015fBolyai\u201d Cluj-Napoca, Universitatea din Bucure\u015fti, Universitatea din Craiova, Sinaia, 21-24 noiembrie 2015. <br \/>40. Liberalii radicali rom\u00e2ni \u00een contextul politic european dintre anii 1848 \u015fi 1871, din cadrul Colocviilor \u015ecolii Doctorale \u015fi a Sesiunii de Comunic\u0103ri a Studen\u0163ilor (edi\u0163ia a IX-a) organizat\u0103 de Facultatea de Istorie, Universitatea \u201eAlexandru Ioan Cuza\u201d Ia\u015fi, 24 octombrie 2015. <br \/>41. De la \u201eT\u00e2n\u0103ra Europ\u0103\u201d la Uniunea European\u0103, conferin\u0163a interna\u0163ional\u0103 \u201ePerspectivele proiectului European \u00een Estul postcomunist. Cazul Ucrainei \u015fi al Republicii Moldova\u201d, organizat\u0103 de departamentul de \u015etiin\u0163e Socio-Umaniste din cadrul Universit\u0103\u0163ii Tehnice \u201eGheorghe Asachi\u201d Ia\u015fi, 15-16 iunie 2015.<br \/>42. Mazzini and Marx: two political statements, conferin\u0163a interna\u0163ional\u0103 \u201e4th Annual Interdisciplinary Conference on Totalitarianism for PhD Student\u201d, organizat\u0103 de Institutul pentru Investigarea Crimelor Comunismului \u015fi a Meroriei Exilului Rom\u00e2nesc \u015fi de Facultatea de Istorie din cadrul Universit\u0103\u0163ii din Bucure\u015fti, Bucure\u015fti, 11-12 iunie 2015. <br \/>43. The Romanian contribution to the European Central Democratic Committee, din cadrul conferin\u0163ei interna\u0163ionale \u201eA quoi pensent les jeunes chercheurs\u201d, organizat\u0103 de Universitatea din Angers (Fran\u0163a), 1-3 iunie 2015. <br \/>44. Comitetul Central Democratic European de la Londra (1850-1853), conferin\u0163a na\u0163ional\u0103 \u201eFragmente din trecut. Tinerii cercet\u0103tori \u015fi istoria\u201d (edi\u0163ia a V-a), organizat\u0103 de Facultatea de Istorie \u015fi Filozofie, Universitatea \u201eBabe\u015f-Bolyai\u201d ClujNapoca, 27-29 martie 2015.<br \/>45. Ideea de federa\u0163ie la rom\u00e2ni \u015fi la italieni \u00een a doua jum\u0103tate a secolului al XIX-lea, conferin\u0163a na\u0163ional\u0103 \u201eProvoc\u0103rile discursului academic actual: teme, tendin\u0163e, metode\u201d, organizat\u0103 de Universit\u0103\u0163ile componente ale proiectului POSDRU\/159\/1.5\/S\/140863 (CCPE) \u2013 Universitatea de \u201eVest\u201d din Timi\u015foara, Universitatea \u201eAlexandru Ioan Cuza\u201d Ia\u015fi, Universitatea \u201eBabe\u015f-Bolyai\u201d Cluj-Napoca, Universitatea din Bucure\u015fti, Universitatea din Craiova, Poiana Bra\u015fov, 19-22 noiembrie 2014. <br \/>46. Viziunea lui Mazzini asupra cooper\u0103rii europene, simpozionul na\u021bional \u201eRela\u0163iile interna\u0163ionale, statele-na\u0163iuni \u015fi configurarea p\u0103cii interna\u0163ionale\u201d, organizat de Asocia\u0163ia de Rela\u0163ii Interna\u0163ionale \u201eEst-Democra\u0163ia\u201d din Ia\u015fi, 7-8 noiembrie 2014. <br \/>47. Risorgimento-ul italian \u00eentre republicanism \u015fi ispita socialismului, Sesiunea de comunic\u0103ri a studen\u0163ilor \u015fi doctoranzilor, cu ocazia Zilelor Universit\u0103\u0163ii \u201eAlexandru Ioan Cuza\u201d, organizat\u0103 de Facultatea de Istorie, Universitatea \u201eAlexandru Ioan Cuza\u201d Ia\u015fi, 24-25 octombrie 2014. <br \/>48. Mazzini\u2019s patriotism between the principle of nationalities and republicanism, conferin\u0163a Interna\u0163ional\u0103 \u201eCommunication, Context, Interdisciplinarity\u201d (edi\u0163ia a III-a), organizat\u0103 de Universitatea \u201ePetru Maior\u201d din T\u00e2rgu-Mure\u015f, 23-24 octombrie 2014. <br \/>49. Giuseppe Mazzini and the socialism, Conferin\u0163a Interna\u0163ional\u0103 SEA (edi\u0163ia a VI-a), organizat\u0103 de Universitatea \u201eTransilvania\u201d din Bra\u015fov \u015fi de Funda\u0163ia Rom\u00e2n\u0103 pentru Inteligen\u0163a Afacerii, 17-18 octombrie 2014. <br \/>50. Mazzini \u015fi Prima Interna\u0163ional\u0103 Socialist\u0103, Colocviile \u015ecolii Doctorale \u015fi a Sesiunii de Comunic\u0103ri a Studen\u0163ilor (edi\u0163ia a VIII-a) organizat\u0103 de Facultatea de Istorie, Universitatea \u201eAlexandru Ioan Cuza\u201d Ia\u015fi, 9 mai 2014.<br \/>51. Influen\u0163a ideilor lui Giuseppe Mazzini \u00een aria cultural-politic\u0103 rom\u00e2neasc\u0103 din a doua jum\u0103tate a secolului al XIXlea, Sesiunea de Comunic\u0103ri \u015etiin\u0163ifice Na\u0163ionale (a IV-a edi\u0163ie) \u201eConsemn\u0103ri despre trecut. Societate \u015fi imagine de-a lungul timpului\u201d, organizat\u0103 de Facultatea de Istorie \u015fi Filozofie, Universitatea \u201eBabe\u015f-Bolyai\u201d Cluj-Napoca, 4-5 aprilie 2014.<\/p><\/div>\n\t\t\t\t\t<\/div><div class=\"eael-accordion-list\">\n\t\t\t\t\t<div id=\"membru-al-urmtoarelor-comisii-editorialetiinifice-ale-unor-reviste-clasificate-a-b-sau-bdi\" class=\"elementor-tab-title eael-accordion-header\" tabindex=\"0\" data-tab=\"4\" aria-controls=\"elementor-tab-content-1704\"><span class=\"eael-advanced-accordion-icon-closed\"><svg aria-hidden=\"true\" class=\"fa-accordion-icon e-font-icon-svg e-fas-plus\" viewbox=\"0 0 448 512\" xmlns=\"http:\/\/www.w3.org\/2000\/svg\"><path d=\"M416 208H272V64c0-17.67-14.33-32-32-32h-32c-17.67 0-32 14.33-32 32v144H32c-17.67 0-32 14.33-32 32v32c0 17.67 14.33 32 32 32h144v144c0 17.67 14.33 32 32 32h32c17.67 0 32-14.33 32-32V304h144c17.67 0 32-14.33 32-32v-32c0-17.67-14.33-32-32-32z\"><\/path><\/svg><\/span><span class=\"eael-advanced-accordion-icon-opened\"><svg aria-hidden=\"true\" class=\"fa-accordion-icon e-font-icon-svg e-fas-minus\" viewbox=\"0 0 448 512\" xmlns=\"http:\/\/www.w3.org\/2000\/svg\"><path d=\"M416 208H32c-17.67 0-32 14.33-32 32v32c0 17.67 14.33 32 32 32h384c17.67 0 32-14.33 32-32v-32c0-17.67-14.33-32-32-32z\"><\/path><\/svg><\/span><span class=\"eael-accordion-tab-title\">Membru al urm\u0103toarelor comisii editoriale\/\u0219tiin\u021bifice ale unor reviste clasificate A, B sau BDI<\/span><\/div><div id=\"elementor-tab-content-1704\" class=\"eael-accordion-content clearfix\" data-tab=\"4\" aria-labelledby=\"membru-al-urmtoarelor-comisii-editorialetiinifice-ale-unor-reviste-clasificate-a-b-sau-bdi\"><p>1. Colegiul de redac\u021bie Anuarul Institutului de Istorie \u201eA. D. Xenopol\u201d, Ia\u0219i, ISSN 1221-3705 \/ e-ISSN 2457-614X.<br \/>2. Colegiul de redac\u021bie East European Journal of Diplomatic History, Ia\u0219i, ISSN 2393-0764.<\/p><\/div>\n\t\t\t\t\t<\/div><div class=\"eael-accordion-list\">\n\t\t\t\t\t<div id=\"stadii-de-cercetare-internaional-proiecte-i-cursuri\" class=\"elementor-tab-title eael-accordion-header\" tabindex=\"0\" data-tab=\"5\" aria-controls=\"elementor-tab-content-1705\"><span class=\"eael-advanced-accordion-icon-closed\"><svg aria-hidden=\"true\" class=\"fa-accordion-icon e-font-icon-svg e-fas-plus\" viewbox=\"0 0 448 512\" xmlns=\"http:\/\/www.w3.org\/2000\/svg\"><path d=\"M416 208H272V64c0-17.67-14.33-32-32-32h-32c-17.67 0-32 14.33-32 32v144H32c-17.67 0-32 14.33-32 32v32c0 17.67 14.33 32 32 32h144v144c0 17.67 14.33 32 32 32h32c17.67 0 32-14.33 32-32V304h144c17.67 0 32-14.33 32-32v-32c0-17.67-14.33-32-32-32z\"><\/path><\/svg><\/span><span class=\"eael-advanced-accordion-icon-opened\"><svg aria-hidden=\"true\" class=\"fa-accordion-icon e-font-icon-svg e-fas-minus\" viewbox=\"0 0 448 512\" xmlns=\"http:\/\/www.w3.org\/2000\/svg\"><path d=\"M416 208H32c-17.67 0-32 14.33-32 32v32c0 17.67 14.33 32 32 32h384c17.67 0 32-14.33 32-32v-32c0-17.67-14.33-32-32-32z\"><\/path><\/svg><\/span><span class=\"eael-accordion-tab-title\">Stadii de cercetare interna\u021bional\u0103, proiecte \u0219i cursuri<\/span><\/div><div id=\"elementor-tab-content-1705\" class=\"eael-accordion-content clearfix\" data-tab=\"5\" aria-labelledby=\"stadii-de-cercetare-internaional-proiecte-i-cursuri\"><p>1. Proiectul UEFISCDI \u2013 Proiecte de mobilitate pentru cercetatori, PN-IV-P2-2.2-MC-2024-0217, nr. MC 290 \u2044 13.11.2024, \u201eIdeea federalist\u0103 la Mazzini \u0219i B\u0103lcescu\u201d, 3-12 noiembrie 2024, Roma, Italia.<br \/>2. Cursuri de perfec\u0163ionare \u00een cadrul proiectului Cercet\u0103tori competitivi pe plan european \u00een domeniul \u015ftiin\u0163elor umaniste \u015fi socio-economice. Re\u0163ea de cercetare multiregional\u0103 (CCPE), cod contract POSDRU\/159\/1.5\/S\/140863 (4-9 mai 2015).<br \/>3. Mobilitate interna\u0163ional\u0103 la Universitatea \u201eRoma Tre\u201d (Roma-Italia) sub coordonarea prof. univ. Francesco Guida, \u00een cadrul proiectului Cercet\u0103tori competitivi pe plan european \u00een domeniul \u015ftiin\u0163elor umaniste \u015fi socio-economice. Re\u0163ea de cercetare multiregional\u0103 (CCPE), cod contract POSDRU\/159\/1.5\/S\/140863, 1-30 aprilie 2015.<\/p><\/div>\n\t\t\t\t\t<\/div><div class=\"eael-accordion-list\">\n\t\t\t\t\t<div id=\"alte-activiti-tiinifice\" class=\"elementor-tab-title eael-accordion-header\" tabindex=\"0\" data-tab=\"6\" aria-controls=\"elementor-tab-content-1706\"><span class=\"eael-advanced-accordion-icon-closed\"><svg aria-hidden=\"true\" class=\"fa-accordion-icon e-font-icon-svg e-fas-plus\" viewbox=\"0 0 448 512\" xmlns=\"http:\/\/www.w3.org\/2000\/svg\"><path d=\"M416 208H272V64c0-17.67-14.33-32-32-32h-32c-17.67 0-32 14.33-32 32v144H32c-17.67 0-32 14.33-32 32v32c0 17.67 14.33 32 32 32h144v144c0 17.67 14.33 32 32 32h32c17.67 0 32-14.33 32-32V304h144c17.67 0 32-14.33 32-32v-32c0-17.67-14.33-32-32-32z\"><\/path><\/svg><\/span><span class=\"eael-advanced-accordion-icon-opened\"><svg aria-hidden=\"true\" class=\"fa-accordion-icon e-font-icon-svg e-fas-minus\" viewbox=\"0 0 448 512\" xmlns=\"http:\/\/www.w3.org\/2000\/svg\"><path d=\"M416 208H32c-17.67 0-32 14.33-32 32v32c0 17.67 14.33 32 32 32h384c17.67 0 32-14.33 32-32v-32c0-17.67-14.33-32-32-32z\"><\/path><\/svg><\/span><span class=\"eael-accordion-tab-title\">Alte activit\u0103\u021bi \u0219tiin\u021bifice<\/span><\/div><div id=\"elementor-tab-content-1706\" class=\"eael-accordion-content clearfix\" data-tab=\"6\" aria-labelledby=\"alte-activiti-tiinifice\"><p>1. Organizator al seriei De la istoria universal\u0103 la istoria local\u0103. Conferin\u021bele Institutului A.D. Xenopol la Boto\u0219ani, organizator: Institutul de Istorie \u201eA.D. Xenopol\u201d Ia\u0219i; sponsor: Elsaco Electronic Boto\u0219ani (2023 \u2013 \u00een desf\u0103\u0219urare); parteneriat public-privat \u00een vederea dezvolt\u0103rii unor proiecte\/evenimente \u015ftiin\u0163ifice.<br \/>2. Membru \u00een comitetul de organizare al Conferin\u0163ei Anuale a Institutului de Istorie \u201eA. D. Xenopol\u201d din Ia\u015fi, edi\u021bia a VI-a, 5-7 iunie 2025, Ia\u0219i.<br \/>3. Membru \u00een comitetul de organizare al conferin\u021bei Modernitatea rom\u00e2neasc\u0103 \u00een secolele XVIII-XX: realit\u0103\u0163i politice, concepte, dinamic\u0103 social\u0103, edi\u021bia I, 24 noiembrie 2023, Ia\u0219i.<\/p><\/div>\n\t\t\t\t\t<\/div><\/div>\t\t\t\t<\/div>\n\t\t\t\t\t<\/div>\n\t\t\t\t<\/div>\n\t\t\t\t<\/div>\n\t\t                    <\/div>\n\t\t        \n                    <div id=\"curriculum-vitae-tab\" class=\"clearfix eael-tab-content-item inactive\" data-title-link=\"curriculum-vitae-tab\">\n\t\t\t\t        <p><a href=\"https:\/\/institutulxenopol.ro\/wp-content\/uploads\/2025\/12\/CV-Remus-Tanasa.pdf\" target=\"_blank\" rel=\"noopener\">CV Remus Tanasa<\/a><\/p>                    <\/div>\n\t\t                    <\/div>\n        <\/div>\n\t\t\t\t<\/div>\n\t\t\t\t\t<\/div>\n\t\t\t\t<\/div>\n\t\t\t\t<\/div>","protected":false},"excerpt":{"rendered":"<p>Cercet\u0103tor \u0218tiin\u021bific III dr. Remus Tanas\u0103 Colectivul de Istorie modern\u0103 remus_tanasa@yahoo.com Academia.EDU &#8211; Remus Tanas\u0103 Google Scholar &#8211; Remus Tanas\u0103 Prezentare Publica\u021bii Curriculum vitae Remus Tanas\u0103 a ob\u021binut titlul de doctor \u00een istorie al Facult\u0103\u021bii de Istorie \u2013 Universitatea \u201eAlexandru Ioan Cuza\u201d din Ia\u015fi (2016) cu teza Influen\u021ba ideilor mazziniene \u00een spa\u021biul rom\u00e2nesc. Este absolvent [&hellip;]<\/p>\n","protected":false},"author":1,"featured_media":0,"parent":0,"menu_order":0,"comment_status":"closed","ping_status":"closed","template":"","meta":{"site-sidebar-layout":"no-sidebar","site-content-layout":"page-builder","ast-site-content-layout":"full-width-container","site-content-style":"default","site-sidebar-style":"default","ast-global-header-display":"","ast-banner-title-visibility":"","ast-main-header-display":"","ast-hfb-above-header-display":"","ast-hfb-below-header-display":"","ast-hfb-mobile-header-display":"","site-post-title":"","ast-breadcrumbs-content":"","ast-featured-img":"disabled","footer-sml-layout":"","ast-disable-related-posts":"","theme-transparent-header-meta":"","adv-header-id-meta":"","stick-header-meta":"","header-above-stick-meta":"","header-main-stick-meta":"","header-below-stick-meta":"","astra-migrate-meta-layouts":"set","ast-page-background-enabled":"default","ast-page-background-meta":{"desktop":{"background-color":"","background-image":"","background-repeat":"repeat","background-position":"center center","background-size":"auto","background-attachment":"scroll","background-type":"","background-media":"","overlay-type":"","overlay-color":"","overlay-opacity":"","overlay-gradient":""},"tablet":{"background-color":"","background-image":"","background-repeat":"repeat","background-position":"center center","background-size":"auto","background-attachment":"scroll","background-type":"","background-media":"","overlay-type":"","overlay-color":"","overlay-opacity":"","overlay-gradient":""},"mobile":{"background-color":"","background-image":"","background-repeat":"repeat","background-position":"center center","background-size":"auto","background-attachment":"scroll","background-type":"","background-media":"","overlay-type":"","overlay-color":"","overlay-opacity":"","overlay-gradient":""}},"ast-content-background-meta":{"desktop":{"background-color":"var(--ast-global-color-5)","background-image":"","background-repeat":"repeat","background-position":"center center","background-size":"auto","background-attachment":"scroll","background-type":"","background-media":"","overlay-type":"","overlay-color":"","overlay-opacity":"","overlay-gradient":""},"tablet":{"background-color":"var(--ast-global-color-5)","background-image":"","background-repeat":"repeat","background-position":"center center","background-size":"auto","background-attachment":"scroll","background-type":"","background-media":"","overlay-type":"","overlay-color":"","overlay-opacity":"","overlay-gradient":""},"mobile":{"background-color":"var(--ast-global-color-5)","background-image":"","background-repeat":"repeat","background-position":"center center","background-size":"auto","background-attachment":"scroll","background-type":"","background-media":"","overlay-type":"","overlay-color":"","overlay-opacity":"","overlay-gradient":""}},"footnotes":""},"class_list":["post-3511","page","type-page","status-publish","hentry"],"yoast_head":"<!-- This site is optimized with the Yoast SEO plugin v27.5 - https:\/\/yoast.com\/product\/yoast-seo-wordpress\/ -->\n<title>Tanas\u0103 Remus - Institutul de Istorie \u201eA. D. Xenopol\u201d<\/title>\n<meta name=\"robots\" content=\"index, follow, max-snippet:-1, max-image-preview:large, max-video-preview:-1\" \/>\n<link rel=\"canonical\" href=\"https:\/\/institutulxenopol.ro\/en\/tanasa-remus\/\" \/>\n<meta property=\"og:locale\" content=\"en_US\" \/>\n<meta property=\"og:type\" content=\"article\" \/>\n<meta property=\"og:title\" content=\"Tanas\u0103 Remus - Institutul de Istorie \u201eA. D. Xenopol\u201d\" \/>\n<meta property=\"og:description\" content=\"Cercet\u0103tor \u0218tiin\u021bific III dr. Remus Tanas\u0103 Colectivul de Istorie modern\u0103 remus_tanasa@yahoo.com Academia.EDU &#8211; Remus Tanas\u0103 Google Scholar &#8211; Remus Tanas\u0103 Prezentare Publica\u021bii Curriculum vitae Remus Tanas\u0103 a ob\u021binut titlul de doctor \u00een istorie al Facult\u0103\u021bii de Istorie \u2013 Universitatea \u201eAlexandru Ioan Cuza\u201d din Ia\u015fi (2016) cu teza Influen\u021ba ideilor mazziniene \u00een spa\u021biul rom\u00e2nesc. Este absolvent [&hellip;]\" \/>\n<meta property=\"og:url\" content=\"https:\/\/institutulxenopol.ro\/en\/tanasa-remus\/\" \/>\n<meta property=\"og:site_name\" content=\"Institutul de Istorie \u201eA. D. Xenopol\u201d\" \/>\n<meta property=\"article:publisher\" content=\"https:\/\/www.facebook.com\/profile.php?id=61559258097917\" \/>\n<meta property=\"article:modified_time\" content=\"2026-01-16T14:24:32+00:00\" \/>\n<meta property=\"og:image\" content=\"https:\/\/institutulxenopol.ro\/wp-content\/uploads\/2025\/10\/remus-tanasa-e1761330971835.jpg\" \/>\n\t<meta property=\"og:image:width\" content=\"508\" \/>\n\t<meta property=\"og:image:height\" content=\"505\" \/>\n\t<meta property=\"og:image:type\" content=\"image\/jpeg\" \/>\n<script type=\"application\/ld+json\" class=\"yoast-schema-graph\">{\"@context\":\"https:\\\/\\\/schema.org\",\"@graph\":[{\"@type\":\"WebPage\",\"@id\":\"https:\\\/\\\/institutulxenopol.ro\\\/tanasa-remus\\\/\",\"url\":\"https:\\\/\\\/institutulxenopol.ro\\\/tanasa-remus\\\/\",\"name\":\"Tanas\u0103 Remus - Institutul de Istorie \u201eA. D. Xenopol\u201d\",\"isPartOf\":{\"@id\":\"https:\\\/\\\/institutulxenopol.ro\\\/#website\"},\"primaryImageOfPage\":{\"@id\":\"https:\\\/\\\/institutulxenopol.ro\\\/tanasa-remus\\\/#primaryimage\"},\"image\":{\"@id\":\"https:\\\/\\\/institutulxenopol.ro\\\/tanasa-remus\\\/#primaryimage\"},\"thumbnailUrl\":\"https:\\\/\\\/institutulxenopol.ro\\\/wp-content\\\/uploads\\\/2025\\\/10\\\/remus-tanasa-e1761330971835.jpg\",\"datePublished\":\"2025-10-22T12:37:07+00:00\",\"dateModified\":\"2026-01-16T14:24:32+00:00\",\"breadcrumb\":{\"@id\":\"https:\\\/\\\/institutulxenopol.ro\\\/tanasa-remus\\\/#breadcrumb\"},\"inLanguage\":\"en-US\",\"potentialAction\":[{\"@type\":\"ReadAction\",\"target\":[\"https:\\\/\\\/institutulxenopol.ro\\\/tanasa-remus\\\/\"]}]},{\"@type\":\"ImageObject\",\"inLanguage\":\"en-US\",\"@id\":\"https:\\\/\\\/institutulxenopol.ro\\\/tanasa-remus\\\/#primaryimage\",\"url\":\"https:\\\/\\\/institutulxenopol.ro\\\/wp-content\\\/uploads\\\/2025\\\/10\\\/remus-tanasa-e1761330971835.jpg\",\"contentUrl\":\"https:\\\/\\\/institutulxenopol.ro\\\/wp-content\\\/uploads\\\/2025\\\/10\\\/remus-tanasa-e1761330971835.jpg\"},{\"@type\":\"BreadcrumbList\",\"@id\":\"https:\\\/\\\/institutulxenopol.ro\\\/tanasa-remus\\\/#breadcrumb\",\"itemListElement\":[{\"@type\":\"ListItem\",\"position\":1,\"name\":\"Prima pagin\u0103\",\"item\":\"https:\\\/\\\/institutulxenopol.ro\\\/\"},{\"@type\":\"ListItem\",\"position\":2,\"name\":\"Tanas\u0103 Remus\"}]},{\"@type\":\"WebSite\",\"@id\":\"https:\\\/\\\/institutulxenopol.ro\\\/#website\",\"url\":\"https:\\\/\\\/institutulxenopol.ro\\\/\",\"name\":\"Institutul de Istorie \u201eA. D. Xenopol\u201d Ia\u0219i\",\"description\":\"Academia Rom\u00e2n\u0103 - Filiala Ia\u0219i\",\"publisher\":{\"@id\":\"https:\\\/\\\/institutulxenopol.ro\\\/#organization\"},\"potentialAction\":[{\"@type\":\"SearchAction\",\"target\":{\"@type\":\"EntryPoint\",\"urlTemplate\":\"https:\\\/\\\/institutulxenopol.ro\\\/?s={search_term_string}\"},\"query-input\":{\"@type\":\"PropertyValueSpecification\",\"valueRequired\":true,\"valueName\":\"search_term_string\"}}],\"inLanguage\":\"en-US\"},{\"@type\":\"Organization\",\"@id\":\"https:\\\/\\\/institutulxenopol.ro\\\/#organization\",\"name\":\"Institutul de Istorie \u201eA. D. Xenopol\u201d Ia\u0219i\",\"url\":\"https:\\\/\\\/institutulxenopol.ro\\\/\",\"logo\":{\"@type\":\"ImageObject\",\"inLanguage\":\"en-US\",\"@id\":\"https:\\\/\\\/institutulxenopol.ro\\\/#\\\/schema\\\/logo\\\/image\\\/\",\"url\":\"https:\\\/\\\/institutulxenopol.ro\\\/wp-content\\\/uploads\\\/2025\\\/10\\\/logo-institut-black-e1761148345490.png\",\"contentUrl\":\"https:\\\/\\\/institutulxenopol.ro\\\/wp-content\\\/uploads\\\/2025\\\/10\\\/logo-institut-black-e1761148345490.png\",\"width\":432,\"height\":164,\"caption\":\"Institutul de Istorie \u201eA. D. Xenopol\u201d Ia\u0219i\"},\"image\":{\"@id\":\"https:\\\/\\\/institutulxenopol.ro\\\/#\\\/schema\\\/logo\\\/image\\\/\"},\"sameAs\":[\"https:\\\/\\\/www.facebook.com\\\/profile.php?id=61559258097917\"]}]}<\/script>\n<!-- \/ Yoast SEO plugin. -->","yoast_head_json":{"title":"Tanas\u0103 Remus - Institutul de Istorie \u201eA. D. Xenopol\u201d","robots":{"index":"index","follow":"follow","max-snippet":"max-snippet:-1","max-image-preview":"max-image-preview:large","max-video-preview":"max-video-preview:-1"},"canonical":"https:\/\/institutulxenopol.ro\/en\/tanasa-remus\/","og_locale":"en_US","og_type":"article","og_title":"Tanas\u0103 Remus - Institutul de Istorie \u201eA. D. Xenopol\u201d","og_description":"Cercet\u0103tor \u0218tiin\u021bific III dr. Remus Tanas\u0103 Colectivul de Istorie modern\u0103 remus_tanasa@yahoo.com Academia.EDU &#8211; Remus Tanas\u0103 Google Scholar &#8211; Remus Tanas\u0103 Prezentare Publica\u021bii Curriculum vitae Remus Tanas\u0103 a ob\u021binut titlul de doctor \u00een istorie al Facult\u0103\u021bii de Istorie \u2013 Universitatea \u201eAlexandru Ioan Cuza\u201d din Ia\u015fi (2016) cu teza Influen\u021ba ideilor mazziniene \u00een spa\u021biul rom\u00e2nesc. Este absolvent [&hellip;]","og_url":"https:\/\/institutulxenopol.ro\/en\/tanasa-remus\/","og_site_name":"Institutul de Istorie \u201eA. D. Xenopol\u201d","article_publisher":"https:\/\/www.facebook.com\/profile.php?id=61559258097917","article_modified_time":"2026-01-16T14:24:32+00:00","og_image":[{"width":508,"height":505,"url":"https:\/\/institutulxenopol.ro\/wp-content\/uploads\/2025\/10\/remus-tanasa-e1761330971835.jpg","type":"image\/jpeg"}],"schema":{"@context":"https:\/\/schema.org","@graph":[{"@type":"WebPage","@id":"https:\/\/institutulxenopol.ro\/tanasa-remus\/","url":"https:\/\/institutulxenopol.ro\/tanasa-remus\/","name":"Tanas\u0103 Remus - Institutul de Istorie \u201eA. D. Xenopol\u201d","isPartOf":{"@id":"https:\/\/institutulxenopol.ro\/#website"},"primaryImageOfPage":{"@id":"https:\/\/institutulxenopol.ro\/tanasa-remus\/#primaryimage"},"image":{"@id":"https:\/\/institutulxenopol.ro\/tanasa-remus\/#primaryimage"},"thumbnailUrl":"https:\/\/institutulxenopol.ro\/wp-content\/uploads\/2025\/10\/remus-tanasa-e1761330971835.jpg","datePublished":"2025-10-22T12:37:07+00:00","dateModified":"2026-01-16T14:24:32+00:00","breadcrumb":{"@id":"https:\/\/institutulxenopol.ro\/tanasa-remus\/#breadcrumb"},"inLanguage":"en-US","potentialAction":[{"@type":"ReadAction","target":["https:\/\/institutulxenopol.ro\/tanasa-remus\/"]}]},{"@type":"ImageObject","inLanguage":"en-US","@id":"https:\/\/institutulxenopol.ro\/tanasa-remus\/#primaryimage","url":"https:\/\/institutulxenopol.ro\/wp-content\/uploads\/2025\/10\/remus-tanasa-e1761330971835.jpg","contentUrl":"https:\/\/institutulxenopol.ro\/wp-content\/uploads\/2025\/10\/remus-tanasa-e1761330971835.jpg"},{"@type":"BreadcrumbList","@id":"https:\/\/institutulxenopol.ro\/tanasa-remus\/#breadcrumb","itemListElement":[{"@type":"ListItem","position":1,"name":"Prima pagin\u0103","item":"https:\/\/institutulxenopol.ro\/"},{"@type":"ListItem","position":2,"name":"Tanas\u0103 Remus"}]},{"@type":"WebSite","@id":"https:\/\/institutulxenopol.ro\/#website","url":"https:\/\/institutulxenopol.ro\/","name":"Institutul de Istorie \u201eA. D. Xenopol\u201d Ia\u0219i","description":"Academia Rom\u00e2n\u0103 - Filiala Ia\u0219i","publisher":{"@id":"https:\/\/institutulxenopol.ro\/#organization"},"potentialAction":[{"@type":"SearchAction","target":{"@type":"EntryPoint","urlTemplate":"https:\/\/institutulxenopol.ro\/?s={search_term_string}"},"query-input":{"@type":"PropertyValueSpecification","valueRequired":true,"valueName":"search_term_string"}}],"inLanguage":"en-US"},{"@type":"Organization","@id":"https:\/\/institutulxenopol.ro\/#organization","name":"Institutul de Istorie \u201eA. D. Xenopol\u201d Ia\u0219i","url":"https:\/\/institutulxenopol.ro\/","logo":{"@type":"ImageObject","inLanguage":"en-US","@id":"https:\/\/institutulxenopol.ro\/#\/schema\/logo\/image\/","url":"https:\/\/institutulxenopol.ro\/wp-content\/uploads\/2025\/10\/logo-institut-black-e1761148345490.png","contentUrl":"https:\/\/institutulxenopol.ro\/wp-content\/uploads\/2025\/10\/logo-institut-black-e1761148345490.png","width":432,"height":164,"caption":"Institutul de Istorie \u201eA. D. Xenopol\u201d Ia\u0219i"},"image":{"@id":"https:\/\/institutulxenopol.ro\/#\/schema\/logo\/image\/"},"sameAs":["https:\/\/www.facebook.com\/profile.php?id=61559258097917"]}]}},"_links":{"self":[{"href":"https:\/\/institutulxenopol.ro\/en\/wp-json\/wp\/v2\/pages\/3511","targetHints":{"allow":["GET"]}}],"collection":[{"href":"https:\/\/institutulxenopol.ro\/en\/wp-json\/wp\/v2\/pages"}],"about":[{"href":"https:\/\/institutulxenopol.ro\/en\/wp-json\/wp\/v2\/types\/page"}],"author":[{"embeddable":true,"href":"https:\/\/institutulxenopol.ro\/en\/wp-json\/wp\/v2\/users\/1"}],"replies":[{"embeddable":true,"href":"https:\/\/institutulxenopol.ro\/en\/wp-json\/wp\/v2\/comments?post=3511"}],"version-history":[{"count":41,"href":"https:\/\/institutulxenopol.ro\/en\/wp-json\/wp\/v2\/pages\/3511\/revisions"}],"predecessor-version":[{"id":5169,"href":"https:\/\/institutulxenopol.ro\/en\/wp-json\/wp\/v2\/pages\/3511\/revisions\/5169"}],"wp:attachment":[{"href":"https:\/\/institutulxenopol.ro\/en\/wp-json\/wp\/v2\/media?parent=3511"}],"curies":[{"name":"wp","href":"https:\/\/api.w.org\/{rel}","templated":true}]}}