{"id":3351,"date":"2025-10-22T14:23:55","date_gmt":"2025-10-22T11:23:55","guid":{"rendered":"https:\/\/institutulxenopol.ro\/?page_id=3351"},"modified":"2025-11-21T16:06:30","modified_gmt":"2025-11-21T13:06:30","slug":"szekely-magdalena","status":"publish","type":"page","link":"https:\/\/institutulxenopol.ro\/en\/szekely-magdalena\/","title":{"rendered":"Szekely Magdalena"},"content":{"rendered":"\t\t<div data-elementor-type=\"wp-page\" data-elementor-id=\"3351\" class=\"elementor elementor-3351\">\n\t\t\t\t<div class=\"elementor-element elementor-element-44220a84 e-flex e-con-boxed e-con e-parent\" data-id=\"44220a84\" data-element_type=\"container\" data-e-type=\"container\" data-settings=\"{&quot;background_background&quot;:&quot;classic&quot;}\">\n\t\t\t\t\t<div class=\"e-con-inner\">\n\t\t<div class=\"elementor-element elementor-element-2f577d59 e-con-full e-flex e-con e-child\" data-id=\"2f577d59\" data-element_type=\"container\" data-e-type=\"container\">\n\t\t\t\t<\/div>\n\t\t\t\t\t<\/div>\n\t\t\t\t<\/div>\n\t\t<div class=\"elementor-element elementor-element-6e5dec2b e-flex e-con-boxed e-con e-parent\" data-id=\"6e5dec2b\" data-element_type=\"container\" data-e-type=\"container\">\n\t\t\t\t\t<div class=\"e-con-inner\">\n\t\t<div class=\"elementor-element elementor-element-50b50e76 e-con-full e-flex e-con e-child\" data-id=\"50b50e76\" data-element_type=\"container\" data-e-type=\"container\">\n\t\t\t\t<div class=\"elementor-element elementor-element-57f5c58c elementor-widget elementor-widget-heading\" data-id=\"57f5c58c\" data-element_type=\"widget\" data-e-type=\"widget\" data-widget_type=\"heading.default\">\n\t\t\t\t\t<h2 class=\"elementor-heading-title elementor-size-default\">Cercet\u0103tor \u015etiin\u0163ific II dr. Maria-Magdalena Gorovei<\/h2>\t\t\t\t<\/div>\n\t\t\t\t<div class=\"elementor-element elementor-element-196f76db elementor-widget elementor-widget-text-editor\" data-id=\"196f76db\" data-element_type=\"widget\" data-e-type=\"widget\" data-widget_type=\"text-editor.default\">\n\t\t\t\t\t\t\t\t\t<p>Colectivul de Istorie medieval\u0103<\/p>\t\t\t\t\t\t\t\t<\/div>\n\t\t<div class=\"elementor-element elementor-element-4f98637a e-grid e-con-full e-con e-child\" data-id=\"4f98637a\" data-element_type=\"container\" data-e-type=\"container\">\n\t\t\t\t<div class=\"elementor-element elementor-element-35229ec7 elementor-widget elementor-widget-image\" data-id=\"35229ec7\" data-element_type=\"widget\" data-e-type=\"widget\" data-widget_type=\"image.default\">\n\t\t\t\t\t\t\t\t\t\t\t\t\t\t\t<img decoding=\"async\" src=\"https:\/\/institutulxenopol.ro\/wp-content\/plugins\/elementor\/assets\/images\/placeholder.png\" title=\"\" alt=\"\" loading=\"lazy\" \/>\t\t\t\t\t\t\t\t\t\t\t\t\t\t\t<\/div>\n\t\t\t\t<div class=\"elementor-element elementor-element-617047c1 elementor-align-start elementor-icon-list--layout-traditional elementor-list-item-link-full_width elementor-widget elementor-widget-icon-list\" data-id=\"617047c1\" data-element_type=\"widget\" data-e-type=\"widget\" data-widget_type=\"icon-list.default\">\n\t\t\t\t\t\t\t<ul class=\"elementor-icon-list-items\">\n\t\t\t\t\t\t\t<li class=\"elementor-icon-list-item\">\n\t\t\t\t\t\t\t\t\t\t\t<a href=\"mailto:magdaszekely@yahoo.fr\">\n\n\t\t\t\t\t\t\t\t\t\t\t\t<span class=\"elementor-icon-list-icon\">\n\t\t\t\t\t\t\t<svg aria-hidden=\"true\" class=\"e-font-icon-svg e-far-envelope\" viewBox=\"0 0 512 512\" xmlns=\"http:\/\/www.w3.org\/2000\/svg\"><path d=\"M464 64H48C21.49 64 0 85.49 0 112v288c0 26.51 21.49 48 48 48h416c26.51 0 48-21.49 48-48V112c0-26.51-21.49-48-48-48zm0 48v40.805c-22.422 18.259-58.168 46.651-134.587 106.49-16.841 13.247-50.201 45.072-73.413 44.701-23.208.375-56.579-31.459-73.413-44.701C106.18 199.465 70.425 171.067 48 152.805V112h416zM48 400V214.398c22.914 18.251 55.409 43.862 104.938 82.646 21.857 17.205 60.134 55.186 103.062 54.955 42.717.231 80.509-37.199 103.053-54.947 49.528-38.783 82.032-64.401 104.947-82.653V400H48z\"><\/path><\/svg>\t\t\t\t\t\t<\/span>\n\t\t\t\t\t\t\t\t\t\t<span class=\"elementor-icon-list-text\">magdaszekely@yahoo.fr<\/span>\n\t\t\t\t\t\t\t\t\t\t\t<\/a>\n\t\t\t\t\t\t\t\t\t<\/li>\n\t\t\t\t\t\t\t\t<li class=\"elementor-icon-list-item\">\n\t\t\t\t\t\t\t\t\t\t\t<a href=\"https:\/\/uaic.academia.edu\/MariaMagdalenaSzekely\">\n\n\t\t\t\t\t\t\t\t\t\t\t\t<span class=\"elementor-icon-list-icon\">\n\t\t\t\t\t\t\t<svg aria-hidden=\"true\" class=\"e-font-icon-svg e-fas-chevron-right\" viewBox=\"0 0 320 512\" xmlns=\"http:\/\/www.w3.org\/2000\/svg\"><path d=\"M285.476 272.971L91.132 467.314c-9.373 9.373-24.569 9.373-33.941 0l-22.667-22.667c-9.357-9.357-9.375-24.522-.04-33.901L188.505 256 34.484 101.255c-9.335-9.379-9.317-24.544.04-33.901l22.667-22.667c9.373-9.373 24.569-9.373 33.941 0L285.475 239.03c9.373 9.372 9.373 24.568.001 33.941z\"><\/path><\/svg>\t\t\t\t\t\t<\/span>\n\t\t\t\t\t\t\t\t\t\t<span class=\"elementor-icon-list-text\">Academia.EDU - Maria Magdalena Szekely<\/span>\n\t\t\t\t\t\t\t\t\t\t\t<\/a>\n\t\t\t\t\t\t\t\t\t<\/li>\n\t\t\t\t\t\t<\/ul>\n\t\t\t\t\t\t<\/div>\n\t\t\t\t<\/div>\n\t\t\t\t<\/div>\n\t\t\t\t<div class=\"elementor-element elementor-element-494f984d elementor-widget elementor-widget-spacer\" data-id=\"494f984d\" data-element_type=\"widget\" data-e-type=\"widget\" data-widget_type=\"spacer.default\">\n\t\t\t\t\t\t\t<div class=\"elementor-spacer\">\n\t\t\t<div class=\"elementor-spacer-inner\"><\/div>\n\t\t<\/div>\n\t\t\t\t\t\t<\/div>\n\t\t\t\t<div class=\"elementor-element elementor-element-d0fe29b elementor-widget elementor-widget-eael-adv-tabs\" data-id=\"d0fe29b\" data-element_type=\"widget\" data-e-type=\"widget\" data-widget_type=\"eael-adv-tabs.default\">\n\t\t\t\t\t        <div data-scroll-on-click=\"\" data-scroll-speed=\"300\" id=\"eael-advance-tabs-d0fe29b\" class=\"eael-advance-tabs eael-tabs-horizontal eael-tab-auto-active  active-caret-on\" data-tabid=\"d0fe29b\">\n            <div class=\"eael-tabs-nav \">\n                <ul class=\"\" role=\"tablist\">\n                                            <li id=\"prezentare\" class=\"inactive eael-tab-item-trigger eael-tab-nav-item\" aria-selected=\"true\" data-tab=\"1\" role=\"tab\" tabindex=\"0\" aria-controls=\"prezentare-tab\" aria-expanded=\"false\">\n                            \n                            \n                            \n                                                            <span class=\"eael-tab-title title-after-icon\" >Prezentare<\/span>                                                    <\/li>\n                                            <li id=\"publicaii\" class=\"inactive eael-tab-item-trigger eael-tab-nav-item\" aria-selected=\"false\" data-tab=\"2\" role=\"tab\" tabindex=\"-1\" aria-controls=\"publicaii-tab\" aria-expanded=\"false\">\n                            \n                            \n                            \n                                                            <span class=\"eael-tab-title title-after-icon\" >Publica\u021bii<\/span>                                                    <\/li>\n                                            <li id=\"curriculum-vitae\" class=\"inactive eael-tab-item-trigger eael-tab-nav-item\" aria-selected=\"false\" data-tab=\"3\" role=\"tab\" tabindex=\"-1\" aria-controls=\"curriculum-vitae-tab\" aria-expanded=\"false\">\n                            \n                            \n                            \n                                                            <span class=\"eael-tab-title title-after-icon\" >Curriculum vitae<\/span>                                                    <\/li>\n                    \n                                  <\/ul>\n            <\/div>\n            \n            <div class=\"eael-tabs-content\">\n\t\t        \n                    <div id=\"prezentare-tab\" class=\"clearfix eael-tab-content-item inactive\" data-title-link=\"prezentare-tab\">\n\t\t\t\t        <p style=\"text-align: justify\">Absolvent\u0103 a Facult\u0103\u0163ii de Istorie a Universit\u0103\u0163ii \u201eAlexandru Ioan Cuza\u201d din Ia\u015fi (1993). Doctor \u00een istorie (1999). Direc\u021bii \u0219i domenii de cercetare: antropologie cultural\u0103, istoria vie\u0163ii cotidiene, istoria culturii, editarea de izvoare, istoria puterii, genealogie, prosopografie. Stagii de cercetare \u015fi documentare \u00een: Austria, Fran\u0163a, Grecia, Italia \u0219i Ucraina. Un volum de autor \u0219i trei volume publicate \u00een colaborare. Peste 170 de studii \u0219i articole ap\u0103rute \u00een periodice \u0219i \u00een volume colective. Cinci volume editate \u00een colaborare. 18 volume \u00eengrijite, singur\u0103 sau \u00een colaborare. Peste 190 de comunic\u0103ri \u0219i conferin\u021be la reuniuni \u0219tiin\u021bifice din \u021bar\u0103 \u0219i din afara \u021b\u0103rii. Membru-fondator al Comisiei de Heraldic\u0103, Genealogie \u015fi Sigilografie \u2013 Filiala Ia\u015fi (1993), membru-fondator al Institutului Rom\u00e2n de Genealogie \u015fi Heraldic\u0103 \u201eSever Zotta\u201d (1996), membru al Academiei Interna\u0163ionale de Genealogie (2007). Redactor executiv al revistei \u201eAnalele Putnei\u201d (2005), membru \u00een colegiul de redac\u0163ie al revistei \u201eAnalele \u015etiin\u0163ifice ale Universit\u0103\u0163ii \u00abAlexandru Ioan Cuza\u00bb din Ia\u015fi\u201d (serie nou\u0103), Istorie (2010). Premiul \u201eNicolae Iorga\u201d al Academiei Rom\u00e2ne (2007).<\/p>                    <\/div>\n\t\t        \n                    <div id=\"publicaii-tab\" class=\"clearfix eael-tab-content-item inactive\" data-title-link=\"publicaii-tab\">\n\t\t\t\t        <style>.elementor-4330 .elementor-element.elementor-element-6b2dc293{--display:flex;}.elementor-4330 .elementor-element.elementor-element-400428b4 .eael-adv-accordion .eael-accordion-list .eael-accordion-header .fa-accordion-icon{font-size:16px;color:var( --e-global-color-secondary );}.elementor-4330 .elementor-element.elementor-element-400428b4 .eael-adv-accordion .eael-accordion-list .eael-accordion-header svg.fa-accordion-icon{height:16px;width:16px;line-height:16px;}.elementor-4330 .elementor-element.elementor-element-400428b4 .eael-accordion_media-list .eael-accordion_media-icon i{font-size:16px;}.elementor-4330 .elementor-element.elementor-element-400428b4 .eael-accordion_media-list .eael-accordion_media-icon svg{height:16px;width:16px;line-height:16px;}.elementor-4330 .elementor-element.elementor-element-400428b4 .eael-adv-accordion .eael-accordion-list .eael-accordion-header .fa-accordion-icon,\n                    .elementor-4330 .elementor-element.elementor-element-400428b4 .eael-accordion_media-wrapper .eael-accordion_media-lists .eael-accordion_media-list{gap:10px;}.elementor-4330 .elementor-element.elementor-element-400428b4 .eael-adv-accordion .eael-accordion-list .eael-accordion-header, \n                .elementor-4330 .elementor-element.elementor-element-400428b4 .eael-accordion_media-wrapper .eael-accordion_media-list{background-color:var( --e-global-color-astglobalcolor4 );}.elementor-4330 .elementor-element.elementor-element-400428b4 .eael-adv-accordion .eael-accordion-list .eael-accordion-header .eael-accordion-tab-title{color:var( --e-global-color-secondary );}.elementor-4330 .elementor-element.elementor-element-400428b4 .eael-accordion_media-content .eael-accordion_media-title{color:var( --e-global-color-secondary );}.elementor-4330 .elementor-element.elementor-element-400428b4 .eael-adv-accordion .eael-accordion-list .eael-accordion-header .fa-accordion-icon-svg svg{color:var( --e-global-color-secondary );fill:var( --e-global-color-secondary );}.elementor-4330 .elementor-element.elementor-element-400428b4 .eael-adv-accordion .eael-accordion-list .eael-accordion-header svg{fill:var( --e-global-color-secondary );}.elementor-4330 .elementor-element.elementor-element-400428b4 .eael-accordion_media-list .eael-accordion_media-icon{color:var( --e-global-color-secondary );}.elementor-4330 .elementor-element.elementor-element-400428b4 .eael-adv-accordion .eael-accordion-list .eael-accordion-header:hover .eael-accordion-tab-title,\n                    .elementor-4330 .elementor-element.elementor-element-400428b4 .eael-accordion_media-list:not(.active):hover .eael-accordion_media-title{color:var( --e-global-color-primary );}.elementor-4330 .elementor-element.elementor-element-400428b4 .eael-adv-accordion .eael-accordion-list .eael-accordion-header:hover .fa-accordion-icon{color:var( --e-global-color-primary );}.elementor-4330 .elementor-element.elementor-element-400428b4 .eael-adv-accordion .eael-accordion-list .eael-accordion-header:hover .fa-accordion-icon svg{color:var( --e-global-color-primary );fill:var( --e-global-color-primary );}.elementor-4330 .elementor-element.elementor-element-400428b4 .eael-adv-accordion .eael-accordion-list .eael-accordion-header:hover svg.fa-accordion-icon{fill:var( --e-global-color-primary );}.elementor-4330 .elementor-element.elementor-element-400428b4 .eael-accordion_media-list:hover .eael-accordion_media-icon i{color:var( --e-global-color-primary );}.elementor-4330 .elementor-element.elementor-element-400428b4 .eael-accordion_media-list:hover .eael-accordion_media-icon svg{fill:var( --e-global-color-primary );}.elementor-4330 .elementor-element.elementor-element-400428b4 .eael-adv-accordion .eael-accordion-list .eael-accordion-header.active{color:var( --e-global-color-primary );}.elementor-4330 .elementor-element.elementor-element-400428b4 .eael-adv-accordion .eael-accordion-list .eael-accordion-header.active .eael-accordion-tab-title{color:var( --e-global-color-primary );}.elementor-4330 .elementor-element.elementor-element-400428b4 .eael-adv-accordion .eael-accordion-list .eael-accordion-header.active .fa-accordion-icon{color:var( --e-global-color-primary );}.elementor-4330 .elementor-element.elementor-element-400428b4 .eael-adv-accordion .eael-accordion-list .eael-accordion-header.active .fa-accordion-icon svg{color:var( --e-global-color-primary );fill:var( --e-global-color-primary );}.elementor-4330 .elementor-element.elementor-element-400428b4 .eael-adv-accordion .eael-accordion-list .eael-accordion-header.active svg.fa-accordion-icon{fill:var( --e-global-color-primary );}.elementor-4330 .elementor-element.elementor-element-400428b4 .eael-accordion_media-list.active .eael-accordion_media-icon i{color:var( --e-global-color-primary );}.elementor-4330 .elementor-element.elementor-element-400428b4 .eael-accordion_media-list.active .eael-accordion_media-icon svg{fill:var( --e-global-color-primary );}.elementor-4330 .elementor-element.elementor-element-400428b4 .eael-adv-accordion .eael-accordion-list .eael-accordion-content{color:var( --e-global-color-secondary );}.elementor-4330 .elementor-element.elementor-element-400428b4 .eael-accordion_media-list .eael-accordion_media-content .eael-accordion_media-description{color:var( --e-global-color-secondary );}<\/style>\t\t<div data-elementor-type=\"container\" data-elementor-id=\"4330\" class=\"elementor elementor-4330\">\n\t\t\t\t<div class=\"elementor-element elementor-element-6b2dc293 e-flex e-con-boxed e-con e-parent\" data-id=\"6b2dc293\" data-element_type=\"container\" data-e-type=\"container\">\n\t\t\t\t\t<div class=\"e-con-inner\">\n\t\t\t\t<div class=\"elementor-element elementor-element-400428b4 elementor-widget elementor-widget-eael-adv-accordion\" data-id=\"400428b4\" data-element_type=\"widget\" data-e-type=\"widget\" data-widget_type=\"eael-adv-accordion.default\">\n\t\t\t\t\t            <div class=\"eael-adv-accordion\" id=\"eael-adv-accordion-400428b4\" data-scroll-on-click=\"no\" data-scroll-speed=\"300\" data-accordion-id=\"400428b4\" data-accordion-type=\"accordion\" data-toogle-speed=\"300\">\n            <div class=\"eael-accordion-list\">\n\t\t\t\t\t<div id=\"cri\" class=\"elementor-tab-title eael-accordion-header\" tabindex=\"0\" data-tab=\"1\" aria-controls=\"elementor-tab-content-1071\"><span class=\"eael-advanced-accordion-icon-closed\"><svg aria-hidden=\"true\" class=\"fa-accordion-icon e-font-icon-svg e-fas-plus\" viewBox=\"0 0 448 512\" xmlns=\"http:\/\/www.w3.org\/2000\/svg\"><path d=\"M416 208H272V64c0-17.67-14.33-32-32-32h-32c-17.67 0-32 14.33-32 32v144H32c-17.67 0-32 14.33-32 32v32c0 17.67 14.33 32 32 32h144v144c0 17.67 14.33 32 32 32h32c17.67 0 32-14.33 32-32V304h144c17.67 0 32-14.33 32-32v-32c0-17.67-14.33-32-32-32z\"><\/path><\/svg><\/span><span class=\"eael-advanced-accordion-icon-opened\"><svg aria-hidden=\"true\" class=\"fa-accordion-icon e-font-icon-svg e-fas-minus\" viewBox=\"0 0 448 512\" xmlns=\"http:\/\/www.w3.org\/2000\/svg\"><path d=\"M416 208H32c-17.67 0-32 14.33-32 32v32c0 17.67 14.33 32 32 32h384c17.67 0 32-14.33 32-32v-32c0-17.67-14.33-32-32-32z\"><\/path><\/svg><\/span><span class=\"eael-accordion-tab-title\">C\u0103r\u0163i<\/span><\/div><div id=\"elementor-tab-content-1071\" class=\"eael-accordion-content clearfix\" data-tab=\"1\" aria-labelledby=\"cri\"><ol><li><em>Sfetnicii lui Petru Rare\u015f. Studiu prosopografic<\/em>, Editura Universit\u0103\u0163ii \u201eAlexandru Ioan Cuza\u201d, Ia\u015fi, 2002, 675 p.<\/li><li><strong><em>Princeps omni laude maior.<\/em><\/strong><em> O istorie a lui \u015etefan cel Mare<\/em>, carte tip\u0103rit\u0103 cu binecuv\u00e2ntarea \u00cenalt Prea Sfin\u0163itului Pimen, Arhiepiscop al Sucevei \u015fi R\u0103d\u0103u\u0163ilor, Sf\u00e2nta M\u0103n\u0103stire Putna, 2005, 629 p. (text) + 30 p. (ilustra\u0163ii) (\u00een colaborare cu \u015etefan S. Gorovei); edi\u021bia a II-a, tip\u0103rit\u0103 cu binecuv\u00e2ntarea \u00cenaltpreasfin\u0163itului P\u0103rinte Calinic, Arhiepiscopul Sucevei \u015fi R\u0103d\u0103u\u0163ilor, Editura Mitropolit Iacov Putneanul, M\u0103n\u0103stirea Putna, 2024.<\/li><li><em>Maria Asanina Paleologhina. O prin\u0163es\u0103 bizantin\u0103 pe tronul Moldovei<\/em>, carte tip\u0103rit\u0103 cu binecuv\u00e2ntarea \u00cenalt Prea Sfin\u0163itului Pimen, Arhiepiscop al Sucevei \u015fi R\u0103d\u0103u\u0163ilor, Sf\u00e2nta M\u0103n\u0103stire Putna, 2006, 290 p. (text) + 128 p. (ilustra\u0163ii) (\u00een colaborare cu \u015etefan S. Gorovei).<\/li><li><em>Gr\u0103dina rozelor. Femei din Moldova, \u0162ara Rom\u00e2neasc\u0103 \u015fi Transilvania (sec. XVII\u2013XIX)<\/em>, Editura Academiei Rom\u00e2ne, Bucure\u015fti, 2015, 381 p. + ilustra\u0163ii (\u00een colaborare cu Violeta Barbu, Kinga S. T\u00fcd\u0151s, Angela Jianu).<\/li><\/ol><\/div>\n\t\t\t\t\t<\/div><div class=\"eael-accordion-list\">\n\t\t\t\t\t<div id=\"studii-i-articole\" class=\"elementor-tab-title eael-accordion-header\" tabindex=\"0\" data-tab=\"2\" aria-controls=\"elementor-tab-content-1072\"><span class=\"eael-advanced-accordion-icon-closed\"><svg aria-hidden=\"true\" class=\"fa-accordion-icon e-font-icon-svg e-fas-plus\" viewBox=\"0 0 448 512\" xmlns=\"http:\/\/www.w3.org\/2000\/svg\"><path d=\"M416 208H272V64c0-17.67-14.33-32-32-32h-32c-17.67 0-32 14.33-32 32v144H32c-17.67 0-32 14.33-32 32v32c0 17.67 14.33 32 32 32h144v144c0 17.67 14.33 32 32 32h32c17.67 0 32-14.33 32-32V304h144c17.67 0 32-14.33 32-32v-32c0-17.67-14.33-32-32-32z\"><\/path><\/svg><\/span><span class=\"eael-advanced-accordion-icon-opened\"><svg aria-hidden=\"true\" class=\"fa-accordion-icon e-font-icon-svg e-fas-minus\" viewBox=\"0 0 448 512\" xmlns=\"http:\/\/www.w3.org\/2000\/svg\"><path d=\"M416 208H32c-17.67 0-32 14.33-32 32v32c0 17.67 14.33 32 32 32h384c17.67 0 32-14.33 32-32v-32c0-17.67-14.33-32-32-32z\"><\/path><\/svg><\/span><span class=\"eael-accordion-tab-title\">Studii \u015fi articole<\/span><\/div><div id=\"elementor-tab-content-1072\" class=\"eael-accordion-content clearfix\" data-tab=\"2\" aria-labelledby=\"studii-i-articole\"><ol><li><em>Itinerarii domne\u015fti: Petru Rare\u015f<\/em>, \u00een <strong>AIIX<\/strong>, XXVIII, 1991, p. 285\u2013299.<\/li><li><em>Mateia\u015f logof\u0103tul<\/em>, \u00een <strong>MI<\/strong>, 7 (304), 1992, p. 10\u201314 \u015fi 18.<\/li><li><em>Anna Gol\u0103iasa<\/em>, \u00een <strong>MI<\/strong>, 10 (307), 1992, p. 76\u201378.<\/li><li><em>\u201eDixit Waywoda\u201d<\/em>, \u00een <strong>AIIX<\/strong>, XXIX, 1992, p. 43\u201352 (reluat, sub titlul <em>\u201e\u0162ine\u0163i minte cuvintele lui \u015etefan\u2026\u201d<\/em>, \u00een <strong>MI<\/strong>, 2 (383), 1999, p. 71\u201375 \u015fi, sub titlul original, \u00een volumul <em>\u015etefan cel Mare \u015fi Sf\u00e2nt. Portret \u00een istorie<\/em>, carte tip\u0103rit\u0103 cu binecuv\u00e2ntarea \u00cenalt Prea Sfin\u0163itului Pimen, Arhiepiscop al Sucevei \u015fi R\u0103d\u0103u\u0163ilor, Sf\u00e2nta M\u0103n\u0103stire Putna, 2003, p. 104\u2013116).<\/li><li><em>O carier\u0103 de dreg\u0103tor moldovean: Nestor Ureche<\/em>, \u00een <strong>AMM<\/strong>, XII\u2013XIV, 1990\u20131992, p. 129\u2013153.<\/li><li><em>Mo\u0163oc vornicul. Fic\u0163iune \u015fi adev\u0103r<\/em>, \u00een <strong>MI<\/strong>, 3 (312), 1993, p. 56\u201360.<\/li><li><em>Contribu\u0163ii la istoria Trei-Ierarhilor<\/em> (\u00een colaborare cu \u015etefan S. Gorovei), \u00een <strong>AIIX<\/strong>, XXX, 1993, p. 435\u2013448.<\/li><li><em>Neamul lui Nestor Ureche<\/em>, \u00een <strong>AIIX<\/strong>, XXX, 1993, p. 653\u2013670.<\/li><li><em>Doi hatmani moldoveni: Melentie \u015fi Isac Balica<\/em>, \u00een <strong>MI<\/strong>, 2 (323), 1994, p. 69\u201372.<\/li><li><em>Observa\u0163ii cu privire la cosigilarea documentelor interne \u00een cancelaria lui \u015etefan cel Mare \u015fi Sf\u00e2nt<\/em>, \u00een <strong>RI<\/strong>, V, 1994, 3\u20134, p. 309\u2013312 (reluat \u00een volumul <strong><em>De potestate.<\/em><\/strong><em> Semne \u015fi expresii ale puterii \u00een Evul Mediu rom\u00e2nesc<\/em>, Editura Universit\u0103\u0163ii \u201eAlexandru Ioan Cuza\u201d, Ia\u015fi, 2006, p. 445\u2013452).<\/li><li><em>Familii de boieri din Moldova de origine transilv\u0103nean\u0103<\/em>, \u00een <strong>ArhGen<\/strong>, I (VI), 1994, 1\u20132, p. 95\u2013104.<\/li><li><em>Boieri hicleni \u015fi \u00eenrudirile lor<\/em>, \u00een <strong>ArhGen<\/strong>, I (VI), 1994, 1\u20132, p. 219\u2013228.<\/li><li><em>Contribu\u0163ii la genealogia familiei Stroici<\/em>, \u00een <strong>ArhGen<\/strong>, I (VI), 1994, 1\u20132, p. 249\u2013252 (reluat \u00een volumul <em> Istorie, tezaur ctitori<\/em>, II, carte tip\u0103rit\u0103 cu binecuv\u00e2ntarea \u00cenaltpreasfin\u0163itului Pimen, Arhiepiscop al Sucevei \u015fi R\u0103d\u0103u\u0163ilor, Sf\u00e2nta M\u0103n\u0103stire Dragomirna, 2014, p. 177\u2013182, cu note complementare la p. 337).<\/li><li><em>Heraldic\u0103, genealogie \u015fi sigilografie la familia boierilor Ureche<\/em>, \u00een <strong>ArhGen<\/strong>, I (VI), 1994, 3\u20134, p. 35\u201342.<\/li><li><em>Un proiect nerealizat: mitropolia de la Trei Ierarhi<\/em>, \u00een <strong>AIIX<\/strong>, XXXI, 1994, p. 73\u201376 (reluat, sub titlul <em>Mitropolia de la Trei Ierarhi<\/em>, \u00een <strong>MI<\/strong>, 9 (390), 1999, p. 43\u201346 \u015fi, cu titlul original, \u00een volumul <strong><em>De potestate.<\/em><\/strong><em> Semne \u015fi expresii ale puterii \u00een Evul Mediu rom\u00e2nesc<\/em>, Editura Universit\u0103\u0163ii \u201eAlexandru Ioan Cuza\u201d, Ia\u015fi, 2006, p. 537\u2013540).<\/li><li><em>\u201ePe Siret, pe tin\u0103, la Dolje\u015fti\u201d<\/em>, \u00een <strong>AIIX<\/strong>, XXXI, 1994, p. 503\u2013516.<\/li><li><em>Petru Vartic hatmanul<\/em> (\u00een colaborare cu Corneliu Cojocariu), \u00een <strong>MI<\/strong>, 1 (334), 1995, p. 40\u201344.<\/li><li><em>Noi contribu\u0163ii la genealogia familiei Stroici<\/em>, \u00een <strong>ArhGen<\/strong>, II (VII), 1995, 1\u20132, p. 65\u201375 (reluat \u00een volumul <em> Istorie, tezaur ctitori<\/em>, II, carte tip\u0103rit\u0103 cu binecuv\u00e2ntarea \u00cenaltpreasfin\u0163itului Pimen, Arhiepiscop al Sucevei \u015fi R\u0103d\u0103u\u0163ilor, Sf\u00e2nta M\u0103n\u0103stire Dragomirna, 2014, p. 183\u2013194, cu note complementare la p. 338).<\/li><li><em>Teodosia Nicori\u0163oaia \u015fi b\u0103rba\u0163ii ei<\/em>, \u00een <strong>MI<\/strong>, 7 (340), 1995, p. 47\u201352.<\/li><li><em>O familie de secui \u00een Moldova: Seachile\u015ftii<\/em>, \u00een <strong>ArhGen<\/strong>, II (VII), 1995, 3\u20134, p. 19\u201322.<\/li><li><em>Femei-ctitor \u00een Moldova medieval\u0103<\/em>, \u00een <strong>AIIX<\/strong>, XXXII, 1995, p. 441\u2013457 (reluat \u00een <strong>MI<\/strong>, 3 (384), 1999, p. 70\u201372; 4 (385), 1999, p. 64\u201366).<\/li><li><em>Pe marginea unei c\u0103r\u0163i<\/em>, \u00een <strong>AIIX<\/strong>, XXXII, 1995, p. 497\u2013501.<\/li><li><em>Marii logofe\u0163i ai Moldovei lui Petru Rare\u015f<\/em>, I, \u00een <strong>SMIM<\/strong>, XIII, 1995, p. 73\u2013101.<\/li><li><em>Toader marele logof\u0103t<\/em>, \u00een <strong>MI<\/strong>, 4 (349), 1996, p. 78\u201382.<\/li><li><em>Marii logofe\u0163i ai Moldovei lui Petru Rare\u015f<\/em>, II, \u00een <strong>SMIM<\/strong>, XIV, 1996, p. 49\u201369.<\/li><li><em>Conspirateurs et \u201einiti\u00e9s\u201d dans la Moldavie du XVIII<sup>e<\/sup> si\u00e8cle<\/em>, \u00een <strong>RER<\/strong>, XIX\u2013XX, 1995\u20131996, p. 269\u2013280 (varianta rom\u00e2neasc\u0103, publicat\u0103 sub titlul <em>Conspiratori \u015fi ini\u0163ia\u0163i \u00een Moldova veacului XVIII<\/em>, \u00een <em> Caiete masonice<\/em>, Bucure\u015fti, 2001, p. 53\u201372).<\/li><li><em>Pentru o istorie a vie\u0163ii zilnice<\/em>, \u00een <strong>MI<\/strong>, 5 (362), 1997, p. 58\u201359.<\/li><li><em>Un destin tragic: domni\u0163a Elena<\/em>, \u00een <strong>MI<\/strong>, 6 (363), 1997, p. 60\u201363.<\/li><li><em>Familia C\u00e2rje. Genealogie \u015fi voca\u0163ie ctitoriceasc\u0103<\/em>, \u00een <strong>ArhGen<\/strong>, IV (IX), 1997, 1\u20132, p. 37\u201342.<\/li><li><em>Structuri de familie \u00een societatea medieval\u0103 moldoveneasc\u0103<\/em>, \u00een <strong>ArhGen<\/strong>, IV (IX), 1997, 1\u20132, p. 59\u2013117.<\/li><li><em>La curte, la Petru vod\u0103<\/em>, \u00een <strong>RI<\/strong>, VIII, 1997, 7\u20138, p. 485\u2013496 (reluat, sub titlul <em>Via\u0163a de toate zilele la curtea lui Petru Rare\u015f<\/em>, \u00een <strong>MI<\/strong>, 3 (372), 1998, p. 29\u201332).<\/li><li><em>Documente inedite de la Petru Rare\u015f<\/em> (\u00een colaborare cu \u015etefan S. Gorovei), \u00een <strong>RI<\/strong>, VIII, 1997, 7\u20138, p. 503\u2013515.<\/li><li><em>Via\u0163a de familie \u00een Moldova medieval\u0103<\/em>, \u00een <strong>MI<\/strong>, 10 (367), 1997, p. 75\u201377.<\/li><li><em>Radu Rosetti (1853\u20131926)<\/em>, \u00een <strong>ArhGen<\/strong>, IV (IX), 1997, 3\u20134, p. 11\u201319.<\/li><li><em>Observa\u0163ii m\u0103runte \u00een vechi biserici moldovene\u015fti<\/em>, \u00een <strong>SMIM<\/strong>, XV, 1997, p. 171\u2013180.<\/li><li><em>Testamentele: o abordare preliminar\u0103<\/em>, \u00een <strong>RIS<\/strong>, II\u2013III, 1997\u20131998, p. 25\u201329.<\/li><li><em>Nepo\u0163ii lui \u015etefan cel Mare<\/em> (\u00een colaborare cu \u015etefan S. Gorovei), \u00een <strong>ArhGen<\/strong>, V (X), 1998, 1\u20132, p. 107\u2013123.<\/li><li><em>Neamul dinspre mam\u0103 al lui Petru Rare\u015f<\/em>, \u00een <strong>ArhGen<\/strong>, V (X), 1998, 1\u20132, p. 169\u2013178.<\/li><li><em>Structura domeniului boieresc: Nestor Ureche \u015fi propriet\u0103\u0163ile lui<\/em>, \u00een <strong>RI<\/strong>, IX, 1998, 3\u20134, p. 153\u2013168.<\/li><li><em>Radu R. Rosetti (1877\u20131949)<\/em>, \u00een <strong>ArhGen<\/strong>, V (X), 1998, 3\u20134, p. 7\u201312.<\/li><li><em>\u201eSemne \u015fi minuni\u201d pentru \u015etefan voievod. Note de mentalitate medieval\u0103<\/em> (\u00een colaborare cu \u015etefan S. Gorovei), \u00een <strong>SMIM<\/strong>, XVI, 1998, p. 49\u201364 (reluat \u00een volumul <em>\u015etefan cel Mare \u015fi Sf\u00e2nt. Portret \u00een istorie<\/em>, carte tip\u0103rit\u0103 cu binecuv\u00e2ntarea \u00cenalt Prea Sfin\u0163itului Pimen, Arhiepiscop al Sucevei \u015fi R\u0103d\u0103u\u0163ilor, Sf\u00e2nta M\u0103n\u0103stire Putna, 2003, p. 67\u201385; \u00een volumul <em>Altfel despre \u015etefan cel Mare<\/em>, cuv\u00e2nt \u00eenainte de \u00cenalt Prea Sfin\u0163itul Pimen, Arhiepiscopul Sucevei \u015fi R\u0103d\u0103u\u0163ilor, Editura Anastasia, Bucure\u015fti, 2004, p. 137\u2013156 \u015fi \u00een volumul <strong><em>De potestate.<\/em><\/strong><em> Semne \u015fi expresii ale puterii \u00een Evul Mediu rom\u00e2nesc<\/em>, Editura Universit\u0103\u0163ii \u201eAlexandru Ioan Cuza\u201d, Ia\u015fi, 2006, p. 481\u2013498).<\/li><li><em>Ob\u00e2r\u015fia lui Luca Arbure. O ipotez\u0103<\/em>, \u00een volumul <em>In honorem Paul Cernovodeanu<\/em>, Editura Kriterion, Bucure\u015fti, [1998,] p. 419\u2013429.<\/li><li><em>Vornicii moldoveni din domniile lui Petru Rare\u015f<\/em>, \u00een <strong>SMIM<\/strong>, XVII, 1999, p. 203\u2013221.<\/li><li><em>Ion Movil\u0103 logof\u0103tul \u015fi cneaghina lui, Maria<\/em>, \u00een <strong>MI<\/strong>, 2 (395), 2000, p. 38\u201342.<\/li><li><em>Ioan N\u0103dejde (1854\u20131928)<\/em>, \u00een <strong>ArhGen<\/strong>, VII (XII), 2000, 1\u20134, p. 29\u201334.<\/li><li><em>Preliminarii la o istorie a nop\u0163ii \u00een \u0162\u0103rile Rom\u00e2ne<\/em>, \u00een <strong>SMIM<\/strong>, XVIII, 2000, p. 197\u2013211.<\/li><li><em>Note despre bisericile Sf. Vineri \u015fi T\u0103ierea Capului Sf. Ioan Botez\u0103torul din Ia\u015fi<\/em>, \u00een <strong>SMIM<\/strong>, XIX, 2001, p. 31\u201338.<\/li><li><em>Documente reg\u0103site dintr-o arhiv\u0103 pierdut\u0103<\/em> (\u00een colaborare cu \u015etefan S. Gorovei), \u00een <strong>SMIM<\/strong>, XX, 2002, p. 45\u201351 (reluat \u00een Pr. Dr. Paul Mihail, <em>Jurnalul c\u0103l\u0103toriei de studii \u00een Grecia, la Muntele Athos \u015fi la Constantinopol (1931)<\/em>, edi\u0163ie bilingv\u0103, \u00eengrijire de edi\u0163ie Mihai \u0162ip\u0103u, traducere \u00een limba greac\u0103 Mihai \u0162ip\u0103u, \u015etefan Petrescu, cuv\u00e2nt introductiv Elena Laz\u0103r, Editura Omonia, Bucure\u015fti, 2020, p. 91\u201398; versiunea \u00een limba greac\u0103, <em>\u0388\u03b3\u03b3\u03c1\u03b1\u03c6\u03b1 \u03c0\u03bf\u03c5 \u03be\u03b1\u03bd\u03b1\u03b2\u03c1\u03ad\u03b8\u03b7\u03ba\u03b1\u03bd \u03b1\u03c0\u03cc \u03ad\u03bd\u03b1 \u03c7\u03b1\u03bc\u03ad\u03bd\u03bf \u03b1\u03c1\u03c7\u03b5\u03af\u03bf<\/em>, \u00een <em>ibidem<\/em>, p. 347\u2013356).<\/li><li><em>Un document de la Ieremia vod\u0103 Movil\u0103<\/em>, \u00een volumul <em>In honorem Ioan Capro\u015fu. Studii de istorie<\/em>, Editura Polirom, Ia\u015fi, 2002, p. 221\u2013226.<\/li><li><em>Un manifest de putere la m\u0103n\u0103stirea Probota ?<\/em>, \u00een volumul <em>Omagiu Virgil C\u00e2ndea la 75 de ani<\/em>, II, Editura Academiei Rom\u00e2ne \u2013 Editura Roza V\u00e2nturilor, Bucure\u015fti, 2002, p. 297\u2013312 (reluat \u00een volumul <strong><em>De potestate.<\/em><\/strong><em> Semne \u015fi expresii ale puterii \u00een Evul Mediu rom\u00e2nesc<\/em>, Editura Universit\u0103\u0163ii \u201eAlexandru Ioan Cuza\u201d, Ia\u015fi, 2006, p. 499\u2013518).<\/li><li><em>\u201eVino s\u0103-\u0163i ar\u0103t pe mireasa, femeia Mielului\u201d. C\u0103delni\u0163a domneasc\u0103 de la Putna \u015fi semnifica\u0163ia ei<\/em>, \u00een volumul <em>\u00cenchinare lui Petre \u015e. N\u0103sturel la 80 de ani<\/em>, Editura Istros, Br\u0103ila, 2003, p. 421\u2013432 (reluat \u00een volumul <strong><em>De potestate.<\/em><\/strong><em> Semne \u015fi expresii ale puterii \u00een Evul Mediu rom\u00e2nesc<\/em>, Editura Universit\u0103\u0163ii \u201eAlexandru Ioan Cuza\u201d, Ia\u015fi, 2006, p. 453\u2013470).<\/li><li><em>\u015etefan cel Mare \u015fi sf\u00e2r\u015fitul lumii<\/em>, \u00een <strong>SMIM<\/strong>, XXI, 2003, p. 271\u2013278 (reluat \u00een volumul <strong><em>De potestate.<\/em><\/strong><em> Semne \u015fi expresii ale puterii \u00een Evul Mediu rom\u00e2nesc<\/em>, Editura Universit\u0103\u0163ii \u201eAlexandru Ioan Cuza\u201d, Ia\u015fi, 2006, p. 471\u2013480).<\/li><li><em>Bucate \u015fi leacuri de alt\u0103dat\u0103<\/em>, \u00een <strong>RIS<\/strong>, VIII\u2013IX, 2003\u20132004, p. 205\u2013236.<\/li><li><em>M\u0103n\u0103stirea Putna \u2013 loc de memorie<\/em>, \u00een <strong>SMIM<\/strong>, XXII, 2004, p. 73\u201399 (reluat, \u00eentr-o form\u0103 dezvoltat\u0103 \u015fi cu ilustra\u0163ii, \u00een volumul <em>\u015etefan cel Mare \u015fi Sf\u00e2nt. Atlet al credin\u0163ei cre\u015ftine<\/em>, carte tip\u0103rit\u0103 cu binecuv\u00e2ntarea \u00cenalt Prea Sfin\u0163itului Pimen, Arhiepiscop al Sucevei \u015fi R\u0103d\u0103u\u0163ilor, Sf\u00e2nta M\u0103n\u0103stire Putna, 2004, p. 37\u201370).<\/li><li><em>Addenda et corrigenda<\/em>, \u00een <strong>SMIM<\/strong>, XXII, 2004, p. 271\u2013273.<\/li><li><em>\u00censemnele imperiale ale doamnei Maria Asanina Paleologhina<\/em> (\u00een colaborare cu \u015etefan S. Gorovei), \u00een volumul <em>\u015etefan cel Mare \u015fi Sf\u00e2nt. Atlet al credin\u0163ei cre\u015ftine<\/em>, carte tip\u0103rit\u0103 cu binecuv\u00e2ntarea \u00cenalt Prea Sfin\u0163itului Pimen, Arhiepiscop al Sucevei \u015fi R\u0103d\u0103u\u0163ilor, Sf\u00e2nta M\u0103n\u0103stire Putna, 2004, p. 81\u2013112.<\/li><li><em>Antroponimie \u00een Moldova medieval\u0103: \u00eentre calendar \u015fi c\u0103r\u0163ile populare<\/em>, \u00een volumul <em>Confesiune \u015fi cultur\u0103 \u00een Evul Mediu. In honorem Ion Todera\u015fcu<\/em>, Editura Universit\u0103\u0163ii \u201eAlexandru Ioan Cuza\u201d, Ia\u015fi, 2004, p. 197\u2013210.<\/li><li><em>\u015etefan cel Mare \u015fi cultul Sfintei Cruci<\/em>, \u00een <strong>AP<\/strong>, I, 2005, 1, p. 17\u201334.<\/li><li><em>C\u0103lug\u0103rirea lui \u015etefan cel Mare. De la temeiurile ipotezei la realitatea istoric\u0103<\/em> (\u00een colaborare cu \u015etefan S. Gorovei), \u00een <strong>AP<\/strong>, I, 2005, 1, p. 93\u2013100.<\/li><li><em>Gesturile puterii la \u015etefan cel Mare<\/em>, \u00een <strong>AP<\/strong>, I, 2005, 1, p. 151\u2013160 (reluat \u00een volumul <em>Putere, diploma\u021bie \u0219i r\u0103zboi \u00een domnia lui \u0218tefan cel Mare (1457\u20131504). Un bilan\u021b istoriografic (2004\u20132024)<\/em>, sub \u00eengrijirea lui Ovidiu Cristea &amp; Liviu Pilat, I, Grup Editorial DAR Publishing, Bucure\u0219ti, 2024, p. 279\u2013288).<\/li><li><em>Fi\u015fier bibliografic<\/em>, \u00een <strong>AP<\/strong>, I, 2005, 1, p. 161\u2013166.<\/li><li><em>Un document de la Miron vod\u0103 Barnovschi<\/em>, \u00een <strong>SMIM<\/strong>, XXIII, 2005, p. 253\u2013256.<\/li><li><em>Cine a fost Sf\u00e2ntul Ghenadie de la Putna ?<\/em>, \u00een <strong>AP<\/strong>, I, 2005, 2, p. 45\u201354.<\/li><li><em>Les embl\u00e8mes imp\u00e9riaux de la princesse Marie Assanine Pal\u00e9ologuine<\/em> (\u00een colaborare cu \u015etefan S. Gorovei), \u00een volumul <em>\u00c9tudes byzantines et post-byzantines<\/em>, V, 2006, p. 49\u201387.<\/li><li><em>Tripticul \u201elui \u015etefan cel Mare\u201d de la M\u0103n\u0103stirea Putna<\/em>, \u00een <strong>AP<\/strong>, II, 2006, 1\u20132, p. 105\u2013110.<\/li><li><em>\u201eAce\u015fti pani au murit \u00een r\u0103zboi cu turcii\u201d<\/em>, \u00een <strong>AP<\/strong>, II, 2006, 1\u20132, p. 127\u2013136 (reluat \u00een volumul <em>Putere, diploma\u021bie \u0219i r\u0103zboi \u00een domnia lui \u0218tefan cel Mare (1457\u20131504). Un bilan\u021b istoriografic (2004\u20132024)<\/em>, sub \u00eengrijirea lui Ovidiu Cristea &amp; Liviu Pilat, I, Grup Editorial DAR Publishing, Bucure\u0219ti, 2024, p. 489\u2013499).<\/li><li><em>Fi\u015fier bibliografic<\/em>, II, \u00een <strong>AP<\/strong>, II, 2006, 1\u20132, p. 171\u2013172.<\/li><li><em>Manifeste de putere la Ieremia Movil\u0103<\/em>, \u00een volumul <em>Movile\u015ftii. Istorie \u015fi spiritualitate rom\u00e2neasc\u0103<\/em>, II, <em>Ieremia Movil\u0103. Domnul. Familia. Epoca<\/em>, carte tip\u0103rit\u0103 cu binecuv\u00e2ntarea \u00cenalt Prea Sfin\u0163itului Pimen, Arhiepiscop al Sucevei \u015fi R\u0103d\u0103u\u0163ilor, Sf\u00e2nta M\u0103n\u0103stire Sucevi\u0163a, 2006, p. 123\u2013136.<\/li><li><em>Moldova \u015fi \u201eregalitatea sacr\u0103\u201d<\/em> (\u00een colaborare cu \u015etefan S. Gorovei), \u00een volumul <strong><em>De potestate.<\/em><\/strong><em> Semne \u015fi expresii ale puterii \u00een Evul Mediu rom\u00e2nesc<\/em>, Editura Universit\u0103\u0163ii \u201eAlexandru Ioan Cuza\u201d, Ia\u015fi, 2006, p. 179\u2013214.<\/li><li><em>\u00cenrudirile doamnei Elisabeta Movil\u0103<\/em>, \u00een volumul <strong><em>De potestate.<\/em><\/strong><em> Semne \u015fi expresii ale puterii \u00een Evul Mediu rom\u00e2nesc<\/em>, Editura Universit\u0103\u0163ii \u201eAlexandru Ioan Cuza\u201d, Ia\u015fi, 2006, p. 519\u2013524.<\/li><li><em>Paleologii din Moldova<\/em>, \u00een volumul <strong><em>De potestate.<\/em><\/strong><em> Semne \u015fi expresii ale puterii \u00een Evul Mediu rom\u00e2nesc<\/em>, Editura Universit\u0103\u0163ii \u201eAlexandru Ioan Cuza\u201d, Ia\u015fi, 2006, p. 525\u2013536.<\/li><li><em>Manuscrise r\u0103zle\u0163ite din scriptoriul \u015fi biblioteca M\u0103n\u0103stirii Putna<\/em>, \u00een <strong>AP<\/strong>, III, 2007, 1, p. 153\u2013179.<\/li><li><em>Neamul Gol\u0103e\u015ftilor. Pe marginea unui document \u201enou\u201d<\/em>, \u00een <strong>SMIM<\/strong>, XXV, 2007, p. 87\u201398.<\/li><li><em>Taina morm\u00e2ntului de la Mir\u0103u\u0163i. Un indiciu spre dezlegare<\/em>, \u00een <strong>AP<\/strong>, III, 2007, 2, p. 13\u201320.<\/li><li><em>Fi\u015fier bibliografic<\/em>, III, \u00een <strong>AP<\/strong>, III, 2007, 2, p. 123\u2013126.<\/li><li><em>Odoare rom\u00e2ne\u015fti reg\u0103site la Liov<\/em>, \u00een volumul <em>In honorem Ioan Ciuperc\u0103. Studii de istorie a rom\u00e2nilor \u015fi a rela\u0163iilor interna\u0163ionale<\/em>, Editura Universit\u0103\u0163ii \u201eAlexandru Ioan Cuza\u201d, Ia\u015fi, 2007, p. 433\u2013444.<\/li><li><em>Isac, vistiernicul lui \u015etefan cel Mare<\/em>, \u00een volumul <em>Voca\u0163ia istoriei. Prinos profesorului \u015eerban Papacostea<\/em>, \u00eengrijit de Ovidiu Cristea, Gheorghe Laz\u0103r, Editura Istros, Br\u0103ila, 2008, p. 567\u2013604.<\/li><li><em>Bogdan al III-lea \u2013 note de antropologie politic\u0103<\/em>, \u00een <strong>AP<\/strong>, IV, 2008, 1, p. 265\u2013278.<\/li><li><em>Atributele imperiale ale cet\u0103\u0163ii Suceava<\/em>, \u00een <strong>AP<\/strong>, IV, 2008, 2, p. 5\u201314 (reluat \u00een volumul <em>Putere, diploma\u021bie \u0219i r\u0103zboi \u00een domnia lui \u0218tefan cel Mare (1457\u20131504). Un bilan\u021b istoriografic (2004\u20132024)<\/em>, sub \u00eengrijirea lui Ovidiu Cristea &amp; Liviu Pilat, I, Grup Editorial DAR Publishing, Bucure\u0219ti, 2024, p. 289\u2013300).<\/li><li><em>\u201eAm mers \u00eempotriva du\u015fmanilor Cre\u015ftin\u0103t\u0103\u0163ii\u201d. Concep\u0163ia despre r\u0103zboi \u00een discursul politic al lui \u015etefan cel Mare<\/em>, \u00een volumul <em>Ideologii politice \u015fi reprezent\u0103ri ale puterii \u00een Europa<\/em>, studii reunite de Alexandru-Florin Platon, Bogdan-Petru Maleon, Liviu Pilat, Editura Universit\u0103\u0163ii \u201eAlexandru Ioan Cuza\u201d, Ia\u015fi, 2009, p. 119\u2013138.<\/li><li><em>Ctitori mari \u015fi ctitori mici la biserica Sf\u00e2ntul Dimitrie (Bal\u015f) din Ia\u015fi<\/em>, \u00een volumul <em>Contribu\u0163ii privitoare la istoria rela\u0163iilor dintre \u0162\u0103rile Rom\u00e2ne \u015fi Bisericile r\u0103s\u0103ritene \u00een secolele XIV\u2013XIX<\/em>, editat de Petronel Zahariuc, Editura Universit\u0103\u0163ii \u201eAlexandru Ioan Cuza\u201d, Ia\u015fi, 2009, p. 81\u201392.<\/li><li><em>Cui a apar\u0163inut morm\u00e2ntul din pronaosul Dragomirnei ?<\/em>, \u00een <strong>SMIM<\/strong>, XXVII, 2009, p. 159\u2013168 (reluat \u00een volumul <em> Istorie, tezaur ctitori<\/em>, II, carte tip\u0103rit\u0103 cu binecuv\u00e2ntarea \u00cenaltpreasfin\u0163itului Pimen, Arhiepiscop al Sucevei \u015fi R\u0103d\u0103u\u0163ilor, Sf\u00e2nta M\u0103n\u0103stire Dragomirna, 2014, p. 195\u2013202, cu note complementare la p. 339).<\/li><li><em>Ctitorii Vorone\u0163ului<\/em>, \u00een <strong>AP<\/strong>, V, 2009, 1, p. 139\u2013156.<\/li><li><em>Scrisori putnene \u00een arhive ardelene<\/em>, \u00een <strong>AP<\/strong>, V, 2009, 2, p. 51\u201376.<\/li><li><em>Monarhul ideal \u00een imaginarul Evului Mediu. Ren\u00e9 d\u2019Anjou \u015fi \u015etefan cel Mare<\/em>, \u00een <strong>AP<\/strong>, VI, 2010, 1, p. 283\u2013302 (reluat \u00een volumul <em>Putere, diploma\u021bie \u0219i r\u0103zboi \u00een domnia lui \u0218tefan cel Mare (1457\u20131504). Un bilan\u021b istoriografic (2004\u20132024)<\/em>, sub \u00eengrijirea lui Ovidiu Cristea &amp; Liviu Pilat, I, Grup Editorial DAR Publishing, Bucure\u0219ti, 2024, p. 153\u2013173).<\/li><li><em>Tetraevanghele<\/em>, \u00een volumul <em>Sf\u00e2nta M\u0103n\u0103stire Putna<\/em>, lucrare ap\u0103rut\u0103 cu binecuv\u00e2ntarea \u00cenalt Preasfin\u0163itului Pimen, Arhiepiscop al Sucevei \u015fi R\u0103d\u0103u\u0163ilor, Editura Mitropolit Iacov Putneanul, M\u0103n\u0103stirea Putna, 2010, p. 233\u2013237 (edi\u0163ia a II-a, revizuit\u0103 \u015fi completat\u0103, M\u0103n\u0103stirea Putna, 2016, p. 275\u2013279 \u015fi notele de la p. 559\u2013560).<\/li><li><em>Obiecte din metal<\/em>, \u00een volumul <em>Sf\u00e2nta M\u0103n\u0103stire Putna<\/em>, lucrare ap\u0103rut\u0103 cu binecuv\u00e2ntarea \u00cenalt Preasfin\u0163itului Pimen, Arhiepiscop al Sucevei \u015fi R\u0103d\u0103u\u0163ilor, Editura Mitropolit Iacov Putneanul, M\u0103n\u0103stirea Putna, 2010, p. 341\u2013348 (edi\u0163ia a II-a, revizuit\u0103 \u015fi completat\u0103, M\u0103n\u0103stirea Putna, 2016, p. 393\u2013400 \u015fi notele de la p. 562\u2013563).<\/li><li><em>Mormintele Putnei<\/em>, \u00een volumul <em>Sf\u00e2nta M\u0103n\u0103stire Putna<\/em>, lucrare ap\u0103rut\u0103 cu binecuv\u00e2ntarea \u00cenalt Preasfin\u0163itului Pimen, Arhiepiscop al Sucevei \u015fi R\u0103d\u0103u\u0163ilor, Editura Mitropolit Iacov Putneanul, M\u0103n\u0103stirea Putna, 2010, p. 411\u2013415 (edi\u0163ia a II-a, revizuit\u0103 \u015fi completat\u0103, M\u0103n\u0103stirea Putna, 2016, p. 465\u2013469 \u015fi notele de la p. 564\u2013565).<\/li><li><em>Ctitorii cei vechi ai Goliei<\/em>, \u00een volumul <em>M\u0103n\u0103stirea Golia. 350 de ani de la sfin\u0163irea ctitoriei lui Vasile Lupu (studii \u015fi documente)<\/em>, lucrare tip\u0103rit\u0103 cu binecuv\u00e2ntarea \u00cenaltpreasfin\u0163itului Teofan, Mitropolitul Moldovei \u015fi Bucovinei, Editura Doxologia, Ia\u015fi, 2010, p. 3\u201330.<\/li><li><em>Fi\u015fier bibliografic<\/em>, VI, \u00een <strong>AP<\/strong>, VI, 2010, 2, p. 147\u2013148.<\/li><li><em>Peisaj medieval cu animale<\/em>, \u00een <strong>RIS<\/strong>, XIII\u2013XV, 2008\u20132010, p. 28\u201350 (reluat \u00een <em>Lumea animalelor. Realit\u0103\u0163i, reprezent\u0103ri simboluri<\/em>, volum \u00eengrijit de Maria Magdalena Sz\u00e9kely, Editura Universit\u0103\u0163ii \u201eAlexandru Ioan Cuza\u201d, Ia\u015fi, 2012, p. 34\u201370).<\/li><li><em>Code de couleurs et signe de valeur. Les v\u00eatements dans les Pays Roumains (XVI<sup>e<\/sup>\u2013XVII<sup>e<\/sup> si\u00e8cles)<\/em>, \u00een <strong>RIS<\/strong>, XIII\u2013XV, 2008\u20132010, p. 227\u2013256.<\/li><li><em>Un gest de putere al lui Bogdan al III-lea \u015fi semnifica\u0163ia lui<\/em>, \u00een volumul <em>Putna, ctitorii ei \u015fi lumea lor<\/em>, Editura Oscar Print, Bucure\u015fti, 2011, p. 99\u2013106.<\/li><li><em>Colour Garments: Tradition, Fashion or Social Mark ? The Romanian Principalities in the 16th\u201317th Centuries<\/em>, \u00een volumul <em>From Traditional Attire to Modern Dress: Modes of Identification, Modes of Recognition in the Balkans (XVIth\u2013XXth Centuries)<\/em>, Edited by Constan\u0163a Vintil\u0103-Ghi\u0163ulescu, Cambridge Scholars Publishing, 2011, p. 12\u201328.<\/li><li><em>Biserica din Zahare\u015fti \u015fi ctitorii ei. O revenire necesar\u0103<\/em>, \u00een <strong>SMIM<\/strong>, XXIX, 2011, p. 111\u2013140.<\/li><li><em>\u00cen jurul dat\u0103rii <strong>Liturghierului<\/strong> lui Ghervasie de la Putna (BAR Cluj, ms. sl. 2)<\/em>, \u00een <strong>AP<\/strong>, VII, 2011, 1, p. 63\u201390.<\/li><li><em>Bestiarul lui Neagoe Basarab<\/em>, \u00een volumul <em>In honorem C\u0103t\u0103lina Velculescu. <strong>La aniversar\u0103<\/strong><\/em>, editori Erich Renhardt, Cristina Bogdan, Arhim. Policarp Chi\u0163ulescu, Ileana St\u0103nculescu, Editura Paideia, Bucure\u015fti, 2011, p. 345\u2013358 (reluat \u00een <em>Lumea animalelor. Realit\u0103\u0163i, reprezent\u0103ri simboluri<\/em>, volum \u00eengrijit de Maria Magdalena Sz\u00e9kely, Editura Universit\u0103\u0163ii \u201eAlexandru Ioan Cuza\u201d, Ia\u015fi, 2012, p. 192\u2013208).<\/li><li><em>Manuscrisele slave de la Putna. O revenire<\/em>, \u00een <strong>AP<\/strong>, VII, 2011, 2, p. 13\u201324.<\/li><li><em>Fi\u015fier bibliografic<\/em>, VII, \u00een <strong>AP<\/strong>, VII, 2011, 2, p. 143\u2013148.<\/li><li><em>La vie litt\u00e9raire au Monast\u00e8re de Poutna jusqu\u2019au XVIII<sup>e<\/sup> si\u00e8cle<\/em>, \u00een \u201eTransylvanian Review\u201d, XXI, Supplement 1, 2012, <em>One Hundred Years Since the Birth of Emil Turdeanu<\/em>, Edited by Ioan-Aurel Pop, Ana Dumitran, Jan Nicolae, Cluj-Napoca, 2012, p. 123\u2013146.<\/li><li><em>Via\u0163a literar\u0103 la M\u0103n\u0103stirea Putna p\u00e2n\u0103 \u00een secolul al XVIII-lea<\/em>, \u00een volumul <em>Memoria ca arhiv\u0103 cultural\u0103. Centenar Emil Turdeanu<\/em>, editori Avram Cristea \u015fi Jan Nicolae, Editura Re\u00eentregirea, Alba Iulia, 2012, p. 193\u2013218.<\/li><li><em>Pe marginea unei coresponden\u0163e pierdute. M\u0103n\u0103stirea Kosinitsa \u015fi \u0162\u0103rile Rom\u00e2ne<\/em>, \u00een volumul <strong><em>Aut viam inveniam aut faciam.<\/em><\/strong><em> In honorem \u015etefan Andreescu<\/em>, editori Ovidiu Cristea, Petronel Zahariuc, Gheorghe Laz\u0103r, Editura Universit\u0103\u0163ii \u201eAlexandru Ioan Cuza\u201d, Ia\u015fi, 2012, p. 417\u2013438.<\/li><li><em>Moldova lui Dimitrie Cantemir \u015fi <strong>Descrierea<\/strong> ei<\/em>, \u00een volumul <em>Dimitrie Cantemir. Perspective interdisciplinare<\/em>, coordonator Bogdan Cre\u0163u, Institutul European, Ia\u015fi, 2012, p. 145\u2013176.<\/li><li><em>N\u0103scut\u0103 spre a fi doamn\u0103: Maria, ultima so\u0163ie a lui \u015etefan cel Mare<\/em>, \u00een <strong>AP<\/strong>, VIII, 2012, 1, p. 315\u2013348 (reluat \u00een volumul <em>Putere, diploma\u021bie \u0219i r\u0103zboi \u00een domnia lui \u0218tefan cel Mare (1457\u20131504). Un bilan\u021b istoriografic (2004\u20132024)<\/em>, sub \u00eengrijirea lui Ovidiu Cristea &amp; Liviu Pilat, I, Grup Editorial DAR Publishing, Bucure\u0219ti, 2024, p. 175\u2013204).<\/li><li><em>Fi\u015fier bibliografic<\/em>, VIII, \u00een <strong>AP<\/strong>, VIII, 2012, 2, p. 401\u2013404.<\/li><li><em>De ce animalele ?<\/em>, \u00een <em>Lumea animalelor. Realit\u0103\u0163i, reprezent\u0103ri simboluri<\/em>, volum \u00eengrijit de Maria Magdalena Sz\u00e9kely, Ia\u015fi, 2012, p. 9\u201317.<\/li><li><em>Calul: de la mijloc de transport la simbol de putere<\/em>, \u00een <em>Lumea animalelor. Realit\u0103\u0163i, reprezent\u0103ri simboluri<\/em>, volum \u00eengrijit de Maria Magdalena Sz\u00e9kely, Ia\u015fi, 2012, p. 87\u2013105.<\/li><li><em>Imposibila biografie. Vie\u0163i de femei din Moldova de alt\u0103dat\u0103<\/em>, \u00een <strong>A\u015eUI<\/strong>, serie nou\u0103, <em>Istorie<\/em>, LVI\u2013LVIII, 2010\u20132012, p. 103\u2013116.<\/li><li><em>Schitul Dr\u0103gu\u015fanul. Datorie cre\u015ftineasc\u0103 \u015fi con\u015ftiin\u0163\u0103 genealogic\u0103 \u00een actul de ctitorire<\/em>, \u00een volumul <em>Istoria: utopie, amintire \u015fi proiect de viitor. Studii de istorie oferite Profesorului Andrei Pippidi la \u00eemplinirea a 65 de ani<\/em>, editori Radu G. P\u0103un, Ovidiu Cristea, Editura Universit\u0103\u0163ii \u201eAlexandru Ioan Cuza\u201d, Ia\u015fi, 2013, p. 33\u201391.<\/li><li><strong><em>Cuv\u00e2ntul pentru zidirea Sfintei M\u0103n\u0103stiri P\u00e2ng\u0103ra\u0163i<\/em><\/strong><em> \u015fi figura ctitorului ideal \u00een Moldova secolelor XV\u2013XVI<\/em>, \u00een <strong>SMIM<\/strong>, XXXI, 2013, p. 275\u2013298.<\/li><li><em>Autour des relations moldo-ottomanes<\/em> (\u00een colaborare cu \u015etefan S. Gorovei), \u00een <strong>MEMS<\/strong>, V, 2013, p. 149\u2013192.<\/li><li><em>Vocile unui domn. Discurs politic \u015fi manifeste de putere la Vasile Lupu<\/em>, \u00een volumul <em>Retorica politic\u0103 modern\u0103 \u00een spa\u0163iul rom\u00e2nesc. Origini \u015fi forme de manifestare (secolele XVII\u2013XIX)<\/em>, coordonatori Mihai Cojocariu, Cristian Ploscaru, Editura Universit\u0103\u0163ii \u201eAlexandru Ioan Cuza\u201d, Ia\u015fi, 2013, p. 17\u201338.<\/li><li><em>\u015etefan cel Mare \u015fi M\u0103n\u0103stirea Bistri\u0163a<\/em>, \u00een <strong>AP<\/strong>, IX, 2013, 1, p. 151\u2013182.<\/li><li><strong><em>Tetraevanghelul<\/em><\/strong><em> ieromonahului Macarie din Putna (1529)<\/em> (\u00een colaborare cu Ivan Biliarsky), \u00een <strong>AP<\/strong>, IX, 2013, 2, p. 51\u201374.<\/li><li><em>M\u0103n\u0103stirea Dragomirna \u2013 ctitorie boiereasc\u0103<\/em>, \u00een volumul <em>Dragomirna \u015fi ctitorii ei<\/em>, Actele colocviului din 20\u201323 iulie 2009, carte tip\u0103rit\u0103 cu binecuv\u00e2ntarea \u00cenaltpreasfin\u0163itului Pimen, Arhiepiscop al Sucevei \u015fi R\u0103d\u0103u\u0163ilor, Sf\u00e2nta M\u0103n\u0103stire Dragomirna, 2014, p. 435\u2013448.<\/li><li><em>Dou\u0103zeci de st\u00e2njeni de istorie ie\u015fean\u0103<\/em>, \u00een volumul <em>Retrospec\u0163ii medievale. <strong>In honorem Professoris emeriti Ioan Capro\u015fu<\/strong><\/em>, ediderunt Victor Spinei, Lauren\u0163iu R\u0103dvan, Arcadie M. Bodale, Editura Universit\u0103\u0163ii \u201eAlexandru Ioan Cuza\u201d, Ia\u015fi, 2014, p. 579\u2013592.<\/li><li><em>Via\u0163\u0103 de copil \u00eentr-o lume de adul\u0163i (Moldova, secolul al XVII-lea)<\/em>, \u00een <strong>SMIM<\/strong>, XXXII, 2014, p. 279\u2013316.<\/li><li><em>Portrete t\u00e2rzii de ctitori \u00een biserici din jude\u0163ul Suceava<\/em>, \u00een <strong>A\u015eUI<\/strong>, serie nou\u0103, <em>Istorie<\/em>, LX, 2014, p. 369\u2013382.<\/li><li><em>Refacerea Putnei \u2013 \u201eproiect na\u0163ional\u201d sau gest de putere ?<\/em>, \u00een <strong>AP<\/strong>, X, 2014, 1, p. 251\u2013260.<\/li><li><em>Fi\u015fier bibliografic<\/em>, IX, \u00een <strong>AP<\/strong>, X, 2014, 2, p. 449\u2013456.<\/li><li><em>La c\u00e9l\u00e9bration de la victoire en Moldavie \u00e0 1518<\/em>, \u00een \u201eClassica &amp; Christiana\u201d, 10, 2015 (<em>Atti del convegno \u201eIdeologia del potere \u2013 potere dell\u2019<\/em><em>ideologia: forme di espressione letteraria, storiografica e artistica nell\u2019Antichit\u00e0 e nel Medioevo<\/em><em>\u201d<\/em>), p. 329\u2013351.<\/li><li><em>Eseu despre copil\u0103rie \u00een Moldova veacului al XVII-lea<\/em>, \u00een <strong>SMIM<\/strong>, XXXIII, 2015, p. 379\u2013414.<\/li><li><em>Vechi \u015fi nou despre \u00eenrudirile \u015fi ctitoriile Stroice\u015ftilor<\/em>, \u00een volumul <em> Ctitori \u015fi restauratori<\/em>, carte tip\u0103rit\u0103 cu binecuv\u00e2ntarea \u00cenaltpreasfin\u0163itului Pimen, Arhiepiscop al Sucevei \u015fi R\u0103d\u0103u\u0163ilor, Sf\u00e2nta M\u0103n\u0103stire Dragomirna, 2015, p. 31\u201342.<\/li><li><em>Pe urmele vechilor odoare ale M\u0103n\u0103stirii Solca<\/em>, \u00een <strong>AP<\/strong>, XI, 2015, 1, p. 287\u2013320.<\/li><li><em>Fi\u015fier bibliografic<\/em>, X, \u00een <strong>AP<\/strong>, XI, 2015, 2, p. 181\u2013186.<\/li><li><em>Old Questions, Old Clich\u00e9s. New Approaches, New Results ? The Case of Moldavia<\/em> (\u00een colaborare cu \u015etefan S. Gorovei), \u00een volumul <em>The Ottoman Conquest of the Balkans. <\/em><em>Interpretations and Research Debates<\/em>, Edited by Oliver Jens Schmitt, Verlag der \u00d6sterreichischen Akademie der Wissenschaften, Viena, 2016, p. 209\u2013242.<\/li><li><em>Minciuni, am\u0103geli \u015fi g\u00e2lcevi sau despre antimodele de comunicare \u00een izvoarele rom\u00e2ne\u015fti premoderne<\/em>, \u00een volumul <em>Puterea cuv\u00e2ntului, a exemplului \u015fi a simbolului. Actele colocviului na\u0163ional din 29 octombrie 2015, Ia\u015fi<\/em>, volum \u00eengrijit de Maria Magdalena Sz\u00e9kely \u015fi Nelu Zugravu, Editura Universit\u0103\u0163ii \u201eAlexandru Ioan Cuza\u201d, Ia\u015fi, 2016, p. 41\u201358.<\/li><li><em>Culori, ve\u015fminte \u015fi interdic\u0163ii \u00een vremea lui Constantin vod\u0103 Br\u00e2ncoveanu<\/em>, \u00een volumul <em>Povestiri \u00eentret\u0103iate. Istoria \u00een cheie minor\u0103<\/em>, coordonator Ovidiu Cristea, Editura Cetatea de Scaun, T\u00e2rgovi\u015fte, 2016, p. 35\u201352.<\/li><li><em>Tehnici, practici \u015fi sensibilit\u0103\u0163i alimentare \u00een Moldova secolului al XVII-lea<\/em>, \u00een <strong>SMIM<\/strong>, XXXIV, 2016, p. 387\u2013444.<\/li><li><em>Ce se scria \u00een secolul al XVIII-lea \u00een \u0162\u0103rile Rom\u00e2ne ?<\/em>, \u00een <strong>RITL<\/strong>, X, 2016, 1\u20134, p. 117\u2013158.<\/li><li><em>O sanie, un pelerinaj \u015fi dou\u0103 broderii: ce se mai poate afla despre \u015etefan cel Mare<\/em>, \u00een <strong>AP<\/strong>, XII, 2016, 1, p. 257\u2013286.<\/li><li><em>Fi\u015fier bibliografic<\/em>, XI, \u00een <strong>AP<\/strong>, XII, 2016, 2, p. 155\u2013162.<\/li><li><em>\u00c9lites autochtones et allog\u00e8nes \u00e0 l\u2019aube de la principaut\u00e9 de Moldavie (XIV<sup>e<\/sup>\u2013XV<sup>e<\/sup> si\u00e8cles)<\/em>, \u00een volumul <em>\u00c9lites chr\u00e9tiennes et formes du pouvoir en M\u00e9diterran\u00e9e centrale et orientale (XIII<sup>e<\/sup>\u2013XV<sup>e<\/sup> si\u00e8cle)<\/em>, sous la direction de Marie-Anna Chevalier et Isabelle Ortega, Classiques Garnier, Paris, 2017, p. 177\u2013191 (\u00een colaborare cu \u015etefan S. Gorovei).<\/li><li><em>Schitul Dr\u0103gu\u015fanul, metoc al Sf\u00e2ntului Morm\u00e2nt. Alte m\u0103rturii documentare<\/em>, \u00een volumul <em>Rela\u0163iile rom\u00e2nilor cu Muntele Athos \u015fi cu alte Locuri Sfinte (secolele XIV\u2013XX). In honorem Florin Marinescu<\/em>, Editura Universit\u0103\u0163ii \u201eAlexandru Ioan Cuza\u201d, Ia\u015fi, 2017, p. 289\u2013310.<\/li><li><em>\u201eOsp\u00e9<\/em><em>\u0163e \u015fi bucurie mare au fostu\u201d. S\u0103rb\u0103torirea victoriei \u00een Moldova anului 1518<\/em>, \u00een volumul <em>La grani\u0163a dintre \u015ftiin\u0163e: istorie, mentalit\u0103\u0163i, imaginar. Omagiu Profesorilor Simona \u015fi Toader Nicoar\u0103 la v\u00e2rsta de 60 de ani<\/em>, coordonatori: Ovidiu Ghitta, Gheorghe Negustor, Argonaut\/Mega, Cluj-Napoca, 2017, p. 187\u2013206.<\/li><li><em>Ie\u015fitorile \u00een lumea rom\u00e2neasc\u0103 medieval\u0103 \u015fi premodern\u0103<\/em>, \u00een <strong>SMIM<\/strong>, XXXV, 2017, p. 293\u2013327.<\/li><li><em>Practica \u015fi cultura scrisului \u00een Moldova lui \u015etefan cel Mare<\/em>, \u00een <strong>AP<\/strong>, XIII, 2017, 1, p. 285\u2013303.<\/li><li><em>Forme de afirmare a preeminen\u0163ei sociale la marii boieri moldoveni (secolele al XV-lea \u2013 al XVI-lea)<\/em>, \u00een volumul <em>Elitele puterii \u2013 puterea elitelor \u00een spa\u0163iul rom\u00e2nesc (secolele XV\u2013XX)<\/em>, editori Cristian Ploscaru, Mihai-Bogdan Atanasiu, Editura Universit\u0103\u0163ii \u201eAlexandru Ioan Cuza\u201d, Ia\u015fi, 2018, p. 23\u201348.<\/li><li><em>Food and Culinary Practices in 17th-Century Moldavia: Tastes, Techniques, Choices<\/em>, \u00een volumul <em>Earthly Delights. Economies and Cultures of Food in Ottoman and Danubian Europe, c. 1500\u20131900<\/em>, Edited by Angela Jianu, Violeta Barbu, Brill, Leiden-Boston, 2018, p. 170\u2013216.<\/li><li><em>Moldova \u00een r\u0103zboi (secolele al XV-lea \u2013 al XVII-lea). Discurs politic \u015fi receptare public\u0103<\/em>, \u00een <strong>SMIM<\/strong>, XXXVI, 2018, p. 295\u2013316.<\/li><li><em>Un portret nea\u015fteptat \u00een biserica M\u0103n\u0103stirii Co\u015fula<\/em>, \u00een <strong>AP<\/strong>, XIV, 2018, 2, p. 297\u2013316.<\/li><li><em>Acte ctitorice\u015fti \u015fi gesturi de putere la Miron vod\u0103 Barnovschi<\/em>, \u00een <strong>AP<\/strong>, XIV, 2018, 2, p. 317\u2013332.<\/li><li><em>Istoria culorilor \u2013 intersec\u0163ii cromofile \u015fi cromofobe<\/em>, \u00een <strong>A\u015eUI<\/strong>, serie nou\u0103, <em>Istorie<\/em>, LXV, 2019, p. 13\u201316 (\u00een colaborare cu Cristina Bogdan).<\/li><li><em>Trecutul \u00een culori, culorile \u00een trecut<\/em>, \u00een <strong>A\u015eUI<\/strong>, serie nou\u0103, <em>Istorie<\/em>, LXV, 2019, p. 17\u201337.<\/li><li><em>Din nou despre cupele moldovene\u015fti de argint. Cu prilejul unei descoperiri<\/em>, \u00een <strong>SMIM<\/strong>, XXXVII, 2019, p. 19\u201339.<\/li><li><em>Oglinda puterii. Domnia lui \u015etefan cel Mare \u015fi Cronica moldo-german\u0103<\/em> (\u00een colaborare cu \u015etefan S. Gorovei), \u00een <strong>AP<\/strong>, XV, 2019, 1, p. 89\u2013102 (reluat \u00een volumul <em>Putere, diploma\u021bie \u0219i r\u0103zboi \u00een domnia lui \u0218tefan cel Mare (1457\u20131504). Un bilan\u021b istoriografic (2004\u20132024)<\/em>, sub \u00eengrijirea lui Ovidiu Cristea &amp; Liviu Pilat, I, Grup Editorial DAR Publishing, Bucure\u0219ti, 2024, p. 411\u2013424).<\/li><li><em>Violen\u0163a \u2013 instrument al puterii \u00een Moldova lui \u015etefan cel Mare<\/em>, \u00een <strong>AP<\/strong>, XV, 2019, 2, p. 21\u201336 (reluat \u00een volumul <em>Putere, diploma\u021bie \u0219i r\u0103zboi \u00een domnia lui \u0218tefan cel Mare (1457\u20131504). Un bilan\u021b istoriografic (2004\u20132024)<\/em>, sub \u00eengrijirea lui Ovidiu Cristea &amp; Liviu Pilat, I, Grup Editorial DAR Publishing, Bucure\u0219ti, 2024, p. 331\u2013347).<\/li><li><em>C\u00e2\u0163i ani ai ? Despre tr\u0103irea subiectiv\u0103 a trecerii timpului<\/em>, \u00een volumul <em>Istoria ca interoga\u0163ie. Mariei Cr\u0103ciun, la o aniversare<\/em>, coordonatori Carmen Florea, Greta-Monica Miron, Argonaut\/MEGA, Cluj-Napoca, 2020, p. 541\u2013566.<\/li><li><em>Contest\u0103ri ale puterii \u015fi forme ale violen\u0163ei \u00een \u0162\u0103rile Rom\u00e2ne (secolele al XVI-lea \u015fi al XVII-lea)<\/em>, \u00een <strong>SMIM<\/strong>, XXXVIII, 2020, p. 181\u2013202.<\/li><li><em>Fi\u015fier bibliografic<\/em>, XII, \u00een <strong>AP<\/strong>, XVI, 2020, 2, p. 207\u2013210.<\/li><li><em>Cuv\u00e2nt \u00eenainte<\/em>, \u00een <em>Scris, scriitur\u0103, text \u00een \u0162\u0103rile Rom\u00e2ne (secolele XV\u2013XVIII)<\/em>, volum \u00eengrijit de Monica Dejan, cu un cuv\u00e2nt \u00eenainte de Maria Magdalena Sz\u00e9kely, Editura Karl A. Romstorfer, Suceava, 2020, p. 7\u201312.<\/li><li><em>Tradi\u0163ie \u015fi memorie \u00een <strong>O sam\u0103 de cuvinte<\/strong> de Ion Neculce<\/em>, \u00een <em>Scris, scriitur\u0103, text \u00een \u0162\u0103rile Rom\u00e2ne (secolele XV\u2013XVIII)<\/em>, volum \u00eengrijit de Monica Dejan, cu un cuv\u00e2nt \u00eenainte de Maria Magdalena Sz\u00e9kely, Editura Karl A. Romstorfer, Suceava, 2020, p. 237\u2013257.<\/li><li><em>Ion Neculce\u2019s <strong>O sam\u0103 de cuvinte<\/strong> (<strong>Sundry Tales<\/strong>) \u2013 Site of Memory<\/em>, \u00een <strong>A\u015eUI<\/strong>, serie nou\u0103, <em>Istorie<\/em>, LXVI, 2020, p. 151\u2013165.<\/li><li><em>Alexandru Movil\u0103 <strong>inter alii<\/strong>. Avatarurile unui portret<\/em>, \u00een volumul <em>Elita rom\u00e2neasc\u0103 \u015fi itinerariile modernit\u0103\u0163ii. Omagiu Profesorului Mihai Cojocariu<\/em>, coordonator Cristian Ploscaru, Editura Universit\u0103\u0163ii \u201eAlexandru Ioan Cuza\u201d, Ia\u015fi, 2021, p. 41\u201354.<\/li><li><em>Daruri, m\u0103rfuri \u015fi obiecte de prestigiu la curtea Moldovei \u00een secolul al XVI-lea<\/em>, \u00een <strong>A\u015eUI<\/strong>, serie nou\u0103, <em>Istorie<\/em>, LXVII, 2021, p. 33\u201358.<\/li><li><em>\u00cen c\u0103utarea \u201edin\u0163ilor de pe\u015fte\u201d<\/em>, \u00een <strong>SMIM<\/strong>, XXXIX, 2021, p. 273\u2013288.<\/li><li><em>\u00cenrudire, memorie \u015fi statut social \u00een Moldova medieval\u0103 \u015fi premodern\u0103<\/em>, \u00een volumul <em>Elitele \u015fi mecanismele puterii \u00een spa\u0163iul rom\u00e2nesc (secolele XV\u2013XX)<\/em>, coordonator Sorin Liviu Damean, Editura Universitaria \u2013 Editura Presa Universitar\u0103 Clujean\u0103, Craiova \u2013 Cluj-Napoca, 2021, p. 29\u201356.<\/li><li><em>Semnifica\u0163ia unor danii moldovene\u015fti la Locurile Sfinte<\/em>, \u00een <em>Rom\u00e2nii \u015fi Cre\u015ftin\u0103tatea R\u0103s\u0103ritean\u0103 (sec. XIV\u2013XX)<\/em>, volum editat de Petronel Zahariuc, Editura Doxologia, Ia\u015fi, 2021, p. 177\u2013189.<\/li><li><em>Necropolele domne\u015fti din Moldova \u2013 locuri de memorie<\/em>, \u00een volumul <em>Istoria ca pasiune. Studii oferite profesorului Alexandru-Florin Platon la \u00eemplinirea a 65 de ani<\/em>, editori Petronel Zahariuc, Lauren\u0163iu R\u0103dvan, Liviu Pilat, Editura Universit\u0103\u0163ii \u201eAlexandru Ioan Cuza\u201d, Ia\u015fi, 2022, 189\u2013204.<\/li><li><em>\u201eCasa Ieremiei vod\u0103\u201d \u015fi moa\u015ftele Sf\u00e2ntului Ioan Botez\u0103torul<\/em>, \u00een volumul <em>C\u0103t\u0103lina Velculescu. O via\u0163\u0103 dedicat\u0103 cercet\u0103rii manuscriselor<\/em>, Editura Eikon \u2013 Editura \u015ecoala Ardelean\u0103, Cluj-Napoca, 2022, p. 489\u2013503.<\/li><li><em>Boieri moldoveni la \u00eenceputurile vie\u0163ii de stat<\/em>, \u00een volumul <em>Evul Mediu neterminat. Omagiu adus profesorului Adrian Andrei Rusu cu ocazia \u00eemplinirii v\u00e2rstei de 70 de ani<\/em>, editori: Gianina-Diana Iegar, P\u00e9ter Levente Sz\u0151cs, Gabriela Rusu, Florela Vasilescu, Editura Mega, Cluj-Napoca, 2022, p. 77\u201393.<\/li><li><em>A fi un domn bun \u00een \u0162\u0103rile Rom\u00e2ne<\/em>, \u00een <strong>SMIM<\/strong>, XL, 2022, p. 39\u201365.<\/li><li><em>Din nou despre campania lui Bogdan al III-lea \u00een Polonia (1509)<\/em>, \u00een <strong>AP<\/strong>, XVIII, 2022, 1, p. 263\u2013272.<\/li><li><em>Din nou despre \u00eensemnele doamnei Maria Asanina Paleologhina. O abordare istoriografic\u0103 (I)<\/em>, \u00een <strong>AP<\/strong>, XVIII, 2022, 2, p. 49\u201364.<\/li><li><em>A fost sau n-a fost ? Cometa Halley \u015fi lupta de la Obertyn<\/em>, \u00een <strong>AP<\/strong>, XVIII, 2022, 2, p. 225\u2013240.<\/li><li><em>Pens\u00e9e politique en la Moldavie du XVII<sup>e<\/sup> si\u00e8cle<\/em>, \u00een volumul <em>Power, Aristocracies and Propaganda: Forms of Legitimizing and Challenging Rulership in France and Moldavia (16<sup>th<\/sup>\u201317<sup>th<\/sup> Centuries)<\/em>, Andrei Constantin S\u0103l\u0103v\u0103stru, Ioan-Augustin Guri\u0163\u0103, Sorin Grigoru\u0163\u0103 (Eds.), Hartung-Gorre Verlag, Konstanz, 2023, p. 197\u2013220.<\/li><li><em>Princely Necropoles of Moldavia (Fifteenth\u2013Sixteenth Centuries)<\/em>, \u00een volumul <strong><em>Pro Refrigerio Animae<\/em><\/strong><em>: Death and Memory in East-Central Europe. Fourteenth\u2013Nineteenth Centuries<\/em>, Edited by Angela Jianu and Gheorghe Laz\u0103r, Routledge, Londra \u2013 New York, 2023, p. 306\u2013316.<\/li><li><em>Cuv\u00e2nt \u00eenainte<\/em>, \u00een <em>Familii, re\u0219edin\u021be \u0219i ctitorii boiere\u0219ti din Moldova \u0219i \u021aara Rom\u00e2neasc\u0103 (secolele XV\u2013XVII)<\/em>, volum \u00eengrijit de Monica Dejan, cu un cuv\u00e2nt \u00eenainte de Maria Magdalena Sz\u00e9kely, Editura Karl A. Romstorfer, Suceava, 2023, p. 7\u201312.<\/li><li><em>\u201eUnde a fost casa\u201d \u0219i \u201eunde a fost curtea\u201d: \u00een\u021belesurile unor formule din documente<\/em>, \u00een <em>Familii, re\u0219edin\u021be \u0219i ctitorii boiere\u0219ti din Moldova \u0219i \u021aara Rom\u00e2neasc\u0103 (secolele XV\u2013XVII)<\/em>, volum \u00eengrijit de Monica Dejan, cu un cuv\u00e2nt \u00eenainte de Maria Magdalena Sz\u00e9kely, Editura Karl A. Romstorfer, Suceava, 2023, p. 28\u201343.<\/li><li><em>De la Anastasie Crimca la Matei Basarab. Manifest\u0103ri ale sentimentelor antigrece\u0219ti \u00een \u021a\u0103rile Rom\u00e2ne<\/em>, \u00een <strong>SMIM<\/strong>, XLI, 2023, p. 19\u201332.<\/li><li><em>1641 \u2013 un an din domnia lui Vasile Lupu<\/em>, \u00een volumul <em>Miscellanea mediaevalia. Studia in honorem Voica Maria Pu\u0219ca\u0219u<\/em>, ediderunt Elena Gherman, C\u0103t\u0103lin Hriban, Adriana Miron et Senica \u021aurcanu, Editura Palatul Culturii, Ia\u0219i, 2023, p. 203\u2013220.<\/li><li><em>Cuv\u00e2nt \u00eenainte<\/em>, \u00een <em>Lucrurile \u0219i cuvintele. Obiecte ale cotidianului \u00een \u021a\u0103rile Rom\u00e2ne<\/em>, volum \u00eengrijit de Monica Dejan, cu un cuv\u00e2nt \u00eenainte de Maria Magdalena Sz\u00e9kely, Editura Karl A. Romstorfer, Suceava, 2024, p. 7\u201312.<\/li><li><em>Omisiuni, falsific\u0103ri \u015fi mistific\u0103ri \u00een izvoarele noastre medievale<\/em>, \u00een volumul <em>Zamfirei Mihail. Omagiu<\/em>, volum \u00eengrijit de Lia Brad Chisacof, Simona Nicolae, C\u0103t\u0103lina V\u0103t\u0103\u0219escu, Editurile Scriptor &amp; Mega, Cluj-Napoca, 2024, p. 821\u2013838.<\/li><\/ol><\/div>\n\t\t\t\t\t<\/div><div class=\"eael-accordion-list\">\n\t\t\t\t\t<div id=\"recenzii\" class=\"elementor-tab-title eael-accordion-header\" tabindex=\"0\" data-tab=\"3\" aria-controls=\"elementor-tab-content-1073\"><span class=\"eael-advanced-accordion-icon-closed\"><svg aria-hidden=\"true\" class=\"fa-accordion-icon e-font-icon-svg e-fas-plus\" viewBox=\"0 0 448 512\" xmlns=\"http:\/\/www.w3.org\/2000\/svg\"><path d=\"M416 208H272V64c0-17.67-14.33-32-32-32h-32c-17.67 0-32 14.33-32 32v144H32c-17.67 0-32 14.33-32 32v32c0 17.67 14.33 32 32 32h144v144c0 17.67 14.33 32 32 32h32c17.67 0 32-14.33 32-32V304h144c17.67 0 32-14.33 32-32v-32c0-17.67-14.33-32-32-32z\"><\/path><\/svg><\/span><span class=\"eael-advanced-accordion-icon-opened\"><svg aria-hidden=\"true\" class=\"fa-accordion-icon e-font-icon-svg e-fas-minus\" viewBox=\"0 0 448 512\" xmlns=\"http:\/\/www.w3.org\/2000\/svg\"><path d=\"M416 208H32c-17.67 0-32 14.33-32 32v32c0 17.67 14.33 32 32 32h384c17.67 0 32-14.33 32-32v-32c0-17.67-14.33-32-32-32z\"><\/path><\/svg><\/span><span class=\"eael-accordion-tab-title\">Recenzii<\/span><\/div><div id=\"elementor-tab-content-1073\" class=\"eael-accordion-content clearfix\" data-tab=\"3\" aria-labelledby=\"recenzii\"><ol><li>Constantin \u015eerban, <em>Vasile Lupu, domn al Moldovei (1634\u20131653)<\/em>, Editura Academiei Rom\u00e2ne, Bucure\u015fti, 1991, 231 p., \u00een <strong>AIIX<\/strong>, XXXII, 1995, p. 558\u2013563.<\/li><li>Bogdan-Petru Maleon, <em>Preo\u0163ii de mir \u00een Evul Mediu rom\u00e2nesc. Note preliminare<\/em>, \u00een <strong>A\u015eUI<\/strong>, serie nou\u0103, Istorie, XLII\u2013XLIII, 1996\u20131997 [Ia\u015fi, 2000], p. 5\u201312, \u00een <strong>SMIM<\/strong>, XX, 2002, p. 380\u2013382.<\/li><li>\u015earolta Solcan, <em>Familia \u00een secolul al XVII-lea \u00een \u0162\u0103rile Rom\u00e2ne<\/em>, Editura Universit\u0103\u0163ii din Bucure\u015fti, 1999, 252 p., \u00een <strong>SMIM<\/strong>, XVIII, 2000, p. 281\u2013286.<\/li><li>Iolanda \u0162ighiliu, <em>Societate \u015fi mentalitate \u00een \u0162ara Rom\u00e2neasc\u0103 \u015fi Moldova. Secolele XV\u2013XVII<\/em>, Editura Paideia, Bucure\u015fti, 1998, 372 p., \u00een <strong>SMIM<\/strong>, XVIII, 2000, p. 286\u2013292.<\/li><li>Lucian Constantin Palade, <em>Rela\u0163iile Moldovei cu \u0162ara Rom\u00e2neasc\u0103 \u00een veacul al XVI-lea<\/em>, Editura Ars Docendi, Bucure\u015fti, 2014, 253 p., \u00een <strong>SMIM<\/strong>, XXXIV, 2016, p. 467\u2013482 (\u00een colaborare cu \u015etefan S. Gorovei).<\/li><li>Mariana Goina, <em>The Use of Pragmatic Documents in Medieval<\/em> <em>Wallachia and Moldavia (Fourteenth to Sixteenth Centuries)<\/em>, Brepols, Turnhout, 2020, 329 p. (\u201eUtrecht Studies in Medieval Literacy\u201d, 47), \u00een <strong>SMIM<\/strong>, XXXIX, 2021, p. 386\u2013389.<\/li><\/ol><\/div>\n\t\t\t\t\t<\/div><div class=\"eael-accordion-list\">\n\t\t\t\t\t<div id=\"volume-ngrijite\" class=\"elementor-tab-title eael-accordion-header\" tabindex=\"0\" data-tab=\"4\" aria-controls=\"elementor-tab-content-1074\"><span class=\"eael-advanced-accordion-icon-closed\"><svg aria-hidden=\"true\" class=\"fa-accordion-icon e-font-icon-svg e-fas-plus\" viewBox=\"0 0 448 512\" xmlns=\"http:\/\/www.w3.org\/2000\/svg\"><path d=\"M416 208H272V64c0-17.67-14.33-32-32-32h-32c-17.67 0-32 14.33-32 32v144H32c-17.67 0-32 14.33-32 32v32c0 17.67 14.33 32 32 32h144v144c0 17.67 14.33 32 32 32h32c17.67 0 32-14.33 32-32V304h144c17.67 0 32-14.33 32-32v-32c0-17.67-14.33-32-32-32z\"><\/path><\/svg><\/span><span class=\"eael-advanced-accordion-icon-opened\"><svg aria-hidden=\"true\" class=\"fa-accordion-icon e-font-icon-svg e-fas-minus\" viewBox=\"0 0 448 512\" xmlns=\"http:\/\/www.w3.org\/2000\/svg\"><path d=\"M416 208H32c-17.67 0-32 14.33-32 32v32c0 17.67 14.33 32 32 32h384c17.67 0 32-14.33 32-32v-32c0-17.67-14.33-32-32-32z\"><\/path><\/svg><\/span><span class=\"eael-accordion-tab-title\">Volume \u00eengrijite<\/span><\/div><div id=\"elementor-tab-content-1074\" class=\"eael-accordion-content clearfix\" data-tab=\"4\" aria-labelledby=\"volume-ngrijite\"><ol><li><em>Lumea animalelor. Realit\u0103\u0163i, reprezent\u0103ri simboluri<\/em>, Editura Universit\u0103\u0163ii \u201eAlexandru Ioan Cuza\u201d, Ia\u015fi, 2012, 532 p.<\/li><\/ol><\/div>\n\t\t\t\t\t<\/div><div class=\"eael-accordion-list\">\n\t\t\t\t\t<div id=\"volume-ngrijite-n-colaborare\" class=\"elementor-tab-title eael-accordion-header\" tabindex=\"0\" data-tab=\"5\" aria-controls=\"elementor-tab-content-1075\"><span class=\"eael-advanced-accordion-icon-closed\"><svg aria-hidden=\"true\" class=\"fa-accordion-icon e-font-icon-svg e-fas-plus\" viewBox=\"0 0 448 512\" xmlns=\"http:\/\/www.w3.org\/2000\/svg\"><path d=\"M416 208H272V64c0-17.67-14.33-32-32-32h-32c-17.67 0-32 14.33-32 32v144H32c-17.67 0-32 14.33-32 32v32c0 17.67 14.33 32 32 32h144v144c0 17.67 14.33 32 32 32h32c17.67 0 32-14.33 32-32V304h144c17.67 0 32-14.33 32-32v-32c0-17.67-14.33-32-32-32z\"><\/path><\/svg><\/span><span class=\"eael-advanced-accordion-icon-opened\"><svg aria-hidden=\"true\" class=\"fa-accordion-icon e-font-icon-svg e-fas-minus\" viewBox=\"0 0 448 512\" xmlns=\"http:\/\/www.w3.org\/2000\/svg\"><path d=\"M416 208H32c-17.67 0-32 14.33-32 32v32c0 17.67 14.33 32 32 32h384c17.67 0 32-14.33 32-32v-32c0-17.67-14.33-32-32-32z\"><\/path><\/svg><\/span><span class=\"eael-accordion-tab-title\">Volume \u00eengrijite (\u00een colaborare)<\/span><\/div><div id=\"elementor-tab-content-1075\" class=\"eael-accordion-content clearfix\" data-tab=\"5\" aria-labelledby=\"volume-ngrijite-n-colaborare\"><ol><li><em>In honorem Ioan Capro\u015fu. Studii de istorie<\/em>, volum \u00eengrijit de Lucian Leu\u015ftean, Maria Magdalena Sz\u00e9kely, Mihai-R\u0103zvan Ungureanu, Petronel Zahariuc, Editura Polirom, Ia\u015fi, 2002, 535 p.<\/li><li><em>\u015etefan cel Mare \u015fi Sf\u00e2nt. Portret \u00een istorie<\/em>, carte tip\u0103rit\u0103 cu binecuv\u00e2ntarea \u00cenalt Prea Sfin\u0163itului Pimen, Arhiepiscop al Sucevei \u015fi R\u0103d\u0103u\u0163ilor, Sf\u00e2nta M\u0103n\u0103stire Putna, 2003, 617 p.<\/li><li><em>\u015etefan cel Mare \u015fi Sf\u00e2nt. Portret \u00een cronic\u0103<\/em>, carte tip\u0103rit\u0103 cu binecuv\u00e2ntarea \u00cenalt Prea Sfin\u0163itului Pimen, Arhiepiscop al Sucevei \u015fi R\u0103d\u0103u\u0163ilor, Sf\u00e2nta M\u0103n\u0103stire Putna, 2004, 375 p.<\/li><li><em>\u015etefan cel Mare \u015fi Sf\u00e2nt. Atlet al credin\u0163ei cre\u015ftine<\/em>, carte tip\u0103rit\u0103 cu binecuv\u00e2ntarea \u00cenalt Prea Sfin\u0163itului Pimen, Arhiepiscop al Sucevei \u015fi R\u0103d\u0103u\u0163ilor, Sf\u00e2nta M\u0103n\u0103stire Putna, 2004, 514 p.<\/li><li><em>Movile\u015ftii. Istorie \u015fi spiritualitate rom\u00e2neasc\u0103<\/em>, I, <em>\u201eCasa noastr\u0103 Movileasc\u0103\u201d<\/em>, carte tip\u0103rit\u0103 cu binecuv\u00e2ntarea \u00cenalt Prea Sfin\u0163itului Pimen, Arhiepiscop al Sucevei \u015fi R\u0103d\u0103u\u0163ilor, Sf\u00e2nta M\u0103n\u0103stire Sucevi\u0163a, 2006, 330 p.<\/li><li><em>Movile\u015ftii. Istorie \u015fi spiritualitate rom\u00e2neasc\u0103<\/em>, II, <em>Ieremia Movil\u0103. Domnul. Familia. Epoca<\/em>, carte tip\u0103rit\u0103 cu binecuv\u00e2ntarea \u00cenalt Prea Sfin\u0163itului Pimen, Arhiepiscop al Sucevei \u015fi R\u0103d\u0103u\u0163ilor, Sf\u00e2nta M\u0103n\u0103stire Sucevi\u0163a, 2006, 370 p.<\/li><li>Iorga, <em>Pomenirea lui \u015etefan cel Mare<\/em>, carte tip\u0103rit\u0103 cu binecuv\u00e2ntarea \u00cenalt Prea Sfin\u0163itului Pimen, Arhiepiscop al Sucevei \u015fi R\u0103d\u0103u\u0163ilor, Sf\u00e2nta M\u0103n\u0103stire Putna, 2007, 102 p.<\/li><li><em>Cuvinte despre \u015etefan cel Mare<\/em>, I (Ierodiaconul Gherasim Putneanul, A. D. Xenopol, Dimitre Onciul), carte tip\u0103rit\u0103 cu binecuv\u00e2ntarea \u00cenalt Prea Sfin\u0163itului Pimen, Arhiepiscop al Sucevei \u015fi R\u0103d\u0103u\u0163ilor, Sf\u00e2nta M\u0103n\u0103stire Putna, 2007, 106 p.<\/li><li><em>Cuvinte despre \u015etefan cel Mare<\/em>, II (Mircea Eliade, Emil Turdeanu, Faust Br\u0103descu), carte tip\u0103rit\u0103 cu binecuv\u00e2ntarea \u00cenalt Prea Sfin\u0163itului Pimen, Arhiepiscop al Sucevei \u015fi R\u0103d\u0103u\u0163ilor, Sf\u00e2nta M\u0103n\u0103stire Putna, 2007, 176 p.<\/li><li><em>Pomenirea lui \u015etefan cel Mare<\/em>, II, carte tip\u0103rit\u0103 cu binecuv\u00e2ntarea \u00cenalt Prea Sfin\u0163itului Pimen, Arhiepiscop al Sucevei \u015fi R\u0103d\u0103u\u0163ilor, Sf\u00e2nta M\u0103n\u0103stire Putna, 2009, 130 p.<\/li><li><em>Dragomirna \u015fi ctitorii ei<\/em>, Actele colocviului din 20\u201323 iulie 2009, carte tip\u0103rit\u0103 cu binecuv\u00e2ntarea \u00cenaltpreasfin\u0163itului Pimen, Arhiepiscop al Sucevei \u015fi R\u0103d\u0103u\u0163ilor, Sf\u00e2nta M\u0103n\u0103stire Dragomirna, 2014, 466 p.<\/li><li><em> Istorie, tezaur ctitori<\/em>, I\u2013II, carte tip\u0103rit\u0103 cu binecuv\u00e2ntarea \u00cenaltpreasfin\u0163itului Pimen, Arhiepiscop al Sucevei \u015fi R\u0103d\u0103u\u0163ilor, Sf\u00e2nta M\u0103n\u0103stire Dragomirna, 2014, 412 + 352 p.<\/li><li><em> Ctitori \u015fi restauratori<\/em>, carte tip\u0103rit\u0103 cu binecuv\u00e2ntarea \u00cenaltpreasfin\u0163itului Pimen, Arhiepiscop al Sucevei \u015fi R\u0103d\u0103u\u0163ilor, Sf\u00e2nta M\u0103n\u0103stire Dragomirna, 2015, 224 p.<\/li><li><em>Puterea cuv\u00e2ntului, a exemplului \u015fi a simbolului. Actele colocviului na\u0163ional din 29 octombrie 2015, Ia\u015fi<\/em>, volum \u00eengrijit de Maria Magdalena Sz\u00e9kely \u015fi Nelu Zugravu, Editura Universit\u0103\u0163ii \u201eAlexandru Ioan Cuza\u201d, Ia\u015fi, 2016, 280 p.<\/li><li><em>Scris, scriitur\u0103, text \u00een \u0162\u0103rile Rom\u00e2ne (secolele XV\u2013XVIII)<\/em>, volum \u00eengrijit de Monica Dejan, cu un cuv\u00e2nt \u00eenainte de Maria Magdalena Sz\u00e9kely, Editura Karl A. Romstorfer, Suceava, 2020, 288 p.<\/li><li><em>Familii, re\u0219edin\u021be \u0219i ctitorii boiere\u0219ti din Moldova \u0219i \u021aara Rom\u00e2neasc\u0103 (secolele XV\u2013XVII)<\/em>, volum \u00eengrijit de Monica Dejan, cu un cuv\u00e2nt \u00eenainte de Maria Magdalena Sz\u00e9kely, Editura Karl A. Romstorfer, Suceava, 2023, 326 p.<\/li><li><em>Lucrurile \u0219i cuvintele. Obiecte ale cotidianului \u00een \u021a\u0103rile Rom\u00e2ne<\/em>, volum \u00eengrijit de Monica Dejan, cu un cuv\u00e2nt \u00eenainte de Maria Magdalena Sz\u00e9kely, Editura Karl A. Romstorfer, Suceava, 2024, 274 p.<\/li><\/ol><\/div>\n\t\t\t\t\t<\/div><div class=\"eael-accordion-list\">\n\t\t\t\t\t<div id=\"ediii-n-colaborare\" class=\"elementor-tab-title eael-accordion-header\" tabindex=\"0\" data-tab=\"6\" aria-controls=\"elementor-tab-content-1076\"><span class=\"eael-advanced-accordion-icon-closed\"><svg aria-hidden=\"true\" class=\"fa-accordion-icon e-font-icon-svg e-fas-plus\" viewBox=\"0 0 448 512\" xmlns=\"http:\/\/www.w3.org\/2000\/svg\"><path d=\"M416 208H272V64c0-17.67-14.33-32-32-32h-32c-17.67 0-32 14.33-32 32v144H32c-17.67 0-32 14.33-32 32v32c0 17.67 14.33 32 32 32h144v144c0 17.67 14.33 32 32 32h32c17.67 0 32-14.33 32-32V304h144c17.67 0 32-14.33 32-32v-32c0-17.67-14.33-32-32-32z\"><\/path><\/svg><\/span><span class=\"eael-advanced-accordion-icon-opened\"><svg aria-hidden=\"true\" class=\"fa-accordion-icon e-font-icon-svg e-fas-minus\" viewBox=\"0 0 448 512\" xmlns=\"http:\/\/www.w3.org\/2000\/svg\"><path d=\"M416 208H32c-17.67 0-32 14.33-32 32v32c0 17.67 14.33 32 32 32h384c17.67 0 32-14.33 32-32v-32c0-17.67-14.33-32-32-32z\"><\/path><\/svg><\/span><span class=\"eael-accordion-tab-title\">Edi\u0163ii (\u00een colaborare)<\/span><\/div><div id=\"elementor-tab-content-1076\" class=\"eael-accordion-content clearfix\" data-tab=\"6\" aria-labelledby=\"ediii-n-colaborare\"><ol><li>P. Panaitescu, <em>Interpret\u0103ri rom\u00e2ne\u015fti<\/em>, edi\u0163ie \u00eengrijit\u0103, postfa\u0163\u0103, note \u015fi comentarii de \u015etefan S. Gorovei \u015fi Maria Magdalena Sz\u00e9kely, Editura Enciclopedic\u0103, Bucure\u015fti, 1994, 260 p.<\/li><li>P. Panaitescu, <em>Petru Movil\u0103. Studii<\/em>, edi\u0163ie \u00eengrijit\u0103, postfa\u0163\u0103, note \u015fi comentarii de \u015etefan S. Gorovei \u015fi Maria Magdalena Sz\u00e9kely, Editura Enciclopedic\u0103, Bucure\u015fti, 1996, 154 p.<\/li><li>Emil Turdeanu, <em>Oameni \u015fi c\u0103r\u0163i de alt\u0103dat\u0103<\/em>, I, edi\u0163ie \u00eengrijit\u0103 de \u015etefan S. Gorovei \u015fi Maria Magdalena Sz\u00e9kely, note complementare, traduceri \u015fi postfa\u0163\u0103 de \u015etefan S. Gorovei, Editura Enciclopedic\u0103, Bucure\u015fti, 1997, 400 p.<\/li><li>Alexandru I. Gon\u0163a, <em>Studii de istorie medieval\u0103<\/em>, texte selectate \u015fi preg\u0103tite pentru tipar de Maria Magdalena Sz\u00e9kely \u015fi \u015etefan S. Gorovei; cu un cuv\u00e2nt \u00eenainte de Ioan Capro\u015fu, Editura Dosoftei, Ia\u015fi, 1998, 404 p.<\/li><li>Dumitru Nastase, <em>Prinosul rom\u00e2nesc adus Sf\u00e2ntului Munte \u015fi valoarea lui simbolic\u0103<\/em>, carte tip\u0103rit\u0103 cu binecuv\u00e2ntarea \u00cenaltpreasfin\u0163itului Pimen, Arhiepiscop al Sucevei \u015fi R\u0103d\u0103u\u0163ilor, Sf\u00e2nta M\u0103n\u0103stire Putna, 2017, 142 p.<\/li><\/ol><\/div>\n\t\t\t\t\t<\/div><div class=\"eael-accordion-list\">\n\t\t\t\t\t<div id=\"traduceri\" class=\"elementor-tab-title eael-accordion-header\" tabindex=\"0\" data-tab=\"7\" aria-controls=\"elementor-tab-content-1077\"><span class=\"eael-advanced-accordion-icon-closed\"><svg aria-hidden=\"true\" class=\"fa-accordion-icon e-font-icon-svg e-fas-plus\" viewBox=\"0 0 448 512\" xmlns=\"http:\/\/www.w3.org\/2000\/svg\"><path d=\"M416 208H272V64c0-17.67-14.33-32-32-32h-32c-17.67 0-32 14.33-32 32v144H32c-17.67 0-32 14.33-32 32v32c0 17.67 14.33 32 32 32h144v144c0 17.67 14.33 32 32 32h32c17.67 0 32-14.33 32-32V304h144c17.67 0 32-14.33 32-32v-32c0-17.67-14.33-32-32-32z\"><\/path><\/svg><\/span><span class=\"eael-advanced-accordion-icon-opened\"><svg aria-hidden=\"true\" class=\"fa-accordion-icon e-font-icon-svg e-fas-minus\" viewBox=\"0 0 448 512\" xmlns=\"http:\/\/www.w3.org\/2000\/svg\"><path d=\"M416 208H32c-17.67 0-32 14.33-32 32v32c0 17.67 14.33 32 32 32h384c17.67 0 32-14.33 32-32v-32c0-17.67-14.33-32-32-32z\"><\/path><\/svg><\/span><span class=\"eael-accordion-tab-title\">Traduceri<\/span><\/div><div id=\"elementor-tab-content-1077\" class=\"eael-accordion-content clearfix\" data-tab=\"7\" aria-labelledby=\"traduceri\"><ol><li>Donald M. Nicol, <em>\u00cemp\u0103ratul f\u0103r\u0103 de moarte. Via\u0163a \u015fi legenda lui Constantin Paleologul, ultimul \u00eemp\u0103rat al romanilor<\/em>, traducere, note \u015fi comentarii de Maria Magdalena Sz\u00e9kely \u015fi \u015etefan S. Gorovei, Editura Polirom, Ia\u015fi, 2003, 166 p.<\/li><\/ol><\/div>\n\t\t\t\t\t<\/div><div class=\"eael-accordion-list\">\n\t\t\t\t\t<div id=\"proiecte-de-cercetare\" class=\"elementor-tab-title eael-accordion-header\" tabindex=\"0\" data-tab=\"8\" aria-controls=\"elementor-tab-content-1078\"><span class=\"eael-advanced-accordion-icon-closed\"><svg aria-hidden=\"true\" class=\"fa-accordion-icon e-font-icon-svg e-fas-plus\" viewBox=\"0 0 448 512\" xmlns=\"http:\/\/www.w3.org\/2000\/svg\"><path d=\"M416 208H272V64c0-17.67-14.33-32-32-32h-32c-17.67 0-32 14.33-32 32v144H32c-17.67 0-32 14.33-32 32v32c0 17.67 14.33 32 32 32h144v144c0 17.67 14.33 32 32 32h32c17.67 0 32-14.33 32-32V304h144c17.67 0 32-14.33 32-32v-32c0-17.67-14.33-32-32-32z\"><\/path><\/svg><\/span><span class=\"eael-advanced-accordion-icon-opened\"><svg aria-hidden=\"true\" class=\"fa-accordion-icon e-font-icon-svg e-fas-minus\" viewBox=\"0 0 448 512\" xmlns=\"http:\/\/www.w3.org\/2000\/svg\"><path d=\"M416 208H32c-17.67 0-32 14.33-32 32v32c0 17.67 14.33 32 32 32h384c17.67 0 32-14.33 32-32v-32c0-17.67-14.33-32-32-32z\"><\/path><\/svg><\/span><span class=\"eael-accordion-tab-title\">Proiecte de cercetare<\/span><\/div><div id=\"elementor-tab-content-1078\" class=\"eael-accordion-content clearfix\" data-tab=\"8\" aria-labelledby=\"proiecte-de-cercetare\"><p><a href=\"https:\/\/institutulxenopol.ro\/wp-content\/uploads\/2025\/10\/Lista-proiecte-Szekely.pdf\">Lista proiecte Szekely<\/a><\/p><\/div>\n\t\t\t\t\t<\/div><\/div>\t\t\t\t<\/div>\n\t\t\t\t\t<\/div>\n\t\t\t\t<\/div>\n\t\t\t\t<\/div>\n\t\t                    <\/div>\n\t\t        \n                    <div id=\"curriculum-vitae-tab\" class=\"clearfix eael-tab-content-item inactive\" data-title-link=\"curriculum-vitae-tab\">\n\t\t\t\t        <p><a href=\"https:\/\/institutulxenopol.ro\/wp-content\/uploads\/2025\/10\/CV-Szekely.pdf\">CV Szekely<\/a><\/p>                    <\/div>\n\t\t                    <\/div>\n        <\/div>\n\t\t\t\t<\/div>\n\t\t\t\t\t<\/div>\n\t\t\t\t<\/div>\n\t\t\t\t<\/div>\n\t\t","protected":false},"excerpt":{"rendered":"<p>Cercet\u0103tor \u015etiin\u0163ific II dr. Maria-Magdalena Gorovei Colectivul de Istorie medieval\u0103 magdaszekely@yahoo.fr Academia.EDU &#8211; Maria Magdalena Szekely Prezentare Publica\u021bii Curriculum vitae Absolvent\u0103 a Facult\u0103\u0163ii de Istorie a Universit\u0103\u0163ii \u201eAlexandru Ioan Cuza\u201d din Ia\u015fi (1993). Doctor \u00een istorie (1999). Direc\u021bii \u0219i domenii de cercetare: antropologie cultural\u0103, istoria vie\u0163ii cotidiene, istoria culturii, editarea de izvoare, istoria puterii, genealogie, [&hellip;]<\/p>\n","protected":false},"author":1,"featured_media":0,"parent":0,"menu_order":0,"comment_status":"closed","ping_status":"closed","template":"","meta":{"site-sidebar-layout":"no-sidebar","site-content-layout":"page-builder","ast-site-content-layout":"full-width-container","site-content-style":"default","site-sidebar-style":"default","ast-global-header-display":"","ast-banner-title-visibility":"","ast-main-header-display":"","ast-hfb-above-header-display":"","ast-hfb-below-header-display":"","ast-hfb-mobile-header-display":"","site-post-title":"","ast-breadcrumbs-content":"","ast-featured-img":"disabled","footer-sml-layout":"","ast-disable-related-posts":"","theme-transparent-header-meta":"","adv-header-id-meta":"","stick-header-meta":"","header-above-stick-meta":"","header-main-stick-meta":"","header-below-stick-meta":"","astra-migrate-meta-layouts":"set","ast-page-background-enabled":"default","ast-page-background-meta":{"desktop":{"background-color":"","background-image":"","background-repeat":"repeat","background-position":"center center","background-size":"auto","background-attachment":"scroll","background-type":"","background-media":"","overlay-type":"","overlay-color":"","overlay-opacity":"","overlay-gradient":""},"tablet":{"background-color":"","background-image":"","background-repeat":"repeat","background-position":"center center","background-size":"auto","background-attachment":"scroll","background-type":"","background-media":"","overlay-type":"","overlay-color":"","overlay-opacity":"","overlay-gradient":""},"mobile":{"background-color":"","background-image":"","background-repeat":"repeat","background-position":"center center","background-size":"auto","background-attachment":"scroll","background-type":"","background-media":"","overlay-type":"","overlay-color":"","overlay-opacity":"","overlay-gradient":""}},"ast-content-background-meta":{"desktop":{"background-color":"var(--ast-global-color-5)","background-image":"","background-repeat":"repeat","background-position":"center center","background-size":"auto","background-attachment":"scroll","background-type":"","background-media":"","overlay-type":"","overlay-color":"","overlay-opacity":"","overlay-gradient":""},"tablet":{"background-color":"var(--ast-global-color-5)","background-image":"","background-repeat":"repeat","background-position":"center center","background-size":"auto","background-attachment":"scroll","background-type":"","background-media":"","overlay-type":"","overlay-color":"","overlay-opacity":"","overlay-gradient":""},"mobile":{"background-color":"var(--ast-global-color-5)","background-image":"","background-repeat":"repeat","background-position":"center center","background-size":"auto","background-attachment":"scroll","background-type":"","background-media":"","overlay-type":"","overlay-color":"","overlay-opacity":"","overlay-gradient":""}},"footnotes":""},"class_list":["post-3351","page","type-page","status-publish","hentry"],"yoast_head":"<!-- This site is optimized with the Yoast SEO plugin v27.5 - https:\/\/yoast.com\/product\/yoast-seo-wordpress\/ -->\n<title>Szekely Magdalena - Institutul de Istorie \u201eA. D. Xenopol\u201d<\/title>\n<meta name=\"robots\" content=\"index, follow, max-snippet:-1, max-image-preview:large, max-video-preview:-1\" \/>\n<link rel=\"canonical\" href=\"https:\/\/institutulxenopol.ro\/en\/szekely-magdalena\/\" \/>\n<meta property=\"og:locale\" content=\"en_US\" \/>\n<meta property=\"og:type\" content=\"article\" \/>\n<meta property=\"og:title\" content=\"Szekely Magdalena - Institutul de Istorie \u201eA. D. Xenopol\u201d\" \/>\n<meta property=\"og:description\" content=\"Cercet\u0103tor \u015etiin\u0163ific II dr. Maria-Magdalena Gorovei Colectivul de Istorie medieval\u0103 magdaszekely@yahoo.fr Academia.EDU &#8211; Maria Magdalena Szekely Prezentare Publica\u021bii Curriculum vitae Absolvent\u0103 a Facult\u0103\u0163ii de Istorie a Universit\u0103\u0163ii \u201eAlexandru Ioan Cuza\u201d din Ia\u015fi (1993). Doctor \u00een istorie (1999). Direc\u021bii \u0219i domenii de cercetare: antropologie cultural\u0103, istoria vie\u0163ii cotidiene, istoria culturii, editarea de izvoare, istoria puterii, genealogie, [&hellip;]\" \/>\n<meta property=\"og:url\" content=\"https:\/\/institutulxenopol.ro\/en\/szekely-magdalena\/\" \/>\n<meta property=\"og:site_name\" content=\"Institutul de Istorie \u201eA. D. Xenopol\u201d\" \/>\n<meta property=\"article:publisher\" content=\"https:\/\/www.facebook.com\/profile.php?id=61559258097917\" \/>\n<meta property=\"article:modified_time\" content=\"2025-11-21T13:06:30+00:00\" \/>\n<meta property=\"og:image\" content=\"https:\/\/institutulxenopol.ro\/wp-content\/plugins\/elementor\/assets\/images\/placeholder.png\" \/>\n<script type=\"application\/ld+json\" class=\"yoast-schema-graph\">{\"@context\":\"https:\\\/\\\/schema.org\",\"@graph\":[{\"@type\":\"WebPage\",\"@id\":\"https:\\\/\\\/institutulxenopol.ro\\\/szekely-magdalena\\\/\",\"url\":\"https:\\\/\\\/institutulxenopol.ro\\\/szekely-magdalena\\\/\",\"name\":\"Szekely Magdalena - Institutul de Istorie \u201eA. D. Xenopol\u201d\",\"isPartOf\":{\"@id\":\"https:\\\/\\\/institutulxenopol.ro\\\/#website\"},\"primaryImageOfPage\":{\"@id\":\"https:\\\/\\\/institutulxenopol.ro\\\/szekely-magdalena\\\/#primaryimage\"},\"image\":{\"@id\":\"https:\\\/\\\/institutulxenopol.ro\\\/szekely-magdalena\\\/#primaryimage\"},\"thumbnailUrl\":\"https:\\\/\\\/institutulxenopol.ro\\\/wp-content\\\/plugins\\\/elementor\\\/assets\\\/images\\\/placeholder.png\",\"datePublished\":\"2025-10-22T11:23:55+00:00\",\"dateModified\":\"2025-11-21T13:06:30+00:00\",\"breadcrumb\":{\"@id\":\"https:\\\/\\\/institutulxenopol.ro\\\/szekely-magdalena\\\/#breadcrumb\"},\"inLanguage\":\"en-US\",\"potentialAction\":[{\"@type\":\"ReadAction\",\"target\":[\"https:\\\/\\\/institutulxenopol.ro\\\/szekely-magdalena\\\/\"]}]},{\"@type\":\"ImageObject\",\"inLanguage\":\"en-US\",\"@id\":\"https:\\\/\\\/institutulxenopol.ro\\\/szekely-magdalena\\\/#primaryimage\",\"url\":\"https:\\\/\\\/institutulxenopol.ro\\\/wp-content\\\/plugins\\\/elementor\\\/assets\\\/images\\\/placeholder.png\",\"contentUrl\":\"https:\\\/\\\/institutulxenopol.ro\\\/wp-content\\\/plugins\\\/elementor\\\/assets\\\/images\\\/placeholder.png\"},{\"@type\":\"BreadcrumbList\",\"@id\":\"https:\\\/\\\/institutulxenopol.ro\\\/szekely-magdalena\\\/#breadcrumb\",\"itemListElement\":[{\"@type\":\"ListItem\",\"position\":1,\"name\":\"Prima pagin\u0103\",\"item\":\"https:\\\/\\\/institutulxenopol.ro\\\/\"},{\"@type\":\"ListItem\",\"position\":2,\"name\":\"Szekely Magdalena\"}]},{\"@type\":\"WebSite\",\"@id\":\"https:\\\/\\\/institutulxenopol.ro\\\/#website\",\"url\":\"https:\\\/\\\/institutulxenopol.ro\\\/\",\"name\":\"Institutul de Istorie \u201eA. D. Xenopol\u201d Ia\u0219i\",\"description\":\"Academia Rom\u00e2n\u0103 - Filiala Ia\u0219i\",\"publisher\":{\"@id\":\"https:\\\/\\\/institutulxenopol.ro\\\/#organization\"},\"potentialAction\":[{\"@type\":\"SearchAction\",\"target\":{\"@type\":\"EntryPoint\",\"urlTemplate\":\"https:\\\/\\\/institutulxenopol.ro\\\/?s={search_term_string}\"},\"query-input\":{\"@type\":\"PropertyValueSpecification\",\"valueRequired\":true,\"valueName\":\"search_term_string\"}}],\"inLanguage\":\"en-US\"},{\"@type\":\"Organization\",\"@id\":\"https:\\\/\\\/institutulxenopol.ro\\\/#organization\",\"name\":\"Institutul de Istorie \u201eA. D. Xenopol\u201d Ia\u0219i\",\"url\":\"https:\\\/\\\/institutulxenopol.ro\\\/\",\"logo\":{\"@type\":\"ImageObject\",\"inLanguage\":\"en-US\",\"@id\":\"https:\\\/\\\/institutulxenopol.ro\\\/#\\\/schema\\\/logo\\\/image\\\/\",\"url\":\"https:\\\/\\\/institutulxenopol.ro\\\/wp-content\\\/uploads\\\/2025\\\/10\\\/logo-institut-black-e1761148345490.png\",\"contentUrl\":\"https:\\\/\\\/institutulxenopol.ro\\\/wp-content\\\/uploads\\\/2025\\\/10\\\/logo-institut-black-e1761148345490.png\",\"width\":432,\"height\":164,\"caption\":\"Institutul de Istorie \u201eA. D. Xenopol\u201d Ia\u0219i\"},\"image\":{\"@id\":\"https:\\\/\\\/institutulxenopol.ro\\\/#\\\/schema\\\/logo\\\/image\\\/\"},\"sameAs\":[\"https:\\\/\\\/www.facebook.com\\\/profile.php?id=61559258097917\"]}]}<\/script>\n<!-- \/ Yoast SEO plugin. -->","yoast_head_json":{"title":"Szekely Magdalena - Institutul de Istorie \u201eA. D. Xenopol\u201d","robots":{"index":"index","follow":"follow","max-snippet":"max-snippet:-1","max-image-preview":"max-image-preview:large","max-video-preview":"max-video-preview:-1"},"canonical":"https:\/\/institutulxenopol.ro\/en\/szekely-magdalena\/","og_locale":"en_US","og_type":"article","og_title":"Szekely Magdalena - Institutul de Istorie \u201eA. D. Xenopol\u201d","og_description":"Cercet\u0103tor \u015etiin\u0163ific II dr. Maria-Magdalena Gorovei Colectivul de Istorie medieval\u0103 magdaszekely@yahoo.fr Academia.EDU &#8211; Maria Magdalena Szekely Prezentare Publica\u021bii Curriculum vitae Absolvent\u0103 a Facult\u0103\u0163ii de Istorie a Universit\u0103\u0163ii \u201eAlexandru Ioan Cuza\u201d din Ia\u015fi (1993). Doctor \u00een istorie (1999). Direc\u021bii \u0219i domenii de cercetare: antropologie cultural\u0103, istoria vie\u0163ii cotidiene, istoria culturii, editarea de izvoare, istoria puterii, genealogie, [&hellip;]","og_url":"https:\/\/institutulxenopol.ro\/en\/szekely-magdalena\/","og_site_name":"Institutul de Istorie \u201eA. D. Xenopol\u201d","article_publisher":"https:\/\/www.facebook.com\/profile.php?id=61559258097917","article_modified_time":"2025-11-21T13:06:30+00:00","og_image":[{"url":"https:\/\/institutulxenopol.ro\/wp-content\/plugins\/elementor\/assets\/images\/placeholder.png","type":"","width":"","height":""}],"schema":{"@context":"https:\/\/schema.org","@graph":[{"@type":"WebPage","@id":"https:\/\/institutulxenopol.ro\/szekely-magdalena\/","url":"https:\/\/institutulxenopol.ro\/szekely-magdalena\/","name":"Szekely Magdalena - Institutul de Istorie \u201eA. D. Xenopol\u201d","isPartOf":{"@id":"https:\/\/institutulxenopol.ro\/#website"},"primaryImageOfPage":{"@id":"https:\/\/institutulxenopol.ro\/szekely-magdalena\/#primaryimage"},"image":{"@id":"https:\/\/institutulxenopol.ro\/szekely-magdalena\/#primaryimage"},"thumbnailUrl":"https:\/\/institutulxenopol.ro\/wp-content\/plugins\/elementor\/assets\/images\/placeholder.png","datePublished":"2025-10-22T11:23:55+00:00","dateModified":"2025-11-21T13:06:30+00:00","breadcrumb":{"@id":"https:\/\/institutulxenopol.ro\/szekely-magdalena\/#breadcrumb"},"inLanguage":"en-US","potentialAction":[{"@type":"ReadAction","target":["https:\/\/institutulxenopol.ro\/szekely-magdalena\/"]}]},{"@type":"ImageObject","inLanguage":"en-US","@id":"https:\/\/institutulxenopol.ro\/szekely-magdalena\/#primaryimage","url":"https:\/\/institutulxenopol.ro\/wp-content\/plugins\/elementor\/assets\/images\/placeholder.png","contentUrl":"https:\/\/institutulxenopol.ro\/wp-content\/plugins\/elementor\/assets\/images\/placeholder.png"},{"@type":"BreadcrumbList","@id":"https:\/\/institutulxenopol.ro\/szekely-magdalena\/#breadcrumb","itemListElement":[{"@type":"ListItem","position":1,"name":"Prima pagin\u0103","item":"https:\/\/institutulxenopol.ro\/"},{"@type":"ListItem","position":2,"name":"Szekely Magdalena"}]},{"@type":"WebSite","@id":"https:\/\/institutulxenopol.ro\/#website","url":"https:\/\/institutulxenopol.ro\/","name":"Institutul de Istorie \u201eA. D. Xenopol\u201d Ia\u0219i","description":"Academia Rom\u00e2n\u0103 - Filiala Ia\u0219i","publisher":{"@id":"https:\/\/institutulxenopol.ro\/#organization"},"potentialAction":[{"@type":"SearchAction","target":{"@type":"EntryPoint","urlTemplate":"https:\/\/institutulxenopol.ro\/?s={search_term_string}"},"query-input":{"@type":"PropertyValueSpecification","valueRequired":true,"valueName":"search_term_string"}}],"inLanguage":"en-US"},{"@type":"Organization","@id":"https:\/\/institutulxenopol.ro\/#organization","name":"Institutul de Istorie \u201eA. D. Xenopol\u201d Ia\u0219i","url":"https:\/\/institutulxenopol.ro\/","logo":{"@type":"ImageObject","inLanguage":"en-US","@id":"https:\/\/institutulxenopol.ro\/#\/schema\/logo\/image\/","url":"https:\/\/institutulxenopol.ro\/wp-content\/uploads\/2025\/10\/logo-institut-black-e1761148345490.png","contentUrl":"https:\/\/institutulxenopol.ro\/wp-content\/uploads\/2025\/10\/logo-institut-black-e1761148345490.png","width":432,"height":164,"caption":"Institutul de Istorie \u201eA. D. Xenopol\u201d Ia\u0219i"},"image":{"@id":"https:\/\/institutulxenopol.ro\/#\/schema\/logo\/image\/"},"sameAs":["https:\/\/www.facebook.com\/profile.php?id=61559258097917"]}]}},"_links":{"self":[{"href":"https:\/\/institutulxenopol.ro\/en\/wp-json\/wp\/v2\/pages\/3351","targetHints":{"allow":["GET"]}}],"collection":[{"href":"https:\/\/institutulxenopol.ro\/en\/wp-json\/wp\/v2\/pages"}],"about":[{"href":"https:\/\/institutulxenopol.ro\/en\/wp-json\/wp\/v2\/types\/page"}],"author":[{"embeddable":true,"href":"https:\/\/institutulxenopol.ro\/en\/wp-json\/wp\/v2\/users\/1"}],"replies":[{"embeddable":true,"href":"https:\/\/institutulxenopol.ro\/en\/wp-json\/wp\/v2\/comments?post=3351"}],"version-history":[{"count":43,"href":"https:\/\/institutulxenopol.ro\/en\/wp-json\/wp\/v2\/pages\/3351\/revisions"}],"predecessor-version":[{"id":4888,"href":"https:\/\/institutulxenopol.ro\/en\/wp-json\/wp\/v2\/pages\/3351\/revisions\/4888"}],"wp:attachment":[{"href":"https:\/\/institutulxenopol.ro\/en\/wp-json\/wp\/v2\/media?parent=3351"}],"curies":[{"name":"wp","href":"https:\/\/api.w.org\/{rel}","templated":true}]}}