{"id":3338,"date":"2025-10-22T14:16:24","date_gmt":"2025-10-22T11:16:24","guid":{"rendered":"https:\/\/institutulxenopol.ro\/?page_id=3338"},"modified":"2025-11-21T16:14:55","modified_gmt":"2025-11-21T13:14:55","slug":"istrate-alexandru","status":"publish","type":"page","link":"https:\/\/institutulxenopol.ro\/en\/istrate-alexandru\/","title":{"rendered":"Istrate Alexandru"},"content":{"rendered":"<div data-elementor-type=\"wp-page\" data-elementor-id=\"3338\" class=\"elementor elementor-3338\">\n\t\t\t\t<div class=\"elementor-element elementor-element-1659cb33 e-flex e-con-boxed e-con e-parent\" data-id=\"1659cb33\" data-element_type=\"container\" data-e-type=\"container\" data-settings=\"{&quot;background_background&quot;:&quot;classic&quot;}\">\n\t\t\t\t\t<div class=\"e-con-inner\">\n\t\t<div class=\"elementor-element elementor-element-328425d3 e-con-full e-flex e-con e-child\" data-id=\"328425d3\" data-element_type=\"container\" data-e-type=\"container\">\n\t\t\t\t<\/div>\n\t\t\t\t\t<\/div>\n\t\t\t\t<\/div>\n\t\t<div class=\"elementor-element elementor-element-19dc63da e-flex e-con-boxed e-con e-parent\" data-id=\"19dc63da\" data-element_type=\"container\" data-e-type=\"container\">\n\t\t\t\t\t<div class=\"e-con-inner\">\n\t\t<div class=\"elementor-element elementor-element-726eee2f e-con-full e-flex e-con e-child\" data-id=\"726eee2f\" data-element_type=\"container\" data-e-type=\"container\">\n\t\t\t\t<div class=\"elementor-element elementor-element-1eaa0c11 elementor-widget elementor-widget-heading\" data-id=\"1eaa0c11\" data-element_type=\"widget\" data-e-type=\"widget\" data-widget_type=\"heading.default\">\n\t\t\t\t\t<h2 class=\"elementor-heading-title elementor-size-default\">Researcher (Level II) dr. Alexandru Istrate<\/h2>\t\t\t\t<\/div>\n\t\t\t\t<div class=\"elementor-element elementor-element-31736a13 elementor-widget elementor-widget-text-editor\" data-id=\"31736a13\" data-element_type=\"widget\" data-e-type=\"widget\" data-widget_type=\"text-editor.default\">\n\t\t\t\t\t\t\t\t\t<p>Cultural History Research Team<\/p>\t\t\t\t\t\t\t\t<\/div>\n\t\t<div class=\"elementor-element elementor-element-67f8d5bc e-grid e-con-full e-con e-child\" data-id=\"67f8d5bc\" data-element_type=\"container\" data-e-type=\"container\">\n\t\t\t\t<div class=\"elementor-element elementor-element-6470baf3 elementor-widget elementor-widget-image\" data-id=\"6470baf3\" data-element_type=\"widget\" data-e-type=\"widget\" data-widget_type=\"image.default\">\n\t\t\t\t\t\t\t\t\t\t\t\t\t\t\t<img decoding=\"async\" src=\"https:\/\/institutulxenopol.ro\/wp-content\/plugins\/elementor\/assets\/images\/placeholder.png\" title=\"\" alt=\"\" loading=\"lazy\" \/>\t\t\t\t\t\t\t\t\t\t\t\t\t\t\t<\/div>\n\t\t\t\t<div class=\"elementor-element elementor-element-4f685673 elementor-align-start elementor-icon-list--layout-traditional elementor-list-item-link-full_width elementor-widget elementor-widget-icon-list\" data-id=\"4f685673\" data-element_type=\"widget\" data-e-type=\"widget\" data-widget_type=\"icon-list.default\">\n\t\t\t\t\t\t\t<ul class=\"elementor-icon-list-items\">\n\t\t\t\t\t\t\t<li class=\"elementor-icon-list-item\">\n\t\t\t\t\t\t\t\t\t\t\t<a href=\"mailto:istratex@yahoo.com\">\n\n\t\t\t\t\t\t\t\t\t\t\t\t<span class=\"elementor-icon-list-icon\">\n\t\t\t\t\t\t\t<svg aria-hidden=\"true\" class=\"e-font-icon-svg e-far-envelope\" viewbox=\"0 0 512 512\" xmlns=\"http:\/\/www.w3.org\/2000\/svg\"><path d=\"M464 64H48C21.49 64 0 85.49 0 112v288c0 26.51 21.49 48 48 48h416c26.51 0 48-21.49 48-48V112c0-26.51-21.49-48-48-48zm0 48v40.805c-22.422 18.259-58.168 46.651-134.587 106.49-16.841 13.247-50.201 45.072-73.413 44.701-23.208.375-56.579-31.459-73.413-44.701C106.18 199.465 70.425 171.067 48 152.805V112h416zM48 400V214.398c22.914 18.251 55.409 43.862 104.938 82.646 21.857 17.205 60.134 55.186 103.062 54.955 42.717.231 80.509-37.199 103.053-54.947 49.528-38.783 82.032-64.401 104.947-82.653V400H48z\"><\/path><\/svg>\t\t\t\t\t\t<\/span>\n\t\t\t\t\t\t\t\t\t\t<span class=\"elementor-icon-list-text\">istratex@yahoo.com<\/span>\n\t\t\t\t\t\t\t\t\t\t\t<\/a>\n\t\t\t\t\t\t\t\t\t<\/li>\n\t\t\t\t\t\t<\/ul>\n\t\t\t\t\t\t<\/div>\n\t\t\t\t<\/div>\n\t\t\t\t<\/div>\n\t\t\t\t<div class=\"elementor-element elementor-element-37de1b6f elementor-widget elementor-widget-spacer\" data-id=\"37de1b6f\" data-element_type=\"widget\" data-e-type=\"widget\" data-widget_type=\"spacer.default\">\n\t\t\t\t\t\t\t<div class=\"elementor-spacer\">\n\t\t\t<div class=\"elementor-spacer-inner\"><\/div>\n\t\t<\/div>\n\t\t\t\t\t\t<\/div>\n\t\t\t\t<div class=\"elementor-element elementor-element-2e2a87f7 elementor-widget elementor-widget-eael-adv-tabs\" data-id=\"2e2a87f7\" data-element_type=\"widget\" data-e-type=\"widget\" data-widget_type=\"eael-adv-tabs.default\">\n\t\t\t\t\t        <div data-scroll-on-click=\"\" data-scroll-speed=\"300\" id=\"eael-advance-tabs-2e2a87f7\" class=\"eael-advance-tabs eael-tabs-horizontal eael-tab-auto-active  active-caret-on\" data-tabid=\"2e2a87f7\">\n            <div class=\"eael-tabs-nav\">\n                <ul class=\"\" role=\"tablist\">\n                                            <li id=\"prezentare\" class=\"inactive eael-tab-item-trigger eael-tab-nav-item\" aria-selected=\"true\" data-tab=\"1\" role=\"tab\" tabindex=\"0\" aria-controls=\"prezentare-tab\" aria-expanded=\"false\">\n                            \n                            \n                            \n                                                            <span class=\"eael-tab-title title-after-icon\" >Prezentare<\/span>                                                    <\/li>\n                                            <li id=\"publicaii\" class=\"inactive eael-tab-item-trigger eael-tab-nav-item\" aria-selected=\"false\" data-tab=\"2\" role=\"tab\" tabindex=\"-1\" aria-controls=\"publicaii-tab\" aria-expanded=\"false\">\n                            \n                            \n                            \n                                                            <span class=\"eael-tab-title title-after-icon\" >Publications<\/span>                                                    <\/li>\n                                            <li id=\"curriculum-vitae\" class=\"inactive eael-tab-item-trigger eael-tab-nav-item\" aria-selected=\"false\" data-tab=\"3\" role=\"tab\" tabindex=\"-1\" aria-controls=\"curriculum-vitae-tab\" aria-expanded=\"false\">\n                            \n                            \n                            \n                                                            <span class=\"eael-tab-title title-after-icon\" >Curriculum vitae<\/span>                                                    <\/li>\n                    \n                                  <\/ul>\n            <\/div>\n            \n            <div class=\"eael-tabs-content\">\n\t\t        \n                    <div id=\"prezentare-tab\" class=\"clearfix eael-tab-content-item inactive\" data-title-link=\"prezentare-tab\">\n\t\t\t\t                            <\/div>\n\t\t        \n                    <div id=\"publicaii-tab\" class=\"clearfix eael-tab-content-item inactive\" data-title-link=\"publicaii-tab\">\n\t\t\t\t        <style>.elementor-4651 .elementor-element.elementor-element-31528cae{--display:flex;}.elementor-4651 .elementor-element.elementor-element-675a82ea .eael-adv-accordion .eael-accordion-list .eael-accordion-header .fa-accordion-icon{font-size:16px;color:var( --e-global-color-secondary );}.elementor-4651 .elementor-element.elementor-element-675a82ea .eael-adv-accordion .eael-accordion-list .eael-accordion-header svg.fa-accordion-icon{height:16px;width:16px;line-height:16px;}.elementor-4651 .elementor-element.elementor-element-675a82ea .eael-accordion_media-list .eael-accordion_media-icon i{font-size:16px;}.elementor-4651 .elementor-element.elementor-element-675a82ea .eael-accordion_media-list .eael-accordion_media-icon svg{height:16px;width:16px;line-height:16px;}.elementor-4651 .elementor-element.elementor-element-675a82ea .eael-adv-accordion .eael-accordion-list .eael-accordion-header .fa-accordion-icon,\n                    .elementor-4651 .elementor-element.elementor-element-675a82ea .eael-accordion_media-wrapper .eael-accordion_media-lists .eael-accordion_media-list{gap:10px;}.elementor-4651 .elementor-element.elementor-element-675a82ea .eael-adv-accordion .eael-accordion-list .eael-accordion-header, \n                .elementor-4651 .elementor-element.elementor-element-675a82ea .eael-accordion_media-wrapper .eael-accordion_media-list{background-color:var( --e-global-color-astglobalcolor4 );}.elementor-4651 .elementor-element.elementor-element-675a82ea .eael-adv-accordion .eael-accordion-list .eael-accordion-header .eael-accordion-tab-title{color:var( --e-global-color-secondary );}.elementor-4651 .elementor-element.elementor-element-675a82ea .eael-accordion_media-content .eael-accordion_media-title{color:var( --e-global-color-secondary );}.elementor-4651 .elementor-element.elementor-element-675a82ea .eael-adv-accordion .eael-accordion-list .eael-accordion-header .fa-accordion-icon-svg svg{color:var( --e-global-color-secondary );fill:var( --e-global-color-secondary );}.elementor-4651 .elementor-element.elementor-element-675a82ea .eael-adv-accordion .eael-accordion-list .eael-accordion-header svg{fill:var( --e-global-color-secondary );}.elementor-4651 .elementor-element.elementor-element-675a82ea .eael-accordion_media-list .eael-accordion_media-icon{color:var( --e-global-color-secondary );}.elementor-4651 .elementor-element.elementor-element-675a82ea .eael-adv-accordion .eael-accordion-list .eael-accordion-header:hover .eael-accordion-tab-title,\n                    .elementor-4651 .elementor-element.elementor-element-675a82ea .eael-accordion_media-list:not(.active):hover .eael-accordion_media-title{color:var( --e-global-color-primary );}.elementor-4651 .elementor-element.elementor-element-675a82ea .eael-adv-accordion .eael-accordion-list .eael-accordion-header:hover .fa-accordion-icon{color:var( --e-global-color-primary );}.elementor-4651 .elementor-element.elementor-element-675a82ea .eael-adv-accordion .eael-accordion-list .eael-accordion-header:hover .fa-accordion-icon svg{color:var( --e-global-color-primary );fill:var( --e-global-color-primary );}.elementor-4651 .elementor-element.elementor-element-675a82ea .eael-adv-accordion .eael-accordion-list .eael-accordion-header:hover svg.fa-accordion-icon{fill:var( --e-global-color-primary );}.elementor-4651 .elementor-element.elementor-element-675a82ea .eael-accordion_media-list:hover .eael-accordion_media-icon i{color:var( --e-global-color-primary );}.elementor-4651 .elementor-element.elementor-element-675a82ea .eael-accordion_media-list:hover .eael-accordion_media-icon svg{fill:var( --e-global-color-primary );}.elementor-4651 .elementor-element.elementor-element-675a82ea .eael-adv-accordion .eael-accordion-list .eael-accordion-header.active{color:var( --e-global-color-primary );}.elementor-4651 .elementor-element.elementor-element-675a82ea .eael-adv-accordion .eael-accordion-list .eael-accordion-header.active .eael-accordion-tab-title{color:var( --e-global-color-primary );}.elementor-4651 .elementor-element.elementor-element-675a82ea .eael-adv-accordion .eael-accordion-list .eael-accordion-header.active .fa-accordion-icon{color:var( --e-global-color-primary );}.elementor-4651 .elementor-element.elementor-element-675a82ea .eael-adv-accordion .eael-accordion-list .eael-accordion-header.active .fa-accordion-icon svg{color:var( --e-global-color-primary );fill:var( --e-global-color-primary );}.elementor-4651 .elementor-element.elementor-element-675a82ea .eael-adv-accordion .eael-accordion-list .eael-accordion-header.active svg.fa-accordion-icon{fill:var( --e-global-color-primary );}.elementor-4651 .elementor-element.elementor-element-675a82ea .eael-accordion_media-list.active .eael-accordion_media-icon i{color:var( --e-global-color-primary );}.elementor-4651 .elementor-element.elementor-element-675a82ea .eael-accordion_media-list.active .eael-accordion_media-icon svg{fill:var( --e-global-color-primary );}.elementor-4651 .elementor-element.elementor-element-675a82ea .eael-adv-accordion .eael-accordion-list .eael-accordion-content{color:var( --e-global-color-secondary );}.elementor-4651 .elementor-element.elementor-element-675a82ea .eael-accordion_media-list .eael-accordion_media-content .eael-accordion_media-description{color:var( --e-global-color-secondary );}<\/style>\t\t<div data-elementor-type=\"container\" data-elementor-id=\"4651\" class=\"elementor elementor-4651\">\n\t\t\t\t<div class=\"elementor-element elementor-element-31528cae e-flex e-con-boxed e-con e-parent\" data-id=\"31528cae\" data-element_type=\"container\" data-e-type=\"container\">\n\t\t\t\t\t<div class=\"e-con-inner\">\n\t\t\t\t<div class=\"elementor-element elementor-element-675a82ea elementor-widget elementor-widget-eael-adv-accordion\" data-id=\"675a82ea\" data-element_type=\"widget\" data-e-type=\"widget\" data-widget_type=\"eael-adv-accordion.default\">\n\t\t\t\t\t            <div class=\"eael-adv-accordion\" id=\"eael-adv-accordion-675a82ea\" data-scroll-on-click=\"no\" data-scroll-speed=\"300\" data-accordion-id=\"675a82ea\" data-accordion-type=\"accordion\" data-toogle-speed=\"300\">\n            <div class=\"eael-accordion-list\">\n\t\t\t\t\t<div id=\"cri-de-autor\" class=\"elementor-tab-title eael-accordion-header\" tabindex=\"0\" data-tab=\"1\" aria-controls=\"elementor-tab-content-1731\"><span class=\"eael-advanced-accordion-icon-closed\"><svg aria-hidden=\"true\" class=\"fa-accordion-icon e-font-icon-svg e-fas-plus\" viewbox=\"0 0 448 512\" xmlns=\"http:\/\/www.w3.org\/2000\/svg\"><path d=\"M416 208H272V64c0-17.67-14.33-32-32-32h-32c-17.67 0-32 14.33-32 32v144H32c-17.67 0-32 14.33-32 32v32c0 17.67 14.33 32 32 32h144v144c0 17.67 14.33 32 32 32h32c17.67 0 32-14.33 32-32V304h144c17.67 0 32-14.33 32-32v-32c0-17.67-14.33-32-32-32z\"><\/path><\/svg><\/span><span class=\"eael-advanced-accordion-icon-opened\"><svg aria-hidden=\"true\" class=\"fa-accordion-icon e-font-icon-svg e-fas-minus\" viewbox=\"0 0 448 512\" xmlns=\"http:\/\/www.w3.org\/2000\/svg\"><path d=\"M416 208H32c-17.67 0-32 14.33-32 32v32c0 17.67 14.33 32 32 32h384c17.67 0 32-14.33 32-32v-32c0-17.67-14.33-32-32-32z\"><\/path><\/svg><\/span><span class=\"eael-accordion-tab-title\">C\u0103r\u021bi de autor<\/span><\/div><div id=\"elementor-tab-content-1731\" class=\"eael-accordion-content clearfix\" data-tab=\"1\" aria-labelledby=\"cri-de-autor\"><ol><li><em>De la gustul pentru trecut la cercetarea istoriei: vestigii, c\u0103l\u0103torii \u015fi colec\u0163ionari \u00een Rom\u00e2nia celei de-a doua jum\u0103t\u0103\u0163i a secolului XIX<\/em>, Ia\u015fi, Editura Universit\u0103\u0163ii \u201eAlexandru Ioan Cuza\u201d, 2015, 454 p.<\/li><li><em>Eroicul \u0219i memorabilul cultura istoric\u0103 a \u021a\u0103rilor Rom\u00e2ne \u00een prima jum\u0103tate a secolului al XIX-lea<\/em>, Ia\u0219i, Editura Universit\u0103\u0163ii \u201eAlexandru Ioan Cuza\u201d, 2022, 768 p.<\/li><\/ol><\/div>\n\t\t\t\t\t<\/div><div class=\"eael-accordion-list\">\n\t\t\t\t\t<div id=\"volume-coordonate\" class=\"elementor-tab-title eael-accordion-header\" tabindex=\"0\" data-tab=\"2\" aria-controls=\"elementor-tab-content-1732\"><span class=\"eael-advanced-accordion-icon-closed\"><svg aria-hidden=\"true\" class=\"fa-accordion-icon e-font-icon-svg e-fas-plus\" viewbox=\"0 0 448 512\" xmlns=\"http:\/\/www.w3.org\/2000\/svg\"><path d=\"M416 208H272V64c0-17.67-14.33-32-32-32h-32c-17.67 0-32 14.33-32 32v144H32c-17.67 0-32 14.33-32 32v32c0 17.67 14.33 32 32 32h144v144c0 17.67 14.33 32 32 32h32c17.67 0 32-14.33 32-32V304h144c17.67 0 32-14.33 32-32v-32c0-17.67-14.33-32-32-32z\"><\/path><\/svg><\/span><span class=\"eael-advanced-accordion-icon-opened\"><svg aria-hidden=\"true\" class=\"fa-accordion-icon e-font-icon-svg e-fas-minus\" viewbox=\"0 0 448 512\" xmlns=\"http:\/\/www.w3.org\/2000\/svg\"><path d=\"M416 208H32c-17.67 0-32 14.33-32 32v32c0 17.67 14.33 32 32 32h384c17.67 0 32-14.33 32-32v-32c0-17.67-14.33-32-32-32z\"><\/path><\/svg><\/span><span class=\"eael-accordion-tab-title\">Volume coordonate<\/span><\/div><div id=\"elementor-tab-content-1732\" class=\"eael-accordion-content clearfix\" data-tab=\"2\" aria-labelledby=\"volume-coordonate\"><ol><li><em> Europe and the Porte. New Documents on the Eastern Question Volume VI: English and Swedish Diplomatic Reports, 1799-1814<\/em>. Edited by Veniamin Ciobanu in collaboration with Leonidas Rados and Alexandru Istrate, Ia\u015fi, Editura Junimea, 2008.<\/li><li><em> Europe and the Porte. New Documents on the Eastern Question:<\/em> Volume VII: <em>Swedish Diplomatic Reports 1811-1814,<\/em> Edited by Veniamin Ciobanu, Leonidas Rados, Alexandru Istrate, Ia\u0219i, Editura Junimea, 2009.<\/li><li><em>Romantism \u0219i modernitate: atitudini, revalu\u0103ri, polemici<\/em>, Andi Mihalache, Alexandru Istrate (editori), Ia\u015fi, Editura Universit\u0103\u0163ii \u201eAlexandru Ioan Cuza\u201d, 2009, 664 p.<\/li><li><em>Diploma\u0163i, societate \u015fi mondenit\u0103\u0163i. Sf\u00e2r\u015fit de <\/em><em>\u201e<\/em><em>Belle \u00c9poque\u201d \u00een lumea rom\u00e2neasc\u0103<\/em>, coordonatori Claudiu Lucian Topor, Alexandru Istrate, Daniel Cain, Ia\u0219i, Editura Universit\u0103\u021bii \u201eAlexandru Ioan Cuza\u201d, 2015, 460 p.<\/li><li><em> Through the Dimplomats\u2019 Eyes: Romanian Social Life in the Late 19<sup>th<\/sup> and Early 20<sup>th<\/sup> Century<\/em>, Claudiu-Lucian Topor, Daniel Cain, Alexandru Istrate eds., Parthenon Verlag Kaiserslautern und Mehlingen, 2016, 430 p.<\/li><li>A.D. Xenopol, <em>Istoria rom\u00e2nilor din Dacia Traian\u0103<\/em>, vol. 5, <em>Epoca fanario\u021bilor. Istoria modern\u0103<\/em> (partea a II-a) dup\u0103 manuscrisul de la Arad, edi\u021bie \u00eengrijit\u0103 de \u0218tefan Lemny \u0219i Alexandru Istrate, note \u0219i comentarii de \u0218tefan Lemny cu colaborarea lui Ovidiu Olar \u0219i Alexandru Istrate, postfa\u021b\u0103 de \u0218tefan Lemny, Ia\u0219i, Editura Universit\u0103\u021bii \u201eAlexandru Ioan Cuza\u201d, 2020, 694 p.<\/li><li>Kostaki Lupu, <em>Memoriile unui tr\u0103d\u0103tor. 1850-1919<\/em>. Edi\u021bie \u00eengrijit\u0103 \u0219i studiu introductiv de Alexandru Istrate \u0219i Claudiu Lucian Topor, Bucure\u0219ti, Editura Humanitas, 2020, 394 p.<\/li><\/ol><\/div>\n\t\t\t\t\t<\/div><div class=\"eael-accordion-list\">\n\t\t\t\t\t<div id=\"articole\" class=\"elementor-tab-title eael-accordion-header\" tabindex=\"0\" data-tab=\"3\" aria-controls=\"elementor-tab-content-1733\"><span class=\"eael-advanced-accordion-icon-closed\"><svg aria-hidden=\"true\" class=\"fa-accordion-icon e-font-icon-svg e-fas-plus\" viewbox=\"0 0 448 512\" xmlns=\"http:\/\/www.w3.org\/2000\/svg\"><path d=\"M416 208H272V64c0-17.67-14.33-32-32-32h-32c-17.67 0-32 14.33-32 32v144H32c-17.67 0-32 14.33-32 32v32c0 17.67 14.33 32 32 32h144v144c0 17.67 14.33 32 32 32h32c17.67 0 32-14.33 32-32V304h144c17.67 0 32-14.33 32-32v-32c0-17.67-14.33-32-32-32z\"><\/path><\/svg><\/span><span class=\"eael-advanced-accordion-icon-opened\"><svg aria-hidden=\"true\" class=\"fa-accordion-icon e-font-icon-svg e-fas-minus\" viewbox=\"0 0 448 512\" xmlns=\"http:\/\/www.w3.org\/2000\/svg\"><path d=\"M416 208H32c-17.67 0-32 14.33-32 32v32c0 17.67 14.33 32 32 32h384c17.67 0 32-14.33 32-32v-32c0-17.67-14.33-32-32-32z\"><\/path><\/svg><\/span><span class=\"eael-accordion-tab-title\">Articole<\/span><\/div><div id=\"elementor-tab-content-1733\" class=\"eael-accordion-content clearfix\" data-tab=\"3\" aria-labelledby=\"articole\"><ol><li><em>C\u00e2teva reflec\u0163ii asupra c\u0103r\u0163ii de istorie \u00een prima jum\u0103tate a secolului XIX<\/em>, \u00een \u201eXenopoliana\u201d, tom XII, 1-4, 2004, p. 140-147.<\/li><li><em>Some Thoughts on the Historical Writing in the Former Half of the Nineteenth Century Romania<\/em>, \u00een \u201eRevue Roumaine d\u2018Histoire\u201d, tome XLIII, Janvier-D\u00e9cembre, 2004, p. 149-158.<\/li><li><em>Discursul istoric \u00een \u0162\u0103rile Rom\u00e2ne la \u00eenceputul epocii moderne: modalit\u0103\u0163i de expresie<\/em>, \u00een Anuarul Institutului de Istorie \u201eA.D. Xenopol\u201d, tom XLIII-XLIV, 2006-2007, p. 605-632.<\/li><li><em>Cum se \u00eenv\u0103\u0163a istoria \u00een prima jum\u0103tate a secolului XIX. Studiu de caz: caietele cu \u00eensemn\u0103ri ale lui Ludovic Steege<\/em><strong>, <\/strong>\u00een \u201eRevista de Istorie Social\u0103\u201d, X-XII, 2007, Ia\u015fi, Editura Polirom, p. 201-214.<\/li><li><em>A scrie istorie \u00een perioada romantic\u0103<\/em>, \u00een <em>In Media Res. Studii de istorie cultural\u0103<\/em> (coord. Andi Mihalache, Adrian Ciofl\u00e2nc\u0103), Ia\u015fi, Editura Universit\u0103\u0163ii \u201eAlexandru Ioan Cuza\u201d, 2007, p. 219-234.<\/li><li><em>Geografiile patrimoniului: c\u0103l\u0103toriile romanticilor \u0219i redescoperirea trecutului<\/em>, \u00een Dumitru Iv\u0103nescu, C\u0103t\u0103lina Mihalache, <em>Patrimoniu na\u021bional \u0219i modernizare \u00een societatea rom\u00e2neasc\u0103: institu\u021bii, actori, strategii<\/em>, Ia\u0219i, Editura Junimea, 2009, p. 107-134.<\/li><li><em>Teatre, saloane \u0219i banchete. Tipuri de sociabilit\u0103\u021bi \u00een lumea rom\u00e2neasc\u0103 a primei jum\u0103t\u0103\u021bi a secolului XIX<\/em>, \u00een Andi Mihalache, Alexandru Istrate (editori), <em>Romantism \u0219i modernitate. Atitudini, reevalu\u0103ri, polemici<\/em>, Ia\u015fi, Editura Universit\u0103\u0163ii \u201eAlexandru Ioan Cuza\u201d, 2009, p. 401-418.<\/li><li><em> The history book<\/em>, in <em>Aspects of Romanian identity<\/em>, (coord. Libu\u0161e Valentova), Praga, Universitatea Carolin\u0103, 2009, p. 59-76.<\/li><li><em>Distrac\u021bii \u00een lumea \u00eenalt\u0103 a Rom\u00e2niei din secolul XIX<\/em>, \u00een \u201eHistoria\u201d, X, nr. 104, august 2010, p. 60-63.<\/li><li><em>Voiajul, ruina, anticarul: fic\u0163iuni literare \u015fi adev\u0103ruri istorice la \u00eenceputul epocii moderne<\/em>, \u00een Andi Mihalache, Silvia Marin-Barutcieff (coord.), <em>De la fictiv la real. Imaginea, imaginarul, imagologia<\/em>, Ia\u0219i, Editura Universit\u0103\u0163ii \u201eAlexandru Ioan Cuza\u201d, 2010, p. 427-446.<\/li><li><em>Gheorghe S\u0103ulescu \u0219i Mihail Kog\u0103lniceanu. Dou\u0103 repere, dou\u0103 v\u00e2rste \u00een istoriografia pa\u0219optist\u0103<\/em>, \u00een Anuarul Institutului de cercet\u0103ri socio-umane \u201eGheorghe \u0218incai\u201d, T\u00e2rgu-Mure\u0219, 2010, p. 122-147.<\/li><li><em>Le livre d\u02bchistoire dans la premi\u00e8re partie du XIX si\u00e8cle Les pi\u00e8ges des rep\u00e8res chronologiques<\/em>, \u00een \u201eAnalele Universit\u0103\u021bii din Craiova\u201d, seria Istorie, XV, nr. (18), 2010, p. 71-86.<\/li><li><em> Aspects of Romanian exile in modern autobiographical literature<\/em>, in<em> Romanian literary exile before and after 1989<\/em>, (ed. Jana P\u00e1lenikov\u00e1), Bratislava, Univerzita Komensk\u00e9ho Press, 2011, p. 84-98.<\/li><li><em>Ce \u00een\u0163elegem din istorie. Pildele trecutului \u00een literatura didactic\u0103 modern\u0103<\/em>, \u00een \u201eAnalele Asocia\u021biei Na\u021bionale a Tinerilor Istorici din Moldova\u201d, Chi\u0219in\u0103u, 2011.<\/li><li><em>Retrouver le pass\u00e9 dans la litt\u00e9rature autobiographique moderne (\u00c0 la rencontre du pass\u00e9) M\u00e9moires, souvenirs, journaux. Ce que nous en savons, ce que nous en disent les auteurs<\/em>, in Jana P\u00e1lenikov\u00e1 (ed.), Conference of Romanic Studies (II). <em>New Theories and Models and Their Application in Linguistic, Literature, Translation Studies and Didactics over the Last 20 Years<\/em>, Bratislava, Vydavatelstvo Univerzity Komenskeho Press, Bratislava, 2012, p. 225-236.<\/li><li><em>Romanian Diplomats: An intellectual profile. A portrait from memoirs<\/em>, \u00een <em>Romanian and European Diplomacy: From Cabinet Diplomacy to the 21st Century Challenges<\/em>, ed. by Gh. Cliveti, Adrian-Bogdan Ceobanu, Adrian Vi\u0163alaru and Ionu\u0163 Nistor, Ia\u015fi, Editura Universit\u0103\u0163ii \u201eAl. I. Cuza\u201d, 2012, p. 110-124.<\/li><li><em>Dreptul la recurs. Posteritatea lui Constantin Stere \u00een literatura memorialistic\u0103<\/em>, \u00een Anuarul Institutului de Istorie \u201eA.D. Xenopol\u201d, tom XLIX, 2012, p. 265-274.<\/li><li><em>Despre un proiect editorial din prima jum\u0103tate a secolului XIX<\/em>, \u00een \u201eAnalele Universit\u0103\u021bii din Craiova\u201d, Seria Istorie, Anul XVII, Nr. 2(22) \/2012.<\/li><li><em>\u00centre adev\u0103r \u015fi fic\u0163iune: rolul literaturii autobiografice \u00een cercetarea istoric\u0103<\/em>, \u00een HISTORIA URBANA, (revist\u0103 aflat\u0103 \u00een BDI), tom XX, 2012, p. 75-88.<\/li><li><em>20. Destinul Basarabiei reflectat \u00een literatura autobiografic\u0103 \u015fi \u00een presa rom\u00e2neasc\u0103 din 1912<\/em><em>, \u00een <\/em>Sergiu Mustea\u021b\u0103 (coord.), <em>Tratatul de Pace de la Bucure\u015fti din 1812. 200 de ani de la<\/em> a<em>nexarea Basarabiei de c\u0103tre Imperiul Rus<\/em>, Chi\u0219in\u0103u, Editura Pontos, 2012.<\/li><li><em> Comemorarea pierderii Basarabiei, la concuren\u021b\u0103 cu Serb\u0103rile Regalit\u0103\u021bii \u0219i cu inaugurarea statuii lui Cuza<\/em>, \u00een \u201eHistoria\u201d, 2012.<\/li><li><em> \u00centre \u0219coala public\u0103 \u0219i pension. Note despre educa\u021bia din principatele rom\u00e2ne \u00een prima jum\u0103tate a secolului al XIX-lea<\/em><em>, \u00een <\/em><em>Rom\u00e2nii \u00een istoria Europei<\/em><em>, coordonatori Marusia C\u00eerstea \u0219i Sorin Liviu Damean, T\u00e2rgovi\u0219te, Editura Cetatea de Scaun, 2013, p. 198-207. <\/em><\/li><li><em> The Perception of Enlightenment Transylvania in Moldavian sources, <\/em><em>in Transylania in the Eighteenth Century. Aspect of Regional Identity. <\/em><em>Edited by Laura Stanciu and Cosmin Popa-Gorjanu, Cluj-Napoca, Mega Publishing House, 2013, p. 217-237.<\/em><\/li><li><em>Old buildings in travel notes and in the nineteenth-century Romanian painting<\/em>, in <em>The fiction and non-fiction Romanian literature yesterday and today<\/em>, (coord. Libu\u0161e Valentova), Praga, Universitatea Carolin\u0103, 2014.<\/li><li><em>Despre libr\u0103rii, cabinete de lectur\u0103 \u0219i cataloage de c\u0103r\u021bi. Ce se citea pe vremuri \u00een \u021a\u0103rile Rom\u00e2ne<\/em>, \u00een \u201eAnalele Universit\u0103\u021bii Alexandru Ioan Cuza\u201d, seria istoric\u0103, 2013.<\/li><li><em> P\u0103\u0219ind prin istorie. Imaginile trecutului \u00een pictura rom\u00e2neasc\u0103 modern\u0103<\/em> in \u201eHistoria Universitatis Iassiensis\u201d, tom IV, 2013, p. 209-221.<\/li><li><em>Das Bild der K\u00f6nigin Elisabeth in rum\u00e4nischen Quellen<\/em>, in S. I. Zimmermann and E. Binder-Iijima (eds.) \u201c<em>Ich werde noch vieles anbahnen\u201d Carmen Sylva: die Schriftstellerin und erste K\u00f6nigin von Rum\u00e4nien im Kontext ihrer Zeit<\/em>. \u00dcbersetzungen ins Deutsche: Silvia Irina Zimmermann, Edda Binder-Iijima, Ibidem-Verlag Stuttgart, 2015, p. 151-172.<\/li><li><em>Etichet\u0103 \u015fi protocol la balurile Cur\u0163ii regelui Carol I<\/em>, \u00een <em>Diploma\u0163i, societate \u015fi mondenit\u0103\u0163i. Sf\u00e2r\u015fit de <\/em><em>\u201e<\/em><em>Belle \u00c9poque\u201d \u00een lumea rom\u00e2neasc\u0103<\/em>, coordonatori Claudiu Lucian Topor, Alexandru Istrate, Daniel Cain, Ia\u0219i, Editura Universit\u0103\u021bii \u201eAlexandru Ioan Cuza\u201d, 2015.<\/li><li><em>Les t\u00e9moignages des fragments dans la litt\u00e9rature de voyage. Pr\u00e9liminaires \u00e0 un autre type de lecture des ruines<\/em>, \u00een \u201eTransylvanian Review\u201d, vol. XXIII, nr. 3, 2014, p. 3-17.<\/li><li><em>Les voyages d\u2019Alexandru Russo aux monasteries Cozia, Govora et Horezu au mois de juillet 1865 et en 1868<\/em>, \u00een <em>Quo vadis Romanistica<\/em> (ed. Jana P\u00e1lenikov\u00e1) Univerzita Komensh\u00e9ko v Bratislave, 2015, p. 59-71.<\/li><li><em>Note r\u0103zle\u0163e despre restaur\u0103rile de la Trei Ierarhi \u015fi Sf. Nicolae Domnesc<\/em>, \u00een Anuarul Institutului de Istorie \u201eA.D. Xenopol\u201d, tom LI, 2014, p. 291-313.<\/li><li><em>Courteous Conversation And Exquisite Cuisine At The King\u2019 Table: On Dinners and Diplomacy Under the Reign of King Carol I<\/em>, \u00een <em>Through the Dimplomats\u2019 Eyes: Romanian Social Life in the Late 19<sup>th<\/sup> and Early 20<sup>th<\/sup> Century, Claudiu<\/em>-Lucian Topor, Daniel Cain, Alexandru Istrate eds. Parthenon Verlag Kaiserslautern und Mehlingen, 2016, p. 363-380.<\/li><li>Pe <em>drumuri uitate, prin Moldova, \u00eempreun\u0103 cu Gheorghe Ghib\u0103nescu. Note dintr-un foileton de c\u0103l\u0103torie<\/em>, \u00een \u201eIoan Neculce\u201d, Buletinul Muzeului de Istorie a Moldovei, (serie nou\u0103), An XXI, 2015, Ia\u0219i, p. 5-10.<\/li><li><em>Eug\u00e8ne Emmanuel Viollet-le Duc. Truda unei vie\u021bi \u0219i binemeritata posteritate<\/em>, \u00een Nicolae \u0218t. Noica, <em>Istoria restaur\u0103rii Bisericii Episcopale de la Curtea de Arge\u0219 (1863-1886)<\/em>, Bucure\u0219ti, Editura Vremea, 2017, p. 112-117.<\/li><li><em>Istoriografia \u00een epoca romantismului <\/em>\u00een <em>Istoriografia rom\u00e2neasc\u0103<\/em>, coord. Doru Radosav, Bucure\u0219ti, Editura Academiei Rom\u00e2ne, Editura Univers Enciclopedic Gold, 2019, p. 105-155.<\/li><li><em> Interroger l\u2019histoire: le questionnaire d\u2019Alexandru Odobescu et son impact sur la mise en \u00e9vidence des strat\u00e9gies patrimoniales roumaines<\/em>, \u00een \u201eS\u00fcdost Forschungen\u201d, 78, 2019, p. 276-288.<\/li><li><em style=\"font-size: 16px\">C\u0103l\u0103toria<\/em><span style=\"font-size: 16px\">, \u00een <\/span><em style=\"font-size: 16px\">Enciclopedia<\/em> <em style=\"font-size: 16px\">imaginariilor din Rom\u00e2nia. Imaginar istoric<\/em><span style=\"font-size: 16px\">. Volum coordonat de Sorin Mitu, Ia\u0219i, Editura Polirom, 2020, p. 326-341.<\/span><\/li><\/ol><ol><li><em>Miturile merg la \u0219coal\u0103. Istorie \u0219i memorie la \u00eenceputurile modernit\u0103\u021bii rom\u00e2ne\u0219ti<\/em>, \u00een Anuarul Institutului de Istorie \u201eA. D. Xenopol\u201d, tom LVII, 2020, p. 217-240.<\/li><li><em>Bursierii. De la aspira\u021biile meritocratice la deziluziile academice<\/em>, \u00een <em>Elita rom\u00e2neasc\u0103 \u0219i itinerariile modernit\u0103\u021bii<\/em>. Omagiu profesorului Mihai Cojocariu, Ia\u0219i, Editura Universit\u0103\u021bii \u201eAlexandru Ioan Cuza\u201d, Ia\u0219i, 2021, p. 375-398.<\/li><li><em>Puterea cuv\u00e2ntului: afirmarea con\u0219tiin\u021bei istorice \u0219i na\u021bionale \u00een preajma Revolu\u021biei<\/em>, \u00een <em>Lumea lui B\u0103lcescu<\/em>, coordonatori Astrid Camboise, C\u0103t\u0103lina Mihalache, Antonie Dumitru Chelcea, Cluj-Napoca, Editura Mega\/Argonaut, 2021.<\/li><li>Autor al unui num\u0103r de paisprezece voci (Ioan Albine\u021b, Gheorghe Asachi, Mihai Chiper, Mihail Kog\u0103lniceanu, \u0218tefan Lemny, Andi Mihalache, C\u0103t\u0103lina Mihalache, Aurel R\u0103u\u021b\u0103, Gheorghe S\u0103ulescu, Gheorghe Sion, Constantin Sporea, Nicolae Su\u021bu, A.D. Xenopol, Gheorghe Zane) ap\u0103rute \u00een <em>Enciclopedia reprezentan\u021bilor scrisului istoric rom\u00e2nesc,<\/em> vol. I-V, Suceava, Editura Karls A. Romstorfer, 2021, 699 p., 588 p., 443 p., 431 p., 553 p.<\/li><li><em>Bisericile din Holboca \u0219i Rusenii Vechi.<\/em> <em>Fr\u00e2nturi din t\u0103cutele timpuri, nu tocmai \u00eendep\u0103rtate<\/em>, \u00een Anuarul Institutului de Istorie \u201eA.D. Xenopol\u201d, tom LXI, 2024, p. 341-369.<\/li><li><em> The gothic hall in the \u201cThree Hierarchs\u201d. Testimonial excerpts about the restoration coordinated by Andr\u00e9 Lecomte du No\u00fcy and its destiny in the interwar period<\/em>, \u00een \u201eCaiete ARA-Arhitectur\u0103. Restaurare. Arheologie\u201d, nr. 15. 2024, p. 119-148.<\/li><li><em> Redescoperirea Daciei \u00een literatura rom\u00e2n\u0103 modern\u0103<\/em> \u00een \u201eClassica et Christiana\u201d 20\/1, 2025, Actele Colocviului <em>Receptarea Romei \u0219i a Imperiului roman \u00een cultura rom\u00e2n\u0103 modern\u0103<\/em> (Ia\u0219i, 16-18 noiembrie 2023), editate de Nelu Zugravu \u0219i Adrian-Bogdan Ceobanu, p. 59-94.<\/li><li><em>Idei despre trecut \u00een consemn\u0103rile voiajorilor transilv\u0103neni la \u00eenceputurile modernit\u0103\u021bii, <\/em>\u00een vol. BRUKENTHAL ARS ET HISTORIA, 2024, coordonator Raluca Maria Fr\u00e2ncu, p. 607-616.<\/li><\/ol><\/div>\n\t\t\t\t\t<\/div><div class=\"eael-accordion-list\">\n\t\t\t\t\t<div id=\"recenzii-i-prezentri\" class=\"elementor-tab-title eael-accordion-header\" tabindex=\"0\" data-tab=\"4\" aria-controls=\"elementor-tab-content-1734\"><span class=\"eael-advanced-accordion-icon-closed\"><svg aria-hidden=\"true\" class=\"fa-accordion-icon e-font-icon-svg e-fas-plus\" viewbox=\"0 0 448 512\" xmlns=\"http:\/\/www.w3.org\/2000\/svg\"><path d=\"M416 208H272V64c0-17.67-14.33-32-32-32h-32c-17.67 0-32 14.33-32 32v144H32c-17.67 0-32 14.33-32 32v32c0 17.67 14.33 32 32 32h144v144c0 17.67 14.33 32 32 32h32c17.67 0 32-14.33 32-32V304h144c17.67 0 32-14.33 32-32v-32c0-17.67-14.33-32-32-32z\"><\/path><\/svg><\/span><span class=\"eael-advanced-accordion-icon-opened\"><svg aria-hidden=\"true\" class=\"fa-accordion-icon e-font-icon-svg e-fas-minus\" viewbox=\"0 0 448 512\" xmlns=\"http:\/\/www.w3.org\/2000\/svg\"><path d=\"M416 208H32c-17.67 0-32 14.33-32 32v32c0 17.67 14.33 32 32 32h384c17.67 0 32-14.33 32-32v-32c0-17.67-14.33-32-32-32z\"><\/path><\/svg><\/span><span class=\"eael-accordion-tab-title\">Recenzii \u0219i prezent\u0103ri<\/span><\/div><div id=\"elementor-tab-content-1734\" class=\"eael-accordion-content clearfix\" data-tab=\"4\" aria-labelledby=\"recenzii-i-prezentri\"><p>Dumitru Vitcu, Dumitru Iv\u0103nescu, C\u0103t\u0103lin Turliuc, <em>Modernization and national construction in Romania. The role of the foreign factor. 1832-1918<\/em>, Ia\u015fi, Editura Junimea, 2002, \u00een \u201eSAHIR\u201d, 2004.<\/p><p>Alexandru Ofrim, <em>The key and the psalter. The imagery of the book in Romanian culture<\/em>, Pite\u015fti, Editura Paralela 45, 2001, \u00een \u201eXenopoliana\u201d XII, 1-4, 2004, p. 202-203.<\/p><p>Laura Stanciu, <em>The biography of an attitude: Petru Maior (1760-1821)<\/em>, Cluj-Napoca, Editura Risoprint, 2003, \u00een Anuarul Institutului de Istorie \u201eA.D. Xenopol\u201d, tom XLI, 2004, p. 661-662. <em>A longer version of this paper was published, co-authored with Andi Mihalache, in <\/em>\u201eS\u00fcdost-Forschungen\u201d, 2004-2005, M\u00fcnchen, p. 911-913.<\/p><p>N.A Ursu, Despina Ursu, <em>Lexical loans in the process of modernization of the Romanian literary language (1760-1800). I. A linguistic and cultural history study<\/em>, Ia\u015fi, Editura Cronica, 2004, \u00een Anuarul Institutului de Istorie \u201eA.D. Xenopol\u201d, tom XLII, 2005, p. 777-778.<\/p><p><em>East-Central Europe and the great powers politics (19-20 centuries)<\/em>, edited by Veniamin Ciobanu, Ia\u015fi, Editura Junimea, 2005, \u00een Anuarul Institutului de Istorie \u201eA.D. Xenopol\u201d, tom XLII, 2005, p. 790-791.<\/p><p>Constantin Mihai,<em> La logique d\u2018Hermes. \u00c9tudes sur l\u2018Imaginaire<\/em>, Craiova, Editura Sitech, \u00een Anuarul Institutului de Istorie \u201eA.D. Xenopol\u201d, tom XLV, 2006-2007, p. 763-764.<\/p><p>Marius Rotar, <em>Death in nineteenth-century Transylvania<\/em>, vol. I-II Cluj Napoca, Editura Accent, 2006-2007, \u00een Anuarul Institutului de Istorie \u201eA.D. Xenopol\u201d, tom XLV, 2008, p. 459-460.<\/p><p>Andi Mihalache, <em>White gloves, black gloves. The cult of natures during the Hohezollern dynasty<\/em>, in \u201eRevista de istorie social\u0103\u201d, X-XII, Ia\u0219i, Editrura Polirom, 2007, p. 588-591.<\/p><p>Iulian Costache, <em>Eminescu. The negociation of an image, the constuction of a cannon, the emergeance of a myth<\/em>, Bucure\u0219ti, Cartea Rom\u00e2neasc\u0103, 2008, \u00een Anuarul Institutului de Istorie \u201eA.D. Xenopol\u201d, tom XLV, 2008, p. 460-461.<\/p><p><em>\u201eArchiva Moldaviae\u201d<\/em>, \u00een Anuarul Institutului de Istorie \u201eA.D. Xenopol\u201d, tom LI, 2014, p. 460-461.<\/p><p><em>De ce merit\u0103 recitit Xenopol<\/em>, \u00een \u201eObservatorul cultural\u201d, nr. 998, 5 decembrie 2019.<\/p><\/div>\n\t\t\t\t\t<\/div><div class=\"eael-accordion-list\">\n\t\t\t\t\t<div id=\"conferine-internaionale\" class=\"elementor-tab-title eael-accordion-header\" tabindex=\"0\" data-tab=\"5\" aria-controls=\"elementor-tab-content-1735\"><span class=\"eael-advanced-accordion-icon-closed\"><svg aria-hidden=\"true\" class=\"fa-accordion-icon e-font-icon-svg e-fas-plus\" viewbox=\"0 0 448 512\" xmlns=\"http:\/\/www.w3.org\/2000\/svg\"><path d=\"M416 208H272V64c0-17.67-14.33-32-32-32h-32c-17.67 0-32 14.33-32 32v144H32c-17.67 0-32 14.33-32 32v32c0 17.67 14.33 32 32 32h144v144c0 17.67 14.33 32 32 32h32c17.67 0 32-14.33 32-32V304h144c17.67 0 32-14.33 32-32v-32c0-17.67-14.33-32-32-32z\"><\/path><\/svg><\/span><span class=\"eael-advanced-accordion-icon-opened\"><svg aria-hidden=\"true\" class=\"fa-accordion-icon e-font-icon-svg e-fas-minus\" viewbox=\"0 0 448 512\" xmlns=\"http:\/\/www.w3.org\/2000\/svg\"><path d=\"M416 208H32c-17.67 0-32 14.33-32 32v32c0 17.67 14.33 32 32 32h384c17.67 0 32-14.33 32-32v-32c0-17.67-14.33-32-32-32z\"><\/path><\/svg><\/span><span class=\"eael-accordion-tab-title\">Conferin\u021be interna\u021bionale<\/span><\/div><div id=\"elementor-tab-content-1735\" class=\"eael-accordion-content clearfix\" data-tab=\"5\" aria-labelledby=\"conferine-internaionale\"><p><em>Romanian Intellectuals and Their Relationships with the Habsburg Cultural Circles after 1800,<\/em> in the International Symposium entitled <em>The European Model and the Modernization of Central and South-Eastern Europe<\/em>, organized by the \u201eA.D. Xenopol\u201d History Institute, Alexander von Humboldt Stiftung, Goethe Zentrum, Ia\u015fi, 22-24 September 2004.<\/p><p><em>How Was History Taught in the Early 19th Century. A Case Study: the Notebooks of Ludovic Steege<\/em>, in the <em>Fifth international congress on Romanian studies<\/em>, organised by the \u201eSociety for Romanian Studies\u201d, \u201eOvidius\u201d University, Constan\u0163a, 25-28 June 2007.<\/p><p><em>Pozi\u0163ia interna\u0163ional\u0103 a Principalelor Rom\u00e2ne reflectat\u0103 \u00een sursele documentare str\u0103ine \u00een secolele XVIII-XIX)<\/em>, prezentat\u0103 la Conferin\u0163a <em>Colaborarea dintre tinerii istorici din Rom\u00e2nia \u015fi Republica Moldova: \u00eentre deziderat \u015fi realitate<\/em>, Chi\u015fin\u0103u, 26-27 octombrie 2007.<\/p><p><em>The Visibility of the Historiography of the 1848 Period in the Time\u2019s Prints<\/em>, in <em>The 3rd International Symposium of Romanian Studies in the Czech Republic<\/em>, organized by the Charles University, Prague, 30-31 October 2008<em>.<\/em><\/p><p><em>The Teacher\u2019s Status in Romanian Society, 1820-1850<\/em>, in the international conference <em>Studies of Social History in Romania. New Perspectives<\/em>, organized by the University of Bucharest, Central European University-Budapest, Romania\u2019s National Archives, Bucharest, 12-13 June 2010<em>.<\/em><\/p><p><em>Dur\u00e9e et historisme dans la culture roumaine au d\u00e9but de la modernit\u00e9<\/em>, prezentat\u0103 la simpozionul interna\u021bional <em>Cartea. Rom\u00e2nia. Europa<\/em>, Bucure\u0219ti, 20-23 septembrie 2010.<\/p><p><em>Images of the Romanian Exile. 1848-1918<\/em>, in the international conference <em>Romanian Literary Exile\u2013Before and After 1989<\/em>, organised by the \u201eComenius\u201d University of Bratislava, 12 October 2010.<\/p><p><em>Constantin Stere \u00een memorialistica \u015fi presa vremii, <\/em>prezentat\u0103 la conferin\u021ba interna\u021bional\u0103<em> La Frontierele civiliza\u021biilor. Identitate \u0219i alteritate \u00een con\u0219tiin\u021ba locuitorilor Basarabiei (1812-prezent), <\/em>Gala\u021bi, 20-23 octombrie 2010.<\/p><p><em>What Do We Understand from History. The Teachings of the Past in the Modern \u201eSpecialized Literature\u201d<\/em>, in the international conference entitled <em>History, Culture and Civilization in South-Eastern Europe<\/em>, organised by the State University, Kishinev, 14-16 April 2011.<\/p><p><em>Rediscovering the Past in the Modern Autobiographic Literature<\/em>, in <em>The International Conference of Romanic Studies\u2013New Theories and Models and Their Application in the Linguistics, Literature, Translation Studies and Didactics of the Last 20 Years<\/em>, organized by the \u201eComenius\u201d University, Bratislava, 23-24 September 2011<em>. <\/em><\/p><p><em>Destinul Basarabiei reflectat \u00een literatura autobiografic\u0103 \u015fi \u00een presa rom\u00e2neasc\u0103 din 1912, la <\/em>Conferin\u0163a interna\u0163ional\u0103 <em>Tratatul de pace de la Bucure\u015fti din 1812 \u015fi impactul lui asupra istoriei rom\u00e2nilor. 200 de ani de la anexarea Basarabiei de c\u0103tre Imperiul Rus<\/em>, Chi\u0219in\u0103u, 26-27 aprilie 2012<em>.<\/em><\/p><p><em>Aduceri aminte despre Basarabia \u00een cultura rom\u00e2n\u0103 modern\u0103<\/em> la Workshop-ul exploratoriu interna\u0163ional <em>Frontier\u0103, \u0163inut de margine sau provincie? Istoria Basarabiei \u00een lecturi alternative<\/em>, Ia\u0219i, 20-21 septembrie 2012.<\/p><p><em>The untold stories of the past. The evidence of old buildings in modern Romanian culture<\/em>, in The Fourth International colloquium of Romanian studies in the Czech Republic and Slovakia, <em>Non-fiction Romanian literature, past and present<\/em>, organised by the Faculty of Letters of the Charles University in Prague, the Institute of World Literature of the Bratislava Slovakian Science Academy, Prague, 23-24 October 2013<em>. <\/em><\/p><p><em>Stories of the past in Romanian travel literature, lecture held<\/em> at the <em>Quo vadis, Romanistica?<\/em>, International Conference, &#8222;Comenius&#8221; University of Bratislava, 19-20 September 2014<em>. <\/em><\/p><p><em>C\u0103l\u0103torii de studiu desf\u0103\u0219urate \u00een \u021aara Rom\u00e2neasc\u0103 \u00een 1861<\/em>, la Simpozionul Interna\u021bional <em>Monumentul. Tradi\u021bie \u0219i viitor<\/em>, edi\u021bia a XVII-a, Ia\u0219i-Chi\u015fin\u0103u-Cern\u0103u\u0163i, 1-4 octombrie 2015.<\/p><p><em>C\u00e2te ceva despre c\u0103l\u0103toriile lui Cezar Bolliac, Dimitrie Papazoglu \u0219i Alexandru Odobescu. Strategii institu\u021bionale, ambi\u021bii personale<\/em><em>, <\/em>la Colocviul Interna\u021bional \u00een \u0218tiin\u021bele Comunic\u0103rii \u0219i Studii Culturale<em>,<\/em> <em>C\u0103l\u0103tori \u0219i c\u0103l\u0103torii. A privi, a descoperi. Travellers and Travels. Seeing old places, looking for new ones Voyageurs et voyages. Ouvrir l\u2019espace, d\u00e9couvrir les lieux,<\/em> Universitatea din Bucure\u0219ti, Facultatea de Litere, 23-24 octombrie 2015.<\/p><p><em>Oaspe\u021bi la dineurile oferite de regele Carol I: Protocol \u0219i maniere<\/em> la conferin\u021ba interna\u021bional\u0103<strong><em> \u201e<\/em><\/strong><em>Societatea diploma\u021bilor \u00een spa\u021biul public rom\u00e2nesc. Percep\u021bii, imagini \u0219i reprezent\u0103ri \u00een ultimele decenii ale secolului al XIX-lea \u0219i prima jum\u0103tate a secolului XX\u201d<\/em>, Ia\u0219i, 30 octombrie-1 noiembrie 2015.<\/p><p><em>Chestionarul lui Alexandru Odobescu \u0219i nevoia \u00eenr\u0103d\u0103cin\u0103rii \u00een istorie a rom\u00e2nilor<\/em>, la Conferin\u021ba Interna\u021bional\u0103 <em>Istoria \u0219i scrisul istoric azi: op\u021biuni metodologice, paradigme, agend\u0103<\/em>, Cluj-Napoca, Institutul \u201eGeorge Bari\u021biu\u201d, 3-5 februarie 2020.<\/p><p><em>O nobil\u0103 origine, dou\u0103 identit\u0103\u021bi, dou\u0103 patrii. \u021aara Rom\u00e2neasc\u0103 \u0219i Moldova \u00een literatura rom\u00e2n\u0103 modern\u0103<\/em>, la Conferin\u021ba Interna\u021bional\u0103<strong> LATINITATE, ROMANITATE, ROM\u00c2NITATE, <\/strong>2-4 noiembrie 2021, Chi\u0219in\u0103u.<\/p><p><em>Nara\u021biunile unui <\/em><em>\u201e<\/em><em>odinioar\u0103<\/em><em>\u201d<\/em><em> aparte \u00een notele de c\u0103l\u0103torie ale lui Gh. Ghib\u0103nescu<\/em>, la Conferin\u021ba Interna\u021bional\u0103<strong> LATINITATE, ROMANITATE, ROM\u00c2NITATE, <\/strong>31 octombrie-2 noiembrie 2024, Chi\u0219in\u0103u.<\/p><\/div>\n\t\t\t\t\t<\/div><div class=\"eael-accordion-list\">\n\t\t\t\t\t<div id=\"conferine-naionale\" class=\"elementor-tab-title eael-accordion-header\" tabindex=\"0\" data-tab=\"6\" aria-controls=\"elementor-tab-content-1736\"><span class=\"eael-advanced-accordion-icon-closed\"><svg aria-hidden=\"true\" class=\"fa-accordion-icon e-font-icon-svg e-fas-plus\" viewbox=\"0 0 448 512\" xmlns=\"http:\/\/www.w3.org\/2000\/svg\"><path d=\"M416 208H272V64c0-17.67-14.33-32-32-32h-32c-17.67 0-32 14.33-32 32v144H32c-17.67 0-32 14.33-32 32v32c0 17.67 14.33 32 32 32h144v144c0 17.67 14.33 32 32 32h32c17.67 0 32-14.33 32-32V304h144c17.67 0 32-14.33 32-32v-32c0-17.67-14.33-32-32-32z\"><\/path><\/svg><\/span><span class=\"eael-advanced-accordion-icon-opened\"><svg aria-hidden=\"true\" class=\"fa-accordion-icon e-font-icon-svg e-fas-minus\" viewbox=\"0 0 448 512\" xmlns=\"http:\/\/www.w3.org\/2000\/svg\"><path d=\"M416 208H32c-17.67 0-32 14.33-32 32v32c0 17.67 14.33 32 32 32h384c17.67 0 32-14.33 32-32v-32c0-17.67-14.33-32-32-32z\"><\/path><\/svg><\/span><span class=\"eael-accordion-tab-title\">Conferin\u021be na\u021bionale<\/span><\/div><div id=\"elementor-tab-content-1736\" class=\"eael-accordion-content clearfix\" data-tab=\"6\" aria-labelledby=\"conferine-naionale\"><p><em>C\u0103rturarii rom\u00e2ni \u015fi ideea unit\u0103\u0163ii \u00een primele decenii ale secolului XIX<\/em>, prezentat\u0103 la Simpozionul na\u0163ional <em>Unirea Principatelor Rom\u00e2ne<\/em>, Ia\u015fi, 24 ianuarie 2005.<\/p><p><em>Reflectarea istoriei \u00een periodicele rom\u00e2ne\u015fti \u00een prima jum\u0103tate a secolului XIX<\/em>, prezentat\u0103 la Sesiunea na\u0163ional\u0103 <em>Acta Moldaviae Meridionalis<\/em>, Vaslui, 24-25 noiembrie 2005.<\/p><p><em>Librari \u015fi difuzori de carte \u00een primele decenii ale secolului XIX<\/em>, prezentat\u0103 la Simpozionul na\u0163ional <em>Structuri \u015fi mobilit\u0103\u0163i sociale \u00een spa\u0163iul rom\u00e2nesc secolele XVII-XIX<\/em>, Ia\u015fi, 23-24 noiembrie 2006.<\/p><p><em>Prefe\u0163ele c\u0103r\u0163ilor de istorie din prima jum\u0103tate a secolului XIX<\/em>, prezentat\u0103 la Sesiunea na\u0163ional\u0103 <em>Acta Moldaviae Meridionalis<\/em>, Vaslui, 29-30 noiembrie 2006.<\/p><p><em>Discursul istoric \u00een \u0162\u0103rile Rom\u00e2ne la \u00eenceputul epocii moderne: modalit\u0103\u0163i de expresie<\/em>, prezentat\u0103 \u00een \u015fedin\u0163a de comunic\u0103ri organizat\u0103 de Institutul de Istorie \u201eA.D. Xenopol\u201d, Ia\u015fi, 22 februarie, 2007.<\/p><p><em>Lecturile genera\u0163iei pa\u015foptiste<\/em>, prezentat\u0103 la Sesiunea aniversar\u0103 de comunic\u0103ri \u015ftiin\u0163ifice organizat\u0103 de Muzeul de istorie din Roman, 28-29 septembrie 2007.<\/p><p><em>Trecutul \u00een viziunea romanticilor<\/em>, prezentat\u0103 la Sesiunea na\u0163ional\u0103 de comunic\u0103ri \u015ftiin\u0163ifice <em>Acta Moldaviae Meridionalis<\/em>, Vaslui, 23-24 noiembrie 2007.<\/p><p><em>Cataloagele cu evalu\u0103rile elevilor de la Academia Mih\u0103ilean\u0103<\/em>, prezentat\u0103 la simpozionul <em>600 de ani de atestare documentar\u0103 a ora\u0219ului Ia\u0219i<\/em>, Institutul de Istorie \u201eA.D. Xenopol,\u201d Ia\u0219i, 23 septembrie, 2008.<\/p><p><em>Pledoarii pentru originalitate \u00een istoriografia rom\u00e2neasc\u0103 modern\u0103. Prima jum\u0103tate a secolului XIX<\/em>, prezentat\u0103 la simpozionul <em>Rom\u00e2nia modern\u0103. Construc\u021bie na\u021bional\u0103 \u0219i implica\u021bii europene<\/em>, Institutul de Istorie \u201eA.D. Xenopol,\u201d Ia\u0219i, 24 septembrie, 2008.<\/p><p><em>Articolele de istorie din \u201eAlbina rom\u00e2neasc\u0103\u201d 1829-1849<\/em>, prezentat\u0103 la simpozionul na\u021bional <em>Anul 1848 la rom\u00e2ni. Istoriografie \u0219i memorie cultural\u0103<\/em>, organizat de Universitatea \u201eAlexandru Ioan Cuza\u201d, Facultatea de Istorie, 14-15 noiembrie 2008.<\/p><p><em>Teme \u0219i direc\u021bii de cercetare \u00een istoriografia romantic\u0103<\/em>, prezentat\u0103 la sesiunea na\u0163ional\u0103 de comunic\u0103ri \u015ftiin\u0163ifice <em>Acta Moldaviae Meridionalis<\/em>, Vaslui, 26-27 noiembrie 2008.<\/p><p><em>Gheorghe S\u0103ulescu \u0219i Mihail Kog\u0103lniceanu. Dou\u0103 repere, dou\u0103 v\u00e2rste \u00een istoriografia pa\u0219optist\u0103<\/em>, comunicare la Institutul de Istorie \u201eA.D. Xenopol\u201d, Ia\u0219i, 29 octombrie 2009.<\/p><p><em>Cartea de istorie \u0219i ideologia na\u021bional\u0103 \u00een prima parte a secolului XIX<\/em>, prezentat\u0103 la Sesiunea na\u021bional\u0103 de comunic\u0103ri \u0219tiin\u021bifice, Vaslui, 19-20 noiembrie 2009.<\/p><p><em>Didactica trecutului. Istoria \u00een programele \u015fcolare la \u00eenceputul modernit\u0103\u0163ii<\/em>, comunicare prezentat\u0103 la Sesiunea <em>\u015etiin\u0163ific\u0103 Unitate, continuitate \u015fi independen\u0163\u0103 \u00een istoria poporului rom\u00e2n. 91 de ani de la Marea Unire (1918 \u2013 2009)<\/em>, Ia\u0219i, 27-28 noiembrie 2009.<\/p><p><em>Lecturile formative ale diplomatului Ludovic Steege<\/em>, prezentat\u0103 la simpozionul interna\u021bional <em>Diploma\u021bi rom\u00e2ni \u0219i str\u0103ini \u00een istoria Rom\u00e2niei<\/em>, organizat de Institutul de Istorie \u201eA.D. Xenopol\u201d-Academia Rom\u00e2n\u0103, Universitatea \u201eAlexandru Ioan Cuza\u201d, Societatea de rela\u021bii interna\u021bionale \u201eEst-Democra\u021bia\u201d, Ia\u0219i, 17-18 septembrie 2010.<\/p><p><em>Prestigiul c\u0103r\u021bii de istorie rom\u00e2neasc\u0103 la \u00eenceputurile modernit\u0103\u021bii. Capcanele reperelor cronologice<\/em>, prezentat\u0103 la simpozionul na\u021bional <em>Istorie, cultur\u0103, patrimoniu<\/em>, Ia\u0219i, 6-7 octombrie 2010.<\/p><p><em>Istoria \u00een programele \u015fcolare din Principatele Rom\u00e2ne la \u00eenceputurile modernit\u0103\u0163ii<\/em>, la simpozionul na\u021bional <em>Stat \u0219i societate<\/em>, Craiova, 29-30 octombrie 2010.<\/p><p><em>Literatura autobiografic\u0103 \u00een timpul lui Carol I. Note pe marginea unor surse ignorate<\/em>, prezentat\u0103 la conferin\u021ba na\u021bional\u0103, <em>Cultur\u0103 politic\u0103 \u0219i societate \u00een timpul domniei lui Carol I. 130 de ani de la Proclamarea Regatului Rom\u00e2niei<\/em>, Ia\u0219i, 25-26 martie 2011.<\/p><p><em>Ruina \u0219i muzeul. Un alt tip de lectur\u0103 a trecutului \u00een memorialistica de c\u0103l\u0103torie<\/em>, prezentat\u0103 la <em>Conferin\u021ba Na\u021bional\u0103 de Istorie<\/em>, T\u00e2rgovi\u0219te, 3-4 iunie 2011.<\/p><p><em>\u00centre adev\u0103r \u0219i fic\u021biune. Memorialistica interpretat\u0103 drept o surs\u0103 istoric\u0103<\/em>, la conferin\u021ba <em>Direc\u021bii recente \u00een teoria \u0219i istoria cultural\u0103<\/em>, Bucure\u0219ti, 19-23 septembrie 2011.<\/p><p><em>Reflec\u021bii despre o carier\u0103 public\u0103 \u00een \u00eensemn\u0103rile personale<\/em>, la sesiunea \u0219tiin\u021bific\u0103 <em>Unitate, continuitate \u0219i independen\u021b\u0103 \u00een istoria poporului rom\u00e2n<\/em>, Alba-Iulia, 23-24 noiembrie 2011.<\/p><p><em>Percep\u021bia Transilvaniei iluministe \u00een sursele moldovene<\/em>, la conferin\u021ba <em>Cuius Regio. An analysis of the cohesive and disruptive forces destining the attachment of (groups of) persons to and the cohesion within regions as a historical phenomenon Transylvania<\/em>, Alba Iulia, 5-6 octombrie 2012.<\/p><p><em>M\u0103rturiile fragmentelor \u00een literatura de c\u0103l\u0103torie. Preliminarii la o altfel de lectur\u0103 a ruinelor<\/em>, la conferin\u021ba <em>Stat \u0219i societate \u00een Europa<\/em>, Craiova, 10-12 octombrie 2012.<\/p><p><em>O aniversare trist\u0103. Basarabia 1812<\/em>, la Prelegerile zilelor Universit\u0103\u021bii \u201eAlexandru Ioan Cuza\u201d-Facultatea de Litere Ia\u0219i, 27 octombrie 2012.<\/p><p><em>Note despre un proiect patrimonial uitat: Dimitrie Papazoglu \u0219i protejarea urmelor trecutului \u00een societatea rom\u00e2neasc\u0103 modern\u0103<\/em>, la conferin\u021ba <em>Monumentul. Tradi\u021bie \u0219i viitor<\/em>, Ia\u0219i, 14-16 octombrie 2013.<\/p><p><em>Istoria privit\u0103 \u00een vitrin\u0103. Note despre muzeul maiorului Dimitrie Papazoglu<\/em> la \u201eZilele Muzeului Universit\u0103\u021bii\u201d, Ia\u0219i, 27-28 noiembrie 2013.<\/p><p>F<em>r\u00e2nturi de g\u00e2nduri despre Basarabia \u00een societatea rom\u00e2neasc\u0103 pe parcursul secolului XIX<\/em>, comunicare prezentat\u0103 la Sesiunea de comunic\u0103ri \u0219tiin\u021bifice ,,196 ani de la Unirea Basarabiei cu Rom\u00e2nia\u201d, Serviciul de Stat de Arhiv\u0103 al Republicii Moldova, Arhiva Na\u021bional\u0103 a Republicii Moldova, Academia de Poli\u021bie ,,\u0218tefan cel Mare \u0219i Sf\u00e2nt\u201d, Republica Moldova, Facultatea de Istorie a Universit\u0103\u021bii ,,Al. I. Cuza\u201d Ia\u0219i, Institutul de Istorie ,,A. D. Xenopol\u201d Ia\u0219i, Arhivele Na\u021bionale ale Rom\u00e2niei, Filiala Ia\u0219i, Chi\u0219in\u0103u, 27 martie 2014.<\/p><p><em>Etichet\u0103 \u015fi protocol la balurile Cur\u0163ii Regelui Carol I<\/em>, la conferin\u021ba na\u021bional\u0103 <em>Diploma\u021bi, societate \u0219i mondenit\u0103\u021bi. Sf\u00e2r\u0219it de \u201e\u201dBelle \u00c9poque\u201d \u00een lumea rom\u00e2neasc\u0103<\/em>, Universitatea \u201eAlexandru Ioan Cuza\u201d, Ia\u0219i, 5-6 septembrie, 2014.<\/p><p><em>Note r\u0103zle\u021be despre restaur\u0103rile de la Trei Ierarhi \u0219i Sf. Nicolae Domnesc<\/em>, comunicare prezentat\u0103 la conferin\u021ba <em>Monumentul. Tradi\u021bie \u0219i viitor<\/em>, Ia\u0219i, 9-12 octombrie 2014.<\/p><p><em>Despre trei c\u0103r\u021bi de c\u0103l\u0103torie publicate \u00een spa\u021biul rom\u00e2nesc la mijlocul veacului al XIX-lea. S\u0103 facem cuno\u0219tin\u021b\u0103 cu autorii, s\u0103 le ascult\u0103m pove\u0219tile<\/em>, comunicare prezentat\u0103 la conferin\u021ba Cartea-Obiect. <em>Istorie cultural\u0103, strategii de marketing \u0219i tehnologii multimediale<\/em>, Bucure\u0219ti, Universitatea Bucure\u0219ti, 7-8 noiembrie 2014.<\/p><p><em>P\u0103\u0219ind prin istorie. Imagini ale trecutului \u00een pictura rom\u00e2neasc\u0103 modern\u0103<\/em>, comunicare sus\u021binut\u0103 la Zilele Muzeului Universit\u0103\u021bii \u201eAlexandru Ioan Cuza\u201d, Ia\u0219i, 26-27 noiembrie 2014.<\/p><p><em>C\u0103l\u0103toriile lui Alexandru Russo din 1865, 1868, 1875<\/em>, Colocviul Na\u021bional de Istorie, Muzeul Na\u021bional Cotroceni, Bucure\u0219ti, edi\u0163ia a XVII-a, 27 &#8211; 29 mai 2015.<\/p><p><em>H\u0103r\u0163i ale principatelor rom\u00e2ne \u00een secolul XIX. Necesit\u0103\u0163i administrative \u015fi curiozit\u0103\u0163i istorice<\/em>, la al II-lea simpozion national TOPONIMIA \u00ceNTRE ISTORIE, GEOGRAFIE \u015eI LINGVISTIC\u0102, Institutul de Filologie Rom\u00e2n\u0103, \u201eA. Philippide\u201d \u0219i Asocia\u0163ia Cultural\u0103 \u201eA. Philippide\u201d, Ia\u015fi, 7 mai 2015.<\/p><p><em>Chestionarul propus de Alexandru Odobescu. Scanarea trecutului \u00een \u0219ase \u00eentreb\u0103ri<\/em>, la Simpozionul <em>150 de ani de la instaurarea monarhiei \u00een Rom\u00e2nia: istorie, cultur\u0103 \u0219i patrimoniu<\/em>, Ia\u0219i, 21-22 octombrie 2016.<\/p><p><em>Utopiile \u0219i pildele c\u0103l\u0103toriilor \u00een imaginarul rom\u00e2nesc<\/em>, sus\u021binut\u0103 la \u201eConferin\u021ba anual\u0103 a Institutului de Istorie \u201eA.D. Xenopol\u201d, edi\u021bia I, Ia\u0219i, 5-8 iunie 2019.<\/p><p><em>Despre bursierii din Moldova \u0219i \u021aara Rom\u00e2neasc\u0103 \u00een prima jum\u0103tate a veacului XIX<\/em>, la Conferin\u021ba Na\u021bional\u0103 <em>Elitele \u0219i mecanismele puterii \u00een spa\u021biul rom\u00e2nesc (secolele XV-XX)<\/em>, organizat\u0103 de Facultatea de \u0218tiin\u021be Sociale, Universitatea din Craiova, 10-11 decembrie 2020.<\/p><p><em>Ce \u00eenv\u0103\u021bau elevii din Moldova \u0219i \u021aara Rom\u00e2neasc\u0103 la orele de mitologie \u00een prima parte a veacului XIX<\/em>, la Sesiunea \u0218tiin\u021bific\u0103 \u201eUnitate, Continuitate \u0219i Independen\u021b\u0103 \u00een Istoria Poporului Rom\u00e2n. 102 ani de la Marea Unire (1918 &#8211; 2020), 26-27 noiembrie 2020.<\/p><p><em>Cultivarea dragostei de patrie \u00een programele \u0219colare din Moldova \u0219i \u021aara Rom\u00e2neasc\u0103, 1835-1848<\/em>, la \u201eConferin\u021ba anual\u0103 a Institutului de Istorie \u201eA.D. Xenopol\u201d, edi\u021bia a II-a, Ia\u0219i, 4-6 iunie 2021.<\/p><p><em>Redescoperirea Daciei \u00een literatura rom\u00e2n\u0103 modern\u0103<\/em>, la conferin\u021ba na\u021bional\u0103 <em>Receptarea Romei \u0219i a Imperiului Roman \u00een cultura rom\u00e2n\u0103 modern\u0103<\/em>, Facultatea de Istorie, Universitatea \u201eAlexandru Ioan Cuza\u201d, Ia\u0219i, 16-18 noiembrie 2023.<\/p><p><em>Sala Gotic\u0103 de la Trei Ierarhi<\/em>, la simpozionul na\u021bional <em>ARA-Arhitectur\u0103, restaurare, arheologie<\/em>, Institutul de Arheoligie \u201eVasile P\u00e2rvan\u201d, Bucure\u0219ti, 9-11 mai 2024.<\/p><p><em>C\u00e2te ceva despre preumbl\u0103rile intelectualilor rom\u00e2ni la \u00eentret\u0103ierea veacurilor XIX-XX<\/em>, la <em>Conferin\u021ba Anual\u0103 a Facult\u0103\u021bii de Istorie<\/em>, Universitatea Bucure\u0219ti, 7-8 noiembrie 2024.<\/p><p><em>Despre pildele \u0219i provoc\u0103rile c\u0103l\u0103toriilor \u00een vremea lui Dinicu Golescu<\/em>, la <strong><em>C\u0103l\u0103tori rum\u0103ni pren \u0163erile streine<\/em><\/strong><em>. Despre \u00eensemn\u0103rile de c\u0103l\u0103torie scrise de rom\u00e2ni de-a lungul timpului<\/em>. Simpozion organizat la 200 de ani de la \u00eensemn\u0103rile de c\u0103l\u0103torie ale lui Dinicu Golescu (1824-1826) Institutul de Lingvistic\u0103 al Academiei Rom\u00e2ne \u201eIorgu Iordan &#8211; Al. Rosetti\u201d, Bucure\u0219ti, 14-15 noiembrie 2024.<\/p><p><em>Idei despre trecut \u00een consemn\u0103rile voiajorilor transilv\u0103neni la \u00eenceputurile modernit\u0103\u021bii<\/em>, la conferin\u021ba BRUKENTHAL ARS ET HISTORIA, Muzeul Bruckenthal, Sibiu, 21 noiembrie 2024.<\/p><\/div>\n\t\t\t\t\t<\/div><div class=\"eael-accordion-list\">\n\t\t\t\t\t<div id=\"proiecte-de-cercetare\" class=\"elementor-tab-title eael-accordion-header\" tabindex=\"0\" data-tab=\"7\" aria-controls=\"elementor-tab-content-1737\"><span class=\"eael-advanced-accordion-icon-closed\"><svg aria-hidden=\"true\" class=\"fa-accordion-icon e-font-icon-svg e-fas-plus\" viewbox=\"0 0 448 512\" xmlns=\"http:\/\/www.w3.org\/2000\/svg\"><path d=\"M416 208H272V64c0-17.67-14.33-32-32-32h-32c-17.67 0-32 14.33-32 32v144H32c-17.67 0-32 14.33-32 32v32c0 17.67 14.33 32 32 32h144v144c0 17.67 14.33 32 32 32h32c17.67 0 32-14.33 32-32V304h144c17.67 0 32-14.33 32-32v-32c0-17.67-14.33-32-32-32z\"><\/path><\/svg><\/span><span class=\"eael-advanced-accordion-icon-opened\"><svg aria-hidden=\"true\" class=\"fa-accordion-icon e-font-icon-svg e-fas-minus\" viewbox=\"0 0 448 512\" xmlns=\"http:\/\/www.w3.org\/2000\/svg\"><path d=\"M416 208H32c-17.67 0-32 14.33-32 32v32c0 17.67 14.33 32 32 32h384c17.67 0 32-14.33 32-32v-32c0-17.67-14.33-32-32-32z\"><\/path><\/svg><\/span><span class=\"eael-accordion-tab-title\">Proiecte de cercetare<\/span><\/div><div id=\"elementor-tab-content-1737\" class=\"eael-accordion-content clearfix\" data-tab=\"7\" aria-labelledby=\"proiecte-de-cercetare\"><p><a href=\"https:\/\/institutulxenopol.ro\/wp-content\/uploads\/2025\/11\/Alexandru-Istrate-granturi-si-proiecte.pdf\">Alexandru Istrate granturi s\u0326i proiecte<\/a><\/p><\/div>\n\t\t\t\t\t<\/div><\/div>\t\t\t\t<\/div>\n\t\t\t\t\t<\/div>\n\t\t\t\t<\/div>\n\t\t\t\t<\/div>\n\t\t                    <\/div>\n\t\t        \n                    <div id=\"curriculum-vitae-tab\" class=\"clearfix eael-tab-content-item inactive\" data-title-link=\"curriculum-vitae-tab\">\n\t\t\t\t        <p><a href=\"https:\/\/institutulxenopol.ro\/wp-content\/uploads\/2025\/10\/Alexandru-Istrate-CV.pdf\">Alexandru Istrate CV<\/a><\/p>                    <\/div>\n\t\t                    <\/div>\n        <\/div>\n\t\t\t\t<\/div>\n\t\t\t\t\t<\/div>\n\t\t\t\t<\/div>\n\t\t\t\t<\/div>","protected":false},"excerpt":{"rendered":"<p>Cercet\u0103tor \u015etiin\u0163ific II dr. Alexandru Istrate Colectivul de Istorie a culturii istratex@yahoo.com Prezentare Publica\u021bii Curriculum vitae C\u0103r\u021bi de autor De la gustul pentru trecut la cercetarea istoriei: vestigii, c\u0103l\u0103torii \u015fi colec\u0163ionari \u00een Rom\u00e2nia celei de-a doua jum\u0103t\u0103\u0163i a secolului XIX, Ia\u015fi, Editura Universit\u0103\u0163ii \u201eAlexandru Ioan Cuza\u201d, 2015, 454 p. Eroicul \u0219i memorabilul cultura istoric\u0103 a [&hellip;]<\/p>\n","protected":false},"author":1,"featured_media":0,"parent":0,"menu_order":0,"comment_status":"closed","ping_status":"closed","template":"","meta":{"site-sidebar-layout":"no-sidebar","site-content-layout":"page-builder","ast-site-content-layout":"full-width-container","site-content-style":"default","site-sidebar-style":"default","ast-global-header-display":"","ast-banner-title-visibility":"","ast-main-header-display":"","ast-hfb-above-header-display":"","ast-hfb-below-header-display":"","ast-hfb-mobile-header-display":"","site-post-title":"","ast-breadcrumbs-content":"","ast-featured-img":"disabled","footer-sml-layout":"","ast-disable-related-posts":"","theme-transparent-header-meta":"","adv-header-id-meta":"","stick-header-meta":"","header-above-stick-meta":"","header-main-stick-meta":"","header-below-stick-meta":"","astra-migrate-meta-layouts":"set","ast-page-background-enabled":"default","ast-page-background-meta":{"desktop":{"background-color":"","background-image":"","background-repeat":"repeat","background-position":"center center","background-size":"auto","background-attachment":"scroll","background-type":"","background-media":"","overlay-type":"","overlay-color":"","overlay-opacity":"","overlay-gradient":""},"tablet":{"background-color":"","background-image":"","background-repeat":"repeat","background-position":"center center","background-size":"auto","background-attachment":"scroll","background-type":"","background-media":"","overlay-type":"","overlay-color":"","overlay-opacity":"","overlay-gradient":""},"mobile":{"background-color":"","background-image":"","background-repeat":"repeat","background-position":"center center","background-size":"auto","background-attachment":"scroll","background-type":"","background-media":"","overlay-type":"","overlay-color":"","overlay-opacity":"","overlay-gradient":""}},"ast-content-background-meta":{"desktop":{"background-color":"var(--ast-global-color-5)","background-image":"","background-repeat":"repeat","background-position":"center center","background-size":"auto","background-attachment":"scroll","background-type":"","background-media":"","overlay-type":"","overlay-color":"","overlay-opacity":"","overlay-gradient":""},"tablet":{"background-color":"var(--ast-global-color-5)","background-image":"","background-repeat":"repeat","background-position":"center center","background-size":"auto","background-attachment":"scroll","background-type":"","background-media":"","overlay-type":"","overlay-color":"","overlay-opacity":"","overlay-gradient":""},"mobile":{"background-color":"var(--ast-global-color-5)","background-image":"","background-repeat":"repeat","background-position":"center center","background-size":"auto","background-attachment":"scroll","background-type":"","background-media":"","overlay-type":"","overlay-color":"","overlay-opacity":"","overlay-gradient":""}},"footnotes":""},"class_list":["post-3338","page","type-page","status-publish","hentry"],"yoast_head":"<!-- This site is optimized with the Yoast SEO plugin v27.5 - https:\/\/yoast.com\/product\/yoast-seo-wordpress\/ -->\n<title>Istrate Alexandru - Institutul de Istorie \u201eA. D. Xenopol\u201d<\/title>\n<meta name=\"robots\" content=\"index, follow, max-snippet:-1, max-image-preview:large, max-video-preview:-1\" \/>\n<link rel=\"canonical\" href=\"https:\/\/institutulxenopol.ro\/en\/istrate-alexandru\/\" \/>\n<meta property=\"og:locale\" content=\"en_US\" \/>\n<meta property=\"og:type\" content=\"article\" \/>\n<meta property=\"og:title\" content=\"Istrate Alexandru - Institutul de Istorie \u201eA. D. Xenopol\u201d\" \/>\n<meta property=\"og:description\" content=\"Cercet\u0103tor \u015etiin\u0163ific II dr. Alexandru Istrate Colectivul de Istorie a culturii istratex@yahoo.com Prezentare Publica\u021bii Curriculum vitae C\u0103r\u021bi de autor De la gustul pentru trecut la cercetarea istoriei: vestigii, c\u0103l\u0103torii \u015fi colec\u0163ionari \u00een Rom\u00e2nia celei de-a doua jum\u0103t\u0103\u0163i a secolului XIX, Ia\u015fi, Editura Universit\u0103\u0163ii \u201eAlexandru Ioan Cuza\u201d, 2015, 454 p. Eroicul \u0219i memorabilul cultura istoric\u0103 a [&hellip;]\" \/>\n<meta property=\"og:url\" content=\"https:\/\/institutulxenopol.ro\/en\/istrate-alexandru\/\" \/>\n<meta property=\"og:site_name\" content=\"Institutul de Istorie \u201eA. D. Xenopol\u201d\" \/>\n<meta property=\"article:publisher\" content=\"https:\/\/www.facebook.com\/profile.php?id=61559258097917\" \/>\n<meta property=\"article:modified_time\" content=\"2025-11-21T13:14:55+00:00\" \/>\n<meta property=\"og:image\" content=\"https:\/\/institutulxenopol.ro\/wp-content\/plugins\/elementor\/assets\/images\/placeholder.png\" \/>\n<script type=\"application\/ld+json\" class=\"yoast-schema-graph\">{\"@context\":\"https:\\\/\\\/schema.org\",\"@graph\":[{\"@type\":\"WebPage\",\"@id\":\"https:\\\/\\\/institutulxenopol.ro\\\/istrate-alexandru\\\/\",\"url\":\"https:\\\/\\\/institutulxenopol.ro\\\/istrate-alexandru\\\/\",\"name\":\"Istrate Alexandru - Institutul de Istorie \u201eA. D. Xenopol\u201d\",\"isPartOf\":{\"@id\":\"https:\\\/\\\/institutulxenopol.ro\\\/#website\"},\"primaryImageOfPage\":{\"@id\":\"https:\\\/\\\/institutulxenopol.ro\\\/istrate-alexandru\\\/#primaryimage\"},\"image\":{\"@id\":\"https:\\\/\\\/institutulxenopol.ro\\\/istrate-alexandru\\\/#primaryimage\"},\"thumbnailUrl\":\"https:\\\/\\\/institutulxenopol.ro\\\/wp-content\\\/plugins\\\/elementor\\\/assets\\\/images\\\/placeholder.png\",\"datePublished\":\"2025-10-22T11:16:24+00:00\",\"dateModified\":\"2025-11-21T13:14:55+00:00\",\"breadcrumb\":{\"@id\":\"https:\\\/\\\/institutulxenopol.ro\\\/istrate-alexandru\\\/#breadcrumb\"},\"inLanguage\":\"en-US\",\"potentialAction\":[{\"@type\":\"ReadAction\",\"target\":[\"https:\\\/\\\/institutulxenopol.ro\\\/istrate-alexandru\\\/\"]}]},{\"@type\":\"ImageObject\",\"inLanguage\":\"en-US\",\"@id\":\"https:\\\/\\\/institutulxenopol.ro\\\/istrate-alexandru\\\/#primaryimage\",\"url\":\"https:\\\/\\\/institutulxenopol.ro\\\/wp-content\\\/plugins\\\/elementor\\\/assets\\\/images\\\/placeholder.png\",\"contentUrl\":\"https:\\\/\\\/institutulxenopol.ro\\\/wp-content\\\/plugins\\\/elementor\\\/assets\\\/images\\\/placeholder.png\"},{\"@type\":\"BreadcrumbList\",\"@id\":\"https:\\\/\\\/institutulxenopol.ro\\\/istrate-alexandru\\\/#breadcrumb\",\"itemListElement\":[{\"@type\":\"ListItem\",\"position\":1,\"name\":\"Prima pagin\u0103\",\"item\":\"https:\\\/\\\/institutulxenopol.ro\\\/\"},{\"@type\":\"ListItem\",\"position\":2,\"name\":\"Istrate Alexandru\"}]},{\"@type\":\"WebSite\",\"@id\":\"https:\\\/\\\/institutulxenopol.ro\\\/#website\",\"url\":\"https:\\\/\\\/institutulxenopol.ro\\\/\",\"name\":\"Institutul de Istorie \u201eA. D. Xenopol\u201d Ia\u0219i\",\"description\":\"Academia Rom\u00e2n\u0103 - Filiala Ia\u0219i\",\"publisher\":{\"@id\":\"https:\\\/\\\/institutulxenopol.ro\\\/#organization\"},\"potentialAction\":[{\"@type\":\"SearchAction\",\"target\":{\"@type\":\"EntryPoint\",\"urlTemplate\":\"https:\\\/\\\/institutulxenopol.ro\\\/?s={search_term_string}\"},\"query-input\":{\"@type\":\"PropertyValueSpecification\",\"valueRequired\":true,\"valueName\":\"search_term_string\"}}],\"inLanguage\":\"en-US\"},{\"@type\":\"Organization\",\"@id\":\"https:\\\/\\\/institutulxenopol.ro\\\/#organization\",\"name\":\"Institutul de Istorie \u201eA. D. Xenopol\u201d Ia\u0219i\",\"url\":\"https:\\\/\\\/institutulxenopol.ro\\\/\",\"logo\":{\"@type\":\"ImageObject\",\"inLanguage\":\"en-US\",\"@id\":\"https:\\\/\\\/institutulxenopol.ro\\\/#\\\/schema\\\/logo\\\/image\\\/\",\"url\":\"https:\\\/\\\/institutulxenopol.ro\\\/wp-content\\\/uploads\\\/2025\\\/10\\\/logo-institut-black-e1761148345490.png\",\"contentUrl\":\"https:\\\/\\\/institutulxenopol.ro\\\/wp-content\\\/uploads\\\/2025\\\/10\\\/logo-institut-black-e1761148345490.png\",\"width\":432,\"height\":164,\"caption\":\"Institutul de Istorie \u201eA. D. Xenopol\u201d Ia\u0219i\"},\"image\":{\"@id\":\"https:\\\/\\\/institutulxenopol.ro\\\/#\\\/schema\\\/logo\\\/image\\\/\"},\"sameAs\":[\"https:\\\/\\\/www.facebook.com\\\/profile.php?id=61559258097917\"]}]}<\/script>\n<!-- \/ Yoast SEO plugin. -->","yoast_head_json":{"title":"Istrate Alexandru - Institutul de Istorie \u201eA. D. Xenopol\u201d","robots":{"index":"index","follow":"follow","max-snippet":"max-snippet:-1","max-image-preview":"max-image-preview:large","max-video-preview":"max-video-preview:-1"},"canonical":"https:\/\/institutulxenopol.ro\/en\/istrate-alexandru\/","og_locale":"en_US","og_type":"article","og_title":"Istrate Alexandru - Institutul de Istorie \u201eA. D. Xenopol\u201d","og_description":"Cercet\u0103tor \u015etiin\u0163ific II dr. Alexandru Istrate Colectivul de Istorie a culturii istratex@yahoo.com Prezentare Publica\u021bii Curriculum vitae C\u0103r\u021bi de autor De la gustul pentru trecut la cercetarea istoriei: vestigii, c\u0103l\u0103torii \u015fi colec\u0163ionari \u00een Rom\u00e2nia celei de-a doua jum\u0103t\u0103\u0163i a secolului XIX, Ia\u015fi, Editura Universit\u0103\u0163ii \u201eAlexandru Ioan Cuza\u201d, 2015, 454 p. Eroicul \u0219i memorabilul cultura istoric\u0103 a [&hellip;]","og_url":"https:\/\/institutulxenopol.ro\/en\/istrate-alexandru\/","og_site_name":"Institutul de Istorie \u201eA. D. Xenopol\u201d","article_publisher":"https:\/\/www.facebook.com\/profile.php?id=61559258097917","article_modified_time":"2025-11-21T13:14:55+00:00","og_image":[{"url":"https:\/\/institutulxenopol.ro\/wp-content\/plugins\/elementor\/assets\/images\/placeholder.png","type":"","width":"","height":""}],"schema":{"@context":"https:\/\/schema.org","@graph":[{"@type":"WebPage","@id":"https:\/\/institutulxenopol.ro\/istrate-alexandru\/","url":"https:\/\/institutulxenopol.ro\/istrate-alexandru\/","name":"Istrate Alexandru - Institutul de Istorie \u201eA. D. Xenopol\u201d","isPartOf":{"@id":"https:\/\/institutulxenopol.ro\/#website"},"primaryImageOfPage":{"@id":"https:\/\/institutulxenopol.ro\/istrate-alexandru\/#primaryimage"},"image":{"@id":"https:\/\/institutulxenopol.ro\/istrate-alexandru\/#primaryimage"},"thumbnailUrl":"https:\/\/institutulxenopol.ro\/wp-content\/plugins\/elementor\/assets\/images\/placeholder.png","datePublished":"2025-10-22T11:16:24+00:00","dateModified":"2025-11-21T13:14:55+00:00","breadcrumb":{"@id":"https:\/\/institutulxenopol.ro\/istrate-alexandru\/#breadcrumb"},"inLanguage":"en-US","potentialAction":[{"@type":"ReadAction","target":["https:\/\/institutulxenopol.ro\/istrate-alexandru\/"]}]},{"@type":"ImageObject","inLanguage":"en-US","@id":"https:\/\/institutulxenopol.ro\/istrate-alexandru\/#primaryimage","url":"https:\/\/institutulxenopol.ro\/wp-content\/plugins\/elementor\/assets\/images\/placeholder.png","contentUrl":"https:\/\/institutulxenopol.ro\/wp-content\/plugins\/elementor\/assets\/images\/placeholder.png"},{"@type":"BreadcrumbList","@id":"https:\/\/institutulxenopol.ro\/istrate-alexandru\/#breadcrumb","itemListElement":[{"@type":"ListItem","position":1,"name":"Prima pagin\u0103","item":"https:\/\/institutulxenopol.ro\/"},{"@type":"ListItem","position":2,"name":"Istrate Alexandru"}]},{"@type":"WebSite","@id":"https:\/\/institutulxenopol.ro\/#website","url":"https:\/\/institutulxenopol.ro\/","name":"Institutul de Istorie \u201eA. D. Xenopol\u201d Ia\u0219i","description":"Academia Rom\u00e2n\u0103 - Filiala Ia\u0219i","publisher":{"@id":"https:\/\/institutulxenopol.ro\/#organization"},"potentialAction":[{"@type":"SearchAction","target":{"@type":"EntryPoint","urlTemplate":"https:\/\/institutulxenopol.ro\/?s={search_term_string}"},"query-input":{"@type":"PropertyValueSpecification","valueRequired":true,"valueName":"search_term_string"}}],"inLanguage":"en-US"},{"@type":"Organization","@id":"https:\/\/institutulxenopol.ro\/#organization","name":"Institutul de Istorie \u201eA. D. Xenopol\u201d Ia\u0219i","url":"https:\/\/institutulxenopol.ro\/","logo":{"@type":"ImageObject","inLanguage":"en-US","@id":"https:\/\/institutulxenopol.ro\/#\/schema\/logo\/image\/","url":"https:\/\/institutulxenopol.ro\/wp-content\/uploads\/2025\/10\/logo-institut-black-e1761148345490.png","contentUrl":"https:\/\/institutulxenopol.ro\/wp-content\/uploads\/2025\/10\/logo-institut-black-e1761148345490.png","width":432,"height":164,"caption":"Institutul de Istorie \u201eA. D. Xenopol\u201d Ia\u0219i"},"image":{"@id":"https:\/\/institutulxenopol.ro\/#\/schema\/logo\/image\/"},"sameAs":["https:\/\/www.facebook.com\/profile.php?id=61559258097917"]}]}},"_links":{"self":[{"href":"https:\/\/institutulxenopol.ro\/en\/wp-json\/wp\/v2\/pages\/3338","targetHints":{"allow":["GET"]}}],"collection":[{"href":"https:\/\/institutulxenopol.ro\/en\/wp-json\/wp\/v2\/pages"}],"about":[{"href":"https:\/\/institutulxenopol.ro\/en\/wp-json\/wp\/v2\/types\/page"}],"author":[{"embeddable":true,"href":"https:\/\/institutulxenopol.ro\/en\/wp-json\/wp\/v2\/users\/1"}],"replies":[{"embeddable":true,"href":"https:\/\/institutulxenopol.ro\/en\/wp-json\/wp\/v2\/comments?post=3338"}],"version-history":[{"count":28,"href":"https:\/\/institutulxenopol.ro\/en\/wp-json\/wp\/v2\/pages\/3338\/revisions"}],"predecessor-version":[{"id":4942,"href":"https:\/\/institutulxenopol.ro\/en\/wp-json\/wp\/v2\/pages\/3338\/revisions\/4942"}],"wp:attachment":[{"href":"https:\/\/institutulxenopol.ro\/en\/wp-json\/wp\/v2\/media?parent=3338"}],"curies":[{"name":"wp","href":"https:\/\/api.w.org\/{rel}","templated":true}]}}