{"id":3285,"date":"2025-10-22T13:26:06","date_gmt":"2025-10-22T10:26:06","guid":{"rendered":"https:\/\/institutulxenopol.ro\/?page_id=3285"},"modified":"2025-11-21T16:05:23","modified_gmt":"2025-11-21T13:05:23","slug":"gorovei-stefan","status":"publish","type":"page","link":"https:\/\/institutulxenopol.ro\/en\/gorovei-stefan\/","title":{"rendered":"Gorovei Stefan"},"content":{"rendered":"\t\t<div data-elementor-type=\"wp-page\" data-elementor-id=\"3285\" class=\"elementor elementor-3285\">\n\t\t\t\t<div class=\"elementor-element elementor-element-56d91d7 e-flex e-con-boxed e-con e-parent\" data-id=\"56d91d7\" data-element_type=\"container\" data-e-type=\"container\" data-settings=\"{&quot;background_background&quot;:&quot;classic&quot;}\">\n\t\t\t\t\t<div class=\"e-con-inner\">\n\t\t<div class=\"elementor-element elementor-element-778c37fe e-con-full e-flex e-con e-child\" data-id=\"778c37fe\" data-element_type=\"container\" data-e-type=\"container\">\n\t\t\t\t<\/div>\n\t\t\t\t\t<\/div>\n\t\t\t\t<\/div>\n\t\t<div class=\"elementor-element elementor-element-385da13e e-flex e-con-boxed e-con e-parent\" data-id=\"385da13e\" data-element_type=\"container\" data-e-type=\"container\">\n\t\t\t\t\t<div class=\"e-con-inner\">\n\t\t<div class=\"elementor-element elementor-element-1fe2060c e-con-full e-flex e-con e-child\" data-id=\"1fe2060c\" data-element_type=\"container\" data-e-type=\"container\">\n\t\t\t\t<div class=\"elementor-element elementor-element-11ddfb29 elementor-widget elementor-widget-heading\" data-id=\"11ddfb29\" data-element_type=\"widget\" data-e-type=\"widget\" data-widget_type=\"heading.default\">\n\t\t\t\t\t<h2 class=\"elementor-heading-title elementor-size-default\">Cercet\u0103tor \u015etiin\u0163ific I dr. \u0218tefan Gorovei<\/h2>\t\t\t\t<\/div>\n\t\t\t\t<div class=\"elementor-element elementor-element-4e5d15f1 elementor-widget elementor-widget-text-editor\" data-id=\"4e5d15f1\" data-element_type=\"widget\" data-e-type=\"widget\" data-widget_type=\"text-editor.default\">\n\t\t\t\t\t\t\t\t\t<p>Colectivul de Istorie medieval\u0103<\/p>\t\t\t\t\t\t\t\t<\/div>\n\t\t<div class=\"elementor-element elementor-element-a7ea7c0 e-grid e-con-full e-con e-child\" data-id=\"a7ea7c0\" data-element_type=\"container\" data-e-type=\"container\">\n\t\t\t\t<div class=\"elementor-element elementor-element-73ad1c1 elementor-widget elementor-widget-image\" data-id=\"73ad1c1\" data-element_type=\"widget\" data-e-type=\"widget\" data-widget_type=\"image.default\">\n\t\t\t\t\t\t\t\t\t\t\t\t\t\t\t<img decoding=\"async\" src=\"https:\/\/institutulxenopol.ro\/wp-content\/plugins\/elementor\/assets\/images\/placeholder.png\" title=\"\" alt=\"\" loading=\"lazy\" \/>\t\t\t\t\t\t\t\t\t\t\t\t\t\t\t<\/div>\n\t\t\t\t<div class=\"elementor-element elementor-element-1691fb4b elementor-align-start elementor-icon-list--layout-traditional elementor-list-item-link-full_width elementor-widget elementor-widget-icon-list\" data-id=\"1691fb4b\" data-element_type=\"widget\" data-e-type=\"widget\" data-widget_type=\"icon-list.default\">\n\t\t\t\t\t\t\t<ul class=\"elementor-icon-list-items\">\n\t\t\t\t\t\t\t<li class=\"elementor-icon-list-item\">\n\t\t\t\t\t\t\t\t\t\t\t<a href=\"mailto:stefangorovei@yahoo.fr\">\n\n\t\t\t\t\t\t\t\t\t\t\t\t<span class=\"elementor-icon-list-icon\">\n\t\t\t\t\t\t\t<svg aria-hidden=\"true\" class=\"e-font-icon-svg e-far-envelope\" viewBox=\"0 0 512 512\" xmlns=\"http:\/\/www.w3.org\/2000\/svg\"><path d=\"M464 64H48C21.49 64 0 85.49 0 112v288c0 26.51 21.49 48 48 48h416c26.51 0 48-21.49 48-48V112c0-26.51-21.49-48-48-48zm0 48v40.805c-22.422 18.259-58.168 46.651-134.587 106.49-16.841 13.247-50.201 45.072-73.413 44.701-23.208.375-56.579-31.459-73.413-44.701C106.18 199.465 70.425 171.067 48 152.805V112h416zM48 400V214.398c22.914 18.251 55.409 43.862 104.938 82.646 21.857 17.205 60.134 55.186 103.062 54.955 42.717.231 80.509-37.199 103.053-54.947 49.528-38.783 82.032-64.401 104.947-82.653V400H48z\"><\/path><\/svg>\t\t\t\t\t\t<\/span>\n\t\t\t\t\t\t\t\t\t\t<span class=\"elementor-icon-list-text\">stefangorovei@yahoo.fr<\/span>\n\t\t\t\t\t\t\t\t\t\t\t<\/a>\n\t\t\t\t\t\t\t\t\t<\/li>\n\t\t\t\t\t\t\t\t<li class=\"elementor-icon-list-item\">\n\t\t\t\t\t\t\t\t\t\t\t<a href=\"https:\/\/uaic.academia.edu\/wwwuaicro\">\n\n\t\t\t\t\t\t\t\t\t\t\t\t<span class=\"elementor-icon-list-icon\">\n\t\t\t\t\t\t\t<svg aria-hidden=\"true\" class=\"e-font-icon-svg e-fas-chevron-right\" viewBox=\"0 0 320 512\" xmlns=\"http:\/\/www.w3.org\/2000\/svg\"><path d=\"M285.476 272.971L91.132 467.314c-9.373 9.373-24.569 9.373-33.941 0l-22.667-22.667c-9.357-9.357-9.375-24.522-.04-33.901L188.505 256 34.484 101.255c-9.335-9.379-9.317-24.544.04-33.901l22.667-22.667c9.373-9.373 24.569-9.373 33.941 0L285.475 239.03c9.373 9.372 9.373 24.568.001 33.941z\"><\/path><\/svg>\t\t\t\t\t\t<\/span>\n\t\t\t\t\t\t\t\t\t\t<span class=\"elementor-icon-list-text\">Academia.EDU - \u0218tefan Gorovei<\/span>\n\t\t\t\t\t\t\t\t\t\t\t<\/a>\n\t\t\t\t\t\t\t\t\t<\/li>\n\t\t\t\t\t\t<\/ul>\n\t\t\t\t\t\t<\/div>\n\t\t\t\t<\/div>\n\t\t\t\t<\/div>\n\t\t\t\t<div class=\"elementor-element elementor-element-588363d1 elementor-widget elementor-widget-spacer\" data-id=\"588363d1\" data-element_type=\"widget\" data-e-type=\"widget\" data-widget_type=\"spacer.default\">\n\t\t\t\t\t\t\t<div class=\"elementor-spacer\">\n\t\t\t<div class=\"elementor-spacer-inner\"><\/div>\n\t\t<\/div>\n\t\t\t\t\t\t<\/div>\n\t\t\t\t<div class=\"elementor-element elementor-element-58c755e0 elementor-widget elementor-widget-eael-adv-tabs\" data-id=\"58c755e0\" data-element_type=\"widget\" data-e-type=\"widget\" data-widget_type=\"eael-adv-tabs.default\">\n\t\t\t\t\t        <div data-scroll-on-click=\"\" data-scroll-speed=\"300\" id=\"eael-advance-tabs-58c755e0\" class=\"eael-advance-tabs eael-tabs-horizontal eael-tab-auto-active  active-caret-on\" data-tabid=\"58c755e0\">\n            <div class=\"eael-tabs-nav \">\n                <ul class=\"\" role=\"tablist\">\n                                            <li id=\"prezentare\" class=\"inactive eael-tab-item-trigger eael-tab-nav-item\" aria-selected=\"true\" data-tab=\"1\" role=\"tab\" tabindex=\"0\" aria-controls=\"prezentare-tab\" aria-expanded=\"false\">\n                            \n                            \n                            \n                                                            <span class=\"eael-tab-title title-after-icon\" >Prezentare<\/span>                                                    <\/li>\n                                            <li id=\"publicaii\" class=\"inactive eael-tab-item-trigger eael-tab-nav-item\" aria-selected=\"false\" data-tab=\"2\" role=\"tab\" tabindex=\"-1\" aria-controls=\"publicaii-tab\" aria-expanded=\"false\">\n                            \n                            \n                            \n                                                            <span class=\"eael-tab-title title-after-icon\" >Publica\u021bii<\/span>                                                    <\/li>\n                                            <li id=\"curriculum-vitae\" class=\"inactive eael-tab-item-trigger eael-tab-nav-item\" aria-selected=\"false\" data-tab=\"3\" role=\"tab\" tabindex=\"-1\" aria-controls=\"curriculum-vitae-tab\" aria-expanded=\"false\">\n                            \n                            \n                            \n                                                            <span class=\"eael-tab-title title-after-icon\" >Curriculum vitae<\/span>                                                    <\/li>\n                    \n                                  <\/ul>\n            <\/div>\n            \n            <div class=\"eael-tabs-content\">\n\t\t        \n                    <div id=\"prezentare-tab\" class=\"clearfix eael-tab-content-item inactive\" data-title-link=\"prezentare-tab\">\n\t\t\t\t        <p style=\"text-align: justify\">Absolvent al Facult\u0103\u0163ii de Istorie a Universit\u0103\u0163ii \u201eAlexandru Ioan Cuza\u201d din Ia\u015fi (1971). Doctor \u00een istorie (1993). Direc\u021bii \u0219i domenii de cercetare: istoria Evului Mediu rom\u00e2nesc \u015fi a epocii premoderne (istoria Puterii, istorie politic\u0103, social\u0103, cultural\u0103; genealogie; heraldic\u0103; istoria ora\u015felor; istorie eclesiastic\u0103; istoriografie). \u0218apte volume de autor \u0219i dou\u0103 volume publicate \u00een colaborare. C\u00e2teva sute de studii \u0219i articole ap\u0103rute \u00een periodice \u0219i \u00een volume colective. Cinci edi\u021bii \u0219i 12 volume \u00eengrijite singur sau \u00een colaborare. C\u00e2teva sute de comunic\u0103ri \u0219i conferin\u021be la reuniuni \u0219tiin\u021bifice din \u021bar\u0103 \u0219i din afara \u021b\u0103rii. Membru-fondator al Comisiei Na\u021bionale de Heraldic\u0103, Genealogie \u015fi Sigilografie a Academiei Rom\u00e2ne (1971); fondator al Filialei Ia\u0219i a acestei Comisii (1993) \u0219i al Institutului Rom\u00e2n de Genealogie \u015fi Heraldic\u0103 \u201eSever Zotta\u201d (1996); membru al Academiei Interna\u0163ionale de Genealogie (1998). Promotor al cercet\u0103rilor de genealogie \u0219i heraldic\u0103 medieval\u0103 rom\u00e2neasc\u0103, organizator al mai multor congrese na\u021bionale de genealogie \u0219i heraldic\u0103 \u0219i al unui colocviu interna\u021bional de genealogie (2007). Redactor \u0219ef al revistei \u201eAnalele Putnei\u201d (2005), membru \u00een colegiul de redac\u0163ie al revistelor \u201eStudii \u0219i Materiale de Istorie Medie\u201d (2007) \u0219i \u201eAnalele \u015etiin\u0163ifice ale Universit\u0103\u0163ii \u00abAlexandru Ioan Cuza\u00bb din Ia\u015fi\u201d (serie nou\u0103), Istorie (2004). Premiul \u201eNicolae B\u0103lcescu\u201d al Academiei Rom\u00e2ne (1978). Ordinul \u201eMeritul Cultural\u201d \u00een grad de Ofi\u0163er (2004).<\/p>                    <\/div>\n\t\t        \n                    <div id=\"publicaii-tab\" class=\"clearfix eael-tab-content-item inactive\" data-title-link=\"publicaii-tab\">\n\t\t\t\t        <style>.elementor-4346 .elementor-element.elementor-element-3d594f31{--display:flex;}.elementor-4346 .elementor-element.elementor-element-724e9579 .eael-adv-accordion .eael-accordion-list .eael-accordion-header .fa-accordion-icon{font-size:16px;color:var( --e-global-color-secondary );}.elementor-4346 .elementor-element.elementor-element-724e9579 .eael-adv-accordion .eael-accordion-list .eael-accordion-header svg.fa-accordion-icon{height:16px;width:16px;line-height:16px;}.elementor-4346 .elementor-element.elementor-element-724e9579 .eael-accordion_media-list .eael-accordion_media-icon i{font-size:16px;}.elementor-4346 .elementor-element.elementor-element-724e9579 .eael-accordion_media-list .eael-accordion_media-icon svg{height:16px;width:16px;line-height:16px;}.elementor-4346 .elementor-element.elementor-element-724e9579 .eael-adv-accordion .eael-accordion-list .eael-accordion-header .fa-accordion-icon,\n                    .elementor-4346 .elementor-element.elementor-element-724e9579 .eael-accordion_media-wrapper .eael-accordion_media-lists .eael-accordion_media-list{gap:10px;}.elementor-4346 .elementor-element.elementor-element-724e9579 .eael-adv-accordion .eael-accordion-list .eael-accordion-header, \n                .elementor-4346 .elementor-element.elementor-element-724e9579 .eael-accordion_media-wrapper .eael-accordion_media-list{background-color:var( --e-global-color-astglobalcolor4 );}.elementor-4346 .elementor-element.elementor-element-724e9579 .eael-adv-accordion .eael-accordion-list .eael-accordion-header .eael-accordion-tab-title{color:var( --e-global-color-secondary );}.elementor-4346 .elementor-element.elementor-element-724e9579 .eael-accordion_media-content .eael-accordion_media-title{color:var( --e-global-color-secondary );}.elementor-4346 .elementor-element.elementor-element-724e9579 .eael-adv-accordion .eael-accordion-list .eael-accordion-header .fa-accordion-icon-svg svg{color:var( --e-global-color-secondary );fill:var( --e-global-color-secondary );}.elementor-4346 .elementor-element.elementor-element-724e9579 .eael-adv-accordion .eael-accordion-list .eael-accordion-header svg{fill:var( --e-global-color-secondary );}.elementor-4346 .elementor-element.elementor-element-724e9579 .eael-accordion_media-list .eael-accordion_media-icon{color:var( --e-global-color-secondary );}.elementor-4346 .elementor-element.elementor-element-724e9579 .eael-adv-accordion .eael-accordion-list .eael-accordion-header:hover .eael-accordion-tab-title,\n                    .elementor-4346 .elementor-element.elementor-element-724e9579 .eael-accordion_media-list:not(.active):hover .eael-accordion_media-title{color:var( --e-global-color-primary );}.elementor-4346 .elementor-element.elementor-element-724e9579 .eael-adv-accordion .eael-accordion-list .eael-accordion-header:hover .fa-accordion-icon{color:var( --e-global-color-primary );}.elementor-4346 .elementor-element.elementor-element-724e9579 .eael-adv-accordion .eael-accordion-list .eael-accordion-header:hover .fa-accordion-icon svg{color:var( --e-global-color-primary );fill:var( --e-global-color-primary );}.elementor-4346 .elementor-element.elementor-element-724e9579 .eael-adv-accordion .eael-accordion-list .eael-accordion-header:hover svg.fa-accordion-icon{fill:var( --e-global-color-primary );}.elementor-4346 .elementor-element.elementor-element-724e9579 .eael-accordion_media-list:hover .eael-accordion_media-icon i{color:var( --e-global-color-primary );}.elementor-4346 .elementor-element.elementor-element-724e9579 .eael-accordion_media-list:hover .eael-accordion_media-icon svg{fill:var( --e-global-color-primary );}.elementor-4346 .elementor-element.elementor-element-724e9579 .eael-adv-accordion .eael-accordion-list .eael-accordion-header.active{color:var( --e-global-color-primary );}.elementor-4346 .elementor-element.elementor-element-724e9579 .eael-adv-accordion .eael-accordion-list .eael-accordion-header.active .eael-accordion-tab-title{color:var( --e-global-color-primary );}.elementor-4346 .elementor-element.elementor-element-724e9579 .eael-adv-accordion .eael-accordion-list .eael-accordion-header.active .fa-accordion-icon{color:var( --e-global-color-primary );}.elementor-4346 .elementor-element.elementor-element-724e9579 .eael-adv-accordion .eael-accordion-list .eael-accordion-header.active .fa-accordion-icon svg{color:var( --e-global-color-primary );fill:var( --e-global-color-primary );}.elementor-4346 .elementor-element.elementor-element-724e9579 .eael-adv-accordion .eael-accordion-list .eael-accordion-header.active svg.fa-accordion-icon{fill:var( --e-global-color-primary );}.elementor-4346 .elementor-element.elementor-element-724e9579 .eael-accordion_media-list.active .eael-accordion_media-icon i{color:var( --e-global-color-primary );}.elementor-4346 .elementor-element.elementor-element-724e9579 .eael-accordion_media-list.active .eael-accordion_media-icon svg{fill:var( --e-global-color-primary );}.elementor-4346 .elementor-element.elementor-element-724e9579 .eael-adv-accordion .eael-accordion-list .eael-accordion-content{color:var( --e-global-color-secondary );}.elementor-4346 .elementor-element.elementor-element-724e9579 .eael-accordion_media-list .eael-accordion_media-content .eael-accordion_media-description{color:var( --e-global-color-secondary );}<\/style>\t\t<div data-elementor-type=\"container\" data-elementor-id=\"4346\" class=\"elementor elementor-4346\">\n\t\t\t\t<div class=\"elementor-element elementor-element-3d594f31 e-flex e-con-boxed e-con e-parent\" data-id=\"3d594f31\" data-element_type=\"container\" data-e-type=\"container\">\n\t\t\t\t\t<div class=\"e-con-inner\">\n\t\t\t\t<div class=\"elementor-element elementor-element-724e9579 elementor-widget elementor-widget-eael-adv-accordion\" data-id=\"724e9579\" data-element_type=\"widget\" data-e-type=\"widget\" data-widget_type=\"eael-adv-accordion.default\">\n\t\t\t\t\t            <div class=\"eael-adv-accordion\" id=\"eael-adv-accordion-724e9579\" data-scroll-on-click=\"no\" data-scroll-speed=\"300\" data-accordion-id=\"724e9579\" data-accordion-type=\"accordion\" data-toogle-speed=\"300\">\n            <div class=\"eael-accordion-list\">\n\t\t\t\t\t<div id=\"volume-de-autor\" class=\"elementor-tab-title eael-accordion-header\" tabindex=\"0\" data-tab=\"1\" aria-controls=\"elementor-tab-content-1911\"><span class=\"eael-advanced-accordion-icon-closed\"><svg aria-hidden=\"true\" class=\"fa-accordion-icon e-font-icon-svg e-fas-plus\" viewBox=\"0 0 448 512\" xmlns=\"http:\/\/www.w3.org\/2000\/svg\"><path d=\"M416 208H272V64c0-17.67-14.33-32-32-32h-32c-17.67 0-32 14.33-32 32v144H32c-17.67 0-32 14.33-32 32v32c0 17.67 14.33 32 32 32h144v144c0 17.67 14.33 32 32 32h32c17.67 0 32-14.33 32-32V304h144c17.67 0 32-14.33 32-32v-32c0-17.67-14.33-32-32-32z\"><\/path><\/svg><\/span><span class=\"eael-advanced-accordion-icon-opened\"><svg aria-hidden=\"true\" class=\"fa-accordion-icon e-font-icon-svg e-fas-minus\" viewBox=\"0 0 448 512\" xmlns=\"http:\/\/www.w3.org\/2000\/svg\"><path d=\"M416 208H32c-17.67 0-32 14.33-32 32v32c0 17.67 14.33 32 32 32h384c17.67 0 32-14.33 32-32v-32c0-17.67-14.33-32-32-32z\"><\/path><\/svg><\/span><span class=\"eael-accordion-tab-title\">Volume de autor<\/span><\/div><div id=\"elementor-tab-content-1911\" class=\"eael-accordion-content clearfix\" data-tab=\"1\" aria-labelledby=\"volume-de-autor\"><p><em>&#8211; M\u0103n\u0103stirea Dragomirna. Amintirile unui loc de memorie<\/em>, Editura \u201eMitropolit Iacov Putneanul\u201d, Suceava, 2017, 130 p. cu ilustra\u021bii (\u015fi versiuni \u00een limbile francez\u0103, englez\u0103 \u015fi german\u0103).<\/p><p><em>&#8211; Maria Asanina Paleologhina. O prin\u0163es\u0103 bizantin\u0103 pe tronul Moldovei<\/em>, \u00een colaborare cu Maria Magdalena Sz\u00e9kely, carte tip\u0103rit\u0103 cu binecuv\u00e2ntarea \u00cenalt Prea Sfin\u0163itului Pimen, Arhiepiscop al Sucevei \u015fi R\u0103d\u0103u\u0163ilor, Sf\u00e2nta M\u0103n\u0103stire Putna, 2006, 290 p. + 244 ilustra\u0163ii color.<\/p><p><em>&#8211; M\u0103n\u0103stirea Dragomirna<\/em>, cu fotografii de Victor Borta\u015f, Editura \u201eVictor B Victor\u201d, Bucure\u015fti, 2006, 120 p. cu ilustra\u021bii (\u0219i versiuni \u00een limbile englez\u0103, francez\u0103, german\u0103).<\/p><p><em>&#8211; <strong>Princeps omni laude maior<\/strong>. O istorie a lui \u015etefan cel Mare<\/em>, \u00een colaborare cu Maria Magdalena Sz\u00e9kely, carte tip\u0103rit\u0103 cu binecuv\u00e2ntarea \u00cenalt Prea Sfin\u0163itului Pimen, Arhiepiscop al Sucevei \u015fi R\u0103d\u0103u\u0163ilor, Sf\u00e2nta M\u0103n\u0103stire Putna, 2005, 630 p. + ilustra\u0163ii (reeditat\u0103 \u00een 2024).<\/p><p><em>&#8211; \u00centre istoria real\u0103 \u015fi imaginar. Ac\u0163iuni politice \u015fi culturale \u00een veacul XVIII<\/em>, Editura \u201eUniversit\u0103\u0163ii Alexandru Ioan Cuza\u201d, Ia\u015fi, 2003, 240 p.<\/p><p><em>&#8211; \u00centemeierea Moldovei. Probleme controversate<\/em>, Editura Universit\u0103\u0163ii \u201eAlexandru Ioan Cuza\u201d, Ia\u015fi, 1997, 332 p. (reeditat\u0103 \u00een 2014).<\/p><p><em>&#8211; Petru Rare\u015f<\/em> <em>(1527\u20131538, 1541\u20131546)<\/em>, Editura Militar\u0103, Bucure\u015fti, 1982, 230 p.<\/p><p><em>&#8211; Mu\u015fatinii<\/em>, Editura \u201eAlbatros\u201d, Bucure\u015fti, 1976, 172 p. (reprodus\u0103 la Chi\u015fin\u0103u, \u00een 1991).<\/p><p><em>&#8211; Drago\u015f \u015fi Bogdan, \u00eentemeietorii Moldovei. Probleme ale form\u0103rii statului feudal Moldova<\/em>, Editura Militar\u0103, Bucure\u015fti, 1973, 168 p.<\/p><\/div>\n\t\t\t\t\t<\/div><div class=\"eael-accordion-list\">\n\t\t\t\t\t<div id=\"ediii\" class=\"elementor-tab-title eael-accordion-header\" tabindex=\"0\" data-tab=\"2\" aria-controls=\"elementor-tab-content-1912\"><span class=\"eael-advanced-accordion-icon-closed\"><svg aria-hidden=\"true\" class=\"fa-accordion-icon e-font-icon-svg e-fas-plus\" viewBox=\"0 0 448 512\" xmlns=\"http:\/\/www.w3.org\/2000\/svg\"><path d=\"M416 208H272V64c0-17.67-14.33-32-32-32h-32c-17.67 0-32 14.33-32 32v144H32c-17.67 0-32 14.33-32 32v32c0 17.67 14.33 32 32 32h144v144c0 17.67 14.33 32 32 32h32c17.67 0 32-14.33 32-32V304h144c17.67 0 32-14.33 32-32v-32c0-17.67-14.33-32-32-32z\"><\/path><\/svg><\/span><span class=\"eael-advanced-accordion-icon-opened\"><svg aria-hidden=\"true\" class=\"fa-accordion-icon e-font-icon-svg e-fas-minus\" viewBox=\"0 0 448 512\" xmlns=\"http:\/\/www.w3.org\/2000\/svg\"><path d=\"M416 208H32c-17.67 0-32 14.33-32 32v32c0 17.67 14.33 32 32 32h384c17.67 0 32-14.33 32-32v-32c0-17.67-14.33-32-32-32z\"><\/path><\/svg><\/span><span class=\"eael-accordion-tab-title\">Edi\u0163ii<\/span><\/div><div id=\"elementor-tab-content-1912\" class=\"eael-accordion-content clearfix\" data-tab=\"2\" aria-labelledby=\"ediii\"><p>&#8211; Alexandru I. Gon\u0163a, <em>Studii de istorie medieval\u0103<\/em>, texte selectate \u015fi preg\u0103tite pentru tipar de Maria Magdalena Sz\u00e9kely \u015fi \u015etefan S. Gorovei; cu un cuv\u00e2nt \u00eenainte de Ioan Capro\u015fu, Editura \u201eDosoftei\u201d, Ia\u015fi, 1998, 404 p.<\/p><p>&#8211; Emil Turdeanu, <em>Oameni \u015fi c\u0103r\u0163i de alt\u0103dat\u0103<\/em>, I, edi\u0163ie \u00eengrijit\u0103 de \u015etefan S. Gorovei \u015fi Maria Magdalena Sz\u00e9kely, note complementare, traduceri \u015fi postfa\u0163\u0103 de \u015etefan S. Gorovei, Editura Enciclopedic\u0103, Bucure\u015fti, 1997, 400 p.<\/p><p>&#8211; P. P. Panaitescu, <em>Petru Movil\u0103. Studii<\/em>, edi\u0163ie \u00eengrijit\u0103, postfa\u0163\u0103, note \u015fi comentarii de \u015etefan S. Gorovei \u015fi Maria Magdalena Sz\u00e9kely, Editura Enciclopedic\u0103, Bucure\u015fti, 1996, 154 p.<\/p><p>&#8211; P. P. Panaitescu, <em>Interpret\u0103ri rom\u00e2ne\u015fti<\/em>, edi\u0163ie \u00eengrijit\u0103, postfa\u0163\u0103, note \u015fi comentarii de \u015etefan S. Gorovei \u015fi Maria Magdalena Sz\u00e9kely, Editura Enciclopedic\u0103, Bucure\u015fti, 1994, 260 p.<\/p><p><em>&#8211; Izvoare str\u0103ine pentru istoria rom\u00e2nilor<\/em> (= <em>Rom\u00e2nii \u00een istoria universal\u0103<\/em>, III\/3), Ia\u015fi, 1988, 456 p.<\/p><p>&#8211; P. P. Panaitescu, <em>Nicolae Milescu Sp\u0103tarul<\/em>, edi\u0163ie \u00eengrijit\u0103, studiu introductiv \u015fi note, Editura \u201eJunimea\u201d, Ia\u015fi, 1987, 108 p. (reprodus\u0103 la Editura \u201e\u015etiin\u0163a\u201d, Chi\u015fin\u0103u, 1993, 188 p.).<\/p><p>&#8211; Paharnicul Costandin Sion, <em>Arhondologia Moldovei. Amintiri \u0219i note contimporane. Boierii moldoveni<\/em>, Editura \u201eMinerva\u201d, Bucure\u0219ti, 1973 (colaborare: <em>Postfa\u021b\u0103, note \u0219i comentarii de ~<\/em>).<\/p><\/div>\n\t\t\t\t\t<\/div><div class=\"eael-accordion-list\">\n\t\t\t\t\t<div id=\"volume-ngrijite-n-colaborare-cu-maria-magdalena-szkely\" class=\"elementor-tab-title eael-accordion-header\" tabindex=\"0\" data-tab=\"3\" aria-controls=\"elementor-tab-content-1913\"><span class=\"eael-advanced-accordion-icon-closed\"><svg aria-hidden=\"true\" class=\"fa-accordion-icon e-font-icon-svg e-fas-plus\" viewBox=\"0 0 448 512\" xmlns=\"http:\/\/www.w3.org\/2000\/svg\"><path d=\"M416 208H272V64c0-17.67-14.33-32-32-32h-32c-17.67 0-32 14.33-32 32v144H32c-17.67 0-32 14.33-32 32v32c0 17.67 14.33 32 32 32h144v144c0 17.67 14.33 32 32 32h32c17.67 0 32-14.33 32-32V304h144c17.67 0 32-14.33 32-32v-32c0-17.67-14.33-32-32-32z\"><\/path><\/svg><\/span><span class=\"eael-advanced-accordion-icon-opened\"><svg aria-hidden=\"true\" class=\"fa-accordion-icon e-font-icon-svg e-fas-minus\" viewBox=\"0 0 448 512\" xmlns=\"http:\/\/www.w3.org\/2000\/svg\"><path d=\"M416 208H32c-17.67 0-32 14.33-32 32v32c0 17.67 14.33 32 32 32h384c17.67 0 32-14.33 32-32v-32c0-17.67-14.33-32-32-32z\"><\/path><\/svg><\/span><span class=\"eael-accordion-tab-title\">Volume \u00eengrijite (\u00een colaborare cu Maria Magdalena Sz\u00e9kely)<\/span><\/div><div id=\"elementor-tab-content-1913\" class=\"eael-accordion-content clearfix\" data-tab=\"3\" aria-labelledby=\"volume-ngrijite-n-colaborare-cu-maria-magdalena-szkely\"><p><em>&#8211; Dragomirna. Ctitori \u015fi restauratori<\/em>, carte tip\u0103rit\u0103 cu binecuv\u00e2ntarea \u00cenaltpreasfin\u0163itului Pimen, Arhiepiscop al Sucevei \u015fi R\u0103d\u0103u\u0163ilor, Sf\u00e2nta M\u0103n\u0103stire Dragomirna, 2015, 224 p.<\/p><p><em>&#8211; Dragomirna. Istorie, tezaur ctitori<\/em>, I\u2013II, carte tip\u0103rit\u0103 cu binecuv\u00e2ntarea \u00cenaltpreasfin\u0163itului Pimen, Arhiepiscop al Sucevei \u015fi R\u0103d\u0103u\u0163ilor, Sf\u00e2nta M\u0103n\u0103stire Dragomirna, 2014, 412 + 352 p.<\/p><p><em>&#8211; Dragomirna \u015fi ctitorii ei<\/em>, Actele colocviului din 20\u201323 iulie 2009, carte tip\u0103rit\u0103 cu binecuv\u00e2ntarea \u00cenaltpreasfin\u0163itului Pimen, Arhiepiscop al Sucevei \u015fi R\u0103d\u0103u\u0163ilor, Sf\u00e2nta M\u0103n\u0103stire Dragomirna, 2014, 466 p.<\/p><p><em>&#8211; Pomenirea lui \u015etefan cel Mare<\/em>, II, carte tip\u0103rit\u0103 cu binecuv\u00e2ntarea \u00cenalt Prea Sfin\u0163itului Pimen, Arhiepiscop al Sucevei \u015fi R\u0103d\u0103u\u0163ilor, Sf\u00e2nta M\u0103n\u0103stire Putna, 2009, 130 p.<\/p><p><em>&#8211; Cuvinte despre \u015etefan cel Mare<\/em>, II (Mircea Eliade, Emil Turdeanu, Faust Br\u0103descu), carte tip\u0103rit\u0103 cu binecuv\u00e2ntarea \u00cenalt Prea Sfin\u0163itului Pimen, Arhiepiscop al Sucevei \u015fi R\u0103d\u0103u\u0163ilor, Sf\u00e2nta M\u0103n\u0103stire Putna, 2007, 176 p.<\/p><p><em>&#8211; Cuvinte despre \u015etefan cel Mare<\/em>, I (Ierodiaconul Gherasim Putneanul, A. D. Xenopol, Dimitre Onciul), carte tip\u0103rit\u0103 cu binecuv\u00e2ntarea \u00cenalt Prea Sfin\u0163itului Pimen, Arhiepiscop al Sucevei \u015fi R\u0103d\u0103u\u0163ilor, Sf\u00e2nta M\u0103n\u0103stire Putna, 2007, 106 p.<\/p><p>&#8211; N. Iorga, <em>Pomenirea lui \u015etefan cel Mare<\/em>, carte tip\u0103rit\u0103 cu binecuv\u00e2ntarea \u00cenalt Prea Sfin\u0163itului Pimen, Arhiepiscop al Sucevei \u015fi R\u0103d\u0103u\u0163ilor, Sf\u00e2nta M\u0103n\u0103stire Putna, 2007, 102 p.<\/p><p><em>&#8211; Movile\u015ftii. Istorie \u015fi spiritualitate rom\u00e2neasc\u0103<\/em>, II. <em>Ieremia Movil\u0103. Domnul. Familia. Epoca<\/em>, carte tip\u0103rit\u0103 cu binecuv\u00e2ntarea \u00cenalt Prea Sfin\u0163itului Pimen, Arhiepiscop al Sucevei \u015fi R\u0103d\u0103u\u0163ilor, Sf\u00e2nta M\u0103n\u0103stire Sucevi\u0163a, 2006, 370 p.<\/p><p><em>&#8211; <\/em><strong><em>De Potestate<\/em><\/strong><em>. Semne \u015fi expresii ale puterii \u00een Evul Mediu rom\u00e2nesc<\/em>, Editura Universit\u0103\u0163ii \u201eAlexandru Ioan Cuza\u201d, Ia\u015fi, 2006, 630 p.<\/p><p><em>&#8211; Movile\u015ftii. Istorie \u015fi spiritualitate rom\u00e2neasc\u0103<\/em>, I. <em>\u201eCasa noastr\u0103 Movileasc\u0103\u201d<\/em>, carte tip\u0103rit\u0103 cu binecuv\u00e2ntarea \u00cenalt Prea Sfin\u0163itului Pimen, Arhiepiscop al Sucevei \u015fi R\u0103d\u0103u\u0163ilor, Sf\u00e2nta M\u0103n\u0103stire Sucevi\u0163a, 2006, 330 p.<\/p><p><em>&#8211; \u015etefan cel Mare \u015fi Sf\u00e2nt. Atlet al credin\u0163ei cre\u015ftine<\/em>, carte tip\u0103rit\u0103 cu binecuv\u00e2ntarea \u00cenalt Prea Sfin\u0163itului Pimen, Arhiepiscop al Sucevei \u015fi R\u0103d\u0103u\u0163ilor, Sf\u00e2nta M\u0103n\u0103stire Putna, 2004, 514 p.<\/p><p><em>&#8211; \u015etefan cel Mare \u015fi Sf\u00e2nt. Portret \u00een cronic\u0103<\/em>, carte tip\u0103rit\u0103 cu binecuv\u00e2ntarea \u00cenalt Prea Sfin\u0163itului Pimen, Arhiepiscop al Sucevei \u015fi R\u0103d\u0103u\u0163ilor, Sf\u00e2nta M\u0103n\u0103stire Putna, 2004, 375 p.<\/p><p><em>&#8211; \u015etefan cel Mare \u015fi Sf\u00e2nt. Portret \u00een istorie<\/em>, carte tip\u0103rit\u0103 cu binecuv\u00e2ntarea \u00cenalt Prea Sfin\u0163itului Pimen, Arhiepiscop al Sucevei \u015fi R\u0103d\u0103u\u0163ilor, Sf\u00e2nta M\u0103n\u0103stire Putna, 2003, 617 p.<\/p><\/div>\n\t\t\t\t\t<\/div><div class=\"eael-accordion-list\">\n\t\t\t\t\t<div id=\"traduceri\" class=\"elementor-tab-title eael-accordion-header\" tabindex=\"0\" data-tab=\"4\" aria-controls=\"elementor-tab-content-1914\"><span class=\"eael-advanced-accordion-icon-closed\"><svg aria-hidden=\"true\" class=\"fa-accordion-icon e-font-icon-svg e-fas-plus\" viewBox=\"0 0 448 512\" xmlns=\"http:\/\/www.w3.org\/2000\/svg\"><path d=\"M416 208H272V64c0-17.67-14.33-32-32-32h-32c-17.67 0-32 14.33-32 32v144H32c-17.67 0-32 14.33-32 32v32c0 17.67 14.33 32 32 32h144v144c0 17.67 14.33 32 32 32h32c17.67 0 32-14.33 32-32V304h144c17.67 0 32-14.33 32-32v-32c0-17.67-14.33-32-32-32z\"><\/path><\/svg><\/span><span class=\"eael-advanced-accordion-icon-opened\"><svg aria-hidden=\"true\" class=\"fa-accordion-icon e-font-icon-svg e-fas-minus\" viewBox=\"0 0 448 512\" xmlns=\"http:\/\/www.w3.org\/2000\/svg\"><path d=\"M416 208H32c-17.67 0-32 14.33-32 32v32c0 17.67 14.33 32 32 32h384c17.67 0 32-14.33 32-32v-32c0-17.67-14.33-32-32-32z\"><\/path><\/svg><\/span><span class=\"eael-accordion-tab-title\">Traduceri<\/span><\/div><div id=\"elementor-tab-content-1914\" class=\"eael-accordion-content clearfix\" data-tab=\"4\" aria-labelledby=\"traduceri\"><p>&#8211; Donald M. Nicol, <em>\u00cemp\u0103ratul f\u0103r\u0103 de moarte. Via\u0163a \u015fi legenda lui Constantin Paleologul, ultimul \u00eemp\u0103rat al romanilor<\/em>, traducere, note \u015fi comentarii de Maria Magdalena Sz\u00e9kely \u015fi \u015etefan S. Gorovei, Editura \u201ePolirom\u201d, Ia\u015fi, 2003, 166 p.<\/p><\/div>\n\t\t\t\t\t<\/div><div class=\"eael-accordion-list\">\n\t\t\t\t\t<div id=\"studii-i-articole-selectiv-19672024\" class=\"elementor-tab-title eael-accordion-header\" tabindex=\"0\" data-tab=\"5\" aria-controls=\"elementor-tab-content-1915\"><span class=\"eael-advanced-accordion-icon-closed\"><svg aria-hidden=\"true\" class=\"fa-accordion-icon e-font-icon-svg e-fas-plus\" viewBox=\"0 0 448 512\" xmlns=\"http:\/\/www.w3.org\/2000\/svg\"><path d=\"M416 208H272V64c0-17.67-14.33-32-32-32h-32c-17.67 0-32 14.33-32 32v144H32c-17.67 0-32 14.33-32 32v32c0 17.67 14.33 32 32 32h144v144c0 17.67 14.33 32 32 32h32c17.67 0 32-14.33 32-32V304h144c17.67 0 32-14.33 32-32v-32c0-17.67-14.33-32-32-32z\"><\/path><\/svg><\/span><span class=\"eael-advanced-accordion-icon-opened\"><svg aria-hidden=\"true\" class=\"fa-accordion-icon e-font-icon-svg e-fas-minus\" viewBox=\"0 0 448 512\" xmlns=\"http:\/\/www.w3.org\/2000\/svg\"><path d=\"M416 208H32c-17.67 0-32 14.33-32 32v32c0 17.67 14.33 32 32 32h384c17.67 0 32-14.33 32-32v-32c0-17.67-14.33-32-32-32z\"><\/path><\/svg><\/span><span class=\"eael-accordion-tab-title\">Studii \u015fi articole (selectiv, 1967\u20132024)<\/span><\/div><div id=\"elementor-tab-content-1915\" class=\"eael-accordion-content clearfix\" data-tab=\"5\" aria-labelledby=\"studii-i-articole-selectiv-19672024\"><p><em>&#8211; \u00centre cronica \u021b\u0103rii \u0219i cronica familiei. O femeie-copist la \u00eenceputul secolului al XVIII-lea<\/em>, \u00een <em>Zamfirei Mihail. Omagiu<\/em>, volum \u00eengrijit de Lia Brad Chisacof, Simona Nicolae &lt;\u0219i&gt; C\u0103t\u0103lina V\u0103t\u0103\u0219escu, Editurile Scriptor &amp; Mega, Cluj-Napoca, 2024, p. 383\u2013394.<\/p><p><em>&#8211; O pagin\u0103 din istoria unui monument celebru: B\u0103line\u0219ti<\/em>, \u00een <strong>A\u015eUI<\/strong>, s.n., <em>Istorie<\/em>, LXX, 2024, p. 217\u2013231.<\/p><p><em>&#8211; Adnot\u0103ri genealogice<\/em>, \u00een \u201e<em>Prutul<\/em>. Revist\u0103 de Cultur\u0103\u201d, s.n., XIII\u2013XIV (XXII\u2013XXIII), 2023\u20132024, 1\u20134 (71\u201374), p. 205\u2013207.<\/p><p><em>&#8211; C\u0103rturarii neamului Rosetti<\/em>, \u00een \u201e<em>Prutul<\/em>. Revist\u0103 de Cultur\u0103\u201d, s.n., XIII\u2013XIV (XXII\u2013XXIII), 2023\u20132024, 1\u20134 (71\u201374), p. 197\u2013203.<\/p><p><em>&#8211; O tradi\u021bie \u201epre-Neculcian\u0103\u201d \u0219i posibila ei explica\u021bie<\/em>, \u00een \u201e<em>Prutul<\/em>. Revist\u0103 de Cultur\u0103\u201d, s.n., XIII\u2013XIV (XXII\u2013XXIII), 2023\u20132024, 1\u20134 (71\u201374), p. 37\u201344.<\/p><p>&#8211; <em>Testaments princiers (Moldavie, XVI<sup>e<\/sup>\u2013XVII<sup>e<\/sup> si\u00e8cles)<\/em>, \u00een <em>Arrangements before the <\/em><em>&#8222;Great Passage&#8221;. Testamentary Practices and their Implications (Western Europe and the Romanian Lands, 16<sup>th<\/sup> \u2013 19<sup>th<\/sup> Centuries)<\/em>, Edited by Gheorghe Laz\u0103r, Hartung-Gorre Publishers, Konstanz, 2023, p. 101\u2013109.<\/p><p>&#8211; <em>Sub dou\u0103 administra\u021bii. Vornicul Simion T\u0103utu \u015fi familia sa<\/em>, \u00een <em>Miscellanea mediaevalia. Studia in honorem Voica-Maria Pu\u015fca\u015fu<\/em>, ediderunt Elena Gherman, C\u0103t\u0103lin Hriban, Adriana Miron et Senica \u021aurcanu, Editura \u201ePalatul Culturii\u201d, Ia\u015fi, 2023, p. 221\u2013239.<\/p><p>&#8211; <em>B\u0103line\u015fti. Comentarii cronologice \u015fi diplomatice<\/em>, \u00een <em>Familii, re\u015fedin\u021be \u015fi ctitorii boiere\u015fti din Moldova \u015fi \u021aara Rom\u00e2neasc\u0103 (secolele XV\u2013XVII)<\/em>, volum \u00eengrijit de Monica Dejan, cu un cuv\u00e2nt \u00eenainte de Maria Magdalena Sz\u00e9kely, Editura \u201eKarl A. Romstorfer\u201d, Suceava, 2023, p. 135\u2013160.<\/p><p>&#8211; <em>Heraldica teritorial\u0103 \u2013 manifest de putere ?<\/em>, \u00een <strong>A\u015eUI<\/strong>, s.n., <em>Istorie<\/em>, LXIX, 2023, p. 123\u2013137.<\/p><p>&#8211; <em>Les \u201evo\u00efvodes\u201d de Vorone\u021b ou de l\u2019(in)compr\u00e9hension des sources historiques<\/em>, \u00een \u201eAnnals of the Academy of Romanian Scientists\u201d, Series on History and Archaeology, Volume 15, Number 1\/2023, p. 5\u201317.<\/p><p>&#8211; <em>De la F\u0103lticeni la Ia\u015fi: familia \u015eiadbei (\u015eiadbey)<\/em>, \u00een \u201e<em>Ioan Neculce<\/em>. Buletinul Muzeului Municipal \u00abRegina Maria\u00bb Ia\u015fi\u201d, seria a III-a, V, 2023, p. 145\u2013152.<\/p><p>&#8211; <em>\u00cenceputul anului \u00een Moldova lui \u015etefan cel Mare \u015fi <strong>Tetraevanghelele<\/strong> lui Teodor M\u0103ri\u015fescul<\/em>, \u00een <strong>AP<\/strong>, XIX, 2023, 1, p. 31\u201340.<\/p><p>&#8211; <em>\u201e\u00cen mijlocul c\u0103r\u021bilor, singurii mei tovar\u0103\u0219i\u201d. Scrisori de la Ion \u0218iadbei c\u0103tre Artur Gorovei<\/em>, \u00een <strong>CI<\/strong>, s.n., XLII, 2023, p. 203\u2013252.<\/p><p>&#8211; <em>Eduard Gruber c\u0103tre Artur Gorovei. Coresponden\u021b\u0103 1889\u20131895<\/em>, \u00een <strong>AMEM<\/strong>, XXIII, 2023, p. 351\u2013434.<\/p><p>&#8211; <em>Memoria locurilor: ctitori, donatori \u015fi &#8230; risipitori<\/em>, \u00een \u201e<em>Monumentul XXIV<\/em>. Lucr\u0103rile Simpozionului Interna\u0163ional <em>Monumentul \u2013 tradi\u0163ie \u015fi viitor, edi\u0163ia a XXIV\u2010a, Ia\u015fi, 2022<\/em>\u201d, volum coordonat de Lucian\u2010Valeriu Lefter, Aurica Ichim \u015fi Alexandru Gorea, Editura \u201eDoxologia\u201d, Ia\u015fi, 2023, p. 187\u2013196.<\/p><p>&#8211; <em>\u00cen jurul unei spade medievale\u2026<\/em>, \u00een vol. <em>Evul Mediu neterminat. Omagiu adus profesorului Adrian Andrei Rusu cu ocazia \u00eemplinirii v\u00e2rstei de 70 de ani<\/em>, editori: Gianina-Diana Iegar, P\u00e9ter Levente Sz\u0151cs, Gabriela Rusu &lt;\u015fi&gt; Florela Vasilescu, Editura \u201eMega\u201d, Cluj-Napoca, 2022, p. 753\u2013763.<\/p><p>&#8211; <em>\u201eR\u0103zboiul de 30 de ani\u201d al fra\u0163ilor Movil\u0103 (1607\u20131637)<\/em>, \u00een <em>Istoria ca pasiune. Studii oferite profesorului Alexandru Florin Platon la \u00eemplinirea a 65 de ani<\/em>, Petronel Zahariuc, Lauren\u0163iu R\u0103dvan, Liviu Pilat (editori), Editura Universit\u0103\u0163ii \u201eAlexandru Ioan Cuza\u201d, Ia\u015fi, 2022, p. 317\u2013342.<\/p><p>&#8211; <em>O voce a Memoriei<\/em>, cuv\u00e2nt \u00eenainte la: Artur Gorovei, <em>V\u00e2ntur\u00e2nd \u0163ara<\/em>, edi\u0163ie coordonat\u0103 de Liviu Papuc \u015fi Olga Iordache, Editura \u201eJunimea\u201d, Ia\u015fi, 2022, p. 5\u201310.<\/p><p>&#8211; <em>Cuv\u00e2nt-\u00eenainte<\/em> la: Lucian-Valeriu Lefter, <em>Boieri ai Moldovei \u00eenainte \u015fi \u00een vremea lui \u015etefan cel Mare, <\/em>Editura \u201eMega\u201d, Cluj-Napoca, 2022, p. 13\u201317.<\/p><p>&#8211; <em>Un \u201er\u0103ze\u015f\u201d \u015fi opera sa<\/em>, cuv\u00e2nt \u00eenainte la: Ina Chiril\u0103, <em>Gh. Ghib\u0103nescu \u2013 cercet\u0103tor al Istoriei Moldovei medievale<\/em>, Editura Universit\u0103\u0163ii \u201eAlexandru Ioan Cuza\u201d, Ia\u015fi, 2022, p. 7\u201311.<\/p><p>&#8211; <em>Contribu\u021bii \u201em\u0103runte\u201d la istoria M\u0103n\u0103stirii Dragomirna<\/em>, \u00een <strong>AP<\/strong>, XVIII, 2022, p. 17\u201347.<\/p><p>&#8211; <em>N. Iorga. Interferen\u0163e genealogice<\/em>, \u00een <strong>AMS<\/strong>, XXII, 2022, p. 81\u201384.<\/p><p>&#8211; <em>Vintil\u0103 \u015eiadbei \u2013 m\u0103rturii epistolare<\/em>, \u00een \u201e<em>Prutul<\/em>. Revist\u0103 de Cultur\u0103\u201d, s.n., XII (XXI), 2022, 1\u20132 (69\u201370), p. 363\u2013370.<\/p><p>&#8211; <em>Addenda et corrigenda<\/em>, \u00een \u201e<em>Prutul<\/em>. Revist\u0103 de Cultur\u0103\u201d, s.n., XII (XXI), 2022, 1\u20132 (69\u201370), p. 55\u201362.<\/p><p>&#8211; <em>\u0162ara de Jos, T\u00e2rgul de Jos. Din tainele \u00eencheg\u0103rii principatului moldovenesc<\/em>, \u00een \u201e<em>Prutul<\/em>. Revist\u0103 de Cultur\u0103\u201d, s.n., XII (XXI), 2022, 1\u20132 (69\u201370), p. 5\u201312.<\/p><p>&#8211; <em>Dou\u0103 contribu\u0163ii la istoria mitropolitului Iacov Putneanul<\/em>, \u00een <strong>AP<\/strong>, XVIII, 2022, 1, p. 27\u201337.<\/p><p>&#8211; <em>\u201eVoievozii\u201d de la Vorone\u0163 sau despre (ne)\u00een\u0163elegerea izvoarelor istorice<\/em>, \u00een <strong>SMIM<\/strong>, XL, 2022, p. 111\u2013124.<\/p><p>&#8211; <em>Artur Gorovei, <strong>Neculai Beldiceanu. Artistul \u015fi omul<\/strong>. Un manuscris inedit<\/em>, \u00een <strong>CI<\/strong>, s.n., XLI, 2022, p. 187\u2013223.<\/p><p>&#8211; <em>Falsuri \u015fi falsificatori pentru istoria rom\u00e2neasc\u0103<\/em>, \u00een <strong>A\u015eUI<\/strong>, s.n., <em>Istorie<\/em>, LXVIII, 2022, p. 185\u2013196.<\/p><p>&#8211; <em>Un r\u0103ze\u015f b\u0103c\u0103uan<\/em>, \u00een \u201e<em>Acta Bacoviensia<\/em>. Anuarul Arhivelor Na\u0163ionale Bac\u0103u\u201d, XVII, 2022, p. 71\u201390.<\/p><p>&#8211; <em>\u201e\u00centr-o form\u0103 specific\u0103 g\u00e2ndirii heraldice\u201d. Reflec\u0163ii cu privire la heraldica teritorial\u0103<\/em>, \u00een \u201eCarpica\u201d, LI, 2022, p. 432\u2013440.<\/p><p>&#8211; <em>O veche farmacie ie\u015fean\u0103 (document din 1820)<\/em>, \u00een \u201e<em>Monumentul XXIII<\/em>. Lucr\u0103rile Simpozionului Interna\u0163ional <em>Monumentul \u2013 tradi\u0163ie \u015fi viitor, edi\u0163ia a XXIII\u2010a, Ia\u015fi, 2021<\/em>\u201d, volum coordonat de Lucian\u2010Valeriu Lefter, Aurica Ichim \u015fi Alexandru Gorea, Editura \u201eDoxologia\u201d, Ia\u015fi, 2022, p. 187\u2013196.<\/p><p>&#8211; <em>Dup\u0103 565 de ani\u2026 (\u00cen loc de prefa\u0163\u0103 la o istorie a pergamentelor)<\/em>, \u00een <em>\u201eAceast\u0103 carte a noastr\u0103\u201d. Documente din timpul domniei lui \u015etefan cel Mare. Catalog<\/em>, Muzeul Na\u0163ional al Bucovinei, Editura \u201eKarl A. Romstorfer\u201d, Suceava, 2022, p. 4\u201321.<\/p><p>&#8211; <em>\u201e\u2026F\u0103c\u00e2nd \u015fi disarmoniei un loc\u2026\u201d<\/em>, cuv\u00e2nt \u00eenainte la: Eduard Rusu, <em>Muzica \u015fi puterea politic\u0103 \u00een Moldova \u015fi \u0162ara Rom\u00e2neasc\u0103, secolele al XV-lea \u2013 al XVIII-lea<\/em>, Editura Universit\u0103\u0163ii \u201eAlexandru Ioan Cuza\u201d, Ia\u015fi, 2021, p. 11\u201316.<\/p><p>&#8211; <em>Un \u201edosar\u201d definitiv \u00eenchis: Ohrida \u015fi istoria rom\u00e2neasc\u0103<\/em>, \u00een <em>Rom\u00e2nii \u015fi Cre\u015ftin\u0103tatea r\u0103s\u0103ritean\u0103 (sec. XIV\u2013XX)<\/em>, volum editat de Petronel Zahariuc, Editura \u201eDoxologia\u201d, Ia\u015fi, 2021, p. 67\u2013112.<\/p><p>&#8211; <em>Din \u201elaboratorul\u201d unor fraud\u0103ri genealogice (I)<\/em>, \u00een Cristian Ploscaru (coordonator), <em>Elita rom\u00e2neasc\u0103 <\/em><em>\u015fi itinerariile modernit\u0103\u0163ii. Omagiu Profesorului Mihai Cojocariu<\/em>, Editura Universit\u0103\u0163ii \u201eAlexandru Ioan Cuza\u201d, Ia\u015fi, 2021, p. 23\u201339.<\/p><p>&#8211; <em>Documente suspecte din vechea arhiv\u0103 a M\u0103n\u0103stirii Putna<\/em>, \u00een <strong>AP<\/strong>, XVII, 2021, 2, p. 31\u201348.<\/p><p>&#8211; <em>Clopotele lui \u015etefan cel Mare<\/em>, \u00een <strong>AP<\/strong>, XVII, 2021, 1, p. 49\u201365.<\/p><p>&#8211; <em>Here\u015ftii. Contribu\u0163ii genealogice<\/em>, \u00een <strong>AMS<\/strong>, XXI, 2021, p. 125\u2013137.<\/p><p>&#8211; <em>Coresponden\u0163\u0103 de familie: Elena Nae Ionescu<\/em>, \u00een \u201e<em>Prutul<\/em>. Revist\u0103 de Cultur\u0103\u201d, s.n., XI (XX), 2021, 1\u20132 (67\u201368), p. 211\u2013224.<\/p><p>&#8211; <em>Artur Gorovei: addenda et corrigenda<\/em>, \u00een \u201e<em>Prutul<\/em>. Revist\u0103 de Cultur\u0103\u201d, s.n., XI (XX), 2021, 1\u20132 (67\u201368), p. 197\u2013209.<\/p><p>&#8211; <em>Rom\u00e2ni ardeleni \u00een Moldova. Reflec\u0163ii noi pentru o discu\u0163ie mai veche<\/em>, \u00een \u201e<em>Prutul<\/em>. Revist\u0103 de Cultur\u0103\u201d, s.n., XI (XX), 2021, 1\u20132 (67\u201368), p. 135\u2013149.<\/p><p>&#8211; <em>Ora\u015fe, or\u0103\u015feni, via\u0163\u0103 or\u0103\u015feneasc\u0103. Reflec\u0163ii fragmentare<\/em>, \u00een <strong>SMIM<\/strong>, XXXIX, 2021, p. 117\u2013157.<\/p><p>&#8211; <em>\u00cen c\u0103utarea \u201epatriciatului\u201d pierdut<\/em>, \u00een <strong>A\u015eUI<\/strong>, s.n., <em>Istorie<\/em>, LXVII, 2021, p. 77\u201387.<\/p><p>&#8211; <em>Artur Gorovei \u015fi Academia Rom\u00e2n\u0103. Contribu\u0163ii<\/em>, \u00een <strong>AMEM<\/strong>, XXI, 2021, p. 203\u2013258.<\/p><p>&#8211; <em>Voci de dincolo. Sever Zotta despre N. Iorga<\/em>, \u00een <strong>CI<\/strong>, XL, 2021, p. 329\u2013370.<\/p><p>&#8211; <em>Mesajele Puterii \u00een \u201eaudio-vizualul\u201d medieval. Note preliminare<\/em>, \u00een \u201e<em>Acta Bacoviensia<\/em>. Anuarul Arhivelor Na\u0163ionale Bac\u0103u\u201d, XVI, 2021, p. 9\u201316.<\/p><p>&#8211; <em>Mici contribu\u0163ii la istoria M\u0103n\u0103stirii Gorovei<\/em>, \u00een \u201e<em>Monumentul XXII<\/em>. Lucr\u0103rile Simpozionului Interna\u0163ional <em>Monumentul \u2013 tradi\u0163ie \u015fi viitor, edi\u0163ia a XXII\u2010a, Ia\u0219i, 2020<\/em>\u201d, volum coordonat de Lucian\u2010Valeriu Lefter \u015fi Aurica Ichim, Editura \u201eDoxologia\u201d, Ia\u015fi, 2021, p. 211\u2013256.<\/p><p>&#8211; <em>\u201eCastelul\u201d de la B\u00e2dili\u0163a. Mic\u0103 istorie a unui monument disp\u0103rut<\/em>, \u00een \u201e<em>Monumentul XXII<\/em>. Lucr\u0103rile Simpozionului Interna\u0163ional <em>Monumentul \u2013 tradi\u0163ie \u015fi viitor, edi\u0163ia a XXII\u2010a, Ia\u0219i, 2020<\/em>\u201d, volum coordonat de Lucian\u2010Valeriu Lefter \u015fi Aurica Ichim, Editura \u201eDoxologia\u201d, Ia\u015fi, 2021, p. 101\u2013122.<\/p><p>&#8211; <em>The Principality of Theodoro (Mangup) and Stephen the Great\u2019s Moldavia: Observations and Hypotheses<\/em>, \u00een <em>From Pax Mongolica to Pax Ottomanica. <\/em><em>War, Religion and Trade in the Northwestern Black Sea Region (14th\u201316th Centuries)<\/em>, Edited by Ovidiu Cristea, Liviu Pilat, Brill, Leiden-Boston, 2020, p. 146\u2013168.<\/p><p>&#8211; <em>\u201eIstoria genealogic\u0103\u201d a Ia\u015filor. O abordare \u201eelitist\u0103\u201d ?!<\/em>, \u00een Mihai-Bogdan Atanasiu, Mihai M\u00eerza (editori), <em>Mari familii boiere\u015fti din Moldova \u00een veacurile XVII\u2013XIX. Referin\u0163e identitare \u015fi manifest\u0103ri de putere<\/em>, Editura Universit\u0103\u0163ii \u201eAlexandru Ioan Cuza\u201d, Ia\u015fi, 2020, p. 17\u201322.<\/p><p>&#8211; <em>Text \u2013 supratext \u2013 contratext. Pe marginea pomelnicelor rom\u00e2ne\u015fti<\/em>, \u00een <em>Scris, scriitur\u0103, text \u00een \u0162\u0103rile Rom\u00e2ne (secolele XV\u2013XVIII)<\/em>, volum \u00eengrijit de Monica Dejan, cu un cuv\u00e2nt \u00eenainte de Maria Magdalena Sz\u00e9kely, Editura \u201eKarl A. Romstorfer\u201d, Suceava, 2020, p. 13\u201344.<\/p><p>&#8211; <em>Documente reg\u0103site dintr-o arhiv\u0103 pierdut\u0103<\/em> (\u00een colaborare cu Maria Magdalena Sz\u00e9kely), \u00een Pr. Dr. Paul Mihail, <em>Jurnalul c\u0103l\u0103toriei de studii \u00een Grecia, la Muntele Athos \u015fi la Constantinopol (1931)<\/em>, edi\u0163ie bilingv\u0103, \u00eengrijire de edi\u0163ie Mihai \u0162ip\u0103u, traducere \u00een limba greac\u0103 Mihai \u0162ip\u0103u, \u015etefan Petrescu, cuv\u00e2nt introductiv Elena Laz\u0103r, Editura Omonia, Bucure\u015fti, 2020, p. 91\u201398 (cu versiune \u00een limba greac\u0103, <em>\u0388\u03b3\u03b3\u03c1\u03b1\u03c6\u03b1 \u03c0\u03bf\u03c5 \u03be\u03b1\u03bd\u03b1\u03b2\u03c1\u03ad\u03b8\u03b7\u03ba\u03b1\u03bd \u03b1\u03c0\u03cc \u03ad\u03bd\u03b1 \u03c7\u03b1\u03bc\u03ad\u03bd\u03bf \u03b1\u03c1\u03c7\u03b5\u03af\u03bf<\/em>, \u00een <em>ibidem<\/em>, p. 347\u2013356).<\/p><p>&#8211; <em>De la \u201ecrede \u015fi nu cerceta\u201d la \u201ecaut\u0103 \u015fi vei afla\u201d<\/em>, cuv\u00e2nt \u00eenainte la: Ierodiacon Iustin Taban, <em>Despre ie\u015firea din scaun a mitropoli\u0163ilor Moldovei \u00een secolele XVI\u2013XVII. Contribu\u0163ii \u015fi \u00eendrept\u0103ri<\/em>, Editura Universit\u0103\u0163ii \u201eAlexandru Ioan Cuza\u201d, Ia\u015fi, 2020, p. 11\u201322.<\/p><p>&#8211; <em>Un bursier moldovean la Torino (1860)<\/em>, \u00een <em>160 de ani de la Unirea Principatelor. Oameni, fapte \u0219i idei din domnia lui Alexandru Ioan Cuza<\/em>, editori Petronel Zahariuc &lt;\u015fi&gt; Adrian-Bogdan Ceobanu, Editura Universit\u0103\u0163ii \u201eAlexandru Ioan Cuza\u201d, Ia\u015fi, 2020, p. 85\u2013106.<\/p><p>&#8211; <em>Dou\u0103 doctorate onorifice la Facultatea de Istorie (1996)<\/em>, \u00een \u201eHistoria Universitatis Iassiensis\u201d, XI, 2020, p. 165\u2013185.<\/p><p>&#8211; <em>File uitate din biografia unui egumen putnean<\/em>, \u00een <strong>AP<\/strong>, XVI, 2020, 2, p. 33\u201345.<\/p><p>&#8211; <em>\u015etefan, \u0163ara sa, oamenii s\u0103i. Reflec\u0163ii contrariate<\/em>, \u00een <strong>AP<\/strong>, XVI, 2020, 1, p. 79\u2013100.<\/p><p>&#8211; <em>Dou\u0103 scrisori de la Sever Zotta. Note epistolografice<\/em>, \u00een <strong>AMS<\/strong>, XIX\u2013XX, 2020, p. 200\u2013213.<\/p><p>&#8211; <em>Eugen D. Neculau \u2013 scrisori c\u0103tre un t\u00e2n\u0103r prieten<\/em>, \u00een <strong>AMS<\/strong>, XIX\u2013XX, 2020, p. 157\u2013199.<\/p><p>&#8211; <em>Gheorghe I. Br\u0103tianu (1898\u20131953)<\/em>, \u00een \u201e<em>Prutul<\/em>. Revist\u0103 de Cultur\u0103\u201d, s.n., X (XIX), 2020, 2 (66), p. 193\u2013197.<\/p><p>&#8211; <em>Beldicenii: \u00eentregiri genealogice<\/em>, \u00een \u201e<em>Prutul<\/em>. Revist\u0103 de Cultur\u0103\u201d, s.n., X (XIX), 2020, 2 (66), p. 125\u2013140.<\/p><p>&#8211; <em>O scrisoare a Catinc\u0103i Negri<\/em>, \u00een \u201e<em>Prutul<\/em>. Revist\u0103 de Cultur\u0103\u201d, s.n., X (XIX), 2020, 2 (66), p. 115\u2013123.<\/p><p>&#8211; <em>Preocup\u0103ri pentru organizarea cercet\u0103rii genealogice \u015fi heraldice 1966\u20131993 (dou\u0103 comunic\u0103ri din 1999 \u015fi 2000)<\/em>, \u00een \u201e<em>Ioan Neculce<\/em>. Buletinul Muzeului Municipal \u00abRegina Maria\u00bb Ia\u015fi\u201d, seria a III-a, II, 2020, p. 349\u2013372.<\/p><p>&#8211; <em>Istoria mare prin cei mici. Mazili din Bucovina r\u0103pit\u0103 \u00een Principatul Moldovei \u015fi \u00een Basarabia<\/em>, \u00een <strong>A\u015eUI<\/strong>, s.n., <em>Istorie<\/em>, LXVI, 2020, p. 269\u2013288.<\/p><p>&#8211; <em>File din jurnalul unui deportat: Sever Zotta 1941\u20131942<\/em>, \u00een <strong>CI<\/strong>, s.n., XXXIX, 2020, p. 335\u2013369.<\/p><p><em>\u00a0Trei boieri moldoveni din veacul al XVII-lea. Note genealogice \u015fi heraldice<\/em>, \u00een <strong>SMIM<\/strong>, XXXVIII, 2020, p. 203\u2013232.<\/p><p><em>&#8211; Familie, patrimoniu, via\u0163\u0103 cotidian\u0103: izvodul diacului Gavril T\u0103utu (1641)<\/em>, \u00een \u201e<em>Acta Bacoviensia<\/em>. Anuarul Arhivelor Na\u0163ionale Bac\u0103u\u201d, XV, 2020, p. 47\u201356.<\/p><p><em>&#8211; Ambiguitate: istoria, izvoarele, interpretarea<\/em>, \u00een \u201e<em>Acta Bacoviensia<\/em>. Anuarul Arhivelor Na\u0163ionale Bac\u0103u\u201d, XV, 2020, p. 31\u201346.<\/p><p><em>\u00a0&#8211; Din nou despre vechimea unor ora\u015fe din Moldova medieval\u0103. C\u00e2teva \u00eensemn\u0103ri<\/em>, \u00een \u201eCarpica\u201d, XLIX, 2020, p. 152\u2013159.<\/p><p><em>&#8211; Constantin Giurescu (1875\u20131918)<\/em>, \u00een \u201e<em>Prutul<\/em>. Revist\u0103 de Cultur\u0103\u201d, s.n., X (XIX), 2020, 1 (65), p. 303\u2013308.<\/p><p><em>&#8211; \u201eC\u00e2nd vor fi timpuri mai bune\u2026\u201d. Un m\u0103nunchi de scrisori de la Artur Gorovei c\u0103tre G. T. Kirileanu<\/em>, \u00een \u201e<em>Prutul<\/em>. Revist\u0103 de Cultur\u0103\u201d, s.n., X (XIX), 2020, 1 (65), p. 283\u2013301.<\/p><p><em>&#8211; Arhiva lui Sever Zotta \u015fi soarta ei<\/em>, \u00een \u201e<em>Prutul<\/em>. Revist\u0103 de Cultur\u0103\u201d, s.n., X (XIX), 2020, 1 (65), p. 137\u2013160.<\/p><p><em>&#8211; Moldvai \u00f6rm\u00e9nyek Erd\u00e9lyben, Magyarorsz\u00e1gon \u00e9s a nagyvil\u00e1gban (Esettanulm\u00e1ny)<\/em>, \u00een \u201eErd\u00e9lyi \u00d6rm\u00e9ny Gy\u00f6kerek\u201d, XXIV, 2020, 245 (ian.-febr.), p. 10\u201318; 246 (mart.-apr.), p.10-13; 247 (mai-iunie), p. 2\u20135 (\u00een format electronic: www.magyarormeny.hu, sub <em>F\u00fczetek<\/em>).<\/p><p><em>&#8211; Conexiuni culturale putnene \u00een secolul al XVIII-lea<\/em>, \u00een <strong>AP<\/strong>, XV, 2019, 2, p. 65\u201378.<\/p><p><em>&#8211; Oglinda puterii. Domnia lui \u015etefan cel Mare \u015fi Cronica moldo-german\u0103<\/em> (\u00een colaborare cu Maria Magdalena Sz\u00e9kely), \u00een <strong>AP<\/strong>, XV, 2019, 1, p. 89\u2013102.<\/p><p><em>&#8211; G. T. Kirileanu \u2013 noi m\u0103rturii epistolare (II)<\/em>, \u00een \u201e<em>Prutul<\/em>. Revist\u0103 de Cultur\u0103\u201d, s.n., IX (XVIII), 2019, 2 (64), p. 105\u2013130.<\/p><p><em>&#8211; Construc\u0163ia de stat \u00eentre memoria izvoarelor \u015fi tradi\u0163ia istoric\u0103. \u00centemeierea Moldovei<\/em>, \u00een \u201e<em>Prutul<\/em>. Revist\u0103 de Cultur\u0103\u201d, s.n., IX (XVIII), 2019, 2 (64), p. 31\u201338.<\/p><p><em>&#8211; Artur Gorovei \u2013 Sever Zotta: cr\u00e2mpeie de dialog epistolar<\/em>, \u00een <strong>AMS<\/strong>, XVIII, 2019, p. 196\u2013200.<\/p><p><em>&#8211; Genealogie: istorie social\u0103, istorie familial\u0103<\/em>, \u00een <strong>AMS<\/strong>, XVIII, 2019, p. 185\u2013195.<\/p><p><em>&#8211; M\u0103rturii genealogice pentru istoria familiei T\u0103utu (II)<\/em>, \u00een \u201e<em>Ioan Neculce<\/em>. Buletinul Muzeului Municipal \u00abRegina Maria\u00bb\u201d, [s.n.], I, 2019, p. 67\u201375.<\/p><p><em>&#8211; Genealogie dinastic\u0103 \u015fi antroponimie istoric\u0103: Doamnele lui \u015etefan Tom\u015fa al II-lea<\/em>, \u00een <strong>SMIM<\/strong>, XXXVII, 2019, p. 87\u2013134.<\/p><p><em>&#8211; Armenians from Moldavia in Transylvania, Hungary and the Larger World. A Case Study<\/em>, \u00een <strong>SUBB<\/strong>, <em>Historia<\/em>, 64, 2019, 1, p. 87\u2013122.<\/p><p><em>&#8211; Mobilitatea popula\u0163iei \u015fi memoria familial\u0103. Cazuri ie\u015fene<\/em>, \u00een <strong>CI<\/strong>, s.n., XXXVIII, 2019, p. 141\u2013158.<\/p><p><em>&#8211; Istorie cultural\u0103 \u2013 istorie familial\u0103. Un \u201ecerc literar\u201d de la cump\u0103na veacurilor XVIII \u015fi XIX<\/em>, \u00een <strong>A\u015eUI<\/strong>, s.n., <em>Istorie<\/em>, LXV, 2019, p. 419\u2013450.<\/p><p><em>&#8211; \u201e1843 septemvrie 20 m-am mutat \u00een cas\u0103\u201d. Peripe\u021biile unei case cu pisanie<\/em>, \u00een \u201e<em>Monumentul XX. <\/em>Lucr\u0103rile Simpozionului Interna\u0163ional <em>Monumentul \u2013 tradi\u0163ie \u015fi viitor, edi\u0163ia a XX-a, Ia\u015fi, 2018<\/em>\u201d, partea a 2-a, volum coordonat de Lucian-Valeriu Lefter \u015fi Aurica Ichim, Editura \u201eDoxologia\u201d, Ia\u015fi, 2019, p. 255\u2013316.<\/p><p><em>&#8211; Artur Gorovei \u2013 cercet\u0103tor al istoriei sale familiale<\/em>, \u00een \u201eCarpica\u201d, XLVIII, 2019, p. 282\u2013325.<\/p><p><em>&#8211; Identitate \u015fi memorie istoric\u0103. Familia T\u0103utu<\/em>, \u00een \u201e<em>Acta Bacoviensia<\/em>. Anuarul Arhivelor Na\u0163ionale Bac\u0103u\u201d, XIV, 2019, p. 25\u201336.<\/p><p><em>&#8211; Omul \u2013 ra\u0163iunea de a fi a istoriei. Pledoarie pentru prosopografie<\/em>, \u00een \u201e<em>Acta Bacoviensia<\/em>. Anuarul Arhivelor Na\u0163ionale Bac\u0103u\u201d, XIV, 2019, p. 9\u201324.<\/p><p><em>&#8211; O prietenie necunoscut\u0103: Sever Zotta \u2013 Constantin Gane<\/em>, \u00een \u201e<em>Prutul<\/em>. Revist\u0103 de Cultur\u0103\u201d, s.n., IX (XVIII), 2019, 1 (63), p. 115\u2013123.<\/p><p><em>&#8211; Prosopografie \u015fi istorie: \u201eclasa politic\u0103\u201d a Moldovei \u00een secolul al XVIII-lea<\/em>, \u00een \u201e<em>Prutul<\/em>. Revist\u0103 de Cultur\u0103\u201d, s.n., IX (XVIII), 2019, 1 (63), p. 23\u201332.<\/p><p><em>&#8211; Prefacere sau contrafacere ? Despre autenticitatea unui izvor istoric<\/em>, \u00een \u201e<em>Suceava<\/em>. Anuarul Muzeului Bucovinei\u201d, XLV, 2018, p. 167\u2013184.<\/p><p><em>&#8211; Puterea. Ctitorii \u015fi genealogii<\/em>, \u00een \u201e<em>Suceava<\/em>. Anuarul Muzeului Bucovinei\u201d, XLV, 2018, p. 77\u201383.<\/p><p><em>&#8211;<\/em> <em>\u00cenceputuri genealogice<\/em>, \u00een <strong>SMIM<\/strong>, XXXVI, 2018, p. 59\u2013100.<\/p><p><em>&#8211; C. Gane: \u00eensemn\u0103ri genealogice inedite<\/em> [editor], \u00een \u201e<em>Prutul<\/em>. Revist\u0103 de Cultur\u0103\u201d, s.n., VIII (XVII), 2018, 2 (62), p. 176\u2013186.<\/p><p><em>&#8211; Artur Gorovei c\u0103tre Theodor R\u00e2\u015fcanu<\/em>, \u00een \u201e<em>Prutul<\/em>. Revist\u0103 de Cultur\u0103\u201d, s.n., VIII (XVII), 2018, 2 (62), p. 161\u2013175.<\/p><p><em>&#8211; \u015etefan cel Mare: \u00eentre aproxim\u0103ri realiste \u015fi interpret\u0103ri fantasmagorice<\/em>, \u00een \u201e<em>Prutul<\/em>. Revist\u0103 de Cultur\u0103\u201d, s.n., VIII (XVII), 2018, 2 (62), p. 15\u201322.<\/p><p><em>&#8211; M\u0103rturii genealogice pentru istoria familiei T\u0103utu (I)<\/em>, \u00een \u201e<em>Ioan Neculce<\/em>. Buletinul Muzeului de Istorie a Moldovei\u201d, s.n., XXIV, 2018, p. 27\u201354.<\/p><p><em>&#8211; Cantemire\u015ftii: contribu\u0163ii genealogice \u015fi heraldice (<strong>1.<\/strong> \u015etiri despre Cantemire\u015fti la Muntele Athos; <strong>2.<\/strong> Genealogie \u015fi heraldic\u0103 de preten\u0163ie: Dimitrie Cantemir)<\/em>, \u00een <strong>CI<\/strong>, s.n., XXXVII, 2018, p. 123\u2013140.<\/p><p><em>&#8211; <\/em><em>Moldvai \u00f6rm\u00e9nyek Erd\u00e9lyben, Magyarorsz\u00e1gon \u00e9s a nagyvil\u00e1gban (Esettanulm\u00e1ny)<\/em>, \u00een \u201eTurul\u201d (Budapesta), XCI, 2018, 2, p. 52\u201363.<\/p><p><em>&#8211; <strong>Ani, oameni, c\u0103r\u0163i<\/strong> sau despre<\/em> <strong><em>biruin\u0163a muncii<\/em><\/strong>, introducere la P. P. Panaitescu, Zamfira Mihail, <em>Catalogul manuscriselor slavo-rom\u00e2ne \u015fi slave din Biblioteca Academiei Rom\u00e2ne<\/em>, volumul III, partea I-a, Editura Academiei Rom\u00e2ne, Bucure\u015fti, 2018, p. V\u2013XII.<\/p><p><em>&#8211; \u201eInterviul\u201d unui boier moldovean la 1607 \u015fi \u00eensemn\u0103ri despre Costea Bucioc \u015fi familia sa<\/em>, \u00een <em>Elitele puterii \u2013 puterea elitelor \u00een spa\u0163iul rom\u00e2nesc (secolele XV\u2013XX)<\/em>, Cristian Ploscaru &lt;\u015fi&gt; Mihai-Bogdan Atanasiu (editori), Editura Universit\u0103\u0163ii \u201eAlexandru Ioan Cuza\u201d, Ia\u015fi, 2018, p. 77\u201397.<\/p><p><em>&#8211; Artur Gorovei. Ultimele (I)<\/em>, \u00een <strong>AMEM<\/strong>, XVIII, 2018, p. 497\u2013548.<\/p><p><em>&#8211; Ctitori mici \u2013 ctitorii uitate<\/em>, \u00een \u201e<em>Monumentul XIX. <\/em>Simpozionul Interna\u0163ional<em> Monumentul \u2013 tradi\u0163ie \u015fi viitor, edi\u0163ia a XIX-a, 28 septembrie \u2013 1 octombrie 2017, Ia\u015fi<\/em>\u201d, volum coordonat de Lucian-Valeriu Lefter \u015fi Aurica Ichim, Editura \u201eDoxologia\u201d, Ia\u015fi, 2018, p. 267\u2013306.<\/p><p><em>&#8211; Mobilitatea popula\u0163iei reflectat\u0103 \u00een istoria unei familii. <\/em>III. <em>R\u0103ze\u015fii Gorovei de la Ghigoie\u015fti (Neam\u0163)<\/em>, \u00een \u201eCarpica\u201d, XLVII, 2018, p. 279\u2013314.<\/p><p><em>&#8211; \u201eIntimitatea\u201d cotidian\u0103: accidentul biografic \u015fi reac\u0163ia social\u0103 (familial\u0103)<\/em>, \u00een \u201e<em>Acta Bacoviensia<\/em>. Anuarul Arhivelor Na\u0163ionale Bac\u0103u\u201d, XIII, 2018, p. 47\u201366.<\/p><p><em>&#8211; Natalitate \u015fi mortalitate infantil\u0103 \u00een \u201eVechiul Regim\u201d. Sugestiile izvoarelor<\/em>, \u00een \u201e<em>Prutul<\/em>. Revist\u0103 de Cultur\u0103\u201d, s.n., VIII (XVII), 2018, 1 (61), p. 91\u2013105.<\/p><p><em>&#8211; <\/em><em>Despre (de)mistificare \u00een istorie: conven\u0163ii, ambi\u0163ii, limite<\/em>, \u00een \u201e<em>Prutul<\/em>. Revist\u0103 de Cultur\u0103\u201d, s.n., VIII (XVII), 2018, 1 (61), p. 43\u201348.<\/p><p><em>&#8211; \u201eNoi\u201d m\u0103rturii armene\u0219ti despre \u0218tefan \u0219i cel Mare \u0219i urma\u0219ii s\u0103i<\/em>, \u00een <strong>AP<\/strong>, XIII, 2017, 2, p. 69\u201381.<\/p><p><em>&#8211; Un manuscris r\u0103t\u0103cit, o biseric\u0103 disp\u0103rut\u0103 \u015fi neamul lui Anastasie Crimca<\/em>, \u00een <strong>AP<\/strong>, XIII, 2017, 1, p. 175\u2013191.<\/p><p><em>&#8211; Spiritul Putnei \u00een veacul al XVIII-lea. Zidiri \u00een piatr\u0103 \u015fi cuvinte<\/em>, \u00een <strong>AP<\/strong>, XIII, 2017, 1, p. 7\u201332.<\/p><p><em>&#8211; Din istoria unui sat nem\u0163ean. R\u0103ze\u015fii Gorovei de la B\u00e2rg\u0103uani<\/em>, \u00een <strong>A\u015eUI<\/strong>, s.n., <em>Istorie<\/em>, LXIII, 2017, p. 223\u2013259.<\/p><p><em>&#8211; De la cronologie \u015fi diplomatic\u0103 la genealogie \u015fi istorie. Documente r\u0103u datate, f\u0103r\u0103 dat\u0103 \u015fi false<\/em>, \u00een <strong>SMIM<\/strong>, XXXV, 2017, p. 329\u2013371.<\/p><p><em>&#8211; Neamuri care se duc: V\u0103se\u015ftii<\/em>, \u00een \u201e<em>Prutul<\/em>. Revist\u0103 de Cultur\u0103\u201d, s.n., VII (XVI), 2017, 2 (60), p. 25\u201341.<\/p><p><em>&#8211; <\/em><em>\u00c9lites autochtones et allog\u00e8nes \u00e0 l\u2019aube de la Principaut\u00e9 de Moldavie (XIV<sup>e<\/sup>\u2013XV<sup>e<\/sup> si\u00e8cles)<\/em> (\u00een colaborare cu Maria Magdalena Sz\u00e9kely), \u00een <em>\u00c9lites chr\u00e9tiennes et formes du pouvoir (XIII<sup>e<\/sup>\u2013XV<sup>e<\/sup> si\u00e8cle)<\/em>, sous la direction de Marie-Anna Chevalier et Isabelle Ortega, Classiques Garnier, Paris, 2017, p. 177\u2013191.<\/p><p><em>&#8211; Noi documente moldovene\u0219ti din arhiva Sf\u00e2ntului Morm\u00e2nt<\/em>, \u00een <em>Rela\u021biile rom\u00e2nilor cu Muntele Athos \u0219i cu alte Locuri Sfinte (secolele XIV\u2013XX). <\/em><em>In honorem Florin Marinescu<\/em>, editor Petronel Zahariuc, Editura Universit\u0103\u021bii \u201eAlexandru Ioan Cuza\u201d, Ia\u0219i, 2017, p. 311\u2013328.<\/p><p><em>&#8211; Pre-memoriali\u015fti, pseudo-memoriali\u015fti<\/em>, \u00een <em>Memorialistica rom\u00e2neasc\u0103: \u00eentre documentul istoric \u015fi obiectul estetic<\/em>, volum coordonat \u015fi \u00eengrijit de Bogdan Cre\u0163u, Ofelia Ichim, Marius-Radu Clim, Editura Universit\u0103\u0163ii \u201eAlexandru Ioan Cuza\u201d, Ia\u015fi, 2017, p. 33\u201357.<\/p><p><em>&#8211; Armeni din Moldova \u00een Transilvania, Ungaria \u015fi-n lumea larg\u0103. Un studiu de caz<\/em>, \u00een <em>Istorie, genealogie. Transferuri culturale \/ T\u00f6rt\u00e9nelem, geneal\u00f3gia. Kultur\u00e1lis transzfer. Lucr\u0103rile celei de a XXIII-a Reuniuni a Comisiei Mixte de Istorie Rom\u00e2no-Ungar\u0103 (Alba Iulia, 21\u201322 septembrie 1916)<\/em>, volum \u00eengrijit de Nicolae Edroiu, Remus C\u00e2mpeanu &lt;\u015fi&gt; Laura Stanciu, Editura \u201eMega\u201d, Cluj-Napoca, 2017, p. 53\u201385.<\/p><p><em>&#8211; Modernitatea unui om al veacului s\u0103u<\/em>, \u00een <em>\u015etefan cel Mare. Din istorie \u00een ve\u0219nicie<\/em>, (Catalogul expozi\u0163iei ~), editori Monica Dejan \u015fi Oana Ilie, Editura \u201eKarl A. Romstorfer\u201d, Suceava, 2017, p. 11\u201318.<\/p><p><em>&#8211; Tradi\u0163ie familial\u0103 \u015fi memorie genealogic\u0103<\/em>, \u00een \u201e<em>Ioan Neculce<\/em>. Buletinul Muzeului de Istorie a Moldovei\u201d, s.n., XXIII, 2017, p. 31\u201351.<\/p><p><em>&#8211; Testamentul unui ctitor ie\u015fean: paharnicul Iordache Lozonschi (1827)<\/em>, \u00een <strong>CI<\/strong>, s.n., XXXVI, 2017, p. 203\u2013223.<\/p><p><em>&#8211; Radomire\u015fti. Contribu\u0163ii genealogice pentru istoria unui sat b\u0103c\u0103uan<\/em>, \u00een \u201eCarpica\u201d, XLVI, 2017, p. 217\u2013254.<\/p><p><em>&#8211; Ansambluri pierdute: necropolele familiale ale Moldovei medievale<\/em>, \u00een \u201e<em>Monumentul XVIII. <\/em>Lucr\u0103rile celei de-a XVIII-a edi\u0163ii a Simpozionului Interna\u0163ional <em>Monumentul \u2013 tradi\u0163ie \u015fi viitor<\/em>\u201d, volum coordonat de Lucian-Valeriu Lefter \u0219i Aurica Ichim, Editura \u201eDoxologia\u201d, Ia\u015fi, 2017, p. 11\u201336.<\/p><p><em>&#8211; Heraldic\u0103 dinastic\u0103. \u015etefan cel Mare \u015fi stemele sale<\/em>, \u00een <strong>AP<\/strong>, XII, 2016, 1, p. 307\u2013338.<\/p><p><em>&#8211; C\u0103rturari putneni \u00een secolul al XVIII-lea. \u00centre n\u0103zuin\u0163\u0103 \u015fi fabula\u0163ie<\/em>, \u00een <strong>RITL<\/strong>, X, 2016, 1\u20134 p. 65\u201382.<\/p><p><em>&#8211; Festina lente, sed \u2026 lente. R\u0103spuns d-nei dr. Elena Chiaburu<\/em>, \u00een \u201e<em>Prutul<\/em>. Revist\u0103 de Cultur\u0103\u201d, s.n., VII (XVI), 2017, 1 (59), p. 261\u2013270.<\/p><p><em>&#8211; O dilem\u0103 genealogic\u0103<\/em>, \u00een \u201e<em>Prutul<\/em>. Revist\u0103 de Cultur\u0103\u201d, s.n., VII (XVI), 2017, 1 (59), p. 37\u201346.<\/p><p><em>&#8211; (De)mistific\u0103ri genealogice. Familia Buzne<\/em>, \u00een <strong>A\u015eUI<\/strong>, s.n., <em>Istorie<\/em>, LXII, 2016, p. 53\u201384.<\/p><p><em>&#8211; Un tezaur de informa\u0163ii \u015fi valorificarea sa:\u00eensemn\u0103rile de pe c\u0103r\u0163i<\/em>, \u00een <strong>SMIM<\/strong>, XXXIV, 2016, p. 105\u2013155.<\/p><p><em>&#8211; O carte, o ghicitoare \u015fi o judecat\u0103<\/em>, \u00een \u201e<em>Prutul<\/em>. Revist\u0103 de Cultur\u0103\u201d, s.n., VI (XV), 2016, 2 (58), p. 31\u201337.<\/p><p><em>&#8211; Sf\u00e2nta M\u0103n\u0103stire Putna<\/em>, edi\u021bia a doua, revizuit\u0103 \u015fi completat\u0103, Editura \u201eMitropolit Iacov Putneanul\u201d, M\u0103n\u0103stirea Putna, 2016, [capitolele: <em>Domnia Sf\u00e2ntului \u015etefan cel Mare<\/em> (p. 29\u201345; notele la p. 543); <em>V\u00e2rstele Putnei<\/em> (p. 47\u201371; notele la p. 543\u2013552); <em>Arhiva veche<\/em> (p. 429\u2013435; notele la p. 563\u2013564)].<\/p><p><em>&#8211; Doi boieri dorohoieni \u015fi ctitoriile lor<\/em>, \u00een \u201e<em>Monumentul XVII<\/em>. Lucr\u0103rile celei de-a XVII-a edi\u0163ii a Simpozionului Interna\u0163ional <em>Monumentul \u2013 tradi\u0163ie \u015fi viitor<\/em>\u201d, Partea 1, volum coordonat de Aurica Ichim \u015fi Lucian-Valeriu Lefter, Editura Doxologia, Ia\u015fi, 2016, p. 173\u2013199.<\/p><p><em>&#8211; Un roma\u015fcan la Bac\u0103u: locotenentul Iacovache Gorovei \u015fi \u00eent\u00e2mpl\u0103rile vie\u0163ii sale<\/em>, \u00een \u201eCarpica\u201d, XLV, 2016, p. 239\u2013258.<\/p><p><em>&#8211; Old Questions, Old Clich\u00e9s. New Approaches, New Results ? The Case of Moldavia<\/em> (\u00een colaborare cu Maria Magdalena Sz\u00e9kely), \u00een <em>The Ottoman Conquest of the Balkans<\/em>, Oliver Jens Schmitt (ed.), Verlag der \u00d6sterreichischen Akademie der Wissenschaften, Viena, 2016, p. 209\u2013242.<\/p><p><em>&#8211; \u201eCel mai important <strong>drept<\/strong> este \u00eemplinirea <strong>datoriilor<\/strong>\u201d<\/em>, \u00een \u201e<em>Prutul<\/em>. Revist\u0103 de Cultur\u0103\u201d, s.n., VI (XV), 2016, 1 (57), p. 223\u2013228.<\/p><p><em>&#8211; Ce dezv\u0103luie \u00eensemn\u0103rile de pe un manuscris<\/em>, \u00een <strong>AP<\/strong>, XI, 2015, 2, p. 75\u201387.<\/p><p><em>&#8211; La M\u0103n\u0103stirea Putna, \u00een domnia lui Alexandru vod\u0103 L\u0103pu\u015fneanu. Informa\u0163ii neobservate<\/em>, \u00een <strong>AP<\/strong>, XI, 2015, 1, p. 369\u2013378.<\/p><p><em>&#8211; Un tablou votiv \u015fi o necropol\u0103 familial\u0103. Biserica logof\u0103tului T\u0103utu de la B\u0103line\u015fti<\/em>, \u00een <strong>AP<\/strong>, XI, 2015, 1, p. 7\u201330.<\/p><p><em>&#8211; Documente inedite de la Miron vod\u0103 Barnovschi<\/em> (prezentate de Florin Marinescu, \u015etefan S. Gorovei), \u00een <em>Dragomirna. Ctitori \u015fi restauratori<\/em>, Sf\u00e2nta M\u0103n\u0103stire Dragomirna, Editura \u201eMitropolit Iacov Putneanul\u201d, Suceava, 2015, p. 197\u2013219.<\/p><p><em>&#8211; Patrimoniul nostru istoric. Studiu de caz: M\u0103n\u0103stirea Dragomirna<\/em>, \u00een <em>Dragomirna. Ctitori \u015fi restauratori<\/em>, Sf\u00e2nta M\u0103n\u0103stire Dragomirna, Editura \u201eMitropolit Iacov Putneanul\u201d, Suceava, 2015, p. 105\u2013132.<\/p><p><em>&#8211; Din nou despre ctitorii Dragomirnei. Observa\u0163ii, nel\u0103muriri, preciz\u0103ri<\/em>, \u00een <em>Dragomirna. Ctitori \u015fi restauratori<\/em>, Sf\u00e2nta M\u0103n\u0103stire Dragomirna, Editura \u201eMitropolit Iacov Putneanul\u201d, Suceava, 2015, p. 7\u201315.<\/p><p><em>&#8211; Arhivistic\u0103 \u015fi genealogie. Rostul \u015fi \u00eensemn\u0103tatea unor unit\u0103\u0163i de p\u0103strare: pachetele<\/em>, \u00een <em>Vilic\u0103 Munteanu arhivist, istoric, colec\u0163ionar. La 65 de ani<\/em>, edi\u0163ie \u00eengrijit\u0103 de Mihaela Chelaru \u015fi Ioan L\u0103c\u0103tu\u015fu, Editura \u201eEurocarpatica\u201d, Sf\u00e2ntu-Gheorghe &amp; Editura \u201eMagic Print\u201d, One\u015fti, 2015 [Profesioni\u015ftii no\u015ftri, 2], p. 734\u2013740.<\/p><p><em>&#8211; Genealogia \u2013 \u00eentre cronologie \u015fi diplomatic\u0103<\/em>, \u00een <strong>SMIM<\/strong>, XXXIII, 2015, p. 473\u2013477.<\/p><p><em>&#8211; O \u00eensemnare \u015fi posibilele ei semnifica\u0163ii: Ignatie Cr\u0103ciun \u015fi neamul s\u0103u<\/em>, \u00een <strong>SMIM<\/strong>, XXXIII, 2015, p. 464\u2013472.<\/p><p><em>&#8211; Voci de dincolo. <\/em><em>Pietrele de la Dragomirna<\/em>, \u00een <strong>SMIM<\/strong>, XXXIII, 2015, p. 287\u2013318.<\/p><p><em>&#8211; <\/em><em>Dou\u0103 scrisori de la Gheorghe Ghib\u0103nescu<\/em>, \u00een \u201e<em>Prutul<\/em>. Revist\u0103 de Cultur\u0103\u201d, s.n., V (XIV), 2015, 2 (56), p. 65\u201369.<\/p><p><em>&#8211; Catalogul manuscriptelor rom\u00e2ne\u015fti. O nedumerire<\/em>, \u00een \u201eCultura\u201d, X, nr. 43\u201344 (541\u2013542), joi, 12.XI.2015, p. 27.<\/p><p><em>&#8211; Urma\u015fii lui \u015eendrea, portarul Sucevei (\u2020 1481)<\/em>, \u00een <em>In honorem Mircea Ciubotaru<\/em>, Lucian-Valeriu Lefter, Mihai Bogdan Atanasiu (editori), Editura Universit\u0103\u0163ii \u201eAlexandru Ioan Cuza\u201d, Ia\u015fi, 2015, p. 167\u2013179.<\/p><p><em>&#8211; Mobilitatea popula\u0163iei reflectat\u0103 \u00een istoria unei familii. <\/em>II. <em>Purt\u0103torii numelui <strong>Gorovei<\/strong> \u00een \u0163inutul (jude\u0163ul) Bac\u0103u<\/em>, \u00een \u201eCarpica\u201d, XLIV, 2015, p. 287\u2013306.<\/p><p><em>&#8211;<\/em> <em>O biseric\u0103 (m\u0103n\u0103stire) ie\u015fean\u0103 care nu a existat<\/em>, \u00een \u201e<em>Monumentul XVI. <\/em>Lucr\u0103rile celei de-a XVI-a edi\u0163ii a Simpozionului Na\u0163ional<em> Monumentul \u2013 tradi\u0163ie \u015fi viitor<\/em>\u201d, Partea 1, volum coordonat de Mircea Ciubotaru, Aurica Ichim \u015fi Lucian-Valeriu Lefter, Editura Palatul Culturii, Ia\u015fi, 2015, p. 135\u2013144.<\/p><p><em>&#8211; O autobiografie pl\u0103smuit\u0103<\/em>, \u00een \u201e<em>Prutul<\/em>. Revist\u0103 de Cultur\u0103\u201d, s.n., V (XIV), 2015, 1 (55), p. 31\u201338.<\/p><p><em>&#8211; Mai 1498: \u015etefan cel Mare \u015fi Polonia<\/em>, \u00een <strong>AP<\/strong>, X, 2014, 2, p. 401\u2013414.<\/p><p><em>&#8211; O contribu\u0163ie la istoria bisericii din cetatea Sucevei<\/em>, \u00een <strong>AP<\/strong>, X, 2014, 2, p. 391\u2013400.<\/p><p><em>&#8211; Un nou izvor genealogic \u015fi prosopografic<\/em>, \u00een <strong>AP<\/strong>, X, 2014, 2, p. 287\u2013312.<\/p><p><em>&#8211; Facerea, prefacerea \u015fi desfacerea unei mari arhive. M\u0103n\u0103stirea Putna<\/em>, \u00een <strong>AP<\/strong>, X, 2014, 1, p. 277\u2013304.<\/p><p>&#8211; <em>Genealogie dinastic\u0103: familia lui Alexandru vod\u0103 L\u0103pu\u015fneanu<\/em>, \u00een <strong>A\u015eUI<\/strong>, s.n., <em>Istorie<\/em>, LX, 2014, p. 181\u2013204.<\/p><p>&#8211; <em>Noi contribu\u0163ii epigrafice. Trei pietre funerare din secolele XVI\u2013XVII<\/em>, \u00een <strong>SMIM<\/strong>, XXXII, 2014, p. 249\u2013278.<\/p><p>&#8211; <em>Addenda et corrigenda<\/em> [<strong>1.<\/strong> <em>\u015etefan I, H\u00e2rl\u0103u, 1399<\/em>; <strong>2.<\/strong> <em>Iar\u0103\u015fi Grigore \u0162amblac ?!<\/em>; <strong>3.<\/strong> <em>O \u00eendreptare uitat\u0103<\/em>; <strong>4.<\/strong> <em>Un document din 1607 la Londra<\/em>; <strong>5.<\/strong> <em>Pe urmele documentelor din Index Zolkiewiensis<\/em>; <strong>6.<\/strong> <em>Complet\u0103ri, \u00eendrept\u0103ri, preciz\u0103ri\u2026<\/em>], \u00een <strong>SMIM<\/strong>, XXXII, 2014, p. 423\u2013437.<\/p><p>&#8211; <em>Via\u0163\u0103 \u015fi moarte \u00een gulagurile sovietice (noi m\u0103rturii despre Sever Zotta \u00een 1941\u20131943)<\/em>, \u00een <em>In memoriam Gheorghe Buzatu<\/em>, coordonatori Stela Cheptea, Horia Dumitrescu, Editura \u201eTipo Moldova\u201d, Ia\u015fi, 2014, p. 797\u2013810.<\/p><p>&#8211; <em>Un boier nem\u0163ean, ctitor la Ia\u015fi, \u015fi neamul s\u0103u<\/em>, \u00een \u201e<em>Monumentul XV<\/em>. Lucr\u0103rile celei de-a XV-a edi\u0163ie a Simpozionului Na\u0163ional <em>Monumentul \u2013 tradi\u0163ie \u015fi viitor<\/em>\u201d, volum coordonat de Mircea Ciubotaru, Aurica Ichim \u015fi Lucian-Valeriu Lefter, Editura \u201eDoxologia\u201d, Ia\u015fi, 2014, p. 171\u2013181.<\/p><p><em>&#8211; Intersect\u0103ri biografice<\/em>, \u00een <em>Mihai Dim. Sturdza la 80 de ani. Omagiu<\/em>, editori Mircea Ciubotaru, Lucian Valeriu Lefter, Editura Universit\u0103\u0163ii \u201eAlexandru Ioan Cuza\u201d, Ia\u015fi, 2014, p. 11\u201316.<\/p><p><em>&#8211; Movile\u015ftii. Izvoare \u015fi interpret\u0103ri<\/em>, \u00een <em>Retrospec\u0163ii medievale. In honorem Professoris Emeriti Ioan Capro\u015fu<\/em>, ediderunt Victor Spinei, Lauren\u0163iu R\u0103dvan, Arcadie M. Bodale, Editura Universit\u0103\u0163ii \u201eAlexandru Ioan Cuza\u201d, Ia\u015fi, 2014, p. 253\u2013273.<\/p><p><em>&#8211; Miron vod\u0103 Barnovschi \u015fi <\/em>A\u015fez\u0103m\u00e2ntul <em>s\u0103u din 1626. Un document nou<\/em>, \u00een <em>Dragomirna \u015fi ctitorii ei. Actele Simpozionului din 20\u201323 iulie 2009<\/em>, Sf\u00e2nta M\u0103n\u0103stire Dragomirna, Editura \u201eMitropolit Iacov Putneanul\u201d, Suceava, 2014, p. 419\u2013434.<\/p><p><em>&#8211; Cunoscutele \u015fi necunoscutele unei biografii de ctitor. Anastasie Crimca<\/em>, \u00een <em>Dragomirna \u015fi ctitorii ei. Actele Simpozionului din 20\u201323 iulie 2009<\/em>, Sf\u00e2nta M\u0103n\u0103stire Dragomirna, Editura \u201eMitropolit Iacov Putneanul\u201d, Suceava, 2014, p 337\u2013353.<\/p><p><em>&#8211; Participarea rom\u00e2neasc\u0103 la un congres interna\u0163ional \u201epierdut\u201d (Londra, 1976)<\/em>, \u00een <em>Gheorghe Buzatu: in memoriam<\/em>, coordonatori Marusia C\u00eerstea, Sorin Liviu Damean, Lucian Dindiric\u0103, Editura \u201eCetatea de Scaun\u201d, T\u00e2rgovi\u015fte, 2014, p. 720\u2013736.<\/p><p><em>&#8211; Istorie putnean\u0103 imaginar\u0103 \u00een pomelnicul Mitropoliei Moldovei (1754)<\/em>, \u00een <strong>AP<\/strong>, IX, 2013, 2, p. 75\u201391.<\/p><p><em>&#8211; Legende, mituri \u015fi pove\u015fti \u00een istoria M\u0103n\u0103stirii Putna<\/em>, \u00een <strong>AP<\/strong>, IX, 2013, 1, p. 429\u2013447.<\/p><p><em>&#8211; Trei cercet\u0103tori ai istoriei lui \u015etefan cel Mare<\/em>, \u00een <strong>AP<\/strong>, IX, 2013, 1, p. 7\u201321.<\/p><p><em>&#8211; <\/em><em>Autour des relations moldo-ottomanes<\/em> (\u00een colaborare cu Maria Magdalena Sz\u00e9kely), \u00een <strong>MEMS<\/strong>, V, 2013, p. 149\u2013191.<\/p><p><em>&#8211; Cronici \u015fi cronicari<\/em>, \u00een \u201e<em>Prutul<\/em>. Revist\u0103 de Cultur\u0103\u201d, s.n., III (XII), 2013, 1\u20132 (51\u201352), p. 23\u201330.<\/p><p><em>&#8211; Contribu\u0163ii la genealogia familiilor T\u0103utu \u015fi Callimachi<\/em>, \u00een <strong>A\u0218UI<\/strong>, s.n., <em>Istorie<\/em>, LIX, 2013, p. 99\u2013119.<\/p><p><em>&#8211; Epigrafie, genealogie, istorie. Noi contribu\u0163ii<\/em>, \u00een <strong>SMIM<\/strong>, XXXI, 2013, p. 145\u2013183.<\/p><p><em>&#8211; Din nou despre data na\u015fterii lui Dimitrie Cantemir<\/em>, \u00een <strong>SMIM<\/strong>, XXXI, 2013, p. 315\u2013323.<\/p><p><em>&#8211; Un monument misterios al Sucevei medievale<\/em>, \u00een <strong>SMIM<\/strong>, XXXI, 2013, p. 323\u2013330.<\/p><p><em>&#8211; Dumitru Nastase (1924\u20132013)<\/em>, \u00een <strong>SMIM<\/strong>, XXXI, 2013, p. 441\u2013445.<\/p><p><em>&#8211; Movile\u0219tii. Considera\u0163ii finale<\/em>, \u00een <strong>CI<\/strong>, s.n., XXXII, 2013, p. 177\u2013194.<\/p><p><em>&#8211; L\u2019homme \u2013 la raison d\u2019\u00eatre de l\u2019histoire. Plaidoyer pour la prosopographie<\/em>, \u00een \u201eClassica et Christiana\u201d, 8, 2013, 1, p. 129\u2013144.<\/p><p><em>&#8211; Donatori, r\u0103zvr\u0103ti\u0163i \u015fi pribegi. Incursiuni prosopografice<\/em>, \u00een <em>Istoria: utopie, amintire \u015fi proiect de viitor<\/em>, studii de istorie oferite profesorului Andrei Pippidi la \u00eemplinirea a 65 de ani, editori Radu G. P\u0103un, Ovidiu Cristea, Editura Universit\u0103\u0163ii \u201eAlexandru Ioan Cuza\u201d, Ia\u015fi, 2013, p. 11\u201332.<\/p><p><em>&#8211; Mobilitatea popula\u0163iei reflectat\u0103 \u00een istoria unei familii: purt\u0103torii numelui Gorovei (sec. XVI\u2013XXI)<\/em>, \u00een \u201eCarpica\u201d, XLII, 2013, p. 373\u2013385.<\/p><p><em>&#8211; Descenden\u0163a domneasc\u0103 a Movile\u015ftilor. Observa\u0163ii \u015fi argumente noi<\/em>, \u00een <em>Aut viam inveniam, aut faciam. In honorem \u015etefan Andreescu<\/em>, eds. Ovidiu Cristea, Petronel Zahariuc, Gheorghe Laz\u0103r, Editura Universit\u0103\u0163ii \u201eAlexandru Ioan Cuza\u201d, Ia\u015fi, 2012, p. 225\u2013254.<\/p><p><em>&#8211; Dimitrie Cantemir \u015fi boierimea Moldovei. Interesul pentru str\u0103mo\u015fi<\/em>, \u00een <em>Dimitrie Cantemir. Perspective interdisciplinare<\/em>, volum coordonat de Bogdan Cre\u0163u, Institutul European, Ia\u015fi, 2012, p. 133\u2013144.<\/p><p><em>&#8211; Stema lui \u015etefan cel Mare. Observa\u0163ii, interpret\u0103ri, explica\u0163ii<\/em>, \u00een <em>Polychronion. Profesorului Nicolae-\u015eerban Tana\u015foca la 70 de ani<\/em>, coordonare: Lia Brad Chisacof \u015fi C\u0103t\u0103lina V\u0103t\u0103\u015fescu, Editura Academiei Rom\u00e2ne, Bucure\u015fti, 2012, p. 243\u2013262.<\/p><p><em>&#8211; Controverse cantemiriene<\/em>, \u00een \u201e<em>Prutul<\/em>. Revist\u0103 de Cultur\u0103\u201d, s.n., II (XI), 2012, 1 (49), p. 21\u201326.<\/p><p><em>&#8211; Addenda et corrigenda <\/em>[<strong>1.<\/strong> <em>Illario Doria<\/em>; <strong>2.<\/strong> <em>\u015etefan cel T\u00e2n\u0103r \u015fi boierii moldoveni la 1523<\/em>; <strong>3.<\/strong> <em>Piatra funerar\u0103 de la M\u0103n\u0103stirea C\u0103priana<\/em>; <strong>4.<\/strong> <em>Logof\u0103tul Grigora\u015f<\/em>; <strong>5.<\/strong> <em>Un document gre\u015fit datat<\/em>; <strong>6<\/strong>. <em>\u00cendrept\u0103ri, \u00eendrept\u0103ri\u2026<\/em>], \u00een <strong>SMIM<\/strong>, XXX, 2012, p. 265\u2013274.<\/p><p><em>&#8211; M\u0103rturii dorohoiene. Coresponden\u0163\u0103 Artur Gorovei \u2013 Dumitru Furtun\u0103 (1926\u20131950)<\/em>, \u00een <strong>AMS<\/strong>, XI, 2012, p. 272\u2013300.<\/p><p><em>&#8211; Un monument epigrafic \u015fi heraldic recuperat: pisania cu stem\u0103 de la Putna (1481)<\/em>, \u00een <strong>AP<\/strong>, VIII, 2012, 2, p. 141\u2013166.<\/p><p><em>&#8211; \u201eCel Mare\u201d. M\u0103rturii \u015fi interpret\u0103ri<\/em>, \u00een <strong>AP<\/strong>, VIII, 2012, 2, p. 7\u201337.<\/p><p><em>&#8211; Din nou despre Ghervasie de la Putna<\/em>, \u00een <strong>AP<\/strong>, VIII, 2012, 1, p. 187\u2013212.<\/p><p><em>&#8211; Egumenii Putnei (secolele XV\u2013XVII). Capcane false, controverse inutile<\/em>, \u00een <strong>AP<\/strong>, VIII, 2012, 1, p. 93\u2013124.<\/p><p><em>&#8211; Lumea animal\u0103 \u00een heraldica teritorial\u0103 a Moldovei medievale. Reflec\u0163ii neconven\u0163ionale<\/em>, \u00een <em>Lumea animalelor: realit\u0103\u0163i, reprezent\u0103ri, simboluri<\/em>, volum \u00eengrijit de Maria Magdalena Sz\u00e9kely, Editura Universit\u0103\u0163ii \u201eAlexandru Ioan Cuza\u201d, Ia\u015fi, 2012, p. 495\u2013506.<\/p><p><em>&#8211; O lume \u00eendep\u0103rtat\u0103: la curtea lui Alexandru cel Bun<\/em>, \u00een \u201eEchidistan\u0163e\u201d, s.n., 22, 2012, 13 (61), p. 71\u201380.<\/p><p><em>&#8211; Les dons du Professeur \u00c9mile Turdeanu (Darurile Profesorului Emil Turdeanu<\/em>), \u00een <strong>TR<\/strong>, vol. XXI, Supplement No. 1, 2012, p. 11\u201322.<\/p><p><em>&#8211; Les princes Movil\u0103 (Mohyla). Fables et impertinences<\/em>, \u00een <strong>MEMS<\/strong>, III, 2012, p. 105\u2013115.<\/p><p><em>&#8211; Despre donatorii unor obiecte din tezaurul Putnei. Note prosopografice<\/em>, \u00een <strong>AP<\/strong>, VII, 2011, 2, p. 119\u2013141.<\/p><p><em>&#8211; Oameni, c\u0103r\u0163i \u015fi a\u015fez\u0103minte sub v\u0103lul uit\u0103rii<\/em>, \u00een <em>In honorem C\u0103t\u0103lina Velculescu. La aniversar\u0103<\/em>, Editura \u201ePaideia\u201d, Bucure\u015fti, 2011, p. 153\u2013169.<\/p><p><em>&#8211; Addenda et corrigenda<\/em> [<strong>1.<\/strong> <em>Clopotul lui \u015etefan cel Mare de la M\u0103n\u0103stirea Neam\u0163u<\/em>; <strong>2.<\/strong> <em>Darul lui Petru Rare\u015f la M\u0103n\u0103stirea Dionysiou<\/em>; <strong>3.<\/strong> <em>Darul Elisabetei Movil\u0103 la M\u0103n\u0103stirea Cutlumus<\/em>; <strong>4.<\/strong> <em>La studiul<\/em> O doamn\u0103 a Moldovei care n-a existat\u2026; <strong>5.<\/strong> <em>Despre comanditarul (sau copistul) traducerii rom\u00e2ne\u015fti a <strong>Florii darurilor<\/strong><\/em>], \u00een <strong>SMIM<\/strong>, XXIX, 2011, p. 325\u2013340.<\/p><p><em>&#8211; Genealogii pierdute, sate uitate (I)<\/em>, \u00een <strong>SMIM<\/strong>, XXIX, 2011, p. 71\u201389.<\/p><p><em>&#8211; Moses Gaster \u015fi Artur Gorovei. O ad\u0103ugire documentar\u0103<\/em>, \u00een <strong>AMEM<\/strong>, XI, 2011, p. 393\u2013402.<\/p><p><em>&#8211; Dialog epistolar Artur Gorovei \u2013 Constantin Gane<\/em>, \u00een <strong>AMS<\/strong>, X, 2011, p. 225\u2013236.<\/p><p><em>&#8211; Trei scrisori ale Ecaterinei N. Iorga<\/em>, \u00een <strong>AMS<\/strong>, X, 2011, p. 191\u2013195.<\/p><p><em>&#8211; Miron Costin: genealogie \u015fi istorie<\/em>, \u00een <strong>LR<\/strong>, LX, 2011, 1, p. 77\u201385.<\/p><p><em>&#8211; Movile\u015ftii. Contribu\u0163ii la istoria puterii \u015fi a familiei<\/em>, \u00een <em>Putna, ctitorii ei \u015fi lumea lor<\/em>, Editura \u201eOscar Print\u201d, Bucure\u015fti, 2011, p. 123\u2013144.<\/p><p><em>&#8211; Animalele \u0162\u0103rilor Moldovei. Varia\u0163iuni istorice<\/em>, \u00een <strong>RIS<\/strong>, XIII\u2013XV, 2008\u20132010, p. 124\u2013135.<\/p><p><em>&#8211; Documente de la \u015etefan cel Mare. Observa\u0163ii pe marginea unor men\u0163iuni vechi<\/em>, \u00een <strong>AP<\/strong>, VI, 2010, 2, p. 81\u201388.<\/p><p><em>&#8211; Despre \u00eenceputurile M\u0103n\u0103stirii Moldovi\u0163a<\/em>, \u00een <strong>AP<\/strong>, VI, 2010, 2, p. 25\u201338.<\/p><p><em>&#8211; Epigrafie, genealogie, istorie<\/em>, \u00een <em>Izvoare istorice, art\u0103, cultur\u0103 \u015fi societate. \u00cen memoria lui Constantin B\u0103lan (1928\u20132005)<\/em>, volum coordonat de Constantin Rezachevici, Editura \u201eSpeteanu\u201d, Bucure\u015fti, 2010, p. 249\u2013259.<\/p><p><em>&#8211; Trei probleme din biografia lui \u015etefan cel Mare<\/em>, \u00een <strong>AP<\/strong>, VI, 2010, 1, p. 239\u2013252.<\/p><p><em>&#8211; Ghervasie de la Putna \u015fi Daniil de Strehaia<\/em>, \u00een <strong>AP<\/strong>, VI, 2010, 1, p. 101\u2013117.<\/p><p><em>&#8211; Contribu\u0163ii prosopografice \u015fi epigrafice<\/em>, \u00een <strong>SMIM<\/strong>, XXVIII, 2010, p. 71\u201398.<\/p><p><em>&#8211; Sf\u00e2nta M\u0103n\u0103stire Putna<\/em>, lucrare ap\u0103rut\u0103 cu binecuv\u00e2ntarea \u00cenalt Preasfin\u0163itului Pimen, Arhiepiscop al Sucevei \u015fi R\u0103d\u0103u\u0163ilor, Editura \u201eMitropolit Iacov Putneanul\u201d, M\u0103n\u0103stirea Putna, 2010, p. 23\u201339 (domnia lui \u015etefan cel Mare), 41\u201361 (istoria M\u0103n\u0103stirii Putna p\u00e2n\u0103 la 1775\/1778) \u015fi 377\u2013383 (arhiva veche).<\/p><p><em>&#8211; Vartolomei Mazereanu. Noi contribu\u0163ii<\/em>, \u00een <strong>AP<\/strong>, V, 2009, 2, p. 109\u2013120.<\/p><p><em>&#8211; Arhimandritul Vartolomei Mazereanu \u015fi activitatea sa. Noi contribu\u0163ii<\/em>, \u00een <strong>AP<\/strong>, V, 2009, 1, p. 353\u2013367.<\/p><p><em>&#8211; O controvers\u0103: \u201edoamnele\u201d lui Bogdan al III-lea<\/em>, \u00een <strong>SMIM<\/strong>, XXVII, 2009, p. 145\u2013157.<\/p><p><em>&#8211; Pagini din istoria Ia\u015filor (secolul XVIII) \u00een documente din Arhiva Sf\u00e2ntului Morm\u00e2nt<\/em>, \u00een <em>Contribu\u0163ii privitoare la istoria rela\u0163iilor dintre \u0162\u0103rile Rom\u00e2ne \u015fi Bisericile r\u0103s\u0103ritene \u00een secolele XIV\u2013XIX<\/em>, volum editat de Petronel Zahariuc, Editura Universit\u0103\u021bii \u201eAlexandru Ioan Cuza\u201d, Ia\u015fi, 2009, p. 143\u2013160.<\/p><p><em>&#8211; O doamn\u0103 a Moldovei care n-a existat: Nastasia, so\u0163ia lui Bogdan al III-lea<\/em>, \u00een <strong>A\u0218UI<\/strong>, s.n., <em>Istorie<\/em>, LIV\u2013LV, 2008\u20132009, p. 37\u201349.<\/p><p><em>&#8211; Izvoarele istoriei, istoria izvoarelor. Pisania cu stem\u0103 (1492) de la cetatea Sucevei<\/em>, \u00een <strong>AP<\/strong>, IV, 2008, 2, p. 69\u201383.<\/p><p><em>&#8211; Cetatea de Scaun a Sucevei<\/em>, \u00een <strong>AP<\/strong>, IV, 2008, 2, p. 15\u201324.<\/p><p><em>&#8211; Veacul XIV. Din nou \u015fi mereu&#8230;<\/em>, \u00een <em>Voca\u0163ia istoriei. Prinos profesorului \u015eerban Papacostea<\/em>, volum \u00eengrijit de Ovidiu Cristea \u015fi Gheorghe Laz\u0103r, Editura \u201eIstros\u201d, Br\u0103ila, 2008, p. 271\u2013296.<\/p><p><em>&#8211; Umbra lui Drago\u015f. La Putna<\/em>, \u00een <strong>AP<\/strong>, IV, 2008, 1, p. 5\u201326.<\/p><p><em>&#8211; Contribu\u0163ii pentru istoria domniei lui Bogdan al III-lea<\/em>, \u00een <strong>AP<\/strong>, IV, 2008, 1, p. 279\u2013294 \u015fi patru plan\u015fe color.<\/p><p><em>&#8211; Caracterizarea Puterii \u00een Moldova la cump\u0103na veacurilor XVI\u2013XVII<\/em>, \u00een <em>Ideologii \u015fi reprezent\u0103ri ale Puterii \u00een Europa<\/em>, studii reunite de Alexandru-Florin Platon, Bogdan-Petru Maleon \u015fi Liviu Pilat, Editura Universit\u0103\u021bii \u201eAlexandru Ioan Cuza\u201d, Ia\u015fi, 2008, p. 175\u2013190.<\/p><p><em>&#8211; Informa\u0163ie, propagand\u0103, mistificare: scrisoarea din 25 ianuarie 1475<\/em>, \u00een <strong>AP<\/strong>, III, 2007, 2, p. 21\u201326.<\/p><p><em>&#8211; Cronologii controversate \u00een istoria lui \u015etefan cel Mare. Observa\u0163ii asupra izvoarelor<\/em>, \u00een <strong>AP<\/strong>, III, 2007, 2, p. 75\u201390.<\/p><p><em>&#8211; Amintirea lui \u015etefan cel Mare la Colomeea<\/em>, \u00een <strong>AP<\/strong>, III, 2007, 2, p. 67\u201374.<\/p><p><em>&#8211; Un ieromonah din Putna la Mitropolia din Bucure\u015fti (1676\u20131677)<\/em>, \u00een <strong>AP<\/strong>, III, 2007, 1, p. 79\u201386.<\/p><p><em>&#8211; Ultimii ctitori ai clopotului Buga de la M\u0103n\u0103stirea Putna (1818)<\/em>, \u00een <strong>AP<\/strong>, III, 2007, 1, p. 47\u201356.<\/p><p><em>&#8211; Sever Zotta. Secven\u0163e biografice 1904\u20131940<\/em>, \u00een <strong>A\u0218UI<\/strong>, s.n., <em>Istorie<\/em>, LII\u2013LIII, 2006\u20132007, p. 75\u201385.<\/p><p><em>&#8211; Despre rolul lui Sever Zotta \u00een unirea Bucovinei cu Rom\u00e2nia<\/em>, \u00een \u201eEuropa XXI\u201d, XV\u2013XVI, 2006\u20132007, p. 171\u2013178.<\/p><p><em>&#8211; Doamna Elisabeta Movil\u0103. Contribu\u0163ii pentru o biografie nescris\u0103<\/em>, \u00een vol. <em>Movile\u015ftii. Istorie \u015fi spiritualitate rom\u00e2neasc\u0103<\/em>, II. <em>Ieremia Movil\u0103. Domnul. Familia. Epoca<\/em>, carte tip\u0103rit\u0103 cu binecuv\u00e2ntarea \u00cenalt Prea Sfin\u0163itului Pimen, Arhiepiscop al Sucevei \u015fi R\u0103d\u0103u\u0163ilor, Sf\u00e2nta M\u0103n\u0103stire Sucevi\u0163a, 2006, p. 273\u2013301.<\/p><p><em>&#8211; Familia lui Ieremia vod\u0103 Movil\u0103 \u00een tablouri votive. Contribu\u0163ii la istoria M\u0103n\u0103stirii Sucevi\u0163a<\/em>, \u00een vol. <em>Movile\u015ftii. Istorie \u015fi spiritualitate rom\u00e2neasc\u0103<\/em>, II. <em>Ieremia Movil\u0103. Domnul. Familia. Epoca<\/em>, carte tip\u0103rit\u0103 cu binecuv\u00e2ntarea \u00cenalt Prea Sfin\u0163itului Pimen, Arhiepiscop al Sucevei \u015fi R\u0103d\u0103u\u0163ilor, Sf\u00e2nta M\u0103n\u0103stire Sucevi\u0163a, 2006, p. 35\u201358.<\/p><p><em>&#8211; Crinii lui \u015etefan cel Mare. \u00centre Cape\u0163ieni \u015fi Paleologi<\/em>, \u00een vol. <em>De Potestate.\u00a0 Forme \u015fi expresii ale Puterii \u00een Evul Mediu rom\u00e2nesc<\/em>, Editura Universit\u0103\u021bii \u201eAlexandru Ioan Cuza\u201d, Ia\u015fi, 2006, p. 215\u2013226.<\/p><p><em>&#8211; Moldova \u015fi \u201eregalitatea sacr\u0103\u201d<\/em> (\u00een colaborare cu Maria Magdalena Sz\u00e9kely), \u00een vol. <em>De Potestate. Forme \u015fi expresii ale Puterii \u00een Evul Mediu rom\u00e2nesc<\/em>, Editura Universit\u0103\u021bii \u201eAlexandru Ioan Cuza\u201d, Ia\u015fi, 2006, p. 179\u2013214.<\/p><p><em>&#8211; Les embl\u00e8mes imp\u00e9riaux de la princesse Marie Assanine Pal\u00e9ologuine<\/em> (\u00een colaborare cu Maria Magdalena Sz\u00e9kely), \u00een <em>\u00c9tudes byzantines et post-byzantines<\/em>, V, ed. Emilian Popescu \u015fi Tudor Teoteoi, Editura Academiei Rom\u00e2ne, Bucure\u015fti, 2006, p. 49\u201387.<\/p><p><em>&#8211; \u201eMaria Asanina Paleologhina, doamna Moldovlahiei\u201d. <\/em>II. <em>Rudeniile bizantine<\/em>, \u00een <strong>SMIM<\/strong>, XXIV, 2006, p. 55\u201380.<\/p><p><em>&#8211; Principatul de Theodoro (Mangop) \u015fi Moldova lui \u015etefan cel Mare. Observa\u0163ii \u015fi ipoteze<\/em>, \u00een vol. <em>Marea Neagr\u0103. Puteri terestre \u2013 Puteri maritime (sec. XIII\u2013XVIII)<\/em>, coord. Ovidiu Cristea, Institutul Cultural Rom\u00e2n, Bucure\u015fti, 2006, p. 199\u2013225.<\/p><p><em>&#8211; Maria Despina, doamna lui Radu cel Frumos<\/em>, \u00een <strong>AP<\/strong>, II, 2006, 1\u20132, p. 145\u2013152.<\/p><p><em>&#8211; Ion Neculce \u015fi tradi\u0163iile Putnei<\/em>, \u00een <strong>AP<\/strong>, I, 2005, 2, p. 55\u201372.<\/p><p><em>&#8211; Adev\u0103rata identitate a unei broderii liturgice din tezaurul M\u0103n\u0103stirii Putna<\/em>, \u00een <strong>AP<\/strong>, II, 2006, 1\u20132, p. 99\u2013104.<\/p><p><em>&#8211; Feudele ardelene ale lui \u015etefan cel Mare. Observa\u0163ii pe marginea izvoarelor<\/em>, \u00een <strong>AP<\/strong>, I, 2005, 1, p. 123\u2013132.<\/p><p><em>&#8211; Un dar pierdut \u015fi posibila lui semnifica\u0163ie<\/em>, \u00een <strong>AP<\/strong>, I, 2005, 1, p. 35\u201346.<\/p><p><em>&#8211; Titlurile lui \u015etefan cel Mare. Tradi\u0163ie diplomatic\u0103 \u015fi vocabular politic<\/em>, \u00een <strong>SMIM<\/strong>, XXIII, 2005, p. 41\u201378.<\/p><p><em>&#8211; Stemele lui \u015etefan cel Mare de la Cetatea Alb\u0103<\/em>, \u00een <strong>SMIM<\/strong>, XXIII, 2005, p. 215\u2013226.<\/p><p><em>&#8211; Gesta Dei per Stephanum Voievodam<\/em>, \u00een <em>\u0218tefan cel Mare \u0219i Sf\u00e2nt. Atlet al credin\u021bei cre\u0219tine<\/em>, carte tip\u0103rit\u0103 cu binecuv\u00e2ntarea \u00cenalt Prea Sfin\u021bitului Pimen, Arhiepiscop al Sucevei \u0219i R\u0103d\u0103u\u021bilor, Sf\u00e2nta M\u0103n\u0103stire Putna, 2004, p. 389\u2013414.<\/p><p><em>&#8211; \u00censemnele imperiale ale doamnei Maria Asanina Paleologhina<\/em> (\u00een colaborare cu Maria Magdalena Sz\u00e9kely), \u00een <em>\u015etefan cel Mare \u015fi Sf\u00e2nt. Atlet al credin\u0163ei cre\u015ftine<\/em>, carte tip\u0103rit\u0103 cu binecuv\u00e2ntarea \u00cenalt Prea Sfin\u021bitului Pimen, Arhiepiscop al Sucevei \u0219i R\u0103d\u0103u\u021bilor, Sf\u00e2nta M\u0103n\u0103stire Putna, 2004, p. 81\u2013112.<\/p><p><em>&#8211; \u201eMaria Asanina Paleologhina, doamna Moldovlahiei\u201d (I)<\/em>, \u00een <strong>SMIM<\/strong>, XXII, 2004, p. 9\u201350.<\/p><p><em>&#8211; Un ctitor uitat la Putna \u015fi asocierea la atributele puterii suverane<\/em>, \u00een <strong>SMIM<\/strong>, XXI, 2003, p. 257\u2013270.<\/p><p><em>&#8211; Mucenicia Sf\u00e2ntului Ioan cel Nou. Noi puncte de vedere<\/em>, \u00een vol. <em>\u00cenchinare lui Petre \u015e. N\u0103sturel la 80 de ani<\/em>, Editura \u201eIstros\u201d, Br\u0103ila, 2003, p. 555\u2013572.<\/p><p><em>&#8211; Un dar uitat al lui Petru Rare\u015f la M\u0103n\u0103stirea Dionysiou<\/em>, \u00een vol. <em>Omagiu Virgil C\u00e2ndea la 75 de ani<\/em>, coordonator Paul H. Stahl, I, Editura Academiei Rom\u00e2ne &amp; Editura \u201eRoza V\u00e2nturilor\u201d, Bucure\u015fti, 2002, p. 323\u2013330.<\/p><p>&#8211; <em>Documente reg\u0103site dintr-o arhiv\u0103 pierdut\u0103<\/em> (\u00een colaborare cu Maria Magdalena Sz\u00e9kely), \u00een <strong>SMIM<\/strong>, XX, 2002, p. 45\u201351.<\/p><p><em>&#8211; Stema Moldovei \u015fi a voievozilor ei (secolele XIV\u2013XVI)<\/em>, \u00een \u201eHerb\u201d, I (VI), 1999, 1\u20132, p. 13\u201322.<\/p><p><em>&#8211; Dimitrie Cantemir (1673<\/em><strong>\u2013<\/strong><em>1723)<\/em>, \u00een <strong>ArhGen<\/strong>, VI (XI), 1999, p. 27\u201330.<\/p><p><em>&#8211; Integrare \u015fi asimilare \u00een societatea rom\u00e2neasc\u0103<\/em>, \u00een <strong>ArhGen<\/strong>, VI (XI), 1999, p. 261\u2013268.<\/p><p><em>&#8211; \u201eSemne \u0219i minuni\u201d pentru \u0218tefan voievod. Note de mentalitate medieval\u0103<\/em> (\u00een colaborare cu Maria Magdalena Sz\u00e9kely), \u00een <strong>SMIM<\/strong>, XVI, 1998, p. 49\u201364.<\/p><p><em>&#8211; Circula\u0163ia \u201eHerodotului\u201d de la Co\u015fula: explica\u0163ii genealogice pentru un fenomen cultural<\/em>, \u00een <strong>ArhGen<\/strong>, V (X), 1998, 3\u20134, p. 155\u2013169.<\/p><p><em>&#8211; Neamul lui Miron vod\u0103 Barnovschi<\/em>, \u00een <strong>ArhGen<\/strong>, V (X), 1998, 1\u20132, p. 141\u2013154.<\/p><p><em>&#8211; Un document f\u0103r\u0103 pecete \u015fi o pecete f\u0103r\u0103 document<\/em>, \u00een vol. <em>In honorem Paul Cernovodeanu<\/em>, Violeta Barbu edita, Editura \u201eKriterion\u201d, Bucure\u015fti, 1998, p. 95\u2013102.<\/p><p><em>&#8211; Mic \u00eendreptar de heraldic\u0103 (nu numai) ie\u015fean\u0103<\/em>, \u00een <strong>ArhGen<\/strong>, IV (IX), 1997, 1\u20132, p. 305\u2013339.<\/p><p><em>&#8211; Neamul mitropolitului Anastasie Crimca. Noi preciz\u0103ri<\/em>, \u00een <strong>ArhGen<\/strong>, IV (IX), 1997, 1\u20132, p. 119\u2013124.<\/p><p><em>&#8211; Note de antroponimie medieval\u0103<\/em>, \u00een <strong>ArhGen<\/strong>, IV (IX), 1997, 1\u20132, p. 51\u201358.<\/p><p><em>&#8211; Rude \u015fi \u00eenrudiri necunoscute ale lui Petru Rare\u015f<\/em>, \u00een <strong>RI<\/strong>, VIII, 1997, 7\u20138, p. 467\u2013476.<\/p><p><em>&#8211; Familii boiere\u015fti rom\u00e2ne cu multipl\u0103 legitimare nobiliar\u0103<\/em>, \u00een <strong>ArhGen<\/strong>, III (VIII), 1996, 3\u20134, p. 233\u2013236.<\/p><p><em>&#8211; \u201eDin Purice \u2013 Movil\u0103\u201d \u015fi \u201eBarnovschi-Moghil\u0103\u201d. Dou\u0103 explica\u0163ii (nu numai) genealogice<\/em>, \u00een <strong>ArhGen<\/strong>, III (VIII), 1996, 3\u20134, p. 327\u2013332.<\/p><p><em>&#8211; Formation et \u00e9volution de la fronti\u00e8re de la Moldavie m\u00e9di\u00e9vale<\/em>, \u00een <strong>RRH<\/strong>, XXXV, 1996, 3\u20134, p. 131\u2013136.<\/p><p><em>&#8211; Originea social\u0103 a \u00eenaltului cler monahal<\/em>, \u00een <strong>ArhGen<\/strong>, II (VII), 1995, 3\u20134, p. 183\u2013190.<\/p><p><em>&#8211; Cu privire la heraldica medieval\u0103 rom\u00e2neasc\u0103<\/em>, \u00een <strong>ArhGen<\/strong>, II (VII), 1995, 1\u20132, p. 273\u2013284.<\/p><p><em>&#8211; Steme moldovene\u015fti augmentate \u00een Polonia<\/em>, \u00een <strong>ArhGen<\/strong>, II (VII), 1995, 1\u20132, p. 305\u2013314.<\/p><p><em>&#8211; \u201eNepo\u0163ii Balic\u0103i\u201d, \u201es\u0103min\u0163enia Movile\u015ftilor\u201d<\/em>, \u00een <strong>ArhGen<\/strong>, I (VI), 1994, 3\u20134, p. 123\u2013132.<\/p><p><em>&#8211; Vechi \u00eensemn\u0103ri genealogice ale familiei Abaza<\/em>, \u00een <strong>ArhGen<\/strong>, I (VI), 1994, 1\u20132, p. 163\u2013170.<\/p><p><em>&#8211; Clanuri, familii, autorit\u0103\u0163i, puteri (Moldova, secolele XV\u2013XVII)<\/em>, \u00een <strong>ArhGen<\/strong>, I (VI), 1994, 1\u20132, p. 87\u201393.<\/p><p><em>&#8211; Rela\u021bii biserice\u0219ti rom\u00e2no-ruse \u00een secolele XV\u2013XVIII<\/em>, \u00een <strong>AIIX<\/strong>, XXXI, 1994, p. 601\u2013609.<\/p><p><em>&#8211; Moldova lui Vasile Lupu \u015fi Arhiepiscopia de Ohrida<\/em>, \u00een <strong>AIIX<\/strong>, XXXI, 1994, p. 111\u2013117.<\/p><p>&#8211; <em>C\u00e2nd a primit Lupu vornicul domnia Moldovei ?<\/em>, \u00een <strong>AIIX<\/strong>, XXXI, 1994, p. 3\u20138.<\/p><p><em>&#8211; Fragmente pentru o antropologie social\u0103 (Moldova secolului XVII)<\/em>, \u00een <strong>AMM<\/strong>, XII\u2013XIV, 1990\u20131992, p. 165\u2013177.<\/p><p><em>&#8211; Genealogia domnilor Moldovei \u00een veacul XIV<\/em>, \u00een <strong>AIIX<\/strong>, XXX, 1993, p. 623\u2013651.<\/p><p><em>&#8211; Ureche\u015ftii \u2013 model de ascensiune social\u0103<\/em>, \u00een <strong>AIIX<\/strong>, XXIX, 1992, p. 501\u2013507.<\/p><p>&#8211; <em>1473: \u015etefan, Moldova \u015fi lumea catolic\u0103<\/em>, \u00een <strong>AIIX<\/strong>, XXIX, 1992, p. 75\u201383.<\/p><p><em>&#8211; Un bilan\u021b \u0219i un program<\/em>, \u00een <strong>AIIX<\/strong>, XXVIII, 1991, p. 349\u2013351.<\/p><p><em>&#8211; Constantin Basarab Br\u00e2ncoveanu. Str\u0103mo\u0219ii, \u00eenrudirile \u0219i calea spre tron<\/em> (\u00een colaborare cu Mihai Sorin R\u0103dulescu), \u00een <strong>AIIX<\/strong>, XXVII, 1990, p. 223\u2013237 + plan\u0219e genealogice.<\/p><p><em>&#8211; Semnifica\u0163ia unor documente false din veacul XVIII: <\/em>1. <em>\u201eCartea soborniceasc\u0103\u201d din 1 ianuarie 1752<\/em>, \u00een <strong>AIIAI<\/strong>, XXVI, 1989, 1, p. 431\u2013480.<\/p><p>&#8211; <em>La \u00eenceputul rela\u0163iilor moldo-bizantine: contextul \u00eentemeierii Mitropoliei Moldovei<\/em>, \u00een <em>Rom\u00e2nii \u00een istoria universal\u0103<\/em>, III, 1, coordonatori: I. Agrigoroaiei, Gh. Buzatu, V. Cristian, Universitatea \u201eAl. I. Cuza\u201d, Ia\u015fi, 1988, p. 853\u2013880.<\/p><p><em>&#8211; Spre unificarea istoriografiei na\u0163ionale: \u201eCronica paralel\u0103\u201d (Ia\u015fi, 1733)<\/em>, \u00een <strong>AIIAI<\/strong>, XXV, 1988, 2, p. 139\u2013185.<\/p><p><em>&#8211; \u00centre Vasile Buh\u0103escul \u015fi Vasile Buzil\u0103. O problem\u0103 de \u201epaternitate\u201d literar\u0103<\/em>, \u00een <strong>AIIAI<\/strong>, XXV, 1988, 1, p. 445\u2013452.<\/p><p><em>&#8211; Cu privire la patriciatul or\u0103\u015fenesc \u00een Moldova medieval\u0103. C\u00e2teva observa\u0163ii preliminare<\/em>, \u00een <strong>AIIAI<\/strong>, XXV, 1988, 1, p. 253\u2013265.<\/p><p><em>&#8211; \u201e\u0218coala nou\u0103\u201d de istorie. M\u0103rturii documentare (III)<\/em> (\u00een colaborare cu Lucian Nastas\u0103 \u0219i Petre \u021aurlea), \u00een <strong>AIIAI<\/strong>, XXIV, 1987, 2, p. 417\u2013454.<\/p><p><em>&#8211; La \u00eenceputurile ora\u015fului Bac\u0103u<\/em>, \u00een \u201eCarpica\u201d, XVIII\u2013XIX, 1986\u20131987, p. 265\u2013283.<\/p><p>&#8211; <em>Alian\u0163e dinastice ale domnilor Moldovei \u00een secolele XIV\u2013XVI<\/em>, \u00een <em>Rom\u00e2nii \u00een istoria universal\u0103<\/em>, II, 1, coordonatori: I. Agrigoroaiei, Gh. Buzatu, V. Cristian, Universitatea \u201eAl. I. Cuza\u201d, Ia\u015fi, 1987, p. 685\u2013697.<\/p><p><em>&#8211; O colaborare cultural\u0103 \u00een veacul XVIII \u015fi implica\u0163iile ei<\/em>, \u00een <strong>AIIAI<\/strong>, XXIV, 1987, 2, p. 333\u2013348.<\/p><p><em>&#8211; Note \u015fi \u00eendrept\u0103ri pentru istoria Mitropoliei Moldovei (II)<\/em>. I. <em>Egumeni ai m\u0103n\u0103stirii Bistri\u0163a \u00een veacurile XVI\u2013XVIII<\/em>; II. <em>O biografie nescris\u0103: Mitropolitul Gheorghe IV al Moldovei<\/em>, \u00een <strong>MMS<\/strong>, LXIII, 1987, 4, p. 69\u201382.<\/p><p><em>&#8211; Un c\u0103rturar uitat: logof\u0103tul Grigora\u015f<\/em>, \u00een <strong>AIIAI<\/strong>, XXIII, 1986, 2, p. 681\u2013698.<\/p><p>&#8211; <em>\u201e\u0218coala nou\u0103\u201d de istorie. M\u0103rturii documentare (II)<\/em> (\u00een colaborare cu Lucian Nastas\u0103 \u0219i Petre \u021aurlea), \u00een <strong>AIIAI<\/strong>, XXIII, 1986, 1, p. 355\u2013396.<\/p><p><em>&#8211; Str\u0103mo\u0219ii cunoscu\u021bi ai lui N. Iorga<\/em> (\u00een colaborare cu Mihai Sorin R\u0103dulescu), \u00een <strong>AMM<\/strong>, VII\u2013VIII, 1985\u20131986, p. 427\u2013443.<\/p><p><em>&#8211; Un episod din \u201erecuperarea\u201d Bizan\u0163ului: prima \u201eoper\u0103\u201d a sp\u0103tarului Nicolae \u201eMilescu\u201d<\/em>, \u00een <strong>AIIAI<\/strong>, XXII, 1985, 2, p. 441\u2013460.<\/p><p><em>&#8211; Aux d\u00e9buts des rapports moldo-byzantins<\/em>, \u00een <strong>RRH<\/strong>, XXIV, 1985, 3, p. 183\u2013207.<\/p><p>&#8211; <em>\u201e\u0218coala nou\u0103\u201d de istorie. M\u0103rturii documentare (I)<\/em> (\u00een colaborare cu Lucian Nastas\u0103 \u0219i Petre \u021aurlea), \u00een <strong>AIIAI<\/strong>, XXII, 1985, 1, p. 335\u2013376.<\/p><p><em>&#8211; Nicolae (Milescu) sp\u0103tarul. Contribu\u0163ii biografice<\/em>, \u00een <strong>AIIAI<\/strong>, XXI, 1984, p. 179\u2013192.<\/p><p><em>&#8211; Armoiries et rapports politiques: le \u201ecas\u201d moldave au XIV<sup>e<\/sup> si\u00e8cle<\/em>, \u00een <strong>RRH<\/strong>, XXIII, 1984, 2, p. 117\u2013128.<\/p><p><em>&#8211; Tradi\u0163ia \u201edesc\u0103lecatului\u201d: \u00een\u0163elesuri \u015fi confuzii<\/em>, \u00een <strong>AIIAI<\/strong>, XX, 1983, p. 89\u2013105.<\/p><p><em>&#8211; Note de istorie medieval\u0103 sucevean\u0103<\/em>, \u00een \u201e<em>Suceava<\/em>. Anuarul Muzeului Jude\u0163ean\u201d, X, 1983, p. 187\u2013227.<\/p><p><em>&#8211; Alliances dynastiques des princes moldaves (XIV<sup>e<\/sup> \u2013 XVI<sup>e<\/sup> si\u00e8cles)<\/em>, \u00een <em>Comunicaciones al XV Congreso de las Ciencias Genealogica y Her\u00e1ldica, Madrid, 19\u201325 septiembre 1982<\/em>, II, Madrid, 1983, p. 167\u2013178.<\/p><p><em>&#8211;<\/em> <em>La paix moldo-ottomane de 1486 (Quelques observations en marge des textes)<\/em>, \u00een <strong>RRH<\/strong>, XXI, 1982, 3\u20134, p. 405\u2013421.<\/p><p><em>&#8211; P. P. Panaitescu \u2013 coordonate ale unei evolu\u0163ii<\/em>, \u00een <strong>AIIAI<\/strong>, XIX, 1982, p. 499\u2013523.<\/p><p><em>&#8211; Pacea moldo-otoman\u0103 din 1486. Observa\u0163ii pe marginea unor texte<\/em>, \u00een <strong>RdI<\/strong>, 35, 1982, 7, p. 807\u2013821.<\/p><p><em>&#8211; M\u0103rturiile unui document<\/em>, \u00een <strong>CI<\/strong>, s.n., XII\u2013XIII, 1981\u20131982, p. 307\u2013316.<\/p><p><em>&#8211; Petru Movil\u0103. Contribu\u0163ii<\/em>, \u00een <strong>MMS<\/strong>, LVII, 1981, p. 704\u2013716.<\/p><p><em>&#8211; Pe marginea unei filia\u0163ii incerte: Maria Movil\u0103 \u2013 fiica lui Petru Rare\u015f<\/em>, \u00een <strong>CI<\/strong>, s.n., XI, 1980, p. 325\u2013330.<\/p><p><em>&#8211; Note \u015fi \u00eendrept\u0103ri pentru istoria Mitropoliei Moldovei (I)<\/em>, \u00een <strong>MMS<\/strong>, LVI, 1980, p. 77\u201383.<\/p><p><em>&#8211; Moldova \u00een \u201eCasa P\u0103cii\u201d. Pe marginea izvoarelor privind primul secol de rela\u0163ii moldo-otomane<\/em>, \u00een <strong>AIIAI<\/strong>, XVII, 1980, p. 629\u2013667.<\/p><p><em>&#8211; Anastasie Crimca. Noi contribu\u0163ii<\/em>, \u00een <strong>MMS<\/strong>, LV, 1979, p. 144\u2013159.<\/p><p><em>&#8211; 1473 \u2013 un an-cheie al domniei lui \u015etefan cel Mare<\/em>, \u00een <strong>AIIAI<\/strong>, XVI, 1979, p. 145\u2013149.<\/p><p><em>&#8211; Pozi\u0163ia interna\u0163ional\u0103 a Moldovei \u00een a doua jum\u0103tate a veacului al XIV-lea<\/em>, \u00een <strong>AIIAI<\/strong>, XVI, 1979, p. 187\u2013219.<\/p><p><em>&#8211; L\u2019\u00c9tat roumain de l\u2019Est des Carpates: La succession et la chronologie des princes de Moldavie au XIV<sup>e<\/sup> si\u00e8cle<\/em>, \u00een <strong>RRH<\/strong>, XVIII, 1979, 3, p. 473\u2013506.<\/p><p><em>&#8211; Cu privire la data primelor monede moldovene\u015fti<\/em>, \u00een \u201e<em>Suceava<\/em>. Anuarul Muzeului Jude\u0163ean\u201d, V, 1978, p. 567\u2013571.<\/p><p><em>&#8211; Activitatea diplomatic\u0103 a marelui logof\u0103t Ioan T\u0103utu<\/em>, \u00een \u201e<em>Suceava<\/em>. Anuarul Muzeului Jude\u0163ean\u201d, V, 1978, p. 237\u2013251.<\/p><p><em>&#8211; Observa\u0163ii noi \u00eentr-o controvers\u0103 veche (familia Ghica din Moldova)<\/em>, \u00een <strong>AIIAI<\/strong>, XV, 1978, p. 315\u2013324.<\/p><p><em>&#8211; Domnia lui \u0218tefan L\u0103cust\u0103<\/em>, \u00een vol. <em>Petru Rare\u0219<\/em>, redactor coordonator Leon \u0218imanschi, Editura Academiei, Bucure\u0219ti, 1978, p. 161\u2013174.<\/p><p><em>&#8211; Domnia lui Alexandru Cornea<\/em>, \u00een vol. <em>Petru Rare\u0219<\/em>, redactor coordonator Leon \u0218imanschi, Editura Academiei, Bucure\u0219ti, 1978, p. 175\u2013178.<\/p><p><em>&#8211; Familia lui Petru Rare\u0219<\/em>, \u00een vol. <em>Petru Rare\u0219<\/em>, redactor coordonator Leon \u0218imanschi, Editura Academiei, Bucure\u0219ti, 1978, p. 266\u2013270.<\/p><p><em>&#8211; Une ancienne famille moldave: le logoth\u00e8te T\u0103utu et sa descendance<\/em>, \u00een <em>12. Internationaler Kongress f\u00fcr genealogische und heraldische Wissenschaften, M\u00fcnchen, 1974, Kongressbericht<\/em>, vol. <em>Genealogie<\/em>, Stuttgart, 1978, p. 157\u2013163.<\/p><p><em>&#8211; <\/em><em>Pe marginea unor studii de genealogie \u015fi heraldic\u0103<\/em>, \u00een <strong>RdI<\/strong>, 30, 1977, 8, p. 1531\u20131538.<\/p><p><em>&#8211; O l\u0103murire: domnia ereditar\u0103 a familiei Movil\u0103<\/em>, \u00een <strong>RdI<\/strong>, 28, 1975, 7, p. 1091\u20131094.<\/p><p><em>&#8211; Note istorice \u015fi genealogice cu privire la urma\u015fii lui \u015etefan cel Mare<\/em>, \u00een <strong>SMIM<\/strong>, VIII, 1975, p. 185\u2013200.<\/p><p><em>&#8211; Autour de la paix moldo-turque de 1489<\/em>, \u00een <strong>RRH<\/strong>, XIII, 1974, 3, p. 535\u2013544.<\/p><p><em>&#8211; \u00cendrept\u0103ri cronologice la istoria Moldovei \u00een veacul al XIV-lea<\/em>, \u00een <strong>AIIAI<\/strong>, X, 1973, p. 99\u2013121.<\/p><p><em>&#8211; Les armoiries de la Moldavie et de ses princes r\u00e8gnants (XIV<sup>e<\/sup> \u2013 XVI<sup>e<\/sup> si\u00e8cles)<\/em>, \u00een <em>Recueil du 11<sup>e<\/sup> Congr\u00e8s International des Sciences G\u00e9n\u00e9alogique et H\u00e9raldique, Li\u00e8ge, 1972<\/em>, Braga (Portugalia), 1973, p. 263\u2013270.<\/p><p><em>&#8211; Cantemire\u015ftii. Eseu genealogic<\/em>, \u00een <strong>RA<\/strong>, L, 1973, 3, p. 481\u2013512.<\/p><p><em>&#8211; \u00cenrudirile cronicarului Grigore Ureche<\/em>, \u00een <strong>ALIL<\/strong>, XXIV, 1973, p. 109\u2013126.<\/p><p><em>&#8211; Str\u0103mo\u015fii cunoscu\u0163i ai principelui Al. I. Cuza<\/em>, \u00een <em>Cuza Vod\u0103 \u2013 in memoriam<\/em>, coordonatori L. Boicu, Gh. Platon, Al. Zub, Editura \u201eJunimea\u201d, Ia\u015fi, 1973, p. 25\u201332.<\/p><p><em>&#8211; Cu privire la metodologia cercet\u0103rilor de genealogie medieval\u0103 moldoveneasc\u0103<\/em>, \u00een <strong>RA<\/strong>, L, 1973, 2, p. 285\u2013291.<\/p><p><em>&#8211; Contribu\u0163ii la genealogia familiei domnitoare Tom\u015fa<\/em>, \u00een <strong>RA<\/strong>, XLVIII, 1971, 3, p. 375\u2013390.<\/p><p><em>&#8211; G\u0103ne\u015ftii \u015fi Arbure\u015ftii (Fragmente istorice, 1538\u20131541)<\/em>, \u00een <strong>CI<\/strong>, II, 1971, p. 143\u2013159.<\/p><p><em>&#8211; Biserica de la Volov\u0103\u0163 \u015fi morm\u00e2ntul lui Drago\u015f vod\u0103<\/em>, \u00een <strong>MMS<\/strong>, XLVII, 1971, 5\u20136, p. 374\u2013383.<\/p><p><em>&#8211; Pre\u0163uitori ai arhivelor. Artur Gorovei<\/em>, \u00een <strong>RA<\/strong>, XII, 1969, 2, p. 257\u2013262.<\/p><p><em>&#8211; M\u0103n\u0103stirea Trestiana<\/em>, \u00een <strong>MMS<\/strong>, XLIV, 1968, 9\u201310, p. 562\u2013568.<\/p><p><em>&#8211; Scrisori din timpul R\u0103zboiului pentru Independen\u0163\u0103<\/em>, \u00een <strong>RA<\/strong>, X, 1967, 1, p. 283\u2013300.<\/p><\/div>\n\t\t\t\t\t<\/div><div class=\"eael-accordion-list\">\n\t\t\t\t\t<div id=\"proiecte-de-cercetare\" class=\"elementor-tab-title eael-accordion-header\" tabindex=\"0\" data-tab=\"6\" aria-controls=\"elementor-tab-content-1916\"><span class=\"eael-advanced-accordion-icon-closed\"><svg aria-hidden=\"true\" class=\"fa-accordion-icon e-font-icon-svg e-fas-plus\" viewBox=\"0 0 448 512\" xmlns=\"http:\/\/www.w3.org\/2000\/svg\"><path d=\"M416 208H272V64c0-17.67-14.33-32-32-32h-32c-17.67 0-32 14.33-32 32v144H32c-17.67 0-32 14.33-32 32v32c0 17.67 14.33 32 32 32h144v144c0 17.67 14.33 32 32 32h32c17.67 0 32-14.33 32-32V304h144c17.67 0 32-14.33 32-32v-32c0-17.67-14.33-32-32-32z\"><\/path><\/svg><\/span><span class=\"eael-advanced-accordion-icon-opened\"><svg aria-hidden=\"true\" class=\"fa-accordion-icon e-font-icon-svg e-fas-minus\" viewBox=\"0 0 448 512\" xmlns=\"http:\/\/www.w3.org\/2000\/svg\"><path d=\"M416 208H32c-17.67 0-32 14.33-32 32v32c0 17.67 14.33 32 32 32h384c17.67 0 32-14.33 32-32v-32c0-17.67-14.33-32-32-32z\"><\/path><\/svg><\/span><span class=\"eael-accordion-tab-title\">Proiecte de cercetare<\/span><\/div><div id=\"elementor-tab-content-1916\" class=\"eael-accordion-content clearfix\" data-tab=\"6\" aria-labelledby=\"proiecte-de-cercetare\"><p><a href=\"https:\/\/institutulxenopol.ro\/wp-content\/uploads\/2025\/10\/Echipe-de-cercetare-granturi-Gorovei-S.pdf\">Echipe de cercetare &#8211; granturi Gorovei S<\/a><\/p><\/div>\n\t\t\t\t\t<\/div><\/div>\t\t\t\t<\/div>\n\t\t\t\t\t<\/div>\n\t\t\t\t<\/div>\n\t\t\t\t<\/div>\n\t\t                    <\/div>\n\t\t        \n                    <div id=\"curriculum-vitae-tab\" class=\"clearfix eael-tab-content-item inactive\" data-title-link=\"curriculum-vitae-tab\">\n\t\t\t\t        <p><a href=\"https:\/\/institutulxenopol.ro\/wp-content\/uploads\/2025\/10\/CV-Gorovei.pdf\">CV Gorovei<\/a><\/p>                    <\/div>\n\t\t                    <\/div>\n        <\/div>\n\t\t\t\t<\/div>\n\t\t\t\t\t<\/div>\n\t\t\t\t<\/div>\n\t\t\t\t<\/div>\n\t\t","protected":false},"excerpt":{"rendered":"<p>Cercet\u0103tor \u015etiin\u0163ific I dr. \u0218tefan Gorovei Colectivul de Istorie medieval\u0103 stefangorovei@yahoo.fr Academia.EDU &#8211; \u0218tefan Gorovei Prezentare Publica\u021bii Curriculum vitae Absolvent al Facult\u0103\u0163ii de Istorie a Universit\u0103\u0163ii \u201eAlexandru Ioan Cuza\u201d din Ia\u015fi (1971). Doctor \u00een istorie (1993). Direc\u021bii \u0219i domenii de cercetare: istoria Evului Mediu rom\u00e2nesc \u015fi a epocii premoderne (istoria Puterii, istorie politic\u0103, social\u0103, cultural\u0103; [&hellip;]<\/p>\n","protected":false},"author":1,"featured_media":0,"parent":0,"menu_order":0,"comment_status":"closed","ping_status":"closed","template":"","meta":{"site-sidebar-layout":"no-sidebar","site-content-layout":"page-builder","ast-site-content-layout":"full-width-container","site-content-style":"default","site-sidebar-style":"default","ast-global-header-display":"","ast-banner-title-visibility":"","ast-main-header-display":"","ast-hfb-above-header-display":"","ast-hfb-below-header-display":"","ast-hfb-mobile-header-display":"","site-post-title":"","ast-breadcrumbs-content":"","ast-featured-img":"disabled","footer-sml-layout":"","ast-disable-related-posts":"","theme-transparent-header-meta":"","adv-header-id-meta":"","stick-header-meta":"","header-above-stick-meta":"","header-main-stick-meta":"","header-below-stick-meta":"","astra-migrate-meta-layouts":"set","ast-page-background-enabled":"default","ast-page-background-meta":{"desktop":{"background-color":"","background-image":"","background-repeat":"repeat","background-position":"center center","background-size":"auto","background-attachment":"scroll","background-type":"","background-media":"","overlay-type":"","overlay-color":"","overlay-opacity":"","overlay-gradient":""},"tablet":{"background-color":"","background-image":"","background-repeat":"repeat","background-position":"center center","background-size":"auto","background-attachment":"scroll","background-type":"","background-media":"","overlay-type":"","overlay-color":"","overlay-opacity":"","overlay-gradient":""},"mobile":{"background-color":"","background-image":"","background-repeat":"repeat","background-position":"center center","background-size":"auto","background-attachment":"scroll","background-type":"","background-media":"","overlay-type":"","overlay-color":"","overlay-opacity":"","overlay-gradient":""}},"ast-content-background-meta":{"desktop":{"background-color":"var(--ast-global-color-5)","background-image":"","background-repeat":"repeat","background-position":"center center","background-size":"auto","background-attachment":"scroll","background-type":"","background-media":"","overlay-type":"","overlay-color":"","overlay-opacity":"","overlay-gradient":""},"tablet":{"background-color":"var(--ast-global-color-5)","background-image":"","background-repeat":"repeat","background-position":"center center","background-size":"auto","background-attachment":"scroll","background-type":"","background-media":"","overlay-type":"","overlay-color":"","overlay-opacity":"","overlay-gradient":""},"mobile":{"background-color":"var(--ast-global-color-5)","background-image":"","background-repeat":"repeat","background-position":"center center","background-size":"auto","background-attachment":"scroll","background-type":"","background-media":"","overlay-type":"","overlay-color":"","overlay-opacity":"","overlay-gradient":""}},"footnotes":""},"class_list":["post-3285","page","type-page","status-publish","hentry"],"yoast_head":"<!-- This site is optimized with the Yoast SEO plugin v27.5 - https:\/\/yoast.com\/product\/yoast-seo-wordpress\/ -->\n<title>Gorovei Stefan - Institutul de Istorie \u201eA. D. Xenopol\u201d<\/title>\n<meta name=\"robots\" content=\"index, follow, max-snippet:-1, max-image-preview:large, max-video-preview:-1\" \/>\n<link rel=\"canonical\" href=\"https:\/\/institutulxenopol.ro\/en\/gorovei-stefan\/\" \/>\n<meta property=\"og:locale\" content=\"en_US\" \/>\n<meta property=\"og:type\" content=\"article\" \/>\n<meta property=\"og:title\" content=\"Gorovei Stefan - Institutul de Istorie \u201eA. D. Xenopol\u201d\" \/>\n<meta property=\"og:description\" content=\"Cercet\u0103tor \u015etiin\u0163ific I dr. \u0218tefan Gorovei Colectivul de Istorie medieval\u0103 stefangorovei@yahoo.fr Academia.EDU &#8211; \u0218tefan Gorovei Prezentare Publica\u021bii Curriculum vitae Absolvent al Facult\u0103\u0163ii de Istorie a Universit\u0103\u0163ii \u201eAlexandru Ioan Cuza\u201d din Ia\u015fi (1971). Doctor \u00een istorie (1993). Direc\u021bii \u0219i domenii de cercetare: istoria Evului Mediu rom\u00e2nesc \u015fi a epocii premoderne (istoria Puterii, istorie politic\u0103, social\u0103, cultural\u0103; [&hellip;]\" \/>\n<meta property=\"og:url\" content=\"https:\/\/institutulxenopol.ro\/en\/gorovei-stefan\/\" \/>\n<meta property=\"og:site_name\" content=\"Institutul de Istorie \u201eA. D. Xenopol\u201d\" \/>\n<meta property=\"article:publisher\" content=\"https:\/\/www.facebook.com\/profile.php?id=61559258097917\" \/>\n<meta property=\"article:modified_time\" content=\"2025-11-21T13:05:23+00:00\" \/>\n<meta property=\"og:image\" content=\"https:\/\/institutulxenopol.ro\/wp-content\/plugins\/elementor\/assets\/images\/placeholder.png\" \/>\n<script type=\"application\/ld+json\" class=\"yoast-schema-graph\">{\"@context\":\"https:\\\/\\\/schema.org\",\"@graph\":[{\"@type\":\"WebPage\",\"@id\":\"https:\\\/\\\/institutulxenopol.ro\\\/gorovei-stefan\\\/\",\"url\":\"https:\\\/\\\/institutulxenopol.ro\\\/gorovei-stefan\\\/\",\"name\":\"Gorovei Stefan - Institutul de Istorie \u201eA. D. Xenopol\u201d\",\"isPartOf\":{\"@id\":\"https:\\\/\\\/institutulxenopol.ro\\\/#website\"},\"primaryImageOfPage\":{\"@id\":\"https:\\\/\\\/institutulxenopol.ro\\\/gorovei-stefan\\\/#primaryimage\"},\"image\":{\"@id\":\"https:\\\/\\\/institutulxenopol.ro\\\/gorovei-stefan\\\/#primaryimage\"},\"thumbnailUrl\":\"https:\\\/\\\/institutulxenopol.ro\\\/wp-content\\\/plugins\\\/elementor\\\/assets\\\/images\\\/placeholder.png\",\"datePublished\":\"2025-10-22T10:26:06+00:00\",\"dateModified\":\"2025-11-21T13:05:23+00:00\",\"breadcrumb\":{\"@id\":\"https:\\\/\\\/institutulxenopol.ro\\\/gorovei-stefan\\\/#breadcrumb\"},\"inLanguage\":\"en-US\",\"potentialAction\":[{\"@type\":\"ReadAction\",\"target\":[\"https:\\\/\\\/institutulxenopol.ro\\\/gorovei-stefan\\\/\"]}]},{\"@type\":\"ImageObject\",\"inLanguage\":\"en-US\",\"@id\":\"https:\\\/\\\/institutulxenopol.ro\\\/gorovei-stefan\\\/#primaryimage\",\"url\":\"https:\\\/\\\/institutulxenopol.ro\\\/wp-content\\\/plugins\\\/elementor\\\/assets\\\/images\\\/placeholder.png\",\"contentUrl\":\"https:\\\/\\\/institutulxenopol.ro\\\/wp-content\\\/plugins\\\/elementor\\\/assets\\\/images\\\/placeholder.png\"},{\"@type\":\"BreadcrumbList\",\"@id\":\"https:\\\/\\\/institutulxenopol.ro\\\/gorovei-stefan\\\/#breadcrumb\",\"itemListElement\":[{\"@type\":\"ListItem\",\"position\":1,\"name\":\"Prima pagin\u0103\",\"item\":\"https:\\\/\\\/institutulxenopol.ro\\\/\"},{\"@type\":\"ListItem\",\"position\":2,\"name\":\"Gorovei Stefan\"}]},{\"@type\":\"WebSite\",\"@id\":\"https:\\\/\\\/institutulxenopol.ro\\\/#website\",\"url\":\"https:\\\/\\\/institutulxenopol.ro\\\/\",\"name\":\"Institutul de Istorie \u201eA. D. Xenopol\u201d Ia\u0219i\",\"description\":\"Academia Rom\u00e2n\u0103 - Filiala Ia\u0219i\",\"publisher\":{\"@id\":\"https:\\\/\\\/institutulxenopol.ro\\\/#organization\"},\"potentialAction\":[{\"@type\":\"SearchAction\",\"target\":{\"@type\":\"EntryPoint\",\"urlTemplate\":\"https:\\\/\\\/institutulxenopol.ro\\\/?s={search_term_string}\"},\"query-input\":{\"@type\":\"PropertyValueSpecification\",\"valueRequired\":true,\"valueName\":\"search_term_string\"}}],\"inLanguage\":\"en-US\"},{\"@type\":\"Organization\",\"@id\":\"https:\\\/\\\/institutulxenopol.ro\\\/#organization\",\"name\":\"Institutul de Istorie \u201eA. D. Xenopol\u201d Ia\u0219i\",\"url\":\"https:\\\/\\\/institutulxenopol.ro\\\/\",\"logo\":{\"@type\":\"ImageObject\",\"inLanguage\":\"en-US\",\"@id\":\"https:\\\/\\\/institutulxenopol.ro\\\/#\\\/schema\\\/logo\\\/image\\\/\",\"url\":\"https:\\\/\\\/institutulxenopol.ro\\\/wp-content\\\/uploads\\\/2025\\\/10\\\/logo-institut-black-e1761148345490.png\",\"contentUrl\":\"https:\\\/\\\/institutulxenopol.ro\\\/wp-content\\\/uploads\\\/2025\\\/10\\\/logo-institut-black-e1761148345490.png\",\"width\":432,\"height\":164,\"caption\":\"Institutul de Istorie \u201eA. D. Xenopol\u201d Ia\u0219i\"},\"image\":{\"@id\":\"https:\\\/\\\/institutulxenopol.ro\\\/#\\\/schema\\\/logo\\\/image\\\/\"},\"sameAs\":[\"https:\\\/\\\/www.facebook.com\\\/profile.php?id=61559258097917\"]}]}<\/script>\n<!-- \/ Yoast SEO plugin. -->","yoast_head_json":{"title":"Gorovei Stefan - Institutul de Istorie \u201eA. D. Xenopol\u201d","robots":{"index":"index","follow":"follow","max-snippet":"max-snippet:-1","max-image-preview":"max-image-preview:large","max-video-preview":"max-video-preview:-1"},"canonical":"https:\/\/institutulxenopol.ro\/en\/gorovei-stefan\/","og_locale":"en_US","og_type":"article","og_title":"Gorovei Stefan - Institutul de Istorie \u201eA. D. Xenopol\u201d","og_description":"Cercet\u0103tor \u015etiin\u0163ific I dr. \u0218tefan Gorovei Colectivul de Istorie medieval\u0103 stefangorovei@yahoo.fr Academia.EDU &#8211; \u0218tefan Gorovei Prezentare Publica\u021bii Curriculum vitae Absolvent al Facult\u0103\u0163ii de Istorie a Universit\u0103\u0163ii \u201eAlexandru Ioan Cuza\u201d din Ia\u015fi (1971). Doctor \u00een istorie (1993). Direc\u021bii \u0219i domenii de cercetare: istoria Evului Mediu rom\u00e2nesc \u015fi a epocii premoderne (istoria Puterii, istorie politic\u0103, social\u0103, cultural\u0103; [&hellip;]","og_url":"https:\/\/institutulxenopol.ro\/en\/gorovei-stefan\/","og_site_name":"Institutul de Istorie \u201eA. D. Xenopol\u201d","article_publisher":"https:\/\/www.facebook.com\/profile.php?id=61559258097917","article_modified_time":"2025-11-21T13:05:23+00:00","og_image":[{"url":"https:\/\/institutulxenopol.ro\/wp-content\/plugins\/elementor\/assets\/images\/placeholder.png","type":"","width":"","height":""}],"schema":{"@context":"https:\/\/schema.org","@graph":[{"@type":"WebPage","@id":"https:\/\/institutulxenopol.ro\/gorovei-stefan\/","url":"https:\/\/institutulxenopol.ro\/gorovei-stefan\/","name":"Gorovei Stefan - Institutul de Istorie \u201eA. D. Xenopol\u201d","isPartOf":{"@id":"https:\/\/institutulxenopol.ro\/#website"},"primaryImageOfPage":{"@id":"https:\/\/institutulxenopol.ro\/gorovei-stefan\/#primaryimage"},"image":{"@id":"https:\/\/institutulxenopol.ro\/gorovei-stefan\/#primaryimage"},"thumbnailUrl":"https:\/\/institutulxenopol.ro\/wp-content\/plugins\/elementor\/assets\/images\/placeholder.png","datePublished":"2025-10-22T10:26:06+00:00","dateModified":"2025-11-21T13:05:23+00:00","breadcrumb":{"@id":"https:\/\/institutulxenopol.ro\/gorovei-stefan\/#breadcrumb"},"inLanguage":"en-US","potentialAction":[{"@type":"ReadAction","target":["https:\/\/institutulxenopol.ro\/gorovei-stefan\/"]}]},{"@type":"ImageObject","inLanguage":"en-US","@id":"https:\/\/institutulxenopol.ro\/gorovei-stefan\/#primaryimage","url":"https:\/\/institutulxenopol.ro\/wp-content\/plugins\/elementor\/assets\/images\/placeholder.png","contentUrl":"https:\/\/institutulxenopol.ro\/wp-content\/plugins\/elementor\/assets\/images\/placeholder.png"},{"@type":"BreadcrumbList","@id":"https:\/\/institutulxenopol.ro\/gorovei-stefan\/#breadcrumb","itemListElement":[{"@type":"ListItem","position":1,"name":"Prima pagin\u0103","item":"https:\/\/institutulxenopol.ro\/"},{"@type":"ListItem","position":2,"name":"Gorovei Stefan"}]},{"@type":"WebSite","@id":"https:\/\/institutulxenopol.ro\/#website","url":"https:\/\/institutulxenopol.ro\/","name":"Institutul de Istorie \u201eA. D. Xenopol\u201d Ia\u0219i","description":"Academia Rom\u00e2n\u0103 - Filiala Ia\u0219i","publisher":{"@id":"https:\/\/institutulxenopol.ro\/#organization"},"potentialAction":[{"@type":"SearchAction","target":{"@type":"EntryPoint","urlTemplate":"https:\/\/institutulxenopol.ro\/?s={search_term_string}"},"query-input":{"@type":"PropertyValueSpecification","valueRequired":true,"valueName":"search_term_string"}}],"inLanguage":"en-US"},{"@type":"Organization","@id":"https:\/\/institutulxenopol.ro\/#organization","name":"Institutul de Istorie \u201eA. D. Xenopol\u201d Ia\u0219i","url":"https:\/\/institutulxenopol.ro\/","logo":{"@type":"ImageObject","inLanguage":"en-US","@id":"https:\/\/institutulxenopol.ro\/#\/schema\/logo\/image\/","url":"https:\/\/institutulxenopol.ro\/wp-content\/uploads\/2025\/10\/logo-institut-black-e1761148345490.png","contentUrl":"https:\/\/institutulxenopol.ro\/wp-content\/uploads\/2025\/10\/logo-institut-black-e1761148345490.png","width":432,"height":164,"caption":"Institutul de Istorie \u201eA. D. Xenopol\u201d Ia\u0219i"},"image":{"@id":"https:\/\/institutulxenopol.ro\/#\/schema\/logo\/image\/"},"sameAs":["https:\/\/www.facebook.com\/profile.php?id=61559258097917"]}]}},"_links":{"self":[{"href":"https:\/\/institutulxenopol.ro\/en\/wp-json\/wp\/v2\/pages\/3285","targetHints":{"allow":["GET"]}}],"collection":[{"href":"https:\/\/institutulxenopol.ro\/en\/wp-json\/wp\/v2\/pages"}],"about":[{"href":"https:\/\/institutulxenopol.ro\/en\/wp-json\/wp\/v2\/types\/page"}],"author":[{"embeddable":true,"href":"https:\/\/institutulxenopol.ro\/en\/wp-json\/wp\/v2\/users\/1"}],"replies":[{"embeddable":true,"href":"https:\/\/institutulxenopol.ro\/en\/wp-json\/wp\/v2\/comments?post=3285"}],"version-history":[{"count":31,"href":"https:\/\/institutulxenopol.ro\/en\/wp-json\/wp\/v2\/pages\/3285\/revisions"}],"predecessor-version":[{"id":4882,"href":"https:\/\/institutulxenopol.ro\/en\/wp-json\/wp\/v2\/pages\/3285\/revisions\/4882"}],"wp:attachment":[{"href":"https:\/\/institutulxenopol.ro\/en\/wp-json\/wp\/v2\/media?parent=3285"}],"curies":[{"name":"wp","href":"https:\/\/api.w.org\/{rel}","templated":true}]}}