{"id":3170,"date":"2025-10-22T00:32:53","date_gmt":"2025-10-21T21:32:53","guid":{"rendered":"https:\/\/institutulxenopol.ro\/?page_id=3170"},"modified":"2025-11-21T16:15:24","modified_gmt":"2025-11-21T13:15:24","slug":"cioflanca-adrian","status":"publish","type":"page","link":"https:\/\/institutulxenopol.ro\/en\/cioflanca-adrian\/","title":{"rendered":"Cioflanca Adrian"},"content":{"rendered":"<div data-elementor-type=\"wp-page\" data-elementor-id=\"3170\" class=\"elementor elementor-3170\">\n\t\t\t\t<div class=\"elementor-element elementor-element-42a49892 e-flex e-con-boxed e-con e-parent\" data-id=\"42a49892\" data-element_type=\"container\" data-e-type=\"container\" data-settings=\"{&quot;background_background&quot;:&quot;classic&quot;}\">\n\t\t\t\t\t<div class=\"e-con-inner\">\n\t\t<div class=\"elementor-element elementor-element-408b73e7 e-con-full e-flex e-con e-child\" data-id=\"408b73e7\" data-element_type=\"container\" data-e-type=\"container\">\n\t\t\t\t<\/div>\n\t\t\t\t\t<\/div>\n\t\t\t\t<\/div>\n\t\t<div class=\"elementor-element elementor-element-6491d1cf e-flex e-con-boxed e-con e-parent\" data-id=\"6491d1cf\" data-element_type=\"container\" data-e-type=\"container\">\n\t\t\t\t\t<div class=\"e-con-inner\">\n\t\t<div class=\"elementor-element elementor-element-c5593ac e-con-full e-flex e-con e-child\" data-id=\"c5593ac\" data-element_type=\"container\" data-e-type=\"container\">\n\t\t\t\t<div class=\"elementor-element elementor-element-48ca6f29 elementor-widget elementor-widget-heading\" data-id=\"48ca6f29\" data-element_type=\"widget\" data-e-type=\"widget\" data-widget_type=\"heading.default\">\n\t\t\t\t\t<h2 class=\"elementor-heading-title elementor-size-default\">Cercet\u0103tor \u015etiin\u0163ific III Adrian M. Ciofl\u00e2nc\u0103<\/h2>\t\t\t\t<\/div>\n\t\t\t\t<div class=\"elementor-element elementor-element-705c1fae elementor-widget elementor-widget-text-editor\" data-id=\"705c1fae\" data-element_type=\"widget\" data-e-type=\"widget\" data-widget_type=\"text-editor.default\">\n\t\t\t\t\t\t\t\t\t<p>Cultural History Research Team<\/p>\t\t\t\t\t\t\t\t<\/div>\n\t\t<div class=\"elementor-element elementor-element-4f235ecb e-grid e-con-full e-con e-child\" data-id=\"4f235ecb\" data-element_type=\"container\" data-e-type=\"container\">\n\t\t\t\t<div class=\"elementor-element elementor-element-6d8f8106 elementor-widget elementor-widget-image\" data-id=\"6d8f8106\" data-element_type=\"widget\" data-e-type=\"widget\" data-widget_type=\"image.default\">\n\t\t\t\t\t\t\t\t\t\t\t\t\t\t\t<img fetchpriority=\"high\" decoding=\"async\" width=\"1558\" height=\"1380\" src=\"https:\/\/institutulxenopol.ro\/wp-content\/uploads\/2025\/10\/Cioflanca-portret-2025-e1761082474210.jpg\" class=\"attachment-full size-full wp-image-3173\" alt=\"\" srcset=\"https:\/\/institutulxenopol.ro\/wp-content\/uploads\/2025\/10\/Cioflanca-portret-2025-e1761082474210.jpg 1558w, https:\/\/institutulxenopol.ro\/wp-content\/uploads\/2025\/10\/Cioflanca-portret-2025-e1761082474210-300x266.jpg 300w, https:\/\/institutulxenopol.ro\/wp-content\/uploads\/2025\/10\/Cioflanca-portret-2025-e1761082474210-1024x907.jpg 1024w, https:\/\/institutulxenopol.ro\/wp-content\/uploads\/2025\/10\/Cioflanca-portret-2025-e1761082474210-768x680.jpg 768w, https:\/\/institutulxenopol.ro\/wp-content\/uploads\/2025\/10\/Cioflanca-portret-2025-e1761082474210-1536x1361.jpg 1536w\" sizes=\"(max-width: 1558px) 100vw, 1558px\" \/>\t\t\t\t\t\t\t\t\t\t\t\t\t\t\t<\/div>\n\t\t\t\t<div class=\"elementor-element elementor-element-1a625786 elementor-align-start elementor-icon-list--layout-traditional elementor-list-item-link-full_width elementor-widget elementor-widget-icon-list\" data-id=\"1a625786\" data-element_type=\"widget\" data-e-type=\"widget\" data-widget_type=\"icon-list.default\">\n\t\t\t\t\t\t\t<ul class=\"elementor-icon-list-items\">\n\t\t\t\t\t\t\t<li class=\"elementor-icon-list-item\">\n\t\t\t\t\t\t\t\t\t\t\t<a href=\"mailto:adriancioflanca@gmail.com\">\n\n\t\t\t\t\t\t\t\t\t\t\t\t<span class=\"elementor-icon-list-icon\">\n\t\t\t\t\t\t\t<svg aria-hidden=\"true\" class=\"e-font-icon-svg e-far-envelope\" viewbox=\"0 0 512 512\" xmlns=\"http:\/\/www.w3.org\/2000\/svg\"><path d=\"M464 64H48C21.49 64 0 85.49 0 112v288c0 26.51 21.49 48 48 48h416c26.51 0 48-21.49 48-48V112c0-26.51-21.49-48-48-48zm0 48v40.805c-22.422 18.259-58.168 46.651-134.587 106.49-16.841 13.247-50.201 45.072-73.413 44.701-23.208.375-56.579-31.459-73.413-44.701C106.18 199.465 70.425 171.067 48 152.805V112h416zM48 400V214.398c22.914 18.251 55.409 43.862 104.938 82.646 21.857 17.205 60.134 55.186 103.062 54.955 42.717.231 80.509-37.199 103.053-54.947 49.528-38.783 82.032-64.401 104.947-82.653V400H48z\"><\/path><\/svg>\t\t\t\t\t\t<\/span>\n\t\t\t\t\t\t\t\t\t\t<span class=\"elementor-icon-list-text\">adriancioflanca@gmail.com<\/span>\n\t\t\t\t\t\t\t\t\t\t\t<\/a>\n\t\t\t\t\t\t\t\t\t<\/li>\n\t\t\t\t\t\t<\/ul>\n\t\t\t\t\t\t<\/div>\n\t\t\t\t<\/div>\n\t\t\t\t<\/div>\n\t\t\t\t<div class=\"elementor-element elementor-element-48ecfa22 elementor-widget elementor-widget-spacer\" data-id=\"48ecfa22\" data-element_type=\"widget\" data-e-type=\"widget\" data-widget_type=\"spacer.default\">\n\t\t\t\t\t\t\t<div class=\"elementor-spacer\">\n\t\t\t<div class=\"elementor-spacer-inner\"><\/div>\n\t\t<\/div>\n\t\t\t\t\t\t<\/div>\n\t\t\t\t<div class=\"elementor-element elementor-element-5a51c193 elementor-widget elementor-widget-eael-adv-tabs\" data-id=\"5a51c193\" data-element_type=\"widget\" data-e-type=\"widget\" data-widget_type=\"eael-adv-tabs.default\">\n\t\t\t\t\t        <div data-scroll-on-click=\"\" data-scroll-speed=\"300\" id=\"eael-advance-tabs-5a51c193\" class=\"eael-advance-tabs eael-tabs-horizontal eael-tab-auto-active  active-caret-on\" data-tabid=\"5a51c193\">\n            <div class=\"eael-tabs-nav\">\n                <ul class=\"\" role=\"tablist\">\n                                            <li id=\"prezentare\" class=\"inactive eael-tab-item-trigger eael-tab-nav-item\" aria-selected=\"true\" data-tab=\"1\" role=\"tab\" tabindex=\"0\" aria-controls=\"prezentare-tab\" aria-expanded=\"false\">\n                            \n                            \n                            \n                                                            <span class=\"eael-tab-title title-after-icon\" >Prezentare<\/span>                                                    <\/li>\n                                            <li id=\"publicaii\" class=\"inactive eael-tab-item-trigger eael-tab-nav-item\" aria-selected=\"false\" data-tab=\"2\" role=\"tab\" tabindex=\"-1\" aria-controls=\"publicaii-tab\" aria-expanded=\"false\">\n                            \n                            \n                            \n                                                            <span class=\"eael-tab-title title-after-icon\" >Publications<\/span>                                                    <\/li>\n                                            <li id=\"curriculum-vitae\" class=\"inactive eael-tab-item-trigger eael-tab-nav-item\" aria-selected=\"false\" data-tab=\"3\" role=\"tab\" tabindex=\"-1\" aria-controls=\"curriculum-vitae-tab\" aria-expanded=\"false\">\n                            \n                            \n                            \n                                                            <span class=\"eael-tab-title title-after-icon\" >Curriculum vitae<\/span>                                                    <\/li>\n                    \n                                  <\/ul>\n            <\/div>\n            \n            <div class=\"eael-tabs-content\">\n\t\t        \n                    <div id=\"prezentare-tab\" class=\"clearfix eael-tab-content-item inactive\" data-title-link=\"prezentare-tab\">\n\t\t\t\t        <p style=\"text-align: justify\"><strong>Adrian Ciofl\u00e2nc\u0103 <\/strong>este cercet\u0103tor \u0219tiin\u021bific gr. III al Institutului de Istorie \u201e.A.D. Xenopol\u201d (angajat \u00een august 1999). Membru al Colegiului Consiliului Na\u021bional pentru Studierea Arhivelor Securit\u0103\u021bii (din 2012) \u0219i director al Centrului pentru Studiul Istoriei Evreilor din Rom\u00e2nia \u201eWilhelm Filderman\u201d (din 2015). Expert \u00een delega\u0163ia Rom\u00e2niei la <em>International Holocaust Remembrance Alliance<\/em> (din 2005). Pozi\u021bii ocupate anterior: director de departament \u00een cadrul Institutului de Investigare a Crimelor Comunismului \u0219i Memoria Exilului Rom\u00e2nesc (2010-2012); Tziporah Wiesel Fellow la United States Holocaust Memorial Museum\u00a0in Washington\u00a0(2009); membru \u00een Comisia Interna\u021bional\u0103 pentru Studierea Holocaustului din Rom\u00e2nia (2003-2004); expert \u00een Comisia Preziden\u021bial\u0103 pentru Analiza Dictaturii Comuniste din Rom\u00e2nia (2006); expert \u00een Comisia Preziden\u021bial\u0103 Consultativ\u0103 pentru Analiza Dictaturii Comuniste din Rom\u00e2nia (2007-2009). Participant la diferite proiecte de cercetare na\u021bionale \u0219i interna\u021bionale. A editat opt volume, \u00een colaborare; ultimul dintre ele: <em>Discurs \u0219i violen\u021b\u0103 antisemit\u0103 \u00een Rom\u00e2nia modern\u0103<\/em><em>, <\/em>num\u0103r tematic al \u201eRevistei de Istorie a Evreilor din Rom\u00e2nia\u201d, nr. 4-5 (20-21), 2019-2020, Hasefer, Bucure\u0219ti, 2020. A publicat studii \u00een domenii precum istoria Holocaustului, istoria comunismului, violen\u021b\u0103 politic\u0103, istorie cultural\u0103. Consultant \u0219i documentarist pentru mai multe filme \u0219i piese de teatru, regizor \u00eempreun\u0103 cu Radu Jude al filmelor <em>Ie\u0219irea trenurilor din gar\u0103<\/em> (2020) \u0219i <em>Amintiri de pe Frontul de Est<\/em> (2022).<\/p>                    <\/div>\n\t\t        \n                    <div id=\"publicaii-tab\" class=\"clearfix eael-tab-content-item inactive\" data-title-link=\"publicaii-tab\">\n\t\t\t\t        <style>.elementor-3181 .elementor-element.elementor-element-48e8890e{--display:flex;--margin-top:0px;--margin-bottom:0px;--margin-left:0px;--margin-right:0px;}.elementor-3181 .elementor-element.elementor-element-d0c5689 .eael-adv-accordion .eael-accordion-list .eael-accordion-header .fa-accordion-icon{font-size:16px;color:var( --e-global-color-secondary );}.elementor-3181 .elementor-element.elementor-element-d0c5689 .eael-adv-accordion .eael-accordion-list .eael-accordion-header svg.fa-accordion-icon{height:16px;width:16px;line-height:16px;}.elementor-3181 .elementor-element.elementor-element-d0c5689 .eael-accordion_media-list .eael-accordion_media-icon i{font-size:16px;}.elementor-3181 .elementor-element.elementor-element-d0c5689 .eael-accordion_media-list .eael-accordion_media-icon svg{height:16px;width:16px;line-height:16px;}.elementor-3181 .elementor-element.elementor-element-d0c5689 .eael-adv-accordion .eael-accordion-list .eael-accordion-header .fa-accordion-icon,\n                    .elementor-3181 .elementor-element.elementor-element-d0c5689 .eael-accordion_media-wrapper .eael-accordion_media-lists .eael-accordion_media-list{gap:10px;}.elementor-3181 .elementor-element.elementor-element-d0c5689 .eael-adv-accordion .eael-accordion-list .eael-accordion-header, \n                .elementor-3181 .elementor-element.elementor-element-d0c5689 .eael-accordion_media-wrapper .eael-accordion_media-list{background-color:var( --e-global-color-astglobalcolor4 );}.elementor-3181 .elementor-element.elementor-element-d0c5689 .eael-adv-accordion .eael-accordion-list .eael-accordion-header .eael-accordion-tab-title{color:var( --e-global-color-secondary );}.elementor-3181 .elementor-element.elementor-element-d0c5689 .eael-accordion_media-content .eael-accordion_media-title{color:var( --e-global-color-secondary );}.elementor-3181 .elementor-element.elementor-element-d0c5689 .eael-adv-accordion .eael-accordion-list .eael-accordion-header .fa-accordion-icon-svg svg{color:var( --e-global-color-secondary );fill:var( --e-global-color-secondary );}.elementor-3181 .elementor-element.elementor-element-d0c5689 .eael-adv-accordion .eael-accordion-list .eael-accordion-header svg{fill:var( --e-global-color-secondary );}.elementor-3181 .elementor-element.elementor-element-d0c5689 .eael-accordion_media-list .eael-accordion_media-icon{color:var( --e-global-color-secondary );}.elementor-3181 .elementor-element.elementor-element-d0c5689 .eael-adv-accordion .eael-accordion-list .eael-accordion-header:hover .eael-accordion-tab-title,\n                    .elementor-3181 .elementor-element.elementor-element-d0c5689 .eael-accordion_media-list:not(.active):hover .eael-accordion_media-title{color:var( --e-global-color-primary );}.elementor-3181 .elementor-element.elementor-element-d0c5689 .eael-adv-accordion .eael-accordion-list .eael-accordion-header:hover .fa-accordion-icon{color:var( --e-global-color-primary );}.elementor-3181 .elementor-element.elementor-element-d0c5689 .eael-adv-accordion .eael-accordion-list .eael-accordion-header:hover .fa-accordion-icon svg{color:var( --e-global-color-primary );fill:var( --e-global-color-primary );}.elementor-3181 .elementor-element.elementor-element-d0c5689 .eael-adv-accordion .eael-accordion-list .eael-accordion-header:hover svg.fa-accordion-icon{fill:var( --e-global-color-primary );}.elementor-3181 .elementor-element.elementor-element-d0c5689 .eael-accordion_media-list:hover .eael-accordion_media-icon i{color:var( --e-global-color-primary );}.elementor-3181 .elementor-element.elementor-element-d0c5689 .eael-accordion_media-list:hover .eael-accordion_media-icon svg{fill:var( --e-global-color-primary );}.elementor-3181 .elementor-element.elementor-element-d0c5689 .eael-adv-accordion .eael-accordion-list .eael-accordion-header.active{color:var( --e-global-color-primary );}.elementor-3181 .elementor-element.elementor-element-d0c5689 .eael-adv-accordion .eael-accordion-list .eael-accordion-header.active .eael-accordion-tab-title{color:var( --e-global-color-primary );}.elementor-3181 .elementor-element.elementor-element-d0c5689 .eael-adv-accordion .eael-accordion-list .eael-accordion-header.active .fa-accordion-icon{color:var( --e-global-color-primary );}.elementor-3181 .elementor-element.elementor-element-d0c5689 .eael-adv-accordion .eael-accordion-list .eael-accordion-header.active .fa-accordion-icon svg{color:var( --e-global-color-primary );fill:var( --e-global-color-primary );}.elementor-3181 .elementor-element.elementor-element-d0c5689 .eael-adv-accordion .eael-accordion-list .eael-accordion-header.active svg.fa-accordion-icon{fill:var( --e-global-color-primary );}.elementor-3181 .elementor-element.elementor-element-d0c5689 .eael-accordion_media-list.active .eael-accordion_media-icon i{color:var( --e-global-color-primary );}.elementor-3181 .elementor-element.elementor-element-d0c5689 .eael-accordion_media-list.active .eael-accordion_media-icon svg{fill:var( --e-global-color-primary );}.elementor-3181 .elementor-element.elementor-element-d0c5689 .eael-adv-accordion .eael-accordion-list .eael-accordion-content{color:var( --e-global-color-secondary );}.elementor-3181 .elementor-element.elementor-element-d0c5689 .eael-accordion_media-list .eael-accordion_media-content .eael-accordion_media-description{color:var( --e-global-color-secondary );}.elementor-3181 .elementor-element.elementor-element-d0c5689{margin:0px 0px calc(var(--kit-widget-spacing, 0px) + 0px) 0px;}<\/style>\t\t<div data-elementor-type=\"container\" data-elementor-id=\"3181\" class=\"elementor elementor-3181\">\n\t\t\t\t<div class=\"elementor-element elementor-element-48e8890e e-flex e-con-boxed e-con e-parent\" data-id=\"48e8890e\" data-element_type=\"container\" data-e-type=\"container\">\n\t\t\t\t\t<div class=\"e-con-inner\">\n\t\t\t\t<div class=\"elementor-element elementor-element-d0c5689 elementor-widget elementor-widget-eael-adv-accordion\" data-id=\"d0c5689\" data-element_type=\"widget\" data-e-type=\"widget\" data-widget_type=\"eael-adv-accordion.default\">\n\t\t\t\t\t            <div class=\"eael-adv-accordion\" id=\"eael-adv-accordion-d0c5689\" data-scroll-on-click=\"no\" data-scroll-speed=\"300\" data-accordion-id=\"d0c5689\" data-accordion-type=\"accordion\" data-toogle-speed=\"300\">\n            <div class=\"eael-accordion-list\">\n\t\t\t\t\t<div id=\"volume\" class=\"elementor-tab-title eael-accordion-header\" tabindex=\"0\" data-tab=\"1\" aria-controls=\"elementor-tab-content-2181\"><span class=\"eael-advanced-accordion-icon-closed\"><svg aria-hidden=\"true\" class=\"fa-accordion-icon e-font-icon-svg e-fas-plus\" viewbox=\"0 0 448 512\" xmlns=\"http:\/\/www.w3.org\/2000\/svg\"><path d=\"M416 208H272V64c0-17.67-14.33-32-32-32h-32c-17.67 0-32 14.33-32 32v144H32c-17.67 0-32 14.33-32 32v32c0 17.67 14.33 32 32 32h144v144c0 17.67 14.33 32 32 32h32c17.67 0 32-14.33 32-32V304h144c17.67 0 32-14.33 32-32v-32c0-17.67-14.33-32-32-32z\"><\/path><\/svg><\/span><span class=\"eael-advanced-accordion-icon-opened\"><svg aria-hidden=\"true\" class=\"fa-accordion-icon e-font-icon-svg e-fas-minus\" viewbox=\"0 0 448 512\" xmlns=\"http:\/\/www.w3.org\/2000\/svg\"><path d=\"M416 208H32c-17.67 0-32 14.33-32 32v32c0 17.67 14.33 32 32 32h384c17.67 0 32-14.33 32-32v-32c0-17.67-14.33-32-32-32z\"><\/path><\/svg><\/span><span class=\"eael-accordion-tab-title\">Volumes<\/span><\/div><div id=\"elementor-tab-content-2181\" class=\"eael-accordion-content clearfix\" data-tab=\"1\" aria-labelledby=\"volume\"><p>Coautor: <em>Raport Final al Comisiei Interna\u0163ionale pentru Studierea Holocaustului \u00een Rom\u00e2nia<\/em>, Ia\u015fi, Polirom, 2005, 424 p. (tip\u0103rit \u015fi \u00een versiunea englez\u0103, <em>Final Report of the International Commission on Holocaust in Romania<\/em>, Ia\u015fi, Polirom, 2005, 416 p.).<\/p><p>Coautor: <em>Raport Final al Comisiei Preziden\u0163iale pentru Analiza Dictaturii Comuniste din Rom\u00e2nia<\/em>, Bucure\u015fti, Humanitas, 2007, 880 p.<\/p><\/div>\n\t\t\t\t\t<\/div><div class=\"eael-accordion-list\">\n\t\t\t\t\t<div id=\"volume-editate\" class=\"elementor-tab-title eael-accordion-header\" tabindex=\"0\" data-tab=\"2\" aria-controls=\"elementor-tab-content-2182\"><span class=\"eael-advanced-accordion-icon-closed\"><svg aria-hidden=\"true\" class=\"fa-accordion-icon e-font-icon-svg e-fas-plus\" viewbox=\"0 0 448 512\" xmlns=\"http:\/\/www.w3.org\/2000\/svg\"><path d=\"M416 208H272V64c0-17.67-14.33-32-32-32h-32c-17.67 0-32 14.33-32 32v144H32c-17.67 0-32 14.33-32 32v32c0 17.67 14.33 32 32 32h144v144c0 17.67 14.33 32 32 32h32c17.67 0 32-14.33 32-32V304h144c17.67 0 32-14.33 32-32v-32c0-17.67-14.33-32-32-32z\"><\/path><\/svg><\/span><span class=\"eael-advanced-accordion-icon-opened\"><svg aria-hidden=\"true\" class=\"fa-accordion-icon e-font-icon-svg e-fas-minus\" viewbox=\"0 0 448 512\" xmlns=\"http:\/\/www.w3.org\/2000\/svg\"><path d=\"M416 208H32c-17.67 0-32 14.33-32 32v32c0 17.67 14.33 32 32 32h384c17.67 0 32-14.33 32-32v-32c0-17.67-14.33-32-32-32z\"><\/path><\/svg><\/span><span class=\"eael-accordion-tab-title\">Volume editate<\/span><\/div><div id=\"elementor-tab-content-2182\" class=\"eael-accordion-content clearfix\" data-tab=\"2\" aria-labelledby=\"volume-editate\"><p><em>Discurs \u0219i violen\u021b\u0103 antisemit\u0103 \u00een Rom\u00e2nia modern\u0103<\/em>, Adrian Ciofl\u00e2nc\u0103 (editor), num\u0103r tematic al \u201eRevistei de Istorie a Evreilor din Rom\u00e2nia\u201d, nr. 4-5 (20-21), 2019-2020, Bucure\u0219ti, Hasefer, 2020, 546 p.<\/p><p><em>Istoria recent\u0103 altfel. Perspective culturale<\/em>, Andi Mihalache, Adrian Ciofl\u00e2nc\u0103 (coordonatori), Ia\u015fi, Editura Universit\u0103\u0163ii \u201eAl. I Cuza\u201d, 2013, 1050 p.<\/p><p><em>Represiune \u0219i control social \u00een Rom\u00e2nia comunist\u0103<\/em>, Adrian Ciofl\u00e2nc\u0103, Luciana Jinga (editori), num\u0103r tematic al <em>Anuarului Institutului de Investigare a Crimelor Comunismului \u0219i Memoria Exilului Rom\u00e2nesc<\/em>, nr. V-VI (2010-2011), Polirom, Ia\u0219i, Bucure\u0219ti, 2011, 480 p.<\/p><p><em>In medias res. Studii de istorie cultural\u0103<\/em>, Andi Mihalache, Adrian Ciofl\u00e2nc\u0103 (editori), Ia\u015fi, Editura Universit\u0103\u0163ii \u201eAl. I Cuza\u201d, 2007, 606 p.<\/p><p><em>Ritualuri politice \u00een Rom\u00e2nia modern\u0103<\/em>, num\u0103r tematic al revistei \u201cXenopoliana. Buletinul Funda\u0163iei Academice \u00abA. D. Xenopol\u00bb\u201d, editat \u00eempreun\u0103 cu Andi Mihalache, XIV, 1-4, 2006, 236 p.<\/p><p><em>Cultur\u0103 politic\u0103 \u015fi politici culturale \u00een Rom\u00e2nia modern\u0103<\/em>, Alexandru Zub, Adrian Ciofl\u00e2nc\u0103 (editori), Ia\u015fi, Editura Universit\u0103\u0163ii \u201eAl. I. Cuza\u201d, 2005, 460 p.<\/p><p><em>Memorie \u015fi uitare \u00een istorie<\/em>, num\u0103r tematic al revistei \u201cXenopoliana. Buletinul Funda\u0163iei Academice \u00abA. D. Xenopol\u00bb\u201d, XI, 3-4, 2003, 260 p.<\/p><p><em>Globalism \u015fi dileme identitare. Perspective rom\u00e2ne\u015fti<\/em>, Alexandru Zub, Adrian Ciofl\u00e2nc\u0103 (editori), Ia\u015fi, Editura Universit\u0103\u0163ii \u201cAl. I. Cuza\u201d, 2002, 320 p.<\/p><\/div>\n\t\t\t\t\t<\/div><div class=\"eael-accordion-list\">\n\t\t\t\t\t<div id=\"manual\" class=\"elementor-tab-title eael-accordion-header\" tabindex=\"0\" data-tab=\"3\" aria-controls=\"elementor-tab-content-2183\"><span class=\"eael-advanced-accordion-icon-closed\"><svg aria-hidden=\"true\" class=\"fa-accordion-icon e-font-icon-svg e-fas-plus\" viewbox=\"0 0 448 512\" xmlns=\"http:\/\/www.w3.org\/2000\/svg\"><path d=\"M416 208H272V64c0-17.67-14.33-32-32-32h-32c-17.67 0-32 14.33-32 32v144H32c-17.67 0-32 14.33-32 32v32c0 17.67 14.33 32 32 32h144v144c0 17.67 14.33 32 32 32h32c17.67 0 32-14.33 32-32V304h144c17.67 0 32-14.33 32-32v-32c0-17.67-14.33-32-32-32z\"><\/path><\/svg><\/span><span class=\"eael-advanced-accordion-icon-opened\"><svg aria-hidden=\"true\" class=\"fa-accordion-icon e-font-icon-svg e-fas-minus\" viewbox=\"0 0 448 512\" xmlns=\"http:\/\/www.w3.org\/2000\/svg\"><path d=\"M416 208H32c-17.67 0-32 14.33-32 32v32c0 17.67 14.33 32 32 32h384c17.67 0 32-14.33 32-32v-32c0-17.67-14.33-32-32-32z\"><\/path><\/svg><\/span><span class=\"eael-accordion-tab-title\">Manual<\/span><\/div><div id=\"elementor-tab-content-2183\" class=\"eael-accordion-content clearfix\" data-tab=\"3\" aria-labelledby=\"manual\"><p>Coautor al manualului<em> Istoria Evreilor. Holocaustul<\/em>, pentru clasele a XI-a \u0219i a XII-a, \u00eempreun\u0103 cu Felicia Waldman, Anca Tudorancea, Carol Iancu, Adriana Radu, Bogdan-Florin Romanda\u0219, Bucure\u0219ti, Corint, 2024, 120 p.<\/p><\/div>\n\t\t\t\t\t<\/div><div class=\"eael-accordion-list\">\n\t\t\t\t\t<div id=\"studii-i-articole\" class=\"elementor-tab-title eael-accordion-header\" tabindex=\"0\" data-tab=\"4\" aria-controls=\"elementor-tab-content-2184\"><span class=\"eael-advanced-accordion-icon-closed\"><svg aria-hidden=\"true\" class=\"fa-accordion-icon e-font-icon-svg e-fas-plus\" viewbox=\"0 0 448 512\" xmlns=\"http:\/\/www.w3.org\/2000\/svg\"><path d=\"M416 208H272V64c0-17.67-14.33-32-32-32h-32c-17.67 0-32 14.33-32 32v144H32c-17.67 0-32 14.33-32 32v32c0 17.67 14.33 32 32 32h144v144c0 17.67 14.33 32 32 32h32c17.67 0 32-14.33 32-32V304h144c17.67 0 32-14.33 32-32v-32c0-17.67-14.33-32-32-32z\"><\/path><\/svg><\/span><span class=\"eael-advanced-accordion-icon-opened\"><svg aria-hidden=\"true\" class=\"fa-accordion-icon e-font-icon-svg e-fas-minus\" viewbox=\"0 0 448 512\" xmlns=\"http:\/\/www.w3.org\/2000\/svg\"><path d=\"M416 208H32c-17.67 0-32 14.33-32 32v32c0 17.67 14.33 32 32 32h384c17.67 0 32-14.33 32-32v-32c0-17.67-14.33-32-32-32z\"><\/path><\/svg><\/span><span class=\"eael-accordion-tab-title\">Studii \u0219i articole<\/span><\/div><div id=\"elementor-tab-content-2184\" class=\"eael-accordion-content clearfix\" data-tab=\"4\" aria-labelledby=\"studii-i-articole\"><p><em>R\u0103zboiul grafic. Confruntarea imaginilor cu atrocit\u0103\u021bi \u00een timpul celui de-al Doilea R\u0103zboi Mondial<\/em>, \u00een Cosmin Nasui (editor), <em>Politicile umorului de extrem\u0103 dreapt\u0103 \u0219i r\u0103zboiul imaginilor din Rom\u00e2nia<\/em>, Bucure\u0219ti, PostModernism Museum Publishing House, 2022, p. 10-33.<\/p><p><em>Imaginile atrocit\u0103\u021bilor \u0219i mo\u0219tenirea dictaturilor. Fotografii din timpul Holocaustului \u00een arhive din Rom\u00e2nia<\/em>, \u00een Anuarul Institutului de Istorie \u201eA.D. Xenopol\u201d, t. LVIII, Ia\u0219i, Editura Academiei Rom\u00e2ne, 2021, p. 375-389. Versiunea \u00een limba englez\u0103 a studiului: a fost publicat\u0103 sub titlul <em>Images of atrocities and the legacy of dictatorships. Photos of the Holocaust in Romanian archives<\/em>, \u00een Carol Iancu, Alexandru-Florin Platon (coordonatori),<em> 80 de ani de la Pogromul de la Ia\u0219i \u0219i Holocaustul (\u0218oahul) din Rom\u00e2nia<\/em>, Ia\u0219i, Editura Universit\u0103\u021bii \u201eAl. I. Cuza\u201d, 2022, p. 537-560.<\/p><p><em>Antisemitismul \u0219i Holocaustul din perspectiv\u0103 comunist\u0103. Un caz de distorsiune ideologic\u0103<\/em>, \u00een Adrian Ciofl\u00e2nc\u0103 (ed.), <em>Discurs \u0219i violen\u021b\u0103 antisemit\u0103 \u00een Rom\u00e2nia modern\u0103<\/em>, num\u0103r tematic al \u201eRevistei de Istorie a Evreilor din Rom\u00e2nia\u201d, nr. 4-5 (20-21), 2019-2020, Bucure\u0219ti, Hasefer, 2020, p. 327-353.<\/p><p><em>Violen\u021ba antisemit\u0103 interbelic\u0103. Pogromul de la Foc\u0219ani (1925)<\/em>, \u00een \u201eRevista de Istorie a Evreilor din Rom\u00e2nia\u201d, nr. 3 (19), Bucure\u0219ti, Hasefer, 2018, p. 291-298.<\/p><p><em>On ex-cathedra antisemitism: Jewish voices confront interwar scholars Cuza and Paulescu<\/em>, \u00een Ottmar Tra\u0219c\u0103, Virgiliu \u021a\u00e2r\u0103u (coordonatori), <em>O identitate secund\u0103. Dennis John Deletant, istoria Rom\u00e2niei \u0219i rom\u00e2nii<\/em>, Cluj-Napoca, Editura Argonaut, 2016, pp. 211-234. Versiunea \u00een limba rom\u00e2n\u0103: <em>Antisemitismul ca fals\u0103 \u0219tiin\u021b\u0103. \u0218ama Salzberger vs. Nicolae Paulescu, <\/em>studiu introductiv la \u0218ama Salzberger<em>, Adev\u0103ruri despre Talmud \u0219i Iudaism. Documente \u0219i l\u0103muriri<\/em>, edi\u021bia a treia, Bucure\u0219ti, Hasefer, 2012, p. IX-XXVII<em>.<\/em><\/p><p><em>Erasing memory. The destruction of old Jewish cemeteries in Bucharest and Ia\u0219i during Ion Antonescu\u2019s regime<\/em>, \u00een \u201eRevista de istorie a evreilor din Rom\u00e2nia\u201d, nr. 1 (16-17), num\u0103r editat de Natalia Laz\u0103r, Bucure\u0219ti, Editura Hasefer, 2016, pp. 318-333. Versiunea \u00een limba rom\u00e2n\u0103 a studiului a fost publicat\u0103 sub titlul <em>Martelarea memoriei. Distrugerea vechilor cimitire evreie\u0219ti din Bucure\u0219ti \u0219i Ia\u0219i \u00een timpul regimului Ion Antonescu<\/em>, \u00een Colec\u021bia \u201eCaiete\u201d a Centrului pentru Studiul Istoriei Evreilor din Rom\u00e2nia, nr. 6, Bucure\u0219ti, Editura Hasefer, 2016, 32 p.<\/p><p><em>Schi\u021b\u0103 pentru o istorie a Centrului pentru Studiul Istoriei Evreilor din Rom\u00e2nia<\/em>, \u00een \u201eRevista de istorie a evreilor din Rom\u00e2nia\u201d, nr. 1 (16-17), num\u0103r editat de Natalia Laz\u0103r, Bucure\u0219ti, Editura Hasefer, 2016, pp. 13-30.<\/p><p><em>75 de ani de la Pogromul de la Bucure\u0219ti (21-23 ianuarie 1941)<\/em>, Bucure\u0219ti, Centrul pentru Studiul Istoriei Evreilor din Rom\u00e2nia, 2016, 16 p.<\/p><p><em>Instalarea comunismului v\u0103zut\u0103 de la balcon \u0219i din strad\u0103. Mobilizare \u0219i represiune \u00een Rom\u00e2nia p\u00e2n\u0103 la moartea lui Stalin <\/em>(scris \u00een colaborare cu Adriana Radu), \u00een Andi Mihalache, Adrian Ciofl\u00e2nc\u0103 (coordonatori), <em>Istoria recent\u0103 altfel. Perspective culturale<\/em>, Ia\u015fi, Editura Universit\u0103\u021bii \u201eAl. I. Cuza\u201d, 2013, p. 289-335.<\/p><p><em>Rolul Uniunii Tineretului Comunist din Rom\u00e2nia \u00een angrenajul totalitar<\/em>, \u00een Sergiu Mustea\u0163\u0103, Igor Ca\u015fu (coord.), <em>F\u0103r\u0103 termen de prescrip\u021bie. Aspecte ale investig\u0103rii crimelor comunismului \u00een Europa<\/em>, Chi\u0219in\u0103u, Editura Cartier, 2011, p. 266-305; versiunea \u00een limba englez\u0103: <em>Preliminaries for the History of the Romanian Communist Youth Union<\/em>, \u00een \u201eStudia Universitatis Babe\u015f-Bolyai. Historia\u201d, num\u0103r tematic editat de Virgil \u0162\u00e2r\u0103u, 52, nr. 1-2, 2007, p. 48-78.<\/p><p><em>The Communist Propagandistic Model. Towards a Cultural Genealogy<\/em>, in \u201eStudia Politica. Romanian Political Science Review\u201d, vol. X, no. 3, 2010, p. 447-482; versiunea \u00een limba rom\u00e2n\u0103: <em>Pentru o genealogie cultural\u0103 a modelului propragandistic comunist<\/em>, \u00een Andi Mihalache, Adrian Ciofl\u00e2nc\u0103 (editori), <em>In medias res. Studii de istorie cultural\u0103<\/em>, Ia\u015fi, Editura Universit\u0103\u0163ii \u201eAl. I. Cuza\u201d, 2007, p. 159-191;<\/p><p><em>Istorie \u015fi justi\u0163ie. Un model german pentru \u201eprocesul comunismului\u201d<\/em>, \u00een Ruxandra Cesereanu (ed.), <em>Gulag \u015fi Holocaust \u00een con\u015ftiin\u0163a rom\u00e2neasc\u0103<\/em>, Cluj, num\u0103r tematic al revistei \u201eCaietele Echinox\u201d, vol. 13, Cluj, 2007, p. 121-132<em>.<\/em><\/p><p><em>Studiul ritualurilor politice. O retrospectiv\u0103 istoriografic\u0103<\/em>, \u00een <em>Ritualuri politice \u00een Rom\u00e2nia modern\u0103<\/em>, num\u0103r tematic al revistei \u201cXenopoliana. Buletinul Funda\u0163iei Academice \u00abA. D. Xenopol\u00bb\u201d, editat de Andi Mihalache \u015fi Adrian Ciofl\u00e2nc\u0103, XIV, 1-4, 2006, p. 3-17.<\/p><p><em>The \u201cGrammar of Exculpation\u201d in Communist Historiography: Distortion of the History of the Holocaust under Ceau\u015fescu<\/em>, \u00een Alexandru Zub, Adrian Ciofl\u00e2nc\u0103 (editori), <em>Cultur\u0103 politic\u0103 \u015fi politici culturale \u00een Rom\u00e2nia modern\u0103<\/em>, Ia\u015fi, Editura Universit\u0103\u0163ii \u201eAl. I. Cuza\u201d, 2005, p. 245-262; o versiune prescurtat\u0103 a fost publicat\u0103 \u00een \u201eRomanian Journal of Political Science\u201d, vol. 4, n. 2, Winter 2004, p. 29-46; versiunea \u00een limba rom\u00e2n\u0103 a acestui studiu, cu titlul <em>\u201eGramatica disculp\u0103rii\u201d \u00een istoriografia comunist\u0103. Distorsionarea istoriei Holocaustului \u00een timpul regimului Ceau\u015fescu<\/em>, se afl\u0103 \u00een \u201cAnuarul Institutului de Istorie \u00abA. D. Xenopol\u00bb\u201d, t. XLII, Ia\u0219i, Editura Academiei Rom\u00e2ne, 2005, p. 627-644.<\/p><p><em>Na\u0163ionalism \u015fi parohialism \u00een competi\u0163ie. Note pe marginea dezbaterilor politice privind unirea Principatelor Rom\u00e2ne<\/em>, \u00een Dumitru Iv\u0103nescu, C\u0103t\u0103lin Turliuc, Florin C\u00e2ntec (coord.), <em>V\u00e2rstele Unirii. De la con\u015ftiin\u0163a etnic\u0103 la unitatea na\u0163ional\u0103<\/em>, Ia\u015fi, Funda\u0163ia Academic\u0103 \u201cA. D. Xenopol\u201d, 2001, p. 109-134; versiunea \u00een limba englez\u0103 a studiului, cu titlul <em>Political Debates before the Union of the Romanian Principalities, Between Nationalism and Parochialism<\/em>, a fost publicat\u0103 \u00een \u201eRevue Roumaine d\u2019Histoire\u201d, t. XLIII, nr. 1-4, 2004, p. 111-139.<\/p><p><em>Tenta\u0163ii neopopuliste \u00een Europa de Est<\/em>, \u00een Alexandru Zub, Adrian Ciofl\u00e2nc\u0103 (coord.), <em>Globalism \u015fi dileme identitare. Perspective rom\u00e2ne\u015fti<\/em>, Ia\u015fi, Editura Universit\u0103\u0163ii \u201cAl. I. Cuza\u201d, 2002, p. 192-206; text reluat \u00een \u201cRomanian Journal of Political Science\u201d, vol.2, n.1, April 2002, p. 196-210.<\/p><p><em>Politics of Oblivion in Postcommunist Romania<\/em>, \u00een \u201cXenopoliana. Buletinul Funda\u0163iei Academice \u00abA. D. Xenopol\u00bb\u201d, IX, 1-4, 2001, p. 107-114; text reluat \u00een \u201cRomanian Journal of Political Science\u201d, vol.2, n.2, September 2002, p. 85-93.<\/p><p><em>Democra\u0163ie \u015fi transparen\u0163\u0103 \u00een Rom\u00e2nia postcomunist\u0103. Implementarea legii liberului acces la informa\u0163ii<\/em>, \u00een J\u00f6rn R\u00fcsen, Hans-Klaus Keul, Adrian-Paul Iliescu (coord.), <em>Drepturile omului la \u00eent\u00e2lnirea dintre culturi<\/em>, Pite\u015fti, Paralela 45, 2004, p. 239-250.<\/p><p><em>Cunoa\u015fterea alterit\u0103\u0163ii ca form\u0103 de putere. Despre orientalism \u015fi balcanism<\/em>, \u00een \u201cXenopoliana. Buletinul Funda\u0163iei Academice \u00abA. D. Xenopol\u00bb\u201d, X, 1-4, 2002, p. 116-123.<\/p><p><em>Griurile memoriei postbelice<\/em>, \u00een <em>Memorie \u015fi uitare \u00een istorie<\/em>, num\u0103r tematic al revistei \u201cXenopoliana. Buletinul Funda\u0163iei Academice \u00abA. D. Xenopol\u00bb\u201d, XI, 3-4, 2003, editat de Adrian Ciofl\u00e2nc\u0103, p. 227-232.<\/p><p><em>Memorii \u015fi grupuri concurente \u00een lumea satului<\/em>, \u00een <em>Memorie \u015fi uitare \u00een istorie<\/em>, num\u0103r tematic al revistei \u201cXenopoliana. Buletinul Funda\u0163iei Academice \u00abA. D. Xenopol\u00bb\u201d, XI, 3-4, 2003, editat de Adrian Ciofl\u00e2nc\u0103, p. 243-248; text reluat \u00een \u201cArche. Revist\u0103 de Etnologie \u015fi Antropologie\u201d editat\u0103 de Centrul Jude\u0163ean pentru Conservarea \u015fi Promovarea Culturii Tradi\u0163ionale Dolj, nr. 2\/203, p. 5-6.<\/p><p><em>Conspira\u0163ionismul &#8211; ideologie sau mit?<\/em>, \u00een \u201cSfera Politicii\u201d, nr. 90, an IX (2001), p. 59-61 (reluat \u00een form\u0103 extins\u0103 \u00een \u201cAnuarul Institutului de Istorie \u00abA. D. Xenopol\u00bb\u201d, t. XXXVIII, Ia\u015fi, Editura Academiei Rom\u00e2ne, 2001, p. 277-280).<\/p><p><em>A treia cale \u00een cultur\u0103<\/em>, \u00een \u201cSfera Politicii\u201d, nr. 93-94, an IX (2001), p. 81-83 (reluat \u00een form\u0103 extins\u0103 \u00een \u201cAnuarul Institutului de Istorie \u00abA. D. Xenopol\u00bb\u201d, t. XXXVIII, Ia\u015fi, Editura Academiei Rom\u00e2ne, 2001, p. 287-289).<\/p><\/div>\n\t\t\t\t\t<\/div><div class=\"eael-accordion-list\">\n\t\t\t\t\t<div id=\"dezbateri\" class=\"elementor-tab-title eael-accordion-header\" tabindex=\"0\" data-tab=\"5\" aria-controls=\"elementor-tab-content-2185\"><span class=\"eael-advanced-accordion-icon-closed\"><svg aria-hidden=\"true\" class=\"fa-accordion-icon e-font-icon-svg e-fas-plus\" viewbox=\"0 0 448 512\" xmlns=\"http:\/\/www.w3.org\/2000\/svg\"><path d=\"M416 208H272V64c0-17.67-14.33-32-32-32h-32c-17.67 0-32 14.33-32 32v144H32c-17.67 0-32 14.33-32 32v32c0 17.67 14.33 32 32 32h144v144c0 17.67 14.33 32 32 32h32c17.67 0 32-14.33 32-32V304h144c17.67 0 32-14.33 32-32v-32c0-17.67-14.33-32-32-32z\"><\/path><\/svg><\/span><span class=\"eael-advanced-accordion-icon-opened\"><svg aria-hidden=\"true\" class=\"fa-accordion-icon e-font-icon-svg e-fas-minus\" viewbox=\"0 0 448 512\" xmlns=\"http:\/\/www.w3.org\/2000\/svg\"><path d=\"M416 208H32c-17.67 0-32 14.33-32 32v32c0 17.67 14.33 32 32 32h384c17.67 0 32-14.33 32-32v-32c0-17.67-14.33-32-32-32z\"><\/path><\/svg><\/span><span class=\"eael-accordion-tab-title\">Dezbateri<\/span><\/div><div id=\"elementor-tab-content-2185\" class=\"eael-accordion-content clearfix\" data-tab=\"5\" aria-labelledby=\"dezbateri\"><p><em>Trecutul \u00een spatele nostru? Raportul Tism\u0103neanu \u015fi istoria comunismului rom\u00e2nesc<\/em>, Dezbatere organizat\u0103 de Societatea de Studii Istorice din Rom\u00e2nia, Grupul pentru Dialog Social Ia\u015fi \u015fi Goethe-Zentrum Ia\u015fi (Societate Cultural\u0103 Rom\u00e2no-German\u0103), 21 decembrie 2006, transcriere publicat\u0103 \u00een \u201eAnalele \u015etiin\u0163ifice ale Universit\u0103\u0163ii \u00abAl. I. Cuza\u00bb din Ia\u015fi (serie nou\u0103). Istorie\u201d, tom LII-LIII, 2006-2007, 303-331.<\/p><p><em>Capitolul rom\u00e2nesc al Holocaustului: percep\u021bii \u00een perioada comunist\u0103 \u0219i dup\u0103 1989<\/em>, Dezbatere organizat\u0103 de Cercul Cultural din Ierusalim, 9 noiembrie 2011, transcriere publicat\u0103 \u00een Costel Safirman (ed.), <em>O lume v\u0103zut\u0103 de la Ierusalim. Alte \u00eent\u00e2lniri la Cercul Cultural din Ierusalim<\/em>, 2007-2013, Bucure\u0219ti, Institutul Cultural Rom\u00e2n, 2014, pp. 37-60.<\/p><p><em>Ce s-a \u00eent\u00e2mplat \u00een iunie 1941 la Ia\u0219i? O dezbatere terminologic\u0103 privind tragedia evreilor ie\u0219eni<\/em>, Mas\u0103 rotund\u0103, Ia\u0219i, 30 iunie 2006, organizat\u0103 de Institutul Na\u021bional pentru Studierea Holocaustului din Rom\u00e2nia \u201eElie Wiesel\u201d \u0219i Centrul de Istorie a Evreilor \u0219i Ebraistic\u0103 al Universit\u0103\u021bii \u201eAl. I. Cuza\u201d Ia\u0219i, transcriere publicat\u0103 \u00een George Voicu (ed.), <em>Pogromul de la Ia\u0219i (28-30 iunie 1941) \u2013 Prologul Holocaustului din Rom\u00e2nia<\/em>, Ia\u0219i, Polirom, 2006, pp. 297-317.<\/p><\/div>\n\t\t\t\t\t<\/div><div class=\"eael-accordion-list\">\n\t\t\t\t\t<div id=\"istorie-oral\" class=\"elementor-tab-title eael-accordion-header\" tabindex=\"0\" data-tab=\"6\" aria-controls=\"elementor-tab-content-2186\"><span class=\"eael-advanced-accordion-icon-closed\"><svg aria-hidden=\"true\" class=\"fa-accordion-icon e-font-icon-svg e-fas-plus\" viewbox=\"0 0 448 512\" xmlns=\"http:\/\/www.w3.org\/2000\/svg\"><path d=\"M416 208H272V64c0-17.67-14.33-32-32-32h-32c-17.67 0-32 14.33-32 32v144H32c-17.67 0-32 14.33-32 32v32c0 17.67 14.33 32 32 32h144v144c0 17.67 14.33 32 32 32h32c17.67 0 32-14.33 32-32V304h144c17.67 0 32-14.33 32-32v-32c0-17.67-14.33-32-32-32z\"><\/path><\/svg><\/span><span class=\"eael-advanced-accordion-icon-opened\"><svg aria-hidden=\"true\" class=\"fa-accordion-icon e-font-icon-svg e-fas-minus\" viewbox=\"0 0 448 512\" xmlns=\"http:\/\/www.w3.org\/2000\/svg\"><path d=\"M416 208H32c-17.67 0-32 14.33-32 32v32c0 17.67 14.33 32 32 32h384c17.67 0 32-14.33 32-32v-32c0-17.67-14.33-32-32-32z\"><\/path><\/svg><\/span><span class=\"eael-accordion-tab-title\">Istorie oral\u0103<\/span><\/div><div id=\"elementor-tab-content-2186\" class=\"eael-accordion-content clearfix\" data-tab=\"6\" aria-labelledby=\"istorie-oral\"><p><em>M\u0103rturia lui Leizer Finchelstein, supravie\u0163uitor al celui de-al doilea tren al mor\u0163ii<\/em>, \u00een George Voicu (ed.), <em>Pogromul de la Ia\u015fi 28-30 iunie 1941. Prologul Holocaustului din Rom\u00e2nia<\/em>, Ia\u015fi, Polirom, 2006, p. 247-255.<\/p><\/div>\n\t\t\t\t\t<\/div><div class=\"eael-accordion-list\">\n\t\t\t\t\t<div id=\"traduceri\" class=\"elementor-tab-title eael-accordion-header\" tabindex=\"0\" data-tab=\"7\" aria-controls=\"elementor-tab-content-2187\"><span class=\"eael-advanced-accordion-icon-closed\"><svg aria-hidden=\"true\" class=\"fa-accordion-icon e-font-icon-svg e-fas-plus\" viewbox=\"0 0 448 512\" xmlns=\"http:\/\/www.w3.org\/2000\/svg\"><path d=\"M416 208H272V64c0-17.67-14.33-32-32-32h-32c-17.67 0-32 14.33-32 32v144H32c-17.67 0-32 14.33-32 32v32c0 17.67 14.33 32 32 32h144v144c0 17.67 14.33 32 32 32h32c17.67 0 32-14.33 32-32V304h144c17.67 0 32-14.33 32-32v-32c0-17.67-14.33-32-32-32z\"><\/path><\/svg><\/span><span class=\"eael-advanced-accordion-icon-opened\"><svg aria-hidden=\"true\" class=\"fa-accordion-icon e-font-icon-svg e-fas-minus\" viewbox=\"0 0 448 512\" xmlns=\"http:\/\/www.w3.org\/2000\/svg\"><path d=\"M416 208H32c-17.67 0-32 14.33-32 32v32c0 17.67 14.33 32 32 32h384c17.67 0 32-14.33 32-32v-32c0-17.67-14.33-32-32-32z\"><\/path><\/svg><\/span><span class=\"eael-accordion-tab-title\">Traduceri<\/span><\/div><div id=\"elementor-tab-content-2187\" class=\"eael-accordion-content clearfix\" data-tab=\"7\" aria-labelledby=\"traduceri\"><p>J\u00f6rn R\u00fcsen, <em>Desfacerea ordinii istoriei \u2013 modernitate, postmodernitate, memorie<\/em>, \u00een \u201cXenopoliana. Buletinul Funda\u0163iei Academice \u00abA. D. Xenopol\u00bb\u201d, XI, 3-4, 2003, p. 16-18.<\/p><\/div>\n\t\t\t\t\t<\/div><div class=\"eael-accordion-list\">\n\t\t\t\t\t<div id=\"-participare-la-manifestri-tiinifice-n-romnia\" class=\"elementor-tab-title eael-accordion-header\" tabindex=\"0\" data-tab=\"8\" aria-controls=\"elementor-tab-content-2188\"><span class=\"eael-advanced-accordion-icon-closed\"><svg aria-hidden=\"true\" class=\"fa-accordion-icon e-font-icon-svg e-fas-plus\" viewbox=\"0 0 448 512\" xmlns=\"http:\/\/www.w3.org\/2000\/svg\"><path d=\"M416 208H272V64c0-17.67-14.33-32-32-32h-32c-17.67 0-32 14.33-32 32v144H32c-17.67 0-32 14.33-32 32v32c0 17.67 14.33 32 32 32h144v144c0 17.67 14.33 32 32 32h32c17.67 0 32-14.33 32-32V304h144c17.67 0 32-14.33 32-32v-32c0-17.67-14.33-32-32-32z\"><\/path><\/svg><\/span><span class=\"eael-advanced-accordion-icon-opened\"><svg aria-hidden=\"true\" class=\"fa-accordion-icon e-font-icon-svg e-fas-minus\" viewbox=\"0 0 448 512\" xmlns=\"http:\/\/www.w3.org\/2000\/svg\"><path d=\"M416 208H32c-17.67 0-32 14.33-32 32v32c0 17.67 14.33 32 32 32h384c17.67 0 32-14.33 32-32v-32c0-17.67-14.33-32-32-32z\"><\/path><\/svg><\/span><span class=\"eael-accordion-tab-title\"> Participare la manifest\u0103ri \u0219tiin\u021bifice \u00een Rom\u00e2nia<\/span><\/div><div id=\"elementor-tab-content-2188\" class=\"eael-accordion-content clearfix\" data-tab=\"8\" aria-labelledby=\"-participare-la-manifestri-tiinifice-n-romnia\"><p><em>Evreii din T\u00e2rgu Frumos \u00een perioada interbelic\u0103<\/em>, comunicare prezentat\u0103 \u00een cadrul conferin\u021bei \u201eAbord\u0103ri inovatoare \u00een conservarea patrimoniului cultural\u201d, organizat\u0103 de Asocia\u021bia Super Tineri \u00een cadrul proiectului AFCN <em>Muzeul Memorial Evreiesc din T\u00e2rgu Frumos JEMOM 1.0<\/em>, Ia\u0219i, Casa Muzeelor din Ia\u0219i, 3.11.2024.<\/p><p>Participare la dezbaterea <em>Istorie \u0219i propagand\u0103 \u00een vreme de r\u0103zboi<\/em>, al\u0103turi de Florin Lobon\u021b \u0219i Florin Iepan, la Triaj, Timi\u0219oasa, 29.03.2024.<\/p><p>Participare la dezbaterea <em>Decret \u2013 Deportare<\/em>, al\u0103turi de Doru Liciu \u0219i Anca Tudorancea, la Muzeul Na\u021bional de Istorie a Rom\u00e2niei, 19.12.2023.<\/p><p>Participare la dezbaterea <em>Locuri ale memoriei Holocaustului \u00een Rom\u00e2nia<\/em>, al\u0103turi de Astrid Rottman, Anca Tudorancea, Felicia Waldman \u0219i Dan Schlanger &#8211; moderator, Organizat\u0103 de CSIER-WF, JCC, 30.01.2023.<\/p><p><em>R\u0103zboiul grafic. Confruntarea imaginilor cu atrocit\u0103\u021bi \u00een timpul celui de-al Doilea R\u0103zboi Mondial<\/em>, comunicare sus\u021binut\u0103 \u00een cadrul conferin\u021bei <em>Politicile umorului de extrem\u0103 dreapt\u0103 \u0219i r\u0103zboiul imaginilor din Rom\u00e2nia<\/em>, organizat\u0103 de Asocia\u021bia Postmodernism Museum, <em>online<\/em>, 23.11.2022.<\/p><p>Participare la dezbaterea <em>Personajul evreului \u00een cinematografie comunist\u0103<\/em>, al\u0103turi de Bogdan Jitea \u0219i Dan Schlanger, \u00een cadrul Festivalului de Film Evreiesc, Bucure\u0219ti, Edi\u021bia XII, 20.11.2022.<\/p><p><em>Holocaustul \u0219i cel de-al Doilea R\u0103zboi Mondial \u00een filmul documentar<\/em>, conferin\u021b\u0103 \u021binut\u0103 \u00een cadrul Festivalului de Film Evreiesc, Bucure\u0219ti, Edi\u021bia XII, JCC, 19.11.2022.<\/p><p>Participare la dezbaterea <em>Contribu\u021bia lui Vespasian Pella \u0219i a diploma\u021biei rom\u00e2ne \u00een domeniul dreptului interna\u021bional &#8211; o perspectiv\u0103 istoric\u0103<\/em>, al\u0103turi de Bogdan Aurescu, Aurora Ciuc\u0103, Ben Ferencz, Doru Liciu, organizat\u0103 de Ministerul Afacerilor Externe, Bucure\u0219ti, 14.10.2022.<\/p><p><em>Cadre militare (1914-1931)<\/em>, prezentare privind filmul documentar mut din perioada interbelic\u0103, la Reziden\u021ba Scena 9, Bucure\u0219ti, \u00een cadrul Proiectului Fictitious Nonfiction al Asocia\u021bei Image and Sound, cu sprijinul ANF \u0219i al ARCUB, 29.09.022.<\/p><p><em>Crime \u00een mas\u0103 \u0219i justi\u021bie retributiv\u0103 \u00een Rom\u00e2nia<\/em>, comunicare sus\u021binut\u0103 la simpozionul <em>132 de ani de la na\u0219terea lui Constantin Karadja, diplomat rom\u00e2n c\u0103ruia i-a fost acordat\u0103 distinc\u021bia de Drept \u00eentre Popoare<\/em>, \u00eempreun\u0103 cu Radu Ioanid, Tibi Galis, Doru Liciu, Cornel Feru\u021b\u0103. Simpozion organizat de Ministerul Afacerilor Externe, 24.11.2021.<\/p><p><em>Dictaturile Rom\u00e2niei \u0219i arhipelagul memoriilor<\/em>, comunicare prezentat\u0103 la <em>workshop<\/em>-ul pentru <em>stakeholders<\/em> <em>Rom\u00e2nia \u2013 incluziune etnic\u0103 \u0219i rasial\u0103<\/em>, organizat \u00een cadrul proiectului Mindset al Euroactiv, sus\u021binut de DG Just \u0219i Consiliul Na\u021bional pentru Combaterea Discrimin\u0103rii \u0219i pressHUB, <em>online<\/em>, 28.06.2021.<\/p><p>Participare la dezbaterea <em>Paul C\u0103linescu \u0219i filmul documentar rom\u00e2nesc \u00een perioada 1934-1948<\/em>, organizat\u0103 \u00een cadrul proiectului <em>Cineclub<\/em> <em>One World Romania<\/em>, \u00eempreun\u0103 cu Andrei Rus \u0219i Ana Szel, <em>online<\/em>, 19.04.2021.<\/p><p>Participare la dezbaterea <em>Cum de ne-am dezunit at\u00e2t de tare? Unirea Principatelor \u0219i iluziile na\u021bional-centralismului<\/em>, al\u0103turi de Dorin Dobrincu, Mihai Chiper, Florea Ioncioaia, organizat\u0103 de Mi\u0219carea pentru Dezvoltarea Moldovei, <em>online<\/em>, 24.01.2021.<\/p><p><em>Politici ale fotografiei istorice \u00een timpul dictaturilor din Rom\u00e2nia<\/em>, comunicare \u00een cadrul conferin\u021bei \u201eDreptul \u0219i accesul la cultur\u0103\u201d, organizat\u0103 de PostModernism Museum \u0219i Muzeul Municipiului Bucure\u0219ti, Casa Filipescu Cesianu, 19.01.2020.<\/p><p>Participare la dezbaterea \u0219i vernisarea expozi\u021biei <em> Anul \u00een care Europa a devenit ea \u00eens\u0103\u0219i<\/em>, realizat\u0103 de Edward Serotta, al\u0103turi de autor, Raluca Alexandrescu \u0219i Cosmin N\u0103sui, Bucure\u0219ti, Palatul Su\u021bu, 16.12.2019.<\/p><p><em>Atrocit\u0103\u021bile Holocaustului reflectate \u00een jurnalele lui Mihail Sebastian, Emil Dorian \u0219i Brunea-Fox<\/em>, prelegere sus\u021binut\u0103 \u00een cadrul Festivalului Interna\u021bional \u201eMihail Sebastian\u201d, edi\u021bia a 7-a, Br\u0103ila, 2.11.2019.<\/p><p><em>Memoria atrocit\u0103\u021bilor Holocaustului \u00een Rom\u00e2nia<\/em>, comunicare \u00een cadrul Romanian Regional Training Seminar for the Prevention of Genocide and Mass Atrocity, organizat de Ministerul Public, Ministerul Afacerilor Externe \u0219i The Auschwitz Institute for Peace and Reconciliation, la Ia\u0219i (10.09.2019) \u0219i Cluj (13.09.2019).<\/p><p>Participare la dezbaterea pe marginea volumului <em>Octavian Goga:<\/em> <em>Sacerdote of the Nation. Revisiting the Romanian National Idea <\/em>(Cluj Napoca, Editura Argonaut, 2018), de R\u0103zvan P\u00e2r\u00e2ianu, al\u0103turi de autor, Ioan Stanomir \u0219i Valentin S\u0103ndulescu, la Centrul pentru Studiul Istoriei Evreilor din Rom\u00e2nia \u201eWilhelm Filderman\u201d, 3.07.2019.<\/p><p><em>Cercet\u0103ri de teren \u00een domeniul Holocaustului \u00een Republica Moldova \u0219i Ucraina<\/em>, dezbatere al\u0103turi de Teodora Dr\u0103goi \u0219i Borislav Velimirovici (TVR), la Centrul pentru Studiul Istoriei Evreilor din Rom\u00e2nia \u201eWilhelm Filderman\u201d, 7.11.2019.<\/p><p><em>Nicolae Cajal \u00een dosarele Securit\u0103\u021bii<\/em>, comunicare sus\u021binut\u0103 la dezbaterea cu acela\u0219i nume la care a participat \u0219i Irina Cajal, la Centrul pentru Studiul Istoriei Evreilor din Rom\u00e2nia \u201eWilhelm Filderman\u201d, 28.11.2019,<\/p><p><em>Reprezentarea Holocaustului \u0219i politicile fotografiei \u00een epoca dictaturilor<\/em>, comunicare sus\u021binut\u0103 la \u0218coala de var\u0103 a Centrului pentru Studiul Istoriei Evreilor din Rom\u00e2nia \u201eWilhelm Filderman\u201d cu tema <em>Evreii \u00een cultura vizual\u0103 din Rom\u00e2nia<\/em>, CIR Bra\u0219ov, Cristian, 4.08.2019.<\/p><p><em>Wilhelm Filderman \u00eenfrunt\u0103 comunismul (1944-1963)<\/em>, comunicare sus\u021binut\u0103 la Centrul pentru Studiul Istoriei Evreilor din Rom\u00e2nia \u201eWilhelm Filderman\u201d, Bucure\u0219ti, 26.06.2019.<\/p><p>Organizator al dezbaterii <em>Evreii \u0219i mi\u0219carea comunist\u0103 din Rom\u00e2nia. Noi arhive \u0219i baze de date<\/em>, la Centrul pentru Studiul Istoriei Evreilor din Rom\u00e2nia (participan\u021bi: Cristian Vasile, Mihai Burcea, Corina Dobo\u0219, Liviu Rotman), Bucure\u0219ti, 31.10.2018.<\/p><p>Moderator al dezbaterii <em>Biserica Ortodox\u0103 Rom\u00e2n\u0103 \u0219i Holocaustul<\/em>, la Centrul pentru Studiul Istoriei Evreilor din Rom\u00e2nia (participan\u021bi: Ion Popa, M\u0103riuca Stanciu), Bucure\u0219ti, 24.10.2018.<\/p><p><em>Masacrul de la Gala\u021bi. Noi informa\u021bii documentare<\/em>, comunicarea sus\u021binut\u0103 \u00een cadrul workshop-ului <em>Masacrul de la Gala\u021bi. Necunoscutele unei crime \u00een mas\u0103<\/em>, organizat de Centrul pentru Studiul Istoriei Evreilor din Rom\u00e2nia, la Sinagoga Mare din Bucure\u0219ti, Bucure\u0219ti, 17.10.2018.<\/p><p><em>Wilhelm Filderman \u0219i violen\u021ba antisemit\u0103<\/em>, comunicare sus\u021binut\u0103 la \u0218coala de var\u0103 a Centrului pentru Studiul Istoriei Evreilor din Rom\u00e2nia cu tema <em>Personalit\u0103\u021bi ale lumii evreie\u0219ti<\/em>, CIR Bra\u0219ov, Cristian, 07.2018.<\/p><p>Moderator al dezbaterii <em>Identit\u0103\u021bi multiple \u00een Rom\u00e2nia Mare<\/em>, la Centrul pentru Studiul Istoriei Evreilor din Rom\u00e2nia (participan\u021bi Irina Livezeanu, Petru Negur\u0103, Liviu Rotman), Bucure\u0219ti, 20.06 2018.<\/p><p><em>Masacrul de la Odesa. Reprezentarea vizual\u0103 a unei crime \u00een mas\u0103<\/em>, comunicare la dezbaterea <em>Masacrul de la Odesa. Istorie, memorie, reprezentare<\/em>, la Centrul pentru Studiul Istoriei Evreilor din Rom\u00e2nia (al\u0103turi de Radu Jude, Florin Stan), Bucure\u0219ti, 13.06.2018.<\/p><p>Participant la dezbaterea<em> Procesele economice ale func\u021bionarilor evrei din comer\u021bul exterior 1960-1964<\/em>, la Centrul pentru Studiul Istoriei Evreilor din Rom\u00e2nia (al\u0103turi de Tudor C\u0103lin Zarojanu, Lya Benjamin \u0219i Veronica Rozenberg), Bucure\u0219ti, 4.06.2018.<\/p><p>Moderator al dezbaterii<em> Militari evrei \u00een Marele R\u0103zboi<\/em>, la Centrul pentru Studiul Istoriei Evreilor din Rom\u00e2nia (participan\u021bi Cerasela Moldoveanu, \u0218erban Pavelescu, Irina Spirescu), Bucure\u0219ti, 9.05.2018.<\/p><p>Participant la dezbaterea <em>Ascensiunea discursului legionar<\/em>, organizat\u0103 de Frontline Club Rom\u00e2nia la Libr\u0103ria Humanitas Ci\u0219migiu (al\u0103turi de Oliver Jens Schmitt, Mihai Burcea, moderator Elena Vijulie), Bucure\u0219ti, 26.02.2018.<\/p><p><em>Evreii \u00een timpul Primului R\u0103zboi Mondial<\/em>, comunicare sus\u021binut\u0103 la Muzeul Municipiului Bucure\u0219ti, cu ocazia premierei filmului <em>Evrei eroi \u00een primul r\u0103zboi mondial<\/em>, regia Sorin Avram, 2018, consultan\u021bi istorici Adrian Ciofl\u00e2nc\u0103, Felicia Waldman, Bucure\u0219ti, 16.02.2018, Bucure\u0219ti.<\/p><p><em>M\u0103rturii fotografice despre gropile comune din Transilvania<\/em>, comunicare sus\u021binut\u0103 cu ocazia Comemor\u0103rii Zilei Interna\u021bionale a Victimelor Holocaustului, organizat\u0103 de Comunitatea Evreilor din S\u0103laj, Zal\u0103u, 01.2018.<\/p><p><em>Violen\u021ba antisemit\u0103 \u00een ianuarie 1941. Date noi despre masacrul de la Jilava<\/em>, comunicare sus\u021binut\u0103 la manifestarea <em>Comemorarea a 77 de ani de la masacrul de la Jilava \u0219i pogromul de la Bucure\u0219ti<\/em>, organizat\u0103 de Federa\u021bia Comunit\u0103\u021bilor Evreie\u0219ti din Rom\u00e2nia, \u00een colaborare cu Institutul Na\u021bional pentru Studierea Holocaustului din Rom\u00e2nia \u201eElie Wiesel\u201d \u0219i Prim\u0103ria Jilava, Jilava, 01.2018.<\/p><p>Participare la dezbaterea <em>Studierea biografic\u0103 a Mi\u0219c\u0103rii Legionare<\/em> la Centrul pentru Studiul Istoriei Evreilor din Rom\u00e2nia (al\u0103turi de Marius Cazan, Florin M\u00fcller, Lya Benjamin), Bucure\u0219ti, 01 2018.<\/p><p><em>Locuri ale memoriei Holocaustului \u00een Rom\u00e2nia<\/em>, comunicare sus\u021binut\u0103 la \u0218coala de Var\u0103 cu tema \u201eLocuri ale memoriei evreilor\u201d, organizat\u0103 de Centrul pentru Studiul Istoriei Evreilor din Rom\u00e2nia \u0219i Centrul de Studii Ebraice Golstein-Goren al Universit\u0103\u021bii Bucure\u0219ti, 7.08.2017.<\/p><p><em>Convie\u021buire, ambivalen\u021b\u0103 \u0219i fractur\u0103 \u00een rela\u021biile interetnice din Rom\u00e2nia<\/em>, comunicare sus\u021binut\u0103 la Academia Rom\u00e2n\u0103 \u00een cadrul reuniunii \u201ePodurile toleran\u021bei\u201d, Bucure\u0219ti, 14.06.2017.<\/p><p><em>Nout\u0103\u021bi documentare \u0219i revizuiri metologice \u00een studierea Pogromului de la Ia\u0219i<\/em>, comunicare sus\u021binut\u0103 la Universitatea \u201eAl. I. Cuza\u201d din Ia\u0219i, cu ocazia manifest\u0103rilor comemorative la 75 de ani de la Pogromul de la Ia\u0219i, 29.06.2016.<\/p><p><em>Holocaustul din Rom\u00e2nia<\/em>, comunicare sus\u021binut\u0103 la Institutul Na\u021bional al Magistraturii din Bucure\u0219ti, \u00een cadrul training-ului cu magistra\u021bii av\u00e2nd tema \u201eCombaterea fascismului, rasismului, xenofobiei \u0219i a cultului persoanelor vinovate de s\u0103v\u00e2r\u0219irea unor infrac\u021biuni contra p\u0103cii \u0219i omenirii. Aspecte privind extremismul, antisemitismul \u0219i negarea Holocaustului\u201d, organizat de Pre\u0219edin\u021bia rom\u00e2n\u0103 a IHRA, Bucure\u0219ti, 9.06.2016.<\/p><p><em>Vie\u021bi \u00eentrerupte. Repertorierea victimelor pogromului de la Ia\u0219i<\/em>, comunicare sus\u021binut\u0103 la asocia\u021bia Tranzit, \u00een cadrul proiectului \u201eFragments of a life\u201d, coordonat de Olga \u0218tefan, Ia\u0219i, 29.06.2016<strong>.<\/strong><\/p><p><em>Violen\u021bele antisemite din Rom\u00e2nia (1866-1944)<\/em>, comunicare sus\u021binut\u0103 la \u0218coala de var\u0103 cu tema \u201eEvreii \u00een sfera public\u0103 a Rom\u00e2niei moderne\u201d, organizat\u0103 de Centrul pentru Studiul Istoriei Evreilor din Rom\u00e2nia \u0219i Centrul pentru Studii Israeliene \u201eGoldstein-Goren\u201d din Universitatea Bucure\u0219ti, 2-7 august 2016.<\/p><p><em>Holocaust, memorie \u0219i etic\u0103<\/em>, prezentare \u00een cadrul \u201eZilelor Memoriei\u201d, organizate de Institutul Francez Ia\u0219i, 29.01.2016.<\/p><p><em>Date noi despre Pogromul de la Dorohoi (1940)<\/em>, comunicare sus\u021binut\u0103 la simpozionul \u201ePogromul de la Dorohoi \u2013 1940\u201d, organizat de Federa\u021bia Comunit\u0103\u021bilor Evreie\u0219ti din Rom\u00e2nia, Dorohoi, 8.07.2015.<\/p><p><em>Date noi despre masacrul din P\u0103durea Jilava (ianuarie 1941)<\/em>, comunicare sus\u021binut\u0103 la conferin\u021ba \u201ePogromul legionar antievreiesc din Capitala \u021b\u0103rii\u201d, Muzeul Na\u021bional al Satului \u201eDumitrie Gusti\u201d, Bucure\u0219ti, 23.01.2015.<\/p><p><em>Jaful de la Banca de Stat, din 1959, \u0219i \u201eBanda lui Ioanid\u201d \u00een ancheta Securit\u0103\u021bii<\/em>, comunicare sus\u021binut\u0103 la A Patra Conferin\u021b\u0103 Na\u021bional\u0103 \u201eComunismul rom\u00e2nesc\u201d, organizat\u0103 de KAS \u0219i CNSAS, la Institutul de Istorie \u201eNicolae Iorga\u201d, 28.03.2014.<\/p><p><em>Privire istoric\u0103 de sintez\u0103 asupra Holocaustului din Rom\u00e2nia<\/em>, prelegere sus\u021binut\u0103 la Academia Rom\u00e2m\u0103, la reuniunea cu tema \u201eInforma\u021bii istorice \u0219i m\u0103rturii privind Holocaustul din Rom\u00e2nia\u201d, organizat\u0103 \u00een colaborare cu Federa\u021bia Comunit\u0103\u021bilor Evreie\u0219ti din Rom\u00e2nia \u0219i Institutul Na\u021bional pentru Studierea Holocaustului din Rom\u00e2nia \u201eElie Wiesel\u201d, Bucure\u0219ti, 17.02.2014.<\/p><p><em>Importan\u021ba istoriei orale \u0219i a arheologiei contemporane \u00een studierea crimelor \u00een mas\u0103<\/em>, comunicare sus\u021binut\u0103 la Arhivele Na\u021bionale ale Rom\u00e2niei, Bucure\u0219ti, 9.12.2013.<\/p><p><em>Pogromul de la Ia\u0219i. Groapa comun\u0103 de la Popricani<\/em>, comunicare \u021binut\u0103 \u00een cadrul programului \u201eEduca\u021bie pentru viitor prin \u00een\u021belegerea trecutului. Preg\u0103tirea formatorilor de profesori \u00een domeniul istoriei Holocaustului\u201d, desf\u0103\u0219urat de Institutul Na\u021bional pentru Studierea Holocaustului din Rom\u00e2nia \u201eElie Wiesel\u201d \u0219i United States Holocaust Memorial Museum, Cluj, 13.11.2013.<\/p><p><em>Memoria crimelor \u00een mas\u0103 \u00een m\u0103rturii de istorie oral\u0103<\/em>, comunicare sus\u021binut\u0103 la Conferin\u021ba Na\u021bional\u0103 Interdisciplinar\u0103 din seria \u201eMemoria trecutului recent\u201d cu tema \u201eArhivele memoriei. Comunismul rom\u00e2nesc din perspectiva istoriei orale\u201d, organizat\u0103 de Consiliul Na\u021bional pentru Studierea Arhivelor Securit\u0103\u021bii, Facultatea de \u0218tiin\u021be Politice din cadrul Universit\u0103\u021bii Bucure\u0219ti \u0219i Funda\u021bia Konrad Adenauer, Bucure\u0219ti, 23.10.2013.<\/p><p><em>Resurse din arhiva CNSAS privind istoria Holocaustului \u0219i procesele criminalilor de r\u0103zboi<\/em>, comunicare sus\u021binut\u0103 la A Treia Conferin\u021b\u0103 Na\u021bional\u0103 \u201eComunismul rom\u00e2nesc\u201d, la Institutul de Istorie \u201eNicolae Iorga\u201d din Bucure\u0219ti, 14.03.2013.<\/p><p><em>Antisemitism \u0219i crime \u00een mas\u0103 \u00een 1941<\/em>, comunicare sus\u021binut\u0103 la Institutul de Cercet\u0103ri Politice, Bucure\u0219ti, \u00een cadrul unei sesiuni de comunic\u0103ri organizate de Facultate de \u0218tiin\u021be Politice a Universit\u0103\u021bii Bucure\u0219ti \u0219i Centrul Comunitar Evreiesc, 3.02.2013.<\/p><p><em>\u201eDegradarea mor\u021bii\u201d. Violen\u021b\u0103 fizic\u0103 \u0219i violen\u021b\u0103 simbolic\u0103 \u00een timpul pogromului de la Ia\u0219i<\/em>, comunicarea sus\u021binut\u0103 la Universitatea \u201eAl. I. Cuza\u201d, \u00een cadrul programului de comunic\u0103ri al Institutului de Istorie \u201eA. D. Xenopol, 15.11.2012.<\/p><p><em>Violen\u0163a antisemit\u0103 la \u00eenceputul opera\u0163iunii Barbarossa. Masacre \u015fi gropi comune \u00een jude\u0163ul Ia\u015fi<\/em>, comunicare sus\u0163inut\u0103 \u00een cadrul workshopului<em> Cercetarea interdisciplinar\u0103 a istorie Holocaustului. Gropi comune \u00een jude\u0163ul Ia\u015fi<\/em>, Institutul de Istorie \u201eA. D. Xenopol, 3.04.2011, Ia\u0219i.<\/p><p><em>Masacrele antisemite de la \u00eenceputul opera\u0163iunii Barbarossa<\/em>, comunicare sus\u0163inut\u0103 \u00een cadrul programului de training cu profesori de istorie <em> Combaterea rasismului \u015fi xenofobiei<\/em>, organizat de Institutul Na\u0163ional pentru Studierea Holocaustului din Rom\u00e2nia \u201eElie Wiesel\u201d, 03.04.2011, Ia\u015fi.<\/p><p><em>Aspecte locale ale Holocaustului: descoperirea gropii comune de la Popricani<\/em>, comunicare sus\u021binut\u0103 la \u201eSesiune de instruire a profesorilor de istorie privind predarea problemei Holocaustului\u201d, 06.2011, Ia\u0219i.<\/p><p><em>Pogromul de la Ia\u0219i \u0219i groapa comun\u0103 de la Popricani<\/em>, comunicare sus\u021binut\u0103 la manifestarea \u201eRemembering the Past. Training Teacher Trainers in Holocaust\u201d, organizat\u0103 de United States Holocaust Memorial Museum, Ambasada SUA \u00een Rom\u00e2nia, Institutul Na\u021bional pentru Studierea Holocaustului \u00een Rom\u00e2nia \u201eElie Wiesel\u201d, 26.10.2011, Bucure\u0219ti.<\/p><p><em>M\u0103rturii despre Pogromul de la Ia\u015fi (iunie 1941) colectate de Congresul Mondial Evreiesc<\/em>, comunicare sus\u0163inut\u0103 \u00een cadrul atelierul \u201eChestionarele Congresului Mondial Evreiesc privind efectele Holocaustului din Rom\u00e2nia\u201d, organizat de Institutul pentru Studierea Problemelor Minorit\u0103\u0163ilor Na\u0163ionale, Cluj, 20.07.2010.<\/p><p><em>Pogromul de la Ia\u015fi. Interpretarea evenimentelor \u00een documente \u015fi istoriografie<\/em>, comunicare sus\u0163inut\u0103 la programul de training <em> Combaterea rasismului \u015fi xenofobiei<\/em>, organizat de Institutul Na\u0163ional pentru Studierea Holocaustului din Rom\u00e2nia \u201eElie Wiesel\u201d, 07.05.2010.<\/p><p><em>C\u0103derea comunismului \u00een interpretarea fo\u015ftilor membri ai nomenclaturii<\/em>, comunicare sus\u0163inut\u0103 \u00een cadrul Conferin\u0163ei \u201eDup\u0103 20 de ani. Perspective asupra c\u0103derii comunismului \u00een Rom\u00e2nia: cauze, desf\u0103\u015furare, consecin\u0163e\u201d, organizat\u0103 de IICCR, Centrul de Studii asupra Comunismului \u015fi Postcomunismului \u015fi Facultatea de Istorie a Universit\u0103\u0163ii \u201eAl. I. Cuza\u201d, Ia\u015fi, Universitatea \u201eAl. I. Cuza\u201d, 12-13.11.2009.<\/p><p><em>Pogromul de la Ia\u015fi. Surse \u015fi interpret\u0103ri<\/em>, comunicare sus\u0163inut\u0103 \u00een cadrul Sesiunii Anuale de Comunic\u0103ri \u015etiin\u0163ifice a Institutului Na\u0163ional pentru Studierea Holocaustului din Rom\u00e2nia \u201eElie Wiesel\u201d, Bucure\u015fti, 7.10.2009.<\/p><p><em>Embellishing the Evil. Narratives of Deculpabilization in the Memoirs of Former Members of the Romanian Nomeklatura<\/em>, comunicare sus\u0163inut\u0103 \u00een cadrul conferin\u0163ei \u201cRemembering Communism. Theoretical Approaches to the Memory of Communism\u201d, organizat\u0103 de Universitatea din Leipzig \u015fi Volkswagen-Stiftung, Bucure\u015fti, Muzeul \u0162\u0103ranului Rom\u00e2n, 2.10.2009.<\/p><p><em>Political Debates before the Union of the Romanian Principalities (1859). Between Nationalism and Parochialism<\/em>, comunicare sus\u0163inut\u0103 la a paisprezecea Conven\u0163ie Mondial\u0103 Anual\u0103 organizat\u0103 de \u201cThe Association for the Study of Nationalities\u201d, \u00een cadrul panelului <em>Romania from Parochial Nationalism to National Parochialization (19th Century to Present)<\/em>, 25.04.2009, Columbia University, New York (SUA).<\/p><p><em>Complicitate, indiferen\u0163\u0103 \u015fi solidaritate \u00een timpul Holocaustului<\/em>, comunicare sus\u0163inut\u0103 la <em>Sesiunea de instruire pentru profesori privind predarea problemei Holocaustului<\/em>, organizat\u0103 de Centrul de Studii Ebraistice Goldstein-Goren al Universit\u0103\u0163ii Bucure\u015fti, Ia\u015fi, 10.09.2007.<\/p><p><em>Rolul organiza\u0163iilor de tineret \u00een angrenajul totalitar comunist<\/em>, prelegere sus\u0163inut\u0103 \u00een cadrul <em>\u015ecolii de Var\u0103 de la R\u00e2mnicu S\u0103rat<\/em>, organizat\u0103 de Institutul de Investigare a Crimelor Comunismului \u00een Rom\u00e2nia, 26.08.2007.<\/p><p><em>Preliminarii pentru o istorie a Uniunii Tineretului Comunist<\/em>, comunicare sus\u0163inut\u0103 la Institutul de Istorie \u201eA. D. Xenopol\u201d &#8211; Ia\u015fi, 31.05.2007.<\/p><p><em>Istorie \u015fi justi\u0163ie. <\/em><em>Un model german pentru \u201eprocesul comunismului\u201d<\/em>, comunicarea sus\u0163inut\u0103 \u00een cadrul simpozionului interna\u0163ional <em>Gulag \u015fi Holocaust \u00een con\u015ftiin\u0163a rom\u00e2neasc\u0103<\/em>, Cluj, 25-26 mai 2007, organizat de Centrul de Istorie a Imaginarului din cadrul Universit\u0103\u0163ii Babe\u015f-Bolyai &#8211; Cluj, 25.05.2007.<\/p><p><em>M\u0103rturia lui Leizer Finchelstein, supravie\u0163uitor al celui de-al doilea tren al mor\u0163ii<\/em>, comunicare sus\u0163inut\u0103 la conferin\u0163a interna\u0163ional\u0103 <em>Pogromul de la Ia\u015fi 28-30 iunie 1941. Prologul Holocaustului din Rom\u00e2nia<\/em>, organizat de Institutul Na\u0163ional pentru Studierea Holocaustului din Rom\u00e2nia \u201eElie Wiesel\u201d \u015fi Universitatea \u201eAl. I. Cuza\u201d &#8211; Ia\u015fi, 28.06.2006.<\/p><p><em>Regionalism \u015fi centralizare \u00een Rom\u00e2nia secolului al XIX-lea<\/em>, comunicare sus\u0163inut\u0103 la \u201eAcademia Intercultural\u0103\u201d organizat\u0103 de Consiliul Europei \u015fi Liga Pro Europa &#8211; T\u00e2rgu Mure\u015f, 20-22 ianuarie 2006.<\/p><p><em>Istorie \u015fi justi\u0163ie. Dezbateri recente privind condamnarea comunismului<\/em>, comunicarea sus\u0163inut\u0103 la Institutul de Istorie \u201cA. D. Xenopol\u201d &#8211; Ia\u015fi, 16.03.2006.<\/p><p>9 octombrie 2005, Ia\u015fi, Rom\u00e2nia \u2013 Participare la masa rotund\u0103 cu tema \u201eHolocaustul \u00een Rom\u00e2nia: memorie, istorie, receptare\u201d, organizat de Ministerul Afacerilor Externe al Rom\u00e2niei \u015fi Centrul de Istorie a Evreilor \u015fi Ebraistic\u0103 de pe l\u00e2ng\u0103 Facultatea de Istorie a Universit\u0103\u0163ii \u201eAl. I. Cuza\u201d Ia\u015fi.<\/p><p><em>Istoriografia Holocaustului \u00een perioada comunist\u0103. Cazul Rom\u00e2niei \u00een perspectiv\u0103 comparativ\u0103<\/em>, comunicare sus\u0163inut\u0103 la seminarul interna\u0163ional \u201eHolocaustul din Rom\u00e2nia: premize, fapte, consecin\u0163e\u201d, desf\u0103\u015furat \u00een perioada 2-3 iunie 2005 la Centrul de Studii Iudaice \u201eGoldstein Goren\u201d al Universit\u0103\u0163ii Bucure\u015fti.<\/p><p><em>Lucr\u0103ri recente privind \u201cSolu\u0163ia Final\u0103\u201d<\/em>, comunicare sus\u0163inut\u0103 la Sesiunea \u015ftiin\u0163ific\u0103 anual\u0103 organizat\u0103 de Universitatea \u201cMihail Kog\u0103lniceanu\u201d &#8211; Ia\u015fi, 27.06.2005.<\/p><p><em>Istoriografia recent\u0103 a Holocaustului<\/em>, comunicarea sus\u0163inut\u0103 la Institutul de Istorie \u201cA. D. Xenopol\u201d &#8211; Ia\u015fi, 26.05.2005.<\/p><p><em>Ghidurile de c\u0103l\u0103torie &#8211; surs\u0103 pentru studierea m\u0103rturiilor c\u0103l\u0103torilor englezi \u00een Principatele Rom\u00e2ne (prima jum\u0103tate a secolului al XIX-lea)<\/em>, comunicare sus\u0163inut\u0103 la British Council, cu ocazia dezbaterii cu tema: \u201eMemorialul de c\u0103l\u0103torie ca practic\u0103 intelectual\u0103: condi\u0163ie estetic\u0103, surs\u0103 istoric\u0103, teoria relat\u0103rii de c\u0103l\u0103torie\u201d &#8211; Ia\u015fi, 10.05.2005.<\/p><p><em>\u201cGramatica disculp\u0103rii\u201d \u00een istoriografia comunist\u0103. Distorsionarea istoriei Holocaustului \u00een timpul regimului Ceau\u015fescu,<\/em> comunicarea sus\u0163inut\u0103 la Institutul de Istorie \u201cA. D. Xenopol\u201d &#8211; Ia\u015fi, 4.11.2004.<\/p><p><em>Forme de institu\u0163ionalizare a memoriei. Muzeele comunismului din Europa Central\u0103<\/em><strong>,<\/strong> comunicarea sus\u0163inut\u0103 la Institutul de Istorie \u201cA. D. Xenopol\u201d &#8211; Ia\u015fi, 8.04.2004.<\/p><p><em>Politics of Forgetting and Coming to Terms with the Difficult Past. The Romanian Case in East-Central European Perspective<\/em>, comunicare sus\u0163inut\u0103 la Europa Institut &#8211; Budapesta, 9.03.2004.<\/p><p><em>Modelul propagandistic comunist. Origini culturale \u015fi transform\u0103ri politice<\/em>, comunicare sus\u0163inut\u0103 la Institutul de Istorie \u201cA. D. Xenopol\u201d &#8211; Ia\u015fi, 9.11.2003.<\/p><p><em>Criza comunismului \u015fi r\u0103spunsurile propagandei \u00een Rom\u00e2nia anilor \u201980<\/em>, comunicare sus\u0163inut\u0103 la simpozionul \u201eIdeologie \u015fi realitate social\u0103 \u00een Rom\u00e2nia \u015fi RDG\u201d, organizat de Konrad-Adenauer Stiftung, Goethe Zentrum \u015fi Institutul de Istorie \u201cA. D. Xenopol\u201d &#8211; Ia\u015fi, 17.11.2002.<\/p><p><em>Pentru o nou\u0103 istorie a pa\u015foptismului<\/em>, comunicare sus\u0163inut\u0103 la Institutul de Istorie \u201cA. D. Xenopol\u201d, \u00een cadrul manifest\u0103rilor \u015ftiin\u0163ifice prilejuite de \u201cZilele Academiei\u201d &#8211; Ia\u015fi, 17.09.2002.<\/p><p><em>Democracy and Transparency in Postcommunist Romania. The Implementation of Freedom of Information Act<\/em>, comunicare prezentat\u0103 \u00een cadrul Academiei de toamn\u0103 rom\u00e2no-germane de la Sibiu, cu tema \u201eDrepturile omului \u00een conflict cultural\u201d, organizat\u0103 \u00een perioada 6-11 septembrie 2002 de Kulturwissenschaftliches Institut Essen, Evangelische Akademie Siebenb\u00fcrgen \u015fi Goethe Institut.<\/p><p><em>O realitate uitat\u0103: parohialismul moldovean din a doua parte a secolului XIX<\/em>, comunicare prezentat\u0103 la simpozionul \u201cUnirea Principatelor \u00een perspectiv\u0103 istoric\u0103\u201d, organizat de Muzeul de Istorie a Moldovei \u015fi Institutul de Istorie \u201cA. D. Xenopol\u201d, la Complexul Muzeal Na\u0163ional \u201cMoldova\u201d, Ia\u015fi, 23 ianuarie 2002.<\/p><p><em>S\u0103rb\u0103torile suveranit\u0103\u0163ii, o surs\u0103 ignorat\u0103 \u00een istoriografia rom\u00e2n\u0103<\/em>, comunicare prezentat\u0103 la simpozionul interna\u0163ional \u201cNoi perspective asupra istoriei sociale \u00een Rom\u00e2nia \u015fi Fran\u0163a (secolele XVII-XX)\u201d &#8211; Ia\u015fi, 1-3 noiembrie 2001.<\/p><p><em>Tenta\u0163ii neopopuliste \u00een Estul Europei<\/em>, comunicare prezentat\u0103 \u00een cadrul simpozionului interna\u0163ional \u201ePopulism, demagogie sau realism politic\u201d, organizat de Institutul de Istorie \u201cA. D. Xenopol\u201d, Goethe Zentrum \u015fi Funda\u0163ia Konrad Adenauer &#8211; Ia\u015fi, 6.11.2001.<\/p><p><em>Politics of Oblivion in Postcommunist Romania<\/em>, paper preg\u0103tit pentru CEU Summer University &#8211; Budapesta, 9-20 iulie 2001.<\/p><p><em>Comunismul ca \u201efestivalocra\u0163ie\u201d. S\u0103rb\u0103toare \u015fi propagand\u0103 la sf\u00eer\u015fitul regimului Ceau\u015fescu<\/em>, comunicare prezentat\u0103 la Institutul de Istorie &#8222;A.D. Xenopol&#8221; &#8211; Ia\u015fi, 17.05.2001.<\/p><p><em>The Festive Display of Power. Cultic Pageants vs. Change in the Last Year of Ceausescu&#8217;s Regime<\/em>, <em>paper<\/em> prezentat la Europa Institut, Budapesta, 20.06.2000.<\/p><p><em>Regionalism vs Centralism. Argumentele partidei conservatoare \u00eempotriva unirii Principatelor Rom\u00e2ne (1858-1859)<\/em>, comunicare prezentat\u0103 la simpozionul &#8222;Proiec\u0163ii \u00een timp asupra moravurilor din Moldova&#8221;, organizat\u0103 de Muzeul de Istorie Roman, la Roman, 25.09.1999.<\/p><\/div>\n\t\t\t\t\t<\/div><div class=\"eael-accordion-list\">\n\t\t\t\t\t<div id=\"proiecte-de-cercetare\" class=\"elementor-tab-title eael-accordion-header\" tabindex=\"0\" data-tab=\"9\" aria-controls=\"elementor-tab-content-2189\"><span class=\"eael-advanced-accordion-icon-closed\"><svg aria-hidden=\"true\" class=\"fa-accordion-icon e-font-icon-svg e-fas-plus\" viewbox=\"0 0 448 512\" xmlns=\"http:\/\/www.w3.org\/2000\/svg\"><path d=\"M416 208H272V64c0-17.67-14.33-32-32-32h-32c-17.67 0-32 14.33-32 32v144H32c-17.67 0-32 14.33-32 32v32c0 17.67 14.33 32 32 32h144v144c0 17.67 14.33 32 32 32h32c17.67 0 32-14.33 32-32V304h144c17.67 0 32-14.33 32-32v-32c0-17.67-14.33-32-32-32z\"><\/path><\/svg><\/span><span class=\"eael-advanced-accordion-icon-opened\"><svg aria-hidden=\"true\" class=\"fa-accordion-icon e-font-icon-svg e-fas-minus\" viewbox=\"0 0 448 512\" xmlns=\"http:\/\/www.w3.org\/2000\/svg\"><path d=\"M416 208H32c-17.67 0-32 14.33-32 32v32c0 17.67 14.33 32 32 32h384c17.67 0 32-14.33 32-32v-32c0-17.67-14.33-32-32-32z\"><\/path><\/svg><\/span><span class=\"eael-accordion-tab-title\">Proiecte de cercetare<\/span><\/div><div id=\"elementor-tab-content-2189\" class=\"eael-accordion-content clearfix\" data-tab=\"9\" aria-labelledby=\"proiecte-de-cercetare\"><p><a href=\"https:\/\/institutulxenopol.ro\/wp-content\/uploads\/2025\/10\/Cioflanca-proiecte.pdf\">_ Cioflanca proiecte<\/a><\/p><\/div>\n\t\t\t\t\t<\/div><\/div>\t\t\t\t<\/div>\n\t\t\t\t\t<\/div>\n\t\t\t\t<\/div>\n\t\t\t\t<\/div>\n\t\t                    <\/div>\n\t\t        \n                    <div id=\"curriculum-vitae-tab\" class=\"clearfix eael-tab-content-item inactive\" data-title-link=\"curriculum-vitae-tab\">\n\t\t\t\t        <p><a href=\"https:\/\/institutulxenopol.ro\/wp-content\/uploads\/2025\/10\/Cioflanca-CV.pdf\">Cioflanca CV<\/a><\/p>                    <\/div>\n\t\t                    <\/div>\n        <\/div>\n\t\t\t\t<\/div>\n\t\t\t\t\t<\/div>\n\t\t\t\t<\/div>\n\t\t\t\t<\/div>","protected":false},"excerpt":{"rendered":"<p>Cercet\u0103tor \u015etiin\u0163ific III Adrian M. Ciofl\u00e2nc\u0103 Colectivul de Istorie a culturii adriancioflanca@gmail.com Prezentare Publica\u021bii Curriculum vitae Adrian Ciofl\u00e2nc\u0103 este cercet\u0103tor \u0219tiin\u021bific gr. III al Institutului de Istorie \u201e.A.D. Xenopol\u201d (angajat \u00een august 1999). Membru al Colegiului Consiliului Na\u021bional pentru Studierea Arhivelor Securit\u0103\u021bii (din 2012) \u0219i director al Centrului pentru Studiul Istoriei Evreilor din Rom\u00e2nia \u201eWilhelm [&hellip;]<\/p>\n","protected":false},"author":1,"featured_media":0,"parent":0,"menu_order":0,"comment_status":"closed","ping_status":"closed","template":"","meta":{"site-sidebar-layout":"no-sidebar","site-content-layout":"page-builder","ast-site-content-layout":"full-width-container","site-content-style":"default","site-sidebar-style":"default","ast-global-header-display":"","ast-banner-title-visibility":"","ast-main-header-display":"","ast-hfb-above-header-display":"","ast-hfb-below-header-display":"","ast-hfb-mobile-header-display":"","site-post-title":"","ast-breadcrumbs-content":"","ast-featured-img":"disabled","footer-sml-layout":"","ast-disable-related-posts":"","theme-transparent-header-meta":"","adv-header-id-meta":"","stick-header-meta":"","header-above-stick-meta":"","header-main-stick-meta":"","header-below-stick-meta":"","astra-migrate-meta-layouts":"set","ast-page-background-enabled":"default","ast-page-background-meta":{"desktop":{"background-color":"","background-image":"","background-repeat":"repeat","background-position":"center center","background-size":"auto","background-attachment":"scroll","background-type":"","background-media":"","overlay-type":"","overlay-color":"","overlay-opacity":"","overlay-gradient":""},"tablet":{"background-color":"","background-image":"","background-repeat":"repeat","background-position":"center center","background-size":"auto","background-attachment":"scroll","background-type":"","background-media":"","overlay-type":"","overlay-color":"","overlay-opacity":"","overlay-gradient":""},"mobile":{"background-color":"","background-image":"","background-repeat":"repeat","background-position":"center center","background-size":"auto","background-attachment":"scroll","background-type":"","background-media":"","overlay-type":"","overlay-color":"","overlay-opacity":"","overlay-gradient":""}},"ast-content-background-meta":{"desktop":{"background-color":"var(--ast-global-color-5)","background-image":"","background-repeat":"repeat","background-position":"center center","background-size":"auto","background-attachment":"scroll","background-type":"","background-media":"","overlay-type":"","overlay-color":"","overlay-opacity":"","overlay-gradient":""},"tablet":{"background-color":"var(--ast-global-color-5)","background-image":"","background-repeat":"repeat","background-position":"center center","background-size":"auto","background-attachment":"scroll","background-type":"","background-media":"","overlay-type":"","overlay-color":"","overlay-opacity":"","overlay-gradient":""},"mobile":{"background-color":"var(--ast-global-color-5)","background-image":"","background-repeat":"repeat","background-position":"center center","background-size":"auto","background-attachment":"scroll","background-type":"","background-media":"","overlay-type":"","overlay-color":"","overlay-opacity":"","overlay-gradient":""}},"footnotes":""},"class_list":["post-3170","page","type-page","status-publish","hentry"],"yoast_head":"<!-- This site is optimized with the Yoast SEO plugin v27.5 - https:\/\/yoast.com\/product\/yoast-seo-wordpress\/ -->\n<title>Cioflanca Adrian - Institutul de Istorie \u201eA. D. Xenopol\u201d<\/title>\n<meta name=\"robots\" content=\"index, follow, max-snippet:-1, max-image-preview:large, max-video-preview:-1\" \/>\n<link rel=\"canonical\" href=\"https:\/\/institutulxenopol.ro\/en\/cioflanca-adrian\/\" \/>\n<meta property=\"og:locale\" content=\"en_US\" \/>\n<meta property=\"og:type\" content=\"article\" \/>\n<meta property=\"og:title\" content=\"Cioflanca Adrian - Institutul de Istorie \u201eA. D. Xenopol\u201d\" \/>\n<meta property=\"og:description\" content=\"Cercet\u0103tor \u015etiin\u0163ific III Adrian M. Ciofl\u00e2nc\u0103 Colectivul de Istorie a culturii adriancioflanca@gmail.com Prezentare Publica\u021bii Curriculum vitae Adrian Ciofl\u00e2nc\u0103 este cercet\u0103tor \u0219tiin\u021bific gr. III al Institutului de Istorie \u201e.A.D. Xenopol\u201d (angajat \u00een august 1999). Membru al Colegiului Consiliului Na\u021bional pentru Studierea Arhivelor Securit\u0103\u021bii (din 2012) \u0219i director al Centrului pentru Studiul Istoriei Evreilor din Rom\u00e2nia \u201eWilhelm [&hellip;]\" \/>\n<meta property=\"og:url\" content=\"https:\/\/institutulxenopol.ro\/en\/cioflanca-adrian\/\" \/>\n<meta property=\"og:site_name\" content=\"Institutul de Istorie \u201eA. D. Xenopol\u201d\" \/>\n<meta property=\"article:publisher\" content=\"https:\/\/www.facebook.com\/profile.php?id=61559258097917\" \/>\n<meta property=\"article:modified_time\" content=\"2025-11-21T13:15:24+00:00\" \/>\n<meta property=\"og:image\" content=\"https:\/\/institutulxenopol.ro\/wp-content\/uploads\/2025\/10\/Cioflanca-portret-2025-e1761082474210.jpg\" \/>\n\t<meta property=\"og:image:width\" content=\"1558\" \/>\n\t<meta property=\"og:image:height\" content=\"1380\" \/>\n\t<meta property=\"og:image:type\" content=\"image\/jpeg\" \/>\n<script type=\"application\/ld+json\" class=\"yoast-schema-graph\">{\"@context\":\"https:\\\/\\\/schema.org\",\"@graph\":[{\"@type\":\"WebPage\",\"@id\":\"https:\\\/\\\/institutulxenopol.ro\\\/cioflanca-adrian\\\/\",\"url\":\"https:\\\/\\\/institutulxenopol.ro\\\/cioflanca-adrian\\\/\",\"name\":\"Cioflanca Adrian - Institutul de Istorie \u201eA. D. Xenopol\u201d\",\"isPartOf\":{\"@id\":\"https:\\\/\\\/institutulxenopol.ro\\\/#website\"},\"primaryImageOfPage\":{\"@id\":\"https:\\\/\\\/institutulxenopol.ro\\\/cioflanca-adrian\\\/#primaryimage\"},\"image\":{\"@id\":\"https:\\\/\\\/institutulxenopol.ro\\\/cioflanca-adrian\\\/#primaryimage\"},\"thumbnailUrl\":\"https:\\\/\\\/institutulxenopol.ro\\\/wp-content\\\/uploads\\\/2025\\\/10\\\/Cioflanca-portret-2025-e1761082474210.jpg\",\"datePublished\":\"2025-10-21T21:32:53+00:00\",\"dateModified\":\"2025-11-21T13:15:24+00:00\",\"breadcrumb\":{\"@id\":\"https:\\\/\\\/institutulxenopol.ro\\\/cioflanca-adrian\\\/#breadcrumb\"},\"inLanguage\":\"en-US\",\"potentialAction\":[{\"@type\":\"ReadAction\",\"target\":[\"https:\\\/\\\/institutulxenopol.ro\\\/cioflanca-adrian\\\/\"]}]},{\"@type\":\"ImageObject\",\"inLanguage\":\"en-US\",\"@id\":\"https:\\\/\\\/institutulxenopol.ro\\\/cioflanca-adrian\\\/#primaryimage\",\"url\":\"https:\\\/\\\/institutulxenopol.ro\\\/wp-content\\\/uploads\\\/2025\\\/10\\\/Cioflanca-portret-2025-e1761082474210.jpg\",\"contentUrl\":\"https:\\\/\\\/institutulxenopol.ro\\\/wp-content\\\/uploads\\\/2025\\\/10\\\/Cioflanca-portret-2025-e1761082474210.jpg\"},{\"@type\":\"BreadcrumbList\",\"@id\":\"https:\\\/\\\/institutulxenopol.ro\\\/cioflanca-adrian\\\/#breadcrumb\",\"itemListElement\":[{\"@type\":\"ListItem\",\"position\":1,\"name\":\"Prima pagin\u0103\",\"item\":\"https:\\\/\\\/institutulxenopol.ro\\\/\"},{\"@type\":\"ListItem\",\"position\":2,\"name\":\"Cioflanca Adrian\"}]},{\"@type\":\"WebSite\",\"@id\":\"https:\\\/\\\/institutulxenopol.ro\\\/#website\",\"url\":\"https:\\\/\\\/institutulxenopol.ro\\\/\",\"name\":\"Institutul de Istorie \u201eA. D. Xenopol\u201d Ia\u0219i\",\"description\":\"Academia Rom\u00e2n\u0103 - Filiala Ia\u0219i\",\"publisher\":{\"@id\":\"https:\\\/\\\/institutulxenopol.ro\\\/#organization\"},\"potentialAction\":[{\"@type\":\"SearchAction\",\"target\":{\"@type\":\"EntryPoint\",\"urlTemplate\":\"https:\\\/\\\/institutulxenopol.ro\\\/?s={search_term_string}\"},\"query-input\":{\"@type\":\"PropertyValueSpecification\",\"valueRequired\":true,\"valueName\":\"search_term_string\"}}],\"inLanguage\":\"en-US\"},{\"@type\":\"Organization\",\"@id\":\"https:\\\/\\\/institutulxenopol.ro\\\/#organization\",\"name\":\"Institutul de Istorie \u201eA. D. Xenopol\u201d Ia\u0219i\",\"url\":\"https:\\\/\\\/institutulxenopol.ro\\\/\",\"logo\":{\"@type\":\"ImageObject\",\"inLanguage\":\"en-US\",\"@id\":\"https:\\\/\\\/institutulxenopol.ro\\\/#\\\/schema\\\/logo\\\/image\\\/\",\"url\":\"https:\\\/\\\/institutulxenopol.ro\\\/wp-content\\\/uploads\\\/2025\\\/10\\\/logo-institut-black-e1761148345490.png\",\"contentUrl\":\"https:\\\/\\\/institutulxenopol.ro\\\/wp-content\\\/uploads\\\/2025\\\/10\\\/logo-institut-black-e1761148345490.png\",\"width\":432,\"height\":164,\"caption\":\"Institutul de Istorie \u201eA. D. Xenopol\u201d Ia\u0219i\"},\"image\":{\"@id\":\"https:\\\/\\\/institutulxenopol.ro\\\/#\\\/schema\\\/logo\\\/image\\\/\"},\"sameAs\":[\"https:\\\/\\\/www.facebook.com\\\/profile.php?id=61559258097917\"]}]}<\/script>\n<!-- \/ Yoast SEO plugin. -->","yoast_head_json":{"title":"Cioflanca Adrian - Institutul de Istorie \u201eA. D. Xenopol\u201d","robots":{"index":"index","follow":"follow","max-snippet":"max-snippet:-1","max-image-preview":"max-image-preview:large","max-video-preview":"max-video-preview:-1"},"canonical":"https:\/\/institutulxenopol.ro\/en\/cioflanca-adrian\/","og_locale":"en_US","og_type":"article","og_title":"Cioflanca Adrian - Institutul de Istorie \u201eA. D. Xenopol\u201d","og_description":"Cercet\u0103tor \u015etiin\u0163ific III Adrian M. Ciofl\u00e2nc\u0103 Colectivul de Istorie a culturii adriancioflanca@gmail.com Prezentare Publica\u021bii Curriculum vitae Adrian Ciofl\u00e2nc\u0103 este cercet\u0103tor \u0219tiin\u021bific gr. III al Institutului de Istorie \u201e.A.D. Xenopol\u201d (angajat \u00een august 1999). Membru al Colegiului Consiliului Na\u021bional pentru Studierea Arhivelor Securit\u0103\u021bii (din 2012) \u0219i director al Centrului pentru Studiul Istoriei Evreilor din Rom\u00e2nia \u201eWilhelm [&hellip;]","og_url":"https:\/\/institutulxenopol.ro\/en\/cioflanca-adrian\/","og_site_name":"Institutul de Istorie \u201eA. D. Xenopol\u201d","article_publisher":"https:\/\/www.facebook.com\/profile.php?id=61559258097917","article_modified_time":"2025-11-21T13:15:24+00:00","og_image":[{"width":1558,"height":1380,"url":"https:\/\/institutulxenopol.ro\/wp-content\/uploads\/2025\/10\/Cioflanca-portret-2025-e1761082474210.jpg","type":"image\/jpeg"}],"schema":{"@context":"https:\/\/schema.org","@graph":[{"@type":"WebPage","@id":"https:\/\/institutulxenopol.ro\/cioflanca-adrian\/","url":"https:\/\/institutulxenopol.ro\/cioflanca-adrian\/","name":"Cioflanca Adrian - Institutul de Istorie \u201eA. D. Xenopol\u201d","isPartOf":{"@id":"https:\/\/institutulxenopol.ro\/#website"},"primaryImageOfPage":{"@id":"https:\/\/institutulxenopol.ro\/cioflanca-adrian\/#primaryimage"},"image":{"@id":"https:\/\/institutulxenopol.ro\/cioflanca-adrian\/#primaryimage"},"thumbnailUrl":"https:\/\/institutulxenopol.ro\/wp-content\/uploads\/2025\/10\/Cioflanca-portret-2025-e1761082474210.jpg","datePublished":"2025-10-21T21:32:53+00:00","dateModified":"2025-11-21T13:15:24+00:00","breadcrumb":{"@id":"https:\/\/institutulxenopol.ro\/cioflanca-adrian\/#breadcrumb"},"inLanguage":"en-US","potentialAction":[{"@type":"ReadAction","target":["https:\/\/institutulxenopol.ro\/cioflanca-adrian\/"]}]},{"@type":"ImageObject","inLanguage":"en-US","@id":"https:\/\/institutulxenopol.ro\/cioflanca-adrian\/#primaryimage","url":"https:\/\/institutulxenopol.ro\/wp-content\/uploads\/2025\/10\/Cioflanca-portret-2025-e1761082474210.jpg","contentUrl":"https:\/\/institutulxenopol.ro\/wp-content\/uploads\/2025\/10\/Cioflanca-portret-2025-e1761082474210.jpg"},{"@type":"BreadcrumbList","@id":"https:\/\/institutulxenopol.ro\/cioflanca-adrian\/#breadcrumb","itemListElement":[{"@type":"ListItem","position":1,"name":"Prima pagin\u0103","item":"https:\/\/institutulxenopol.ro\/"},{"@type":"ListItem","position":2,"name":"Cioflanca Adrian"}]},{"@type":"WebSite","@id":"https:\/\/institutulxenopol.ro\/#website","url":"https:\/\/institutulxenopol.ro\/","name":"Institutul de Istorie \u201eA. D. Xenopol\u201d Ia\u0219i","description":"Academia Rom\u00e2n\u0103 - Filiala Ia\u0219i","publisher":{"@id":"https:\/\/institutulxenopol.ro\/#organization"},"potentialAction":[{"@type":"SearchAction","target":{"@type":"EntryPoint","urlTemplate":"https:\/\/institutulxenopol.ro\/?s={search_term_string}"},"query-input":{"@type":"PropertyValueSpecification","valueRequired":true,"valueName":"search_term_string"}}],"inLanguage":"en-US"},{"@type":"Organization","@id":"https:\/\/institutulxenopol.ro\/#organization","name":"Institutul de Istorie \u201eA. D. Xenopol\u201d Ia\u0219i","url":"https:\/\/institutulxenopol.ro\/","logo":{"@type":"ImageObject","inLanguage":"en-US","@id":"https:\/\/institutulxenopol.ro\/#\/schema\/logo\/image\/","url":"https:\/\/institutulxenopol.ro\/wp-content\/uploads\/2025\/10\/logo-institut-black-e1761148345490.png","contentUrl":"https:\/\/institutulxenopol.ro\/wp-content\/uploads\/2025\/10\/logo-institut-black-e1761148345490.png","width":432,"height":164,"caption":"Institutul de Istorie \u201eA. D. Xenopol\u201d Ia\u0219i"},"image":{"@id":"https:\/\/institutulxenopol.ro\/#\/schema\/logo\/image\/"},"sameAs":["https:\/\/www.facebook.com\/profile.php?id=61559258097917"]}]}},"_links":{"self":[{"href":"https:\/\/institutulxenopol.ro\/en\/wp-json\/wp\/v2\/pages\/3170","targetHints":{"allow":["GET"]}}],"collection":[{"href":"https:\/\/institutulxenopol.ro\/en\/wp-json\/wp\/v2\/pages"}],"about":[{"href":"https:\/\/institutulxenopol.ro\/en\/wp-json\/wp\/v2\/types\/page"}],"author":[{"embeddable":true,"href":"https:\/\/institutulxenopol.ro\/en\/wp-json\/wp\/v2\/users\/1"}],"replies":[{"embeddable":true,"href":"https:\/\/institutulxenopol.ro\/en\/wp-json\/wp\/v2\/comments?post=3170"}],"version-history":[{"count":31,"href":"https:\/\/institutulxenopol.ro\/en\/wp-json\/wp\/v2\/pages\/3170\/revisions"}],"predecessor-version":[{"id":4945,"href":"https:\/\/institutulxenopol.ro\/en\/wp-json\/wp\/v2\/pages\/3170\/revisions\/4945"}],"wp:attachment":[{"href":"https:\/\/institutulxenopol.ro\/en\/wp-json\/wp\/v2\/media?parent=3170"}],"curies":[{"name":"wp","href":"https:\/\/api.w.org\/{rel}","templated":true}]}}