{"id":3121,"date":"2025-10-22T00:12:19","date_gmt":"2025-10-21T21:12:19","guid":{"rendered":"https:\/\/institutulxenopol.ro\/?page_id=3121"},"modified":"2025-11-21T16:13:08","modified_gmt":"2025-11-21T13:13:08","slug":"chiper-mihai","status":"publish","type":"page","link":"https:\/\/institutulxenopol.ro\/en\/chiper-mihai\/","title":{"rendered":"Chiper Mihai"},"content":{"rendered":"<div data-elementor-type=\"wp-page\" data-elementor-id=\"3121\" class=\"elementor elementor-3121\">\n\t\t\t\t<div class=\"elementor-element elementor-element-3778e7e2 e-flex e-con-boxed e-con e-parent\" data-id=\"3778e7e2\" data-element_type=\"container\" data-e-type=\"container\" data-settings=\"{&quot;background_background&quot;:&quot;classic&quot;}\">\n\t\t\t\t\t<div class=\"e-con-inner\">\n\t\t<div class=\"elementor-element elementor-element-25a6be9b e-con-full e-flex e-con e-child\" data-id=\"25a6be9b\" data-element_type=\"container\" data-e-type=\"container\">\n\t\t\t\t<\/div>\n\t\t\t\t\t<\/div>\n\t\t\t\t<\/div>\n\t\t<div class=\"elementor-element elementor-element-c6e1fd3 e-flex e-con-boxed e-con e-parent\" data-id=\"c6e1fd3\" data-element_type=\"container\" data-e-type=\"container\">\n\t\t\t\t\t<div class=\"e-con-inner\">\n\t\t<div class=\"elementor-element elementor-element-755f1e39 e-con-full e-flex e-con e-child\" data-id=\"755f1e39\" data-element_type=\"container\" data-e-type=\"container\">\n\t\t\t\t<div class=\"elementor-element elementor-element-6f71994b elementor-widget elementor-widget-heading\" data-id=\"6f71994b\" data-element_type=\"widget\" data-e-type=\"widget\" data-widget_type=\"heading.default\">\n\t\t\t\t\t<h2 class=\"elementor-heading-title elementor-size-default\">Cercet\u0103tor \u015etiin\u0163ific II dr. Mihai C. Chiper, \u015fef de departament<\/h2>\t\t\t\t<\/div>\n\t\t\t\t<div class=\"elementor-element elementor-element-56f35f20 elementor-widget elementor-widget-text-editor\" data-id=\"56f35f20\" data-element_type=\"widget\" data-e-type=\"widget\" data-widget_type=\"text-editor.default\">\n\t\t\t\t\t\t\t\t\t<p>Cultural History Research Team<\/p>\t\t\t\t\t\t\t\t<\/div>\n\t\t<div class=\"elementor-element elementor-element-20423867 e-grid e-con-full e-con e-child\" data-id=\"20423867\" data-element_type=\"container\" data-e-type=\"container\">\n\t\t\t\t<div class=\"elementor-element elementor-element-6f7d3299 elementor-widget elementor-widget-image\" data-id=\"6f7d3299\" data-element_type=\"widget\" data-e-type=\"widget\" data-widget_type=\"image.default\">\n\t\t\t\t\t\t\t\t\t\t\t\t\t\t\t<img fetchpriority=\"high\" decoding=\"async\" width=\"736\" height=\"816\" src=\"https:\/\/institutulxenopol.ro\/wp-content\/uploads\/2025\/10\/Foto-Chiper.jpg\" class=\"attachment-full size-full wp-image-3124\" alt=\"\" srcset=\"https:\/\/institutulxenopol.ro\/wp-content\/uploads\/2025\/10\/Foto-Chiper.jpg 736w, https:\/\/institutulxenopol.ro\/wp-content\/uploads\/2025\/10\/Foto-Chiper-271x300.jpg 271w\" sizes=\"(max-width: 736px) 100vw, 736px\" \/>\t\t\t\t\t\t\t\t\t\t\t\t\t\t\t<\/div>\n\t\t\t\t<div class=\"elementor-element elementor-element-224e8418 elementor-align-start elementor-icon-list--layout-traditional elementor-list-item-link-full_width elementor-widget elementor-widget-icon-list\" data-id=\"224e8418\" data-element_type=\"widget\" data-e-type=\"widget\" data-widget_type=\"icon-list.default\">\n\t\t\t\t\t\t\t<ul class=\"elementor-icon-list-items\">\n\t\t\t\t\t\t\t<li class=\"elementor-icon-list-item\">\n\t\t\t\t\t\t\t\t\t\t\t<a href=\"mailto:mihaichiper75@yahoo.com\">\n\n\t\t\t\t\t\t\t\t\t\t\t\t<span class=\"elementor-icon-list-icon\">\n\t\t\t\t\t\t\t<svg aria-hidden=\"true\" class=\"e-font-icon-svg e-far-envelope\" viewbox=\"0 0 512 512\" xmlns=\"http:\/\/www.w3.org\/2000\/svg\"><path d=\"M464 64H48C21.49 64 0 85.49 0 112v288c0 26.51 21.49 48 48 48h416c26.51 0 48-21.49 48-48V112c0-26.51-21.49-48-48-48zm0 48v40.805c-22.422 18.259-58.168 46.651-134.587 106.49-16.841 13.247-50.201 45.072-73.413 44.701-23.208.375-56.579-31.459-73.413-44.701C106.18 199.465 70.425 171.067 48 152.805V112h416zM48 400V214.398c22.914 18.251 55.409 43.862 104.938 82.646 21.857 17.205 60.134 55.186 103.062 54.955 42.717.231 80.509-37.199 103.053-54.947 49.528-38.783 82.032-64.401 104.947-82.653V400H48z\"><\/path><\/svg>\t\t\t\t\t\t<\/span>\n\t\t\t\t\t\t\t\t\t\t<span class=\"elementor-icon-list-text\">mihaichiper75@yahoo.com<\/span>\n\t\t\t\t\t\t\t\t\t\t\t<\/a>\n\t\t\t\t\t\t\t\t\t<\/li>\n\t\t\t\t\t\t<\/ul>\n\t\t\t\t\t\t<\/div>\n\t\t\t\t<\/div>\n\t\t\t\t<\/div>\n\t\t\t\t<div class=\"elementor-element elementor-element-34f7a5aa elementor-widget elementor-widget-spacer\" data-id=\"34f7a5aa\" data-element_type=\"widget\" data-e-type=\"widget\" data-widget_type=\"spacer.default\">\n\t\t\t\t\t\t\t<div class=\"elementor-spacer\">\n\t\t\t<div class=\"elementor-spacer-inner\"><\/div>\n\t\t<\/div>\n\t\t\t\t\t\t<\/div>\n\t\t\t\t<div class=\"elementor-element elementor-element-49c354e9 elementor-widget elementor-widget-eael-adv-tabs\" data-id=\"49c354e9\" data-element_type=\"widget\" data-e-type=\"widget\" data-widget_type=\"eael-adv-tabs.default\">\n\t\t\t\t\t        <div data-scroll-on-click=\"\" data-scroll-speed=\"300\" id=\"eael-advance-tabs-49c354e9\" class=\"eael-advance-tabs eael-tabs-horizontal eael-tab-auto-active  active-caret-on\" data-tabid=\"49c354e9\">\n            <div class=\"eael-tabs-nav\">\n                <ul class=\"\" role=\"tablist\">\n                                            <li id=\"prezentare\" class=\"inactive eael-tab-item-trigger eael-tab-nav-item\" aria-selected=\"true\" data-tab=\"1\" role=\"tab\" tabindex=\"0\" aria-controls=\"prezentare-tab\" aria-expanded=\"false\">\n                            \n                            \n                            \n                                                            <span class=\"eael-tab-title title-after-icon\" >Prezentare<\/span>                                                    <\/li>\n                                            <li id=\"publicaii\" class=\"inactive eael-tab-item-trigger eael-tab-nav-item\" aria-selected=\"false\" data-tab=\"2\" role=\"tab\" tabindex=\"-1\" aria-controls=\"publicaii-tab\" aria-expanded=\"false\">\n                            \n                            \n                            \n                                                            <span class=\"eael-tab-title title-after-icon\" >Publications<\/span>                                                    <\/li>\n                                            <li id=\"curriculum-vitae\" class=\"inactive eael-tab-item-trigger eael-tab-nav-item\" aria-selected=\"false\" data-tab=\"3\" role=\"tab\" tabindex=\"-1\" aria-controls=\"curriculum-vitae-tab\" aria-expanded=\"false\">\n                            \n                            \n                            \n                                                            <span class=\"eael-tab-title title-after-icon\" >Curriculum vitae<\/span>                                                    <\/li>\n                    \n                                  <\/ul>\n            <\/div>\n            \n            <div class=\"eael-tabs-content\">\n\t\t        \n                    <div id=\"prezentare-tab\" class=\"clearfix eael-tab-content-item inactive\" data-title-link=\"prezentare-tab\">\n\t\t\t\t        <p style=\"text-align: justify\"><strong>Mihai Chiper<\/strong> a studiat istoria la Universitatea \u201eAl. I. Cuza\u201d, Ia\u0219i, pe care absolvit-o \u00een 1997. \u00cen 2009 \u0219i-a sus\u021binut teza de doctorat cu tema\u00a0<em>Pa\u0219optismul \u00een cultura rom\u00e2n\u0103. Memoria revolu\u021bionar\u0103 \u00een a doua jum\u0103tate a secolului XIX<\/em>. Din 2002 p\u00e2n\u0103 \u00een prezent este cercet\u0103tor la Institutul de Istorie \u201eA.D. Xenopol\u201d, \u00een cadrul departamentului de Istorie a culturii. \u00cen timpul carierei profesionale a fost redactor, apoi redactor-\u0219ef al revistei \u201eArchiva Moldaviae\u201d, publica\u021bie ap\u0103rut\u0103 sub egida Societ\u0103\u021bii de Studii Istorice din Rom\u00e2nia (SSIR). Domeniile sale de cercetare sunt: istoria cultural\u0103 (memory studies), istoria emo\u021biilor (onoare), antisemitismul economic, regionalismul moldovenesc \u0219i orientalismul intern \u00een perioada modern\u0103.<\/p>                    <\/div>\n\t\t        \n                    <div id=\"publicaii-tab\" class=\"clearfix eael-tab-content-item inactive\" data-title-link=\"publicaii-tab\">\n\t\t\t\t        <style>.elementor-3135 .elementor-element.elementor-element-6c1204d3{--display:flex;--margin-top:0px;--margin-bottom:0px;--margin-left:0px;--margin-right:0px;}.elementor-3135 .elementor-element.elementor-element-3a4cce8b .eael-adv-accordion .eael-accordion-list .eael-accordion-header .fa-accordion-icon{font-size:16px;color:var( --e-global-color-secondary );}.elementor-3135 .elementor-element.elementor-element-3a4cce8b .eael-adv-accordion .eael-accordion-list .eael-accordion-header svg.fa-accordion-icon{height:16px;width:16px;line-height:16px;}.elementor-3135 .elementor-element.elementor-element-3a4cce8b .eael-accordion_media-list .eael-accordion_media-icon i{font-size:16px;}.elementor-3135 .elementor-element.elementor-element-3a4cce8b .eael-accordion_media-list .eael-accordion_media-icon svg{height:16px;width:16px;line-height:16px;}.elementor-3135 .elementor-element.elementor-element-3a4cce8b .eael-adv-accordion .eael-accordion-list .eael-accordion-header .fa-accordion-icon,\n                    .elementor-3135 .elementor-element.elementor-element-3a4cce8b .eael-accordion_media-wrapper .eael-accordion_media-lists .eael-accordion_media-list{gap:10px;}.elementor-3135 .elementor-element.elementor-element-3a4cce8b .eael-adv-accordion .eael-accordion-list .eael-accordion-header, \n                .elementor-3135 .elementor-element.elementor-element-3a4cce8b .eael-accordion_media-wrapper .eael-accordion_media-list{background-color:var( --e-global-color-astglobalcolor4 );}.elementor-3135 .elementor-element.elementor-element-3a4cce8b .eael-adv-accordion .eael-accordion-list .eael-accordion-header .eael-accordion-tab-title{color:var( --e-global-color-secondary );}.elementor-3135 .elementor-element.elementor-element-3a4cce8b .eael-accordion_media-content .eael-accordion_media-title{color:var( --e-global-color-secondary );}.elementor-3135 .elementor-element.elementor-element-3a4cce8b .eael-adv-accordion .eael-accordion-list .eael-accordion-header .fa-accordion-icon-svg svg{color:var( --e-global-color-secondary );fill:var( --e-global-color-secondary );}.elementor-3135 .elementor-element.elementor-element-3a4cce8b .eael-adv-accordion .eael-accordion-list .eael-accordion-header svg{fill:var( --e-global-color-secondary );}.elementor-3135 .elementor-element.elementor-element-3a4cce8b .eael-accordion_media-list .eael-accordion_media-icon{color:var( --e-global-color-secondary );}.elementor-3135 .elementor-element.elementor-element-3a4cce8b .eael-adv-accordion .eael-accordion-list .eael-accordion-header:hover .eael-accordion-tab-title,\n                    .elementor-3135 .elementor-element.elementor-element-3a4cce8b .eael-accordion_media-list:not(.active):hover .eael-accordion_media-title{color:var( --e-global-color-primary );}.elementor-3135 .elementor-element.elementor-element-3a4cce8b .eael-adv-accordion .eael-accordion-list .eael-accordion-header:hover .fa-accordion-icon{color:var( --e-global-color-primary );}.elementor-3135 .elementor-element.elementor-element-3a4cce8b .eael-adv-accordion .eael-accordion-list .eael-accordion-header:hover .fa-accordion-icon svg{color:var( --e-global-color-primary );fill:var( --e-global-color-primary );}.elementor-3135 .elementor-element.elementor-element-3a4cce8b .eael-adv-accordion .eael-accordion-list .eael-accordion-header:hover svg.fa-accordion-icon{fill:var( --e-global-color-primary );}.elementor-3135 .elementor-element.elementor-element-3a4cce8b .eael-accordion_media-list:hover .eael-accordion_media-icon i{color:var( --e-global-color-primary );}.elementor-3135 .elementor-element.elementor-element-3a4cce8b .eael-accordion_media-list:hover .eael-accordion_media-icon svg{fill:var( --e-global-color-primary );}.elementor-3135 .elementor-element.elementor-element-3a4cce8b .eael-adv-accordion .eael-accordion-list .eael-accordion-header.active{color:var( --e-global-color-primary );}.elementor-3135 .elementor-element.elementor-element-3a4cce8b .eael-adv-accordion .eael-accordion-list .eael-accordion-header.active .eael-accordion-tab-title{color:var( --e-global-color-primary );}.elementor-3135 .elementor-element.elementor-element-3a4cce8b .eael-adv-accordion .eael-accordion-list .eael-accordion-header.active .fa-accordion-icon{color:var( --e-global-color-primary );}.elementor-3135 .elementor-element.elementor-element-3a4cce8b .eael-adv-accordion .eael-accordion-list .eael-accordion-header.active .fa-accordion-icon svg{color:var( --e-global-color-primary );fill:var( --e-global-color-primary );}.elementor-3135 .elementor-element.elementor-element-3a4cce8b .eael-adv-accordion .eael-accordion-list .eael-accordion-header.active svg.fa-accordion-icon{fill:var( --e-global-color-primary );}.elementor-3135 .elementor-element.elementor-element-3a4cce8b .eael-accordion_media-list.active .eael-accordion_media-icon i{color:var( --e-global-color-primary );}.elementor-3135 .elementor-element.elementor-element-3a4cce8b .eael-accordion_media-list.active .eael-accordion_media-icon svg{fill:var( --e-global-color-primary );}.elementor-3135 .elementor-element.elementor-element-3a4cce8b .eael-adv-accordion .eael-accordion-list .eael-accordion-content{color:var( --e-global-color-secondary );}.elementor-3135 .elementor-element.elementor-element-3a4cce8b .eael-accordion_media-list .eael-accordion_media-content .eael-accordion_media-description{color:var( --e-global-color-secondary );}.elementor-3135 .elementor-element.elementor-element-3a4cce8b{margin:0px 0px calc(var(--kit-widget-spacing, 0px) + 0px) 0px;}<\/style>\t\t<div data-elementor-type=\"container\" data-elementor-id=\"3135\" class=\"elementor elementor-3135\">\n\t\t\t\t<div class=\"elementor-element elementor-element-6c1204d3 e-flex e-con-boxed e-con e-parent\" data-id=\"6c1204d3\" data-element_type=\"container\" data-e-type=\"container\">\n\t\t\t\t\t<div class=\"e-con-inner\">\n\t\t\t\t<div class=\"elementor-element elementor-element-3a4cce8b elementor-widget elementor-widget-eael-adv-accordion\" data-id=\"3a4cce8b\" data-element_type=\"widget\" data-e-type=\"widget\" data-widget_type=\"eael-adv-accordion.default\">\n\t\t\t\t\t            <div class=\"eael-adv-accordion\" id=\"eael-adv-accordion-3a4cce8b\" data-scroll-on-click=\"no\" data-scroll-speed=\"300\" data-accordion-id=\"3a4cce8b\" data-accordion-type=\"accordion\" data-toogle-speed=\"300\">\n            <div class=\"eael-accordion-list\">\n\t\t\t\t\t<div id=\"cri-de-autor\" class=\"elementor-tab-title eael-accordion-header\" tabindex=\"0\" data-tab=\"1\" aria-controls=\"elementor-tab-content-9781\"><span class=\"eael-advanced-accordion-icon-closed\"><svg aria-hidden=\"true\" class=\"fa-accordion-icon e-font-icon-svg e-fas-plus\" viewbox=\"0 0 448 512\" xmlns=\"http:\/\/www.w3.org\/2000\/svg\"><path d=\"M416 208H272V64c0-17.67-14.33-32-32-32h-32c-17.67 0-32 14.33-32 32v144H32c-17.67 0-32 14.33-32 32v32c0 17.67 14.33 32 32 32h144v144c0 17.67 14.33 32 32 32h32c17.67 0 32-14.33 32-32V304h144c17.67 0 32-14.33 32-32v-32c0-17.67-14.33-32-32-32z\"><\/path><\/svg><\/span><span class=\"eael-advanced-accordion-icon-opened\"><svg aria-hidden=\"true\" class=\"fa-accordion-icon e-font-icon-svg e-fas-minus\" viewbox=\"0 0 448 512\" xmlns=\"http:\/\/www.w3.org\/2000\/svg\"><path d=\"M416 208H32c-17.67 0-32 14.33-32 32v32c0 17.67 14.33 32 32 32h384c17.67 0 32-14.33 32-32v-32c0-17.67-14.33-32-32-32z\"><\/path><\/svg><\/span><span class=\"eael-accordion-tab-title\">C\u0103r\u021bi de autor<\/span><\/div><div id=\"elementor-tab-content-9781\" class=\"eael-accordion-content clearfix\" data-tab=\"1\" aria-labelledby=\"cri-de-autor\"><p><em>O societate \u00een c\u0103utarea onoarei. Duel \u015fi masculinitate \u00een Rom\u00e2nia <\/em>(1859-1914), Ia\u015fi, Editura Universit\u0103\u0163ii &#8222;Al. I. Cuza&#8221;, 2012, 308 p., ISBN: 978-973-703-781-7.<\/p><p><em>1848: Memorie \u0219i uitare \u00een Rom\u00e2nia celei de-a doua jum\u0103t\u0103\u021bi a secoluluI XIX, <\/em>Ia\u0219i, Editura Universit\u0103\u021bii \u201eAl.I. Cuza\u201d, 2014, 358 p., ISBN: 978-6067141382.<\/p><p><em>Pe c\u00e2mpul de onoare. O istorie a duelului la rom\u00e2ni,<\/em> Bucure\u0219ti, Editura Humanitas, 2016, 355 p., ISBN: 978-973-50-5471-7.<\/p><\/div>\n\t\t\t\t\t<\/div><div class=\"eael-accordion-list\">\n\t\t\t\t\t<div id=\"reviste-editate\" class=\"elementor-tab-title eael-accordion-header\" tabindex=\"0\" data-tab=\"2\" aria-controls=\"elementor-tab-content-9782\"><span class=\"eael-advanced-accordion-icon-closed\"><svg aria-hidden=\"true\" class=\"fa-accordion-icon e-font-icon-svg e-fas-plus\" viewbox=\"0 0 448 512\" xmlns=\"http:\/\/www.w3.org\/2000\/svg\"><path d=\"M416 208H272V64c0-17.67-14.33-32-32-32h-32c-17.67 0-32 14.33-32 32v144H32c-17.67 0-32 14.33-32 32v32c0 17.67 14.33 32 32 32h144v144c0 17.67 14.33 32 32 32h32c17.67 0 32-14.33 32-32V304h144c17.67 0 32-14.33 32-32v-32c0-17.67-14.33-32-32-32z\"><\/path><\/svg><\/span><span class=\"eael-advanced-accordion-icon-opened\"><svg aria-hidden=\"true\" class=\"fa-accordion-icon e-font-icon-svg e-fas-minus\" viewbox=\"0 0 448 512\" xmlns=\"http:\/\/www.w3.org\/2000\/svg\"><path d=\"M416 208H32c-17.67 0-32 14.33-32 32v32c0 17.67 14.33 32 32 32h384c17.67 0 32-14.33 32-32v-32c0-17.67-14.33-32-32-32z\"><\/path><\/svg><\/span><span class=\"eael-accordion-tab-title\">Reviste editate<\/span><\/div><div id=\"elementor-tab-content-9782\" class=\"eael-accordion-content clearfix\" data-tab=\"2\" aria-labelledby=\"reviste-editate\"><p>\u201eArchiva Moldaviae\u201d vol. IX, 2017, 510 p., ISSN: 2067-3930, 510 p.<br \/>\u201eArchiva Moldoviae\u201d, vol. X, 2018. ISSN-2067-3930, 500 p.<br \/>\u201eArchiva Moldoviae\u201d, vol. XI, 2019. ISSN-2067-3930, 540 p.<br \/>\u201eArchiva Moldoviae\u201d, vol. XII, 2020. ISSN-2067-3930, 472 p.<br \/>\u201eArchiva Moldaviae\u201d, XIII, 2021, ISSN-2067-3930, 482 p.<br \/>\u201eArchiva Moldaviae\u201d, XIV, 2022, ISSN-2067-3930, 392 p.<br \/>\u201eArchiva Moldaviae\u201d, XV, 2023, ISSN-2067-3930, 286 p.<\/p><\/div>\n\t\t\t\t\t<\/div><div class=\"eael-accordion-list\">\n\t\t\t\t\t<div id=\"articolestudii\" class=\"elementor-tab-title eael-accordion-header\" tabindex=\"0\" data-tab=\"3\" aria-controls=\"elementor-tab-content-9783\"><span class=\"eael-advanced-accordion-icon-closed\"><svg aria-hidden=\"true\" class=\"fa-accordion-icon e-font-icon-svg e-fas-plus\" viewbox=\"0 0 448 512\" xmlns=\"http:\/\/www.w3.org\/2000\/svg\"><path d=\"M416 208H272V64c0-17.67-14.33-32-32-32h-32c-17.67 0-32 14.33-32 32v144H32c-17.67 0-32 14.33-32 32v32c0 17.67 14.33 32 32 32h144v144c0 17.67 14.33 32 32 32h32c17.67 0 32-14.33 32-32V304h144c17.67 0 32-14.33 32-32v-32c0-17.67-14.33-32-32-32z\"><\/path><\/svg><\/span><span class=\"eael-advanced-accordion-icon-opened\"><svg aria-hidden=\"true\" class=\"fa-accordion-icon e-font-icon-svg e-fas-minus\" viewbox=\"0 0 448 512\" xmlns=\"http:\/\/www.w3.org\/2000\/svg\"><path d=\"M416 208H32c-17.67 0-32 14.33-32 32v32c0 17.67 14.33 32 32 32h384c17.67 0 32-14.33 32-32v-32c0-17.67-14.33-32-32-32z\"><\/path><\/svg><\/span><span class=\"eael-accordion-tab-title\">Articole\/studii<\/span><\/div><div id=\"elementor-tab-content-9783\" class=\"eael-accordion-content clearfix\" data-tab=\"3\" aria-labelledby=\"articolestudii\"><p><em>Obiectivitate, relativism, adev\u0103r \u00een \u015ftiin\u0163ele sociale. Note de lectur\u0103 la Richard Rorty<\/em>, \u00een \u201eXenopoliana\u201d, tom IX, 2001, nr. 1-4, p. 33-37.<\/p><p><em>Dimensiunea romantic\u0103 a exilului pa\u015foptist. Cazul Ion Heliade R\u0103dulescu,<\/em> \u00een \u201eXenopoliana\u201d, tom X, 2002, nr. 1-4, p. 55-62.<\/p><p><em>Anivers\u0103ri disputate ale revolu\u0163iei pa\u015foptiste, <\/em>\u00een \u201eXenopoliana\u201d, tom XI, 2003, nr. 3-4, p. 198-207.<\/p><p><em>\u015etefan cel Mare \u00een viziunea pa\u015fopti\u015ftilor<\/em>, \u00een Anuarul Institutului de Istorie \u201eA. D.\u00a0 Xenopol\u201d, tom XLI, 2004, p.1-21.<\/p><p><em>Film \u015fi propagand\u0103 la Ia\u015fi \u00een primii ani ai democra\u0163iei populare<\/em>, \u00een Anuarul Institutului de Istorie \u201eA.D. Xenopol\u201d, tom XLI, 2004, p. 383-388.<\/p><p><em>Memorii concurente, grupuri competitoare \u015fi produc\u0163ii memorialistice specifice<\/em>, \u00een Analele \u0218tiin\u021bifice ale Universit\u0103\u0163ii \u201eAl. I. Cuza\u201d, Ia\u0219i, tom L, 2004, p. 111-132.<\/p><p><em>Un dosar politic controversat: aniversarea revolu\u0163iei pa\u015foptiste la 1898<\/em>, \u00een \u201eCaiete de antropologie istoric\u0103\u201d, num\u0103r special, \u201eS\u0103rb\u0103toare, celebrare, comemorare\u201d, Cluj-Napoca, anul IV, nr.1(7), 2005, p. 151-166.<\/p><p><em>Commemorations and Forgetting of 1848 Revolution up to the XXth Century<\/em>, \u00een Alexandru Zub \u0219i Adrian Ciofl\u00e2nc\u0103 (editori), <em>Cultur\u0103 politic\u0103 \u015fi politici culturale \u00een Rom\u00e2nia modern\u0103<\/em>, Ia\u015fi, Editura Universit\u0103\u0163ii \u201eAl.I.Cuza\u201d, 2005, p. 83-97.<\/p><p><em>Rolul funeraliilor \u00een construc\u0163ia panteonului pa\u015foptist, <\/em>\u00een \u201eXenopoliana\u201d, tom XIV, 2006, nr. 1-4, p. 59-75.<\/p><p><em>Memoria baricadelor. Anul 1848 \u00een context comparativ<\/em>, \u00een \u201eStudia Politica. Romanian Political Science Review\u201d, Bucure\u015fti, vol. VIII, 2008, nr. 4, p. 793-833.<\/p><p><em>Repere ale memoriei pa\u015foptiste: 11 iunie \u00een calendarele rom\u00e2ne\u015fti,<\/em> \u00een Anuarul Institutului de Istorie \u201eA.D. Xenopol\u201d, Ia\u015fi, tom LXV, 2008, p. 77-94.<\/p><p>Coduri<em> culturale ale duelului \u00een societatea rom\u00e2neasca modern\u0103<\/em>, \u00een Andi Mihalache \u0219i Alexandru Istrate (editori), <em>Romantism \u0219i modernitate. Atitudini, reevaluari, polemici<\/em>, Ia\u0219i, Editura Universit\u0103\u021bii \u201eAl. I. Cuza\u201d, 2009, \u00a0p. 455-506.<\/p><p><em>Patria ingrata. \u00cen c\u0103utarea osemintelor lui B\u0103lcescu<\/em>, \u00een Dumitru Iv\u0103nescu \u0219i C\u0103t\u0103lina Mihalache (editori), <em>Patrimoniu na\u0163ional \u015fi modernizare \u00een societatea rom\u00e2neasc\u0103: institu\u0163ii, actori, strategii<\/em>, Ia\u015fi, Editura Junimea, 2009, p. 63-82.<\/p><p><em>Memoria cultural\u0103 \u2013 istoria \u0219i implica\u021biile unui concept<\/em>, \u00een Anuarul Institutului de Istorie \u201eA.D. Xenopol\u201d, tom XLVII, 2010, p. 119-142<em>.<\/em><\/p><p><em>C\u00e2nd gazetarii polemizeaz\u0103 cu pistolul: duelul mortal Prasin-Finkelstein<\/em>, \u00een \u201eHistoria\u201d, an. X, nr. 103, iulie 2010, p. 52-55.<\/p><p><em>A fi ofi\u0163er. Onoare \u015fi imagine de sine \u00een Rom\u00e2nia modern\u0103 (1859-1918),<\/em> \u00een Andi Mihalache, Silvia Marin-Barutcieff (editori), <em>De la fictiv la real: imaginea, imaginarul, imagologia<\/em>, Ia\u015fi, Editura Universit\u0103\u0163ii \u201eAl.I. Cuza\u201d, 2010, p. 649-679,<\/p><p><em>Honour and Death in Military and Militaristic Discourse in Roumania (1859-1918),<\/em> \u00een Marius Rotar \u0219i Adriana Teodorescu (ed.), <em>Dying and Death in 18th-21st Century Europe<\/em>, Cambridge, Cambridge Scholars Publishing,\u00a0 2011, p. 101-128.<\/p><p><em>Une soci\u00e9t\u00e9 \u00e0 la recherche de l\u2019honneur. Le duel dans la Roumanie de l\u2019ancien Royaume (1859-1912)<\/em>, \u00een \u201eRevue d\u2019histoire du XIX<sup>e<\/sup>\u00a0si\u00e8cle\u201d, Paris, nr. 47, 2013\/2, p.115-131.<\/p><p><em>\u201eOnoarea tr\u0103d\u0103torilor\u201d. Cazurile general Alexandru V\u0103itoianu \u0219i Al. Tzigara-Samurca\u0219,<\/em> \u00een Anuarul Institutului de Istorie \u201eA.D. Xenopol\u201d, tom L, 2013, Ia\u0219i, p. 321-342.<\/p><p><em>Despre lamenta\u021bie ca form\u0103 de rememorare. Imagini ale declinului \u00een Ia\u0219ul interbelic, <\/em>\u00een Andi Mihalache \u0219i Adrian Ciofl\u00e2nc\u0103, <em>Istoria recent\u0103 altfel. Perspective culturale, <\/em>Ia\u0219i, Editura Universit\u0103\u021bii \u201eAl. I. Cuza\u201d, 2013, p. 99-114.<\/p><p><em>Un dosar controversat: mo\u0219tenirea pa\u0219optist\u0103 a liberalismului la jubileul Revolu\u021biei din 1898<\/em>, \u00een Liviu Br\u0103tescu \u0219i Ovidiu Buruian\u0103, <em>Liberalismul rom\u00e2nesc. Tendin\u021be, structuri, personalit\u0103\u021bi,<\/em> Ia\u0219i, Editura Universit\u0103\u021bii \u201eAl. I. Cuza\u201d, 2013, p. 93-110.<\/p><p><em>Contrabilan\u0163ul conservator al\u00a0revolu\u0163iei pa\u015foptiste la jubileul din 1898<\/em>, \u00een Mihai Cojocariu \u0219i Cristian Ploscaru (editori),\u00a0<em>Retorica politic\u0103 modern\u0103 \u00een spa\u021biul rom\u00e2nesc. Origini \u0219i forme de manifestare (secolele XVI-XIX),<\/em> Ia\u0219i, Editura Universit\u0103\u021bii \u201eAl. I. Cuza\u201d, 2013, p. 163-174.<\/p><p><em>Olteni contra evrei la Ia\u0219i. Lec\u021bia unei coloniz\u0103ri economice e\u0219uate (1882-1884), <\/em>\u00een Anuarul Institutului de Istorie \u201eA.D. Xenopol\u201d, tom LI, 2014, Ia\u0219i, p. 157-181.<\/p><p><em>\u201eIa\u0219ii sub cu\u021bitul hahamului\u201d. Antisemitism economic \u00een prohibi\u021bia c\u0103rnii trif (1867-1868)<\/em>, \u00een Anuarul Institutului \u201eA.D. Xenopol\u201d, Ia\u0219i, tom LII, 2015, p. 245-268.<\/p><p><em>Duelul \u0219i onoarea \u00een via\u021ba studen\u021bilor bucovineni \u0219i ardeleni (1880-1940)<\/em>, \u00een \u201eHistoria Universitatis Iassiensis\u201d, tom VI, 2015, p. 1-22.<\/p><p><em>\u201e\u021a\u00e2\u021ba cre\u0219tinelor nu e pentru prunci evrei\u201d: segregarea for\u021bei de munc\u0103 \u00een Ia\u0219i (1867-1870), <\/em>\u00een \u201eArchiva Moldaviae\u201d,\u00a0 IX\/2017, p. 191 -234.<\/p><p><em>\u201eValahii ne-au \u00een\u0219elat\u201d. Chestiunea compensa\u021biilor Ia\u0219ului \u00een ac\u021biunea politic\u0103 moldoveneasc\u0103 dup\u0103 unire (1862-1874). (I)<\/em>, \u00een \u201eArchiva Moldaviae\u201d, X, 2018, p. 111-173.<\/p><p><em>\u201eValahii ne-au \u00een\u0219elat\u201d. Chestiunea compensa\u021biilor Ia\u0219ului \u00een ac\u021biunea politic\u0103 moldoveneasc\u0103 dup\u0103 unire (1874-1902) (II)<\/em>, \u00een \u201eArchiva Moldaviae\u201d, XI, 2019, p. 143-184.<\/p><p><em>Contribu\u021bia \u201eSociet\u0103\u021bii de medici \u0219i naturali\u0219ti\u201d la \u00eenfiin\u021barea Facult\u0103\u021bii de Medicin\u0103 din Ia\u0219i<\/em>, \u00een Florea Ioncioaia, Leonidas Rados (coord.), <em>Fragmente pe un c\u00e2mp de lupt\u0103: studii din istoria universit\u0103\u021bii<\/em>, Ia\u0219i, Editura Universit\u0103\u021bii Alexandru Ioan Cuza, 2018, p. 83-96.<\/p><p><em>Revolu\u021bia \u0219i revolu\u021bionarii<\/em>, \u00een Sorin Mitu (coord.), <em>Enciclopedia imaginariilor din Rom\u00e2nia<\/em>, vol. III, Ia\u0219i, Editura Polirom, 2020, p. 288-307. ISBN: 978-973-46-8185-3.<\/p><p><em>Revizionism istoric moldovenesc. Cazul R\u0103zboiului de Independen\u021b\u0103, <\/em>\u00een Anuarul Institutului \u201eA.D. Xenopol\u201d, 2021, p. 139-179<em>.<\/em><\/p><p><em>Imaginarul propriet\u0103\u021bii la Nicolae B\u0103lcescu<\/em>, \u00een volumul <em>Lumea lui B\u0103lcescu<\/em>, Cluj-Napoca, Editura Argonaut, 2021, editat de C\u0103t\u0103lina Mihalache, Astrid Cambose, Antonie Dumitru Chelcea.<\/p><p><em>C\u00e2nd Unirea devine o decep\u021bie.<\/em> <em>Comitetul pentru ap\u0103rarea intereselor economice \u0219i culturale ale Moldovei<\/em> (1891), \u00een volumul <em>Fr\u0103m\u00e2nt\u0103rile modernit\u0103\u021bii: discursuri, oameni, institu\u021bii<\/em>, Ia\u0219i, Editura Universit\u0103\u021bii \u201eAl.I. Cuza\u201d Ia\u0219i, 2022, p. 215-274.<\/p><p><em>Reinventarea regionalismului \u00een Ia\u0219ul interbelic<\/em>, \u00een \u201eArchiva Moldaviae\u201d, vol. XIII, 2022, p. 97-120.<\/p><p><em>Ultima verig\u0103 a centraliz\u0103rii: Legea desfiin\u021b\u0103rii accizelor \u0219i a \u00eenfiin\u021b\u0103rii Fondului comunal (1903)<\/em>, \u00een Anuarul Institutului de Istorie \u201eA.D. Xenopol\u201d -Ia\u0219i, 2023, p. 323-349.<\/p><p><em>Zona tampon a Rom\u00e2niei \u00eentr-un conflict cu Rusia: Moldova \u00een capcana de la Poarta Foc\u0219anilor, <\/em>\u00een Alexandru L. Cohal, George \u021aurc\u0103na\u0219u, Dorin Dobrincu (ed.),<em> Regionalizarea: c\u0103tre un model de bun\u0103 guvernan\u021b\u0103 a Rom\u00e2niei, <\/em>Ia\u0219i, Editura Polirom, 2022, p. 277-289.<\/p><p><em>Realit\u0103\u021bi statistice contraintuitive \u00een anii Unirii (1859-1862). Avansul industrial al Moldovei fa\u021b\u0103 de Muntenia<\/em>, \u00een volumul <em>Provoc\u0103rile istoriei. Concepte, surse, metodologii<\/em>, Leonidas Rados, Mihai-Cristian Am\u0103riu\u021bei, Alexandru D. Aioanei (ed.), Ia\u0219i, Editura Universit\u0103\u021bii \u201eAlexandru Ioan Cuza\u201d, 2024, p. 373-390.<\/p><p><em>\u201e\u0218i dac\u0103 ne ocole\u0219te drumul de fier?\u201dCompeti\u021bie regional\u0103, interese economice \u0219i blocaje militare \u00een configurarea re\u021belei de c\u0103i ferate din Moldova (1859-1914), <\/em>\u00een Analele \u0218tiin\u021bifice ale Universit\u0103\u021bii \u201eAlexandru Ioan Cuza\u201d din Ia\u0219i (serie nou\u0103), Istorie, tom 70 (2024), p. 95-119.<\/p><p><em>Moldova \u0219i Oltenia dup\u0103 unire: geografii simbolice, imaginar istoric \u0219i prestigiu regional, <\/em>\u00een Constantin B\u0103rbulescu et al. (ed), <em>Na\u021biuni, na\u021bionalism \u0219i perspective interetnice \u00een Transilvania<\/em>. \u00cen honorem Sorin Mitu la 60 de ani, Cluj-Napoca, Mega, 2025, p. 301-316.<\/p><\/div>\n\t\t\t\t\t<\/div><div class=\"eael-accordion-list\">\n\t\t\t\t\t<div id=\"comunicri-la-manifestri-tiinifice-naionale-i-internaionale\" class=\"elementor-tab-title eael-accordion-header\" tabindex=\"0\" data-tab=\"4\" aria-controls=\"elementor-tab-content-9784\"><span class=\"eael-advanced-accordion-icon-closed\"><svg aria-hidden=\"true\" class=\"fa-accordion-icon e-font-icon-svg e-fas-plus\" viewbox=\"0 0 448 512\" xmlns=\"http:\/\/www.w3.org\/2000\/svg\"><path d=\"M416 208H272V64c0-17.67-14.33-32-32-32h-32c-17.67 0-32 14.33-32 32v144H32c-17.67 0-32 14.33-32 32v32c0 17.67 14.33 32 32 32h144v144c0 17.67 14.33 32 32 32h32c17.67 0 32-14.33 32-32V304h144c17.67 0 32-14.33 32-32v-32c0-17.67-14.33-32-32-32z\"><\/path><\/svg><\/span><span class=\"eael-advanced-accordion-icon-opened\"><svg aria-hidden=\"true\" class=\"fa-accordion-icon e-font-icon-svg e-fas-minus\" viewbox=\"0 0 448 512\" xmlns=\"http:\/\/www.w3.org\/2000\/svg\"><path d=\"M416 208H32c-17.67 0-32 14.33-32 32v32c0 17.67 14.33 32 32 32h384c17.67 0 32-14.33 32-32v-32c0-17.67-14.33-32-32-32z\"><\/path><\/svg><\/span><span class=\"eael-accordion-tab-title\">Comunic\u0103ri la manifest\u0103ri \u0219tiin\u021bifice na\u021bionale \u0219i interna\u021bionale<\/span><\/div><div id=\"elementor-tab-content-9784\" class=\"eael-accordion-content clearfix\" data-tab=\"4\" aria-labelledby=\"comunicri-la-manifestri-tiinifice-naionale-i-internaionale\"><p><em>Dimensiunea romantic\u0103 a exilului pa\u015foptist. Cazul Ion Heliade R\u0103dulescu<\/em>, la Zilele<em> Academiei Ie\u015fene<\/em>, Ia\u0219i, 17 septembrie 2002.<\/p><p><em>Cinematograful, de la art\u0103 la propagand\u0103<\/em>, \u00een cadrul simpozionului <em>Public \u015fi privat \u00een Rom\u00e2nia democra\u0163iei populare<\/em>, 4 decembrie 2003.<\/p><p><em>1848 \u00een memorialistica \u0219i coresponden\u021ba exila\u021bilor<\/em>, Institutul de Istorie \u201eA.D. Xenopol\u201d Ia\u0219i, 8 aprilie 2004.<\/p><p><em>\u015etefan cel Mare \u00een viziunea pa\u015fopti\u015ftilor<\/em>, \u00een cadrul simpozionului <em>\u015etefan cel Mare \u015fi epoca sa<\/em>, organizat de Institutul de Istorie \u201eA.D. Xenopol\u201d \u0219i Alexander von Humboldt Stiftung, Goethe Zentrum, Ia\u015fi, 18-19 iunie, 2004.<\/p><p><em>Politici ale monumentelor publice \u00een 1948<\/em>, \u00een cadrul simpozionului <em>Public \u015fi privat \u00een Rom\u00e2nia regimului democra\u0163iei populare<\/em>, Ia\u015fi, Institutul de Istorie \u201eA.D. Xenopol\u201d Ia\u0219i, 29 septembrie. 2004.<\/p><p><em>Un dosar controversat: jubileul din 1898 al revolu\u021biei pa\u0219optiste<\/em>, Institutul de istorie A.D. Xenopol\u201d, 20 ianuarie 2005.<\/p><p><em>Europa ca model de modernizare din perspectiva genera\u0163iei pa\u015foptiste rom\u00e2ne\u015fti<\/em>, \u00een cadrul simpozionului <em>Modelul european \u015fi modernizarea Europei centrale \u015fi de sud-est<\/em>, organizat de Institutul de Istorie \u201eA.D. Xenopol\u201d, Alexander von Humboldt Stiftung, Goethe Zentrum, Ia\u015fi, 23 septembrie 2005.<\/p><p><em>Societatea de medici \u015fi naturali\u015fti din Ia\u015fi \u015fi \u00eenfiin\u0163area facult\u0103\u0163ii de medicin\u0103 din Ia\u015fi<\/em> \u00een cadrul simpozionului <em>Istoria universit\u0103\u0163ii \u015fi a personalului universitar. Surse, probleme, metodologie<\/em>, Institutul de Istorie \u201eA.D. Xenopol\u201d Ia\u0219i, 26 octombrie, 2006.<\/p><p><em>Codul onoarei, prestigiu \u0219i statut social \u00een Rom\u00e2nia (secolul XIX)<\/em>, Fifth International Congress on Romanian Studies, Constan\u021ba, Rom\u00e2nia, 25-28 iunie\u00a0 2007.<\/p><p><em>Patria ingrat\u0103. \u00cen c\u0103utarea osemintelor lui B\u0103lcescu<\/em>, \u00een cadrul simpozionului \u201eMurire \u015fi moarte \u00een Rom\u00e2nia secolelor XIX-XX, organizat\u0103 de Universitatea \u201e1 decembrie 1918\u201d Alba Iulia, 11-12 octombrie 2007.<\/p><p><em>Bilan\u0163ul conservator al revolu\u0163iei de la 1848 la jubileul din 1898<\/em>, \u00een cadrul simpozionului <em>Anul 1848 la rom\u00e2ni. Istoriografie \u015fi memorie cultural\u0103<\/em>, Ia\u015fi, Facultatea de Istorie, \u201eUniversitatea Al.I. Cuza\u201d Ia\u0219i, 14-15 noiembrie 2008.<\/p><p><em>Repere ale memoriei pa\u015foptiste: 11 iunie \u00een calendarele rom\u00e2ne\u015fti<\/em>, Institutul de Istorie \u201eA.D. Xenopol\u201d, Ia\u0219i, 27 noiembrie 2008.<\/p><p><em>Onoare, masculinitate, duel. Ofi\u021ber \u00een Rom\u00e2nia, 1859-1918,<\/em> Institutul de istorie \u201eA.D. Xenopol\u201d, Ia\u0219i, 11 martie 2010.<\/p><p><em>Honor and Death in Romanian Militarist Discourse (1859-1918)<\/em>, la conferin\u0163a interna\u0163ional\u0103 <em>Dying and Death in 18th-21st Century Europe. Refiguring Death Rites in Europe,<\/em> 3-5 septembrie, 2010, Alba Iulia, Romania.<\/p><p><em>Ia\u0219ul mitic: nostalgie, istorie, memorie cultural\u0103, <\/em>la conferin\u021ba interna\u021bional\u0103 <em>Noi \u0219i ceilal\u021bi. Construc\u021bii identitare \u00een istoria rom\u00e2nilor, secolele XIV-XXI, <\/em>organizat de Institutul de Istorie \u201eA. D. Xenopol\u201d,\u00a0 Ia\u0219i, 6-7 aprilie 2011.<\/p><p><em>Militarismul rom\u00e2nesc: influen\u021be europene \u0219i dezbateri publice (1859-1914), <\/em>\u00een cadrul seminarului<em> Educa\u021bie, art\u0103 \u0219i societate \u00een secolele XVII-XX. Modele, recept\u0103ri, dezbateri, <\/em>Ia\u0219i, organizat de Institutul de istorie\u00a0 \u201eA.D.Xenopol\u201d, 5 mai 2011.<\/p><p><em>The Month of Ia\u015fi: The Holidays of a Decadent City in the Interwar Period (1935-1938), <\/em>la conferin\u021ba interna\u021bional\u0103 <em>Recent Studies on Past and Present:<\/em> <em>New Sources, New Methods or a New Public?, <\/em>organizat\u0103<em> de <\/em>Academia Rom\u00e2n\u0103, Austrian Academy of Sciences (Vienna), \u00c9cole des Hautes \u00c9tudes en Sciences Sociales (Paris), Bucure\u0219ti, 25-28 septembrie 2011.<\/p><p><em>The most famous Romanian affair of honour: Filipescu-Lahovari(1897). The implications of deadly duel, <\/em>la conferin\u021ba interna\u021bional\u0103 <em>Dying and Death in 18<sup>th<\/sup>-21<sup>st<\/sup> Century Europe, <\/em>organizat\u0103 de Universitatea \u201e1 decembrie 1918\u201d Alba Iulia \u0219i Muzeul Na\u021bional al Unirii, Alba Iulia, 28 septembrie-1 octombrie 2011.<\/p><p>Conferin\u021ba invitat\u0103 \u201e<em>O modernitate ignorat\u0103: \u201eAfacerile de onoare\u201d \u00een Rom\u00e2nia (1859-1914)<\/em>, sus\u021binut\u0103 la Colegiul Noua Europ\u0103 \u00een cadrul GRiP (Grupul de Reflec\u0163ie asupra Istoriei Politice \u0219i Sociale a secolelor al XVIII-lea \u0219i al XIX-lea), Bucure\u0219ti, 18 octombrie 2012.<\/p><p><em>Discursuri \u015fi reprezent\u0103ri ale dec\u0103derii \u00een Ia\u015ful interbelic, \u00een cadrul workshopului formativ organizat de <\/em>POSDRU 89\/1.5\/S\/61104<em>, Academia Rom\u00e2n\u0103 Ia\u0219i<\/em>,<em> 20 februarie 2012.<\/em><\/p><p><em>Emo\u021biile modernit\u0103\u021bii: virtu\u021bile civice ale onoarei (1859-1914)<\/em>, comunicare prezentat\u0103 la simpozionul <em>Revolu\u0163ii, Reforme, Modernit\u0103\u0163i\u00a0\u00een lungul secol al XIX-lea<\/em>, organizat de GRiP (Grupul de Reflec\u0163ie asupra Istoriei Politice \u0219i Sociale a secolelor al XVIII-lea \u0219i al XIX-lea), Bucure\u0219ti, Colegiul Noua Europ\u0103, 18-19 ianuarie\u00a0 2013.<\/p><p><em>Reinventarea regionalismului \u00een Ia\u0219ul interbelic, <\/em>\u00een cadrul conferin\u021bei <em>Regionalism \u0219i regionalizare \u00een Rom\u00e2nia. Interpret\u0103ri istorice \u0219i provoc\u0103ri\u00a0 contemporane, <\/em>Ia\u0219i, organizat de <em>Centrul de Studii asupra Comunismului \u015fi Postcomunismului (CSCP), Societatea de Studii Istorice din Rom\u00e2nia (SSIR), <\/em>Ia\u0219i, \u00a030-31 mai 2013<em>.<\/em><\/p><p><em>Types of economic anti-Semitism in Ia\u0219i<\/em>, <em>1882-1884<\/em>, \u00een cadrul conferin\u021bei <em>Israel &#8211;\u00a0 Culture, Nation and State<\/em>, organizat\u0103 de Facultatea de \u0218tiin\u021be Politice Bucure\u0219ti, Centrul de Istorie a Evreilor \u0219i Ebraistic\u0103 \u201eDr. Al. \u0218afran\u201d, Ia\u0219i, 25-26 iunie 2013.<\/p><p><em>Dinamica panteonului pa\u0219optist din Rom\u00e2nia (1848-1898)<\/em>, \u00een cadrul atelierului GRiP (Grupul de Reflec\u0163ie asupra Istoriei Politice \u0219i Sociale a secolelor al XVIII-lea \u0219i al XIX-lea), Ia\u0219i, 8-9 noiembrie 2013.<\/p><p><em>Olteni contra evrei. Antisemitism economic \u00een Ia\u0219ul dec\u0103zut (1882-1884) <\/em>\u00een cadrul colocviului <em>Societatea de curte \u0219i via\u021ba cotidian\u0103 \u00een spa\u021biul rom\u00e2nesc<\/em> (secolele XVI-XIX), Cluj Napoca, organizat de GRiP (Grupul de Reflec\u0163ie asupra Istoriei Politice \u0219i Sociale a secolelor al XVIII-lea \u0219i al XIX-lea), 7-8 noiembrie 2014.<\/p><p><em>Duelul \u0219i onoarea \u00een via\u021ba studen\u021bilor bucovineni \u0219i ardeleni (1880-1940)<\/em>, comunicare prezentat\u0103 la simpozionul organizat cu prilejul Zilelor Muzeului Universit\u0103\u021bii \u201eAl. I. Cuza\u201d Ia\u0219i, Ia\u0219i, 26 noiembrie 2014.<\/p><p><em>\u201e\u021a\u00e2\u021ba cre\u0219tinelor nu este pentru prunci evrei\u201d. Regulamentele servitorilor \u0219i segregarea pie\u021bei muncii din Ia\u0219i<\/em>, \u00een cadrul atelierului GRiP (Grupul de Reflec\u0163ie asupra Istoriei Politice \u0219i Sociale a secolelor al XVIII-lea \u0219i al XIX-lea), <em>\u201eMedicul, evreul, poetul \u0219i visele: patru teme de istorie social\u0103 \u0219i cultural\u0103\u201d<\/em>, Bucure\u0219ti, Colegiul Noua Europ\u0103, 5 decembrie 2016.<\/p><p><em>Duelul \u0219i onoarea \u00een r\u00e2ndul extremei drepte interbelice rom\u00e2ne\u0219ti: discurs \u0219i practic\u0103<\/em>, conferin\u021b\u0103 sus\u021binut\u0103 la Universitatea din Bucure\u0219ti, Facultatea de Istorie, 7 decembrie 2016. (conferin\u021b\u0103 invitat\u0103)<\/p><p><em>1848 \u0219i capcanele memoriei<\/em>, prezentare sus\u021binut\u0103 la <em>Atelierul de memorie cultural\u0103: \u201eImaterialitatea monumentelor\u201d<\/em>, Ia\u0219i, 24 mai 2018, \u00een cadrul conferin\u021bei <em>Perspectives in the Humanities and Social Sciences: Hinting at Interdiciplinarity<\/em>, Ia\u0219i, Universitatea Al. I. Cuza, 23-24 mai 2018.<\/p><p><em>\u201eRevolu\u021bia\u201d \u00een imaginarul istoriografic rom\u00e2nesc (1821-1989) <\/em>\u00een cadrul conferin\u021bei anuale a Institutului de Istorie \u201eA.D. Xenopol\u201d Ia\u0219i, Ia\u0219i, 5-8 iunie 2019.<\/p><p><em>Peste (fosta) grani\u021b\u0103. C\u0103l\u0103toriile \u201edincolo\u201d de Milcov \u00een secolul al XIX-lea<\/em>, \u00een cadrul conferin\u021bei interna\u021bionale <em>Borders and Transfers<\/em>, 15-17 iunie, 2022, Timi\u0219oara, organizat\u0103 de The Society for Romanian Studies.<\/p><p><em>Sacrifica\u021bi de fra\u021bi\u201d: Excluderea Moldovei din sistemul de fortifica\u021bii al Rom\u00e2niei \u0219i deziluzia unionist\u0103 (1883-1895)<\/em>, \u00een cadrul Conferin\u021bei anuale a Institutului de Istorie \u201eA.D. Xenopol\u201d, Ia\u0219i, 2-4 iunie 2022.<\/p><p><em>Competi\u021bie regional\u0103, interese economice \u0219i blocaje militare \u00een<\/em><em> configurarea re\u021belei de c\u0103i ferate din Moldova (1859-1914)<\/em>, \u00een cadrul conferin\u021bei <em>Infrastructur\u0103 de transport \u0219i na\u021biune. Discursuri \u0219i<\/em><em> scandaluri ale moderniz\u0103rii \u00een Rom\u00e2nia (1840-1914)<\/em>, Colegiul Noua Europ\u0103, Bucure\u0219ti, 18 noiembrie 2022.<\/p><p><em>Moldova \u0219i Muntenia dup\u0103 unire. Statistici, evolu\u021bii, compara\u021bii (1859-1914), la Conferin\u021ba anual\u0103 a <\/em>Institutului de Istorie \u201eA.D. Xenopol\u201d, Ia\u0219i, 8-10 iunie 2023, Ia\u0219i.<\/p><p><em>1848 &#8211; memorializare \u0219i probleme ale canonului istoriografic<\/em>, la simpozionul \u0219tiin\u021bific: <em>Revolu\u021bia de la 1848 \u00een spa\u021biul rom\u00e2nesc. Rom\u00e2nii pe drumul dinspre Levant c\u0103tre Occident<\/em>, Bucure\u0219ti, 14 iunie 2023, Cercul Militar Na\u021bional, Organizat de Institutul pentru Studii Politice de Ap\u0103rare \u0219i Istorie Militar\u0103 (ISPAIM). (on-line).<\/p><p><em>Realit\u0103\u021bi statistice contraintuitive \u00een anii unirii (1859-1862). Avansul industrial al Moldovei fa\u021b\u0103 de Muntenia<\/em>, \u00een cadrul Conferin\u021bei anuale a institutului de Istorie \u201eA.D. Xenopol\u201d, Ia\u0219i, 30 mai-1 iunie 2024.<\/p><p><em>Moldavia: Historical Agency, Debasement, and Inferiorization after the Union<\/em>, \u00een cadrul conferin\u021bei <em>Old Cities, Former Capitals and the Nation-State Building in Europe (18 th -20 th Centuries): Regional and National Identities<\/em>, Ia\u0219i, 19-21 noiembie 2024. Organizatori: \u201cAlexandru Ioan Cuza\u201d University of Ia\u015fi, Center for the History of International Relations (CIRI), Coimbra Group Universities, Universidad Salamanca Balkan History Association, \u201cRegina Maria\u201d Municipal Museum, Ia\u015fi.<\/p><p><em>Cum au devenit moldovenii alcoolicii na\u021biunii. Viciul \u00een statistici \u0219i anchete (1894-1907)<\/em> \u00een cadrul conferin\u021bei <em>Modernitatea rom\u00e2neasc\u0103 \u00een secolele XVIII-XX: realit\u0103\u021bi politice, dinamici sociale \u0219i preocup\u0103ri culturale<\/em>, edi\u021bia a II-a, Ia\u0219i, Institutul de Istorie \u201eA.D. Xenopol\u201d, 14 noiembrie 2024.<\/p><p><em>Moldova \u0219i Oltenia dup\u0103 unire: orientalism, geografii simbolice \u0219i imaginar istoric<\/em>, Bucure\u0219ti, New Europe College, 27 martie 2025 (conferin\u021b\u0103 invitat\u0103)<\/p><p>\u00a0<em>\u201cAllegation of &#8222;Moldovenism&#8221; \/ &#8222;Muntenism&#8221;: The Stigma of Regional Interest in a National State (1859-1918)\u201d<\/em>, la conferin\u021ba <em>Voices and Silences. 50 Years of the Society for Romanian Studies<\/em>, Cluj Napoca, 29-31 mai 2025.<\/p><p><em>Un intelectual evreu \u00eentre iudaism \u0219i cre\u0219tinism. Cazul convertirii filologului ie\u0219ean Heimann Tiktin<\/em>, la Conferin\u021ba anual\u0103 a Muzeului Municipal \u201eRegina Maria\u201d (VI), <em>Din istoria ora\u0219ului Ia\u0219i: oameni, locuri, institu\u021bii<\/em>, 4 \u2013 5 septembrie 2025, Ia\u0219i.<\/p><\/div>\n\t\t\t\t\t<\/div><\/div>\t\t\t\t<\/div>\n\t\t\t\t\t<\/div>\n\t\t\t\t<\/div>\n\t\t\t\t<\/div>\n\t\t                    <\/div>\n\t\t        \n                    <div id=\"curriculum-vitae-tab\" class=\"clearfix eael-tab-content-item inactive\" data-title-link=\"curriculum-vitae-tab\">\n\t\t\t\t        <p><a href=\"https:\/\/institutulxenopol.ro\/wp-content\/uploads\/2025\/10\/CV-M.-Chiper.pdf\">CV M. Chiper<\/a><\/p>                    <\/div>\n\t\t                    <\/div>\n        <\/div>\n\t\t\t\t<\/div>\n\t\t\t\t\t<\/div>\n\t\t\t\t<\/div>\n\t\t\t\t<\/div>","protected":false},"excerpt":{"rendered":"<p>Cercet\u0103tor \u015etiin\u0163ific II dr. Mihai C. Chiper, \u015fef de departament Colectivul de Istorie a culturii mihaichiper75@yahoo.com Prezentare Publica\u021bii Curriculum vitae Mihai Chiper a studiat istoria la Universitatea \u201eAl. I. Cuza\u201d, Ia\u0219i, pe care absolvit-o \u00een 1997. \u00cen 2009 \u0219i-a sus\u021binut teza de doctorat cu tema\u00a0Pa\u0219optismul \u00een cultura rom\u00e2n\u0103. Memoria revolu\u021bionar\u0103 \u00een a doua jum\u0103tate a [&hellip;]<\/p>\n","protected":false},"author":1,"featured_media":0,"parent":0,"menu_order":0,"comment_status":"closed","ping_status":"closed","template":"","meta":{"site-sidebar-layout":"no-sidebar","site-content-layout":"page-builder","ast-site-content-layout":"full-width-container","site-content-style":"default","site-sidebar-style":"default","ast-global-header-display":"","ast-banner-title-visibility":"","ast-main-header-display":"","ast-hfb-above-header-display":"","ast-hfb-below-header-display":"","ast-hfb-mobile-header-display":"","site-post-title":"","ast-breadcrumbs-content":"","ast-featured-img":"disabled","footer-sml-layout":"","ast-disable-related-posts":"","theme-transparent-header-meta":"","adv-header-id-meta":"","stick-header-meta":"","header-above-stick-meta":"","header-main-stick-meta":"","header-below-stick-meta":"","astra-migrate-meta-layouts":"set","ast-page-background-enabled":"default","ast-page-background-meta":{"desktop":{"background-color":"","background-image":"","background-repeat":"repeat","background-position":"center center","background-size":"auto","background-attachment":"scroll","background-type":"","background-media":"","overlay-type":"","overlay-color":"","overlay-opacity":"","overlay-gradient":""},"tablet":{"background-color":"","background-image":"","background-repeat":"repeat","background-position":"center center","background-size":"auto","background-attachment":"scroll","background-type":"","background-media":"","overlay-type":"","overlay-color":"","overlay-opacity":"","overlay-gradient":""},"mobile":{"background-color":"","background-image":"","background-repeat":"repeat","background-position":"center center","background-size":"auto","background-attachment":"scroll","background-type":"","background-media":"","overlay-type":"","overlay-color":"","overlay-opacity":"","overlay-gradient":""}},"ast-content-background-meta":{"desktop":{"background-color":"var(--ast-global-color-5)","background-image":"","background-repeat":"repeat","background-position":"center center","background-size":"auto","background-attachment":"scroll","background-type":"","background-media":"","overlay-type":"","overlay-color":"","overlay-opacity":"","overlay-gradient":""},"tablet":{"background-color":"var(--ast-global-color-5)","background-image":"","background-repeat":"repeat","background-position":"center center","background-size":"auto","background-attachment":"scroll","background-type":"","background-media":"","overlay-type":"","overlay-color":"","overlay-opacity":"","overlay-gradient":""},"mobile":{"background-color":"var(--ast-global-color-5)","background-image":"","background-repeat":"repeat","background-position":"center center","background-size":"auto","background-attachment":"scroll","background-type":"","background-media":"","overlay-type":"","overlay-color":"","overlay-opacity":"","overlay-gradient":""}},"footnotes":""},"class_list":["post-3121","page","type-page","status-publish","hentry"],"yoast_head":"<!-- This site is optimized with the Yoast SEO plugin v27.5 - https:\/\/yoast.com\/product\/yoast-seo-wordpress\/ -->\n<title>Chiper Mihai - Institutul de Istorie \u201eA. D. Xenopol\u201d<\/title>\n<meta name=\"robots\" content=\"index, follow, max-snippet:-1, max-image-preview:large, max-video-preview:-1\" \/>\n<link rel=\"canonical\" href=\"https:\/\/institutulxenopol.ro\/en\/chiper-mihai\/\" \/>\n<meta property=\"og:locale\" content=\"en_US\" \/>\n<meta property=\"og:type\" content=\"article\" \/>\n<meta property=\"og:title\" content=\"Chiper Mihai - Institutul de Istorie \u201eA. D. Xenopol\u201d\" \/>\n<meta property=\"og:description\" content=\"Cercet\u0103tor \u015etiin\u0163ific II dr. Mihai C. Chiper, \u015fef de departament Colectivul de Istorie a culturii mihaichiper75@yahoo.com Prezentare Publica\u021bii Curriculum vitae Mihai Chiper a studiat istoria la Universitatea \u201eAl. I. Cuza\u201d, Ia\u0219i, pe care absolvit-o \u00een 1997. \u00cen 2009 \u0219i-a sus\u021binut teza de doctorat cu tema\u00a0Pa\u0219optismul \u00een cultura rom\u00e2n\u0103. Memoria revolu\u021bionar\u0103 \u00een a doua jum\u0103tate a [&hellip;]\" \/>\n<meta property=\"og:url\" content=\"https:\/\/institutulxenopol.ro\/en\/chiper-mihai\/\" \/>\n<meta property=\"og:site_name\" content=\"Institutul de Istorie \u201eA. D. Xenopol\u201d\" \/>\n<meta property=\"article:publisher\" content=\"https:\/\/www.facebook.com\/profile.php?id=61559258097917\" \/>\n<meta property=\"article:modified_time\" content=\"2025-11-21T13:13:08+00:00\" \/>\n<meta property=\"og:image\" content=\"https:\/\/institutulxenopol.ro\/wp-content\/uploads\/2025\/10\/Foto-Chiper.jpg\" \/>\n\t<meta property=\"og:image:width\" content=\"736\" \/>\n\t<meta property=\"og:image:height\" content=\"816\" \/>\n\t<meta property=\"og:image:type\" content=\"image\/jpeg\" \/>\n<script type=\"application\/ld+json\" class=\"yoast-schema-graph\">{\"@context\":\"https:\\\/\\\/schema.org\",\"@graph\":[{\"@type\":\"WebPage\",\"@id\":\"https:\\\/\\\/institutulxenopol.ro\\\/chiper-mihai\\\/\",\"url\":\"https:\\\/\\\/institutulxenopol.ro\\\/chiper-mihai\\\/\",\"name\":\"Chiper Mihai - Institutul de Istorie \u201eA. D. Xenopol\u201d\",\"isPartOf\":{\"@id\":\"https:\\\/\\\/institutulxenopol.ro\\\/#website\"},\"primaryImageOfPage\":{\"@id\":\"https:\\\/\\\/institutulxenopol.ro\\\/chiper-mihai\\\/#primaryimage\"},\"image\":{\"@id\":\"https:\\\/\\\/institutulxenopol.ro\\\/chiper-mihai\\\/#primaryimage\"},\"thumbnailUrl\":\"https:\\\/\\\/institutulxenopol.ro\\\/wp-content\\\/uploads\\\/2025\\\/10\\\/Foto-Chiper.jpg\",\"datePublished\":\"2025-10-21T21:12:19+00:00\",\"dateModified\":\"2025-11-21T13:13:08+00:00\",\"breadcrumb\":{\"@id\":\"https:\\\/\\\/institutulxenopol.ro\\\/chiper-mihai\\\/#breadcrumb\"},\"inLanguage\":\"en-US\",\"potentialAction\":[{\"@type\":\"ReadAction\",\"target\":[\"https:\\\/\\\/institutulxenopol.ro\\\/chiper-mihai\\\/\"]}]},{\"@type\":\"ImageObject\",\"inLanguage\":\"en-US\",\"@id\":\"https:\\\/\\\/institutulxenopol.ro\\\/chiper-mihai\\\/#primaryimage\",\"url\":\"https:\\\/\\\/institutulxenopol.ro\\\/wp-content\\\/uploads\\\/2025\\\/10\\\/Foto-Chiper.jpg\",\"contentUrl\":\"https:\\\/\\\/institutulxenopol.ro\\\/wp-content\\\/uploads\\\/2025\\\/10\\\/Foto-Chiper.jpg\"},{\"@type\":\"BreadcrumbList\",\"@id\":\"https:\\\/\\\/institutulxenopol.ro\\\/chiper-mihai\\\/#breadcrumb\",\"itemListElement\":[{\"@type\":\"ListItem\",\"position\":1,\"name\":\"Prima pagin\u0103\",\"item\":\"https:\\\/\\\/institutulxenopol.ro\\\/\"},{\"@type\":\"ListItem\",\"position\":2,\"name\":\"Chiper Mihai\"}]},{\"@type\":\"WebSite\",\"@id\":\"https:\\\/\\\/institutulxenopol.ro\\\/#website\",\"url\":\"https:\\\/\\\/institutulxenopol.ro\\\/\",\"name\":\"Institutul de Istorie \u201eA. D. Xenopol\u201d Ia\u0219i\",\"description\":\"Academia Rom\u00e2n\u0103 - Filiala Ia\u0219i\",\"publisher\":{\"@id\":\"https:\\\/\\\/institutulxenopol.ro\\\/#organization\"},\"potentialAction\":[{\"@type\":\"SearchAction\",\"target\":{\"@type\":\"EntryPoint\",\"urlTemplate\":\"https:\\\/\\\/institutulxenopol.ro\\\/?s={search_term_string}\"},\"query-input\":{\"@type\":\"PropertyValueSpecification\",\"valueRequired\":true,\"valueName\":\"search_term_string\"}}],\"inLanguage\":\"en-US\"},{\"@type\":\"Organization\",\"@id\":\"https:\\\/\\\/institutulxenopol.ro\\\/#organization\",\"name\":\"Institutul de Istorie \u201eA. D. Xenopol\u201d Ia\u0219i\",\"url\":\"https:\\\/\\\/institutulxenopol.ro\\\/\",\"logo\":{\"@type\":\"ImageObject\",\"inLanguage\":\"en-US\",\"@id\":\"https:\\\/\\\/institutulxenopol.ro\\\/#\\\/schema\\\/logo\\\/image\\\/\",\"url\":\"https:\\\/\\\/institutulxenopol.ro\\\/wp-content\\\/uploads\\\/2025\\\/10\\\/logo-institut-black-e1761148345490.png\",\"contentUrl\":\"https:\\\/\\\/institutulxenopol.ro\\\/wp-content\\\/uploads\\\/2025\\\/10\\\/logo-institut-black-e1761148345490.png\",\"width\":432,\"height\":164,\"caption\":\"Institutul de Istorie \u201eA. D. Xenopol\u201d Ia\u0219i\"},\"image\":{\"@id\":\"https:\\\/\\\/institutulxenopol.ro\\\/#\\\/schema\\\/logo\\\/image\\\/\"},\"sameAs\":[\"https:\\\/\\\/www.facebook.com\\\/profile.php?id=61559258097917\"]}]}<\/script>\n<!-- \/ Yoast SEO plugin. -->","yoast_head_json":{"title":"Chiper Mihai - Institutul de Istorie \u201eA. D. Xenopol\u201d","robots":{"index":"index","follow":"follow","max-snippet":"max-snippet:-1","max-image-preview":"max-image-preview:large","max-video-preview":"max-video-preview:-1"},"canonical":"https:\/\/institutulxenopol.ro\/en\/chiper-mihai\/","og_locale":"en_US","og_type":"article","og_title":"Chiper Mihai - Institutul de Istorie \u201eA. D. Xenopol\u201d","og_description":"Cercet\u0103tor \u015etiin\u0163ific II dr. Mihai C. Chiper, \u015fef de departament Colectivul de Istorie a culturii mihaichiper75@yahoo.com Prezentare Publica\u021bii Curriculum vitae Mihai Chiper a studiat istoria la Universitatea \u201eAl. I. Cuza\u201d, Ia\u0219i, pe care absolvit-o \u00een 1997. \u00cen 2009 \u0219i-a sus\u021binut teza de doctorat cu tema\u00a0Pa\u0219optismul \u00een cultura rom\u00e2n\u0103. Memoria revolu\u021bionar\u0103 \u00een a doua jum\u0103tate a [&hellip;]","og_url":"https:\/\/institutulxenopol.ro\/en\/chiper-mihai\/","og_site_name":"Institutul de Istorie \u201eA. D. Xenopol\u201d","article_publisher":"https:\/\/www.facebook.com\/profile.php?id=61559258097917","article_modified_time":"2025-11-21T13:13:08+00:00","og_image":[{"width":736,"height":816,"url":"https:\/\/institutulxenopol.ro\/wp-content\/uploads\/2025\/10\/Foto-Chiper.jpg","type":"image\/jpeg"}],"schema":{"@context":"https:\/\/schema.org","@graph":[{"@type":"WebPage","@id":"https:\/\/institutulxenopol.ro\/chiper-mihai\/","url":"https:\/\/institutulxenopol.ro\/chiper-mihai\/","name":"Chiper Mihai - Institutul de Istorie \u201eA. D. Xenopol\u201d","isPartOf":{"@id":"https:\/\/institutulxenopol.ro\/#website"},"primaryImageOfPage":{"@id":"https:\/\/institutulxenopol.ro\/chiper-mihai\/#primaryimage"},"image":{"@id":"https:\/\/institutulxenopol.ro\/chiper-mihai\/#primaryimage"},"thumbnailUrl":"https:\/\/institutulxenopol.ro\/wp-content\/uploads\/2025\/10\/Foto-Chiper.jpg","datePublished":"2025-10-21T21:12:19+00:00","dateModified":"2025-11-21T13:13:08+00:00","breadcrumb":{"@id":"https:\/\/institutulxenopol.ro\/chiper-mihai\/#breadcrumb"},"inLanguage":"en-US","potentialAction":[{"@type":"ReadAction","target":["https:\/\/institutulxenopol.ro\/chiper-mihai\/"]}]},{"@type":"ImageObject","inLanguage":"en-US","@id":"https:\/\/institutulxenopol.ro\/chiper-mihai\/#primaryimage","url":"https:\/\/institutulxenopol.ro\/wp-content\/uploads\/2025\/10\/Foto-Chiper.jpg","contentUrl":"https:\/\/institutulxenopol.ro\/wp-content\/uploads\/2025\/10\/Foto-Chiper.jpg"},{"@type":"BreadcrumbList","@id":"https:\/\/institutulxenopol.ro\/chiper-mihai\/#breadcrumb","itemListElement":[{"@type":"ListItem","position":1,"name":"Prima pagin\u0103","item":"https:\/\/institutulxenopol.ro\/"},{"@type":"ListItem","position":2,"name":"Chiper Mihai"}]},{"@type":"WebSite","@id":"https:\/\/institutulxenopol.ro\/#website","url":"https:\/\/institutulxenopol.ro\/","name":"Institutul de Istorie \u201eA. D. Xenopol\u201d Ia\u0219i","description":"Academia Rom\u00e2n\u0103 - Filiala Ia\u0219i","publisher":{"@id":"https:\/\/institutulxenopol.ro\/#organization"},"potentialAction":[{"@type":"SearchAction","target":{"@type":"EntryPoint","urlTemplate":"https:\/\/institutulxenopol.ro\/?s={search_term_string}"},"query-input":{"@type":"PropertyValueSpecification","valueRequired":true,"valueName":"search_term_string"}}],"inLanguage":"en-US"},{"@type":"Organization","@id":"https:\/\/institutulxenopol.ro\/#organization","name":"Institutul de Istorie \u201eA. D. Xenopol\u201d Ia\u0219i","url":"https:\/\/institutulxenopol.ro\/","logo":{"@type":"ImageObject","inLanguage":"en-US","@id":"https:\/\/institutulxenopol.ro\/#\/schema\/logo\/image\/","url":"https:\/\/institutulxenopol.ro\/wp-content\/uploads\/2025\/10\/logo-institut-black-e1761148345490.png","contentUrl":"https:\/\/institutulxenopol.ro\/wp-content\/uploads\/2025\/10\/logo-institut-black-e1761148345490.png","width":432,"height":164,"caption":"Institutul de Istorie \u201eA. D. Xenopol\u201d Ia\u0219i"},"image":{"@id":"https:\/\/institutulxenopol.ro\/#\/schema\/logo\/image\/"},"sameAs":["https:\/\/www.facebook.com\/profile.php?id=61559258097917"]}]}},"_links":{"self":[{"href":"https:\/\/institutulxenopol.ro\/en\/wp-json\/wp\/v2\/pages\/3121","targetHints":{"allow":["GET"]}}],"collection":[{"href":"https:\/\/institutulxenopol.ro\/en\/wp-json\/wp\/v2\/pages"}],"about":[{"href":"https:\/\/institutulxenopol.ro\/en\/wp-json\/wp\/v2\/types\/page"}],"author":[{"embeddable":true,"href":"https:\/\/institutulxenopol.ro\/en\/wp-json\/wp\/v2\/users\/1"}],"replies":[{"embeddable":true,"href":"https:\/\/institutulxenopol.ro\/en\/wp-json\/wp\/v2\/comments?post=3121"}],"version-history":[{"count":28,"href":"https:\/\/institutulxenopol.ro\/en\/wp-json\/wp\/v2\/pages\/3121\/revisions"}],"predecessor-version":[{"id":4930,"href":"https:\/\/institutulxenopol.ro\/en\/wp-json\/wp\/v2\/pages\/3121\/revisions\/4930"}],"wp:attachment":[{"href":"https:\/\/institutulxenopol.ro\/en\/wp-json\/wp\/v2\/media?parent=3121"}],"curies":[{"name":"wp","href":"https:\/\/api.w.org\/{rel}","templated":true}]}}