{"id":3099,"date":"2025-10-21T23:55:02","date_gmt":"2025-10-21T20:55:02","guid":{"rendered":"https:\/\/institutulxenopol.ro\/?page_id=3099"},"modified":"2025-11-21T16:04:08","modified_gmt":"2025-11-21T13:04:08","slug":"chelcu-marius","status":"publish","type":"page","link":"https:\/\/institutulxenopol.ro\/en\/chelcu-marius\/","title":{"rendered":"Chelcu Marius"},"content":{"rendered":"\t\t<div data-elementor-type=\"wp-page\" data-elementor-id=\"3099\" class=\"elementor elementor-3099\">\n\t\t\t\t<div class=\"elementor-element elementor-element-66c345d0 e-flex e-con-boxed e-con e-parent\" data-id=\"66c345d0\" data-element_type=\"container\" data-e-type=\"container\" data-settings=\"{&quot;background_background&quot;:&quot;classic&quot;}\">\n\t\t\t\t\t<div class=\"e-con-inner\">\n\t\t<div class=\"elementor-element elementor-element-38351a6d e-con-full e-flex e-con e-child\" data-id=\"38351a6d\" data-element_type=\"container\" data-e-type=\"container\">\n\t\t\t\t<\/div>\n\t\t\t\t\t<\/div>\n\t\t\t\t<\/div>\n\t\t<div class=\"elementor-element elementor-element-2b71b0a8 e-flex e-con-boxed e-con e-parent\" data-id=\"2b71b0a8\" data-element_type=\"container\" data-e-type=\"container\">\n\t\t\t\t\t<div class=\"e-con-inner\">\n\t\t<div class=\"elementor-element elementor-element-5ba20046 e-con-full e-flex e-con e-child\" data-id=\"5ba20046\" data-element_type=\"container\" data-e-type=\"container\">\n\t\t\t\t<div class=\"elementor-element elementor-element-1de12ac2 elementor-widget elementor-widget-heading\" data-id=\"1de12ac2\" data-element_type=\"widget\" data-e-type=\"widget\" data-widget_type=\"heading.default\">\n\t\t\t\t\t<h2 class=\"elementor-heading-title elementor-size-default\">Cercet\u0103tor \u015etiin\u0163ific I dr. Marius C. Chelcu<\/h2>\t\t\t\t<\/div>\n\t\t\t\t<div class=\"elementor-element elementor-element-31eb7f75 elementor-widget elementor-widget-text-editor\" data-id=\"31eb7f75\" data-element_type=\"widget\" data-e-type=\"widget\" data-widget_type=\"text-editor.default\">\n\t\t\t\t\t\t\t\t\t<p>Colectivul de Istorie medieval\u0103<\/p>\t\t\t\t\t\t\t\t<\/div>\n\t\t<div class=\"elementor-element elementor-element-659e3e8a e-grid e-con-full e-con e-child\" data-id=\"659e3e8a\" data-element_type=\"container\" data-e-type=\"container\">\n\t\t\t\t<div class=\"elementor-element elementor-element-1240b073 elementor-widget elementor-widget-image\" data-id=\"1240b073\" data-element_type=\"widget\" data-e-type=\"widget\" data-widget_type=\"image.default\">\n\t\t\t\t\t\t\t\t\t\t\t\t\t\t\t<img fetchpriority=\"high\" decoding=\"async\" width=\"1788\" height=\"1720\" src=\"https:\/\/institutulxenopol.ro\/wp-content\/uploads\/2025\/10\/Marius-Chelcu_Professional-Profile-Photo-Post-scaled-e1761080206336.png\" class=\"attachment-full size-full wp-image-3102\" alt=\"\" srcset=\"https:\/\/institutulxenopol.ro\/wp-content\/uploads\/2025\/10\/Marius-Chelcu_Professional-Profile-Photo-Post-scaled-e1761080206336.png 1788w, https:\/\/institutulxenopol.ro\/wp-content\/uploads\/2025\/10\/Marius-Chelcu_Professional-Profile-Photo-Post-scaled-e1761080206336-300x289.png 300w, https:\/\/institutulxenopol.ro\/wp-content\/uploads\/2025\/10\/Marius-Chelcu_Professional-Profile-Photo-Post-scaled-e1761080206336-1024x985.png 1024w, https:\/\/institutulxenopol.ro\/wp-content\/uploads\/2025\/10\/Marius-Chelcu_Professional-Profile-Photo-Post-scaled-e1761080206336-768x739.png 768w, https:\/\/institutulxenopol.ro\/wp-content\/uploads\/2025\/10\/Marius-Chelcu_Professional-Profile-Photo-Post-scaled-e1761080206336-1536x1478.png 1536w\" sizes=\"(max-width: 1788px) 100vw, 1788px\" \/>\t\t\t\t\t\t\t\t\t\t\t\t\t\t\t<\/div>\n\t\t\t\t<div class=\"elementor-element elementor-element-34bbbfce elementor-align-start elementor-icon-list--layout-traditional elementor-list-item-link-full_width elementor-widget elementor-widget-icon-list\" data-id=\"34bbbfce\" data-element_type=\"widget\" data-e-type=\"widget\" data-widget_type=\"icon-list.default\">\n\t\t\t\t\t\t\t<ul class=\"elementor-icon-list-items\">\n\t\t\t\t\t\t\t<li class=\"elementor-icon-list-item\">\n\t\t\t\t\t\t\t\t\t\t\t<a href=\"mailto:mariuschelcu@gmail.com\">\n\n\t\t\t\t\t\t\t\t\t\t\t\t<span class=\"elementor-icon-list-icon\">\n\t\t\t\t\t\t\t<svg aria-hidden=\"true\" class=\"e-font-icon-svg e-far-envelope\" viewBox=\"0 0 512 512\" xmlns=\"http:\/\/www.w3.org\/2000\/svg\"><path d=\"M464 64H48C21.49 64 0 85.49 0 112v288c0 26.51 21.49 48 48 48h416c26.51 0 48-21.49 48-48V112c0-26.51-21.49-48-48-48zm0 48v40.805c-22.422 18.259-58.168 46.651-134.587 106.49-16.841 13.247-50.201 45.072-73.413 44.701-23.208.375-56.579-31.459-73.413-44.701C106.18 199.465 70.425 171.067 48 152.805V112h416zM48 400V214.398c22.914 18.251 55.409 43.862 104.938 82.646 21.857 17.205 60.134 55.186 103.062 54.955 42.717.231 80.509-37.199 103.053-54.947 49.528-38.783 82.032-64.401 104.947-82.653V400H48z\"><\/path><\/svg>\t\t\t\t\t\t<\/span>\n\t\t\t\t\t\t\t\t\t\t<span class=\"elementor-icon-list-text\">mariuschelcu@gmail.com<\/span>\n\t\t\t\t\t\t\t\t\t\t\t<\/a>\n\t\t\t\t\t\t\t\t\t<\/li>\n\t\t\t\t\t\t\t\t<li class=\"elementor-icon-list-item\">\n\t\t\t\t\t\t\t\t\t\t\t<a href=\"https:\/\/www.facebook.com\/marius.chelcu\">\n\n\t\t\t\t\t\t\t\t\t\t\t\t<span class=\"elementor-icon-list-icon\">\n\t\t\t\t\t\t\t<svg aria-hidden=\"true\" class=\"e-font-icon-svg e-fab-facebook-square\" viewBox=\"0 0 448 512\" xmlns=\"http:\/\/www.w3.org\/2000\/svg\"><path d=\"M400 32H48A48 48 0 0 0 0 80v352a48 48 0 0 0 48 48h137.25V327.69h-63V256h63v-54.64c0-62.15 37-96.48 93.67-96.48 27.14 0 55.52 4.84 55.52 4.84v61h-31.27c-30.81 0-40.42 19.12-40.42 38.73V256h68.78l-11 71.69h-57.78V480H400a48 48 0 0 0 48-48V80a48 48 0 0 0-48-48z\"><\/path><\/svg>\t\t\t\t\t\t<\/span>\n\t\t\t\t\t\t\t\t\t\t<span class=\"elementor-icon-list-text\">Marius Chelcu<\/span>\n\t\t\t\t\t\t\t\t\t\t\t<\/a>\n\t\t\t\t\t\t\t\t\t<\/li>\n\t\t\t\t\t\t\t\t<li class=\"elementor-icon-list-item\">\n\t\t\t\t\t\t\t\t\t\t\t<a href=\"https:\/\/www.instagram.com\/marius_ache\/\">\n\n\t\t\t\t\t\t\t\t\t\t\t\t<span class=\"elementor-icon-list-icon\">\n\t\t\t\t\t\t\t<svg aria-hidden=\"true\" class=\"e-font-icon-svg e-fab-instagram\" viewBox=\"0 0 448 512\" xmlns=\"http:\/\/www.w3.org\/2000\/svg\"><path d=\"M224.1 141c-63.6 0-114.9 51.3-114.9 114.9s51.3 114.9 114.9 114.9S339 319.5 339 255.9 287.7 141 224.1 141zm0 189.6c-41.1 0-74.7-33.5-74.7-74.7s33.5-74.7 74.7-74.7 74.7 33.5 74.7 74.7-33.6 74.7-74.7 74.7zm146.4-194.3c0 14.9-12 26.8-26.8 26.8-14.9 0-26.8-12-26.8-26.8s12-26.8 26.8-26.8 26.8 12 26.8 26.8zm76.1 27.2c-1.7-35.9-9.9-67.7-36.2-93.9-26.2-26.2-58-34.4-93.9-36.2-37-2.1-147.9-2.1-184.9 0-35.8 1.7-67.6 9.9-93.9 36.1s-34.4 58-36.2 93.9c-2.1 37-2.1 147.9 0 184.9 1.7 35.9 9.9 67.7 36.2 93.9s58 34.4 93.9 36.2c37 2.1 147.9 2.1 184.9 0 35.9-1.7 67.7-9.9 93.9-36.2 26.2-26.2 34.4-58 36.2-93.9 2.1-37 2.1-147.8 0-184.8zM398.8 388c-7.8 19.6-22.9 34.7-42.6 42.6-29.5 11.7-99.5 9-132.1 9s-102.7 2.6-132.1-9c-19.6-7.8-34.7-22.9-42.6-42.6-11.7-29.5-9-99.5-9-132.1s-2.6-102.7 9-132.1c7.8-19.6 22.9-34.7 42.6-42.6 29.5-11.7 99.5-9 132.1-9s102.7-2.6 132.1 9c19.6 7.8 34.7 22.9 42.6 42.6 11.7 29.5 9 99.5 9 132.1s2.7 102.7-9 132.1z\"><\/path><\/svg>\t\t\t\t\t\t<\/span>\n\t\t\t\t\t\t\t\t\t\t<span class=\"elementor-icon-list-text\">Marius Chelcu<\/span>\n\t\t\t\t\t\t\t\t\t\t\t<\/a>\n\t\t\t\t\t\t\t\t\t<\/li>\n\t\t\t\t\t\t<\/ul>\n\t\t\t\t\t\t<\/div>\n\t\t\t\t<\/div>\n\t\t\t\t<\/div>\n\t\t\t\t<div class=\"elementor-element elementor-element-37cf6480 elementor-widget elementor-widget-spacer\" data-id=\"37cf6480\" data-element_type=\"widget\" data-e-type=\"widget\" data-widget_type=\"spacer.default\">\n\t\t\t\t\t\t\t<div class=\"elementor-spacer\">\n\t\t\t<div class=\"elementor-spacer-inner\"><\/div>\n\t\t<\/div>\n\t\t\t\t\t\t<\/div>\n\t\t\t\t<div class=\"elementor-element elementor-element-68a19487 elementor-widget elementor-widget-eael-adv-tabs\" data-id=\"68a19487\" data-element_type=\"widget\" data-e-type=\"widget\" data-widget_type=\"eael-adv-tabs.default\">\n\t\t\t\t\t        <div data-scroll-on-click=\"\" data-scroll-speed=\"300\" id=\"eael-advance-tabs-68a19487\" class=\"eael-advance-tabs eael-tabs-horizontal eael-tab-auto-active  active-caret-on\" data-tabid=\"68a19487\">\n            <div class=\"eael-tabs-nav \">\n                <ul class=\"\" role=\"tablist\">\n                                            <li id=\"prezentare\" class=\"inactive eael-tab-item-trigger eael-tab-nav-item\" aria-selected=\"true\" data-tab=\"1\" role=\"tab\" tabindex=\"0\" aria-controls=\"prezentare-tab\" aria-expanded=\"false\">\n                            \n                            \n                            \n                                                            <span class=\"eael-tab-title title-after-icon\" >Prezentare<\/span>                                                    <\/li>\n                                            <li id=\"publicaii\" class=\"inactive eael-tab-item-trigger eael-tab-nav-item\" aria-selected=\"false\" data-tab=\"2\" role=\"tab\" tabindex=\"-1\" aria-controls=\"publicaii-tab\" aria-expanded=\"false\">\n                            \n                            \n                            \n                                                            <span class=\"eael-tab-title title-after-icon\" >Publica\u021bii<\/span>                                                    <\/li>\n                                            <li id=\"curriculum-vitae\" class=\"inactive eael-tab-item-trigger eael-tab-nav-item\" aria-selected=\"false\" data-tab=\"3\" role=\"tab\" tabindex=\"-1\" aria-controls=\"curriculum-vitae-tab\" aria-expanded=\"false\">\n                            \n                            \n                            \n                                                            <span class=\"eael-tab-title title-after-icon\" >Curriculum vitae<\/span>                                                    <\/li>\n                    \n                                  <\/ul>\n            <\/div>\n            \n            <div class=\"eael-tabs-content\">\n\t\t        \n                    <div id=\"prezentare-tab\" class=\"clearfix eael-tab-content-item inactive\" data-title-link=\"prezentare-tab\">\n\t\t\t\t        <p style=\"text-align: justify\"><strong>Marius Chelcu<\/strong> (n. 10 mai 1974, Ia\u0219i) este cercet\u0103tor \u0219tiin\u021bific \u00een cadrul Institutului de Istorie \u201eA. D. Xenopol\u201d din Ia\u0219i, Filiala Academiei Rom\u00e2ne. Este doctor \u00een istorie, cu o tez\u0103 dedicat\u0103 evolu\u021biei ora\u0219ului moldovenesc \u00een perioada secolelor XVI\u2013XVIII \u015fi doctor abilitat cu o tez\u0103 dedicat\u0103 evolu\u0163iei teritoriului urban \u00een perioada secolelor XVIII-XIX, av\u00e2nd o bogat\u0103 activitate de cercetare \u00een domeniul istoriei urbane \u0219i al structurilor sociale din spa\u021biul Moldovei premoderne \u0219i moderne. De asemenea, este specialist \u00een editarea documentelor rom\u00e2ne\u015fti din perioada medieval\u0103 \u015fi premodern\u0103, fiind membru al echipei redac\u0163ionale a <em>Documenta Romaniae Historica<\/em>, proiect fundamental al Academiei Rom\u00e2ne.<\/p><p>Activitatea sa \u0219tiin\u021bific\u0103 se reflect\u0103 \u00eentr-un num\u0103r semnificativ de studii \u0219i articole publicate \u00een reviste de specialitate, capitole de volume \u0219i lucr\u0103ri colective, abord\u00e2nd teme precum dinamica urban\u0103, administra\u021bia local\u0103, via\u021ba cotidian\u0103, minorit\u0103\u021bile etnice \u0219i evolu\u021biile socio-culturale din ora\u0219ele Moldovei. Marius Chelcu a contribuit, de asemenea, la realizarea unor proiecte de cercetare interdisciplinare privind patrimoniul istoric \u0219i memoria colectiv\u0103 a spa\u021biului urban.<\/p><p>Pe l\u00e2ng\u0103 activitatea \u0219tiin\u021bific\u0103, este implicat activ \u00een via\u021ba cultural\u0103 \u0219i civic\u0103 a Ia\u0219ului, particip\u00e2nd la conferin\u021be, dezbateri publice \u0219i proiecte comunitare de valorificare a memoriei istorice. Prin demersurile sale, promoveaz\u0103 o abordare integrat\u0103 a istoriei locale, \u00een care cercetarea academic\u0103 se \u00eemplete\u0219te cu responsabilitatea civic\u0103 \u0219i educa\u021bia pentru patrimoniu.<\/p>                    <\/div>\n\t\t        \n                    <div id=\"publicaii-tab\" class=\"clearfix eael-tab-content-item inactive\" data-title-link=\"publicaii-tab\">\n\t\t\t\t        <style>.elementor-3109 .elementor-element.elementor-element-69352055{--display:flex;--margin-top:0px;--margin-bottom:0px;--margin-left:0px;--margin-right:0px;}.elementor-3109 .elementor-element.elementor-element-3319f515 .eael-adv-accordion .eael-accordion-list .eael-accordion-header .fa-accordion-icon{font-size:16px;color:var( --e-global-color-secondary );}.elementor-3109 .elementor-element.elementor-element-3319f515 .eael-adv-accordion .eael-accordion-list .eael-accordion-header svg.fa-accordion-icon{height:16px;width:16px;line-height:16px;}.elementor-3109 .elementor-element.elementor-element-3319f515 .eael-accordion_media-list .eael-accordion_media-icon i{font-size:16px;}.elementor-3109 .elementor-element.elementor-element-3319f515 .eael-accordion_media-list .eael-accordion_media-icon svg{height:16px;width:16px;line-height:16px;}.elementor-3109 .elementor-element.elementor-element-3319f515 .eael-adv-accordion .eael-accordion-list .eael-accordion-header .fa-accordion-icon,\n                    .elementor-3109 .elementor-element.elementor-element-3319f515 .eael-accordion_media-wrapper .eael-accordion_media-lists .eael-accordion_media-list{gap:10px;}.elementor-3109 .elementor-element.elementor-element-3319f515 .eael-adv-accordion .eael-accordion-list .eael-accordion-header, \n                .elementor-3109 .elementor-element.elementor-element-3319f515 .eael-accordion_media-wrapper .eael-accordion_media-list{background-color:var( --e-global-color-astglobalcolor4 );}.elementor-3109 .elementor-element.elementor-element-3319f515 .eael-adv-accordion .eael-accordion-list .eael-accordion-header .eael-accordion-tab-title{color:var( --e-global-color-secondary );}.elementor-3109 .elementor-element.elementor-element-3319f515 .eael-accordion_media-content .eael-accordion_media-title{color:var( --e-global-color-secondary );}.elementor-3109 .elementor-element.elementor-element-3319f515 .eael-adv-accordion .eael-accordion-list .eael-accordion-header .fa-accordion-icon-svg svg{color:var( --e-global-color-secondary );fill:var( --e-global-color-secondary );}.elementor-3109 .elementor-element.elementor-element-3319f515 .eael-adv-accordion .eael-accordion-list .eael-accordion-header svg{fill:var( --e-global-color-secondary );}.elementor-3109 .elementor-element.elementor-element-3319f515 .eael-accordion_media-list .eael-accordion_media-icon{color:var( --e-global-color-secondary );}.elementor-3109 .elementor-element.elementor-element-3319f515 .eael-adv-accordion .eael-accordion-list .eael-accordion-header:hover .eael-accordion-tab-title,\n                    .elementor-3109 .elementor-element.elementor-element-3319f515 .eael-accordion_media-list:not(.active):hover .eael-accordion_media-title{color:var( --e-global-color-primary );}.elementor-3109 .elementor-element.elementor-element-3319f515 .eael-adv-accordion .eael-accordion-list .eael-accordion-header:hover .fa-accordion-icon{color:var( --e-global-color-primary );}.elementor-3109 .elementor-element.elementor-element-3319f515 .eael-adv-accordion .eael-accordion-list .eael-accordion-header:hover .fa-accordion-icon svg{color:var( --e-global-color-primary );fill:var( --e-global-color-primary );}.elementor-3109 .elementor-element.elementor-element-3319f515 .eael-adv-accordion .eael-accordion-list .eael-accordion-header:hover svg.fa-accordion-icon{fill:var( --e-global-color-primary );}.elementor-3109 .elementor-element.elementor-element-3319f515 .eael-accordion_media-list:hover .eael-accordion_media-icon i{color:var( --e-global-color-primary );}.elementor-3109 .elementor-element.elementor-element-3319f515 .eael-accordion_media-list:hover .eael-accordion_media-icon svg{fill:var( --e-global-color-primary );}.elementor-3109 .elementor-element.elementor-element-3319f515 .eael-adv-accordion .eael-accordion-list .eael-accordion-header.active{color:var( --e-global-color-primary );}.elementor-3109 .elementor-element.elementor-element-3319f515 .eael-adv-accordion .eael-accordion-list .eael-accordion-header.active .eael-accordion-tab-title{color:var( --e-global-color-primary );}.elementor-3109 .elementor-element.elementor-element-3319f515 .eael-adv-accordion .eael-accordion-list .eael-accordion-header.active .fa-accordion-icon{color:var( --e-global-color-primary );}.elementor-3109 .elementor-element.elementor-element-3319f515 .eael-adv-accordion .eael-accordion-list .eael-accordion-header.active .fa-accordion-icon svg{color:var( --e-global-color-primary );fill:var( --e-global-color-primary );}.elementor-3109 .elementor-element.elementor-element-3319f515 .eael-adv-accordion .eael-accordion-list .eael-accordion-header.active svg.fa-accordion-icon{fill:var( --e-global-color-primary );}.elementor-3109 .elementor-element.elementor-element-3319f515 .eael-accordion_media-list.active .eael-accordion_media-icon i{color:var( --e-global-color-primary );}.elementor-3109 .elementor-element.elementor-element-3319f515 .eael-accordion_media-list.active .eael-accordion_media-icon svg{fill:var( --e-global-color-primary );}.elementor-3109 .elementor-element.elementor-element-3319f515 .eael-adv-accordion .eael-accordion-list .eael-accordion-content{color:var( --e-global-color-secondary );}.elementor-3109 .elementor-element.elementor-element-3319f515 .eael-accordion_media-list .eael-accordion_media-content .eael-accordion_media-description{color:var( --e-global-color-secondary );}.elementor-3109 .elementor-element.elementor-element-3319f515{margin:0px 0px calc(var(--kit-widget-spacing, 0px) + 0px) 0px;}<\/style>\t\t<div data-elementor-type=\"container\" data-elementor-id=\"3109\" class=\"elementor elementor-3109\">\n\t\t\t\t<div class=\"elementor-element elementor-element-69352055 e-flex e-con-boxed e-con e-parent\" data-id=\"69352055\" data-element_type=\"container\" data-e-type=\"container\">\n\t\t\t\t\t<div class=\"e-con-inner\">\n\t\t\t\t<div class=\"elementor-element elementor-element-3319f515 elementor-widget elementor-widget-eael-adv-accordion\" data-id=\"3319f515\" data-element_type=\"widget\" data-e-type=\"widget\" data-widget_type=\"eael-adv-accordion.default\">\n\t\t\t\t\t            <div class=\"eael-adv-accordion\" id=\"eael-adv-accordion-3319f515\" data-scroll-on-click=\"no\" data-scroll-speed=\"300\" data-accordion-id=\"3319f515\" data-accordion-type=\"accordion\" data-toogle-speed=\"300\">\n            <div class=\"eael-accordion-list\">\n\t\t\t\t\t<div id=\"teza-de-doctorat\" class=\"elementor-tab-title eael-accordion-header\" tabindex=\"0\" data-tab=\"1\" aria-controls=\"elementor-tab-content-8571\"><span class=\"eael-advanced-accordion-icon-closed\"><svg aria-hidden=\"true\" class=\"fa-accordion-icon e-font-icon-svg e-fas-plus\" viewBox=\"0 0 448 512\" xmlns=\"http:\/\/www.w3.org\/2000\/svg\"><path d=\"M416 208H272V64c0-17.67-14.33-32-32-32h-32c-17.67 0-32 14.33-32 32v144H32c-17.67 0-32 14.33-32 32v32c0 17.67 14.33 32 32 32h144v144c0 17.67 14.33 32 32 32h32c17.67 0 32-14.33 32-32V304h144c17.67 0 32-14.33 32-32v-32c0-17.67-14.33-32-32-32z\"><\/path><\/svg><\/span><span class=\"eael-advanced-accordion-icon-opened\"><svg aria-hidden=\"true\" class=\"fa-accordion-icon e-font-icon-svg e-fas-minus\" viewBox=\"0 0 448 512\" xmlns=\"http:\/\/www.w3.org\/2000\/svg\"><path d=\"M416 208H32c-17.67 0-32 14.33-32 32v32c0 17.67 14.33 32 32 32h384c17.67 0 32-14.33 32-32v-32c0-17.67-14.33-32-32-32z\"><\/path><\/svg><\/span><span class=\"eael-accordion-tab-title\">Teza de doctorat<\/span><\/div><div id=\"elementor-tab-content-8571\" class=\"eael-accordion-content clearfix\" data-tab=\"1\" aria-labelledby=\"teza-de-doctorat\"><p>Marius Chelcu, <em>Ora\u015ful moldovenesc, de la mijlocul secolului al XVI-lea p\u00e2n\u0103 la jum\u0103tatea secolului al XVIII-lea<\/em>, la Facultatea de Istorie a Universit\u0103\u0163ii \u201eAlexandru Ioan Cuza\u201d Ia\u015fi, sub coordonarea Prof. univ. dr. Ioan Capro\u015fu, \u00een anul 2010.<\/p><\/div>\n\t\t\t\t\t<\/div><div class=\"eael-accordion-list\">\n\t\t\t\t\t<div id=\"cri-de-specialitate-publicate-n-edituri-recunoscute\" class=\"elementor-tab-title eael-accordion-header\" tabindex=\"0\" data-tab=\"2\" aria-controls=\"elementor-tab-content-8572\"><span class=\"eael-advanced-accordion-icon-closed\"><svg aria-hidden=\"true\" class=\"fa-accordion-icon e-font-icon-svg e-fas-plus\" viewBox=\"0 0 448 512\" xmlns=\"http:\/\/www.w3.org\/2000\/svg\"><path d=\"M416 208H272V64c0-17.67-14.33-32-32-32h-32c-17.67 0-32 14.33-32 32v144H32c-17.67 0-32 14.33-32 32v32c0 17.67 14.33 32 32 32h144v144c0 17.67 14.33 32 32 32h32c17.67 0 32-14.33 32-32V304h144c17.67 0 32-14.33 32-32v-32c0-17.67-14.33-32-32-32z\"><\/path><\/svg><\/span><span class=\"eael-advanced-accordion-icon-opened\"><svg aria-hidden=\"true\" class=\"fa-accordion-icon e-font-icon-svg e-fas-minus\" viewBox=\"0 0 448 512\" xmlns=\"http:\/\/www.w3.org\/2000\/svg\"><path d=\"M416 208H32c-17.67 0-32 14.33-32 32v32c0 17.67 14.33 32 32 32h384c17.67 0 32-14.33 32-32v-32c0-17.67-14.33-32-32-32z\"><\/path><\/svg><\/span><span class=\"eael-accordion-tab-title\">C\u0103r\u0163i de specialitate publicate \u00een edituri recunoscute<\/span><\/div><div id=\"elementor-tab-content-8572\" class=\"eael-accordion-content clearfix\" data-tab=\"2\" aria-labelledby=\"cri-de-specialitate-publicate-n-edituri-recunoscute\"><p>1. C\u0103r\u0163i de autor \u015fi capitole \u00een c\u0103r\u0163i<strong>:<\/strong><\/p><p>Dumitru Boghian, Sergiu-Constantin Enea, <strong>Marius Chelcu<\/strong> \u015fi Pavel Tudose, <em>Monografia comunit\u0103\u0163ii ru\u015filor lipoveni din T\u00e2rgu Frumos<\/em>, Editura Comunit\u0103\u0163ii Ru\u015filor Lipoveni din Rom\u00e2nia, Bucure\u015fti, 2020, 574 p. [capitolul IV. <em>Lipovenii de la T\u00e2rgu Frumos \u00een documente juridice, statistice \u015fi de stare civil\u0103. De la prima atestare la \u00eenceputul secolului al XX-lea<\/em>, p. 105-180].<\/p><p>Dumitru Boghian, Sergiu-Constantin Enea, <strong>Marius Chelcu<\/strong> \u015fi Ionu\u0163 Minea,<em> Monografia ora\u015fului T\u00e2rgu Frumos, Editura Universit\u0103\u0163ii \u201eAlexandru Ioan Cuza\u201d<\/em>, 2018, 677 p.; [ISBN: 978-606-714-489-5]<\/p><p>Marius Chelcu, <em>Ora\u015ful Tecuci. St\u0103p\u00e2nirea \u015fi organizarea teritoriului urban p\u00e2n\u0103 la Regulamentul Organic<\/em>, Academia Rom\u00e2n\u0103. Centrul de Studii Transilvane, Cluj-Napoca, 2015, 250 p.<\/p><p>Marius Chelcu, <em>Istoria ora\u015felor din Moldova de la jum\u0103tatea secolului al XVI-lea p\u00e2n\u0103 la jum\u0103tatea secolului al XVIII-lea<\/em>. <em>Studii \u015fi documente<\/em>, Ia\u015fi, Editura Universit\u0103\u0163ii \u201eAlexandru I. Cuza\u201d, Ia\u015fi, 2015, 311 p. [lucrare publicat\u0103 \u00een baza tezei de doctorat]<\/p><p>2. Edit\u0103ri volume colective \u015fi de documente:<\/p><p><em>Fr\u00e2nturi din trecut: putere, societate, diploma\u0163ie<\/em>. <em>Lucr\u0103rile Conferin\u0163ei Institutului de Istorie \u201eA.D. Xenopol\u201d, edi\u0163ia II-III, <\/em>editat de <strong>Marius Chelcu<\/strong> \u015fi Dorin Dobrincu, Editura Universit\u0103\u0163ii \u201eAlexandru Ioan Cuza\u201d, 2024, 440 p., ISBN 978-606-714-726-1 (editur\u0103 clasificat\u0103 CNCS-A).<\/p><p><em>Documenta Romaniae Historica<\/em>, seria A, Moldova, vol. X (1599-1603), volum \u00eentocmit de Petronel Zahariuc, <strong>Marius Chelcu<\/strong>, C\u0103t\u0103lina Chelcu, Sorin Grigoru\u0163\u0103, Silviu V\u0103caru, Editura Academiei Rom\u00e2ne, Bucure\u015fti, 2024, 880 p. (editur\u0103 clasificat\u0103 CNCS-B).<\/p><p><em>Fr\u0103m\u00e2nt\u0103rile modernit\u0103\u0163ii: discursuri, oameni, institu\u0163ii<\/em>. <em>Lucr\u0103rile Conferin\u0163ei Institutului de Istorie \u201eA.D. Xenopol\u201d, edi\u0163ia I, <\/em>Ia\u015fi, Editura Universit\u0103\u0163ii \u201eAlexandru Ioan Cuza\u201d din Ia\u015fi, editat de <strong>Marius Chelcu<\/strong> \u015fi Dorin Dobrincu, 2019, 512 p. [ISBN 978-606-714-726-1; editur\u0103 categoria A, \u00een clasificarea CNCS].<\/p><p><em>Documenta Romaniae Historica<\/em>, A. Moldova, vol. IX (1593\u20131598), \u00eentocmit de Petronel Zahariuc, <strong>Marius Chelcu<\/strong>, Silviu V\u0103caru, C\u0103t\u0103lina Chelcu, Sorin Grigoru\u0163\u0103, Editura Academiei, 2014, 920 p.<\/p><p><em>Domeniul m\u0103n\u0103stirilor din Bucovina \u00een secolele XIV\u2013XVIII<\/em>.<em> Inventar de documente<\/em>, volum editat de Mihai \u015etefan Ceau\u015fu \u015fi <strong>Marius Chelcu<\/strong>, Ia\u015fi, Editura Universit\u0103\u0163ii \u201eAl. I. Cuza\u201d, 2007, 323 p.<\/p><p><em>Documenta Romaniae Historica<\/em>, A. Moldova, vol. XXVIII (1645\u20131646), \u00eentocmit de Petronel Zahariuc, <strong>Marius Chelcu<\/strong>, Silviu V\u0103caru, C\u0103t\u0103lina Chelcu, Editura Academiei, 2006, 970 p.<\/p><p><em>Istorie \u015fi societate \u00een spa\u0163iul est-carpatic (secolele XIII-XX)<\/em>. <em>Omagiu Profesorului Alexandru Zub<\/em>, editat de Dumitru Iv\u0103nescu \u015fi <strong>Marius Chelcu<\/strong>, Ia\u015fi, Editura Junimea, 2005, 544 p.<\/p><p><em>Ethnic contacts and cultural exchanges North and West of the Black Sea<\/em>, edited by Flavius Solomon &amp; Alexandru Zub in cooperation with <strong>Marius Chelcu<\/strong>, Ia\u015fi, Editura Trinitas, 2005.<\/p><p><em>Documenta Romaniae Historica<\/em>, A. Moldova, vol. XXVII (1643\u20131644), \u00eentocmit de Dimitrie Ciurea, Nistor Ciocan, Petronel Zahariuc, Silviu V\u0103caru, <strong>Marius Chelcu<\/strong>, C\u0103t\u0103lina Chelcu, Bucure\u015fti, Editura Academiei, 2004, 750 p.<\/p><p>Alexandru Boldur, <em>\u015etefan cel Mare, voievod al Moldovei (1457\u20131504). Studiu de istorie social\u0103<\/em>, volum reeditat de C\u0103t\u0103lina Chelcu \u015fi <strong>Marius Chelcu<\/strong>, Ia\u015fi, Editura Junimea, 2004, 300 p.<\/p><p><em>Documenta Romaniae Historica<\/em>, A, Moldova, vol. XXV (1639-1640), \u00eentocmit de Nistor Ciocan, Dumitru Agache, Georgeta Ignat \u015fi <strong>Marius Chelcu<\/strong>, \u00een colaborare cu C\u0103t\u0103lina Chelcu \u015fi Silviu V\u0103caru, Bucure\u015fti, Editura Academiei, 2003, 707 p.<\/p><\/div>\n\t\t\t\t\t<\/div><div class=\"eael-accordion-list\">\n\t\t\t\t\t<div id=\"articolestudii\" class=\"elementor-tab-title eael-accordion-header\" tabindex=\"0\" data-tab=\"3\" aria-controls=\"elementor-tab-content-8573\"><span class=\"eael-advanced-accordion-icon-closed\"><svg aria-hidden=\"true\" class=\"fa-accordion-icon e-font-icon-svg e-fas-plus\" viewBox=\"0 0 448 512\" xmlns=\"http:\/\/www.w3.org\/2000\/svg\"><path d=\"M416 208H272V64c0-17.67-14.33-32-32-32h-32c-17.67 0-32 14.33-32 32v144H32c-17.67 0-32 14.33-32 32v32c0 17.67 14.33 32 32 32h144v144c0 17.67 14.33 32 32 32h32c17.67 0 32-14.33 32-32V304h144c17.67 0 32-14.33 32-32v-32c0-17.67-14.33-32-32-32z\"><\/path><\/svg><\/span><span class=\"eael-advanced-accordion-icon-opened\"><svg aria-hidden=\"true\" class=\"fa-accordion-icon e-font-icon-svg e-fas-minus\" viewBox=\"0 0 448 512\" xmlns=\"http:\/\/www.w3.org\/2000\/svg\"><path d=\"M416 208H32c-17.67 0-32 14.33-32 32v32c0 17.67 14.33 32 32 32h384c17.67 0 32-14.33 32-32v-32c0-17.67-14.33-32-32-32z\"><\/path><\/svg><\/span><span class=\"eael-accordion-tab-title\">Articole\/studii<\/span><\/div><div id=\"elementor-tab-content-8573\" class=\"eael-accordion-content clearfix\" data-tab=\"3\" aria-labelledby=\"articolestudii\"><p><strong>1. Articole\/studii<\/strong> publicate \u00een reviste de specialitate de circula\u0163ie interna\u0163ional\u0103 recunoscute sau \u00een reviste de specialitate de circula\u0163ie na\u0163ional\u0103,\u00a0 recunoscute de CNCSIS:<\/p><p><em>Ora\u015ful \u015fi p\u0103durea \u2013 preliminarii pentru o abordare pluridiscipliniar\u0103. Cazul ora\u015fului Ia\u015fi<\/em>, \u00een <em>Ora\u015fe \u015fi t\u00e2rguri din Moldova \u00een perioada de tranzi\u0163ie de la Evul Mediu la Epoca Modern\u0103<\/em>, volum editat de Lumini\u0163a Bejenaru, Margareta Simina Stanc, Ludmila Bacumenco-P\u00eern\u0103u, Cluj-Napoca, Editura Mega, 2024, p. 87-108 (editur\u0103 evaluat\u0103 CNCS-B).<\/p><p><em>Trade, Wealth, and Testamentary Stipulations in Iasi (Mid-Nineteenth Centruy)<\/em>, in Gheorghe Laz\u0103r (ed.), <em>Arrangements before the \u201eGreat Passage\u201d. Testamentary Practices and their Implications (Western Europe and the Romanian Lands, 16<sup>th<\/sup> \u2013 19<sup>th<\/sup> Centuries)<\/em>, Hartung-Gore Publishers, Konstanz, 2023, p. 385-393, ISBN-13:\u00a09783866288072.<\/p><p><em>Negustori \u015fi me\u015fteri \u00eentr-o lume \u00een schimbare (Moldova spre jum\u0103tatea secolului al XIX-lea)<\/em>, \u00een volumul <em>Fr\u0103m\u00e2nt\u0103rile modernit\u0103\u0163ii: discursuri, oameni, institu\u0163ii<\/em>. <em>Lucr\u0103rile Conferin\u0163ei Institutului de Istorie \u201eA.D. Xenopol\u201d, edi\u0163ia I, <\/em>Ia\u015fi, Editura Universit\u0103\u0163ii \u201eAlexandru Ioan Cuza\u201d din Ia\u015fi, editat de Marius Chelcu \u015fi Dorin Dobrincu, 2022, p. 81-92 [ISBN 978-606-714-726-1; editur\u0103 categoria A, \u00een clasificarea CNCS].<\/p><p><em>Merchants and Craftsmen in a Changing World (Mid \u2013 19<sup>th<\/sup> Century)<\/em>, \u00een \u201e\u00c9tudes Balkaniques\u201d, LVIII, 2022, 2, Sofia, p. 44-57 [ISSN 0324-1645\u00a0 \u00a0 \u00a0 \u00a0ISSN (online): 2534-8574; ERIH +, CEEOL]<\/p><p><em>The Portrait of a High Moldavian Clerk in Mid-19<sup>th<\/sup> Century<\/em>, in vol. <em>Social and Administrative Elite in the Romanian Space (15<sup>th<\/sup>-19<sup>th<\/sup> Century)<\/em>, edited by Mihai-Bogdan Atanasiu, Cristian Ploscaru, Hartung-Gorre Publishers, Konstanz, 2021, p. 239-262 [ISBN 978-3-86628-692-4].<\/p><p><em>T\u0103t\u0103ra\u015fi, locuire la marginea ora\u015fului, pe mo\u015fie m\u0103n\u0103stireasc\u0103<\/em>, \u00een volumul <em>Rom\u00e2nii \u015fi Cre\u015ftin\u0103tatea R\u0103s\u0103ritean\u0103 (secolele XIV-XX)<\/em>, Ia\u015fi, Editura Doxologia, 2021, p. 591-602 [ISBN 9786069746608].<\/p><p><em>Armenii din Ia\u015fi \u00een documente de stare civil\u0103 (a doua jum\u0103tate a secolului al XIX-lea)<\/em>, \u00een volumul, \u00een volumul <em>Armenii din Rom\u00e2nia<\/em>, editat de Claudia D\u0103r\u0103ban, Lucian Nastas\u0103-Kov\u00e1cs, Ilka Veress, Cluj-Napoca, Institutul pentru Studierea Problemelor Minorit\u0103\u0163ilor Na\u0163ionale, Colec\u0163ia Minorit\u0103\u0163i, 2021, p 99-106 [ISBN 978-606-8377-68-1].<\/p><p><em>Originea, evolu\u0163ia \u015fi finalitatea unei idei: dreptul de st\u0103p\u00e2nire a mo\u015fiilor de c\u0103tre armenii din Moldova<\/em>, \u00een volumul <em>Armenii din Rom\u00e2nia<\/em>, editat de Claudia D\u0103r\u0103ban, Lucian Nastas\u0103-Kov\u00e1cs, Ilka Veress, Cluj-Napoca, Institutul pentru Studierea Problemelor Minorit\u0103\u0163ilor Na\u0163ionale, Colec\u0163ia Minorit\u0103\u0163i, 2021, p. 61-81 [ISBN 978-606-8377-68-1].<\/p><p><em>Din trecutul mobilit\u0103\u0163ii urbane. Ciclismul la Ia\u015fi \u2013 \u00eenceputuri \u015fi protagoni\u015fti<\/em>, \u00een \u201eIoan Neculce. Buletinul Muzeului Municipal \u201eRegina Maria\u201d Ia\u015fi\u201d, II, seria a III-a, 2020, p. 373-384 [ISSN 2668-7887].<\/p><p><em>Ia\u015fii fostelor zidiri: casa lipit\u0103 de turnul m\u0103n\u0103stirii Barnovschi<\/em>, \u00een volumul <em>Ora\u015ful \u015fi Biserica: patrimoniu, oameni, activit\u0103\u0163i (secolele XV-XIX)<\/em>, editat de Lauren\u0163iu R\u0103dvan, Ia\u015fi, Editura Universit\u0103\u0163ii \u201eAlexandru Ioan Cuza\u201d, 2019, p. 75-94.<\/p><p><em>Fragmente din istoria ora\u015fului Ia\u015fi: re\u015fedin\u0163a Agen\u0163iei Austriece<\/em>, \u00een Analele \u015etiin\u0163ifice ale Universit\u0103\u0163ii \u201eAlexandru Ioan Cuza\u201d din Ia\u015fi, Istorie, tom LXV, 2019, Ia\u015fi, p. 389-418.<\/p><p><em>Un memoriu al ie\u015fenilor la sf\u00e2r\u015fitul Marelui R\u0103zboi. \u00cengrijor\u0103rile \u015fi speran\u0163ele unui nou \u00eenceput<\/em>, \u00een \u201eAnalele \u015etiin\u0163ifice ale Universit\u0103\u0163ii \u201eAlexandru Ioan Cuza\u201d din Ia\u015fi (serie nou\u0103), Istorie, tom LXIV\/2018, num\u0103r special, <em>Marea Unire a rom\u00e2nilor (1818) \u2013 Istorie \u015fi actualitate<\/em>, Ia\u015fi, Editura Universit\u0103\u0163ii \u201eAlexandru Ioan Cuza\u201d din Ia\u015fi, p. 571-589 [ISSN: ; revist\u0103 categoria B; BDI: CEEOL, ERICH B].<\/p><p><em>The Origin, Evolution and Finality of an Idea: The Armenians\u2019 Righ to Land Ownership in Moldavia<\/em>, \u00een \u201eRevista istoric\u0103\u201d, tom XXVIII, 2017, p. 221-242 (ap\u0103rut \u00een 2018) [ISSN: 1018-0443; revist\u0103 CNCS categoria B; ERICH B].<\/p><p><em>O condic\u0103 de documente din secolul al XIX-lea: martor al \u201edesfacerii\u201d arhivelor m\u0103n\u0103stirilor din Bucovina<\/em>, \u00een \u201eAnalele Putnei\u201d, XIV, 1, 2018, p. 309-320 [ISSN: 1841-625X; BDI: CEEOL].<\/p><p><em>Economic Status of Moldavian Monasteries in the 18<sup>th<\/sup> Century.<\/em> <em>Notes on income and expense lists<\/em>, \u00een \u201eAnuarul Institutului de Istorie A.D. Xenopol\u201d, LV, 2018, p. 41-47 [ISSN: 1221-3705; BDI: CEEOL].<\/p><p><em>Dinspre Moscova, prin Polonia, c\u0103tre Istanbul: Moldova zon\u0103 de tranzit a comer\u0163ului interna\u0163ional \u00een secolul al XVII-lea \/ Z Moskwy przez Polsk\u0119 do Stambu\u0142u \u2013 Mo\u0142dawia obszarem tranzytowym dla mi\u0119dzynarodowego handlu w XVII wieku. Streszczenie<\/em>, \u00een vol. <em>Zwi\u0105zki polsko-rumu\u0144skie w historii i kulturze \/ Leg\u0103turi istorice \u015fi culturale polono-rom\u00e2ne<\/em>, Suceava, Uniunea Polonezilor din Rom\u00e2nia, 2018, p. 126-133 [ISBN: 978-973-0-27765-4].<\/p><p><em>Dificult\u0103\u0163i \u00een func\u0163ionarea Orfelinatului \u201eProcopie Florescu\u201d de la T\u0103ute\u015fti &#8211; Ia\u015fi (1892-1948)<\/em>, \u00een \u201eRevista istoric\u0103\u201d, tom XXVII, 2016, nr. 3-4, p. 319-329 (ap\u0103rut \u00een 2018) [ISSN: 1018-0443; revist\u0103 CNCS categoria B; ERICH B]<\/p><p><em>O arhiv\u0103 reg\u0103sit\u0103: dosarele cenzurii de la Biblioteca Academiei<\/em>, \u00een \u201eRevista Bibliotecii Academiei Rom\u00e2ne\u201d, anul 2, nr. 1 ianuarie \u2013 iunie 2017, p. 83-91 [ISSN: 2501-9457].<\/p><p><em>M\u0103n\u0103stirea Copou \u015fi hotarul t\u00e2rgului Ia\u015fi<\/em>, \u00een volumul <em>Rela\u0163iile rom\u00e2nilor cu Muntele Athos \u015fi cu alte Locuri Sfinte (secolele XIV-XX). In honorem Florin Marinescu<\/em>, editat de Petronel Zahariuc, Editura Universit\u0103\u0163ii Alexandru Ioan Cuza din Ia\u015fi, p. 131-144 [ISBN: 978-606-714-396-6; editur\u0103 categoria B].<\/p><p><em>Momente din trecutul t\u00e2rgului Soroca<\/em>, \u00een \u201eAnalele \u015etiin\u0163ifice ale Universit\u0103\u0163ii Alexandru Ioan Cuza din Ia\u015fi. Istorie\u201d, s.n., <em>Istorie<\/em>, LXII, 2016, p. 85-96. [ISSN: ; revist\u0103 categoria B; BDI: CEEOL]<\/p><p><em>Arhivele m\u0103n\u0103stirilor din Bucovina: reconstituire dup\u0103 un inventar din anul 1805<\/em>, \u00een \u201eAnalele Putnei\u201d, XII, 2016, p. 51-75. [ISSN: 1841-625X; BDI: CEEOL]<\/p><p><em>Vladomira. M\u0103rturii despre mo\u015fie, biseric\u0103 \u015fi oameni din trecut<\/em>, \u00een <em>In honorem Mircea Ciubotaru<\/em>, volum editat de Lucian-Valeriu Lefter, Mihai-Bogdan Atanasiu, Editura Universit\u0103\u0163ii Alexandru Ioan Cuza\u201d Ia\u015fi, 2015, p. 105-122.<\/p><p><em>Procopie Florescu: portretul unui func\u0163ionar din secolul al XIX-lea<\/em>, \u00een \u201eAnuarul Institutului de Istorie A.D. Xenopol\u201d, LII, 2015, p. 209-220.<\/p><p><em>O institu\u0163ie de ocrotire a copilului de la sf\u00e2r\u015fitul secolului XIX: Orfelinatul \u201eProcopie Florescu\u201d<\/em>, \u00een <em>Educa\u0163ia public\u0103 \u015fi condi\u0163ion\u0103rile sale (secolele XIX-XX)<\/em>, volum editat de C\u0103t\u0103lina Mihalache \u015fi Leonidas Rados, Editura Universit\u0103\u0163ii \u201eAlexandru Ioan Cuza\u201d Ia\u015fi, 2015, p. 243-275.<\/p><p><em>Merchants from Ia\u015fi and their Trade with Transylvania in Documents between the 17th-18th Centuries<\/em>, \u00een \u201eAnuarul Institutului de Istorie \u201eG. Bari\u0163iu\u201d, LIV, Supliment, 2015, editat de Susana Andea \u015fi Adinel Ciprian Dinc\u0103,\u00a0 p. 399-407.<\/p><p><em>M\u0103n\u0103stirile Precista din Roman \u015fi Prorocul Samoil din Foc\u015fani \u015fi un catastif de avere din anul 1830<\/em>, \u00een volumul <em>Avere, prestigiu \u015fi cultur\u0103 material\u0103 \u00een surse patrimoniale. Inventare de averi din secolele XVI-XIX<\/em>, editat de Dan Dumitru Iacob, Ia\u015fi, Editura Universit\u0103\u0163ii \u201cAlexandru Ioan Cuza\u201d, 2015, p. 635-668.<\/p><p><em>Familia Tuduri: negustori ie\u015feni \u015fi ctitoriile lor (secolul al XVIII-lea)<\/em>, \u00een <em>A\u015eUI<\/em>, s.n., <em>Istorie<\/em>, LXI, 2015, p. 107-127.<\/p><p><em>Originea, evolu\u0163ia \u015fi finalitatea unei idei: dreptul de st\u0103p\u00e2nire a mo\u015fiilor de c\u0103tre armenii din Moldova<\/em>, \u00een \u201eAnuarul Institutului de Istorie \u00abA. D. Xenopol\u00bb Ia\u015fi, t. LI, 2014, p. 249-262.<\/p><p><em>Evolu\u0163ia st\u0103p\u00e2nirii teritoriului urban la Tecuci \u015fi o catagrafie din anul 1828<\/em>, \u00een <em>Ora\u015fe vechi, ora\u015fe noi \u00een spa\u0163iul rom\u00e2nesc. Societate, economie \u015fi civiliza\u0163ie urban\u0103 \u00een prag de modernitate (sec. XVI &#8211; jum\u0103tatea sec. XIX)<\/em>, volum editat de Lauren\u0163iu R\u0103dvan, Editura Universit\u0103\u0163ii \u201eAlexandru Ioan Cuza\u201d, 2014, p. 193-248.<\/p><p><em>Or\u0103\u015feni st\u0103p\u00e2ni de p\u0103m\u00e2nt \u00een Moldova secolului al XVIII-lea. Cazurile satelor Ro\u015fcani \u015fi G\u0103ureni, \u00een Archiva Moldaviae<\/em>, vol. V, 2013, p. 71-86. (ap\u0103rut \u00een 2014)<\/p><p><em>Uli\u0163e \u015fi mahalale. Sensuri urbanistice<\/em>, \u00een \u201eAnuarul Institutului de Istorie \u00abA. D. Xenopol\u00bb Ia\u015fi, t. XLIX, 2012, 11 p.<\/p><p><em>M\u0103n\u0103stirea Golia: reper al organiz\u0103rii spa\u0163iului urban<\/em>, \u00een \u201eAnuarul Institutului de Istorie \u00abA. D. Xenopol\u00bb Ia\u015fi, t. XLVIII, 2011, p. 300-317 (\u00eempreun\u0103 cu C\u0103t\u0103lina Chelcu).<\/p><p><em>M\u0103n\u0103stirea Golia: \u00eenzestr\u0103rile primilor ctitori<\/em>, \u00een \u201eMonumentul\u201d, XII\/1, <em>Lucr\u0103rile simpozionului Na\u0163ional \u201eMonumentul \u2013 Tradi\u0163ie \u015fi viitor\u201d<\/em>, edi\u0163ia XII, Ia\u015fi\u2013Chi\u015fin\u0103u, volum coordonat de Lucian Valeriu Lefter, Aurica Ichim, Sorin Iftimi, Ia\u015fi, Editura \u201eDoxologia\u201d, 2011, p. 95\u2013119.<\/p><p><strong><em>C<\/em><\/strong><em>oste Papafil: un negustor din secolul al XVIII-lea<\/em>, \u00een <em>D<\/em><em>e la schimb\u0103torii de bani la b\u0103ncile moderne. Impactul activit\u0103\u0163ilor financiar-bancare asupra dezvolt\u0103rii urbane din Moldova (sec. XVII &#8211; prima parte a sec. XX)<\/em>, volum editat de Lauren\u0163iu R\u0103dvan, Ia\u015fi, Editura Universit\u0103\u0163ii \u201cAlexandru I. Cuza\u201d, Ia\u015fi, 2011, p. 151-164.<\/p><p><em>O scrisoare din t\u00e2rgul Piatra de acum dou\u0103 veacuri: contribu\u0163ii la istoria ora\u015fului<\/em>, \u00een \u201eAnuarul Institutului de Istorie A.D. Xenopol\u201d, XLVII, 2010, p. 263\u2013282.<\/p><p><em>Or\u0103\u015fenii ie\u015feni din secolul al XVII-lea. Solidarit\u0103\u0163i \u015fi diferen\u0163e<\/em>, \u00een Anuarul Institutului de Istorie \u201eGeorge Bari\u0163iu\u201d, Cluj-Napoca, t. XLVIII, 2009, p. 230-241.<\/p><p><em>O condic\u0103 a documentelor mo\u015fiilor M\u0103n\u0103stirii Doamnei de l\u00e2ng\u0103 Boto\u015fani, \u00eenchinat\u0103 la m\u0103n\u0103stirea Sf\u00e2ntul Pantelimon de la Muntele Athos<\/em>, \u00een <em>Contribu\u0163ii privitoare la istoria rela\u0163iilor dintre \u0162\u0103rile Rom\u00e2ne \u015fi Bisericile r\u0103s\u0103ritene \u00een secolele XIV-XIX<\/em>, volum editat de Petronel Zahariuc, Ia\u015fi, Editura Universit\u0103\u0163ii \u201eAl. I. Cuza\u201d, 2009, p. 361\u2013446 (\u00eempreun\u0103 cu C\u0103t\u0103lina Chelcu).<\/p><p><em>Drumuri \u015fi ora\u015fe \u00een Moldova secolelor XVI-XVIII. C\u00e2teva observa\u0163ii<\/em>, \u00een <em>Civiliza\u0163ia urban\u0103 din spa\u0163iul rom\u00e2nesc \u00een secolele XVI-XVIII. Studii \u015fi documente<\/em>, vol. editat de Lauren\u0163iu R\u0103dvan, Ia\u015fi, Editura Universit\u0103\u0163ii \u201cAl. I. Cuza\u201d, 2006, p. 145 \u2013 170.<\/p><p><em>Ora\u015ful Ia\u015fi. Catagrafia locuitorilor evrei din anul 1851<\/em> (II), \u00een \u201eRevista de istorie social\u0103\u201d, t. X\u2013XII, Editura Polirom, 2005\u20132007, p. 485\u2013536.<\/p><p><em>Ora\u015ful Ia\u015fi. Catagrafia locuitorilor evrei din anul 1851<\/em> (I), \u00een \u201eRevista de istorie social\u0103\u201d, t. IV\u2013VII, Editura Polirom, 1999\u20132002, p. 372\u2013475. (ap\u0103rut \u00een 2004)<\/p><p><em>Aspecte din istoria breslelor ie\u015fene: b\u0103rbierii \u015fi cioclii<\/em>, \u00een Anuarul Institutului de Istorie \u201eA. D. Xenopol\u201d, tom. XLI, 2004, p. 133\u2013142.<\/p><p><em>Men\u0163iuni documentare privitoare la acte emise de cancelaria lui Alexandru cel Bun<\/em>, \u00een volumul <em>In Honorem Ioan Capro\u015fu<\/em>, volum \u00eengrijit de Lucian Leu\u015ftean, Maria Magdalena Sz\u00e9kely, Mihai-R\u0103zvan Ungureanu \u015fi Petronel Zahariuc, Editura Polirom, 2002, p. 110\u2013130.<\/p><p>2. <strong>Articole\/studii<\/strong> publicate \u00een volumele unor manifest\u0103ri \u015ftiin\u0163ifice interna\u0163ionale recunoscute din \u0163ar\u0103 \u015fi din str\u0103in\u0103tate(cu ISI \u0219i\/sau BDI); Articole\/studii publicate \u00een volumele unor manifest\u0103ri \u015ftiin\u0163ifice na\u0163ionale:<\/p><p><em>De la re\u015fedin\u0163e particulare la spitale de copii. Oameni din trecut \u015fi cl\u0103diri de patrimoniu din prezent<\/em>, \u00een \u201eIoan Neculce. Buletinul Muzeului Municipal \u201eRegina Maria\u201d Ia\u015fi\u201d, VI, seria a III-a, 2024, p. 111-124 [ISSN 2668-7887].<\/p><p><em>Umbra lui Eiffel la Ia\u015fi<\/em>, \u00een \u201eIoan Neculce. Buletinul Muzeului Municipal \u201eRegina Maria\u201d din Ia\u015fi\u201d, V (2023), p. 104-115, ISSN 2668-7887; ISSN-L 2668-7887 (\u00eempreun\u0103 cu Cosmin Ceuc\u0103).<\/p><p><em>Cu cas\u0103 \u015fi dughean\u0103 pe locul m\u0103n\u0103stirii. Economie, locuire \u015fi urbanism la Ia\u015fi<\/em>, \u00een\u00a0 \u201eIoan Neculce. Buletinul Muzeului Municipal \u00abRegina Maria\u00bb Ia\u015fi, seria a III-a, tom. III, Ia\u015fi, 2021, p. 23-37 [ISSN 2668-7887; ISSN-L 2668-7887].<\/p><p><em>Acte ale unui dosar de judecat\u0103 din a doua jum\u0103tate a secolului al XVIII-lea<\/em>, \u00een volumul: <em>Scris, scriitur\u0103, text \u00een \u0162\u0103rile Rom\u00e2ne (secolele XV-XVIII)<\/em>, \u00eengrijit de Monica Dejan cu un cuv\u00e2nt \u00eenainte de Maria Magdalena Sz\u00e9ely, Editura Karl A. Romstorfer, Suceava, 2020, p. 268-286.<\/p><p><em>Trecutul localit\u0103\u0163ilor din comuna T\u0103cuta \u00een m\u0103rturii documentare din secolele al XVIII-lea \u015fi al XIX-lea<\/em>, \u00een <em>Monografia comunei T\u0103cuta, jude\u0163ul Vaslui<\/em>, coordonat de Sergiu-Constantin Enea, Vasile Ofileanu, Cornel Horghindan \u015fi Florin Buraga, Ia\u015fi, Editura Junimea, 2019, p. 152-179.<\/p><p><em>Fragmente din istoria ora\u015fului Ia\u015fi: locuri \u015fi oameni de l\u00e2ng\u0103 biserica Sf. Gheorghe Lozonschi<\/em>, \u00een \u201eIoan Neculce. Buletinul Muzeului Municipal \u201eRegina Maria\u201d, I, Ia\u015fi, 2019, p. 51-66.<\/p><p><em>Din rela\u0163iile moldo-polone:<\/em> <em>preg\u0103tiri \u015fi urm\u0103ri imediate ale cuceririi cet\u0103\u0163ii Cameni\u0163a (1672)<\/em>, \u00een vol. <em>Zwi\u0105zki polsko-rumu\u0144skie w historii i kulturze \/ Leg\u0103turi istorice \u015fi culturale polono-rom\u00e2ne<\/em>, Suceava, Uniunea Polonezilor din Rom\u00e2nia, 2019, p. 61-69 [ISBN: 978-973-0-27765-4].<\/p><p><em>Caracteristici ale urbaniz\u0103rii spa\u0163iului dintre Prut \u015fi Nistru la 1812<\/em>, \u00een <em>Politica marilor puteri \u00een Balcani \u015fi Europa Central\u0103<\/em>, Chi\u015fin\u0103u, Academia de \u015etiin\u0163e a Moldovei, 2013, p. 200\u2013205.<\/p><p><em>Boieri \u015fi negustori \u00een t\u00e2rgurile din \u0163inutul Bac\u0103u la sf\u00e2r\u015fitul secolului al XVII-lea<\/em> <em>(II)<\/em>, \u00een \u201eActa Bacoviensia\u201d. Anuarul Arhivelor Na\u0163ionale Bac\u0103u, VI, 2011, p. 30\u201347.<\/p><p><em>Boieri \u015fi negustori \u00een t\u00e2rgurile din \u0163inutul Bac\u0103u la sf\u00e2r\u015fitul secolului al XVII-lea (I)<\/em>, \u00een \u201eActa Bacoviensia\u201d. Anuarul Arhivelor Na\u0163ionale Bac\u0103u, V, 2010, p. 29\u201345.<\/p><p><em>La propri\u00e9t\u00e9 fonci\u00e8re eccl\u00e9siastique dans le contexte de la constitution et \u00e9volution de la propri\u00e9t\u00e9 fonci\u00e8re en Moldavie et Valachie jusqu\u2019au XVI-\u00e8 si\u00e8cles<\/em>, \u00een\u00a0 \u0426\u0435\u0440\u043a\u043e\u0432\u043d\u044b\u0435 \u0434\u0440\u0435\u0432\u043d\u043e\u0441\u0442\u0438, \u0421\u0438\u043c\u0444\u0435\u0440\u043e\u043f\u043e\u043b\u044c, 2005, p. 374-387. [\u041d. \u0415. \u0413\u0430\u0439\u0434\u0443\u043a\u043e\u0432: \u0426\u0435\u0440\u043a\u043e\u0432\u043d\u044b\u0435 \u0434\u0440\u0435\u0432\u043d\u043e\u0441\u0442\u0438. \u0421\u0431\u043e\u0440\u043d\u0438\u043a \u043c\u0430\u0442\u0435\u0440\u0438\u0430\u043b\u043e\u0432 III \u041c\u0435\u0436\u0434\u0443\u043d\u0430\u0440\u043e\u0434\u043d\u043e\u0439 \u043a\u043e\u043d\u0444\u0435\u0440\u0435\u043d\u0446\u0438\u0438 \u00ab\u0426\u0435\u0440\u043a\u043e\u0432\u043d\u0430\u044f \u0430\u0440\u0445\u0435\u043e\u043b\u043e\u0433\u0438\u044f: \u043b\u0438\u0442\u0443\u0440\u0433\u0438\u0447\u0435\u0441\u043a\u043e\u0435 \u0443\u0441\u0442\u0440\u043e\u0439\u0441\u0442\u0432\u043e \u0445\u0440\u0430\u043c\u043e\u0432 \u0438 \u0432\u043e\u043f\u0440\u043e\u0441\u044b \u0438\u0441\u0442\u043e\u0440\u0438\u0438 \u0445\u0440\u0438\u0441\u0442\u0438\u0430\u043d\u0441\u043a\u043e\u0433\u043e \u0431\u043e\u0433\u043e\u0441\u043b\u0443\u0436\u0435\u043d\u0438\u044f\u00bb. \u0421\u0438\u043c\u0444\u0435\u0440\u043e\u043f\u043e\u043b\u044c, 2005].<\/p><p><em>Consideration on Gypsies in Moldavian cities (17<sup>th<\/sup> and 18<sup>th<\/sup> centuries<\/em>, in vol. <em>Ethnic contacts and cultural exchanges North and West of the Black Sea<\/em>, edited by Flavius Solomon &amp; Alexandru Zub in cooperation with Marius Chelcu, Ia\u015fi, Editura Trinitas, 2005, p. 237\u2013246.<\/p><p><em>Pagube, furturi, desp\u0103gubiri, pedepse: \u00eentre pravil\u0103 \u015fi obiceiul p\u0103m\u00e2ntului. C\u00e2teva considera\u0163ii<\/em>, \u00een \u201eArhiva istoric\u0103 a Rom\u00e2niei\u201d, Editura Scriptorium, Bucure\u015fti, I, 2004, 98\u2013108 p.<\/p><p><em>Gheorghe Duca: \u201eun negustor\u201d pe tronul Moldovei<\/em>, \u00een volumul: <em>Moldova \u00een economia de schimb european\u0103. Secolele XIV-XVIII<\/em>, Ia\u015fi, Funda\u0163ia Academic\u0103 \u201eA. D. Xenopol\u201d, Editura Panfilius, 2003, p. 121\u2013138.<\/p><p><em>A Forged Document in Vasile Lupu\u2019s Rule<\/em>, \u00een \u201eStrabon. Bulletin d\u2019information historique\u201d, t. I, nr. 1 Janvier\u2013Juin 2003, Ia\u015fi, Editura Panfilius, p. 52\u201354.<\/p><p>2003 \u201e<em>Din uric de la b\u0103tr\u00e2nul \u015etefan voievod\u201d. \u00centregiri documentare<\/em>, \u00een <em>\u015etefan cel Mare la cinci secole de la moartea sa<\/em>, volum editat de Petronel Zahariuc \u015fi Silviu V\u0103caru, Ia\u015fi, Editura Alfa, 2003, p. 107\u2013161 (studiu \u00eentocmit \u00eempreun\u0103 cu C\u0103t\u0103lina Chelcu)<\/p><p><em>O biseric\u0103 \u015fi o comunitate: armenii din Ia\u015fi<\/em>, \u00een volumul <em>Monumentul. Istorie. Arheologie. Restaurare. Conservare<\/em>, vol. III, coordonat de Silviu V\u0103caru, Aurica Ichim \u015fi C\u0103t\u0103lin Hriban, Ia\u015fi, Editura \u201cJunimea\u201d, 2001, p. 57-63.<\/p><p><em>Catagrafii<\/em>, \u00een volumul: <em>Pilde\u015fti monografie istoric\u0103<\/em>, coordonat de Pr. Alois Moraru, Dr. Ioan Dimi\u015fc\u0103, Prof. Anton Co\u015fa, Ia\u015fi, Editura <em>Presa Bun\u0103<\/em>, 2002, p. 361-375.<\/p><p><em>Elita politic\u0103 \u015fi Unirea lui Mihai Viteazul<\/em>, \u00een volumul <em>V\u00e2rstele Unirii. De la con\u015ftiin\u0163a etnic\u0103 la unitatea na\u0163ional\u0103<\/em>, volum editat de Dumitru Iv\u0103nescu, C\u0103t\u0103lin Turliuc \u015fi Florin C\u00e2ntec, cu un cuv\u00e2nt \u00eenainte de Alexandru Zub, Ia\u015fi, Funda\u0163ia Academic\u0103 \u201cA.D. Xenopol\u201d, 2001, p. 19-27.<\/p><\/div>\n\t\t\t\t\t<\/div><div class=\"eael-accordion-list\">\n\t\t\t\t\t<div id=\"conferine-la-manifestri-tiinifice\" class=\"elementor-tab-title eael-accordion-header\" tabindex=\"0\" data-tab=\"4\" aria-controls=\"elementor-tab-content-8574\"><span class=\"eael-advanced-accordion-icon-closed\"><svg aria-hidden=\"true\" class=\"fa-accordion-icon e-font-icon-svg e-fas-plus\" viewBox=\"0 0 448 512\" xmlns=\"http:\/\/www.w3.org\/2000\/svg\"><path d=\"M416 208H272V64c0-17.67-14.33-32-32-32h-32c-17.67 0-32 14.33-32 32v144H32c-17.67 0-32 14.33-32 32v32c0 17.67 14.33 32 32 32h144v144c0 17.67 14.33 32 32 32h32c17.67 0 32-14.33 32-32V304h144c17.67 0 32-14.33 32-32v-32c0-17.67-14.33-32-32-32z\"><\/path><\/svg><\/span><span class=\"eael-advanced-accordion-icon-opened\"><svg aria-hidden=\"true\" class=\"fa-accordion-icon e-font-icon-svg e-fas-minus\" viewBox=\"0 0 448 512\" xmlns=\"http:\/\/www.w3.org\/2000\/svg\"><path d=\"M416 208H32c-17.67 0-32 14.33-32 32v32c0 17.67 14.33 32 32 32h384c17.67 0 32-14.33 32-32v-32c0-17.67-14.33-32-32-32z\"><\/path><\/svg><\/span><span class=\"eael-accordion-tab-title\">Conferin\u0163e la manifest\u0103ri \u015ftiin\u0163ifice<\/span><\/div><div id=\"elementor-tab-content-8574\" class=\"eael-accordion-content clearfix\" data-tab=\"4\" aria-labelledby=\"conferine-la-manifestri-tiinifice\"><ol><li><em>O nou\u0103 apari\u0163ie editorial\u0103<\/em>: Mircea Soreanu, <em>Marii viziri K\u00f6pr\u00fcl\u00fc (1656-1710)<\/em>, la Institutul de Istorie \u201eA. D. Xenopol\u201d \u2013 19 mai 2003.<\/li><li><em>Din istoria unor bresle ie\u015fene privind s\u0103n\u0103tatea public\u0103<\/em>, \u00een cadrul \u015fedin\u0163ei bilunare de comunic\u0103ri desf\u0103\u015furat\u0103 la Institutul de Istorie \u201eA. D. Xenopol\u201d \u2013 6 mai 2004.<\/li><li><em>\u015etefan cel Mare \u00een memoria posterit\u0103\u0163ii (sec. XVI\u2013XVIII)<\/em>, \u00een cadrul simpozionului <em>\u015etefan cel Mare \u015fi epoca sa<\/em>, care a avut loc, \u00een zilele de 18 \u015fi 19 iunie 2004, la Institutul de Istorie \u201eA. D. Xenopol\u201c.<\/li><li><em>C\u00e2teva observa\u0163ii pe marginea unor \u00eentregiri documentare<\/em>, \u00een cadrul simpozionului interna\u0163ional <em>\u015etefan cel Mare \u2013 personalitate marcant\u0103 \u00een istoria Europei (500 de ani de la trecerea \u00een eternitate)<\/em>, Chi\u015fin\u0103u, 21-24 iunie 2004.<\/li><li><em>Catolici \u00een ora\u015fele moldovene\u015fti din veacul XVII. C\u00e2teva observa\u0163ii<\/em>, \u00een cadrul simpozionului cu tema: <em>Spa\u0163iul rom\u00e2nesc \u00eentre Orient \u015fi Occident. Interferen\u0163e politice, culturale \u015fi religioase<\/em>, desf\u0103\u015furat \u00een cadrul proiectului CERES cu tema: <em>Spa\u0163iul est-carpatic \u2013 zon\u0103 de convergen\u0163\u0103 cultural\u0103 din preistorie p\u00e2n\u0103 \u00een timpurile moderne<\/em>, Ia\u015fi 8\u20139 octombrie 2004<em>.<\/em><\/li><li><em>Gheorghe Ghib\u0103nescu \u015fi preocup\u0103rile de istorie urban\u0103<\/em>, comunicare sus\u0163inut\u0103 \u00een cadrul Simpozionului <em> Ghib\u0103nescu: Un polihistor moldav<\/em>, desf\u0103\u015furat la 30 iunie 2005.<\/li><li><em>Contribu\u0163ii la istoria catolicilor din ora\u015fele moldovene\u015fti \u00een veacul XVII<\/em>, comunicare sus\u0163inut\u0103 la <em>Sesiunea na\u0163ional\u0103 de comunic\u0103ri \u015ftiin\u0163ifice: Acta Moldaviae Meridionalis<\/em>, desf\u0103\u015furat\u0103 la Vaslui, 25-26 noiembrie 2005.<\/li><li><em>\u0162iganii din ora\u015fele moldovene\u015fti (secolele XVII\u2013XVIII). C\u00e2teva observa\u0163ii<\/em>, \u00een cadrul simpozionului cu tema: <em>Spa\u0163iul rom\u00e2nesc \u00eentre Orient \u015fi Occident. Interferen\u0163e politice, culturale \u015fi religioase<\/em>, desf\u0103\u015furat \u00een cadrul proiectului CERES cu tema: <em>Spa\u0163iul est-carpatic \u2013 zon\u0103 de convergen\u0163\u0103 cultural\u0103 din preistorie p\u00e2n\u0103 \u00een timpurile moderne<\/em>, Ia\u015fi 15\u201317 iunie 2005<em>.<\/em><\/li><li><em>Breasla curelarilor \u015fi biserica lor din Ia\u015fi<\/em>, \u00een cadrul \u015fedin\u0163ei bilunare de comunic\u0103ri desf\u0103\u015furat\u0103 la Institutul de Istorie \u201eA. D. Xenopol\u201d \u2013 17 ianuarie 2008.<\/li><li><em>Bresle \u015fi biserici din Ia\u015fi<\/em>, comunicare sus\u0163inut\u0103 \u00een cadrul simpozionului<em> Ia\u015fi \u2013 ora\u015ful bisericilor<\/em>, organizat de Mitropolia Moldovei \u015fi Bucovinei \u00een cadrul \u201eZilelor Trinitas\u201d, 16 iunie 2008.<\/li><li><em>Comer\u0163 \u015fi me\u015fte\u015fug \u00een Ia\u015fii secolului XVII<\/em>, comunicare sus\u0163inut\u0103 \u00een cadrul simpozionului <em>Ia\u015fi \u2013 600<\/em>, organizat de Institutul de Istorie \u201eA. D. Xenopol\u201d \u00een cadrul \u201eZilelor academice ie\u015fene\u201d, 23 septembrie 2008.<\/li><li><em>scrisoare din t\u00e2rgul Pietrei de acum dou\u0103 veacuri<\/em>, \u00een cadrul \u015fedin\u0163elor de comunic\u0103ri de la Institutul de Istorie \u201eA. D. Xenopol\u201d, 12 noiembrie 2009.<\/li><li><em>Boieri \u015fi negustori din ora\u015fele \u0163inutului Bac\u0103u la sf\u00e2r\u015fitul secolului al XVII-lea<\/em>, \u00een cadrul Simpozionului organizat de Direc\u0163ia Jude\u0163ean\u0103 a Arhivelor Na\u0163ionale Bac\u0103u \u00eempreun\u0103 cu Muzeul Jude\u0163ean Bac\u0103u, 19 noiembrie 2009.<\/li><li><em>Elemente de urbanism \u00een ora\u015fele moldovene\u015fti din secolul al XVII-lea<\/em>, comunicare sus\u0163inut\u0103 \u00een cadrul \u015fedin\u0163elor bilunare de la Institutul de Istorie \u201eA. D. Xenopol\u201d, 11 februarie 2010.<\/li><li><em>Monahismul \u00een evul mediu rom\u00e2nesc<\/em>, conferin\u0163\u0103 \u00een cadrul dezbaterii cu tema \u201e<strong><em>Cerul pe p\u0103m\u00e2nt. Sacru \u015fi modern la \u00eenceput de mileniu III<\/em><\/strong>\u201d, organizat\u0103 de Muzeul Literaturii Rom\u00e2ne Ia\u015fi,\u00a0 Societatea Cultural\u0103 \u201eJunimea\u201990\u201d \u015fi Asocia\u0163ia \u201eEst \u2013 Democra\u0163ia\u201d, 2 iunie 2010, \u00een Galeriile \u201ePod \u2013 Pogor\u201d.<\/li><li><em>Negustori din \u0163inutul Bac\u0103u (a doua jum\u0103tate a secolului al XVII-lea)<\/em>, \u00een cadrul Simpozionului organizat de Direc\u0163ia Jude\u0163ean\u0103 a Arhivelor Na\u0163ionale Bac\u0103u \u00eempreun\u0103 cu Muzeul Jude\u0163ean Bac\u0103u, 19 noiembrie 2010.<\/li><li><em>Uli\u0163e \u015fi mahalale \u00een ora\u015fele moldovene\u015fti: sensuri urbanistice<\/em>, \u00een cadrul Seminarului interna\u0163ional <em>Educa\u0163ie, art\u0103 \u015fi societate \u00een secolele XVII\u2013XX<\/em>. <em>Modele, recept\u0103ri, dezbateri<\/em>, organizat de Academia Rom\u00e2n\u0103 Filiala Ia\u015fi, Institutul de Istorie \u201eA.D. Xenopol\u201d, Ia\u015fi, 5 mai 2011.<\/li><li><em>Venituri urbane ale m\u0103n\u0103stirii Golia. Secolele XVII\u2013XVIII<\/em>, \u00eempreun\u0103 cu C\u0103t\u0103lina Chelcu, comunicare sus\u0163inut\u0103 \u00een cadrul \u015fedin\u0163elor bilunare de la Institutul de Istorie \u201eA. D. Xenopol\u201d, 25 noiembrie 2010.<\/li><li><em>Boieri din \u0163inutul Bac\u0103u \u00een a doua jum\u0103tate a secolului al XVII-lea: fra\u0163ii Vasile \u015fi Timu\u015f Crupenschi<\/em>, \u00een cadrul Simpozionului na\u0163ional organizat de Direc\u0163ia Jude\u0163ean\u0103 a Arhivelor Na\u0163ionale Bac\u0103u \u00eempreun\u0103 cu Muzeul Jude\u0163ean Bac\u0103u, 18 noiembrie 2011.<\/li><li><em>Nego\u0163 \u015fi negustori \u00een Suceava secolului al XVII-lea<\/em>, \u00een cadrul Simpozionului na\u0163ional organizat de Muzeul Bucovinei din Suceava, 25 noiembrie 2011.<\/li><li><em>Integrare \u015fi ascensiune social\u0103 \u00een secolul XVIII. Negustorul Coste Papafil<\/em>, comunicare sus\u0163inut\u0103 \u00een cadrul \u015fedin\u0163elor bilunare de la Institutul de Istorie \u201eA. D. Xenopol\u201d, 8 decembrie 2011.<\/li><li><em>Anul 1711. Semnifica\u0163iile unui moment istoric<\/em>, comunicare sus\u0163inut\u0103 \u00een cadrul simpozionului na\u0163ional \u201eZilele culturii ruse\u201d, edi\u0163ia a III-la, organizat de Catedra de Slavistic\u0103 a Universit\u0103\u0163ii \u201eAl. I. Cuza\u201d, 16-17 decembrie 2011.<\/li><li><em>Ora\u015fe din R\u0103s\u0103ritul Moldovei la 1812<\/em>, \u00een cadrul conferin\u0163ei \u015ftiin\u0163ifice interna\u0163ionale cu genericul \u201eBasarabia &#8211; 1812. Problem\u0103 na\u0163ional\u0103, implica\u0163ii interna\u0163ionale\u201d, desf\u0103\u015furat\u0103 sub egida Academiei Rom\u00e2ne \u015fi a Academiei de \u015etiin\u0163e a Moldovei, \u00een perioada 14-18 mai 2012.<\/li><li><em>Surse documentare pentru istoria urban\u0103<\/em>, \u00een cadrul manifest\u0103rii \u015ftiin\u0163ifice <em>Trecut \u015fi perspective \u00een editarea documentelor medievale<\/em>, Filiala Ia\u015fi a Academiei Rom\u00e2ne, 18 octombrie 2012, <strong>sub egida\u00a0\u201cZilele academice ie\u015fene\u201d, edi\u0163ia a XXVII-a. <\/strong><\/li><li><em>Momente din istoria vie\u0163ii monahale din fostul \u0163inut F\u0103lciu<\/em>, comunicare sus\u0163inut\u0103 cu ocazia lans\u0103rii volumului <em>M\u0103n\u0103stirea Br\u0103dice\u015fti<\/em>, editat de Costin Clit, Ia\u015fi, Editura Doxologia, 2013, manifestare organizat\u0103 de Episcopia Hu\u015filor \u015fi Inspectoratul \u015ecolar Jude\u0163ean Vaslui, 27 martie 2013.<\/li><li><em>Negustori ie\u015feni \u015fi ctitoriile lor. Secolul al XVIII-lea<\/em>, comunicare sus\u0163inuta mar\u0163i,\u00a014\u00a0mai 2013, \u00een cadrul \u015fedin\u0163ei lunare de comunic\u0103ri\u00a0organizat\u0103 de Comisia Na\u0163ional\u0103 de Heraldic\u0103, Genealogie \u015fi Sigilografie, Casa Catargi, Bd. Carol I nr. 22, Sala H-1.<\/li><li><em>Importan\u0163a preocup\u0103rilor de istorie local\u0103<\/em>, prelegere sus\u0163inut\u0103 cu ocazia lans\u0103rii volumului Pr. Ioan Canciuc, Protopopiatul Dorohoi. Contribu\u0163ii monografice asupra a\u015fez\u0103rilor, bisericii \u015fi \u00eenv\u0103\u0163\u0103m\u00e2ntului, Ia\u015fi, Doxologia, 2013, manifestare organizat\u0103 de Consiliul pentru Cultur\u0103, Culte \u015fi Patrimoniu Cultural Na\u0163ional al jude\u0163ului Boto\u015fani, la Boto\u015fani, 15 iunie 2013.<\/li><li><em>Caracteristici ale urbaniz\u0103rii spa\u0163iului dintre Prut \u015fi Nistru p\u00e2n\u0103 \u00een 1812<\/em>, \u00een cadrul Simpozionului interna\u0163ional, organizat de Universitatea Pedagogic\u0103 de Stat \u201eIon Creang\u0103\u201d din Republica Moldova, desf\u0103\u015furat la Chi\u015fin\u0103u, \u00een perioada 10-13 octombrie 2013.<\/li><li><em>F\u0103c\u0103tori de rele \u00een vremuri tulburi (sf\u00e2r\u015fitul secolului XVI \u2013 \u00eenceputul secolului XVIII)<\/em>, \u00een cadrul simpozionului na\u0163ional <em>Victim\u0103, \u00eenvinuit, martor. Pedeapsa \u00een Moldova. Sf\u00e2r\u015fitul secolului XVI \u2013 \u00eenceputul secolului XIX<\/em>, Ia\u015fi, Academia Rom\u00e2n\u0103-Filiala Ia\u015fi, 18 octombrie 2013.<\/li><li><em>Drepturile de st\u0103p\u00e2nire ale locuitorilor armeni din Moldova (secolele XVII-XVIII)<\/em>, \u00een cadrul Conferin\u0163ei interna\u0163ionale patrimoniul cultural rom\u00e2no-armean, organizat de Ministerul Culturii din Rom\u00e2nia \u015fi Ambasada Armeniei la Bucure\u015fti \u00een parteneriat cu Academia Rom\u00e2n\u0103, Uniunea Armenilor din Rom\u00e2nia \u015fi Arhiepiscopia Bisericii Armene din Rom\u00e2nia, desf\u0103\u015furat la Bucure\u015fti, \u00een perioada 29 octombrie \u2013 2 noiembrie 2013.<\/li><li><em>T\u00e2rguri nou \u00eenfiin\u0163ate \u00een st\u00e2nga Prutului (a doua jum\u0103tate a secolului al XVIII-lea)<\/em>, \u00een cadrul conferin\u0163ei <em>96 de ani de la Unirea Basarabiei cu Rom\u00e2nia<\/em>, organizat\u0103 de Arhiva Na\u0163ional\u0103 a Republicii Moldova, Academia de Poli\u0163ie \u201e\u015etefan cel Mare \u015fi Sf\u00e2nt\u201d din Republica Moldova, Facultatea de Istorie a Universit\u0103\u0163ii \u201eAl. I. Cuza\u201d, Ia\u015fi, Chi\u015fin\u0103u, 27 martie 2014.<\/li><li><em>Locuitori din ora\u015fele \u0163inutului Bac\u0103u st\u0103p\u00e2ni de p\u0103m\u00e2nt (secolul al XVIII-lea)<\/em>, \u00een cadrul simpozionul na\u0163ional cu titlul <em>Arhivele \u015fi istoria<\/em>, organizat de Direc\u0163ia Jude\u0163ean\u0103 a Arhivelor Na\u0163ionale Bac\u0103u \u00eempreun\u0103 cu Muzeul Jude\u0163ean Bac\u0103u \u015fi Decanatul Facult\u0103\u0163ii de Teologie Romano-Catolic\u0103 din Bac\u0103u, 30 mai 2014.<\/li><li><em>Catastife de avere ale m\u0103n\u0103stirilor Precista din Roman \u015fi Prorocul Samoil din Foc\u015fani (jum\u0103tatea secolului al XVIII-lea)<\/em>, \u00een cadrul conferin\u0163ei na\u0163ionale cu titlul <em>Inventare de averi din secolele XVII-XIX<\/em>, organizat\u0103 de Institutul de Cercet\u0103ri Socio-Umane din Sibiu, care s-a desf\u0103\u015furat \u00een la Sibiu \u00een perioada 26-27 septembrie.<\/li><li><em>Reguli \u015fi practici \u00een organizarea noilor t\u00e2rguri din Moldova (a doua jum. a sec. XVIII \u2013 \u00eenceputul sec. XIX)<\/em>, \u00een cadrul conferin\u0163ei na\u0163ionale cu titlul <em>Societatea de curte \u015fi via\u0163a cotidian\u0103 \u00een spa\u0163iul rom\u00e2nesc (secolele 16-19)<\/em>, organizat de Grupul de Reflec\u0163ie asupra Istoriei Politice \u0219i Sociale a secolelor al XVIII-lea \u0219i al XIX-lea, Seminarul de Antropologie Istoric\u0103, desf\u0103\u015furat \u00een perioada 7-8 noiembrie 2014, la Facultatea de Istorie \u015fi Filosofie, Universitatea Babe\u015f-Bolyai, Cluj-Napoca.<\/li><li><em>Importan\u0163a actelor de stare civil\u0103 \u00een studiile de istorie local\u0103<\/em>, comunicare sus\u0163inut\u0103 \u00een cadrul Simpozionului na\u0163ional: <em>Patrimoniul local \u015fi regional<\/em>, Hu\u015fi, 23 ianuarie 2015.<\/li><li><em>Organizarea spa\u0163iului urban la \u00eenceputul secolului al XIX-lea. Cazul locului din Foc\u015fani aflat \u00een st\u0103p\u00e2nirea m\u0103n\u0103stirii Prorocul Samoil<\/em>, \u00een cadrul <em>Workshop-ului inova\u0163ie \u015fi interdisciplinaritate \u00een cercetarea arheologic\u0103 \u015fi istoric\u0103: teorii, metode, surse<\/em>, \u00een cadrul Proiectului Minerva \u2013 Cooperare pentru cariera de elit\u0103 \u00een cercetarea doctoral\u0103 \u015fi post-doctoral\u0103, Ia\u015fi, 9 februarie 2015.<\/li><li><em>Organizarea spa\u0163iului urban la Tecuci: reconstituire dup\u0103 o catagrafie din 1828<\/em>, comunicare \u00een cadrul sesiunii bilunare de comunic\u0103ri organizat\u0103 de Institutul de Istorie \u201eA.D. Xenopol\u201d, Ia\u015fi, 12 martie 2015.<\/li><li><em>Procopie Florescu: un ie\u015fean uitat din secolul XIX<\/em>, comunicare sus\u0163inut\u0103 \u00een cadrul \u015fedin\u0163ei lunare de comunic\u0103ri a Institutului de Genealogie \u015fi Heraldic\u0103 \u201eSever Zotta\u201d, la 12 mai 2015.<\/li><li><em>Putere politic\u0103 \u015fi guvernare \u00een domnia lui Mihail Sturdza (1834-1849)<\/em>, comunicare sus\u0163inut\u0103 \u00een cadrul <em>Colocviului na\u0163ional de istorie<\/em>, edi\u0163ia a XVII-a, cu tema <em>Politic\u0103 \u015fi guvernare \u00een spa\u0163iul rom\u00e2nesc (secolele XVII-XIX)<\/em>, 27-29 mai 2015.<\/li><li><em>Tensiuni ale modernit\u0103\u0163ii timpurii: disputa pentru st\u0103p\u00e2nirea teritoriului urban \u00een Moldova (secolul al XVIII-lea). Stadiul cercet\u0103rii<\/em>, prezentare \u00een cadrul lucr\u0103rilor \u015ecolii de var\u0103 organizat\u0103 \u00een cadrul Proiectului Minerva \u2013 Cooperare pentru cariera de elit\u0103 \u00een cercetarea doctoral\u0103 \u015fi post-doctoral\u0103, Dane\u015f, jud. Mure\u015f, 17 iunie 2015.<\/li><li><em>The Dispute for Control over Urban Teritory in Moldavia (18<sup>th<\/sup> Century)<\/em>. Methodological approache, \u00een cadrul Conferin\u021bei interna\u021bionale <em>Civilta romena e identita europea. Storia, cultura, societa<\/em>, Vene\u021bia, 23-25 iunie 2015.<\/li><li><em>Informa\u0163ii despre organizarea armenilor din Moldova \u00eentr-un manuscris din secolul al XIX-lea<\/em>, comunicare sus\u0163inut\u0103 \u00een cadrul <em>Simpozionului na\u0163ional \u201eIstorie, cultur\u0103, patrimoniu\u201d<\/em>, edi\u0163ia a VIII-a, organizat de Muzeul Literaturii Rom\u00e2ne, Ia\u015fi-Hermeziu, 10-11 iunie 2015.<\/li><li><em>Or\u0103\u015feni st\u0103p\u00e2ni de p\u0103m\u00e2nt: o cale spre descoperirea elitei urbane din secolul al XVIII-lea<\/em>, \u00een cadrul <em>Workshop-ului Istoriografia rom\u00e2neasc\u0103 actual\u0103: vechi \u00eentreb\u0103ri, noi r\u0103spunsuri<\/em>, \u00een cadrul Proiectului Minerva \u2013 Cooperare pentru cariera de elit\u0103 \u00een cercetarea doctoral\u0103 \u015fi post-doctoral\u0103, Ia\u015fi, 30 iunie 2015.<\/li><li><em>Soarta arhivelor m\u0103n\u0103stirilor din Bucovina: reconstituire dup\u0103 un inventar din 1805<\/em>, \u00een cadrul simpozionului interna\u0163ional <em>Colocviile Putnei, edi\u0163ia a XVII-a<\/em>, M\u0103n\u0103stirea Putna, 2-5 septembrie 2015.<\/li><li><em>M\u0103rturii documentare despre familii de negustori ie\u015feni \u015fi comer\u0163ul cu Transilvania, \u00een cadrul conferin\u0163ei interna\u0163ionale: Writing and Society in Transylvania. 13<sup>th<\/sup>-17<sup>th<\/sup>Centuries<\/em>, Cluj-Napoca, 17-18 septembrie 2015.<\/li><li><em>R\u0103m\u0103\u015fi\u0163ele unei ctitorii disp\u0103rute: biserica Sf. Dimitrie de la T\u0103ute\u015fti<\/em> <em>(Ia\u015fi)<\/em>, \u00een cadrul simpozionului interna\u0163ional: <em> Tradi\u0163ie \u015fi viitor<\/em>, edi\u0163ia a XVII-a, Ia\u015fi, 1-4 octombrie 2015.<\/li><li><em>M\u0103rturii documentare pentru istoria ora\u015felor din Moldova dintre Prut \u015fi Nistru \u00een fonduri arhivistice<\/em>, \u00een cadrul simpozionului: <em>Istoria Basarabiei: o dezbatere pe marginea surselor documentare<\/em>, Academia Rom\u00e2n\u0103 \u2013 Filiala Ia\u015fi, 17 octombrie 2015.<\/li><li><em>St\u0103p\u00e2nirea \u015fi organizarea teritoriului urban la Tecuci<\/em>, Muzeul de Istorie \u201eTeodor Cincu\u201d, Tecuci, 22 aprilie 2016.<\/li><li><em>Armenii din Ia\u015fi \u00een documente de stare civil\u0103 (a doua jum\u0103tate a secolului al XIX-lea)<\/em>, Congresul de Genealogie \u015fi Heraldic\u0103, a XVII-a edi\u0163ie, Ia\u015fi, 12-14 mai 2016.<\/li><li><em>Armenii din Ia\u015fi \u00een secolul al XIX-lea<\/em>, comunicare sus\u0163inut\u0103 \u00een cadrul <em>Simpozionului na\u0163ional: Dou\u0103 veacuri \u015fi jum\u0103tate de istorie (1766-2016). Biserica armeano-catolic\u0103 Sf\u00e2nta Elisabeta din Dumbr\u0103veni<\/em>, Dumbr\u0103veni, j. Sibiu, 21 mai 2016.<\/li><li><em>Dificult\u0103\u0163i \u00een func\u0163ionarea Orfelinatului \u201eProcopie Florescu\u201d de la T\u0103ute\u015fti<\/em> <em>(1892-1948)<\/em>, comunicare sus\u0163inut\u0103 \u00een cadrul simpozionului: <em>Copii \u015fi copil\u0103ria rom\u00e2neasc\u0103 \u00een timpul Primului R\u0103zboi Mondial<\/em>, Ia\u015fi, 30 mai 2016.<\/li><li><em>M\u0103n\u0103stirea Copou \u015fi hotarul t\u00e2rgului Ia\u015fi<\/em>, comunicare sus\u0163inut\u0103 \u00een cadrul colocviului interna\u0163ional cu tema: <em>Rela\u0163iile rom\u00e2nilor cu Muntele Athos \u015fi cu alte Locuri Sfinte <\/em>realizat \u00een cadrul proiectului UEFISCDI-PN-II- ID-PCE-2012-4-0552<em> (sec. XIV-XX)<\/em>, \u00een sala H1 a Facult\u0103\u0163ii de Istorie, de la Universitatea \u201eAlexandru Ioan Cuza\u201d din Ia\u015fi, vineri 16 septembrie 2016.<\/li><li><em>Momente din trecutul bisericii Sfin\u0163ii Atanasie \u015fi Chiril Ia\u015fi<\/em>, comunicare sus\u0163inut\u0103 \u00een cadrul simpozionului interna\u0163ional: <em>Monumentul tradi\u0163ie \u015fi viitor<\/em>, edi\u0163ia a XVIII-a, Ia\u015fi, 6-9 octombrie 2016.<\/li><li><em>O condic\u0103 de documente de la \u00eenceputul secolului al XIX-lea, martor al \u201edesfacerii\u201d arhivelor m\u0103n\u0103stirilor din Bucovina<\/em>, \u00een cadrul simpozionului interna\u0163ional <em>Colocviile Putnei, edi\u0163ia a XX-a<\/em>, Centrul de Cercetare \u015fi Documentare \u015etefan cel Mare &#8211; M\u0103n\u0103stirea Putna, 30 august &#8211; 3 septembrie 2017.<\/li><li><em>M\u0103rturii documentare despre armenii din Ia\u015fi<\/em>, comunicare sus\u0163inut\u0103 \u00een cadrul <em>Simpozionului na\u0163ional: \u201eDumbr\u0103veni \u2013 repere istorice \u015fi culturale\u201d<\/em>, organizat de Comunitatea Armenilor din Rom\u00e2nia, Dumbr\u0103veni, j. Sibiu, 27 mai 2017.<\/li><li><em>Armenii din Rom\u00e2nia \u00een istorii paralele<\/em>, comunicare sus\u0163inut\u0103 \u00een cadrul <em>Simpozionului na\u0163ional \u201eArmenii \u00een istorie\u201d<\/em>, organizat de Comunitatea Armenilor din Gala\u0163i \u015fi Direc\u0163ia Jude\u0163ean\u0103 a Arhivelor Na\u0163ionale Gala\u0163i, 23 septembrie 2017.<\/li><li><em>Economic Status of Moldavian Monasteries in the 18th Century. Notes on income and<\/em> <em>expense lists<\/em>, \u00een cadrul conferin\u0163ei interna\u0163ionale cu tema: <em>Does Monastic Economy Matter? Religious Patterns of Economic Behavior<\/em>, organizat\u0103 de Centre for Advanced Study \u2013 Sofia \u015fi Center for Governance and Culture in Europe. University of St. Gallen, Sofia, 10-12 noiembrie 2017.<\/li><li><em>Ia\u015ful la sf\u00e2r\u015fitul Marelui R\u0103zboi: \u00eengrijor\u0103rile \u015fi speran\u0163ele unui nou \u00eenceput<\/em>, \u00een cadrul conferin\u0163ei interna\u0163ionale <em>Marea Unire a rom\u00e2nilor (1918). Istorie \u015fi actualitate<\/em>, organizat\u0103 de Facultatea de Istorie a Universit\u0103\u0163ii \u201eAlexandru Ioan Cuza\u201d, Ia\u015fi, 22-24 martie 2018.<\/li><li><em>Archives from the Romanian Moldavia: sources for Jewish genealogical and demographic studies<\/em>, \u00een cadrul conferin\u0163ei interna\u0163ionale: <em>38th International Association of Jewish Genealogical Societies International Conference on Jewish Genealogy<\/em>, organizat \u00een colaborare cu POLIN Museum, Jewish Historical InstituteVar\u015fovia \u015fi The Polish State Archives, Var\u015fovia, 5-10 august 2018.<\/li><li><em>Din rela\u0163iile moldo-polone: preg\u0103tiri \u015fi urm\u0103ri imediate ale cuceririi cet\u0103\u0163ii Cameni\u0163a (1672)<\/em>, \u00een cadrul simpozionului interna\u0163ional: <em>Despre rela\u0163iile polono-rom\u00e2ne de-a lungul timpului \u00een anul Centenarului Independen\u0163ei Poloniei \u015fi Marii Uniri a Rom\u00e2niei<\/em>, desf\u0103\u015furat \u00een cadrul <em>Zilelor Culturii Polone<\/em>, edi\u0163ia a XX-a, Suceava, 14-16 septembrie 2018.<\/li><li><em>Dilemele moderniz\u0103rii administrative: de la epitropie la eforie<\/em>, la <em>Congresul Na\u0163ional al Istoricilor Rom\u00e2ni<\/em>, Ia\u015fi, 29 august-1 septembrie 2018.<\/li><li><em>Surse administrative pentru istoria urban\u0103: perioada regulamentar\u0103<\/em>, \u00een cadrul atelierului cu titlul: <em>Martorii timpului. Sursele unei istorii (pre)moderne rom\u00e2ne\u015fti<\/em>, organizat de Institutul de Istorie \u201eNicolae Iorga\u201d \u2013 Academia Rom\u00e2n\u0103, Bucure\u015fti, 21 septembrie 2018.<\/li><li><em>Documente privitoare la istoria ora\u015fului Vaslui \u00een arhivele ie\u015fene<\/em>, \u00een cadrul simpozionului: <em>\u201eActa Moldaviae Meridionalis\u201d \u2013 Sesiunea Na\u0163ional\u0103 de Comunic\u0103ri \u015etiin\u0163ifice<\/em>, organizat de Muzeul Jude\u0163ean \u201e\u015etefan cel Mare\u201d Vaslui, Vaslui, 27-28 septembrie 2018.<\/li><li><em>Acte ale unui dosar de judecat\u0103 din a doua jum\u0103tate a secolului al XVIII-lea<\/em>, \u00een cadrul colocviului: <em>Scris \u015fi scriitur\u0103 \u00een Evul Mediu rom\u00e2nesc<\/em>, organizat de Muzeul Bucovinei Suceava \u015fi Universitatea \u201e\u015etefan cel Mare\u201d din Suceava, Suceava, 8-9 noiembrie 2018.<\/li><li><em>Fragmente din istoria ora\u015fului Ia\u015fi: locuri, oameni, institu\u0163ii<\/em>, \u00een cadrul conferin\u0163elor organizate de Laboratorul de Istorie Urban\u0103, \u00een cadrul Facult\u0103\u0163ii de Istorie a Universit\u0103\u0163ii \u201eAlexandru Ioan Cuza\u201d \u015fi a Institutului de Istorie \u201eA. D. Xenopol\u201d, Ia\u015fi, 12 decembrie 2018.<\/li><li><em>Fragmente din istoria ora\u015fului Ia\u015fi: oameni \u015fi locuri<\/em>, \u00een cadrul \u015fedin\u0163ei de comunic\u0103ri organizat\u0103 de Comisia de Heraldic\u0103, Genealogie \u015fi Sigilografie. Filiala Ia\u015fi, Academia Rom\u00e2n\u0103, Ia\u015fi, 12 martie 2019.<\/li><li><em>Ia\u015fii fostelor zidiri: incinta m\u0103n\u0103stirii Barnovschi din Ia\u015fi<\/em>, \u00een cadrul <em>Conferin\u0163ei Anuale a Institutului de Istorie \u201eA. D. Xenopol\u201d<\/em> <em>din Ia\u015fi<\/em>, Ia\u015fi, 5-8 iunie 2019.<\/li><li><em>Evreii din H\u00e2rl\u0103u \u00een documente statistice \u015fi de stare civil\u0103. Secolul al XIX-lea<\/em>, \u00een cadrul simpozionului: <em>Evreii din H\u00e2rl\u0103u \u015fi \u00eemprejurimi. Istorie \u015fi memorie<\/em>, organizat de Centrul de Cercet\u0103ri Interdisciplinare \u00een \u015etiin\u0163e Umaniste \u015fi Sociale, de la Universitatea \u201ePaul Val\u00e9ry\u201d din Montpellier \u015fi Universitatea \u201eAlexandru Ioan Cuza\u201d din Ia\u015fi, H\u00e2rl\u0103u, 13 iunie 2019.<\/li><li><em>T\u0103t\u0103ra\u015fi \u2013 locuire \u015fi teritoriu la marginea t\u00e2rgului, pe mo\u015fie m\u0103n\u0103stireasc\u0103<\/em>, \u00een cadrul colocviului interna\u0163ional: <em>Rom\u00e2nii \u015fi Cre\u015ftin\u0103tatea R\u0103s\u0103ritean\u0103 (sec. XIV-XX)<\/em>, Ia\u015fi, Universitatea \u201eAlexandru Ioan Cuza\u201d din Ia\u015fi, 27-28 septembrie 2019.<\/li><li><em>Dosarul unei amenaj\u0103ri urbanistice din secolul al XIX-lea: acoperirea R\u00e2pei Peve\u0163oaiei din Ia\u015fi<\/em>, \u00een cadrul simpozionului interna\u0163ional: Monumentul Tradi\u0163ie \u015fi Viitor, Ia\u015fi, 3 octombrie 2019.<\/li><li><em>C\u0103ut\u00e2ndu-i pe lipoveni: scurt jurnal din vremea holerei<\/em>, \u00een cadrul simpozionului:<em> \u00cenfrunt\u00e2nd un &#8222;inamic&#8221; invizibil. Politici administrative, practici medicale \u0219i comportamente sociale \u00een \u021a\u0103rile Rom\u00e2ne \u00een context epidemic (secolele XVIII-XIX)<\/em>, organizat de Institutul de Istorie \u201eA. D. Xenopol\u201d, Ia\u015fi, 4 octombrie 2019.<\/li><li><em>Urban incomes of the metochions in Moldavia<\/em> <em>(17<sup>th<\/sup>-19<sup>th<\/sup> centuries)<\/em>, \u00een carul conferin\u0163ei interna\u0163ionale cu tema: <em>Does Monastic Economy Matter? Religious Patterns of Economic Behavior<\/em>, organizat\u0103 de Centre for Advanced Study \u2013 Sofia \u015fi Center for Governance and Culture in Europe. University of St. Gallen, Sofia, 18-20 noiembrie 2019.<\/li><li><em>Din trecutul mobilit\u0103\u0163ii urbane. Ciclismul la Ia\u015fi \u2013 \u00eenceputuri \u015fi protagoni\u015fti<\/em>, la <em>Conferin\u0163a Anual\u0103 a Muzeului Municipal \u201eRegina Maria\u201d (I).<\/em> <em>Din istoria ora\u015fului Ia\u015fi: oameni, locuri, institu\u0163ii<\/em>, organizat de Muzeul Municipal \u201eRegina Maria\u201d Ia\u015fi, 28-29 august 2020.<\/li><li><em>Un caz de pierdere a memoriei ctitorului<\/em>, la Simpozionul \u201eMonumetul \u2013 tradi\u0163ie \u015fi viitor\u201d, edi\u0163ia a XXII-a, organizat de Muzeul Municipal \u201eRegina Maria\u201d Ia\u015fi, 8-10 octombrie 2020.<\/li><li><em>Negustori \u015fi me\u015fteri \u00eentr-o lume \u00een schimbare (prima jum\u0103tate a sec. al XIX-lea)<\/em>, \u00een cadrul <em>Conferin\u021bei anuale a Institutului de Istorie \u201eA. D. Xenopol\u201d din Ia\u0219i, <\/em>Edi\u021bia a II-a, 4-6 iunie 2021.<\/li><li><em>Cu cas\u0103 \u015fi dughean\u0103 pe locul m\u0103n\u0103stirii. Economie, locuire \u015fi urbanism la Ia\u015fi<\/em>, la <em>Conferin\u0163a Anual\u0103 a Muzeului Municipal \u201eRegina Maria\u201d (I).<\/em> <em>Din istoria ora\u015fului Ia\u015fi: oameni, locuri, institu\u0163ii<\/em>, organizat de Muzeul Municipal \u201eRegina Maria\u201d Ia\u015fi, 27-28 august 2021.<\/li><li><em>Locuri ale memoriei celui de-al Doilea R\u0103zboi Mondial<\/em>, la colocviul <em>Monumentele de for public. Trecut, prezent \u015fi viitor<\/em>, organizat de Institutului de Istorie \u201eA. D. Xenopol\u201d din Ia\u0219i, Arhivele Na\u0163ionale Ia\u015fi \u015fi Muzeul Municipal \u201eRegina Maria\u201d Ia\u015fi, 30 septembrie 2021.<\/li><li><em>Merchants and Craftsmen in a Changing World (Mid \u2013 19<sup>th<\/sup> Century)<\/em>, la Conferin\u0163a Interna\u0163ional\u0103 cu tema: <em>Pouvoir, soci\u00e9t\u00e9 et commerce dans les villes des Balkans ottomans<\/em>, Sofia-Bucure\u015fti, 30 mai 2022.<\/li><li><em>Ziditori de biserici \u0219i destine: un egumen al m\u0103n\u0103stirii Frumoasa din prima jum\u0103tate a secolului al XIX-lea<\/em>, la <em>Conferin\u0163a Anual\u0103<\/em> <em>a Institutului de Istorie \u201eA. D. Xenopol\u201d din Ia\u0219i, <\/em>Edi\u021bia a II-a, 2-4 iunie 2022.<\/li><li><em>Coloni\u015fti \u00een ora\u015fe moldovene\u015fti \u2013 legisla\u0163ie \u015fi practic\u0103i<\/em>, la Sesiunea anual\u0103 a Comisiei de Istorie a Ora\u015felor din Rom\u00e2nia, cu tema <em>Ora\u015ful \u015fi legisla\u0163ia<\/em>, Buz\u0103u, 20-22 iulie 2022.<\/li><li><em>Trecutul la microscop: cl\u0103diri \u015fi oameni pe strada Cuza Vod\u0103<\/em>, la <em>Conferin\u0163a Anual\u0103 a Muzeului Municipal <\/em>\u201eRegina Maria\u201d, edi\u0163ia a III-a, <em>Din istoria ora\u015fului Ia\u015fi: oameni, locuri, institu\u0163ii<\/em>, Ia\u015fi, 26-27 august 2022.<\/li><li><em style=\"font-size: 16px\">Nego\u0163, avere \u015fi voin\u0163\u0103 testamentar\u0103\u00a0 la Ia\u015fi (jum\u0103tatea secolului al XIX-lea) \/ Commerce, fortune et volont\u00e9 tesstamentaire \u00e0 Ia\u015fi (milieu du XIX<sup>e<\/sup> si\u00e8cle<\/em><span style=\"font-size: 16px\">, la Conferin\u0163a Interna\u0163ional\u0103 cu tema: <\/span><em style=\"font-size: 16px\">Se pr\u00e9parer pour le \u00abgrand passage\u00bb. Pratiques testamentaires et leurs implications sociales, patrimoniales et religieuses (Europe, XVI<sup>e<\/sup>-XIX<sup>e<\/sup> si\u00e8cles).<\/em><\/li><\/ol><\/div>\n\t\t\t\t\t<\/div><div class=\"eael-accordion-list\">\n\t\t\t\t\t<div id=\"alte-tipuri-de-activiti-academice\" class=\"elementor-tab-title eael-accordion-header\" tabindex=\"0\" data-tab=\"5\" aria-controls=\"elementor-tab-content-8575\"><span class=\"eael-advanced-accordion-icon-closed\"><svg aria-hidden=\"true\" class=\"fa-accordion-icon e-font-icon-svg e-fas-plus\" viewBox=\"0 0 448 512\" xmlns=\"http:\/\/www.w3.org\/2000\/svg\"><path d=\"M416 208H272V64c0-17.67-14.33-32-32-32h-32c-17.67 0-32 14.33-32 32v144H32c-17.67 0-32 14.33-32 32v32c0 17.67 14.33 32 32 32h144v144c0 17.67 14.33 32 32 32h32c17.67 0 32-14.33 32-32V304h144c17.67 0 32-14.33 32-32v-32c0-17.67-14.33-32-32-32z\"><\/path><\/svg><\/span><span class=\"eael-advanced-accordion-icon-opened\"><svg aria-hidden=\"true\" class=\"fa-accordion-icon e-font-icon-svg e-fas-minus\" viewBox=\"0 0 448 512\" xmlns=\"http:\/\/www.w3.org\/2000\/svg\"><path d=\"M416 208H32c-17.67 0-32 14.33-32 32v32c0 17.67 14.33 32 32 32h384c17.67 0 32-14.33 32-32v-32c0-17.67-14.33-32-32-32z\"><\/path><\/svg><\/span><span class=\"eael-accordion-tab-title\">Alte tipuri de activit\u0103\u0163i academice<\/span><\/div><div id=\"elementor-tab-content-8575\" class=\"eael-accordion-content clearfix\" data-tab=\"5\" aria-labelledby=\"alte-tipuri-de-activiti-academice\"><ol><li>Organizator al simpozionului interna\u0163ional simpozionului cu tema: <em>Spa\u0163iul rom\u00e2nesc \u00eentre Orient \u015fi Occident. Interferen\u0163e politice, culturale \u015fi religioase<\/em>, desf\u0103\u015furat \u00een cadrul proiectului CERES cu tema: <em>Spa\u0163iul est-carpatic \u2013 zon\u0103 de convergen\u0163\u0103 cultural\u0103 din preistorie p\u00e2n\u0103 \u00een timpurile moderne<\/em>, Ia\u015fi 8\u20139 octombrie 2004.<\/li><li>Organizator al simpozionului: <em>Istoria Basarabiei: o dezbatere pe marginea surselor documentare<\/em>, Academia Rom\u00e2n\u0103 \u2013 Filiala Ia\u015fi, 17 octombrie 2015.<\/li><li>Organizator al <em>Conferin\u0163ei Anuale a Institutului de Istorie \u201eA. D. Xenopol\u201d<\/em> <em>din Ia\u015fi<\/em>, Edi\u0163ia I, Ia\u015fi, 5-8 iunie 2019.<\/li><li>Organizator al<em> Conferin\u0163ei Anuale a Muzeului Municipal \u201eRegina Maria\u201d.<\/em> <em>Din istoria ora\u015fului Ia\u015fi: oameni, locuri, institu\u0163ii<\/em>, Edi\u0163ia I, organizat\u0103 de Muzeul Municipal \u201eRegina Maria\u201d Ia\u015fi, 28-29 august 2020.<\/li><li>Organizator al <em>Conferin\u021bei anuale a Institutului de Istorie \u201eA. D. Xenopol\u201d din Ia\u0219i, <\/em>Edi\u021bia a II-a, 4-6 iunie 2021.<\/li><li>Organizator al<em> Conferin\u0163ei Anuale a Muzeului Municipal \u201eRegina Maria\u201d. Din istoria ora\u015fului Ia\u015fi: oameni, locuri, institu\u0163ii<\/em>, organizat de Muzeul Municipal \u201eRegina Maria\u201d, Edi\u0163ia a II-a, Ia\u015fi, 27-28 august 2021.<\/li><li>Organizator al <em>Conferin\u0163ei Anuale<\/em> <em>a Institutului de Istorie \u201eA. D. Xenopol\u201d din Ia\u0219i<\/em>, Edi\u0163ia a III-a, 2-4 iunie 2022<\/li><li>Organizator al<em> Conferin\u0163ei Anuale a Muzeului Municipal \u201eRegina Maria\u201d<\/em>, <em>Din istoria ora\u015fului Ia\u015fi: oameni, locuri, institu\u0163ii<\/em>, Edi\u0163ia a III-a, Ia\u015fi, 26-27 august 2022.<\/li><li>Organizator al <em>Conferin\u0163ei Anuale a Institutului de Istorie \u201eA.D. Xenopol\u201d din Ia\u015fi<\/em>, edi\u0163ia a IV-a, 8-10 iunie 2023.<\/li><li>Organizator al<em> Conferin\u0163ei Anuale a Muzeului Municipal \u201eRegina Maria\u201d din Ia\u015fi<\/em> (IV). <em>Din istoria ora\u015fului Ia\u015fi: oameni, locuri, institu\u0163ii<\/em>, Ia\u015fi, 25-26 august 2023.<\/li><\/ol><\/div>\n\t\t\t\t\t<\/div><div class=\"eael-accordion-list\">\n\t\t\t\t\t<div id=\"google-academic\" class=\"elementor-tab-title eael-accordion-header\" tabindex=\"0\" data-tab=\"6\" aria-controls=\"elementor-tab-content-8576\"><span class=\"eael-advanced-accordion-icon-closed\"><svg aria-hidden=\"true\" class=\"fa-accordion-icon e-font-icon-svg e-fas-plus\" viewBox=\"0 0 448 512\" xmlns=\"http:\/\/www.w3.org\/2000\/svg\"><path d=\"M416 208H272V64c0-17.67-14.33-32-32-32h-32c-17.67 0-32 14.33-32 32v144H32c-17.67 0-32 14.33-32 32v32c0 17.67 14.33 32 32 32h144v144c0 17.67 14.33 32 32 32h32c17.67 0 32-14.33 32-32V304h144c17.67 0 32-14.33 32-32v-32c0-17.67-14.33-32-32-32z\"><\/path><\/svg><\/span><span class=\"eael-advanced-accordion-icon-opened\"><svg aria-hidden=\"true\" class=\"fa-accordion-icon e-font-icon-svg e-fas-minus\" viewBox=\"0 0 448 512\" xmlns=\"http:\/\/www.w3.org\/2000\/svg\"><path d=\"M416 208H32c-17.67 0-32 14.33-32 32v32c0 17.67 14.33 32 32 32h384c17.67 0 32-14.33 32-32v-32c0-17.67-14.33-32-32-32z\"><\/path><\/svg><\/span><span class=\"eael-accordion-tab-title\">Google Academic<\/span><\/div><div id=\"elementor-tab-content-8576\" class=\"eael-accordion-content clearfix\" data-tab=\"6\" aria-labelledby=\"google-academic\"><p><strong>Realizarea unui Hirsch index de minimun 3 pe platforma Google Academic: <\/strong><a href=\"https:\/\/scholar.google.com\/citations?user=bcqvyjsAAAAJ&amp;hl=ro\"><strong>https:\/\/scholar.google.com\/citations?user=bcqvyjsAAAAJ&amp;hl=ro<\/strong><\/a><\/p><\/div>\n\t\t\t\t\t<\/div><div class=\"eael-accordion-list\">\n\t\t\t\t\t<div id=\"-abilitare-\" class=\"elementor-tab-title eael-accordion-header\" tabindex=\"0\" data-tab=\"7\" aria-controls=\"elementor-tab-content-8577\"><span class=\"eael-advanced-accordion-icon-closed\"><svg aria-hidden=\"true\" class=\"fa-accordion-icon e-font-icon-svg e-fas-plus\" viewBox=\"0 0 448 512\" xmlns=\"http:\/\/www.w3.org\/2000\/svg\"><path d=\"M416 208H272V64c0-17.67-14.33-32-32-32h-32c-17.67 0-32 14.33-32 32v144H32c-17.67 0-32 14.33-32 32v32c0 17.67 14.33 32 32 32h144v144c0 17.67 14.33 32 32 32h32c17.67 0 32-14.33 32-32V304h144c17.67 0 32-14.33 32-32v-32c0-17.67-14.33-32-32-32z\"><\/path><\/svg><\/span><span class=\"eael-advanced-accordion-icon-opened\"><svg aria-hidden=\"true\" class=\"fa-accordion-icon e-font-icon-svg e-fas-minus\" viewBox=\"0 0 448 512\" xmlns=\"http:\/\/www.w3.org\/2000\/svg\"><path d=\"M416 208H32c-17.67 0-32 14.33-32 32v32c0 17.67 14.33 32 32 32h384c17.67 0 32-14.33 32-32v-32c0-17.67-14.33-32-32-32z\"><\/path><\/svg><\/span><span class=\"eael-accordion-tab-title\"> Abilitare <\/span><\/div><div id=\"elementor-tab-content-8577\" class=\"eael-accordion-content clearfix\" data-tab=\"7\" aria-labelledby=\"-abilitare-\"><p>Sus\u0163inerea public\u0103 a tezei de abilitare \u00een domeniul ISTORIE, cu titlul: <strong><em>\u201eTeritoriu \u015fi popula\u0163ie urban\u0103 \u00een Moldova la \u00eenceputurile modernit\u0103\u0163ii\u201d<\/em>, <\/strong>Institutul de Istorie \u201eA.D. Xenopol\u201d Ia\u0219i, 15 iulie 2024 (\u00een cadrul \u0218colii de Studii Avansate a Academiei Rom\u00e2ne &#8211; SCOSAAR); Doctor abilitat \u00een domeniul Istorie (ordin IOSUD\/IOD Academia Rom\u00e2n\u0103 nr. 7680 din 05.12.2024).<\/p><\/div>\n\t\t\t\t\t<\/div><div class=\"eael-accordion-list\">\n\t\t\t\t\t<div id=\"conducere-doctorat\" class=\"elementor-tab-title eael-accordion-header\" tabindex=\"0\" data-tab=\"8\" aria-controls=\"elementor-tab-content-8578\"><span class=\"eael-advanced-accordion-icon-closed\"><svg aria-hidden=\"true\" class=\"fa-accordion-icon e-font-icon-svg e-fas-plus\" viewBox=\"0 0 448 512\" xmlns=\"http:\/\/www.w3.org\/2000\/svg\"><path d=\"M416 208H272V64c0-17.67-14.33-32-32-32h-32c-17.67 0-32 14.33-32 32v144H32c-17.67 0-32 14.33-32 32v32c0 17.67 14.33 32 32 32h144v144c0 17.67 14.33 32 32 32h32c17.67 0 32-14.33 32-32V304h144c17.67 0 32-14.33 32-32v-32c0-17.67-14.33-32-32-32z\"><\/path><\/svg><\/span><span class=\"eael-advanced-accordion-icon-opened\"><svg aria-hidden=\"true\" class=\"fa-accordion-icon e-font-icon-svg e-fas-minus\" viewBox=\"0 0 448 512\" xmlns=\"http:\/\/www.w3.org\/2000\/svg\"><path d=\"M416 208H32c-17.67 0-32 14.33-32 32v32c0 17.67 14.33 32 32 32h384c17.67 0 32-14.33 32-32v-32c0-17.67-14.33-32-32-32z\"><\/path><\/svg><\/span><span class=\"eael-accordion-tab-title\">Conducere doctorat<\/span><\/div><div id=\"elementor-tab-content-8578\" class=\"eael-accordion-content clearfix\" data-tab=\"8\" aria-labelledby=\"conducere-doctorat\"><p>Cooptat \u00een calitate de conduc\u0103tor de doctorat abilitat \u00een cadrul <strong><em>\u015ecolii de Studii Avansate a Academiei Rom\u00e2ne (SCOSAAR)<\/em><\/strong>, domeniul Istorie, \u00een cadrul Institutului de Istorie \u201eA. D. Xenopol\u201d, Academia Rom\u00e2n\u0103 \u2013 Filiala Ia\u015fi. <em>\u00a0<\/em><\/p><\/div>\n\t\t\t\t\t<\/div><div class=\"eael-accordion-list\">\n\t\t\t\t\t<div id=\"proiecte-de-cercetare\" class=\"elementor-tab-title eael-accordion-header\" tabindex=\"0\" data-tab=\"9\" aria-controls=\"elementor-tab-content-8579\"><span class=\"eael-advanced-accordion-icon-closed\"><svg aria-hidden=\"true\" class=\"fa-accordion-icon e-font-icon-svg e-fas-plus\" viewBox=\"0 0 448 512\" xmlns=\"http:\/\/www.w3.org\/2000\/svg\"><path d=\"M416 208H272V64c0-17.67-14.33-32-32-32h-32c-17.67 0-32 14.33-32 32v144H32c-17.67 0-32 14.33-32 32v32c0 17.67 14.33 32 32 32h144v144c0 17.67 14.33 32 32 32h32c17.67 0 32-14.33 32-32V304h144c17.67 0 32-14.33 32-32v-32c0-17.67-14.33-32-32-32z\"><\/path><\/svg><\/span><span class=\"eael-advanced-accordion-icon-opened\"><svg aria-hidden=\"true\" class=\"fa-accordion-icon e-font-icon-svg e-fas-minus\" viewBox=\"0 0 448 512\" xmlns=\"http:\/\/www.w3.org\/2000\/svg\"><path d=\"M416 208H32c-17.67 0-32 14.33-32 32v32c0 17.67 14.33 32 32 32h384c17.67 0 32-14.33 32-32v-32c0-17.67-14.33-32-32-32z\"><\/path><\/svg><\/span><span class=\"eael-accordion-tab-title\">Proiecte de cercetare<\/span><\/div><div id=\"elementor-tab-content-8579\" class=\"eael-accordion-content clearfix\" data-tab=\"9\" aria-labelledby=\"proiecte-de-cercetare\"><p><a href=\"https:\/\/institutulxenopol.ro\/wp-content\/uploads\/2025\/10\/CHELCU.-M_Proiecte-de-cercetare.pdf\">CHELCU. M_Proiecte de cercetare<\/a><\/p><\/div>\n\t\t\t\t\t<\/div><\/div>\t\t\t\t<\/div>\n\t\t\t\t\t<\/div>\n\t\t\t\t<\/div>\n\t\t\t\t<\/div>\n\t\t                    <\/div>\n\t\t        \n                    <div id=\"curriculum-vitae-tab\" class=\"clearfix eael-tab-content-item inactive\" data-title-link=\"curriculum-vitae-tab\">\n\t\t\t\t        <p><a href=\"https:\/\/institutulxenopol.ro\/wp-content\/uploads\/2025\/10\/Marius-Chelcu-CV.pdf\">Marius Chelcu &#8211; CV<\/a><\/p>                    <\/div>\n\t\t                    <\/div>\n        <\/div>\n\t\t\t\t<\/div>\n\t\t\t\t\t<\/div>\n\t\t\t\t<\/div>\n\t\t\t\t<\/div>\n\t\t","protected":false},"excerpt":{"rendered":"<p>Cercet\u0103tor \u015etiin\u0163ific I dr. Marius C. Chelcu Colectivul de Istorie medieval\u0103 mariuschelcu@gmail.com Marius Chelcu Marius Chelcu Prezentare Publica\u021bii Curriculum vitae Marius Chelcu (n. 10 mai 1974, Ia\u0219i) este cercet\u0103tor \u0219tiin\u021bific \u00een cadrul Institutului de Istorie \u201eA. D. Xenopol\u201d din Ia\u0219i, Filiala Academiei Rom\u00e2ne. Este doctor \u00een istorie, cu o tez\u0103 dedicat\u0103 evolu\u021biei ora\u0219ului moldovenesc \u00een [&hellip;]<\/p>\n","protected":false},"author":1,"featured_media":0,"parent":0,"menu_order":0,"comment_status":"closed","ping_status":"closed","template":"","meta":{"site-sidebar-layout":"no-sidebar","site-content-layout":"page-builder","ast-site-content-layout":"full-width-container","site-content-style":"default","site-sidebar-style":"default","ast-global-header-display":"","ast-banner-title-visibility":"","ast-main-header-display":"","ast-hfb-above-header-display":"","ast-hfb-below-header-display":"","ast-hfb-mobile-header-display":"","site-post-title":"","ast-breadcrumbs-content":"","ast-featured-img":"disabled","footer-sml-layout":"","ast-disable-related-posts":"","theme-transparent-header-meta":"","adv-header-id-meta":"","stick-header-meta":"","header-above-stick-meta":"","header-main-stick-meta":"","header-below-stick-meta":"","astra-migrate-meta-layouts":"set","ast-page-background-enabled":"default","ast-page-background-meta":{"desktop":{"background-color":"","background-image":"","background-repeat":"repeat","background-position":"center center","background-size":"auto","background-attachment":"scroll","background-type":"","background-media":"","overlay-type":"","overlay-color":"","overlay-opacity":"","overlay-gradient":""},"tablet":{"background-color":"","background-image":"","background-repeat":"repeat","background-position":"center center","background-size":"auto","background-attachment":"scroll","background-type":"","background-media":"","overlay-type":"","overlay-color":"","overlay-opacity":"","overlay-gradient":""},"mobile":{"background-color":"","background-image":"","background-repeat":"repeat","background-position":"center center","background-size":"auto","background-attachment":"scroll","background-type":"","background-media":"","overlay-type":"","overlay-color":"","overlay-opacity":"","overlay-gradient":""}},"ast-content-background-meta":{"desktop":{"background-color":"var(--ast-global-color-5)","background-image":"","background-repeat":"repeat","background-position":"center center","background-size":"auto","background-attachment":"scroll","background-type":"","background-media":"","overlay-type":"","overlay-color":"","overlay-opacity":"","overlay-gradient":""},"tablet":{"background-color":"var(--ast-global-color-5)","background-image":"","background-repeat":"repeat","background-position":"center center","background-size":"auto","background-attachment":"scroll","background-type":"","background-media":"","overlay-type":"","overlay-color":"","overlay-opacity":"","overlay-gradient":""},"mobile":{"background-color":"var(--ast-global-color-5)","background-image":"","background-repeat":"repeat","background-position":"center center","background-size":"auto","background-attachment":"scroll","background-type":"","background-media":"","overlay-type":"","overlay-color":"","overlay-opacity":"","overlay-gradient":""}},"footnotes":""},"class_list":["post-3099","page","type-page","status-publish","hentry"],"yoast_head":"<!-- This site is optimized with the Yoast SEO plugin v27.5 - https:\/\/yoast.com\/product\/yoast-seo-wordpress\/ -->\n<title>Chelcu Marius - Institutul de Istorie \u201eA. D. Xenopol\u201d<\/title>\n<meta name=\"robots\" content=\"index, follow, max-snippet:-1, max-image-preview:large, max-video-preview:-1\" \/>\n<link rel=\"canonical\" href=\"https:\/\/institutulxenopol.ro\/en\/chelcu-marius\/\" \/>\n<meta property=\"og:locale\" content=\"en_US\" \/>\n<meta property=\"og:type\" content=\"article\" \/>\n<meta property=\"og:title\" content=\"Chelcu Marius - Institutul de Istorie \u201eA. D. Xenopol\u201d\" \/>\n<meta property=\"og:description\" content=\"Cercet\u0103tor \u015etiin\u0163ific I dr. Marius C. Chelcu Colectivul de Istorie medieval\u0103 mariuschelcu@gmail.com Marius Chelcu Marius Chelcu Prezentare Publica\u021bii Curriculum vitae Marius Chelcu (n. 10 mai 1974, Ia\u0219i) este cercet\u0103tor \u0219tiin\u021bific \u00een cadrul Institutului de Istorie \u201eA. D. Xenopol\u201d din Ia\u0219i, Filiala Academiei Rom\u00e2ne. Este doctor \u00een istorie, cu o tez\u0103 dedicat\u0103 evolu\u021biei ora\u0219ului moldovenesc \u00een [&hellip;]\" \/>\n<meta property=\"og:url\" content=\"https:\/\/institutulxenopol.ro\/en\/chelcu-marius\/\" \/>\n<meta property=\"og:site_name\" content=\"Institutul de Istorie \u201eA. D. Xenopol\u201d\" \/>\n<meta property=\"article:publisher\" content=\"https:\/\/www.facebook.com\/profile.php?id=61559258097917\" \/>\n<meta property=\"article:modified_time\" content=\"2025-11-21T13:04:08+00:00\" \/>\n<meta property=\"og:image\" content=\"https:\/\/institutulxenopol.ro\/wp-content\/uploads\/2025\/10\/Marius-Chelcu_Professional-Profile-Photo-Post-scaled-e1761080206336-1024x985.png\" \/>\n\t<meta property=\"og:image:width\" content=\"1024\" \/>\n\t<meta property=\"og:image:height\" content=\"985\" \/>\n\t<meta property=\"og:image:type\" content=\"image\/png\" \/>\n<script type=\"application\/ld+json\" class=\"yoast-schema-graph\">{\"@context\":\"https:\\\/\\\/schema.org\",\"@graph\":[{\"@type\":\"WebPage\",\"@id\":\"https:\\\/\\\/institutulxenopol.ro\\\/chelcu-marius\\\/\",\"url\":\"https:\\\/\\\/institutulxenopol.ro\\\/chelcu-marius\\\/\",\"name\":\"Chelcu Marius - Institutul de Istorie \u201eA. D. Xenopol\u201d\",\"isPartOf\":{\"@id\":\"https:\\\/\\\/institutulxenopol.ro\\\/#website\"},\"primaryImageOfPage\":{\"@id\":\"https:\\\/\\\/institutulxenopol.ro\\\/chelcu-marius\\\/#primaryimage\"},\"image\":{\"@id\":\"https:\\\/\\\/institutulxenopol.ro\\\/chelcu-marius\\\/#primaryimage\"},\"thumbnailUrl\":\"https:\\\/\\\/institutulxenopol.ro\\\/wp-content\\\/uploads\\\/2025\\\/10\\\/Marius-Chelcu_Professional-Profile-Photo-Post-scaled-e1761080206336.png\",\"datePublished\":\"2025-10-21T20:55:02+00:00\",\"dateModified\":\"2025-11-21T13:04:08+00:00\",\"breadcrumb\":{\"@id\":\"https:\\\/\\\/institutulxenopol.ro\\\/chelcu-marius\\\/#breadcrumb\"},\"inLanguage\":\"en-US\",\"potentialAction\":[{\"@type\":\"ReadAction\",\"target\":[\"https:\\\/\\\/institutulxenopol.ro\\\/chelcu-marius\\\/\"]}]},{\"@type\":\"ImageObject\",\"inLanguage\":\"en-US\",\"@id\":\"https:\\\/\\\/institutulxenopol.ro\\\/chelcu-marius\\\/#primaryimage\",\"url\":\"https:\\\/\\\/institutulxenopol.ro\\\/wp-content\\\/uploads\\\/2025\\\/10\\\/Marius-Chelcu_Professional-Profile-Photo-Post-scaled-e1761080206336.png\",\"contentUrl\":\"https:\\\/\\\/institutulxenopol.ro\\\/wp-content\\\/uploads\\\/2025\\\/10\\\/Marius-Chelcu_Professional-Profile-Photo-Post-scaled-e1761080206336.png\"},{\"@type\":\"BreadcrumbList\",\"@id\":\"https:\\\/\\\/institutulxenopol.ro\\\/chelcu-marius\\\/#breadcrumb\",\"itemListElement\":[{\"@type\":\"ListItem\",\"position\":1,\"name\":\"Prima pagin\u0103\",\"item\":\"https:\\\/\\\/institutulxenopol.ro\\\/\"},{\"@type\":\"ListItem\",\"position\":2,\"name\":\"Chelcu Marius\"}]},{\"@type\":\"WebSite\",\"@id\":\"https:\\\/\\\/institutulxenopol.ro\\\/#website\",\"url\":\"https:\\\/\\\/institutulxenopol.ro\\\/\",\"name\":\"Institutul de Istorie \u201eA. D. Xenopol\u201d Ia\u0219i\",\"description\":\"Academia Rom\u00e2n\u0103 - Filiala Ia\u0219i\",\"publisher\":{\"@id\":\"https:\\\/\\\/institutulxenopol.ro\\\/#organization\"},\"potentialAction\":[{\"@type\":\"SearchAction\",\"target\":{\"@type\":\"EntryPoint\",\"urlTemplate\":\"https:\\\/\\\/institutulxenopol.ro\\\/?s={search_term_string}\"},\"query-input\":{\"@type\":\"PropertyValueSpecification\",\"valueRequired\":true,\"valueName\":\"search_term_string\"}}],\"inLanguage\":\"en-US\"},{\"@type\":\"Organization\",\"@id\":\"https:\\\/\\\/institutulxenopol.ro\\\/#organization\",\"name\":\"Institutul de Istorie \u201eA. D. Xenopol\u201d Ia\u0219i\",\"url\":\"https:\\\/\\\/institutulxenopol.ro\\\/\",\"logo\":{\"@type\":\"ImageObject\",\"inLanguage\":\"en-US\",\"@id\":\"https:\\\/\\\/institutulxenopol.ro\\\/#\\\/schema\\\/logo\\\/image\\\/\",\"url\":\"https:\\\/\\\/institutulxenopol.ro\\\/wp-content\\\/uploads\\\/2025\\\/10\\\/logo-institut-black-e1761148345490.png\",\"contentUrl\":\"https:\\\/\\\/institutulxenopol.ro\\\/wp-content\\\/uploads\\\/2025\\\/10\\\/logo-institut-black-e1761148345490.png\",\"width\":432,\"height\":164,\"caption\":\"Institutul de Istorie \u201eA. D. Xenopol\u201d Ia\u0219i\"},\"image\":{\"@id\":\"https:\\\/\\\/institutulxenopol.ro\\\/#\\\/schema\\\/logo\\\/image\\\/\"},\"sameAs\":[\"https:\\\/\\\/www.facebook.com\\\/profile.php?id=61559258097917\"]}]}<\/script>\n<!-- \/ Yoast SEO plugin. -->","yoast_head_json":{"title":"Chelcu Marius - Institutul de Istorie \u201eA. D. Xenopol\u201d","robots":{"index":"index","follow":"follow","max-snippet":"max-snippet:-1","max-image-preview":"max-image-preview:large","max-video-preview":"max-video-preview:-1"},"canonical":"https:\/\/institutulxenopol.ro\/en\/chelcu-marius\/","og_locale":"en_US","og_type":"article","og_title":"Chelcu Marius - Institutul de Istorie \u201eA. D. Xenopol\u201d","og_description":"Cercet\u0103tor \u015etiin\u0163ific I dr. Marius C. Chelcu Colectivul de Istorie medieval\u0103 mariuschelcu@gmail.com Marius Chelcu Marius Chelcu Prezentare Publica\u021bii Curriculum vitae Marius Chelcu (n. 10 mai 1974, Ia\u0219i) este cercet\u0103tor \u0219tiin\u021bific \u00een cadrul Institutului de Istorie \u201eA. D. Xenopol\u201d din Ia\u0219i, Filiala Academiei Rom\u00e2ne. Este doctor \u00een istorie, cu o tez\u0103 dedicat\u0103 evolu\u021biei ora\u0219ului moldovenesc \u00een [&hellip;]","og_url":"https:\/\/institutulxenopol.ro\/en\/chelcu-marius\/","og_site_name":"Institutul de Istorie \u201eA. D. Xenopol\u201d","article_publisher":"https:\/\/www.facebook.com\/profile.php?id=61559258097917","article_modified_time":"2025-11-21T13:04:08+00:00","og_image":[{"width":1024,"height":985,"url":"https:\/\/institutulxenopol.ro\/wp-content\/uploads\/2025\/10\/Marius-Chelcu_Professional-Profile-Photo-Post-scaled-e1761080206336-1024x985.png","type":"image\/png"}],"schema":{"@context":"https:\/\/schema.org","@graph":[{"@type":"WebPage","@id":"https:\/\/institutulxenopol.ro\/chelcu-marius\/","url":"https:\/\/institutulxenopol.ro\/chelcu-marius\/","name":"Chelcu Marius - Institutul de Istorie \u201eA. D. Xenopol\u201d","isPartOf":{"@id":"https:\/\/institutulxenopol.ro\/#website"},"primaryImageOfPage":{"@id":"https:\/\/institutulxenopol.ro\/chelcu-marius\/#primaryimage"},"image":{"@id":"https:\/\/institutulxenopol.ro\/chelcu-marius\/#primaryimage"},"thumbnailUrl":"https:\/\/institutulxenopol.ro\/wp-content\/uploads\/2025\/10\/Marius-Chelcu_Professional-Profile-Photo-Post-scaled-e1761080206336.png","datePublished":"2025-10-21T20:55:02+00:00","dateModified":"2025-11-21T13:04:08+00:00","breadcrumb":{"@id":"https:\/\/institutulxenopol.ro\/chelcu-marius\/#breadcrumb"},"inLanguage":"en-US","potentialAction":[{"@type":"ReadAction","target":["https:\/\/institutulxenopol.ro\/chelcu-marius\/"]}]},{"@type":"ImageObject","inLanguage":"en-US","@id":"https:\/\/institutulxenopol.ro\/chelcu-marius\/#primaryimage","url":"https:\/\/institutulxenopol.ro\/wp-content\/uploads\/2025\/10\/Marius-Chelcu_Professional-Profile-Photo-Post-scaled-e1761080206336.png","contentUrl":"https:\/\/institutulxenopol.ro\/wp-content\/uploads\/2025\/10\/Marius-Chelcu_Professional-Profile-Photo-Post-scaled-e1761080206336.png"},{"@type":"BreadcrumbList","@id":"https:\/\/institutulxenopol.ro\/chelcu-marius\/#breadcrumb","itemListElement":[{"@type":"ListItem","position":1,"name":"Prima pagin\u0103","item":"https:\/\/institutulxenopol.ro\/"},{"@type":"ListItem","position":2,"name":"Chelcu Marius"}]},{"@type":"WebSite","@id":"https:\/\/institutulxenopol.ro\/#website","url":"https:\/\/institutulxenopol.ro\/","name":"Institutul de Istorie \u201eA. D. Xenopol\u201d Ia\u0219i","description":"Academia Rom\u00e2n\u0103 - Filiala Ia\u0219i","publisher":{"@id":"https:\/\/institutulxenopol.ro\/#organization"},"potentialAction":[{"@type":"SearchAction","target":{"@type":"EntryPoint","urlTemplate":"https:\/\/institutulxenopol.ro\/?s={search_term_string}"},"query-input":{"@type":"PropertyValueSpecification","valueRequired":true,"valueName":"search_term_string"}}],"inLanguage":"en-US"},{"@type":"Organization","@id":"https:\/\/institutulxenopol.ro\/#organization","name":"Institutul de Istorie \u201eA. D. Xenopol\u201d Ia\u0219i","url":"https:\/\/institutulxenopol.ro\/","logo":{"@type":"ImageObject","inLanguage":"en-US","@id":"https:\/\/institutulxenopol.ro\/#\/schema\/logo\/image\/","url":"https:\/\/institutulxenopol.ro\/wp-content\/uploads\/2025\/10\/logo-institut-black-e1761148345490.png","contentUrl":"https:\/\/institutulxenopol.ro\/wp-content\/uploads\/2025\/10\/logo-institut-black-e1761148345490.png","width":432,"height":164,"caption":"Institutul de Istorie \u201eA. D. Xenopol\u201d Ia\u0219i"},"image":{"@id":"https:\/\/institutulxenopol.ro\/#\/schema\/logo\/image\/"},"sameAs":["https:\/\/www.facebook.com\/profile.php?id=61559258097917"]}]}},"_links":{"self":[{"href":"https:\/\/institutulxenopol.ro\/en\/wp-json\/wp\/v2\/pages\/3099","targetHints":{"allow":["GET"]}}],"collection":[{"href":"https:\/\/institutulxenopol.ro\/en\/wp-json\/wp\/v2\/pages"}],"about":[{"href":"https:\/\/institutulxenopol.ro\/en\/wp-json\/wp\/v2\/types\/page"}],"author":[{"embeddable":true,"href":"https:\/\/institutulxenopol.ro\/en\/wp-json\/wp\/v2\/users\/1"}],"replies":[{"embeddable":true,"href":"https:\/\/institutulxenopol.ro\/en\/wp-json\/wp\/v2\/comments?post=3099"}],"version-history":[{"count":34,"href":"https:\/\/institutulxenopol.ro\/en\/wp-json\/wp\/v2\/pages\/3099\/revisions"}],"predecessor-version":[{"id":4876,"href":"https:\/\/institutulxenopol.ro\/en\/wp-json\/wp\/v2\/pages\/3099\/revisions\/4876"}],"wp:attachment":[{"href":"https:\/\/institutulxenopol.ro\/en\/wp-json\/wp\/v2\/media?parent=3099"}],"curies":[{"name":"wp","href":"https:\/\/api.w.org\/{rel}","templated":true}]}}