{"id":3068,"date":"2025-10-21T23:13:54","date_gmt":"2025-10-21T20:13:54","guid":{"rendered":"https:\/\/institutulxenopol.ro\/?page_id=3068"},"modified":"2025-11-21T16:04:47","modified_gmt":"2025-11-21T13:04:47","slug":"chelcu-catalina","status":"publish","type":"page","link":"https:\/\/institutulxenopol.ro\/en\/chelcu-catalina\/","title":{"rendered":"Chelcu Catalina"},"content":{"rendered":"\t\t<div data-elementor-type=\"wp-page\" data-elementor-id=\"3068\" class=\"elementor elementor-3068\">\n\t\t\t\t<div class=\"elementor-element elementor-element-472a5c9c e-flex e-con-boxed e-con e-parent\" data-id=\"472a5c9c\" data-element_type=\"container\" data-e-type=\"container\" data-settings=\"{&quot;background_background&quot;:&quot;classic&quot;}\">\n\t\t\t\t\t<div class=\"e-con-inner\">\n\t\t<div class=\"elementor-element elementor-element-59a5b6 e-con-full e-flex e-con e-child\" data-id=\"59a5b6\" data-element_type=\"container\" data-e-type=\"container\">\n\t\t\t\t<\/div>\n\t\t\t\t\t<\/div>\n\t\t\t\t<\/div>\n\t\t<div class=\"elementor-element elementor-element-1c6d2a32 e-flex e-con-boxed e-con e-parent\" data-id=\"1c6d2a32\" data-element_type=\"container\" data-e-type=\"container\">\n\t\t\t\t\t<div class=\"e-con-inner\">\n\t\t<div class=\"elementor-element elementor-element-852440c e-con-full e-flex e-con e-child\" data-id=\"852440c\" data-element_type=\"container\" data-e-type=\"container\">\n\t\t\t\t<div class=\"elementor-element elementor-element-4e0a3366 elementor-widget elementor-widget-heading\" data-id=\"4e0a3366\" data-element_type=\"widget\" data-e-type=\"widget\" data-widget_type=\"heading.default\">\n\t\t\t\t\t<h2 class=\"elementor-heading-title elementor-size-default\">Cercet\u0103tor \u015etiin\u0163ific I dr. C\u0103t\u0103lina E. Chelcu<\/h2>\t\t\t\t<\/div>\n\t\t\t\t<div class=\"elementor-element elementor-element-317e9abd elementor-widget elementor-widget-text-editor\" data-id=\"317e9abd\" data-element_type=\"widget\" data-e-type=\"widget\" data-widget_type=\"text-editor.default\">\n\t\t\t\t\t\t\t\t\t<p>Colectivul de Istorie medieval\u0103<\/p>\t\t\t\t\t\t\t\t<\/div>\n\t\t<div class=\"elementor-element elementor-element-4d9d294a e-grid e-con-full e-con e-child\" data-id=\"4d9d294a\" data-element_type=\"container\" data-e-type=\"container\">\n\t\t\t\t<div class=\"elementor-element elementor-element-753caf4e elementor-widget elementor-widget-image\" data-id=\"753caf4e\" data-element_type=\"widget\" data-e-type=\"widget\" data-widget_type=\"image.default\">\n\t\t\t\t\t\t\t\t\t\t\t\t\t\t\t<img fetchpriority=\"high\" decoding=\"async\" width=\"317\" height=\"266\" src=\"https:\/\/institutulxenopol.ro\/wp-content\/uploads\/2025\/10\/chelcu-catalina-e1761077954106.jpg\" class=\"attachment-full size-full wp-image-3074\" alt=\"\" srcset=\"https:\/\/institutulxenopol.ro\/wp-content\/uploads\/2025\/10\/chelcu-catalina-e1761077954106.jpg 317w, https:\/\/institutulxenopol.ro\/wp-content\/uploads\/2025\/10\/chelcu-catalina-e1761077954106-300x252.jpg 300w\" sizes=\"(max-width: 317px) 100vw, 317px\" \/>\t\t\t\t\t\t\t\t\t\t\t\t\t\t\t<\/div>\n\t\t\t\t<div class=\"elementor-element elementor-element-8201c20 elementor-align-start elementor-icon-list--layout-traditional elementor-list-item-link-full_width elementor-widget elementor-widget-icon-list\" data-id=\"8201c20\" data-element_type=\"widget\" data-e-type=\"widget\" data-widget_type=\"icon-list.default\">\n\t\t\t\t\t\t\t<ul class=\"elementor-icon-list-items\">\n\t\t\t\t\t\t\t<li class=\"elementor-icon-list-item\">\n\t\t\t\t\t\t\t\t\t\t\t<a href=\"mailto:catalina.chelcu@yahoo.com\">\n\n\t\t\t\t\t\t\t\t\t\t\t\t<span class=\"elementor-icon-list-icon\">\n\t\t\t\t\t\t\t<svg aria-hidden=\"true\" class=\"e-font-icon-svg e-far-envelope\" viewBox=\"0 0 512 512\" xmlns=\"http:\/\/www.w3.org\/2000\/svg\"><path d=\"M464 64H48C21.49 64 0 85.49 0 112v288c0 26.51 21.49 48 48 48h416c26.51 0 48-21.49 48-48V112c0-26.51-21.49-48-48-48zm0 48v40.805c-22.422 18.259-58.168 46.651-134.587 106.49-16.841 13.247-50.201 45.072-73.413 44.701-23.208.375-56.579-31.459-73.413-44.701C106.18 199.465 70.425 171.067 48 152.805V112h416zM48 400V214.398c22.914 18.251 55.409 43.862 104.938 82.646 21.857 17.205 60.134 55.186 103.062 54.955 42.717.231 80.509-37.199 103.053-54.947 49.528-38.783 82.032-64.401 104.947-82.653V400H48z\"><\/path><\/svg>\t\t\t\t\t\t<\/span>\n\t\t\t\t\t\t\t\t\t\t<span class=\"elementor-icon-list-text\">catalina.chelcu@yahoo.com<\/span>\n\t\t\t\t\t\t\t\t\t\t\t<\/a>\n\t\t\t\t\t\t\t\t\t<\/li>\n\t\t\t\t\t\t\t\t<li class=\"elementor-icon-list-item\">\n\t\t\t\t\t\t\t\t\t\t\t<a href=\"mailto:catachelcu@gmail.com\">\n\n\t\t\t\t\t\t\t\t\t\t\t\t<span class=\"elementor-icon-list-icon\">\n\t\t\t\t\t\t\t<svg aria-hidden=\"true\" class=\"e-font-icon-svg e-far-envelope\" viewBox=\"0 0 512 512\" xmlns=\"http:\/\/www.w3.org\/2000\/svg\"><path d=\"M464 64H48C21.49 64 0 85.49 0 112v288c0 26.51 21.49 48 48 48h416c26.51 0 48-21.49 48-48V112c0-26.51-21.49-48-48-48zm0 48v40.805c-22.422 18.259-58.168 46.651-134.587 106.49-16.841 13.247-50.201 45.072-73.413 44.701-23.208.375-56.579-31.459-73.413-44.701C106.18 199.465 70.425 171.067 48 152.805V112h416zM48 400V214.398c22.914 18.251 55.409 43.862 104.938 82.646 21.857 17.205 60.134 55.186 103.062 54.955 42.717.231 80.509-37.199 103.053-54.947 49.528-38.783 82.032-64.401 104.947-82.653V400H48z\"><\/path><\/svg>\t\t\t\t\t\t<\/span>\n\t\t\t\t\t\t\t\t\t\t<span class=\"elementor-icon-list-text\">catachelcu@gmail.com<\/span>\n\t\t\t\t\t\t\t\t\t\t\t<\/a>\n\t\t\t\t\t\t\t\t\t<\/li>\n\t\t\t\t\t\t<\/ul>\n\t\t\t\t\t\t<\/div>\n\t\t\t\t<\/div>\n\t\t\t\t<\/div>\n\t\t\t\t<div class=\"elementor-element elementor-element-1d248edf elementor-widget elementor-widget-spacer\" data-id=\"1d248edf\" data-element_type=\"widget\" data-e-type=\"widget\" data-widget_type=\"spacer.default\">\n\t\t\t\t\t\t\t<div class=\"elementor-spacer\">\n\t\t\t<div class=\"elementor-spacer-inner\"><\/div>\n\t\t<\/div>\n\t\t\t\t\t\t<\/div>\n\t\t\t\t<div class=\"elementor-element elementor-element-1c4c7298 elementor-widget elementor-widget-eael-adv-tabs\" data-id=\"1c4c7298\" data-element_type=\"widget\" data-e-type=\"widget\" data-widget_type=\"eael-adv-tabs.default\">\n\t\t\t\t\t        <div data-scroll-on-click=\"\" data-scroll-speed=\"300\" id=\"eael-advance-tabs-1c4c7298\" class=\"eael-advance-tabs eael-tabs-horizontal eael-tab-auto-active  active-caret-on\" data-tabid=\"1c4c7298\">\n            <div class=\"eael-tabs-nav \">\n                <ul class=\"\" role=\"tablist\">\n                                            <li id=\"prezentare\" class=\"inactive eael-tab-item-trigger eael-tab-nav-item\" aria-selected=\"true\" data-tab=\"1\" role=\"tab\" tabindex=\"0\" aria-controls=\"prezentare-tab\" aria-expanded=\"false\">\n                            \n                            \n                            \n                                                            <span class=\"eael-tab-title title-after-icon\" >Prezentare<\/span>                                                    <\/li>\n                                            <li id=\"publicaii\" class=\"inactive eael-tab-item-trigger eael-tab-nav-item\" aria-selected=\"false\" data-tab=\"2\" role=\"tab\" tabindex=\"-1\" aria-controls=\"publicaii-tab\" aria-expanded=\"false\">\n                            \n                            \n                            \n                                                            <span class=\"eael-tab-title title-after-icon\" >Publica\u021bii<\/span>                                                    <\/li>\n                                            <li id=\"curriculum-vitae\" class=\"inactive eael-tab-item-trigger eael-tab-nav-item\" aria-selected=\"false\" data-tab=\"3\" role=\"tab\" tabindex=\"-1\" aria-controls=\"curriculum-vitae-tab\" aria-expanded=\"false\">\n                            \n                            \n                            \n                                                            <span class=\"eael-tab-title title-after-icon\" >Curriculum vitae<\/span>                                                    <\/li>\n                    \n                                  <\/ul>\n            <\/div>\n            \n            <div class=\"eael-tabs-content\">\n\t\t        \n                    <div id=\"prezentare-tab\" class=\"clearfix eael-tab-content-item inactive\" data-title-link=\"prezentare-tab\">\n\t\t\t\t        <p style=\"text-align: justify\"><strong>C\u0103t\u0103lina Elena Chelcu<\/strong>, cercet\u0103tor \u0219tiin\u021bific gradul I la Institutul de Istorie \u201eA. D. Xenopol\u201d al Academiei Rom\u00e2ne Filiala Ia\u0219i. Doctor abilitat \u00een domeniul Istorie, membru al echipei de editare a colec\u021biei na\u021bionale de izvoare <em>Documenta Romaniae Historica, <\/em>A. <em>Moldova<\/em>, av\u00e2nd preocup\u0103ri de istorie medieval\u0103 rom\u00e2neasc\u0103, de istoria culturii, de istorie ecleziastic\u0103. \u00cen ultimii ani, activitatea \u0219tiin\u021bific\u0103 s-a orientat c\u0103tre istoria dreptului rom\u00e2nesc, istorie social\u0103 \u0219i practic\u0103 judiciar\u0103 din Moldova medieval\u0103 \u0219i premodern\u0103. Dintre volumele \u00eentocmite, men\u021bion\u0103m: <strong><em>\u00ad<\/em><\/strong> <strong><em>Documenta Romaniae Historica<\/em><\/strong><strong>, seria A, Moldova, vol. IX (1593-1598)<\/strong>, Bucure\u0219ti, Editura Academiei Rom\u00e2ne, 2014 (\u00een colaborare cu Petronel Zahariuc, Marius Chelcu, Silviu V\u0103caru, Sorin Grigoru\u0163\u0103,); <strong><em>Pedeapsa \u00een Moldova \u00eentre norm\u0103 \u0219i practic\u0103<\/em><\/strong>, Ia\u0219i, Editura Universit\u0103\u021bii \u201eAlexandru Ioan Cuza\u201d, 2015; <strong><em>Cultura rom\u00e2n\u0103 scris\u0103 \u00een Moldova la mijlocul secolului al XVII-lea. Contribu\u021bii<\/em><\/strong>, Ia\u0219i, Editura Universit\u0103\u021bii \u201eAlexandru Ioan Cuza\u201d, 2016; <strong><em>Departamentul Criminalicesc \u00een Moldova (1799-1828). Condici de sentin\u021be<\/em><\/strong>, vol. I-III, Ia\u0219i, Editura Universit\u0103\u021bii \u201eAlexandru Ioan Cuza\u201d, 2017, 2019, 2024 (\u00een colaborare cu Silviu V\u0103caru); <strong><em>Documenta Romaniae Historica<\/em><\/strong><strong>, seria A, Moldova, vol. X (1599-1603)<\/strong>, Bucure\u0219ti, Editura Academiei Rom\u00e2ne, 2024 (\u00een colaborare cu Petronel Zahariuc, Marius Chelcu, Sorin Grigoru\u0163\u0103, Silviu V\u0103caru).<\/p><p>ORCID ID: <a href=\"0000-0002-1941-9392\">0000-0002-1941-9392<\/a> (<a href=\"https:\/\/orcid.org\/0000-0002-1941-9392\">https:\/\/orcid.org\/0000-0002-1941-9392<\/a>)<br \/>BrainMap ID: U-1700-039J-0102<\/p>                    <\/div>\n\t\t        \n                    <div id=\"publicaii-tab\" class=\"clearfix eael-tab-content-item inactive\" data-title-link=\"publicaii-tab\">\n\t\t\t\t        <style>.elementor-3087 .elementor-element.elementor-element-7077a576{--display:flex;--margin-top:0px;--margin-bottom:0px;--margin-left:0px;--margin-right:0px;}.elementor-3087 .elementor-element.elementor-element-614c27f4 .eael-adv-accordion .eael-accordion-list .eael-accordion-header .fa-accordion-icon{font-size:16px;color:var( --e-global-color-secondary );}.elementor-3087 .elementor-element.elementor-element-614c27f4 .eael-adv-accordion .eael-accordion-list .eael-accordion-header svg.fa-accordion-icon{height:16px;width:16px;line-height:16px;}.elementor-3087 .elementor-element.elementor-element-614c27f4 .eael-accordion_media-list .eael-accordion_media-icon i{font-size:16px;}.elementor-3087 .elementor-element.elementor-element-614c27f4 .eael-accordion_media-list .eael-accordion_media-icon svg{height:16px;width:16px;line-height:16px;}.elementor-3087 .elementor-element.elementor-element-614c27f4 .eael-adv-accordion .eael-accordion-list .eael-accordion-header .fa-accordion-icon,\n                    .elementor-3087 .elementor-element.elementor-element-614c27f4 .eael-accordion_media-wrapper .eael-accordion_media-lists .eael-accordion_media-list{gap:10px;}.elementor-3087 .elementor-element.elementor-element-614c27f4 .eael-adv-accordion .eael-accordion-list .eael-accordion-header, \n                .elementor-3087 .elementor-element.elementor-element-614c27f4 .eael-accordion_media-wrapper .eael-accordion_media-list{background-color:var( --e-global-color-astglobalcolor4 );}.elementor-3087 .elementor-element.elementor-element-614c27f4 .eael-adv-accordion .eael-accordion-list .eael-accordion-header .eael-accordion-tab-title{color:var( --e-global-color-secondary );}.elementor-3087 .elementor-element.elementor-element-614c27f4 .eael-accordion_media-content .eael-accordion_media-title{color:var( --e-global-color-secondary );}.elementor-3087 .elementor-element.elementor-element-614c27f4 .eael-adv-accordion .eael-accordion-list .eael-accordion-header .fa-accordion-icon-svg svg{color:var( --e-global-color-secondary );fill:var( --e-global-color-secondary );}.elementor-3087 .elementor-element.elementor-element-614c27f4 .eael-adv-accordion .eael-accordion-list .eael-accordion-header svg{fill:var( --e-global-color-secondary );}.elementor-3087 .elementor-element.elementor-element-614c27f4 .eael-accordion_media-list .eael-accordion_media-icon{color:var( --e-global-color-secondary );}.elementor-3087 .elementor-element.elementor-element-614c27f4 .eael-adv-accordion .eael-accordion-list .eael-accordion-header:hover .eael-accordion-tab-title,\n                    .elementor-3087 .elementor-element.elementor-element-614c27f4 .eael-accordion_media-list:not(.active):hover .eael-accordion_media-title{color:var( --e-global-color-primary );}.elementor-3087 .elementor-element.elementor-element-614c27f4 .eael-adv-accordion .eael-accordion-list .eael-accordion-header:hover .fa-accordion-icon{color:var( --e-global-color-primary );}.elementor-3087 .elementor-element.elementor-element-614c27f4 .eael-adv-accordion .eael-accordion-list .eael-accordion-header:hover .fa-accordion-icon svg{color:var( --e-global-color-primary );fill:var( --e-global-color-primary );}.elementor-3087 .elementor-element.elementor-element-614c27f4 .eael-adv-accordion .eael-accordion-list .eael-accordion-header:hover svg.fa-accordion-icon{fill:var( --e-global-color-primary );}.elementor-3087 .elementor-element.elementor-element-614c27f4 .eael-accordion_media-list:hover .eael-accordion_media-icon i{color:var( --e-global-color-primary );}.elementor-3087 .elementor-element.elementor-element-614c27f4 .eael-accordion_media-list:hover .eael-accordion_media-icon svg{fill:var( --e-global-color-primary );}.elementor-3087 .elementor-element.elementor-element-614c27f4 .eael-adv-accordion .eael-accordion-list .eael-accordion-header.active{color:var( --e-global-color-primary );}.elementor-3087 .elementor-element.elementor-element-614c27f4 .eael-adv-accordion .eael-accordion-list .eael-accordion-header.active .eael-accordion-tab-title{color:var( --e-global-color-primary );}.elementor-3087 .elementor-element.elementor-element-614c27f4 .eael-adv-accordion .eael-accordion-list .eael-accordion-header.active .fa-accordion-icon{color:var( --e-global-color-primary );}.elementor-3087 .elementor-element.elementor-element-614c27f4 .eael-adv-accordion .eael-accordion-list .eael-accordion-header.active .fa-accordion-icon svg{color:var( --e-global-color-primary );fill:var( --e-global-color-primary );}.elementor-3087 .elementor-element.elementor-element-614c27f4 .eael-adv-accordion .eael-accordion-list .eael-accordion-header.active svg.fa-accordion-icon{fill:var( --e-global-color-primary );}.elementor-3087 .elementor-element.elementor-element-614c27f4 .eael-accordion_media-list.active .eael-accordion_media-icon i{color:var( --e-global-color-primary );}.elementor-3087 .elementor-element.elementor-element-614c27f4 .eael-accordion_media-list.active .eael-accordion_media-icon svg{fill:var( --e-global-color-primary );}.elementor-3087 .elementor-element.elementor-element-614c27f4 .eael-adv-accordion .eael-accordion-list .eael-accordion-content{color:var( --e-global-color-secondary );}.elementor-3087 .elementor-element.elementor-element-614c27f4 .eael-accordion_media-list .eael-accordion_media-content .eael-accordion_media-description{color:var( --e-global-color-secondary );}.elementor-3087 .elementor-element.elementor-element-614c27f4{margin:0px 0px calc(var(--kit-widget-spacing, 0px) + 0px) 0px;}<\/style>\t\t<div data-elementor-type=\"container\" data-elementor-id=\"3087\" class=\"elementor elementor-3087\">\n\t\t\t\t<div class=\"elementor-element elementor-element-7077a576 e-flex e-con-boxed e-con e-parent\" data-id=\"7077a576\" data-element_type=\"container\" data-e-type=\"container\">\n\t\t\t\t\t<div class=\"e-con-inner\">\n\t\t\t\t<div class=\"elementor-element elementor-element-614c27f4 elementor-widget elementor-widget-eael-adv-accordion\" data-id=\"614c27f4\" data-element_type=\"widget\" data-e-type=\"widget\" data-widget_type=\"eael-adv-accordion.default\">\n\t\t\t\t\t            <div class=\"eael-adv-accordion\" id=\"eael-adv-accordion-614c27f4\" data-scroll-on-click=\"no\" data-scroll-speed=\"300\" data-accordion-id=\"614c27f4\" data-accordion-type=\"accordion\" data-toogle-speed=\"300\">\n            <div class=\"eael-accordion-list\">\n\t\t\t\t\t<div id=\"teza-de-doctorat\" class=\"elementor-tab-title eael-accordion-header\" tabindex=\"0\" data-tab=\"1\" aria-controls=\"elementor-tab-content-1631\"><span class=\"eael-advanced-accordion-icon-closed\"><svg aria-hidden=\"true\" class=\"fa-accordion-icon e-font-icon-svg e-fas-plus\" viewBox=\"0 0 448 512\" xmlns=\"http:\/\/www.w3.org\/2000\/svg\"><path d=\"M416 208H272V64c0-17.67-14.33-32-32-32h-32c-17.67 0-32 14.33-32 32v144H32c-17.67 0-32 14.33-32 32v32c0 17.67 14.33 32 32 32h144v144c0 17.67 14.33 32 32 32h32c17.67 0 32-14.33 32-32V304h144c17.67 0 32-14.33 32-32v-32c0-17.67-14.33-32-32-32z\"><\/path><\/svg><\/span><span class=\"eael-advanced-accordion-icon-opened\"><svg aria-hidden=\"true\" class=\"fa-accordion-icon e-font-icon-svg e-fas-minus\" viewBox=\"0 0 448 512\" xmlns=\"http:\/\/www.w3.org\/2000\/svg\"><path d=\"M416 208H32c-17.67 0-32 14.33-32 32v32c0 17.67 14.33 32 32 32h384c17.67 0 32-14.33 32-32v-32c0-17.67-14.33-32-32-32z\"><\/path><\/svg><\/span><span class=\"eael-accordion-tab-title\">Teza de doctorat<\/span><\/div><div id=\"elementor-tab-content-1631\" class=\"eael-accordion-content clearfix\" data-tab=\"1\" aria-labelledby=\"teza-de-doctorat\"><p><strong>C\u0103t\u0103lina Chelcu<\/strong>, <strong><em>Cultura rom\u00e2n\u0103 scris\u0103 \u00een limba rom\u00e2n\u0103 \u00een Moldova la mijlocul secolului al XVII-lea. Contribu\u021bii<\/em><\/strong>, Ia\u0219i, Editura Universit\u0103\u021bii \u201eAlexandru Ioan Cuza\u201d, 2016, 250 p., ISBN: 978-606-714-191-7 (editur\u0103 clasificat\u0103 CNCS-B).<\/p><\/div>\n\t\t\t\t\t<\/div><div class=\"eael-accordion-list\">\n\t\t\t\t\t<div id=\"cri-de-specialitate-publicate-n-edituri-recunoscute\" class=\"elementor-tab-title eael-accordion-header\" tabindex=\"0\" data-tab=\"2\" aria-controls=\"elementor-tab-content-1632\"><span class=\"eael-advanced-accordion-icon-closed\"><svg aria-hidden=\"true\" class=\"fa-accordion-icon e-font-icon-svg e-fas-plus\" viewBox=\"0 0 448 512\" xmlns=\"http:\/\/www.w3.org\/2000\/svg\"><path d=\"M416 208H272V64c0-17.67-14.33-32-32-32h-32c-17.67 0-32 14.33-32 32v144H32c-17.67 0-32 14.33-32 32v32c0 17.67 14.33 32 32 32h144v144c0 17.67 14.33 32 32 32h32c17.67 0 32-14.33 32-32V304h144c17.67 0 32-14.33 32-32v-32c0-17.67-14.33-32-32-32z\"><\/path><\/svg><\/span><span class=\"eael-advanced-accordion-icon-opened\"><svg aria-hidden=\"true\" class=\"fa-accordion-icon e-font-icon-svg e-fas-minus\" viewBox=\"0 0 448 512\" xmlns=\"http:\/\/www.w3.org\/2000\/svg\"><path d=\"M416 208H32c-17.67 0-32 14.33-32 32v32c0 17.67 14.33 32 32 32h384c17.67 0 32-14.33 32-32v-32c0-17.67-14.33-32-32-32z\"><\/path><\/svg><\/span><span class=\"eael-accordion-tab-title\">C\u0103r\u0163i de specialitate publicate \u00een edituri recunoscute<\/span><\/div><div id=\"elementor-tab-content-1632\" class=\"eael-accordion-content clearfix\" data-tab=\"2\" aria-labelledby=\"cri-de-specialitate-publicate-n-edituri-recunoscute\"><p><strong>1. Carte de autor: <\/strong><\/p><p><strong style=\"font-size: 16px\">C\u0103t\u0103lina Chelcu<\/strong><span style=\"font-size: 16px\">, <\/span><strong style=\"font-size: 16px\"><em>Pedeapsa \u00een Moldova \u00eentre norm\u0103 \u015fi practic\u0103. Studii \u015fi documente<\/em><\/strong><span style=\"font-size: 16px\">, Ia\u015fi, Editura Universit\u0103\u0163ii \u201eAlexandru Ioan Cuza\u201d, 2015, 244 p., ISBN: 978-606-714-191-7 (editur\u0103 clasificat\u0103 CNCS-B).<\/span><\/p><p><strong>2. Edit\u0103ri v<\/strong><strong>olume colective \u0219i de documente:<\/strong><\/p><p><strong>Alexandru Boldur, <\/strong><strong><em>\u0218tefan cel Mare, voievod al Moldovei (1457 \u2013 1504). Studiu de istorie social\u0103<\/em><\/strong>, volum reeditat de <strong>C\u0103t\u0103lina Chelcu<\/strong> \u015fi Marius Chelcu, Ia\u015fi, Editura Junimea, 2004, 350 p., ISBN: 973-37-0862-3.<\/p><p><strong><em>A citi \u0219i a scrie. Practici, simboluri, tipuri de lectur\u0103<\/em><\/strong>, XII, 2004, responsabili de num\u0103r: Andi Mihalache \u0219i <strong>C\u0103t\u0103lina Chelcu<\/strong>; ISSN: 1223-9941, 218 p.<\/p><p><strong><em>Documenta Romaniae Historica<\/em><\/strong><strong>, A, Moldova<\/strong>, vol. XXVII (1643-1644), Bucure\u015fti, Editura Academiei, 2004, volum editat de Petronel Zahariuc, <strong>C\u0103t\u0103lina Chelcu<\/strong>, Marius Chelcu \u015fi Silviu V\u0103caru, Bucure\u015fti, Editura Academiei Rom\u00e2ne, 2004, LXVI, 727 p. facs., ISBN: 973-27-0436-5 (editur\u0103 evaluat\u0103 CNCS-B).<\/p><p><strong><em>Documenta Romaniae Historica<\/em><\/strong><strong>, A, Moldova<\/strong>, vol. XXVIII (1645-1646), volum editat de Petronel Zahariuc, Marius Chelcu, Silviu V\u0103caru \u015fi <strong>C\u0103t\u0103lina Chelcu<\/strong>, Bucure\u015fti, Editura Academiei, 2006, LXVI, 726 p. facs., ISBN: 973-27-1485-9 (editur\u0103 evaluat\u0103 CNCS-B).<\/p><p><strong><em>Documenta Romaniae Historica<\/em><\/strong><strong>, seria A, Moldova, vol. IX (1593-1598)<\/strong>, volum \u00eentocmit de Petronel Zahariuc, Marius Chelcu, Silviu V\u0103caru, <strong>C\u0103t\u0103lina Chelcu<\/strong>, Sorin Grigoru\u0163\u0103, Editura Academiei Rom\u00e2ne, Bucure\u015fti, 2014, LXXIX, 663 p., facs. (editur\u0103 evaluat\u0103 CNCS-B).<\/p><p><strong><em>Departamentul Criminalicesc \u00een Moldova (1799-1828). Condici de sentin\u0163e<\/em><\/strong><strong>, volumul I <em>(1799-1804)<\/em><\/strong>, editori Silviu V\u0103caru, <strong>C\u0103t\u0103lina Chelcu<\/strong>, Ia\u015fi, Editura Universit\u0103\u0163ii \u201eAlexandru Ioan Cuza\u201d, 2017, 359 p., ISBN: 978-606-714-399-7 (editur\u0103 evaluat\u0103 CNCS-B).<\/p><p><strong><em>Departamentul Criminalicesc \u00een Moldova (1799-1828). Condici de sentin\u0163e<\/em><\/strong><strong>, volumul II <em>(1805-1821)<\/em><\/strong>, editori Silviu V\u0103caru, <strong>C\u0103t\u0103lina Chelcu<\/strong>, Ia\u015fi, Editura Universit\u0103\u0163ii \u201eAlexandru Ioan Cuza\u201d, 2019, 413 p., ISBN: 978-606-714-399-7 (editur\u0103 evaluat\u0103 CNCS-B).<\/p><p><strong><em>Departamentul Criminalicesc \u00een Moldova (1799-1828). Condici de sentin\u0163e<\/em><\/strong><strong>, volumul III <em>(1822-1828)<\/em><\/strong>, editori Silviu V\u0103caru, <strong>C\u0103t\u0103lina Chelcu<\/strong>, Ia\u015fi, Editura Universit\u0103\u0163ii \u201eAlexandru Ioan Cuza\u201d, 2024, 603 p.<\/p><p><strong><em>Documenta Romaniae Historica<\/em><\/strong><strong>, seria A, Moldova, vol. X (1599-1603)<\/strong>, volum \u00eentocmit de Petronel Zahariuc, Marius Chelcu, <strong>C\u0103t\u0103lina Chelcu<\/strong>, Sorin Grigoru\u0163\u0103, Silviu V\u0103caru, Editura Academiei Rom\u00e2ne, Bucure\u015fti, 2024, 880 p. (editur\u0103 clasificat\u0103 CNCS-B).<\/p><\/div>\n\t\t\t\t\t<\/div><div class=\"eael-accordion-list\">\n\t\t\t\t\t<div id=\"articolestudii\" class=\"elementor-tab-title eael-accordion-header\" tabindex=\"0\" data-tab=\"3\" aria-controls=\"elementor-tab-content-1633\"><span class=\"eael-advanced-accordion-icon-closed\"><svg aria-hidden=\"true\" class=\"fa-accordion-icon e-font-icon-svg e-fas-plus\" viewBox=\"0 0 448 512\" xmlns=\"http:\/\/www.w3.org\/2000\/svg\"><path d=\"M416 208H272V64c0-17.67-14.33-32-32-32h-32c-17.67 0-32 14.33-32 32v144H32c-17.67 0-32 14.33-32 32v32c0 17.67 14.33 32 32 32h144v144c0 17.67 14.33 32 32 32h32c17.67 0 32-14.33 32-32V304h144c17.67 0 32-14.33 32-32v-32c0-17.67-14.33-32-32-32z\"><\/path><\/svg><\/span><span class=\"eael-advanced-accordion-icon-opened\"><svg aria-hidden=\"true\" class=\"fa-accordion-icon e-font-icon-svg e-fas-minus\" viewBox=\"0 0 448 512\" xmlns=\"http:\/\/www.w3.org\/2000\/svg\"><path d=\"M416 208H32c-17.67 0-32 14.33-32 32v32c0 17.67 14.33 32 32 32h384c17.67 0 32-14.33 32-32v-32c0-17.67-14.33-32-32-32z\"><\/path><\/svg><\/span><span class=\"eael-accordion-tab-title\">Articole\/studii<\/span><\/div><div id=\"elementor-tab-content-1633\" class=\"eael-accordion-content clearfix\" data-tab=\"3\" aria-labelledby=\"articolestudii\"><p><strong>1. Articole\/studii<\/strong> publicate \u00een reviste de specialitate de circula\u0163ie interna\u0163ional\u0103 recunoscute sau \u00een reviste de specialitate de circula\u0163ie na\u0163ional\u0103,\u00a0 recunoscute de CNCSIS:<\/p><p><strong>C\u0103t\u0103lina Chelcu<\/strong>, <em>Petru \u015echiopul, ini\u0163iator al procesului desfiin\u0163\u0103rii ocoalelor domne\u015fti \u00een Moldova,<\/em> \u00een \u201eAnuarul Institutului de Istorie \u00abA. D. Xenopol\u00bb\u201d, t. XXXVII, 2000, p. 69-79, ISSN: 1221-3705 (revist\u0103 indexat\u0103 CEEOL \u0219i evaluat\u0103 CNCS-B).<\/p><p><strong>C\u0103t\u0103lina Chelcu<\/strong>, <em>Manuscrise \u015fi tip\u0103rituri \u00een epoca lui Vasile Lupu. C\u00e2teva observa\u0163ii asupra unui proiect cultural<\/em>, \u00een vol. <em>In medias res. Studii de istorie cultural\u0103<\/em>, editat de Andi Mihalache \u015fi Adrian Ciofl\u00e2nc\u0103, Ia\u015fi, Editura Universit\u0103\u0163ii \u201eAlexandru Ioan Cuza\u201d, 2007, p. 375-387, ISBN: 978-973-703-278-2 (editur\u0103 evaluat\u0103 CNCS-B).<\/p><p><strong>C\u0103t\u0103lina Chelcu<\/strong>, <em>Sinodul de la Ia\u015fi (1642) \u2013 o evaluare istoriografic\u0103<\/em>, \u00een \u201eAnuarul Institutului de Istorie \u00abA. D. Xenopol\u00bb\u201d, tom XLVI, 2009, p. 383-391, ISSN: 1221-3705 (revist\u0103 indexat\u0103 CEEOL \u0219i evaluat\u0103 CNCS-B).<\/p><p>Marius Chelcu, <strong>C\u0103t\u0103lina Chelcu, <\/strong><em>O condic\u0103 a documentelor mo\u015fiilor M\u0103n\u0103stirii Doamnei de l\u00e2ng\u0103 Boto\u015fani, \u00eenchinat\u0103 la m\u0103n\u0103stirea Sf\u00e2ntul Pantelimon de la Muntele Athos<\/em>, \u00een <em>Contribu\u0163ii privitoare la istoria rela\u0163iilor dintre \u0162\u0103rile Rom\u00e2ne \u015fi Bisericile r\u0103s\u0103ritene \u00een secolele XIV-XIX<\/em>, volum editat de Petronel Zahariuc, Ia\u015fi, Editura Universit\u0103\u0163ii \u201eAl. I. Cuza\u201d, 2009, p. 361\u2013446, ISBN: 978-973-703-439-7 (editur\u0103 evaluat\u0103 CNCS-B).<\/p><p><strong>C\u0103t\u0103lina Chelcu, <em>\u201eFiindu atunci (\u2026) lega\u0163i cu priete\u015fugu\u201d: note de terminologie medieval\u0103<\/em><\/strong>, \u00een \u201eAnuarul Institutului de Istorie \u00abA. D. Xenopol\u00bb\u201d, t. XLVII, 2010, p. 149-158, ISSN: 1221-3705 (revist\u0103 indexat\u0103 CEEOL \u0219i evaluat\u0103 CNCS-B).<\/p><p>Marius Chelcu,<strong> C\u0103t\u0103lina Chelcu, <em>M\u0103n\u0103stirea Golia: reper al organiz\u0103rii spa\u0163iului urban<\/em><\/strong>, \u00een \u201eAnuarul Institutului de Istorie \u00abA. D. Xenopol\u00bb\u201d, t. XLVIII, 2011, p. 245-261, ISSN: 1221-3705 (revist\u0103 indexat\u0103 CEEOL \u0219i evaluat\u0103 CNCS-B).<\/p><p><strong>C\u0103t\u0103lina Chelcu, <em>Justi\u0163ie \u015fi fiscalitate \u00een cazul m\u0103n\u0103stirilor \u00eenchinate din Moldova\u00a0 (sf\u00e2r\u015fitul secolului XVI \u2013 secolul XVII)<\/em><\/strong>, \u00een \u201eAnuarul Institutului de Istorie \u00abA. D. Xenopol\u00bb\u201d, t. XLVIII, 2011, p. 41-61, ISSN: 1221-3705 (revist\u0103 indexat\u0103 CEEOL \u0219i evaluat\u0103 CNCS-B).<\/p><p><strong>C\u0103t\u0103lina Chelcu, <em>\u201e\u015ei m-am pl\u0103tit dentr-aceast\u0103 nevoie&#8221;. Consecin\u0163e economice ale r\u0103scump\u0103r\u0103rii pedepsei \u00een Moldova (secolele XVI-XVII)<\/em><\/strong>, \u00een \u201eAnuarul Institutului de Istorie \u00abA. D. Xenopol\u00bb\u201d, t. XLX, 2013, p. 123-149, ISSN: 1221-3705 (revist\u0103 indexat\u0103 CEEOL \u0219i evaluat\u0103 CNCS-B).<\/p><p><strong>C\u0103t\u0103lina Chelcu, <em>Pedeapsa cu \u00eenchisoare pentru neplata datoriilor \u0219i ne\u00eemplinirea d\u0103rilor \u00een Moldova (a doua jum\u0103tate a secolului al XVII-lea \u2013 prima jum\u0103tate a secolului al XVIII-lea<\/em>,<\/strong> \u00een vol. <em>Retrospec\u0163ii medievale. In honorem Profesoris emeriti Ioan Capro\u015fu<\/em>, ediderunt Victor Spinei, Lauren\u0163iu R\u0103dvan, Arcadie M. Bodale, Ia\u015fi, Editura Universit\u0103\u0163ii \u201eAlexandru Ioan Cuza\u201d, 2014, p. 109-125, ISBN:\u00a0978-606-714-063-7 (editur\u0103 evaluat\u0103 CNCS-B).<\/p><p><strong>C\u0103t\u0103lina Chelcu, <em>M\u0103rturii documentare despre robie \u00een Moldova (1655-1670)<\/em><\/strong>, \u00een \u201eAnalele \u0218tiin\u021bifice ale Universit\u0103\u021bii \u00abAlexandru Ioan Cuza\u00bb din Ia\u0219i (serie nou\u0103). Istorie\u201d, LX 2014, p. 231-237, ISSN 1221-843X (revist\u0103 indexat\u0103 CEEOL).<\/p><p><strong>C\u0103t\u0103lina Chelcu, <em>M\u0103rturii despre t\u00e2lh\u0103rie \u00een Moldova (1717-1725)<\/em><\/strong>, \u00een \u201eAnuarul Institutului de Istorie \u00abA. D. Xenopol\u00bb\u201d, LI, 2014, p. 73-79, , ISSN 1221-3705 (revist\u0103 indexat\u0103 CEEOL \u0219i evaluat\u0103 CNCS-B).<\/p><p><strong>C\u0103t\u0103lina Chelcu, <em>Villains at the border between Moldova and Transylvania in Romanian acts from the 17th century<\/em><\/strong>, \u00een \u201eAnuarul Institutului de Istorie \u00abG. Bari\u0163iu\u00bb\u201d, LIV \u2013 2015, SUPLIMENT, <em>Literacy Experiences concerning Medieval and Early Modern Transylvania<\/em>, edited by <br \/>Susana Andea \u0219i Adinel Ciprian Dinc\u0103, p. 409-420, ISSN: 1584-4390 (revist\u0103 indexat\u0103 \u00a0de CNCS \u00een categoria B).<\/p><p><strong>C\u0103t\u0103lina Chelcu, <em>Despre t\u00e2lh\u0103rie \u00eentr-un document de la \u00eenceputul secolului al XIX-lea<\/em><\/strong>, \u00een \u201eAnalele \u0218tiin\u021bifice ale Universit\u0103\u021bii \u00abAlexandru Ioan Cuza\u00bb din Ia\u0219i (serie nou\u0103). Istorie\u201d, tom LXII, 2016, p. 357-372, ISSN: 1221-843X (revist\u0103 indexat\u0103 CEEOL).<\/p><p><strong>C\u0103t\u0103lina Chelcu, <em>Legal and Tax System in Moldavia (Late 16th Century \u2013 17th Century). The Case of the Dedicated Monasteries<\/em><\/strong>, \u00een \u201eTyragetia\u201d. Istorie. Muzeologie, serie nou\u0103, vol. XI [XXVI], nr. 2, Chi\u015fin\u0103u, 2017, p. 41-50, ISSN: 1857-0240 (revist\u0103 acreditat\u0103 B, indexat\u0103 \u00een ERIH PLUS, EBSCO<em>host<\/em>).<\/p><p><strong>C\u0103t\u0103lina Chelcu, <em>Punitive Methods for Unfulfilled Taxes in Moldavia (the second half of the 17th and the first half of the 18th century<\/em><\/strong><em>),<\/em> \u00een \u201eTyragetia\u201d. Istorie. Muzeologie, serie nou\u0103, vol. XII [XXVII], nr. 2, Chi\u015fin\u0103u, 2018, p. 55-65, ISSN: 1857-0240 (revist\u0103 acreditat\u0103 B, indexat\u0103 \u00een ERIH PLUS, EBSCO<em>host<\/em>).<\/p><p><strong>C\u0103t\u0103lina Chelcu, <em>Organization of justice and trial procedure in Moldavia (the second half of the 18<sup>th<\/sup> century)<\/em><\/strong>, \u00een \u201eSaeculum Christianum\u201d, Wydawnictwo Naukowe Uniwersytetu Kardyna\u0142a Stefana Wyszy\u0144skiego, Warszawa, XXVI, 2019, nr. 1, p. 146-157 (ISSN: 1232-1575; revist\u0103 indexat\u0103 ERIH PLUS).<\/p><p><strong>C\u0103t\u0103lina Chelcu, <em>Stolen wealth, perpetrators and punishments in Moldavia (17<sup>th<\/sup> Century &#8211; early 18<sup>th<\/sup> century)<\/em><\/strong>, \u00een \u201eBalcanica Posnaniensia. Acta et Studia\u201d, XXVI, Pozna\u0144, 2019, p. 105-129, ISSN: 0239-4278; revist\u0103 indexat\u0103 ERIH PLUS).<\/p><p><strong>C\u0103t\u0103lina Chelcu, <em>Iconomia bisericeasc\u0103, unul dintre temeiurile justi\u021biei penale \u00een Moldova<\/em><\/strong>, \u00een \u201eAnuarul Institutului de Istorie \u00abA. D. Xenopol\u00bb\u201d, LVI, 2019, p. 43-61, ISSN: 1221-3705 (revist\u0103 indexat\u0103 CEEOL \u0219i evaluat\u0103 CNCS B).\u00a0 \u00a0\u00a0<\/p><p><strong>C\u0103t\u0103lina Chelcu, <\/strong><strong><em>Theft and robbery in the sentences of Moldavia\u2019s Criminal Department (1799\u20131804<\/em><\/strong><strong>)<\/strong>, \u00een \u201eZeszyty Naukowe Uniwersytetu Jagiello\u0144skiego: Prace Historyczne 148\u201d, z. 1 (2021), s. 85\u2013106 (\u00een colaborare cu Silviu V\u0103caru) (ISSN: 0083-4351; revist\u0103 indexat\u0103 ERIH PLUS).<\/p><p><strong>C\u0103t\u0103lina Chelcu, <em>The Practice of Negotiating Death Penalty in Moldavia by Mid-18th Century<\/em><\/strong>, \u00een \u201eSaeculum Christianum\u201d, Wydawnictwo Naukowe Uniwersytetu Kardyna\u0142a Stefana Wyszy\u0144skiego Warszawa, XXVIII, nr. 1, 2021, p. 90-106 (ISSN 1232-1575; revist\u0103 indexat\u0103 ERIH PLUS).<\/p><p><strong>C\u0103t\u0103lina Chelcu, <\/strong><strong><em>Criminal Justice Delivery in Moldavia, from Late a8th Century to the First Two Decades of the 19<sup>th<\/sup> Century<\/em><\/strong>, in vol. <em>Social and Administrative Elite in the Romanian Space (15<sup>th<\/sup>-19<sup>th<\/sup> Century)<\/em>, edited by Mihai-Bogdan Atanasiu, Cristian Ploscaru, Hartung-Gorre Publishers, Konstanz, 2021, p. 239-262.<\/p><p><strong>C\u0103t\u0103lina Chelcu, <em>Istorie moldo-polon\u0103 din perspectiv\u0103 laic\u0103 \u0219i religioas\u0103, \u00een cronicile lui Grigore Ureche (\u0219i Simion Dasc\u0103lul) \u0219i Miron Costin<\/em><\/strong>, \u00een vol. <em>Dialog intercultural polono-moldovenesc. Culegere de studii<\/em>. Materialele Congresului \u0219tiin\u021bific interna\u021bional moldo-polono-rom\u00e2n: Educa\u021bie-Politici-Societate, Chi\u0219in\u0103u-Cracovia, 14-15 mai 2021, vol. IV, nr. 3, Chi\u0219in\u0103u, 2021, p. 37-78.<\/p><p><strong>C\u0103t\u0103lina Chelcu, <em>Ecclesiastical Economy \u2013 One Of The Criminal Justice Grounds In Moldavia<\/em><\/strong>, \u00een \u201eTyragetia\u201d, serie nou\u0103, vol. XVIII [XXXIII], nr. 2, 2024, p. 53-61.<\/p><p><strong>C\u0103t\u0103lina Chelcu, <em>Testamentul Smarandei (Serafima) Gane (1826)<\/em><\/strong>, \u00een \u201eAnuarul Institutului de Istorie \u00abA. D. Xenopol\u00bb\u201d, tom. LXI, 2024, p. 95-104.<\/p><p><strong>C\u0103t\u0103lina Chelcu, <em>Reguli, comportamente, sanc\u021biuni. Mijloace de manifestare a autorit\u0103\u021bii judiciare din Moldova \u00een primele decenii ale secolului al XIX-lea<\/em><\/strong>, \u00een \u201eRevista istoric\u0103\u201d, tom XXXV, nr. 4-6, iulie-decembrie 2024, p. 351-360 (ISSN: 1018-1443; revist\u0103 evaluat\u0103 CNCS \u00een categoria A; indexat\u0103 EBSCO).<\/p><p><strong>C\u0103t\u0103lina Chelcu,<\/strong> <strong><em>Ecclesiastical economy \u2013 one of the criminal justice grounds in Moldavia (Iconomia bisericeasc\u0103, unul din temeiurile justi\u0163iei penale \u00een Moldova)<\/em>, \u00een <\/strong>\u201eTyragetia\u201d. Istorie. Muzeologie, serie nou\u0103, vol. XVIII [XXXIII], nr. 2, Chi\u015fin\u0103u, 2024, p. 53-61, ISSN: 1857-0240 (revist\u0103 acreditat\u0103 B, indexat\u0103 \u00een ERIH PLUS, EBSCO<em>host<\/em>)<\/p><p>2. <strong>Articole\/studii<\/strong> publicate \u00een volumele unor manifest\u0103ri \u015ftiin\u0163ifice interna\u0163ionale recunoscute din \u0163ar\u0103 \u015fi din str\u0103in\u0103tate(cu ISI \u0219i\/sau BDI); Articole\/studii publicate \u00een volumele unor manifest\u0103ri \u015ftiin\u0163ifice na\u0163ionale:<\/p><p><strong>C\u0103t\u0103lina Chelcu<\/strong>, <em>Femei celebre \u00een premodernitatea rom\u00e2neasc\u0103: Doamna Dafina\u2013Ecaterina Dabija sau for\u0163a personalit\u0103\u0163ii<\/em>, \u00een vol. <em>Condi\u0163ia femeii \u00een societatea modern\u0103<\/em>, volum editat de C\u0103t\u0103lin Turliuc, Maria Nicoleta Turliuc, Ia\u015fi, Funda\u0163ia Academic\u0103 \u201eA. D. Xenopol\u201d, 2004, p. 27\u201336, ISBN: 973-8108-02-0.<\/p><p><strong>C\u0103t\u0103lina Chelcu<\/strong>, <em>Between the Memory of the Customary and the Code of Law. Crimes, Penalties and Social Identities in Pre-Modern Moldavia (17<sup>th<\/sup> Century \u2013 First Half of the 18<sup>th<\/sup> Century). <\/em><em>Components of the Project and the Current Stage of the Research<\/em>, \u00een <em>Power, Belief and Identity<\/em>, special issue of \u201e<em>Transylvanian Review\u201d, vol. XIX, supplement No. 5:2 (2010), p. 143-156, ISSN: 2067-1016 (revist\u0103 indexat\u0103 ISI \u0219i Scopus\/Elsevier \u0219i evaluat\u0103 CNCS-A).<\/em><\/p><p><strong>C\u0103t\u0103lina Chelcu<\/strong>, <strong><em>Avere furat\u0103, f\u0103ptuitori \u015fi pedepse \u00een Moldova (secolul al XVII \u2013 lea \u2013 prima jum\u0103tate a secolului al XVIII \u2013 lea)<\/em><\/strong>, \u00een vol. <em>Avere, prestigiu \u015fi cultur\u0103 material\u0103 \u00een surse patrimoniale. Inventare de averi din secolele XVI-XIX<\/em>, editat de Dan Dumitru Iacob, Ia\u015fi, Editura Universit\u0103\u0163ii \u201eAlexandru Ioan Cuza\u201d, 2015, p. 741-768, ISBN: 978-606-714-154-2 (editur\u0103 evaluat\u0103 CNCS-B).<\/p><p><strong>C\u0103t\u0103lina Chelcu<\/strong>, <strong><em>R\u0103uf\u0103c\u0103tori la hotarul Moldovei cu Transilvania \u00een acte rom\u00e2ne\u0219ti din secolul al XVII-lea<\/em><\/strong>, \u00een vol. <em>Exerci\u021biul scrierii \u00een Transilvania medieval\u0103 \u0219i premodern\u0103<\/em>, coord., Susana Andea, Adinel Dinc\u0103, Cluj-Napoca (Rom\u00e2nia) \u2013 Gatineau (Canada), Editura Argonaut \u2013 Symphologic Publishing, 2016, ISBN: 978-973-109-560-8.<\/p><p><strong>C\u0103t\u0103lina Chelcu<\/strong>, <strong><em>Un a\u015fez\u0103m\u00e2nt monahal din \u0163inutul Putna \u2013 m\u0103n\u0103stirea Vizantea<\/em><\/strong>, \u00een volumul <em>Rela\u021biile rom\u00e2nilor cu Muntele Athos \u0219i cu alte Locuri Sfinte (secolele XIV-XX). In honorem Florin Marinescu<\/em>, volum editat de Petronel Zahariuc, Editura Universit\u0103\u0163ii \u201eAlexandru Ioan Cuza\u201d, Ia\u0219i, 2017, p. 165-182, ISBN: 978-606-714-396-6 (editur\u0103 evaluat\u0103 CNCS \u2013 B).<\/p><p><strong>C\u0103t\u0103lina Chelcu<\/strong>, <strong><em>Date preliminare privitoare la \u00eenceputul func\u021bion\u0103rii Spitalului Militar din Ia\u0219i<\/em><\/strong>, \u00een \u201eIoan Neculce\u201d. Buletinul Muzeului Municipal \u201eRegina Maria\u201d Ia\u0219i, Seria a III-a, 2020, p. 159-164; ISSN: 2668-7887.<\/p><p><strong>C\u0103t\u0103lina Chelcu<\/strong>, <strong><em>Din trecutul asisten\u021bei sociale: breasla calicilor din Ia\u0219i<\/em><\/strong>, \u00een \u201eIoan Neculce\u201d. Buletinul Muzeului Municipal \u201eRegina Maria\u201d Ia\u0219i, Seria a III-a, 2021, p. 305-323; ISSN: 2668-7887.<\/p><p><strong>C\u0103t\u0103lina Chelcu<\/strong>, <strong><em>Date despre restaurarea m\u0103n\u0103stirii Trei Ierarhi din Ia\u0219i \u0219i a unora dintre bisericile de pe mo\u0219iile sale, la mijlocul secolului al XIX-lea<\/em><\/strong>, \u00een vol. <em>Rom\u00e2nii \u0219i Cre\u0219tin\u0103tatea R\u0103s\u0103ritean\u0103 (secolele XIV-XX)<\/em>, editat de Petronel Zahariuc, Ia\u0219i, Editura Doxologia, 2021, p. 473-488 (editur\u0103 CNCS A).<\/p><p><strong>C\u0103t\u0103lina Chelcu<\/strong>, <strong><em>On the Levers of Power in the case of Prince Peter the Lame<\/em><\/strong>, \u00een vol. <em>Power, Aristocracies and Propaganda. Forms of Legitimizing and Challenging Rulership in France and Moldavia (16<sup>th<\/sup> \u2013 17<sup>th<\/sup> Centuries)<\/em>, eds.: Andrei Constantin S\u0103l\u0103v\u0103stru, Ioan.Augustin Guri\u021b\u0103, Sorin Grigoru\u021b\u0103, Konstantz, Hartung-Gorre Publishers, 2023, p. 151-180.<\/p><p><strong>C\u0103t\u0103lina Chelcu<\/strong>, <strong><em>Le testament de Smaranda (Serafimea) Gane (1826)<\/em><\/strong>, \u00een <em>Arrangements before the \u201cGreat Passage\u201d. Testamentary Practices and their Implications (Western Europe and the Romanian Lands, 16th-19th CenturLHV)<\/em>, edited by George Laz\u0103r, \u03a3 Hartung-Gorre Publishers, Konstanz, 2023, p. 235-250.<\/p><\/div>\n\t\t\t\t\t<\/div><div class=\"eael-accordion-list\">\n\t\t\t\t\t<div id=\"alte-lucrri-de-cercetare-dezvoltare\" class=\"elementor-tab-title eael-accordion-header\" tabindex=\"0\" data-tab=\"4\" aria-controls=\"elementor-tab-content-1634\"><span class=\"eael-advanced-accordion-icon-closed\"><svg aria-hidden=\"true\" class=\"fa-accordion-icon e-font-icon-svg e-fas-plus\" viewBox=\"0 0 448 512\" xmlns=\"http:\/\/www.w3.org\/2000\/svg\"><path d=\"M416 208H272V64c0-17.67-14.33-32-32-32h-32c-17.67 0-32 14.33-32 32v144H32c-17.67 0-32 14.33-32 32v32c0 17.67 14.33 32 32 32h144v144c0 17.67 14.33 32 32 32h32c17.67 0 32-14.33 32-32V304h144c17.67 0 32-14.33 32-32v-32c0-17.67-14.33-32-32-32z\"><\/path><\/svg><\/span><span class=\"eael-advanced-accordion-icon-opened\"><svg aria-hidden=\"true\" class=\"fa-accordion-icon e-font-icon-svg e-fas-minus\" viewBox=\"0 0 448 512\" xmlns=\"http:\/\/www.w3.org\/2000\/svg\"><path d=\"M416 208H32c-17.67 0-32 14.33-32 32v32c0 17.67 14.33 32 32 32h384c17.67 0 32-14.33 32-32v-32c0-17.67-14.33-32-32-32z\"><\/path><\/svg><\/span><span class=\"eael-accordion-tab-title\">Alte lucr\u0103ri de cercetare dezvoltare<\/span><\/div><div id=\"elementor-tab-content-1634\" class=\"eael-accordion-content clearfix\" data-tab=\"4\" aria-labelledby=\"alte-lucrri-de-cercetare-dezvoltare\"><ol><li><strong> Studii \u00een reviste \u0219tiin\u021bifice <em>peer review<\/em> sau \u00een volume de studii:<\/strong><\/li><\/ol><p><strong>C\u0103t\u0103lina Chelcu<\/strong>, <em>Biserica Sf. Ioan Botez\u0103torul \u2013 c\u00e2teva l\u0103muriri,<\/em> \u00een vol.\u00a0 <em>Monumentul. Istorie. Arheologie. Restaurare. Conservare<\/em>, coordonat de Silviu V\u0103caru, Aurica Ichim \u015fi C\u0103t\u0103lin Hriban, Ia\u015fi, Editura Junimea, 2001, p. 64-69, ISSN: 1844-9042.<\/p><p><strong>C\u0103t\u0103lina Chelcu<\/strong>, <em>M\u0103rturii despre politica financiar\u0103 a lui Petru \u015echiopul<\/em>, \u00een Viorel M. Butnariu (editor), <em>Moldova \u0219i economia de schimb european\u0103. <\/em><em>Secolele XIV-XVIII<\/em>, Ia\u015fi, Editura Panfilius, 2003, p. 101-114, ISBN: 973-85896-4-9.<\/p><p><strong>C\u0103t\u0103lina Chelcu<\/strong>, <em>Marginal notes on romanian books from XVII-th century (a project)<\/em>, \u00een <em>Strabon &#8211; Bulletin d\u2019information historique<\/em>, tom. 1, 2003, nr.1, p. 79-80, ISSN: 1841-1800.<\/p><p><strong>C\u0103t\u0103lina Chelcu<\/strong>, <em>Implicarea elementului grecesc \u00een economia Moldovei \u00een vremea lui Petru \u015echiopu<\/em>, \u00een vol. <em>Interferen\u0163e rom\u00e2no-elene (secolele XV\u2013XX)<\/em>, volum editat de Leonidas Rados, cu o prefa\u0163\u0103 de Alexandru Zub, Ia\u015fi, Funda\u0163ia academic\u0103 \u201eA. D. Xenopol\u201d, 2003, p. 49\u201360, ISBN: 973-85896-9-X.<\/p><p><strong>C\u0103t\u0103lina Chelcu<\/strong>, Marius Chelcu, <em>\u201eDin uric de la b\u0103tr\u00e2nul \u015etefan voievod\u201d. \u00centregiri documentare<\/em>, \u00een <em>\u015etefan cel Mare la cinci secole de la moartea sa<\/em>, volum editat de Petronel Zahariuc, Silviu V\u0103caru, Ia\u015fi, Editura Alfa, 2003, p. 107\u2013161, ISBN\u00a0: 973-8278-27-9.<\/p><p><strong>C\u0103t\u0103lina Chelcu<\/strong>, Marius Chelcu, <em>Pagube, furturi, desp\u0103gubiri, pedepse: \u00eentre pravil\u0103 \u015fi obiceiul p\u0103m\u00e2ntului<\/em>, \u00een \u201eArhiva istoric\u0103\u201d, serie nou\u0103, vol. I, 2004, nr. 2, p. 98-108, ISSN: 1584-7748.<\/p><p><strong>C\u0103t\u0103lina Chelcu<\/strong>, <em>Elite \u015fi societate \u00een Moldova la jum\u0103tatea secolului XVII. Preciz\u0103ri metodologice<\/em>, \u00een <em>Istorie \u015fi societate \u00een spa\u0163iul est-carpatic (secolele XIII-XX)<\/em>, volum editat de Dumitru Iv\u0103nescu, Marius Chelcu, Ia\u015fi, Editura Junimea, 2005, p. 107\u2013117, ISBN: 973-37-1073-2.<\/p><p><strong>C\u0103t\u0103lina Chelcu<\/strong>, <em>Elites and Society in Moldavia in the Middle of the XVII-th Century: methodological observations<\/em>, \u00een vol. <em>\u040fe\u0440\u043a\u043e\u0432\u043d\u044be \u0430\u0440e\u0432\u043d\u043e\u0441\u0442\u0438<\/em>, \u0421\u0438\u043d\u0444\u0435\u0440\u043e\u043f\u043e\u043b, \u00ab\u0423\u043d\u0438\u0432\u0435\u0440\u0441\u0443\u043c\u00bb, 2005, p. 374-387.<\/p><p><strong>C\u0103t\u0103lina Chelcu<\/strong>, <em>Observations on books and readers in mid-17<sup>th<\/sup> century Moldavia<\/em>, in vol. <em>Ethnic Contacts and Cultural Exchanges North and West of the Black Sea from the Ottoman Conquest to the Present<\/em>, edited by Flavius Solomon &amp; Alexandru Zub in cooperation with Marius Chelcu, Ia\u015fi, Editura Trinitas, 2005, p. 37-48, ISBN 973-7834-37-2.<\/p><p><strong>C\u0103t\u0103lina Chelcu<\/strong>, <em>O biseric\u0103 din secolul XVII: Sf\u00e2ntul Ioan Zlataust<\/em>, \u00een vol. <em>Monumentul, 8<\/em>, volum \u00eengrijit de Silviu V\u0103caru, Aurica Ichim \u015fi Lucian Valeriu Lefter, Ia\u015fi, Editura Funda\u0163iei Academice Axis, 2007, p. 27-33, ISSN 1844-9042.<\/p><p><strong>C\u0103t\u0103lina Chelcu<\/strong>, <em>Statutul juridic al institu\u0163iei domniei \u00een Moldova oglindit \u00een izvoare narative rom\u00e2ne\u015fti \u015fi str\u0103ine (sec. XVII)<\/em>, \u00een vol. <em>Raportul putere central\u0103 \u2013 factori politic interni<\/em>, reflex al statutului juridic al Principatelor Rom\u00e2ne (sec. XVII-XVIII), coordonat de Veniamin Ciobanu, Ia\u015fi, Editura Junimea, 2006, p. 15-51, ISBN 973-37-1153-5.<\/p><p><strong>C\u0103t\u0103lina Chelcu<\/strong>, <em>Momentul Petru Movil\u0103 \u00een cultura rom\u00e2n\u0103 la mijlocul secolului al XVII-lea<\/em>, \u00een \u201eVremea \u015fcolii\u201d, Ia\u015fi, serie nou\u0103, anul IV, nr. 1 (6), 2012, p. 29-35, ISSN 1454-5152.<\/p><p><strong>C\u0103t\u0103lina Chelcu<\/strong>, <em><strong>Pravilele \u00een cultura rom\u00e2n\u0103 veche \u00een Moldova (sec. al XVII-lea)<\/strong><\/em>, \u00een revista \u201eVremea \u015fcolii\u201d, serie nou\u0103, an V, nr. 1-2 (8-9), 2013, p. 31-39, ISSN 1454-5152.<\/p><p><strong>C\u0103t\u0103lina Chelcu<\/strong>, Silviu V\u0103caru, <strong><em>Furtul \u015fi t\u00e2lh\u0103ria \u00een sentin\u0163ele Departamentului Criminalicesc din Moldova (1799\u20131804)<\/em><\/strong>, \u00een \u201eRevista istoric\u0103\u201d, tom. XXVIII, 2017, nr. 3-4, p. 343-360 (ISSN: 1018-1443; revist\u0103 evaluat\u0103 CNCS \u00een categoria A; indexat\u0103 EBSCO).<\/p><p><strong>C\u0103t\u0103lina Chelcu<\/strong>, <strong><em>Miron Costin \u0219i Polonia, \u00eentre g\u00e2ndire \u0219i fapt\u0103. C\u00e2teva reflec\u021bii<\/em><\/strong>, \u00een volumul <em>O relacja polsko-romu\u0144skich na przestrzeni wielk\u00f3w w stulecie Odzyskanie Niepodleglo\u015bci Polski I Wielkiego Zjednoczenia Rumunii \/ Despre rela\u021biile polono-rom\u00e2ne de-a lungul timpului \u00een anul Centenarului Independen\u021bei Poloniei \u0219i al Marii Uniri a Rom\u00e2niei<\/em>, Editor: Uniunea Polonezilor din Rom\u00e2nia, Suceava, 2019, p. 45-60, ISBN 978-973-0-30238-7.<\/p><p><strong>C\u0103t\u0103lina Chelcu<\/strong>, <strong><em>Domni rom\u00e2ni decapita\u021bi la Poart\u0103<\/em><\/strong>, \u00een \u201eMagazin istoric\u201d, iunie 2019, p. 43-47, ISSN: <a href=\"https:\/\/portal.issn.org\/resource\/ISSN\/1584-2444\">1584-2444<\/a>.<\/p><p><strong>C\u0103t\u0103lina Chelcu<\/strong>, <strong><em>The synod of Ia\u015fi (1642) \u2013 a historiographic assessment le Synode de Iasi (1642) \u2013 une \u00e9valuation historiographique<\/em><\/strong>, \u00een \u201e\u0410\u043a\u0442\u0443\u0430\u043b\u044c\u043d\u0456 \u043f\u0440\u043e\u0431\u043b\u0435\u043c\u0438 \u0432\u0456\u0442\u0447\u0438\u0437\u043d\u044f\u043d\u043e\u0457 \u0442\u0430 \u0432\u0441\u0435\u0441\u0432\u0456\u0442\u043d\u044c\u043e\u0457 \u0456\u0441\u0442\u043e\u0440\u0456\u0457. \u0417\u0431\u0456\u0440\u043d\u0438\u043a \u043d\u0430\u0443\u043a\u043e\u0432\u0438\u0445 \u043f\u0440\u0430\u0446\u044c \u0420\u0456\u0432\u043d\u0435\u043d\u0441\u044c\u043a\u043e\u0433\u043e \u0434\u0435\u0440\u0436\u0430\u0432\u043d\u043e\u0433\u043e \u0433\u0443\u043c\u0430\u043d\u0456\u0442\u0430\u0440\u043d\u043e\u0433\u043e \u0443\u043d\u0456\u0432\u0435\u0440\u0441\u0438\u0442\u0435\u0442\u0443\u201d, Tomul 31, partea 1, Rivne (Ucraina), 2019, p. 102-111, ISSN: 978-617-601-146-0.<\/p><p><strong>C\u0103t\u0103lina Chelcu<\/strong>, <strong><em>Miron Costin\u2019s pro-Polish policy: diplomatic and military aspects<\/em><\/strong>, \u00een \u201eStudia z dziej\u00f3w polskiej historiografii wojskowej\u201d (Pozna\u0144), T. XX, 2019, p. 101-113, ISSN: 0137-5202.<\/p><p><strong>C\u0103t\u0103lina Chelcu<\/strong>, <strong><em>C\u0103lc\u0103tori de lege la vreme de chindie. Ho\u021bi \u0219i t\u00e2lhari \u00een Moldova medieval\u0103<\/em><\/strong>, \u00een \u201eMagazin istoric\u201d, 9\/2020, p. 78-82, ISSN: <a href=\"https:\/\/portal.issn.org\/resource\/ISSN\/1584-2444\">1584-2444<\/a> (inclus\u0103 \u00een baza de date EBSCO; <a href=\"https:\/\/magazinistoric.ro\/\">https:\/\/magazinistoric.ro\/<\/a>).<\/p><p><strong>C\u0103t\u0103lina Chelcu<\/strong>, <strong><em>Miron Costin \u0219i Polonia<\/em><\/strong>, \u00een \u201eMagazin istoric\u201d, decembrie 2020, p. 43-47, ISSN: <a href=\"https:\/\/portal.issn.org\/resource\/ISSN\/1584-2444\">1584-2444<\/a>.<\/p><p><strong>C\u0103t\u0103lina Chelcu,<\/strong><em> <strong>\u201eS\u0103 fie \u021binut \u00een turn c\u00e2t are a pl\u0103ti\u201d<\/strong><\/em>, \u00een \u201eMagazin istoric\u201d, nr. 4, 2021, p. 38-42, ISSN: <a href=\"https:\/\/portal.issn.org\/resource\/ISSN\/1584-2444\">1584-2444<\/a>.<\/p><p><strong>C\u0103t\u0103lina Chelcu<\/strong>, <strong><em>Istorie moldo-polon\u0103 din perspectiv\u0103 laic\u0103 \u0219i religioas\u0103, \u00een cronicile lui Grigore Ureche (\u0219i Simion Dasc\u0103lul) \u0219i Miron Costin<\/em><\/strong>, \u00een vol. <em>Dialog intercultural polono-moldovenesc. Culegere de studii<\/em>. Materialele Congresului \u0219tiin\u021bific interna\u021bional moldo-polono-rom\u00e2n: Educa\u021bie-Politici-Societate, Chi\u0219in\u0103u-Cracovia, 14-15 mai 2021, vol. IV, nr. 3, Chi\u0219in\u0103u, 2021, p. 37-78.<\/p><p>\u00a0<strong>C\u0103t\u0103lina Chelcu<\/strong>,<strong> <em>Tribunale \u0219i ispravnici \u00een vremea lui Mavrocordat, \u00een Moldova<\/em><\/strong>, \u00een \u201eMagazin istoric\u201d, 2\/2023, p. 59-63; ISSN: 1584-2444.<\/p><p><strong>C\u0103t\u0103lina Chelcu<\/strong>, <strong>Participare la alc\u0103tuirea volumului coordonat de Victor Spinei \u0219i\u00a0 Dorina N. Rusu,\u00a0<em>Enciclopedia reprezentan\u021bilor scrisului istoric rom\u00e2nesc<\/em><\/strong><em>,<\/em> Vol. I (A-C), 699 p., II (D-K), 588 p., III (L-N), 443 p., IV (O-R), 431 p., V (S-Z) 553 p., Editura Karl A. Romstorfer a Muzeul Na\u021bional al Bucovinei, Suceava, 2021, <strong>cu \u00eentocmirea urm\u0103toarelor fi\u0219e bibliografice: \u0218tefan Gr. Berechet (vol. I, p. 220-221); Ilie Corfus (vol. I, p. 619-620); Nicolae Costin (vol. I, p. 645-647); Dimitrie I. G\u0103zdaru (vol. II, p. 273-274); Ilie Minea (vol. III, p. 236-237); Nicolae Sp\u0103tarul (Milescu) (vol. III, p. 407-410); Ion G. Sbierea (vol. V, p. 40-41)<\/strong>.\u00a0\u00a0<\/p><ol><li><strong> Prezent\u0103ri de carte \u0219i recenzii ap\u0103rute \u00een reviste academice:<\/strong><\/li><\/ol><p>Olimpia Mitric, <em>Cartea rom\u00e2neasc\u0103 din nordul Moldovei, Bucure\u015fti<\/em>, Editura Aetos, 1998, \u00een \u201eCercet\u0103ri Istorice\u201d, (serie nou\u0103), XVII, nr. 2, 1998, \u00een \u201eCercet\u0103ri istorice\u201d (Serie nou\u0103), XVII\/2, Ia\u015fi, 1998 (<strong>C\u0103t\u0103lina Chelcu<\/strong>).<\/p><p>Olimpia Mitric, <em>Catalogului manuscriselor slavo-rom\u00e2ne din biblioteca M\u0103n\u0103stiri Sucevi\u0163a<\/em>, Suceava, 1999, 144p. \u00een \u201eAnuarul Institutului de Istorie \u00abA. D. Xenopol\u00bb\u201d, XXXVII, 2000, p. 382-383 (<strong>C\u0103t\u0103lina Chelcu<\/strong>).<\/p><p>\u201eDestin rom\u00e2nesc\u201d, nr. 2-3 (22-23), VI, 1999; nr. 1 (25), VII, 2000, \u00een \u201eRevista Rom\u00e2n\u0103\u201d, VII\/2001, nr. 23 (<strong>C\u0103t\u0103lina Chelcu<\/strong>).<\/p><p><em>Ghid de monumente \u015fi situri istorice din Republica Moldova<\/em>, ed. a doua, Chi\u015fin\u0103u, Edit. \u015etiin\u0163a, 1998, \u00een \u201eRevista rom\u00e2n\u0103\u201d, VII\/2001, nr. 23 (<strong>C\u0103t\u0103lina Chelcu<\/strong>).<\/p><p>Larisa Svetlicin\u00e2i, Demir Dragnev, Eugenia Bociarov, <em>Moldova \u00een epoca feudalismului. <\/em><em>Documente moldovene\u015fti din secolul al XVIII-lea (1711-1750)<\/em>, volumul VIII, Chi\u015fin\u0103u, 1998, 256 p., \u00een \u201eIoan Neculce\u201d, t. IV-VII, 1998-2001, p. 479 (<strong>C\u0103t\u0103lina Chelcu<\/strong>).<\/p><p><em>Documente privitoare la istoria ora\u015fului Ia\u015fi. Acte interne (1691-1725), <\/em>editate de Ioan Capro\u015fu, vol. III, Ia\u015fi, Edit. Dosoftei, 2000, \u00een \u201eHistoria urbana\u201d, VIII, 3-4, 1999 (<strong>C\u0103t\u0103lina Chelcu<\/strong>).<\/p><p>Silviu Andrie\u015f-Tabac, <em>Heraldica teritorial\u0103 a Basarabiei \u015fi Transnistriei<\/em>, Chi\u015fin\u0103u, Editura Museum, 1998, 168 p. + 4 p. plan\u015fe, \u00een \u201eIoan Neculce\u201d, t. IV-VII, 1998-2001, p. 480-481 (<strong>C\u0103t\u0103lina Chelcu<\/strong>).<\/p><p><em>Bucovina \u00een primele descrieri geografice \u015fi istorice, economice \u015fi demografice, <\/em>edi\u0163ie \u00eengrijit\u0103 de Radu Grigorovici, Bucure\u015fti, Editura Academiei Rom\u00e2ne, 1998, 463 p., \u00een \u201eIoan Neculce\u201d, t. IV-VII, 1998-2001, p. 481-483 (<strong>C\u0103t\u0103lina Chelcu<\/strong>).<\/p><p>Demir Dragnev, <em>\u0162ara Moldovei \u00een epoca luminilor, <\/em>Chi\u015fin\u0103u, Editura Civitas, 1999, 190 p., \u00een \u201eIoan Neculce\u201d, t. IV-VII, 1998-2001, p. 484-485 (<strong>C\u0103t\u0103lina Chelcu<\/strong>).<\/p><p>\u201eAnnales. Histoire, Sciences sociales\u201d, Paris, 55e An., nr. 1-6, 2000, \u00een \u201eAnuarul Institutului de Istorie \u00abA. D. Xenopol\u00bb\u201d, XXXVIII, 2001, p. 319-320 (<strong>C\u0103t\u0103lina Chelcu<\/strong>).<\/p><p>\u201eXenopoliana\u201d. Buletinul Funda\u0163iei Academice \u201eA. D. Xenopol\u201d, Ia\u015fi, VIII, 1-4, 2000, \u00een \u201eAnuarul Institutului de Istorie \u00abA. D. Xenopol\u00bb\u201d, XXXVIII, 2001, p. 320-321 (<strong>C\u0103t\u0103lina Chelcu<\/strong>).<\/p><p>\u201eXenopoliana\u201d. Buletinul Funda\u0163iei Academice \u201eA. D. Xenopol\u201d, Ia\u015fi, IX, 1-4,\u00a0 2001, \u00een \u201eAnuarul Institutului de Istorie \u00abA. D. Xenopol\u00bb\u201d, XXXVIII, 2001, p. 321-322 (<strong>C\u0103t\u0103lina Chelcu<\/strong>).<\/p><p>\u201eAnuarul Institutului de Istorie Cluj-Napoca\u201d, XXXVIII-XXXIX (1999-2000), 272 p., \u00een \u201eAnuarul Institutului de Istorie \u00abA. D. Xenopol\u00bb\u201d, XXXVIII, 2001, p. 322 (<strong>C\u0103t\u0103lina Chelcu<\/strong>).<\/p><p>\u201eRevue roumaine d\u2019histoire\u201d, XXXVIII, nr. 1-4, 1999, 304 p., \u00een \u201eAnuarul Institutului de Istorie \u00abA. D. Xenopol\u00bb\u201d, t. XXXVIII, 2001, p. 312-313 (<strong>C\u0103t\u0103lina Chelcu<\/strong>).<\/p><p>\u201eArhivele Moldovei\u201d, III-IV, 1996-1997, 193 p., \u00een \u201eAnuarul Institutului de Istorie \u00abA. D. Xenopol\u00bb\u201d, XXXVIII, 2001, p. 303 (<strong>C\u0103t\u0103lina Chelcu<\/strong>).<\/p><p>\u201eIoan Neculce\u201d. Buletinul Muzeului de Istorie a Moldovei (serie nou\u0103), II-III, 1996-1997, 335 p., \u00een \u201eAnuarul Institutului de Istorie \u00abA. D. Xenopol\u00bb\u201d, XXXVIII, 2001, p. 302 (<strong>C\u0103t\u0103lina Chelcu<\/strong>).<\/p><p><em>Omul Rena\u015fterii<\/em>, volum coordonat de Eugenio Garin, Ia\u015fi, Polirom, 2000, 312 p., \u00een \u201eAnuarul Institutului de Istorie \u00abA. D. Xenopol\u00bb\u201d, XXXIX-XL, 2002-2003, p. 744 (<strong>C\u0103t\u0103lina Chelcu<\/strong>).<\/p><p><em>Omul Luminilor<\/em>, coordonat de Michel Vovelle, Ia\u015fi, Polirom, 2000, 336 p., \u00een \u201eAnuarul Institutului de Istorie \u00abA. D. Xenopol\u00bb\u201d, XXXIX-XL, 2002-2003, p. 744-745 (<strong>C\u0103t\u0103lina Chelcu<\/strong>).<\/p><p><em>Omul romantic<\/em>, volum coordonat de Fran\u00e7ois Furet, Ia\u015fi, Polirom, 2000, 304 p., \u00een \u201eAnuarul Institutului de Istorie \u00abA. D. Xenopol\u00bb\u201d, XXXIX-XL, 2002-2003, p. 748 (<strong>C\u0103t\u0103lina Chelcu<\/strong>).<\/p><p>Albert Labarre, <em>Istoria c\u0103r\u0163ii<\/em>, traducere de Cornelia Sec\u0103reanu, Ia\u015fi, Editura Institutul European, 2001, 142 p., \u00een \u201eXenopoliana\u201d. Buletinul Funda\u0163iei Academice \u201eA. D. Xenopol\u201d din Ia\u015fi, X, 2002, 1-4, p. 161-162 (<strong>C\u0103t\u0103lina Chelcu<\/strong>).<\/p><p>Toader Nicoar\u0103, <em>Transilvania la \u00eenceputurile timpurilor moderne (1680\u20131800). Societate rural\u0103 \u015fi mentalit\u0103\u0163i colective<\/em>, Cluj-Napoca, Editura Dacia, 314 p., \u00een \u201eRevista de istorie social\u0103\u201d, IV-VII, 1999\u20132000 (Ia\u015fi, Polirom, 2004), p. 507\u2013508 (<strong>C\u0103t\u0103lina Chelcu<\/strong>).<\/p><p>P. Panaitescu, <em>Catalogul manuscriselor slavo-rom\u00e2ne \u015fi slave din Biblioteca Academiei Rom\u00e2ne<\/em>, vol. II, edi\u0163ie \u00eengrijit\u0103 de Dalila Aram\u0103 \u015fi revizuit\u0103 de G. Mih\u0103il\u0103, cu o prefa\u0163\u0103 de Gabriel \u015etrempel, Bucure\u015fti, Editura Academiei Rom\u00e2ne, 2003, 515 p., \u00een \u201eAnuarul Institutului de Istorie \u00abA. D. Xenopol\u00bb\u201d, XLI, 2004, p. 618\u2013620 (<strong>C\u0103t\u0103lina Chelcu<\/strong>).<\/p><p>\u015etefan Lemny, <em>\u00cent\u00e2lniri cu istoria \u00een secolul XVIII. Teme \u015fi figuri din spa\u0163iul rom\u00e2nesc<\/em>, Ia\u015fi, Editura Universit\u0103\u0163ii \u201eAlexandru Ioan Cuza\u201d, 2003, 213 p., \u00een \u201eAnuarul Institutului de Istorie \u00abA. D. Xenopol\u00bb\u201d, XLI, 2004, p. 624\u2013625 (<strong>C\u0103t\u0103lina Chelcu<\/strong>).<\/p><p><em>\u201eIubite cetitoriule\u2026\u201d<\/em>, \u00een \u201eXenopoliana\u201d. Buletinul Funda\u0163iei Academice \u201eA. D. Xenopol\u201d din Ia\u015fi, XII, 2004, 1\u20134, p. 203\u2013204 (<strong>C\u0103t\u0103lina Chelcu<\/strong>).<\/p><p><em>Mihai Cost\u0103chescu. Coresponden\u0163\u0103<\/em>, volum editat de Dumitru Iv\u0103nescu, Virginia Isac \u015fi Sorin D. Iv\u0103nescu, Ia\u015fi, Editura Junimea, 2004, \u00een \u201eAnuarul Institutului de Istorie \u00abA. D. Xenopol\u00bb\u201d, XLII, 2005, p. 754-755 (<strong>C\u0103t\u0103lina Chelcu<\/strong>).<\/p><p><em>Civiliza\u0163ia urban\u0103 din spa\u0163iul rom\u00e2nesc \u00een secolele XVI-XVIII. Studii \u015fi documente<\/em>, volum editat de Lauren\u0163iu R\u0103dvan, Ia\u015fi, Editura Universit\u0103\u0163ii \u201eAlexandru Ioan Cuza\u201d, 2006, 271 p., \u00een \u201eRevista de istorie social\u0103\u201d, X-XI, 2004-2006, p. 234-235 (<strong>C\u0103t\u0103lina Chelcu<\/strong>).<\/p><p>Ion Todera\u015fcu (coordonator), Alexandru-Florin Platon, Bogdan-Petru Maleon, Gheorghe Iuti\u015f, Liviu Pilat, Gerd Franck, <em>Etnie \u015fi confesiune \u00een Moldova medieval\u0103<\/em>, Ia\u015fi, Editura Universit\u0103\u0163ii \u201eAlexandru Ioan Cuza\u201d, 2006, 265 p. , \u00een \u201eRevista de istorie social\u0103\u201d, X-XI, 2004-2006, p. 236-237 (<strong>C\u0103t\u0103lina Chelcu<\/strong>).<\/p><p>Claudiu Neagoe, <em>Muzic\u0103 \u015fi societate \u00een \u0162ara Rom\u00e2neasc\u0103 \u015fi Moldova (1550-1830)<\/em>, Br\u0103ila, Muzeul Br\u0103ilei, Editura Istros, 2008, 234 p., \u00een \u201eRevista de istorie social\u0103\u201d, X-XII, 2005-2007, p. 574-576 (<strong>C\u0103t\u0103lina Chelcu<\/strong>).<\/p><p><em>Documenta Romaniae Historica<\/em>. B. \u0162ara Rom\u00e2neasc\u0103, vol. XXXIII (1648), \u00eentocmit de Gheorghe Laz\u0103r, Constan\u0163a Vintil\u0103-Ghi\u0163ulescu, Andreea Iancu, Bucure\u015fti, Editura Academiei Rom\u00e2ne, 2006, 517 p., \u00een \u201eStudii \u015fi materiale de istorie medie\u201d, XXV, 2007, p. 234-235 (<strong>C\u0103t\u0103lina Chelcu<\/strong>). <em>\u00a0<\/em><\/p><p>Lauren\u0163iu Radvan (editor), <em>Ora\u015ful din spa\u0163iul rom\u00e2nesc \u00eentre Orient \u015fi Occident. Tranzi\u0163ia de la medievalitate la modernitate<\/em>, Ia\u015fi, Editura Universit\u0103\u0163ii \u201eAlexandru Ioan Cuza\u201d, 2007, 362 p., \u00een \u201eStudii \u015fi materiale de istorie medie\u201d, XXVI, 2008, p. 416-420 (<strong>C\u0103t\u0103lina Chelcu<\/strong>).<\/p><p>Corneliu Istrati (editor), <em>Catagrafia fiscal\u0103 a Moldovei din anul 1831<\/em>, Ia\u015fi, Editura Universit\u0103\u0163ii \u201eAlexandru Ioan Cuza\u201d, 2009, 228 p., \u00een \u201eAnuarul Institutului de Istorie \u00abA. D. Xenopol\u00bb\u201d, XLVII, 2010, p. 450-451 (<strong>C\u0103t\u0103lina Chelcu<\/strong>).<\/p><p><strong>Sergiu Mustea\u0163\u0103 (coord.), <em>Predarea istoriei. \u00cendrumar metodic pentru profesori<\/em><\/strong>, Chi\u015fin\u0103u, Pontos, 2010, 407 p., \u00een \u201eAnuarul Institutului de Istorie \u00abA. D. Xenopol\u00bb\u201d, t. XLVII, 2010, p. 454-456 (<strong>C\u0103t\u0103lina Chelcu<\/strong>).<\/p><p><strong><em>Documentele familiei Miclescu. Colec\u0163ia Emil S. Miclescu<\/em><\/strong><strong>, I,<\/strong> volum \u00eentocmit de Petronel Zahariuc \u015fi Lucian-Valeriu Lefter, <em>Cuv\u00e2nt \u00eenainte <\/em>de Sandu Miclescu, Ia\u015fi, Institutul Rom\u00e2n de Genealogie \u015fi Heraldic\u0103 \u201eSever Zotta\u201d, Editura Universit\u0103\u0163ii Alexandru Ioan Cuza\u201d, 2014, 498 p. + 71 p. de ilustra\u0163ii \u015fi fotocopii de documente, \u00een \u201eAnalele \u0218tiin\u021bifice ale Universit\u0103\u021bii \u00abAlexandru Ioan Cuza\u00bb din Ia\u0219i (serie nou\u0103). Istorie\u201d, tom LXI,\u00a0 2015, p. 628-629 (<strong>C\u0103t\u0103lina Chelcu<\/strong>).<\/p><p><strong>Dan Dumitru Iacob, <em>Elitele din Principatele Rom\u00e2ne \u00een prima jum\u0103tate a secolului al XIX-lea. Sociabilitate \u015fi divertisment<\/em><\/strong>, Ia\u015fi, Editura Universit\u0103\u0163ii \u201eAlexandru Ioan Cuza\u201d, 2015, 405 p., \u00een \u201eArchiva Moldaviae\u201d, VIII (2016), p. 453-455, ISSN-2067-3930 (<strong>C\u0103t\u0103lina Chelcu<\/strong>).<\/p><p><strong>Igor Cereteu, <em>Cartea bisericeasc\u0103 \u00een m\u0103n\u0103stirile din Republica Moldova<\/em><\/strong>, Chi\u015fin\u0103u, Editura Enciclopedic\u0103, 2016, 503 p. (ISBN: 978-9975-53-739-1), \u00een \u201eTyragetia\u201d. Istorie. Muzeologie, serie nou\u0103, vol. XI [XXVI], nr. 2, Chi\u015fin\u0103u, 2017, p. 41-50 (<strong>C\u0103t\u0103lina Chelcu<\/strong>).<\/p><p><strong>Adrian Dolghi, Alina Felea, <em>Atlas etnoistoric ilustrat al Basarabiei (1812-1918)<\/em><\/strong>, Chi\u0219in\u0103u, Academia de \u0218tiin\u021be a Republicii Moldovei, Institutul Patrimoniului Cultural, \u00een \u201eAnalele \u0218tiin\u021bifice ale Universit\u0103\u021bii \u00abAlexandru Ioan Cuza\u00bb din Ia\u0219i (serie nou\u0103). Istorie\u201d, tom. LXIII, 2017, p. 513-514 (<strong>C\u0103t\u0103lina Chelcu<\/strong>).<\/p><p><strong>Adrian Dolghi, Alina Felea, <em>Rom\u00e2nii \u0219i etniile conlocuitoare din Basarabia \u00een istoriografie, surse istorico-etnografice \u0219i cartografice (1812\u22121918). Culegere de studii<\/em><\/strong>, Chi\u0219in\u0103u, Institutul Patrimoniului Cultural, 2018, 264 p., \u00een \u201eAnuarul Institutului de Istorie \u00abA. D. Xenopol\u00bb\u201d, LVI, 2019, p. 383-384 (<strong>C\u0103t\u0103lina Chelcu<\/strong>).<\/p><p><strong>Alexandru-Florin Platon, <em>Doi c\u0103l\u0103tori elve\u021bieni \u0219i lumea rom\u00e2neasc\u0103 la \u00eenceputurile modernit\u0103\u021bii (1808-1811): L\u00e9onard Revilliod \u0219i Charles Ren\u00e9 Pictet de Rochemont. M\u0103rturii inedite<\/em><\/strong>, Ia\u0219i, Editura Universit\u0103\u021bii \u201eAlexandru Ioan Cuza\u201d, 2021, 391 p., \u00een \u201eAnuarul Institutului de Istorie \u00abA. D. Xenopol\u00bb, t. LVIII, 2021, p. 604-605 (<strong>C\u0103t\u0103lina Chelcu<\/strong>).<\/p><\/div>\n\t\t\t\t\t<\/div><div class=\"eael-accordion-list\">\n\t\t\t\t\t<div id=\"comunicri-tiinifice\" class=\"elementor-tab-title eael-accordion-header\" tabindex=\"0\" data-tab=\"5\" aria-controls=\"elementor-tab-content-1635\"><span class=\"eael-advanced-accordion-icon-closed\"><svg aria-hidden=\"true\" class=\"fa-accordion-icon e-font-icon-svg e-fas-plus\" viewBox=\"0 0 448 512\" xmlns=\"http:\/\/www.w3.org\/2000\/svg\"><path d=\"M416 208H272V64c0-17.67-14.33-32-32-32h-32c-17.67 0-32 14.33-32 32v144H32c-17.67 0-32 14.33-32 32v32c0 17.67 14.33 32 32 32h144v144c0 17.67 14.33 32 32 32h32c17.67 0 32-14.33 32-32V304h144c17.67 0 32-14.33 32-32v-32c0-17.67-14.33-32-32-32z\"><\/path><\/svg><\/span><span class=\"eael-advanced-accordion-icon-opened\"><svg aria-hidden=\"true\" class=\"fa-accordion-icon e-font-icon-svg e-fas-minus\" viewBox=\"0 0 448 512\" xmlns=\"http:\/\/www.w3.org\/2000\/svg\"><path d=\"M416 208H32c-17.67 0-32 14.33-32 32v32c0 17.67 14.33 32 32 32h384c17.67 0 32-14.33 32-32v-32c0-17.67-14.33-32-32-32z\"><\/path><\/svg><\/span><span class=\"eael-accordion-tab-title\">Comunic\u0103ri \u0219tiin\u021bifice<\/span><\/div><div id=\"elementor-tab-content-1635\" class=\"eael-accordion-content clearfix\" data-tab=\"5\" aria-labelledby=\"comunicri-tiinifice\"><ol><li><strong> Comunic\u0103ri sus\u021binute la manifest\u0103ri \u0219tiin\u021bifice interna\u021bionale:<\/strong><\/li><\/ol><p><strong>C\u0103t\u0103lina Chelcu<\/strong>, <em>Acte de la \u015etefan cel Mare pierdute de-a lungul vremii<\/em>, \u00een cadrul simpozionului interna\u0163ional <em>\u015etefan cel Mare \u2013 personalitate marcant\u0103 \u00een istoria Europei (500 de ani de la trecerea \u00een eternitate)<\/em>, Chi\u015fin\u0103u, 21-24 iunie 2004.<\/p><p><strong>C\u0103t\u0103lina Chelcu<\/strong>, <strong><em>Infrac\u0163iuni \u015fi pedepse \u00een Moldova (secolul al XIV-lea \u2013 mijlocul secolului al XVIII-lea). Stadiul cercet\u0103rii<\/em><\/strong>, \u00een cadrul workshop-ului <em>Noi \u015fi ceilal\u0163i. Construc\u0163ii identitare \u00een istoria rom\u00e2nilor<\/em>, Ia\u015fi, Institutul de Istorie \u201eA. D. Xenopol\u201d, 6-7 aprilie 2011.<\/p><p><strong>C\u0103t\u0103lina Chelcu<\/strong>, <strong><em>The Practice of Negociating the Death Penalty in Moldavia by Mid-18th Century<\/em><\/strong>, \u00een cadrul conferin\u0163ei European Social Science History, Viena, Austria, 23-27 aprilie 2014.<\/p><p><strong>C\u0103t\u0103lina Chelcu<\/strong>, <strong><em>Acte privitoare la r\u0103uf\u0103c\u0103tori la hotarul Moldovei cu Transilvania<\/em><\/strong>, \u00een cadrul simpozionului interna\u0163ional <em>Writing and society in Transylvania 13th-17th centuries<\/em>, Cluj-Napoca, 17-18 septembrie 2015.<\/p><p><strong>C\u0103t\u0103lina Chelcu<\/strong>, <strong><em>Un a\u015fez\u0103m\u00e2nt monahal din \u0163inutul Putna: m\u0103n\u0103stirea Vizantea<\/em><\/strong>, comunicare sus\u0163inut\u0103 \u00een cadrul colocviului interna\u0163ional cu tema: <em>Rela\u0163iile rom\u00e2nilor cu Muntele Athos \u015fi cu alte Locuri Sfinte (sec. XIV-XX)<\/em>, realizat \u00een cadrul proiectului UEFISCDI-PN-II- ID-PCE-2012-4-0552<em>,<\/em> Facultatea de Istorie, Universitatea \u201eAlexandru Ioan Cuza\u201d din Ia\u015fi, 16 septembrie 2016.<\/p><p><strong>C\u0103t\u0103lina Chelcu<\/strong>, <strong><em>Despre ctitorul \u015fi \u00eenchinarea unei m\u0103n\u0103stiri vr\u00e2ncene<\/em><\/strong>, \u00een cadrul conferin\u0163ei \u015ftiin\u0163ifice interna\u0163ionale \u201ePatrimoniul cultural. Cercetare, valorificare, promovare\u201d, Chi\u015fin\u0103u, edi\u0163ia a IX-a (30-31 mai 2017).<\/p><p><strong>C\u0103t\u0103lina Chelcu<\/strong>, <strong><em>Miron Costin \u0219i Polonia: \u00eentre g\u00e2ndire \u0219i fapt\u0103<\/em><\/strong>, \u00een cadrul simpozionului interna\u021bional <em>Despre rela\u021biile polono-rom\u00e2ne de-a lungul timpului \u00een anul Centenarului Independen\u021bei Poloniei \u0219i Marii Uniri a Rom\u00e2niei<\/em> \u2013 \u201eZilele Culturii Polone\u201d, Suceava, 14-15 septembrie 2018.<\/p><p><strong>C\u0103t\u0103lina Chelcu<\/strong>, <strong><em>Condica de documente a m\u0103n\u0103stirii Vizantea (\u021binutul Putna) \u2013 surs\u0103 pentru o istorie economic\u0103<\/em><\/strong>, \u00een cadrul conferin\u021bei interna\u021bionale <em>Via\u021ba cotidian\u0103 \u00een spa\u021biul est-european din cele mai vechi timpuri p\u00e2n\u0103 \u00een prezent: abord\u0103ri interdisciplinare<\/em>, Chi\u0219in\u0103u, 30 octombrie 2018.<\/p><p><strong>C\u0103t\u0103lina Chelcu<\/strong>, <strong><em>Date despre restaurarea m\u0103n\u0103stirii Trei Ierarhi din Ia\u0219i \u0219i a unora dintre bisericile de pe mo\u0219iile sale, la mijlocul secolului al XIX-lea<\/em><\/strong>, \u00een cadrul Colocviului interna\u0163ional realizat \u00een cadrul proiectului UEFISCDI-PN-III-P4-ID-PCE-2016-0557: <em>Rom\u00e2nii \u0219i Cre\u0219tin\u0103tatea R\u0103s\u0103ritean\u0103 (sec. XIV-XX)<\/em> <em>[<\/em><em>Les Roumains et la Chr\u00e9tient\u00e9 Orientale (les XIV<sup>e<\/sup>-XVIII<sup>e<\/sup> si\u00e8cles)<\/em><em>]<\/em>, Ia\u0219i, 27-28 septembrie 2019.<\/p><p><strong>C\u0103t\u0103lina Chelcu<\/strong>, <strong><em>Istorie moldo-polon\u0103 din perspectiv\u0103 laic\u0103 \u0219i religioas\u0103, \u00een cronicile lui Grigore Ureche (\u0219i Simion Dasc\u0103lul) \u0219i Miron Costin<\/em><\/strong>, Congresul moldo-rom\u00e2no-polon, Chi\u0219inau, 14 mai 2021 (<a href=\"https:\/\/meet.google.com\/rbm-zjiu-fst\">https:\/\/meet.google.com\/rbm-zjiu-fst<\/a>).<\/p><p><strong>C\u0103t\u0103lina Chelcu<\/strong>, <strong><em>Domnia lui Petru \u0218chiopul \u00een Moldova, \u00eentre ostilitate \u0219i acceptare politic\u0103<\/em><\/strong>, \u00een cadrul conferin\u021bei international <em>Ideology and Noble Propaganda in Early Modern Europe, during the Sixteenth and the Seventeenth Centuries: Forms of Legitimizing and Challenging Rulership<\/em>, Ia\u0219i, 12-13 noiembrie 2021.<\/p><p><strong>C\u0103t\u0103lina Chelcu<\/strong>, <strong><em>Un inventar al mo\u0219iilor m\u0103n\u0103stirilor \u00eenchinate \u0219i ne\u00eenchinate din Moldova, de la mijlocul secolului al XIX-lea<\/em><\/strong>, \u00een cadrul simpozionului interna\u021bional <em>Rom\u00e2nii \u0219i Muntele Athos: m\u0103n\u0103stiri, arhive, pelerinaje<\/em>. Colocviu interna\u0163ional realizat \u00een cadrul proiectului UEFISCDI-CNCS, PN-III-P4-ID-PCE-2020-0863, director de proiect\u00a0: Petronel Zahariuc, Ia\u0219i, 7-8 octombrie 2022<\/p><p><strong>C\u0103t\u0103lina Chelcu<\/strong>, <strong><em>C\u00e2teva testamente moldovene\u0219ti din secolul al XVIII-lea \u0219i prima jum\u0103tate a secolului al XIX-lea<\/em><\/strong>, \u00een cadrul simpozionului interna\u021bional <em>Se pr\u00e9parer pour le \u00abgrand passage\u00bb. Pratiques testamentaires et leurs implications sociales, patrimoniales et relugieuses (Europe, XVI<sup>e<\/sup>-XIX<sup>e<\/sup> si\u00e8cles)\/Arrangements before and their social, patrimonial and religious implications (Europe, 16<sup>th<\/sup>-19<sup>th<\/sup> centuries)<\/em>, Bucure\u0219ti, Institutul de Istorie \u201eN. Iorga\u201d, 15-16 septembrie 2022.<\/p><p><strong>C\u0103t\u0103lina Chelcu<\/strong>,<strong> <em>Violen\u021ba \u0219i formele ei \u00een timpul domniei lui Ioni\u021b\u0103 Sandu Sturza<\/em>: <em>context, cauze, consecin\u021be<\/em><\/strong>, \u00een cadrul Conferin\u021bei Anuale a Institutului de Iatorie \u201eA. D. Xenopol\u201d din Ia\u0219i, edi\u021bia a V-a, 30 mai \u2013 1 iunie 2024.<\/p><ol><li><strong>Comunic\u0103ri sus\u021binute la manifest\u0103ri \u0219tin\u021bifice na\u021bionale: <\/strong><\/li><\/ol><p><strong>C\u0103t\u0103lina Chelcu<\/strong>, <em>\u00cenceputul desfiin\u0163\u0103rii ocoalelor domne\u015fti \u00een vremea lui Petru \u015echiopul<\/em>, Institutul de Istorie \u201cA. D. Xenopol\u201d, 14 decembrie 2000<em>. <\/em><\/p><p><strong>C\u0103t\u0103lina Chelcu<\/strong>, <em>Femei celebre \u00een premodernitatea rom\u00e2neasc\u0103: Doamna Dafina Dabija sau for\u0163a personalit\u0103\u0163ii<\/em>, simpozionul<em> Condi\u0163ia femeii \u00een epoca modern\u0103<\/em>, organizat cu prilejul <em>Zilelor academice ie\u015fene<\/em>, Ia\u015fi, 19 septembrie, 2002. \u00a0<\/p><p><strong>C\u0103t\u0103lina Chelcu<\/strong>, <em>Mari boieri \u00een slujba domniei: Buhu\u015fe\u015ftii \u00een secolul XVII<\/em>, Ia\u015fi, Institutul de Heraldic\u0103 \u015fi Genealogie \u201eSever Zotta\u201d, 14 ianuarie 2003.<\/p><p><strong>C\u0103t\u0103lina Chelcu<\/strong>, <em>Elite \u015fi societate \u00een Moldova la mijlocul secolului XVII<\/em>, Institutul de Istorie \u201cA. D. Xenopol\u201d, 30 ianuarie 2003.<\/p><p><strong>C\u0103t\u0103lina Chelcu<\/strong>, <em>Destinul unei c\u0103r\u0163i: \u00ab\u015etefan cel Mare, voievod al Moldovei (1457\u20131504). Studiu de istorie social\u0103 \u015fi politic\u0103\u00bb, de Alexandru Boldur<\/em>, simpozionul <em>\u015etefan cel Mare \u015fi epoca sa<\/em>, Institutul de Istorie \u201eA. D. Xenopol\u201d, 18-19 iunie 2004.<\/p><p><strong>C\u0103t\u0103lina Chelcu<\/strong>, <em>Cartea manuscris\u0103 \u015fi tip\u0103rit\u0103 din Moldova secolului XVII prin \u00eensemn\u0103ri<\/em>, \u00een cadrul simpozionului <em>Spa\u0163iul rom\u00e2nesc \u00eentre Orient \u015fi Occident. Interferen\u0163e politice, culturale \u015fi religioase<\/em>, desf\u0103\u015furat \u00een cadrul proiectului CERES, cu tema: <em>Spa\u0163iul est-carpatic \u2013 zon\u0103 de convergen\u0163\u0103 cultural\u0103 din preistorie p\u00e2n\u0103 \u00een timpurile moderne<\/em>, 8-9 octombrie 2004.<\/p><p><strong>C\u0103t\u0103lina Chelcu<\/strong>, <em>Fragmente de istoria culturii \u00een opera lui Gheorghe Ghib\u0103nescu,<\/em> simpozionul \u201eUn polihistor moldav: G. Ghib\u0103nescu\u201d, desf\u0103\u015furat la Institutul de Istorie \u201eA. D. Xenopol\u201d, 30 iunie 2005.<\/p><p><strong>C\u0103t\u0103lina Chelcu<\/strong>, <em>Unii despre al\u0163ii. Note de terminologie social\u0103<\/em>, \u00een cadrul simpozionului na\u0163ional <em>Structuri \u015fi mobilit\u0103\u0163i sociale \u00een spa\u0163iul rom\u00e2nesc (sec. XVII-XIX)<\/em>, Institutul de Istorie \u201eA. D. Xenopol\u201d, Ia\u015fi, 30 noiembrie 2006.<\/p><p><strong>C\u0103t\u0103lina Chelcu<\/strong>, \u201e<em>Fiindu atuncea (\u2026) lega\u0163i cu priete\u015fugu\u201d. <\/em><em>Note de terminologie medieval\u0103<\/em>, Institutul de Istorie \u201eA. D. Xenolpol\u201d, 17 februarie 2008.<\/p><p><strong>C\u0103t\u0103lina Chelcu<\/strong>, <em>Biserica Sf\u00e2ntul Gheorghe \u2013 Lozonschi. Contribu\u0163ii<\/em> (simpozion organizat de Mitropolia Moldovei \u015fi Bucovinei \u00een cadrul \u201eZilelor Trinitas\u201d, intitulat: \u201eIa\u015fi, ora\u015ful bisericilor\u201d, 17 iunie 2008.<\/p><p><strong>C\u0103t\u0103lina Chelcu<\/strong>, <em>Sinodul de la Ia\u015fi \u00een istoriografie<\/em>, \u00een cadrul simpozionului \u201e600 de ani de atestare documentar\u0103 a ora\u015fului Ia\u015fi\u201d, Institutul de Istorie \u201eA. D. Xenopol\u201d, 23 septembrie 2008.<\/p><p><strong>C\u0103t\u0103lina Chelcu<\/strong>, <strong><em>Laic \u015fi religios \u00een cronicile moldovene din secolul al XVII-lea<\/em><\/strong>, Institutul de Istorie \u201eA. D. Xenopol\u201d, 29 aprilie 2010.<\/p><p><strong>C\u0103t\u0103lina Chelcu<\/strong>, <strong><em>\u00centre memoria cutumei \u015fi cuv\u00e2ntul pravilei. Infrac\u0163iuni, pedepse \u015fi identit\u0103\u0163i sociale \u00een Moldova premodern\u0103 (secolul al XVII-lea \u2013 prima jum\u0103tate a secolului al XVIII-lea)<\/em><\/strong>, Cluj-Napoca, 21 &#8211; 22 octombrie 2010.<\/p><p>Marius Chelcu,<strong> C\u0103t\u0103lina Chelcu<\/strong>, <strong><em>Venituri urbane ale m\u0103n\u0103stirii Golia (secolele XVII-XVIII)<\/em><\/strong>, Institutul de Istorie \u201eA. D. Xenopol\u201d, 25 noiembrie 2010.<\/p><p><strong>C\u0103t\u0103lina Chelcu<\/strong>, <strong><em>\u201eNime s\u0103 nu se amestece. <\/em><\/strong><strong><em>Din trecutul dreptului de judecat\u0103\u201d<\/em><\/strong>, comunicare sus\u0163inut\u0103 \u00een cadrul workshop-ului \u201e\u015etiin\u0163ele socio-umaniste \u00een contextul evolu\u0163iei globalizate-dezvoltarea \u015fi implementarea programului de studii \u015fi cercetare postdoctoral\u0103\u201d, Academia Rom\u00e2n\u0103 \u2013 Filiala Ia\u015fi, 3 februarie 2011.<\/p><p><strong>C\u0103t\u0103lina Chelcu<\/strong>,<strong> <em>\u201eHirea de boierie\u201d \u015fi \u201ec\u0103rturariu bun\u201d: ob\u00e2r\u015fie social\u0103, ascensiune intelectual\u0103 \u015fi atitudini \u00een Moldova secolului al XVII-lea<\/em><\/strong>, \u00een cadrul Colocviului Na\u0163ional de Istorie, Istoria Artei, Restaurare \u2013 Conservare, Muzeul Na\u0163ional Cotroceni, edi\u0163ia a XVI-a, 20-24 iunie 2012.<\/p><p><strong>C\u0103t\u0103lina Chelcu<\/strong>,<strong> <em>C\u0103tre o abordare social\u0103 a pedepsei. Surse documentare<\/em><\/strong>, \u00een cadrul manifest\u0103rii \u015ftiin\u0163ifice <em>Trecut \u015fi perspective \u00een editarea documentelor medievale<\/em>, \u00een cadrul <strong><em>Zilelor academice ie\u015fene<\/em>, edi\u0163ia a XXVII-a<\/strong> 18 octombrie 2012.<\/p><p><strong>C\u0103t\u0103lina Chelcu<\/strong>,<strong> <em>Note preliminare privitoare la r\u0103scump\u0103rarea pedepsei \u00een Moldova (secolele XVI-XVII)<\/em><\/strong>, \u00een cadrul simpozionului <em>Victim\u0103, \u00eenvinuit, martor. Pedeapsa \u00een Moldova. Sf\u00e2r\u015fitul secolului XVI \u2013 \u00eenceputul secolului XIX<\/em>, Academia Rom\u00e2n\u0103-Filiala Ia\u015fi, 18 octombrie 2013.<\/p><p><strong>C\u0103t\u0103lina Chelcu<\/strong>,<strong> <em>\u201e\u015ei m-am pl\u0103tit dentr-aceast\u0103 nevoie\u201d. Consecin\u0163e economice ale r\u0103scump\u0103r\u0103rii pedepsei \u00een Moldova (secolele XVI-XVII)<\/em><\/strong>, \u00een cadrul <em>Zilelor Universit\u0103\u0163ii \u201eAlexandru Ioan Cuza\u201d<\/em>, Ia\u015fi, 25 &#8211; 26 octombrie 2013.<\/p><p><strong>C\u0103t\u0103lina Chelcu<\/strong>,<strong> <em>Avere furat\u0103, f\u0103ptuitori \u015fi pedepse \u00een Moldova (secolul al XVII \u2013 lea \u2013 prima jum\u0103tate a secolului al XVIII \u2013 lea)<\/em><\/strong>, \u00een cadrul conferin\u0163ei <em>Inventare de averi din secolele XVII-XIX<\/em>, Sibiu, Institutul de Cercet\u0103ri Socio-Umane, 25 &#8211; 29 septembrie 2014.<\/p><p><strong>C\u0103t\u0103lina Chelcu<\/strong>,<strong> <em>\u201eFapta\u201d \u0219i circumstan\u021bele sale. Note preliminare privitoare la pedepsire \u00een Moldova (secolele XVII-XVIII)<\/em><\/strong>, \u00een cadrul Colocviului Na\u0163ional de Istorie \u015fi Istoria Artei, organizat de Muzeul Na\u0163ional Cotroceni, edi\u0163ia a XVII-a, 27 &#8211; 29 mai 2015.<\/p><p><strong>C\u0103t\u0103lina Chelcu<\/strong>,<strong> <em>Despre pedeaps\u0103 \u0219i pedepsire \u00een Moldova (1741-1800)<\/em><\/strong>, \u00een cadrul simpozionului \u201eIstorie, cultur\u0103, patrimoniu\u201d, Muzeul \u201eVasile Pogor\u201d Ia\u015fi, 9-11 iunie 2015.\u00a0<\/p><p><strong>C\u0103t\u0103lina Chelcu<\/strong>,<strong> <em>Fragmente de via\u0163\u0103 social\u0103 \u00een documente basarabene<\/em><\/strong>, \u00een cadrul simpozionului na\u0163ional <em>Istoria Basarabiei: o dezbatere pe marginea surselor documentare<\/em>, Ia\u015fi, Institutul de Istorie \u201cA. D. Xenopol\u201d, 17 octombrie 2015.<\/p><p><strong>C\u0103t\u0103lina Chelcu<\/strong>,<strong> <em>Despre armeni \u00een texte cu polemic\u0103 religioas\u0103 \u00een Moldova<\/em><em>, secolul al XVII-lea \u2013 prima jum\u0103tate a secolului al XIX-lea<\/em><\/strong>, comunicare sus\u0163inut\u0103 \u00een cadrul simpozionului na\u0163ional:<em> Dou\u0103 veacuri \u015fi jum\u0103tate de istorie (1766-2016). Biserica armeano-catolic\u0103 Sf\u00e2nta Elisabeta din Dumbr\u0103veni<\/em>, Dumbr\u0103veni (Sibiu), 21 mai 2016<em>. <\/em><\/p><p><strong>C\u0103t\u0103lina Chelcu<\/strong>,<strong> <em>T\u00e2lh\u0103ria \u00een sentin\u0163ele Departamentului Criminalicesc din Moldova (1799-1804)<\/em><\/strong>, \u00een cadrul simpozionului \u201eJaf, corup\u0163ie \u015fi abuz\u201d, Facultatea de Istorie, Universitatea Bucure\u015fti, 21-22 aprilie 2017.<\/p><p><strong>C\u0103t\u0103lina Chelcu<\/strong>,<strong> <em>\u201e\u015ei duc\u00e2ndu-l la vezirul, \u00eendat\u0103 i-au t\u0103iat capul\u201d: despre decapitare \u00een Moldova \u015fi \u0162ara Rom\u00e2neasc\u0103 \u00een secolul al XVIII-lea<\/em><\/strong>, \u00een cadrul conferin\u0163ei \u015ftiin\u0163ifice \u201eArheologie. Istorie. Muzeologie\u201d a Muzeului de Istorie a Moldovei (edi\u0163ia a XXVII-a), Chi\u0219in\u0103u<strong>, <\/strong>19-20 octombrie 2017.<\/p><p><strong>C\u0103t\u0103lina Chelcu<\/strong>,<strong> <em>Groapa ocnei <\/em>versus<em> sp\u00e2nzur\u0103toare. Din practica judiciar\u0103 \u00een Moldova p\u00e2n\u0103 la \u00eenceputul secolului al XIX-lea<\/em><\/strong>, \u00een cadrul Sesiunii \u0219tiin\u021bifice a departamentului Istoria rom\u00e2nilor, universale \u0219i arheologie, Universitatea de Stat din Moldova, Facultatea de Istorie \u0219i Filosofie, edi\u021bia a V-a, Chi\u0219in\u0103u<strong>, <\/strong>27 aprilie 2018.\u00a0<\/p><p><strong>C\u0103t\u0103lina Chelcu<\/strong>,<strong> <em>Surse judiciare \u00een Moldova premodern\u0103: anaforalele Departamentului Criminalicesc (1799-1828)<\/em><\/strong>, \u00een cadrul Atelierului na\u021bional <em>Sursele unei istorii (pre)moderne rom\u00e2ne\u0219ti \u00een Moldova \u0219i Valahia<\/em>, Bucure\u0219ti, Institutul de Istorie \u201eN. Iorga\u201d, 21 septembrie 2018.\u00a0<\/p><p><strong>C\u0103t\u0103lina Chelcu<\/strong>,<strong> <em>\u201eIar ce des\u0103v\u00e2r\u0219it\u0103 hot\u0103r\u00e2re r\u0103m\u00e2ni la mila \u00een\u0103l\u021bimii tale\u201d. Temeiurile justi\u021biei domne\u0219ti \u00een Moldova \u00een materie penal\u0103<\/em>,<\/strong> \u00een cadrul Conferin\u021bei anuale a Institutului de Istorie \u201eA. D. Xenopol\u201d, Edi\u021bia I, Ia\u0219i, 5-8 iunie 2019.<\/p><p><strong>C\u0103t\u0103lina Chelcu<\/strong>,<strong> <em>Fapte penale \u0219i pedepsirea lor cu temni\u021ba \u0219i ocna (primele decenii ale secolului al XIX-lea)<\/em><\/strong>, \u00een cadrul workshop-ului <em>\u00cenfrunt\u00e2nd un &#8222;inamic&#8221; invizibil. Politici administrative, practici medicale \u0219i comportamente sociale \u00een \u021a\u0103rile Rom\u00e2ne \u00een context epidemic (secolele XVIII-XIX)<\/em>, Ia\u0219i, 4 octombrie 2019.<\/p><p><strong>C\u0103t\u0103lina Chelcu<\/strong>,<strong> <em>\u201e\u00cen multi r\u00e2nduri s-au pedepsit cu ocna\u201d. Aspecte privitoare la regimul deten\u021biei la ocn\u0103 \u00een prima jum\u0103tate a secolului al XIX-lea<\/em><\/strong>, \u00een cadrul conferin\u0163ei \u015ftiin\u0163ifice \u201eArheologie. Istorie. Muzeologie\u201d a Muzeului de Istorie a Moldovei (edi\u0163ia a XXIX-a), Chi\u0219in\u0103u, 17-18 octombrie 2019.<\/p><p><strong>C\u0103t\u0103lina Chelcu<\/strong>,<strong> <em>Despre \u00eenzestrarea spitalului militar din Ia\u0219i la \u00eenceputurile sale<\/em><\/strong>, \u00een cadrul <em>Conferin\u021bei Anuale a Muzeului Municipal \u201eRegina Maria\u201d<\/em> (I): <em>Din istoria ora\u0219ului Ia\u0219i: oameni, locuri, institu\u021bii<\/em>, 28-29 august 2020.\u00a0 <em>\u00a0<\/em><\/p><p><strong>C\u0103t\u0103lina Chelcu<\/strong>,<strong> <em>\u00cen slujba Domniei \u0219i a Legii: boieri-judec\u0103tori ai Departamentului Criminalicesc din Moldova (sf\u00e2r\u0219itul sec. al XVIII-lea \u2013 \u00eenceputul sec. al XIX-lea)<\/em><\/strong>, \u00een cadrul <em>Conferin\u021bei anuale a Institutului de Istorie \u201eA. D. Xenopol\u201d din Ia\u0219i, <\/em>Edi\u021bia a II-a, 4-6 iunie 2021.<\/p><p><strong>C\u0103t\u0103lina Chelcu<\/strong>,<strong> <em>Din trecutul asisten\u021bei sociale: breasla calicilor din Ia\u0219i<\/em><\/strong>, \u00een cadrul<em> Conferin\u021bei Anuale a Muzeului Municipal \u201eRegina Maria\u201d<\/em> (I): <em>Din istoria ora\u0219ului Ia\u0219i: oameni, locuri, institu\u021bii<\/em>, 27-28 august 2021.\u00a0<\/p><p><strong>C\u0103t\u0103lina Chelcu<\/strong>, <strong><em>Despre p\u00e2rghiile puterii lui Petru vod\u0103 \u0218chiopul<\/em><\/strong>, \u00een cadrul Conferin\u021bei anuale a Institutului de istorie \u201eA. D. Xenopol\u201d, Ia\u0219i, edi\u021bia a III-a, 2-4 iunie 2022.<\/p><p><strong>C\u0103t\u0103lina Chelcu<\/strong>, <strong><em>Note cu privire la competen\u021bele unor mari dreg\u0103tori din Moldova \u00een men\u021binerea ordinii \u0219i aplicarea sentin\u021belor (sf\u00e2r\u0219itul sec. al XVIII-lea \u2013 primele trei decenii ale sec. al XIX-lea)<\/em><\/strong>, \u00een cadrul sesiunii anuale a Comisiei de Istorie a Ora\u0219elor din Rom\u00e2nia, cu tema: <em>Ora\u0219ul \u0219i legisla\u021bia<\/em>, Buz\u0103u, 20-22 iulie 2022.<\/p><p><strong>C\u0103t\u0103lina Chelcu<\/strong>,<strong> <em>\u00cengrijirea bolnavilor \u0219i deten\u021bia vinova\u021bilor la mijlocul secolului XIX\u00a0 (m\u0103n\u0103stirile Neam\u021b \u0219i Agapia)<\/em><\/strong>, \u00een cadrul <em>Conferin\u021bei anuale a Institutului de Istorie \u201eA. D. Xenopol\u201d din Ia\u0219i, edi\u021bia a IV-a, 8-10 iunie 2023. <\/em>\u00a0<\/p><p><strong>C\u0103t\u0103lina Chelcu<\/strong>,<strong> <em>Damaschin Bojinca \u2013 note biografice<\/em><\/strong>, la Conferin\u021ba Anual\u0103 a Muzeului Municipal \u201eRegina Maria\u201d (IV): <em>Din istoria ora\u0219ului Ia\u0219i: oameni, locuri, institu\u021bii<\/em>, Ia\u0219i, 25-26 august 2023.<\/p><p><strong>C\u0103t\u0103lina Chelcu<\/strong>,<strong> <em>Reguli, comportamente, sanc\u021biuni. Mijloace de manifestare a autorit\u0103\u021bii judiciare din Moldova, \u00een primele trei decenii ale secolului al XIX-lea<\/em><\/strong>, \u00een cadrul <em>\u0218edin\u021bei de comunic\u0103ri semestriale (I) <\/em>a colectivului de istorie medieval\u0103 de la Institutul de Istorie \u201eA. D. Xenopol\u201d, Ia\u0219i, 14 decembrie 2023.<\/p><p><strong>C\u0103t\u0103lina Chelcu<\/strong>,<strong> <em>Putere judiciar\u0103 urban\u0103 \u00een Moldova p\u00e2n\u0103 la Regulamentul Organic. Clarific\u0103ri necesare<\/em><\/strong>, \u00een cadrul Conferin\u021bei Anuale <em>\u201eDin istoria ora\u0219ului Ia\u0219i: oameni, locuri, institu\u021bii\u201d<\/em>, Muzeul Municipal \u201eRegina Maria\u201d din Ia\u0219i, edi\u021bia a V-a, 6-7 septembrie 2024.<\/p><p><strong>C\u0103t\u0103lina Chelcu<\/strong>, <strong><em>C\u00e2teva concluzii la sf\u00e2r\u015fit de colec\u0163ie<\/em><\/strong>, \u00een cadrul Conferin\u0163ei Anuale a Institutului de Istorie \u201eA. D. Xenopol\u201d din Ia\u015fi, edi\u021bia a VI-a, 5-7 iunie 2025.<\/p><p><strong>C\u0103t\u0103lina Chelcu, <em>Incursiune \u00een istoria sistemului penitenciar rom\u00e2nesc \u0219i a Penitenciarului Ia\u0219i<\/em>,<\/strong> \u00een cadrul simpozionului organizat cu prilejul anivers\u0103rii a 75 de ani de existen\u021b\u0103 a Penitenciarului Ia\u0219i, Ateneul Na\u021bional din Ia\u0219i, 1 octombrie 2025.<strong>\u00a0<\/strong><\/p><\/div>\n\t\t\t\t\t<\/div><div class=\"eael-accordion-list\">\n\t\t\t\t\t<div id=\"-abilitare-\" class=\"elementor-tab-title eael-accordion-header\" tabindex=\"0\" data-tab=\"6\" aria-controls=\"elementor-tab-content-1636\"><span class=\"eael-advanced-accordion-icon-closed\"><svg aria-hidden=\"true\" class=\"fa-accordion-icon e-font-icon-svg e-fas-plus\" viewBox=\"0 0 448 512\" xmlns=\"http:\/\/www.w3.org\/2000\/svg\"><path d=\"M416 208H272V64c0-17.67-14.33-32-32-32h-32c-17.67 0-32 14.33-32 32v144H32c-17.67 0-32 14.33-32 32v32c0 17.67 14.33 32 32 32h144v144c0 17.67 14.33 32 32 32h32c17.67 0 32-14.33 32-32V304h144c17.67 0 32-14.33 32-32v-32c0-17.67-14.33-32-32-32z\"><\/path><\/svg><\/span><span class=\"eael-advanced-accordion-icon-opened\"><svg aria-hidden=\"true\" class=\"fa-accordion-icon e-font-icon-svg e-fas-minus\" viewBox=\"0 0 448 512\" xmlns=\"http:\/\/www.w3.org\/2000\/svg\"><path d=\"M416 208H32c-17.67 0-32 14.33-32 32v32c0 17.67 14.33 32 32 32h384c17.67 0 32-14.33 32-32v-32c0-17.67-14.33-32-32-32z\"><\/path><\/svg><\/span><span class=\"eael-accordion-tab-title\"> Abilitare <\/span><\/div><div id=\"elementor-tab-content-1636\" class=\"eael-accordion-content clearfix\" data-tab=\"6\" aria-labelledby=\"-abilitare-\"><p>Sus\u0163inerea public\u0103 a tezei de abilitare \u00een domeniul ISTORIE, cu titlul: <strong><em>\u201eInfrac\u021biuni \u0219i pedepse. Practic\u0103 judiciar\u0103 \u00een Moldova medieval\u0103 \u0219i premodern\u0103\u201d<\/em>, <\/strong>Institutul de Istorie \u201eA.D. Xenopol\u201d Ia\u0219i, 14 noiembrie 2023 (\u00een cadrul \u0218colii de Studii Avansate a Academiei Rom\u00e2ne &#8211; SCOSAAR); Doctor abilitat \u00een domeniul Istorie (ordin IOSUD\/IOD Academia Rom\u00e2n\u0103 din 22.01.2024).<\/p><\/div>\n\t\t\t\t\t<\/div><div class=\"eael-accordion-list\">\n\t\t\t\t\t<div id=\"proiecte-de-cercetare\" class=\"elementor-tab-title eael-accordion-header\" tabindex=\"0\" data-tab=\"7\" aria-controls=\"elementor-tab-content-1637\"><span class=\"eael-advanced-accordion-icon-closed\"><svg aria-hidden=\"true\" class=\"fa-accordion-icon e-font-icon-svg e-fas-plus\" viewBox=\"0 0 448 512\" xmlns=\"http:\/\/www.w3.org\/2000\/svg\"><path d=\"M416 208H272V64c0-17.67-14.33-32-32-32h-32c-17.67 0-32 14.33-32 32v144H32c-17.67 0-32 14.33-32 32v32c0 17.67 14.33 32 32 32h144v144c0 17.67 14.33 32 32 32h32c17.67 0 32-14.33 32-32V304h144c17.67 0 32-14.33 32-32v-32c0-17.67-14.33-32-32-32z\"><\/path><\/svg><\/span><span class=\"eael-advanced-accordion-icon-opened\"><svg aria-hidden=\"true\" class=\"fa-accordion-icon e-font-icon-svg e-fas-minus\" viewBox=\"0 0 448 512\" xmlns=\"http:\/\/www.w3.org\/2000\/svg\"><path d=\"M416 208H32c-17.67 0-32 14.33-32 32v32c0 17.67 14.33 32 32 32h384c17.67 0 32-14.33 32-32v-32c0-17.67-14.33-32-32-32z\"><\/path><\/svg><\/span><span class=\"eael-accordion-tab-title\">Proiecte de cercetare<\/span><\/div><div id=\"elementor-tab-content-1637\" class=\"eael-accordion-content clearfix\" data-tab=\"7\" aria-labelledby=\"proiecte-de-cercetare\"><p><a href=\"https:\/\/institutulxenopol.ro\/wp-content\/uploads\/2025\/10\/Proiecte-de-cercetare-Chelcu-Catalina.pdf\">Proiecte de cercetare &#8211; Chelcu Catalina<\/a><\/p><\/div>\n\t\t\t\t\t<\/div><\/div>\t\t\t\t<\/div>\n\t\t\t\t\t<\/div>\n\t\t\t\t<\/div>\n\t\t\t\t<\/div>\n\t\t                    <\/div>\n\t\t        \n                    <div id=\"curriculum-vitae-tab\" class=\"clearfix eael-tab-content-item inactive\" data-title-link=\"curriculum-vitae-tab\">\n\t\t\t\t        <p><a href=\"https:\/\/institutulxenopol.ro\/wp-content\/uploads\/2025\/10\/Catalina-Chelcu-CV.pdf\">Ca\u0306ta\u0306lina Chelcu &#8211; CV<\/a><\/p>                    <\/div>\n\t\t                    <\/div>\n        <\/div>\n\t\t\t\t<\/div>\n\t\t\t\t\t<\/div>\n\t\t\t\t<\/div>\n\t\t\t\t<\/div>\n\t\t","protected":false},"excerpt":{"rendered":"<p>Cercet\u0103tor \u015etiin\u0163ific I dr. C\u0103t\u0103lina E. Chelcu Colectivul de Istorie medieval\u0103 catalina.chelcu@yahoo.com catachelcu@gmail.com Prezentare Publica\u021bii Curriculum vitae C\u0103t\u0103lina Elena Chelcu, cercet\u0103tor \u0219tiin\u021bific gradul I la Institutul de Istorie \u201eA. D. Xenopol\u201d al Academiei Rom\u00e2ne Filiala Ia\u0219i. Doctor abilitat \u00een domeniul Istorie, membru al echipei de editare a colec\u021biei na\u021bionale de izvoare Documenta Romaniae Historica, A. [&hellip;]<\/p>\n","protected":false},"author":1,"featured_media":0,"parent":0,"menu_order":0,"comment_status":"closed","ping_status":"closed","template":"","meta":{"site-sidebar-layout":"no-sidebar","site-content-layout":"page-builder","ast-site-content-layout":"full-width-container","site-content-style":"default","site-sidebar-style":"default","ast-global-header-display":"","ast-banner-title-visibility":"","ast-main-header-display":"","ast-hfb-above-header-display":"","ast-hfb-below-header-display":"","ast-hfb-mobile-header-display":"","site-post-title":"","ast-breadcrumbs-content":"","ast-featured-img":"disabled","footer-sml-layout":"","ast-disable-related-posts":"","theme-transparent-header-meta":"","adv-header-id-meta":"","stick-header-meta":"","header-above-stick-meta":"","header-main-stick-meta":"","header-below-stick-meta":"","astra-migrate-meta-layouts":"set","ast-page-background-enabled":"default","ast-page-background-meta":{"desktop":{"background-color":"","background-image":"","background-repeat":"repeat","background-position":"center center","background-size":"auto","background-attachment":"scroll","background-type":"","background-media":"","overlay-type":"","overlay-color":"","overlay-opacity":"","overlay-gradient":""},"tablet":{"background-color":"","background-image":"","background-repeat":"repeat","background-position":"center center","background-size":"auto","background-attachment":"scroll","background-type":"","background-media":"","overlay-type":"","overlay-color":"","overlay-opacity":"","overlay-gradient":""},"mobile":{"background-color":"","background-image":"","background-repeat":"repeat","background-position":"center center","background-size":"auto","background-attachment":"scroll","background-type":"","background-media":"","overlay-type":"","overlay-color":"","overlay-opacity":"","overlay-gradient":""}},"ast-content-background-meta":{"desktop":{"background-color":"var(--ast-global-color-5)","background-image":"","background-repeat":"repeat","background-position":"center center","background-size":"auto","background-attachment":"scroll","background-type":"","background-media":"","overlay-type":"","overlay-color":"","overlay-opacity":"","overlay-gradient":""},"tablet":{"background-color":"var(--ast-global-color-5)","background-image":"","background-repeat":"repeat","background-position":"center center","background-size":"auto","background-attachment":"scroll","background-type":"","background-media":"","overlay-type":"","overlay-color":"","overlay-opacity":"","overlay-gradient":""},"mobile":{"background-color":"var(--ast-global-color-5)","background-image":"","background-repeat":"repeat","background-position":"center center","background-size":"auto","background-attachment":"scroll","background-type":"","background-media":"","overlay-type":"","overlay-color":"","overlay-opacity":"","overlay-gradient":""}},"footnotes":""},"class_list":["post-3068","page","type-page","status-publish","hentry"],"yoast_head":"<!-- This site is optimized with the Yoast SEO plugin v27.5 - https:\/\/yoast.com\/product\/yoast-seo-wordpress\/ -->\n<title>Chelcu Catalina - Institutul de Istorie \u201eA. D. Xenopol\u201d<\/title>\n<meta name=\"robots\" content=\"index, follow, max-snippet:-1, max-image-preview:large, max-video-preview:-1\" \/>\n<link rel=\"canonical\" href=\"https:\/\/institutulxenopol.ro\/en\/chelcu-catalina\/\" \/>\n<meta property=\"og:locale\" content=\"en_US\" \/>\n<meta property=\"og:type\" content=\"article\" \/>\n<meta property=\"og:title\" content=\"Chelcu Catalina - Institutul de Istorie \u201eA. D. Xenopol\u201d\" \/>\n<meta property=\"og:description\" content=\"Cercet\u0103tor \u015etiin\u0163ific I dr. C\u0103t\u0103lina E. Chelcu Colectivul de Istorie medieval\u0103 catalina.chelcu@yahoo.com catachelcu@gmail.com Prezentare Publica\u021bii Curriculum vitae C\u0103t\u0103lina Elena Chelcu, cercet\u0103tor \u0219tiin\u021bific gradul I la Institutul de Istorie \u201eA. D. Xenopol\u201d al Academiei Rom\u00e2ne Filiala Ia\u0219i. Doctor abilitat \u00een domeniul Istorie, membru al echipei de editare a colec\u021biei na\u021bionale de izvoare Documenta Romaniae Historica, A. [&hellip;]\" \/>\n<meta property=\"og:url\" content=\"https:\/\/institutulxenopol.ro\/en\/chelcu-catalina\/\" \/>\n<meta property=\"og:site_name\" content=\"Institutul de Istorie \u201eA. D. Xenopol\u201d\" \/>\n<meta property=\"article:publisher\" content=\"https:\/\/www.facebook.com\/profile.php?id=61559258097917\" \/>\n<meta property=\"article:modified_time\" content=\"2025-11-21T13:04:47+00:00\" \/>\n<meta property=\"og:image\" content=\"https:\/\/institutulxenopol.ro\/wp-content\/uploads\/2025\/10\/chelcu-catalina-e1761077954106.jpg\" \/>\n\t<meta property=\"og:image:width\" content=\"317\" \/>\n\t<meta property=\"og:image:height\" content=\"266\" \/>\n\t<meta property=\"og:image:type\" content=\"image\/jpeg\" \/>\n<script type=\"application\/ld+json\" class=\"yoast-schema-graph\">{\"@context\":\"https:\\\/\\\/schema.org\",\"@graph\":[{\"@type\":\"WebPage\",\"@id\":\"https:\\\/\\\/institutulxenopol.ro\\\/chelcu-catalina\\\/\",\"url\":\"https:\\\/\\\/institutulxenopol.ro\\\/chelcu-catalina\\\/\",\"name\":\"Chelcu Catalina - Institutul de Istorie \u201eA. D. Xenopol\u201d\",\"isPartOf\":{\"@id\":\"https:\\\/\\\/institutulxenopol.ro\\\/#website\"},\"primaryImageOfPage\":{\"@id\":\"https:\\\/\\\/institutulxenopol.ro\\\/chelcu-catalina\\\/#primaryimage\"},\"image\":{\"@id\":\"https:\\\/\\\/institutulxenopol.ro\\\/chelcu-catalina\\\/#primaryimage\"},\"thumbnailUrl\":\"https:\\\/\\\/institutulxenopol.ro\\\/wp-content\\\/uploads\\\/2025\\\/10\\\/chelcu-catalina-e1761077954106.jpg\",\"datePublished\":\"2025-10-21T20:13:54+00:00\",\"dateModified\":\"2025-11-21T13:04:47+00:00\",\"breadcrumb\":{\"@id\":\"https:\\\/\\\/institutulxenopol.ro\\\/chelcu-catalina\\\/#breadcrumb\"},\"inLanguage\":\"en-US\",\"potentialAction\":[{\"@type\":\"ReadAction\",\"target\":[\"https:\\\/\\\/institutulxenopol.ro\\\/chelcu-catalina\\\/\"]}]},{\"@type\":\"ImageObject\",\"inLanguage\":\"en-US\",\"@id\":\"https:\\\/\\\/institutulxenopol.ro\\\/chelcu-catalina\\\/#primaryimage\",\"url\":\"https:\\\/\\\/institutulxenopol.ro\\\/wp-content\\\/uploads\\\/2025\\\/10\\\/chelcu-catalina-e1761077954106.jpg\",\"contentUrl\":\"https:\\\/\\\/institutulxenopol.ro\\\/wp-content\\\/uploads\\\/2025\\\/10\\\/chelcu-catalina-e1761077954106.jpg\"},{\"@type\":\"BreadcrumbList\",\"@id\":\"https:\\\/\\\/institutulxenopol.ro\\\/chelcu-catalina\\\/#breadcrumb\",\"itemListElement\":[{\"@type\":\"ListItem\",\"position\":1,\"name\":\"Prima pagin\u0103\",\"item\":\"https:\\\/\\\/institutulxenopol.ro\\\/\"},{\"@type\":\"ListItem\",\"position\":2,\"name\":\"Chelcu Catalina\"}]},{\"@type\":\"WebSite\",\"@id\":\"https:\\\/\\\/institutulxenopol.ro\\\/#website\",\"url\":\"https:\\\/\\\/institutulxenopol.ro\\\/\",\"name\":\"Institutul de Istorie \u201eA. D. Xenopol\u201d Ia\u0219i\",\"description\":\"Academia Rom\u00e2n\u0103 - Filiala Ia\u0219i\",\"publisher\":{\"@id\":\"https:\\\/\\\/institutulxenopol.ro\\\/#organization\"},\"potentialAction\":[{\"@type\":\"SearchAction\",\"target\":{\"@type\":\"EntryPoint\",\"urlTemplate\":\"https:\\\/\\\/institutulxenopol.ro\\\/?s={search_term_string}\"},\"query-input\":{\"@type\":\"PropertyValueSpecification\",\"valueRequired\":true,\"valueName\":\"search_term_string\"}}],\"inLanguage\":\"en-US\"},{\"@type\":\"Organization\",\"@id\":\"https:\\\/\\\/institutulxenopol.ro\\\/#organization\",\"name\":\"Institutul de Istorie \u201eA. D. Xenopol\u201d Ia\u0219i\",\"url\":\"https:\\\/\\\/institutulxenopol.ro\\\/\",\"logo\":{\"@type\":\"ImageObject\",\"inLanguage\":\"en-US\",\"@id\":\"https:\\\/\\\/institutulxenopol.ro\\\/#\\\/schema\\\/logo\\\/image\\\/\",\"url\":\"https:\\\/\\\/institutulxenopol.ro\\\/wp-content\\\/uploads\\\/2025\\\/10\\\/logo-institut-black-e1761148345490.png\",\"contentUrl\":\"https:\\\/\\\/institutulxenopol.ro\\\/wp-content\\\/uploads\\\/2025\\\/10\\\/logo-institut-black-e1761148345490.png\",\"width\":432,\"height\":164,\"caption\":\"Institutul de Istorie \u201eA. D. Xenopol\u201d Ia\u0219i\"},\"image\":{\"@id\":\"https:\\\/\\\/institutulxenopol.ro\\\/#\\\/schema\\\/logo\\\/image\\\/\"},\"sameAs\":[\"https:\\\/\\\/www.facebook.com\\\/profile.php?id=61559258097917\"]}]}<\/script>\n<!-- \/ Yoast SEO plugin. -->","yoast_head_json":{"title":"Chelcu Catalina - Institutul de Istorie \u201eA. D. Xenopol\u201d","robots":{"index":"index","follow":"follow","max-snippet":"max-snippet:-1","max-image-preview":"max-image-preview:large","max-video-preview":"max-video-preview:-1"},"canonical":"https:\/\/institutulxenopol.ro\/en\/chelcu-catalina\/","og_locale":"en_US","og_type":"article","og_title":"Chelcu Catalina - Institutul de Istorie \u201eA. D. Xenopol\u201d","og_description":"Cercet\u0103tor \u015etiin\u0163ific I dr. C\u0103t\u0103lina E. Chelcu Colectivul de Istorie medieval\u0103 catalina.chelcu@yahoo.com catachelcu@gmail.com Prezentare Publica\u021bii Curriculum vitae C\u0103t\u0103lina Elena Chelcu, cercet\u0103tor \u0219tiin\u021bific gradul I la Institutul de Istorie \u201eA. D. Xenopol\u201d al Academiei Rom\u00e2ne Filiala Ia\u0219i. Doctor abilitat \u00een domeniul Istorie, membru al echipei de editare a colec\u021biei na\u021bionale de izvoare Documenta Romaniae Historica, A. [&hellip;]","og_url":"https:\/\/institutulxenopol.ro\/en\/chelcu-catalina\/","og_site_name":"Institutul de Istorie \u201eA. D. Xenopol\u201d","article_publisher":"https:\/\/www.facebook.com\/profile.php?id=61559258097917","article_modified_time":"2025-11-21T13:04:47+00:00","og_image":[{"width":317,"height":266,"url":"https:\/\/institutulxenopol.ro\/wp-content\/uploads\/2025\/10\/chelcu-catalina-e1761077954106.jpg","type":"image\/jpeg"}],"schema":{"@context":"https:\/\/schema.org","@graph":[{"@type":"WebPage","@id":"https:\/\/institutulxenopol.ro\/chelcu-catalina\/","url":"https:\/\/institutulxenopol.ro\/chelcu-catalina\/","name":"Chelcu Catalina - Institutul de Istorie \u201eA. D. Xenopol\u201d","isPartOf":{"@id":"https:\/\/institutulxenopol.ro\/#website"},"primaryImageOfPage":{"@id":"https:\/\/institutulxenopol.ro\/chelcu-catalina\/#primaryimage"},"image":{"@id":"https:\/\/institutulxenopol.ro\/chelcu-catalina\/#primaryimage"},"thumbnailUrl":"https:\/\/institutulxenopol.ro\/wp-content\/uploads\/2025\/10\/chelcu-catalina-e1761077954106.jpg","datePublished":"2025-10-21T20:13:54+00:00","dateModified":"2025-11-21T13:04:47+00:00","breadcrumb":{"@id":"https:\/\/institutulxenopol.ro\/chelcu-catalina\/#breadcrumb"},"inLanguage":"en-US","potentialAction":[{"@type":"ReadAction","target":["https:\/\/institutulxenopol.ro\/chelcu-catalina\/"]}]},{"@type":"ImageObject","inLanguage":"en-US","@id":"https:\/\/institutulxenopol.ro\/chelcu-catalina\/#primaryimage","url":"https:\/\/institutulxenopol.ro\/wp-content\/uploads\/2025\/10\/chelcu-catalina-e1761077954106.jpg","contentUrl":"https:\/\/institutulxenopol.ro\/wp-content\/uploads\/2025\/10\/chelcu-catalina-e1761077954106.jpg"},{"@type":"BreadcrumbList","@id":"https:\/\/institutulxenopol.ro\/chelcu-catalina\/#breadcrumb","itemListElement":[{"@type":"ListItem","position":1,"name":"Prima pagin\u0103","item":"https:\/\/institutulxenopol.ro\/"},{"@type":"ListItem","position":2,"name":"Chelcu Catalina"}]},{"@type":"WebSite","@id":"https:\/\/institutulxenopol.ro\/#website","url":"https:\/\/institutulxenopol.ro\/","name":"Institutul de Istorie \u201eA. D. Xenopol\u201d Ia\u0219i","description":"Academia Rom\u00e2n\u0103 - Filiala Ia\u0219i","publisher":{"@id":"https:\/\/institutulxenopol.ro\/#organization"},"potentialAction":[{"@type":"SearchAction","target":{"@type":"EntryPoint","urlTemplate":"https:\/\/institutulxenopol.ro\/?s={search_term_string}"},"query-input":{"@type":"PropertyValueSpecification","valueRequired":true,"valueName":"search_term_string"}}],"inLanguage":"en-US"},{"@type":"Organization","@id":"https:\/\/institutulxenopol.ro\/#organization","name":"Institutul de Istorie \u201eA. D. Xenopol\u201d Ia\u0219i","url":"https:\/\/institutulxenopol.ro\/","logo":{"@type":"ImageObject","inLanguage":"en-US","@id":"https:\/\/institutulxenopol.ro\/#\/schema\/logo\/image\/","url":"https:\/\/institutulxenopol.ro\/wp-content\/uploads\/2025\/10\/logo-institut-black-e1761148345490.png","contentUrl":"https:\/\/institutulxenopol.ro\/wp-content\/uploads\/2025\/10\/logo-institut-black-e1761148345490.png","width":432,"height":164,"caption":"Institutul de Istorie \u201eA. D. Xenopol\u201d Ia\u0219i"},"image":{"@id":"https:\/\/institutulxenopol.ro\/#\/schema\/logo\/image\/"},"sameAs":["https:\/\/www.facebook.com\/profile.php?id=61559258097917"]}]}},"_links":{"self":[{"href":"https:\/\/institutulxenopol.ro\/en\/wp-json\/wp\/v2\/pages\/3068","targetHints":{"allow":["GET"]}}],"collection":[{"href":"https:\/\/institutulxenopol.ro\/en\/wp-json\/wp\/v2\/pages"}],"about":[{"href":"https:\/\/institutulxenopol.ro\/en\/wp-json\/wp\/v2\/types\/page"}],"author":[{"embeddable":true,"href":"https:\/\/institutulxenopol.ro\/en\/wp-json\/wp\/v2\/users\/1"}],"replies":[{"embeddable":true,"href":"https:\/\/institutulxenopol.ro\/en\/wp-json\/wp\/v2\/comments?post=3068"}],"version-history":[{"count":31,"href":"https:\/\/institutulxenopol.ro\/en\/wp-json\/wp\/v2\/pages\/3068\/revisions"}],"predecessor-version":[{"id":4879,"href":"https:\/\/institutulxenopol.ro\/en\/wp-json\/wp\/v2\/pages\/3068\/revisions\/4879"}],"wp:attachment":[{"href":"https:\/\/institutulxenopol.ro\/en\/wp-json\/wp\/v2\/media?parent=3068"}],"curies":[{"name":"wp","href":"https:\/\/api.w.org\/{rel}","templated":true}]}}