{"id":3013,"date":"2025-10-21T22:09:21","date_gmt":"2025-10-21T19:09:21","guid":{"rendered":"https:\/\/institutulxenopol.ro\/?page_id=3013"},"modified":"2026-01-16T15:34:25","modified_gmt":"2026-01-16T12:34:25","slug":"amariutei-mihai","status":"publish","type":"page","link":"https:\/\/institutulxenopol.ro\/en\/amariutei-mihai\/","title":{"rendered":"Am\u0103riu\u021bei Mihai"},"content":{"rendered":"<div data-elementor-type=\"wp-page\" data-elementor-id=\"3013\" class=\"elementor elementor-3013\">\n\t\t\t\t<div class=\"elementor-element elementor-element-6871a035 e-flex e-con-boxed e-con e-parent\" data-id=\"6871a035\" data-element_type=\"container\" data-e-type=\"container\" data-settings=\"{&quot;background_background&quot;:&quot;classic&quot;}\">\n\t\t\t\t\t<div class=\"e-con-inner\">\n\t\t<div class=\"elementor-element elementor-element-78d577dc e-con-full e-flex e-con e-child\" data-id=\"78d577dc\" data-element_type=\"container\" data-e-type=\"container\">\n\t\t\t\t<\/div>\n\t\t\t\t\t<\/div>\n\t\t\t\t<\/div>\n\t\t<div class=\"elementor-element elementor-element-5f660cb0 e-flex e-con-boxed e-con e-parent\" data-id=\"5f660cb0\" data-element_type=\"container\" data-e-type=\"container\">\n\t\t\t\t\t<div class=\"e-con-inner\">\n\t\t<div class=\"elementor-element elementor-element-603582f e-con-full e-flex e-con e-child\" data-id=\"603582f\" data-element_type=\"container\" data-e-type=\"container\">\n\t\t\t\t<div class=\"elementor-element elementor-element-539e36cd elementor-widget elementor-widget-heading\" data-id=\"539e36cd\" data-element_type=\"widget\" data-e-type=\"widget\" data-widget_type=\"heading.default\">\n\t\t\t\t\t<h2 class=\"elementor-heading-title elementor-size-default\">Cercet\u0103tor \u015etiin\u0163ific III dr. Mihai-Cristian Am\u0103riu\u0163ei<\/h2>\t\t\t\t<\/div>\n\t\t\t\t<div class=\"elementor-element elementor-element-7144d0e5 elementor-widget elementor-widget-text-editor\" data-id=\"7144d0e5\" data-element_type=\"widget\" data-e-type=\"widget\" data-widget_type=\"text-editor.default\">\n\t\t\t\t\t\t\t\t\t<p>Modern History Research Team<\/p>\t\t\t\t\t\t\t\t<\/div>\n\t\t<div class=\"elementor-element elementor-element-594fa8e9 e-grid e-con-full e-con e-child\" data-id=\"594fa8e9\" data-element_type=\"container\" data-e-type=\"container\">\n\t\t\t\t<div class=\"elementor-element elementor-element-52adbe2c elementor-widget elementor-widget-image\" data-id=\"52adbe2c\" data-element_type=\"widget\" data-e-type=\"widget\" data-widget_type=\"image.default\">\n\t\t\t\t\t\t\t\t\t\t\t\t\t\t\t<img fetchpriority=\"high\" decoding=\"async\" width=\"744\" height=\"832\" src=\"https:\/\/institutulxenopol.ro\/wp-content\/uploads\/2025\/10\/Amariutei_Foto-site.jpg\" class=\"attachment-full size-full wp-image-3016\" alt=\"\" srcset=\"https:\/\/institutulxenopol.ro\/wp-content\/uploads\/2025\/10\/Amariutei_Foto-site.jpg 744w, https:\/\/institutulxenopol.ro\/wp-content\/uploads\/2025\/10\/Amariutei_Foto-site-268x300.jpg 268w\" sizes=\"(max-width: 744px) 100vw, 744px\" \/>\t\t\t\t\t\t\t\t\t\t\t\t\t\t\t<\/div>\n\t\t\t\t<div class=\"elementor-element elementor-element-2ee07664 elementor-align-start elementor-icon-list--layout-traditional elementor-list-item-link-full_width elementor-widget elementor-widget-icon-list\" data-id=\"2ee07664\" data-element_type=\"widget\" data-e-type=\"widget\" data-widget_type=\"icon-list.default\">\n\t\t\t\t\t\t\t<ul class=\"elementor-icon-list-items\">\n\t\t\t\t\t\t\t<li class=\"elementor-icon-list-item\">\n\t\t\t\t\t\t\t\t\t\t\t<a href=\"mailto:mihai.amariutei@gmail.com\">\n\n\t\t\t\t\t\t\t\t\t\t\t\t<span class=\"elementor-icon-list-icon\">\n\t\t\t\t\t\t\t<svg aria-hidden=\"true\" class=\"e-font-icon-svg e-far-envelope\" viewbox=\"0 0 512 512\" xmlns=\"http:\/\/www.w3.org\/2000\/svg\"><path d=\"M464 64H48C21.49 64 0 85.49 0 112v288c0 26.51 21.49 48 48 48h416c26.51 0 48-21.49 48-48V112c0-26.51-21.49-48-48-48zm0 48v40.805c-22.422 18.259-58.168 46.651-134.587 106.49-16.841 13.247-50.201 45.072-73.413 44.701-23.208.375-56.579-31.459-73.413-44.701C106.18 199.465 70.425 171.067 48 152.805V112h416zM48 400V214.398c22.914 18.251 55.409 43.862 104.938 82.646 21.857 17.205 60.134 55.186 103.062 54.955 42.717.231 80.509-37.199 103.053-54.947 49.528-38.783 82.032-64.401 104.947-82.653V400H48z\"><\/path><\/svg>\t\t\t\t\t\t<\/span>\n\t\t\t\t\t\t\t\t\t\t<span class=\"elementor-icon-list-text\">mihai.amariutei@gmail.com<\/span>\n\t\t\t\t\t\t\t\t\t\t\t<\/a>\n\t\t\t\t\t\t\t\t\t<\/li>\n\t\t\t\t\t\t\t\t<li class=\"elementor-icon-list-item\">\n\t\t\t\t\t\t\t\t\t\t\t<a href=\"mailto:amariutei.mihai@xenopol.acadiasi.ro\">\n\n\t\t\t\t\t\t\t\t\t\t\t\t<span class=\"elementor-icon-list-icon\">\n\t\t\t\t\t\t\t<svg aria-hidden=\"true\" class=\"e-font-icon-svg e-far-envelope\" viewbox=\"0 0 512 512\" xmlns=\"http:\/\/www.w3.org\/2000\/svg\"><path d=\"M464 64H48C21.49 64 0 85.49 0 112v288c0 26.51 21.49 48 48 48h416c26.51 0 48-21.49 48-48V112c0-26.51-21.49-48-48-48zm0 48v40.805c-22.422 18.259-58.168 46.651-134.587 106.49-16.841 13.247-50.201 45.072-73.413 44.701-23.208.375-56.579-31.459-73.413-44.701C106.18 199.465 70.425 171.067 48 152.805V112h416zM48 400V214.398c22.914 18.251 55.409 43.862 104.938 82.646 21.857 17.205 60.134 55.186 103.062 54.955 42.717.231 80.509-37.199 103.053-54.947 49.528-38.783 82.032-64.401 104.947-82.653V400H48z\"><\/path><\/svg>\t\t\t\t\t\t<\/span>\n\t\t\t\t\t\t\t\t\t\t<span class=\"elementor-icon-list-text\">amariutei.mihai@xenopol.acadiasi.ro<\/span>\n\t\t\t\t\t\t\t\t\t\t\t<\/a>\n\t\t\t\t\t\t\t\t\t<\/li>\n\t\t\t\t\t\t\t\t<li class=\"elementor-icon-list-item\">\n\t\t\t\t\t\t\t\t\t\t\t<a href=\"https:\/\/csde.academia.edu\/MihaiCristianAm\u0103riu\u0163ei\">\n\n\t\t\t\t\t\t\t\t\t\t\t\t<span class=\"elementor-icon-list-icon\">\n\t\t\t\t\t\t\t<svg aria-hidden=\"true\" class=\"e-font-icon-svg e-fas-chevron-right\" viewbox=\"0 0 320 512\" xmlns=\"http:\/\/www.w3.org\/2000\/svg\"><path d=\"M285.476 272.971L91.132 467.314c-9.373 9.373-24.569 9.373-33.941 0l-22.667-22.667c-9.357-9.357-9.375-24.522-.04-33.901L188.505 256 34.484 101.255c-9.335-9.379-9.317-24.544.04-33.901l22.667-22.667c9.373-9.373 24.569-9.373 33.941 0L285.475 239.03c9.373 9.372 9.373 24.568.001 33.941z\"><\/path><\/svg>\t\t\t\t\t\t<\/span>\n\t\t\t\t\t\t\t\t\t\t<span class=\"elementor-icon-list-text\">Academia.EDU - Mihai-Cristian Am\u0103riu\u0163ei<\/span>\n\t\t\t\t\t\t\t\t\t\t\t<\/a>\n\t\t\t\t\t\t\t\t\t<\/li>\n\t\t\t\t\t\t\t\t<li class=\"elementor-icon-list-item\">\n\t\t\t\t\t\t\t\t\t\t\t<a href=\"https:\/\/scholar.google.com\/citations?user=6d_zweIAAAAJ&#038;hl=ro\">\n\n\t\t\t\t\t\t\t\t\t\t\t\t<span class=\"elementor-icon-list-icon\">\n\t\t\t\t\t\t\t<svg aria-hidden=\"true\" class=\"e-font-icon-svg e-fas-chevron-right\" viewbox=\"0 0 320 512\" xmlns=\"http:\/\/www.w3.org\/2000\/svg\"><path d=\"M285.476 272.971L91.132 467.314c-9.373 9.373-24.569 9.373-33.941 0l-22.667-22.667c-9.357-9.357-9.375-24.522-.04-33.901L188.505 256 34.484 101.255c-9.335-9.379-9.317-24.544.04-33.901l22.667-22.667c9.373-9.373 24.569-9.373 33.941 0L285.475 239.03c9.373 9.372 9.373 24.568.001 33.941z\"><\/path><\/svg>\t\t\t\t\t\t<\/span>\n\t\t\t\t\t\t\t\t\t\t<span class=\"elementor-icon-list-text\">Google Scholar - Mihai-Cristian Am\u0103riu\u0163ei<\/span>\n\t\t\t\t\t\t\t\t\t\t\t<\/a>\n\t\t\t\t\t\t\t\t\t<\/li>\n\t\t\t\t\t\t\t\t<li class=\"elementor-icon-list-item\">\n\t\t\t\t\t\t\t\t\t\t\t<a href=\"https:\/\/www.researchgate.net\/profile\/Mihai-Cristian-Amariutei\">\n\n\t\t\t\t\t\t\t\t\t\t\t\t<span class=\"elementor-icon-list-icon\">\n\t\t\t\t\t\t\t<svg aria-hidden=\"true\" class=\"e-font-icon-svg e-fab-researchgate\" viewbox=\"0 0 448 512\" xmlns=\"http:\/\/www.w3.org\/2000\/svg\"><path d=\"M0 32v448h448V32H0zm262.2 334.4c-6.6 3-33.2 6-50-14.2-9.2-10.6-25.3-33.3-42.2-63.6-8.9 0-14.7 0-21.4-.6v46.4c0 23.5 6 21.2 25.8 23.9v8.1c-6.9-.3-23.1-.8-35.6-.8-13.1 0-26.1.6-33.6.8v-8.1c15.5-2.9 22-1.3 22-23.9V225c0-22.6-6.4-21-22-23.9V193c25.8 1 53.1-.6 70.9-.6 31.7 0 55.9 14.4 55.9 45.6 0 21.1-16.7 42.2-39.2 47.5 13.6 24.2 30 45.6 42.2 58.9 7.2 7.8 17.2 14.7 27.2 14.7v7.3zm22.9-135c-23.3 0-32.2-15.7-32.2-32.2V167c0-12.2 8.8-30.4 34-30.4s30.4 17.9 30.4 17.9l-10.7 7.2s-5.5-12.5-19.7-12.5c-7.9 0-19.7 7.3-19.7 19.7v26.8c0 13.4 6.6 23.3 17.9 23.3 14.1 0 21.5-10.9 21.5-26.8h-17.9v-10.7h30.4c0 20.5 4.7 49.9-34 49.9zm-116.5 44.7c-9.4 0-13.6-.3-20-.8v-69.7c6.4-.6 15-.6 22.5-.6 23.3 0 37.2 12.2 37.2 34.5 0 21.9-15 36.6-39.7 36.6z\"><\/path><\/svg>\t\t\t\t\t\t<\/span>\n\t\t\t\t\t\t\t\t\t\t<span class=\"elementor-icon-list-text\">Mihai-Cristian Am\u0103riu\u0163ei<\/span>\n\t\t\t\t\t\t\t\t\t\t\t<\/a>\n\t\t\t\t\t\t\t\t\t<\/li>\n\t\t\t\t\t\t<\/ul>\n\t\t\t\t\t\t<\/div>\n\t\t\t\t<\/div>\n\t\t\t\t<\/div>\n\t\t\t\t<div class=\"elementor-element elementor-element-4b77692b elementor-widget elementor-widget-spacer\" data-id=\"4b77692b\" data-element_type=\"widget\" data-e-type=\"widget\" data-widget_type=\"spacer.default\">\n\t\t\t\t\t\t\t<div class=\"elementor-spacer\">\n\t\t\t<div class=\"elementor-spacer-inner\"><\/div>\n\t\t<\/div>\n\t\t\t\t\t\t<\/div>\n\t\t\t\t<div class=\"elementor-element elementor-element-410698d9 elementor-widget elementor-widget-eael-adv-tabs\" data-id=\"410698d9\" data-element_type=\"widget\" data-e-type=\"widget\" data-widget_type=\"eael-adv-tabs.default\">\n\t\t\t\t\t        <div data-scroll-on-click=\"\" data-scroll-speed=\"300\" id=\"eael-advance-tabs-410698d9\" class=\"eael-advance-tabs eael-tabs-horizontal eael-tab-auto-active  active-caret-on\" data-tabid=\"410698d9\">\n            <div class=\"eael-tabs-nav\">\n                <ul class=\"\" role=\"tablist\">\n                                            <li id=\"prezentare\" class=\"inactive eael-tab-item-trigger eael-tab-nav-item\" aria-selected=\"true\" data-tab=\"1\" role=\"tab\" tabindex=\"0\" aria-controls=\"prezentare-tab\" aria-expanded=\"false\">\n                            \n                            \n                            \n                                                            <span class=\"eael-tab-title title-after-icon\" >Prezentare<\/span>                                                    <\/li>\n                                            <li id=\"publicaii\" class=\"inactive eael-tab-item-trigger eael-tab-nav-item\" aria-selected=\"false\" data-tab=\"2\" role=\"tab\" tabindex=\"-1\" aria-controls=\"publicaii-tab\" aria-expanded=\"false\">\n                            \n                            \n                            \n                                                            <span class=\"eael-tab-title title-after-icon\" >Publications<\/span>                                                    <\/li>\n                                            <li id=\"curriculum-vitae\" class=\"inactive eael-tab-item-trigger eael-tab-nav-item\" aria-selected=\"false\" data-tab=\"3\" role=\"tab\" tabindex=\"-1\" aria-controls=\"curriculum-vitae-tab\" aria-expanded=\"false\">\n                            \n                            \n                            \n                                                            <span class=\"eael-tab-title title-after-icon\" >Curriculum vitae<\/span>                                                    <\/li>\n                    \n                                  <\/ul>\n            <\/div>\n            \n            <div class=\"eael-tabs-content\">\n\t\t        \n                    <div id=\"prezentare-tab\" class=\"clearfix eael-tab-content-item inactive\" data-title-link=\"prezentare-tab\">\n\t\t\t\t        <p style=\"text-align: justify\"><strong>Mihai-Cristian Am\u0103riu\u021bei <\/strong>(n\u0103scut la 12 aprilie 1969, Ia\u0219i), a f\u0103cut studii liceale \u0219i universitare la Ia\u0219i (Facultatea de Istorie a Universit\u0103\u021bii \u201eAlexandru Ioan Cuza\u201d \u2013 promo\u021bia anului 2000). A urmat un master \u00een Studii Europene (Centrul de Studii Europene, Universitatea ,,Alexandru Ioan Cuza\u201d, 2002-2004). Doctor \u00een Istorie (2012) la Universitatea \u201eAlexandru Ioan Cuza\u201d, cu teza <em>Grigore al III-lea Alexandru Ghica <\/em>(coordonat\u0103 de prof. univ. dr. Ioan Capro\u015fu). Este cercet\u0103tor la Institutul de Istorie \u201eA. D. Xenopol\u201d al Academiei Rom\u00e2ne, Filiala Ia\u0219i, din 2017 \u0219i redactor-\u015fef adjunct la revista ,,Archiva Moldaviae\u02ee, Ia\u015fi.<\/p><p>Cercet\u0103rile sale se concentreaz\u0103 pe istoria social\u0103, institu\u021bional\u0103 \u0219i cultural\u0103 a Principatelor Rom\u00e2ne \u00een secolul XVIII \u2013 prima jum\u0103tate a secolului XIX (epoca \u201efanariot\u0103\u201d \u015fi domniile p\u0103m\u00e2ntene p\u00e2n\u0103 la Regulamentele Organice), cu un accent special pe editarea materialelor de arhiv\u0103 din \u021bar\u0103 \u0219i str\u0103in\u0103tate. A publicat un volum de autor (<em>Grigore al III-lea Alexandru Ghica. <\/em><em>Cronica unui principe din secolul al XVIII-lea<\/em>, Ia\u0219i, 2017), dou\u0103 volume de izvoare istorice, articole \u0219i studii \u00een periodice de specialitate \u0219i volume colective (autor unic sau \u00een colaborare).<\/p><p>UEFISCDI (BrainMap) ID: <strong>U-2300-070C-1692<\/strong><br \/>ORCID: <strong>0009-0009-3948-048X<\/strong><\/p>                    <\/div>\n\t\t        \n                    <div id=\"publicaii-tab\" class=\"clearfix eael-tab-content-item inactive\" data-title-link=\"publicaii-tab\">\n\t\t\t\t        <style>.elementor-3032 .elementor-element.elementor-element-51eaa43c{--display:flex;--margin-top:0px;--margin-bottom:0px;--margin-left:0px;--margin-right:0px;}.elementor-3032 .elementor-element.elementor-element-5327745e .eael-adv-accordion .eael-accordion-list .eael-accordion-header .fa-accordion-icon{font-size:16px;color:var( --e-global-color-secondary );}.elementor-3032 .elementor-element.elementor-element-5327745e .eael-adv-accordion .eael-accordion-list .eael-accordion-header svg.fa-accordion-icon{height:16px;width:16px;line-height:16px;}.elementor-3032 .elementor-element.elementor-element-5327745e .eael-accordion_media-list .eael-accordion_media-icon i{font-size:16px;}.elementor-3032 .elementor-element.elementor-element-5327745e .eael-accordion_media-list .eael-accordion_media-icon svg{height:16px;width:16px;line-height:16px;}.elementor-3032 .elementor-element.elementor-element-5327745e .eael-adv-accordion .eael-accordion-list .eael-accordion-header .fa-accordion-icon,\n                    .elementor-3032 .elementor-element.elementor-element-5327745e .eael-accordion_media-wrapper .eael-accordion_media-lists .eael-accordion_media-list{gap:10px;}.elementor-3032 .elementor-element.elementor-element-5327745e .eael-adv-accordion .eael-accordion-list .eael-accordion-header, \n                .elementor-3032 .elementor-element.elementor-element-5327745e .eael-accordion_media-wrapper .eael-accordion_media-list{background-color:var( --e-global-color-astglobalcolor4 );}.elementor-3032 .elementor-element.elementor-element-5327745e .eael-adv-accordion .eael-accordion-list .eael-accordion-header .eael-accordion-tab-title{color:var( --e-global-color-secondary );}.elementor-3032 .elementor-element.elementor-element-5327745e .eael-accordion_media-content .eael-accordion_media-title{color:var( --e-global-color-secondary );}.elementor-3032 .elementor-element.elementor-element-5327745e .eael-adv-accordion .eael-accordion-list .eael-accordion-header .fa-accordion-icon-svg svg{color:var( --e-global-color-secondary );fill:var( --e-global-color-secondary );}.elementor-3032 .elementor-element.elementor-element-5327745e .eael-adv-accordion .eael-accordion-list .eael-accordion-header svg{fill:var( --e-global-color-secondary );}.elementor-3032 .elementor-element.elementor-element-5327745e .eael-accordion_media-list .eael-accordion_media-icon{color:var( --e-global-color-secondary );}.elementor-3032 .elementor-element.elementor-element-5327745e .eael-adv-accordion .eael-accordion-list .eael-accordion-header:hover .eael-accordion-tab-title,\n                    .elementor-3032 .elementor-element.elementor-element-5327745e .eael-accordion_media-list:not(.active):hover .eael-accordion_media-title{color:var( --e-global-color-primary );}.elementor-3032 .elementor-element.elementor-element-5327745e .eael-adv-accordion .eael-accordion-list .eael-accordion-header:hover .fa-accordion-icon{color:var( --e-global-color-primary );}.elementor-3032 .elementor-element.elementor-element-5327745e .eael-adv-accordion .eael-accordion-list .eael-accordion-header:hover .fa-accordion-icon svg{color:var( --e-global-color-primary );fill:var( --e-global-color-primary );}.elementor-3032 .elementor-element.elementor-element-5327745e .eael-adv-accordion .eael-accordion-list .eael-accordion-header:hover svg.fa-accordion-icon{fill:var( --e-global-color-primary );}.elementor-3032 .elementor-element.elementor-element-5327745e .eael-accordion_media-list:hover .eael-accordion_media-icon i{color:var( --e-global-color-primary );}.elementor-3032 .elementor-element.elementor-element-5327745e .eael-accordion_media-list:hover .eael-accordion_media-icon svg{fill:var( --e-global-color-primary );}.elementor-3032 .elementor-element.elementor-element-5327745e .eael-adv-accordion .eael-accordion-list .eael-accordion-header.active{color:var( --e-global-color-primary );}.elementor-3032 .elementor-element.elementor-element-5327745e .eael-adv-accordion .eael-accordion-list .eael-accordion-header.active .eael-accordion-tab-title{color:var( --e-global-color-primary );}.elementor-3032 .elementor-element.elementor-element-5327745e .eael-adv-accordion .eael-accordion-list .eael-accordion-header.active .fa-accordion-icon{color:var( --e-global-color-primary );}.elementor-3032 .elementor-element.elementor-element-5327745e .eael-adv-accordion .eael-accordion-list .eael-accordion-header.active .fa-accordion-icon svg{color:var( --e-global-color-primary );fill:var( --e-global-color-primary );}.elementor-3032 .elementor-element.elementor-element-5327745e .eael-adv-accordion .eael-accordion-list .eael-accordion-header.active svg.fa-accordion-icon{fill:var( --e-global-color-primary );}.elementor-3032 .elementor-element.elementor-element-5327745e .eael-accordion_media-list.active .eael-accordion_media-icon i{color:var( --e-global-color-primary );}.elementor-3032 .elementor-element.elementor-element-5327745e .eael-accordion_media-list.active .eael-accordion_media-icon svg{fill:var( --e-global-color-primary );}.elementor-3032 .elementor-element.elementor-element-5327745e .eael-adv-accordion .eael-accordion-list .eael-accordion-content{color:var( --e-global-color-secondary );}.elementor-3032 .elementor-element.elementor-element-5327745e .eael-accordion_media-list .eael-accordion_media-content .eael-accordion_media-description{color:var( --e-global-color-secondary );}.elementor-3032 .elementor-element.elementor-element-5327745e{margin:0px 0px calc(var(--kit-widget-spacing, 0px) + 0px) 0px;}<\/style>\t\t<div data-elementor-type=\"container\" data-elementor-id=\"3032\" class=\"elementor elementor-3032\">\n\t\t\t\t<div class=\"elementor-element elementor-element-51eaa43c e-flex e-con-boxed e-con e-parent\" data-id=\"51eaa43c\" data-element_type=\"container\" data-e-type=\"container\">\n\t\t\t\t\t<div class=\"e-con-inner\">\n\t\t\t\t<div class=\"elementor-element elementor-element-5327745e elementor-widget elementor-widget-eael-adv-accordion\" data-id=\"5327745e\" data-element_type=\"widget\" data-e-type=\"widget\" data-widget_type=\"eael-adv-accordion.default\">\n\t\t\t\t\t            <div class=\"eael-adv-accordion\" id=\"eael-adv-accordion-5327745e\" data-scroll-on-click=\"no\" data-scroll-speed=\"300\" data-accordion-id=\"5327745e\" data-accordion-type=\"accordion\" data-toogle-speed=\"300\">\n            <div class=\"eael-accordion-list\">\n\t\t\t\t\t<div id=\"volume-de-autor\" class=\"elementor-tab-title eael-accordion-header\" tabindex=\"0\" data-tab=\"1\" aria-controls=\"elementor-tab-content-1391\"><span class=\"eael-advanced-accordion-icon-closed\"><svg aria-hidden=\"true\" class=\"fa-accordion-icon e-font-icon-svg e-fas-plus\" viewbox=\"0 0 448 512\" xmlns=\"http:\/\/www.w3.org\/2000\/svg\"><path d=\"M416 208H272V64c0-17.67-14.33-32-32-32h-32c-17.67 0-32 14.33-32 32v144H32c-17.67 0-32 14.33-32 32v32c0 17.67 14.33 32 32 32h144v144c0 17.67 14.33 32 32 32h32c17.67 0 32-14.33 32-32V304h144c17.67 0 32-14.33 32-32v-32c0-17.67-14.33-32-32-32z\"><\/path><\/svg><\/span><span class=\"eael-advanced-accordion-icon-opened\"><svg aria-hidden=\"true\" class=\"fa-accordion-icon e-font-icon-svg e-fas-minus\" viewbox=\"0 0 448 512\" xmlns=\"http:\/\/www.w3.org\/2000\/svg\"><path d=\"M416 208H32c-17.67 0-32 14.33-32 32v32c0 17.67 14.33 32 32 32h384c17.67 0 32-14.33 32-32v-32c0-17.67-14.33-32-32-32z\"><\/path><\/svg><\/span><span class=\"eael-accordion-tab-title\">Volume de autor<\/span><\/div><div id=\"elementor-tab-content-1391\" class=\"eael-accordion-content clearfix\" data-tab=\"1\" aria-labelledby=\"volume-de-autor\"><ol><li><div class=\"page\"><div class=\"layoutArea\"><div class=\"column\"><p>Mihai-Cristian Ama\u0306riut\u0326ei, Grigore al III-lea Alexandru Ghica. Cronica unui principe din secolul al XVIII- lea, Ias\u0327i, Editura Universita\u0306t\u0327ii ,,Alexandru Ioan Cuza\u201d, 2017, 400 pag. (ISBN: 978-606-714-363-8) (editura\u0306 clasificata\u0306 CNCS A \u2013 Istorie s\u0326i studii culturale)<\/p><\/div><\/div><\/div><\/li><\/ol><\/div>\n\t\t\t\t\t<\/div><div class=\"eael-accordion-list\">\n\t\t\t\t\t<div id=\"volume-editatecoordonate\" class=\"elementor-tab-title eael-accordion-header\" tabindex=\"0\" data-tab=\"2\" aria-controls=\"elementor-tab-content-1392\"><span class=\"eael-advanced-accordion-icon-closed\"><svg aria-hidden=\"true\" class=\"fa-accordion-icon e-font-icon-svg e-fas-plus\" viewbox=\"0 0 448 512\" xmlns=\"http:\/\/www.w3.org\/2000\/svg\"><path d=\"M416 208H272V64c0-17.67-14.33-32-32-32h-32c-17.67 0-32 14.33-32 32v144H32c-17.67 0-32 14.33-32 32v32c0 17.67 14.33 32 32 32h144v144c0 17.67 14.33 32 32 32h32c17.67 0 32-14.33 32-32V304h144c17.67 0 32-14.33 32-32v-32c0-17.67-14.33-32-32-32z\"><\/path><\/svg><\/span><span class=\"eael-advanced-accordion-icon-opened\"><svg aria-hidden=\"true\" class=\"fa-accordion-icon e-font-icon-svg e-fas-minus\" viewbox=\"0 0 448 512\" xmlns=\"http:\/\/www.w3.org\/2000\/svg\"><path d=\"M416 208H32c-17.67 0-32 14.33-32 32v32c0 17.67 14.33 32 32 32h384c17.67 0 32-14.33 32-32v-32c0-17.67-14.33-32-32-32z\"><\/path><\/svg><\/span><span class=\"eael-accordion-tab-title\">Volume editate\/coordonate<\/span><\/div><div id=\"elementor-tab-content-1392\" class=\"eael-accordion-content clearfix\" data-tab=\"2\" aria-labelledby=\"volume-editatecoordonate\"><div class=\"page\"><div class=\"layoutArea\"><div class=\"column\"><ol><li>Leonidas Rados, Mihai-Cristian Ama\u0306riut\u0326ei, Alexandru D. Aioanei (ed.), Provoca\u0306rile istoriei. Concepte, surse, metodologii. Lucra\u0306rile Conferint\u0326ei Institutului de Istorie \u201eA. D. Xenopol\u201d, Edit\u0326ia a IV-a, 2023, Ias\u0326i, Editura Universita\u0306t\u0326ii \u201eAlexandru Ioan Cuza\u201d, 2024, 582 p. (ISBN 978-606-714-913-5; ISSN 2971-8279) (editura\u0306 clasificata\u0306 CNCS A \u2013 Istorie s\u0326i studii culturale)<\/li><li>Mihai-Cristian Ama\u0306riut\u0326ei, Simion-Alexandru Gavris\u0326 (ed.), Funct\u0326ionarii din Principatul Moldovei i\u0302n epoca Regulamentului Organic (1832-1858). Documente, vol. I, Registrele generale ale Ministerului de Interne s\u0326i Comitetului Sa\u0306na\u0306ta\u0306t\u0326ii (1834), Ias\u0326i, Editura Universita\u0306t\u0326ii \u201eAlexandru Ioan Cuza\u201d, 2022, 208 pag. (ISBN general: 978-606-714-683-7; ISBN volumul I: 978-606-714-684-4) (editura\u0306 clasificata\u0306 CNCS A \u2013 Istorie s\u0326i studii culturale)<\/li><li>Mihai-Cristian Ama\u0306riut\u0326ei, Mircea Ciubotaru (ed.), Catagrafiile Vistieriei Moldovei (1820-1845). X. T\u0327inutul Fa\u0306lciiul. Partea 1 (1820), introducere de Mircea Ciubotaru, Ias\u0327i, Casa Editoriala\u0306 Demiurg Plus, 2016, 574 pag. (ISBN 978-606-8523-18-7)<\/li><\/ol><\/div><\/div><\/div><\/div>\n\t\t\t\t\t<\/div><div class=\"eael-accordion-list\">\n\t\t\t\t\t<div id=\"-studii-i-articole\" class=\"elementor-tab-title eael-accordion-header\" tabindex=\"0\" data-tab=\"3\" aria-controls=\"elementor-tab-content-1393\"><span class=\"eael-advanced-accordion-icon-closed\"><svg aria-hidden=\"true\" class=\"fa-accordion-icon e-font-icon-svg e-fas-plus\" viewbox=\"0 0 448 512\" xmlns=\"http:\/\/www.w3.org\/2000\/svg\"><path d=\"M416 208H272V64c0-17.67-14.33-32-32-32h-32c-17.67 0-32 14.33-32 32v144H32c-17.67 0-32 14.33-32 32v32c0 17.67 14.33 32 32 32h144v144c0 17.67 14.33 32 32 32h32c17.67 0 32-14.33 32-32V304h144c17.67 0 32-14.33 32-32v-32c0-17.67-14.33-32-32-32z\"><\/path><\/svg><\/span><span class=\"eael-advanced-accordion-icon-opened\"><svg aria-hidden=\"true\" class=\"fa-accordion-icon e-font-icon-svg e-fas-minus\" viewbox=\"0 0 448 512\" xmlns=\"http:\/\/www.w3.org\/2000\/svg\"><path d=\"M416 208H32c-17.67 0-32 14.33-32 32v32c0 17.67 14.33 32 32 32h384c17.67 0 32-14.33 32-32v-32c0-17.67-14.33-32-32-32z\"><\/path><\/svg><\/span><span class=\"eael-accordion-tab-title\"> Studii \u0219i articole<\/span><\/div><div id=\"elementor-tab-content-1393\" class=\"eael-accordion-content clearfix\" data-tab=\"3\" aria-labelledby=\"-studii-i-articole\"><div class=\"page\"><div class=\"layoutArea\"><div class=\"column\"><ol><li><p>Mihai-Cristian Am\u0103riu\u021bei, <em>Un \u201ecaracter nedefinit\u201d \u00eentr-o societate \u00een schimbare: hatmanul Constantin Paladi-Bogdan (\u2020 1831)<\/em>, \u00een Leonidas Rados, Mihai-Cristian Am\u0103riu\u021bei, Alexandru D. Aioanei (ed.), <em>Provoc\u0103rile istoriei. Concepte, surse, metodologii. Lucr\u0103rile Conferin\u021bei Institutului de Istorie \u201eA. D. Xenopol\u201d<\/em>, Edi\u021bia a IV-a, 2023, Ia\u0219i, Editura Universit\u0103\u021bii \u201eAlexandru Ioan Cuza\u201d, 2024, pag. 159-191 (ISBN 978-606-714-913-5; ISSN 2971-8279) (editur\u0103 clasificat\u0103 CNCS A \u2013 Istorie \u0219i studii culturale)<\/p><\/li><li><p>Mihai-Cristian Am\u0103riu\u021bei, Mihai Anatolii Ciobanu, <em>Ora\u0219e vechi \u0219i noi pe un itinerar de mar\u0219 din 1829: Baia \u0219i F\u0103lticeni<\/em>, \u00een vol. <em>Ora\u0219e \u0219i t\u00e2rguri din Moldova \u00een perioada de tranzi\u021bie de la Evul Mediu la Epoca Modern\u0103. Abord\u0103ri pluridisciplinare<\/em>, editori: Lumini\u021ba Bejenaru, Margareta Simina Stanc, Ludmila Bacumenco-P\u00eern\u0103u, Cluj-Napoca, Editura Mega, 2024, pag. 13-38 (ISBN 978-606-020-867-9) (editur\u0103 clasificat\u0103 CNCS A \u2013 Istorie \u0219i studii culturale)<\/p><\/li><li><p>Mihai-Cristian Am\u0103riu\u021bei, Ludmila Bacumenco-P\u00eern\u0103u, Lumini\u021ba Bejenaru, <em>Salt &#8216;Roads&#8217; in Moldavia by the 18th Century Century: Production, Transportation and Consumption<\/em>, \u00een vol. <em>Mirrors of Salt. Proceedings of the First International Congress on the Anthropology of Salt<\/em>, 20-24 August 2015, &#8216;Al. I. Cuza&#8217; University, Ia\u0219i, Romania, Edited by Marius Alexianu, Roxana-Gabriela Curc\u0103, Olivier Weller, Ashley A. Dumas, Oxford, Archaeopress, 2023, pag. 221-245 (ISBN 978-1-78491-456-1; ISBN (e-Pdf) 978-1-78491-457-8) (editur\u0103 recunoscut\u0103 CNCS)<\/p><\/li><li><p>Mihai-Cristian Am\u0103riu\u021bei, <em>Despre \u201eaverile grece\u0219ti r\u0103pite \u00een vremea ienicerilor\u201d \u00een 1821 \u0219i litigiul din anii 1836-1841 pentru un clopot destinat de doamna Smaragda Callimachi m\u0103n\u0103stirii athonite Sf. Pantelimon<\/em>, \u00een Marius Chelcu, Dorin Dobrincu (ed.), <em>Fr\u0103m\u00e2nt\u0103rile modernit\u0103\u021bii: discursuri, oameni, institu\u021bii. Lucr\u0103rile Conferin\u021bei Institutului de Istorie \u201eA. D. Xenopol\u201d<\/em>, Edi\u021bia I, 2019, Ia\u0219i, Editura Universit\u0103\u021bii \u201eAlexandru Ioan Cuza\u201d, 2022, pag. 93-108 (ISBN: 978-606-714-726-1; ISSN: 2971-8279; ISSN-L: 2971-8279) (editur\u0103 clasificat\u0103 CNCS A \u2013 Istorie \u0219i studii culturale)<\/p><\/li><li><p>Mihai-Cristian Am\u0103riu\u021bei, <em>Un polonez la curtea domnilor Moldovei \u00een a doua jum\u0103tate a secolului al XVII-lea: Stanis\u0142aw Kienarski pisar<\/em>, \u00een vol. <em>Despre rela\u021biile polono-rom\u00e2ne de-a lungul timpului \u00een anul centenarului alian\u021bei militare polono-rom\u00e2ne \/ O relacjach polsko-rumu\u0144skich na przestrzeni wiek\u00f3w w stulecie zawarcia polsko-rumu\u0144skiego sojuszu wojskowego<\/em>, Suceava, Uniunea Polonezilor din Rom\u00e2nia, 2022, pag. 17-33 (ISBN: 978-973-0-36744-7)<\/p><\/li><li><p>Mihai-Cristian Am\u0103riu\u021bei, Simion-Alexandru Gavri\u0219, <em>Administra\u021bia moldovean\u0103 la \u00eenceputul perioadei regulamentare: func\u021bionarii Ministerului de Interne \u0219i ai Comitetului S\u0103n\u0103t\u0103\u021bii (1834)<\/em>, \u00een \u201eAnalele \u0218tiin\u021bifice ale Universit\u0103\u021bii \u00abAlexandru Ioan Cuza\u00bb din Ia\u0219i\u201d, s.n., Istorie, LXVII, 2021, pag. 279-299 (ISSN: 1221-843X) (revist\u0103 clasificat\u0103 CNCS B; indexat\u0103 CEEOL, ERIH Plus)<\/p><\/li><li><p>Mihai-Cristian Am\u0103riu\u021bei, Ludmila Bacumenco-P\u00eern\u0103u, Silviu V\u0103caru, <em>C\u0103ut\u0103tori de \u201ecomori\u201d \u00een Moldova secolului al XIX-lea. Dosarul Biserica Ziua Crucii din Ia\u0219i (1837)<\/em>, \u00een \u201eIoan Neculce\u201d. Buletinul Muzeului Municipal \u201eRegina Maria\u201d Ia\u0219i, Seria a III-a, III, 2021, pag. 145-151 (ISSN 2668-7887)<\/p><\/li><li><p>Mihai-Cristian Am\u0103riu\u021bei, <em>Repere documentare pentru o istorie a satului T\u0103m\u0103\u0219eni<\/em>, \u00een vol. <em>Catolicii din T\u0103m\u0103\u0219eni. Credin\u021b\u0103 \u0219i tradi\u021bie<\/em>, Ia\u0219i, Editura \u201ePresa Bun\u0103\u201d, 2021, pag. 347-370 (ISBN 978-606-8116-94-5)<\/p><\/li><li><p>Mihai-Cristian Am\u0103riu\u021bei, Lidia Cotovanu, Ovidiu Olar, <em>Documente rom\u00e2ne\u0219ti din Biblioteca Lilly a Universit\u0103\u021bii Indiana (SUA) referitoare la rela\u021biile \u021a\u0103rilor Rom\u00e2ne cu m\u0103n\u0103stirea Sf. Ecaterina de la Sinai (secolele XVII-XIX)<\/em>, \u00een vol. <em>Rom\u00e2nii \u0219i Cre\u0219tin\u0103tatea R\u0103s\u0103ritean\u0103 (secolele XIV-XX)<\/em>, editat de Petronel Zahariuc, Ia\u0219i, Editura Doxologia, 2021, pag. 543-580 (ISBN 978-606-9746-60-8) (editur\u0103 clasificat\u0103 CNCS A \u2013 Teologie)<\/p><\/li><li><p>Mihai-Cristian Am\u0103riu\u021bei, <em>Aprovizionarea cu carne a ora\u0219ului Ia\u0219i \u00een perioada fanariot\u0103: contexte \u0219i evolu\u021bii<\/em>, \u00een vol. <em>Alimenta\u021bie \u0219i demografie \u00een Moldova din Evul Mediu p\u00e2n\u0103 \u00een epoca modern\u0103. Abord\u0103ri interdisciplinare<\/em>, Editori: Ludmila P\u00eern\u0103u, George Bilavschi, Lumini\u021ba Bejenaru, Vasilica-Monica Groza, Cluj-Napoca, Editura Mega, 2021, pag. 149-166 (ISBN 978-606-020-400-8) (editur\u0103 clasificat\u0103 CNCS A \u2013 Istorie \u0219i studii cultural\u0103)<\/p><\/li><li><p>Mihai-Cristian Am\u0103riu\u021bei, <em>O carier\u0103 construit\u0103 \u00een administra\u021biile a dou\u0103 \u021b\u0103ri \u00een prima jum\u0103tate a secolului al XIX-lea: sp\u0103tarul Iancu Cog\u0103lniceanu<\/em>, \u00een Mihai-Bogdan Atanasiu, Mihai M\u00eerza (ed.), <em>Mari familii boiere\u0219ti din Moldova \u00een veacurile XVII-XIX. Referin\u021be identitare \u0219i manifest\u0103ri de putere<\/em>, Ia\u0219i, Editura Universit\u0103\u021bii \u201eAlexandru Ioan Cuza\u201d, 2020, pag. 161-171 (ISBN 978-606-714-617-2) (editur\u0103 clasificat\u0103 CNCS A \u2013 Istorie \u0219i studii culturale)<\/p><\/li><li><p>Mihai-Cristian Am\u0103riu\u021bei, <em>Despre \u201eComitetul \u00eentru toat\u0103 \u00eengrijirea ora\u0219ului \u0219i punerea la cale a siguran\u021bei ob\u0219tii\u201d, numit \u00een urma incendiului din Ia\u0219i din 1827<\/em>, \u00een \u201eIoan Neculce\u201d. Buletinul Muzeului Municipal \u201eRegina Maria\u201d Ia\u0219i, Seria a III-a, II, 2020, pag. 109-122 (ISSN 2668-7887)<\/p><\/li><li><p>Silviu V\u0103caru, Mihai-Cristian Am\u0103riu\u021bei, <em>Catagrafia personalului clerical din \u021binutul Roman (1836)<\/em>, \u00een \u201eMemoria Antiquitatis\u201d, Piatra-Neam\u021b, XXXV, 2019, pag. 165-182 (ISSN 1222-7528) (revist\u0103 indexat\u0103 CEEOL)<\/p><\/li><li><p>Mihai-Cristian Am\u0103riu\u021bei, Ludmila Bacumenco-P\u00eern\u0103u, <em>Mo\u015fia Giule\u015fti din \u0163inutul Neam\u0163ului \u015fi st\u0103p\u00e2nii acesteia p\u00e2n\u0103 \u00een primele decenii ale secolului al XIX-lea (II)<\/em>, \u00een \u201eAnalele \u015etiin\u0163ifice ale Universit\u0103\u0163ii \u00abAlexandru Ioan Cuza\u00bb din Ia\u015fi\u201d, s.n., Istorie, LXV, 2019, pag. 337-381 (ISSN 1221-843X) (revist\u0103 clasificat\u0103 CNCS B; indexat\u0103 CEEOL, ERIH Plus)<\/p><\/li><li><p>Mihai-Cristian Am\u0103riu\u021bei, <em>M\u0103n\u0103stirea Trei Ierarhi din Ia\u015fi \u00een c\u00e2teva documente din prima jum\u0103tate a secolului al XIX-lea: propriet\u0103\u0163i, or\u0103\u015feni, litigii \u015fi autorit\u0103\u0163i<\/em>, \u00een Lauren\u0163iu R\u0103dvan (ed.), <em>Ora\u015ful \u015fi Biserica: patrimoniu, oameni, activit\u0103\u0163i (secolele XV-XIX)<\/em>, Ia\u015fi, Editura Universit\u0103\u0163ii \u201eAlexandru Ioan Cuza\u02ee, 2019, pag. 249-275 (ISBN: 978-606-714-561-8) (editur\u0103 recunoscut\u0103 CNCSIS)<\/p><\/li><li><p>Silviu V\u0103caru, Mihai-Cristian Am\u0103riu\u021bei, Ludmila Bacumenco-P\u00eern\u0103u, <em>Descoperirile de \u201ecomori\u201d din Moldova (prima jum\u0103tate a secolului al XIX-lea). Surse arhivistice \u0219i perspective de cercetare<\/em>, \u00een vol. <em>Historia est magistra vitae. Civiliza\u021bie, valori, paradigme, personalit\u0103\u021bi. In honorem profesor Ion Eremia<\/em>, Chi\u0219in\u0103u, Biblioteca \u0218tiin\u021bific\u0103 Central\u0103, 2019, pag. 214-233 (ISBN 978-9975-3331-2-2)<\/p><\/li><li><p>Mihai-Cristian Am\u0103riu\u021bei, Benone Dorneanu, <em>Sp\u0103tarul Sandu Miclescu de la \u015eerbe\u015fti (1804-1877). Schi\u0163\u0103 de portret a unui \u201epa\u015foptist\u201d uitat, pe baza unor documente \u015fi amintiri de familie<\/em>, \u00een \u201eArchiva Moldaviae\u201d, Ia\u0219i, X, 2018, pag. 69-90 (ISSN: 2067-3930) (revist\u0103 indexat\u0103 CEEOL)<\/p><\/li><li><p>Mihai-Cristian Am\u0103riu\u021bei, Ludmila Bacumenco-P\u00eern\u0103u, Veronica Olariu, <em>Societatea Biblic\u0103 Rus\u0103 \u015fi filiala sa din Basarabia (1813-1826). Noi considera\u0163ii<\/em>, \u00een vol. <em>Istorie \u015fi cultur\u0103. In honorem academician Andrei E\u015fanu<\/em>, editor: Constantin Manolache, coordonatori: Gheorghe Cojocaru, Igor Cereteu, responsabili de edi\u0163ie: Ion Valer Xenofontov, Silvia Corl\u0103teanu-Granciuc, Chi\u015fin\u0103u, Biblioteca \u015etiin\u0163ific\u0103, 2018, pag. 583-597 (ISBN 978-9975-3283-6-4)<\/p><\/li><li><p>Mihai-Cristian Am\u0103riu\u021bei, Lidia Cotovanu, Ovidiu-Victor Olar, <em>Dona\u0163ii \u201efanariote\u201d la m\u0103n\u0103stirea Sumela (secolul al XVIII-lea)<\/em>, \u00een vol. <em>Rela\u0163iile rom\u00e2nilor cu Muntele Athos \u015fi cu alte Locuri Sfinte (sec. XIV \u2013 XX). In honorem Florin Marinescu<\/em>, editor Petronel Zahariuc, Ia\u015fi, Editura Universit\u0103\u0163ii \u201eAlexandru Ioan Cuza\u02ee, 2017, pag. 485-514 (ISBN 978-606-714-396-6) (editur\u0103 recunoscut\u0103 CNCSIS)<\/p><\/li><li><p>Mihai-Cristian Am\u0103riu\u021bei, <em>C\u00e2teva documente privitoare la urma\u015fii lui Petre Miclescu, st\u0103p\u00e2ni \u00een satul P\u0103tr\u0103\u015fcani (Alexandru Vlahu\u0163\u0103)<\/em>, \u00een \u201ePrutul\u201d. Revist\u0103 de cultur\u0103, Hu\u015fi, Serie nou\u0103, Anul V (XIV), Nr. 1 (55)\/2015, pag. 167-176 (ISSN 1582-618X)<\/p><\/li><li><p>Ludmila Bacumenco-P\u00eern\u0103u, Mihai-Cristian Am\u0103riu\u021bei, <em>T\u00e2rgul L\u0103pu\u015fna \u00een secolele XV-XVIII. Drumuri comerciale, m\u0103rfuri \u015fi negustori \u00eentre Orient \u015fi Occident<\/em>, \u00een vol. <em>L\u0103pu\u015fna. Studii de istorie \u015fi arheologie<\/em>, coordonator \u015ftiin\u0163ific: Gheorghe Postic\u0103, Chi\u015fin\u0103u, Editura Masterprint, 2015, pag. 67-85 (ISBN 978-9975-4477-3-7)<\/p><\/li><li><p>Mihai-Cristian Am\u0103riu\u021bei, Ludmila Bacumenco-P\u00eern\u0103u, <em>Complet\u0103ri \u015fi \u00eendrept\u0103ri la istoria familiei Hermeziu pe baza unor documente noi (secolele XVII-XVIII)<\/em>, \u00een vol. <em>In honorem Mircea Ciubotaru<\/em>, editori: Lucian-Valeriu Lefter \u015fi Mihai-Bogdan Atanasiu, Ia\u015fi, Editura Universit\u0103\u0163ii \u201eAlexandru Ioan Cuza\u201d, 2015, pag. 35-50 (ISBN 978-606-714-189-4) (editur\u0103 recunoscut\u0103 CNCSIS)<\/p><\/li><li><p>Mihai-Cristian Am\u0103riu\u021bei, Lidia Cotovanu, Ovidiu-Victor Olar, <em>Phanariot Donations to the Mega Spileon Monastery (18th Century)<\/em>, \u00een \u201eAnnales Universitatis Apulensis\u201d, Series Historica, 18\/I, 2014 (<em>Sacred Space in Central and Eastern Europe from Middle Ages to the Late Modernity: Birth, Function, and Changes<\/em>, Edited by Daniel Dumitran, Ileana Burnichioiu), Alba-Iulia, pag. 219-247 (ISSN 1453-9306) (revist\u0103 clasificat\u0103 CNCS A \u2013 Istorie \u0219i Studii Culturale; indexat\u0103 CEEOL)<\/p><\/li><li><p>Ludmila Bacumenco-P\u00eern\u0103u, Mihai-Cristian Am\u0103riu\u021bei, <em>Strategii de ascensiune social\u0103 a boierimii moldovene la cump\u0103na veacurilor XVII-XVIII. Cazul clucerului Gheorghe Hermeziu<\/em>, \u00een vol. <em>Studii de arheologie \u015fi istorie \u00een onoarea profesorului Gheorghe Postic\u0103<\/em>, editori: Ludmila Coad\u0103 \u015fi Pavel Parasca, Chi\u015fin\u0103u, Universitatea Liber\u0103 Interna\u0163ional\u0103 din Moldova, 2014, pag. 306-336, 31 pag. (ISBN 978-9975-101-59-2)<\/p><\/li><li><p>Mihai-Cristian Am\u0103riu\u021bei, Ludmila Bacumenco-P\u00eern\u0103u, <em>Despre epitropiile \u00eenfiin\u0163ate de domnii fanario\u0163i \u00een Ia\u015fii veacului al XVIII-lea<\/em>, \u00een Lauren\u021biu R\u0103dvan (ed.), <em>Ora\u015fe vechi, ora\u015fe noi \u00een spa\u0163iul rom\u00e2nesc. Societate, economie \u015fi civiliza\u0163ie urban\u0103 \u00een prag de modernitate (sec. XVI \u2013 jum\u0103tatea secolului XIX)<\/em>, Ia\u015fi, Editura Universit\u0103\u0163ii \u201eAlexandru Ioan Cuza\u201d, 2014, pag. 99-118 (ISBN 978-606-714-084-2) (editur\u0103 recunoscut\u0103 CNCSIS)<\/p><\/li><li><p>Mihai-Cristian Am\u0103riu\u021bei, Ludmila Bacumenco-P\u00eern\u0103u, Diana Stah, <em>Despre c\u00e2nt\u0103re\u0163ii biserice\u015fti din Ia\u015fii secolelor XVII-XVIII<\/em>, \u00een vol. <em>Retrospec\u0163ii medievale. In honorem Professoris emeriti Ioan Capro\u015fu<\/em>, editerunt Victor Spinei, Lauren\u0163iu R\u0103dvan et Arcadie M. Bodale, Ia\u015fi, Editura Universit\u0103\u0163ii \u201eAlexandru Ioan Cuza\u201d, 2014, pag. 35-54 (ISBN 978-606-714-063-7) (editur\u0103 recunoscut\u0103 CNCSIS)<\/p><\/li><li><p>Mihai-Cristian Am\u0103riu\u021bei, Ludmila Bacumenco-P\u00eern\u0103u, <em>Neamul Hermeziu din Moldova (p\u00e2n\u0103 la \u00eenceputul veacului al XIX-lea). Note istorice \u015fi genealogice<\/em>, \u00een vol. <em>Mihai Dim. Sturdza la 80 de ani. Omagiu<\/em>, editori: Mircea Ciubotaru, Lucian-Valeriu Lefter, Ia\u015fi, Editura Universit\u0103\u0163ii \u201eAlexandru Ioan Cuza\u201d, 2014, pag. 267-306 (ISBN 978-606-714-055-2) (editur\u0103 recunoscut\u0103 CNCSIS)<\/p><\/li><li><p>Mihai-Cristian Am\u0103riu\u021bei, Ludmila Bacumenco-P\u00eern\u0103u, <em>Un aspect al moderniz\u0103rii societ\u0103\u0163ii rom\u00e2ne\u015fti \u00een Moldova Regulamentului Organic. Documente privitoare la activitatea Comisiei epitropice\u015fti \u00een \u0163inutul Bac\u0103u<\/em>, \u00een \u201eArchiva Moldaviae\u201d, Ia\u0219i, V, 2013, pag. 343-363 (ISSN 2067-3930) (revist\u0103 indexat\u0103 CEEOL)<\/p><\/li><li><p>Ludmila Bacumenco-P\u00eern\u0103u, Mihai-Cristian Am\u0103riu\u021bei, <em>M\u0103rturii documentare privitoare la aprovizionarea cu p\u00e2ine \u015fi carne a locuitorilor t\u00e2rgului Bac\u0103u \u00een anul 1833<\/em>, \u00een \u201eActa Bacoviensia\u201d, Bac\u0103u, VII, 2012, pag. 133-140 (ISSN 1842-4864)<\/p><\/li><li><p>Mihai-Cristian Am\u0103riu\u021bei, Ludmila Bacumenco-P\u00eern\u0103u, <em>Mo\u015fia Giule\u015fti din \u0163inutul Neam\u0163ului \u015fi st\u0103p\u00e2nii acesteia p\u00e2n\u0103 \u00een primele decenii ale secolului al XIX-lea<\/em>, \u00een \u201eAnalele \u015etiin\u0163ifice ale Universit\u0103\u0163ii \u00abAlexandru Ioan Cuza\u00bb din Ia\u015fi\u201d, s.n., Istorie, LVI-LVIII, 2010-2012, pag. 129-155 (ISSN 1221-843X) (revist\u0103 indexat\u0103 CEEOL, ERIH Plus)<\/p><\/li><li><p>Ludmila Bacumenco-P\u00eern\u0103u, Mihai-Cristian Am\u0103riu\u021bei, Lumini\u021ba Bejenaru, Simina Stanc, <em>Aspects of Animal Husbandry and Meat Consumption in Southern Moldova (the Second Half of 18th Century). Case Study: Domain of Boyars Conachi<\/em>, \u00een \u201eBulletin of University of Agricultural Sciences and Veterinary Medicine Cluj-Napoca. Animal Science and Biotechnologies\u201d, Cluj-Napoca, vol. 69 (1-2), 2012, pag. 175-184 (Print ISSN: 1843-5262; Electronic ISSN: 1843-536X) (revist\u0103 clasificat\u0103 CNCSIS B+ \u00een 2011)<\/p><\/li><li><p>Mihai-Cristian Am\u0103riu\u021bei, Ludmila Bacumenco-P\u00eern\u0103u, <em>Un testament din secolul al XIX-lea al Mariei Hermeziu, n\u0103scut\u0103 Gane<\/em>, \u00een \u201eArchiva Moldaviae\u201d, Ia\u0219i, III, 2011, pag. 317-330 (ISSN 2067-3930) (revist\u0103 indexat\u0103 CEEOL)<\/p><\/li><li><p>Ludmila Bacumenco-P\u00eern\u0103u, Mihai-Cristian Am\u0103riu\u021bei, <em>Alimente \u015fi alte produse de uz gospod\u0103resc \u00eentr-o vidomostie de pre\u0163uri din t\u00e2rgul Bac\u0103ului (1832)<\/em>, \u00een \u201eActa Bacoviensia\u201d, Bac\u0103u, VI, 2011, pag. 53-62 (ISSN 1842-4864)<\/p><\/li><li><p>Ludmila Bacumenco-P\u00eern\u0103u, Mihai-Cristian Am\u0103riu\u021bei, <em>Un inventar de documente privitoare la mo\u015fia Vorove\u015ftii a m\u0103n\u0103stirii Sf\u00e2ntul Ioan Zlataust din Ia\u015fi<\/em>, \u00een \u201eCercet\u0103ri Istorice\u201d, Ia\u0219i, s.n., XXVII-XXIX, 2008-2010, pag. 127-146 (ISSN 1453-3960) (revist\u0103 indexat\u0103 CEEOL)<\/p><\/li><li><p>Mihai-Cristian Am\u0103riu\u021bei, Ludmila Bacumenco-P\u00eern\u0103u, <em>Documente referitoare la istoria \u0162\u0103rii Moldovei (1634-1858) provenite dintr-o colec\u0163ie particular\u0103 din Ia\u015fi<\/em>, \u00een \u201eArchiva Moldaviae\u201d, Ia\u0219i, I, 2009, pag. 150-177 (ISSN 2067-3930) (revist\u0103 indexat\u0103 CEEOL)<\/p><\/li><li><p>Ludmila Bacumenco, Mihai-Cristian Am\u0103riu\u021bei, <em>Despre marele vistiernic Iordache Costache Venin \u015fi locul s\u0103u de veci de la M\u0103n\u0103stirea C\u0103priana<\/em>, \u00een Mircea-Cristian Ghenghea, Mihai-Bogdan Atanasiu (coord.), <em>Pro Basarabia \u2013 Repere istorice \u015fi na\u0163ionale<\/em>, Ia\u015fi, Editura Alfa, 2007, pag. 49-62 (ISBN (10) 973-8953-46-4; ISBN (13) 978-973-8953-46-8); republicat cu unele modific\u0103ri cu titlul: <em>Marele vistiernic Iordache Costache Venin \u015fi locul s\u0103u de veci de la M\u0103n\u0103stirea C\u0103priana din Basarabia<\/em>, \u00een vol. <em>Familiile boiere\u0219ti din Moldova \u0219i \u021aara Rom\u00e2neasc\u0103. Enciclopedie istoric\u0103, genealogic\u0103 \u0219i biografic\u0103<\/em>, vol. 5, <em>Ceaur\u2013Cuza<\/em>, coordonator \u0219i coautor Mihai Dim. Sturdza, Bucure\u0219ti, Editura Corint, 2018, pag. 329-336 (ISBN 978-606-793-453-3) (editur\u0103 recunoscut\u0103 CNCSIS)<\/p><\/li><li><p>Mihai-Cristian Am\u0103riu\u021bei, <em>Despre vornicii de poart\u0103 \u015fi atribu\u0163iile lor \u00een Ia\u015fii secolului al XVIII-lea<\/em>, \u00een Lauren\u0163iu R\u0103dvan (ed.), <em>Ora\u015ful din spa\u0163iul rom\u00e2nesc \u00eentre Orient \u015fi Occident. Tranzi\u0163ia de la medievalitate la modernitate<\/em>, Ia\u015fi, Editura Universit\u0103\u0163ii \u201eAlexandru Ioan Cuza\u201d, 2007, pag. 131-163 (ISBN 978-973-703-268-3) (editur\u0103 recunoscut\u0103 CNCSIS)<\/p><\/li><li><p>Mihai-Cristian Am\u0103riu\u021bei, <em>Vechi \u015fi nou \u00een Ia\u015fii din vremea lui Grigore al III-lea Alexandru Ghica (a doua jum\u0103tate a secolului al XVIII-lea). Observa\u0163ii preliminare<\/em>, \u00een Lauren\u021biu R\u0103dvan (ed.), <em>Civiliza\u0163ia urban\u0103 din spa\u0163iul rom\u00e2nesc \u00een secolele XVI-XVIII. Studii \u015fi documente<\/em>, Ia\u015fi, Editura Universit\u0103\u0163ii \u201eAlexandru Ioan Cuza\u201d, 2006, pag. 179-202 (ISBN (10) 973-703-149-0; ISBN (13) 978-973-703-149-5) (editur\u0103 recunoscut\u0103 CNCSIS)<\/p><\/li><\/ol><\/div><\/div><\/div><\/div>\n\t\t\t\t\t<\/div><div class=\"eael-accordion-list\">\n\t\t\t\t\t<div id=\"proiecte-de-cercetare\" class=\"elementor-tab-title eael-accordion-header\" tabindex=\"0\" data-tab=\"4\" aria-controls=\"elementor-tab-content-1394\"><span class=\"eael-advanced-accordion-icon-closed\"><svg aria-hidden=\"true\" class=\"fa-accordion-icon e-font-icon-svg e-fas-plus\" viewbox=\"0 0 448 512\" xmlns=\"http:\/\/www.w3.org\/2000\/svg\"><path d=\"M416 208H272V64c0-17.67-14.33-32-32-32h-32c-17.67 0-32 14.33-32 32v144H32c-17.67 0-32 14.33-32 32v32c0 17.67 14.33 32 32 32h144v144c0 17.67 14.33 32 32 32h32c17.67 0 32-14.33 32-32V304h144c17.67 0 32-14.33 32-32v-32c0-17.67-14.33-32-32-32z\"><\/path><\/svg><\/span><span class=\"eael-advanced-accordion-icon-opened\"><svg aria-hidden=\"true\" class=\"fa-accordion-icon e-font-icon-svg e-fas-minus\" viewbox=\"0 0 448 512\" xmlns=\"http:\/\/www.w3.org\/2000\/svg\"><path d=\"M416 208H32c-17.67 0-32 14.33-32 32v32c0 17.67 14.33 32 32 32h384c17.67 0 32-14.33 32-32v-32c0-17.67-14.33-32-32-32z\"><\/path><\/svg><\/span><span class=\"eael-accordion-tab-title\">Proiecte de cercetare<\/span><\/div><div id=\"elementor-tab-content-1394\" class=\"eael-accordion-content clearfix\" data-tab=\"4\" aria-labelledby=\"proiecte-de-cercetare\"><p><a href=\"https:\/\/institutulxenopol.ro\/wp-content\/uploads\/2025\/10\/Amariutei_Membru-proiecte.pdf\">Amariutei_Membru proiecte<\/a><\/p><\/div>\n\t\t\t\t\t<\/div><\/div>\t\t\t\t<\/div>\n\t\t\t\t\t<\/div>\n\t\t\t\t<\/div>\n\t\t\t\t<\/div>\n\t\t                    <\/div>\n\t\t        \n                    <div id=\"curriculum-vitae-tab\" class=\"clearfix eael-tab-content-item inactive\" data-title-link=\"curriculum-vitae-tab\">\n\t\t\t\t        <p><a href=\"https:\/\/institutulxenopol.ro\/wp-content\/uploads\/2025\/10\/Amariutei_CV.pdf\">Amariutei_CV<\/a><\/p>                    <\/div>\n\t\t                    <\/div>\n        <\/div>\n\t\t\t\t<\/div>\n\t\t\t\t\t<\/div>\n\t\t\t\t<\/div>\n\t\t\t\t<\/div>","protected":false},"excerpt":{"rendered":"<p>Cercet\u0103tor \u015etiin\u0163ific III dr. Mihai-Cristian Am\u0103riu\u0163ei Colectivul de Istorie modern\u0103 mihai.amariutei@gmail.com amariutei.mihai@xenopol.acadiasi.ro Academia.EDU &#8211; Mihai-Cristian Am\u0103riu\u0163ei Google Scholar &#8211; Mihai-Cristian Am\u0103riu\u0163ei Mihai-Cristian Am\u0103riu\u0163ei Prezentare Publica\u021bii Curriculum vitae Mihai-Cristian Am\u0103riu\u021bei (n\u0103scut la 12 aprilie 1969, Ia\u0219i), a f\u0103cut studii liceale \u0219i universitare la Ia\u0219i (Facultatea de Istorie a Universit\u0103\u021bii \u201eAlexandru Ioan Cuza\u201d \u2013 promo\u021bia anului 2000). [&hellip;]<\/p>\n","protected":false},"author":1,"featured_media":0,"parent":0,"menu_order":0,"comment_status":"closed","ping_status":"closed","template":"","meta":{"site-sidebar-layout":"no-sidebar","site-content-layout":"page-builder","ast-site-content-layout":"full-width-container","site-content-style":"default","site-sidebar-style":"default","ast-global-header-display":"","ast-banner-title-visibility":"","ast-main-header-display":"","ast-hfb-above-header-display":"","ast-hfb-below-header-display":"","ast-hfb-mobile-header-display":"","site-post-title":"","ast-breadcrumbs-content":"","ast-featured-img":"disabled","footer-sml-layout":"","ast-disable-related-posts":"","theme-transparent-header-meta":"","adv-header-id-meta":"","stick-header-meta":"","header-above-stick-meta":"","header-main-stick-meta":"","header-below-stick-meta":"","astra-migrate-meta-layouts":"set","ast-page-background-enabled":"default","ast-page-background-meta":{"desktop":{"background-color":"","background-image":"","background-repeat":"repeat","background-position":"center center","background-size":"auto","background-attachment":"scroll","background-type":"","background-media":"","overlay-type":"","overlay-color":"","overlay-opacity":"","overlay-gradient":""},"tablet":{"background-color":"","background-image":"","background-repeat":"repeat","background-position":"center center","background-size":"auto","background-attachment":"scroll","background-type":"","background-media":"","overlay-type":"","overlay-color":"","overlay-opacity":"","overlay-gradient":""},"mobile":{"background-color":"","background-image":"","background-repeat":"repeat","background-position":"center center","background-size":"auto","background-attachment":"scroll","background-type":"","background-media":"","overlay-type":"","overlay-color":"","overlay-opacity":"","overlay-gradient":""}},"ast-content-background-meta":{"desktop":{"background-color":"var(--ast-global-color-5)","background-image":"","background-repeat":"repeat","background-position":"center center","background-size":"auto","background-attachment":"scroll","background-type":"","background-media":"","overlay-type":"","overlay-color":"","overlay-opacity":"","overlay-gradient":""},"tablet":{"background-color":"var(--ast-global-color-5)","background-image":"","background-repeat":"repeat","background-position":"center center","background-size":"auto","background-attachment":"scroll","background-type":"","background-media":"","overlay-type":"","overlay-color":"","overlay-opacity":"","overlay-gradient":""},"mobile":{"background-color":"var(--ast-global-color-5)","background-image":"","background-repeat":"repeat","background-position":"center center","background-size":"auto","background-attachment":"scroll","background-type":"","background-media":"","overlay-type":"","overlay-color":"","overlay-opacity":"","overlay-gradient":""}},"footnotes":""},"class_list":["post-3013","page","type-page","status-publish","hentry"],"yoast_head":"<!-- This site is optimized with the Yoast SEO plugin v27.5 - https:\/\/yoast.com\/product\/yoast-seo-wordpress\/ -->\n<title>Am\u0103riu\u021bei Mihai - Institutul de Istorie \u201eA. D. Xenopol\u201d<\/title>\n<meta name=\"robots\" content=\"index, follow, max-snippet:-1, max-image-preview:large, max-video-preview:-1\" \/>\n<link rel=\"canonical\" href=\"https:\/\/institutulxenopol.ro\/en\/amariutei-mihai\/\" \/>\n<meta property=\"og:locale\" content=\"en_US\" \/>\n<meta property=\"og:type\" content=\"article\" \/>\n<meta property=\"og:title\" content=\"Am\u0103riu\u021bei Mihai - Institutul de Istorie \u201eA. D. Xenopol\u201d\" \/>\n<meta property=\"og:description\" content=\"Cercet\u0103tor \u015etiin\u0163ific III dr. Mihai-Cristian Am\u0103riu\u0163ei Colectivul de Istorie modern\u0103 mihai.amariutei@gmail.com amariutei.mihai@xenopol.acadiasi.ro Academia.EDU &#8211; Mihai-Cristian Am\u0103riu\u0163ei Google Scholar &#8211; Mihai-Cristian Am\u0103riu\u0163ei Mihai-Cristian Am\u0103riu\u0163ei Prezentare Publica\u021bii Curriculum vitae Mihai-Cristian Am\u0103riu\u021bei (n\u0103scut la 12 aprilie 1969, Ia\u0219i), a f\u0103cut studii liceale \u0219i universitare la Ia\u0219i (Facultatea de Istorie a Universit\u0103\u021bii \u201eAlexandru Ioan Cuza\u201d \u2013 promo\u021bia anului 2000). [&hellip;]\" \/>\n<meta property=\"og:url\" content=\"https:\/\/institutulxenopol.ro\/en\/amariutei-mihai\/\" \/>\n<meta property=\"og:site_name\" content=\"Institutul de Istorie \u201eA. D. Xenopol\u201d\" \/>\n<meta property=\"article:publisher\" content=\"https:\/\/www.facebook.com\/profile.php?id=61559258097917\" \/>\n<meta property=\"article:modified_time\" content=\"2026-01-16T12:34:25+00:00\" \/>\n<meta property=\"og:image\" content=\"https:\/\/institutulxenopol.ro\/wp-content\/uploads\/2025\/10\/Amariutei_Foto-site.jpg\" \/>\n<script type=\"application\/ld+json\" class=\"yoast-schema-graph\">{\"@context\":\"https:\\\/\\\/schema.org\",\"@graph\":[{\"@type\":\"WebPage\",\"@id\":\"https:\\\/\\\/institutulxenopol.ro\\\/amariutei-mihai\\\/\",\"url\":\"https:\\\/\\\/institutulxenopol.ro\\\/amariutei-mihai\\\/\",\"name\":\"Am\u0103riu\u021bei Mihai - Institutul de Istorie \u201eA. D. Xenopol\u201d\",\"isPartOf\":{\"@id\":\"https:\\\/\\\/institutulxenopol.ro\\\/#website\"},\"primaryImageOfPage\":{\"@id\":\"https:\\\/\\\/institutulxenopol.ro\\\/amariutei-mihai\\\/#primaryimage\"},\"image\":{\"@id\":\"https:\\\/\\\/institutulxenopol.ro\\\/amariutei-mihai\\\/#primaryimage\"},\"thumbnailUrl\":\"https:\\\/\\\/institutulxenopol.ro\\\/wp-content\\\/uploads\\\/2025\\\/10\\\/Amariutei_Foto-site.jpg\",\"datePublished\":\"2025-10-21T19:09:21+00:00\",\"dateModified\":\"2026-01-16T12:34:25+00:00\",\"breadcrumb\":{\"@id\":\"https:\\\/\\\/institutulxenopol.ro\\\/amariutei-mihai\\\/#breadcrumb\"},\"inLanguage\":\"en-US\",\"potentialAction\":[{\"@type\":\"ReadAction\",\"target\":[\"https:\\\/\\\/institutulxenopol.ro\\\/amariutei-mihai\\\/\"]}]},{\"@type\":\"ImageObject\",\"inLanguage\":\"en-US\",\"@id\":\"https:\\\/\\\/institutulxenopol.ro\\\/amariutei-mihai\\\/#primaryimage\",\"url\":\"https:\\\/\\\/institutulxenopol.ro\\\/wp-content\\\/uploads\\\/2025\\\/10\\\/Amariutei_Foto-site.jpg\",\"contentUrl\":\"https:\\\/\\\/institutulxenopol.ro\\\/wp-content\\\/uploads\\\/2025\\\/10\\\/Amariutei_Foto-site.jpg\"},{\"@type\":\"BreadcrumbList\",\"@id\":\"https:\\\/\\\/institutulxenopol.ro\\\/amariutei-mihai\\\/#breadcrumb\",\"itemListElement\":[{\"@type\":\"ListItem\",\"position\":1,\"name\":\"Prima pagin\u0103\",\"item\":\"https:\\\/\\\/institutulxenopol.ro\\\/\"},{\"@type\":\"ListItem\",\"position\":2,\"name\":\"Am\u0103riu\u021bei Mihai\"}]},{\"@type\":\"WebSite\",\"@id\":\"https:\\\/\\\/institutulxenopol.ro\\\/#website\",\"url\":\"https:\\\/\\\/institutulxenopol.ro\\\/\",\"name\":\"Institutul de Istorie \u201eA. D. Xenopol\u201d Ia\u0219i\",\"description\":\"Academia Rom\u00e2n\u0103 - Filiala Ia\u0219i\",\"publisher\":{\"@id\":\"https:\\\/\\\/institutulxenopol.ro\\\/#organization\"},\"potentialAction\":[{\"@type\":\"SearchAction\",\"target\":{\"@type\":\"EntryPoint\",\"urlTemplate\":\"https:\\\/\\\/institutulxenopol.ro\\\/?s={search_term_string}\"},\"query-input\":{\"@type\":\"PropertyValueSpecification\",\"valueRequired\":true,\"valueName\":\"search_term_string\"}}],\"inLanguage\":\"en-US\"},{\"@type\":\"Organization\",\"@id\":\"https:\\\/\\\/institutulxenopol.ro\\\/#organization\",\"name\":\"Institutul de Istorie \u201eA. D. Xenopol\u201d Ia\u0219i\",\"url\":\"https:\\\/\\\/institutulxenopol.ro\\\/\",\"logo\":{\"@type\":\"ImageObject\",\"inLanguage\":\"en-US\",\"@id\":\"https:\\\/\\\/institutulxenopol.ro\\\/#\\\/schema\\\/logo\\\/image\\\/\",\"url\":\"https:\\\/\\\/institutulxenopol.ro\\\/wp-content\\\/uploads\\\/2025\\\/10\\\/logo-institut-black-e1761148345490.png\",\"contentUrl\":\"https:\\\/\\\/institutulxenopol.ro\\\/wp-content\\\/uploads\\\/2025\\\/10\\\/logo-institut-black-e1761148345490.png\",\"width\":432,\"height\":164,\"caption\":\"Institutul de Istorie \u201eA. D. Xenopol\u201d Ia\u0219i\"},\"image\":{\"@id\":\"https:\\\/\\\/institutulxenopol.ro\\\/#\\\/schema\\\/logo\\\/image\\\/\"},\"sameAs\":[\"https:\\\/\\\/www.facebook.com\\\/profile.php?id=61559258097917\"]}]}<\/script>\n<!-- \/ Yoast SEO plugin. -->","yoast_head_json":{"title":"Am\u0103riu\u021bei Mihai - Institutul de Istorie \u201eA. D. Xenopol\u201d","robots":{"index":"index","follow":"follow","max-snippet":"max-snippet:-1","max-image-preview":"max-image-preview:large","max-video-preview":"max-video-preview:-1"},"canonical":"https:\/\/institutulxenopol.ro\/en\/amariutei-mihai\/","og_locale":"en_US","og_type":"article","og_title":"Am\u0103riu\u021bei Mihai - Institutul de Istorie \u201eA. D. Xenopol\u201d","og_description":"Cercet\u0103tor \u015etiin\u0163ific III dr. Mihai-Cristian Am\u0103riu\u0163ei Colectivul de Istorie modern\u0103 mihai.amariutei@gmail.com amariutei.mihai@xenopol.acadiasi.ro Academia.EDU &#8211; Mihai-Cristian Am\u0103riu\u0163ei Google Scholar &#8211; Mihai-Cristian Am\u0103riu\u0163ei Mihai-Cristian Am\u0103riu\u0163ei Prezentare Publica\u021bii Curriculum vitae Mihai-Cristian Am\u0103riu\u021bei (n\u0103scut la 12 aprilie 1969, Ia\u0219i), a f\u0103cut studii liceale \u0219i universitare la Ia\u0219i (Facultatea de Istorie a Universit\u0103\u021bii \u201eAlexandru Ioan Cuza\u201d \u2013 promo\u021bia anului 2000). [&hellip;]","og_url":"https:\/\/institutulxenopol.ro\/en\/amariutei-mihai\/","og_site_name":"Institutul de Istorie \u201eA. D. Xenopol\u201d","article_publisher":"https:\/\/www.facebook.com\/profile.php?id=61559258097917","article_modified_time":"2026-01-16T12:34:25+00:00","og_image":[{"url":"https:\/\/institutulxenopol.ro\/wp-content\/uploads\/2025\/10\/Amariutei_Foto-site.jpg","type":"","width":"","height":""}],"schema":{"@context":"https:\/\/schema.org","@graph":[{"@type":"WebPage","@id":"https:\/\/institutulxenopol.ro\/amariutei-mihai\/","url":"https:\/\/institutulxenopol.ro\/amariutei-mihai\/","name":"Am\u0103riu\u021bei Mihai - Institutul de Istorie \u201eA. D. Xenopol\u201d","isPartOf":{"@id":"https:\/\/institutulxenopol.ro\/#website"},"primaryImageOfPage":{"@id":"https:\/\/institutulxenopol.ro\/amariutei-mihai\/#primaryimage"},"image":{"@id":"https:\/\/institutulxenopol.ro\/amariutei-mihai\/#primaryimage"},"thumbnailUrl":"https:\/\/institutulxenopol.ro\/wp-content\/uploads\/2025\/10\/Amariutei_Foto-site.jpg","datePublished":"2025-10-21T19:09:21+00:00","dateModified":"2026-01-16T12:34:25+00:00","breadcrumb":{"@id":"https:\/\/institutulxenopol.ro\/amariutei-mihai\/#breadcrumb"},"inLanguage":"en-US","potentialAction":[{"@type":"ReadAction","target":["https:\/\/institutulxenopol.ro\/amariutei-mihai\/"]}]},{"@type":"ImageObject","inLanguage":"en-US","@id":"https:\/\/institutulxenopol.ro\/amariutei-mihai\/#primaryimage","url":"https:\/\/institutulxenopol.ro\/wp-content\/uploads\/2025\/10\/Amariutei_Foto-site.jpg","contentUrl":"https:\/\/institutulxenopol.ro\/wp-content\/uploads\/2025\/10\/Amariutei_Foto-site.jpg"},{"@type":"BreadcrumbList","@id":"https:\/\/institutulxenopol.ro\/amariutei-mihai\/#breadcrumb","itemListElement":[{"@type":"ListItem","position":1,"name":"Prima pagin\u0103","item":"https:\/\/institutulxenopol.ro\/"},{"@type":"ListItem","position":2,"name":"Am\u0103riu\u021bei Mihai"}]},{"@type":"WebSite","@id":"https:\/\/institutulxenopol.ro\/#website","url":"https:\/\/institutulxenopol.ro\/","name":"Institutul de Istorie \u201eA. D. Xenopol\u201d Ia\u0219i","description":"Academia Rom\u00e2n\u0103 - Filiala Ia\u0219i","publisher":{"@id":"https:\/\/institutulxenopol.ro\/#organization"},"potentialAction":[{"@type":"SearchAction","target":{"@type":"EntryPoint","urlTemplate":"https:\/\/institutulxenopol.ro\/?s={search_term_string}"},"query-input":{"@type":"PropertyValueSpecification","valueRequired":true,"valueName":"search_term_string"}}],"inLanguage":"en-US"},{"@type":"Organization","@id":"https:\/\/institutulxenopol.ro\/#organization","name":"Institutul de Istorie \u201eA. D. Xenopol\u201d Ia\u0219i","url":"https:\/\/institutulxenopol.ro\/","logo":{"@type":"ImageObject","inLanguage":"en-US","@id":"https:\/\/institutulxenopol.ro\/#\/schema\/logo\/image\/","url":"https:\/\/institutulxenopol.ro\/wp-content\/uploads\/2025\/10\/logo-institut-black-e1761148345490.png","contentUrl":"https:\/\/institutulxenopol.ro\/wp-content\/uploads\/2025\/10\/logo-institut-black-e1761148345490.png","width":432,"height":164,"caption":"Institutul de Istorie \u201eA. D. Xenopol\u201d Ia\u0219i"},"image":{"@id":"https:\/\/institutulxenopol.ro\/#\/schema\/logo\/image\/"},"sameAs":["https:\/\/www.facebook.com\/profile.php?id=61559258097917"]}]}},"_links":{"self":[{"href":"https:\/\/institutulxenopol.ro\/en\/wp-json\/wp\/v2\/pages\/3013","targetHints":{"allow":["GET"]}}],"collection":[{"href":"https:\/\/institutulxenopol.ro\/en\/wp-json\/wp\/v2\/pages"}],"about":[{"href":"https:\/\/institutulxenopol.ro\/en\/wp-json\/wp\/v2\/types\/page"}],"author":[{"embeddable":true,"href":"https:\/\/institutulxenopol.ro\/en\/wp-json\/wp\/v2\/users\/1"}],"replies":[{"embeddable":true,"href":"https:\/\/institutulxenopol.ro\/en\/wp-json\/wp\/v2\/comments?post=3013"}],"version-history":[{"count":35,"href":"https:\/\/institutulxenopol.ro\/en\/wp-json\/wp\/v2\/pages\/3013\/revisions"}],"predecessor-version":[{"id":5168,"href":"https:\/\/institutulxenopol.ro\/en\/wp-json\/wp\/v2\/pages\/3013\/revisions\/5168"}],"wp:attachment":[{"href":"https:\/\/institutulxenopol.ro\/en\/wp-json\/wp\/v2\/media?parent=3013"}],"curies":[{"name":"wp","href":"https:\/\/api.w.org\/{rel}","templated":true}]}}